{"id":601655,"date":"2026-04-19T06:17:49","date_gmt":"2026-04-19T04:17:49","guid":{"rendered":"https:\/\/kohenavocats.com\/jurisprudences\/tribunal-federal-suisse-6-mars-2024-n-7b-80-2024\/"},"modified":"2026-04-19T06:17:49","modified_gmt":"2026-04-19T04:17:49","slug":"tribunal-federal-suisse-6-mars-2024-n-7b-80-2024","status":"publish","type":"kji_decision","link":"https:\/\/kohenavocats.com\/ru\/jurisprudences\/tribunal-federal-suisse-6-mars-2024-n-7b-80-2024\/","title":{"rendered":"Tribunal f\u00e9d\u00e9ral suisse, 6 mars 2024, n\u00b0 7B 80-2024"},"content":{"rendered":"<div class=\"kji-decision\">\n<div class=\"kji-full-text\">\n<p>Bundesgericht<\/p>\n<p>Tribunal f\u00e9d\u00e9ral<\/p>\n<p>Tribunale federale<\/p>\n<p>Tribunal federal<\/p>\n<p>7B_80\/2024<\/p>\n<p>Urteil vom 6. M\u00e4rz 2024<\/p>\n<p>II. strafrechtliche Abteilung<\/p>\n<p>Besetzung<\/p>\n<p>Bundesrichterin Koch, als Einzelrichterin,<\/p>\n<p>Gerichtsschreiber Cl\u00e9ment.<\/p>\n<p>Verfahrensbeteiligte<\/p>\n<p>A.________,<\/p>\n<p>Beschwerdef\u00fchrer,<\/p>\n<p>gegen<\/p>\n<p>1. B.________,<\/p>\n<p>2. C.________,<\/p>\n<p>3. D.________,<\/p>\n<p>4. E.________,<\/p>\n<p>Beschwerdegegner.<\/p>\n<p>Gegenstand<\/p>\n<p>Ausstandsbegehren; Nichteintreten,<\/p>\n<p>Beschwerde gegen den Beschluss des Kantonsgerichts Basel-Landschaft, Abteilung Strafrecht, vom 8. August 2023 (490 23 102).<\/p>\n<p>Erw\u00e4gungen:<\/p>\n<p>1.<\/p>\n<p>Am 15. April 2017 erstattete die F.________AG Strafanzeige gegen den Beschwerdef\u00fchrer und beschuldigte diesen des Betrugs, eventuell des gewerbsm\u00e4ssigen Betrugs. Hiernach leitete die Staatsanwaltschaft des Kantons Basel-Landschaft ein Strafverfahren gegen den Beschwerdef\u00fchrer ein. Mit \u00dcberweisungsschreiben vom 26. Mai 2023 leitete die Staatsanwaltschaft dem Kantonsgericht Basel-Landschaft zust\u00e4ndigkeitshalber das Ausstandsbegehren des Beschwerdef\u00fchrers vom 19. Mai 2023 weiter. Der Beschwerdef\u00fchrer machte mit besagtem Begehren geltend, die mit seinem Fall befassten Untersuchungsbeauftragen C.________und D.________ sowie der zust\u00e4ndige Staatsanwalt B.________ und die forensisch-psychiatrische Gutachterin Dr. med. E.________ h\u00e4tten in den Ausstand zu treten. Ferner beantragte er die &quot;sofortige Distanzierung&quot; dieser Personen vom gegen ihn gef\u00fchrten &quot;illegal konstruierten Strafprozess&quot;. Mit Beschluss vom 8. August 2023 trat das Kantonsgericht nicht auf das Ausstandsgesuch ein. Dagegen f\u00fchrt der Beschwerdef\u00fchrer mit Eingabe vom 25. Dezember 2024 Beschwerde beim Bundesgericht. Er beantragt sinngem\u00e4ss, der angefochtene Beschluss sei aufzuheben und die von ihm bezeichnenden Personen seien in den Ausstand zu versetzen.<\/p>\n<p>2.<\/p>\n<p>Angefochten ist ein kantonal letztinstanzlicher Entscheid in einer strafrechtlichen Angelegenheit. Dagegen steht die Beschwerde nach Art. 78 ff. BGG offen. Es ist Sache des Beschwerdef\u00fchrers, sowohl darzulegen, dass die Sachurteilsvoraussetzungen erf\u00fcllt sind, soweit das nicht offensichtlich ist (Art. 42 Abs. 2 BGG; BGE 133 II 249 E. 1.1; 353 E. 1), als auch, dass der angefochtene Entscheid Bundesrecht verletzt (BGE 135 III 127 E. 1.6; 134 II 244 E. 2.1 und E. 2.2; je mit Hinweisen).<\/p>\n<p>3.<\/p>\n<p>Der Beschwerdef\u00fchrer setzt sich nicht sachgerecht mit dem angefochtenen Beschluss auseinander. Seine sehr knapp gehaltenen Ausf\u00fchrungen ersch\u00f6pfen sich weitgehend in Verweisen auf fr\u00fchere Eingaben, welche nicht zu h\u00f6ren sind. Die Begr\u00fcndung muss in der Beschwerde selbst enthalten sein; der blosse Verweis auf Ausf\u00fchrungen in anderen Rechtsschriften oder auf die Akten reicht nicht aus (BGE 143 IV 122 E. 3.3; 140 III 115 E. 2; je mit Hinweisen). Eine inhaltliche Auseinandersetzung mit den vorinstanzlichen Erw\u00e4gungen fehlt in der Beschwerde. Der Beschwerdef\u00fchrer zeigt insgesamt nicht ansatzweise auf, inwiefern durch die dem ausf\u00fchrlich begr\u00fcndeten Beschluss zugrunde liegende Begr\u00fcndung bzw. durch den Beschluss selbst Recht im Sinne von Art. 95 BGG verletzt worden sein soll. Aus seiner Eingabe ergibt sich nicht, inwieweit das Kantonsgericht auf sein Ausstandsgesuch in rechts- bzw. verfassungswidriger Weise nicht eingetreten sein sollte. Die Ausf\u00fchrungen des Beschwerdef\u00fchrers gen\u00fcgen den gesetzlichen Anforderungen an die Begr\u00fcndung einer Beschwerde offenkundig nicht. Auf die Beschwerde ist demnach im Verfahren nach Art. 108 BGG nicht einzutreten.<\/p>\n<p>4.<\/p>\n<p>Auf das vom Beschwerdef\u00fchrer sinngem\u00e4ss gestellte Ausstandsgesuch gegen Bundesrichterin G.________ ist ebenfalls nicht einzutreten. Er begr\u00fcndet sein Gesuch damit, dass das Urteil 7B_672\/2023 und 7B_675\/2023 vom 2. November 2023, f\u00fcr welches er in einem separaten Verfahren die Revision beantragt (Verfahren 7F_3\/2024), folgende Aussage enthalte: &quot;Die Vorinstanz verneint ebenfalls, dass beim Beschwerdef\u00fchrer im unmittelbaren Nachgang zur Einvernahme rechtswidrig herbeigef\u00fchrte gesundheitliche Beschwerden aufgetreten sind.&quot; Dies sei ein &quot;klarer Beweis&quot; daf\u00fcr, dass Bundesrichterin G.________ sich offen gegen ihn engagiere. Die Tatsache, dass der Beschwerdef\u00fchrer in einem bundesgerichtlichen Beschwerdeverfahren erfolglos blieb, an welchen das genannte Mitglied der II. strafrechtlichen Abteilung mitgewirkt hat, stellt f\u00fcr sich allein keinen zul\u00e4ssigen Ausstandsgrund dar (Art. 34 Abs. 2 BGG). Bei unzul\u00e4ssigen Ausstandsgesuchen ist praxisgem\u00e4ss kein Verfahren nach Art. 37 BGG durchzuf\u00fchren. Auf das Gesuch ist vielmehr nicht einzutreten.<\/p>\n<p>5.<\/p>\n<p>Bei diesem Verfahrensausgang tr\u00e4gt der Beschwerdef\u00fchrer die Kosten (Art. 66 Abs. 1 BGG).<\/p>\n<p>Demnach erkennt die Einzelrichterin:<\/p>\n<p>1.<\/p>\n<p>Auf die Beschwerde wird nicht eingetreten.<\/p>\n<p>2.<\/p>\n<p>Die Gerichtskosten von Fr. 500.&#8212; werden dem Beschwerdef\u00fchrer auferlegt.<\/p>\n<p>3.<\/p>\n<p>Dieses Urteil wird den Parteien und dem Kantonsgericht Basel-Landschaft, Abteilung Strafrecht, schriftlich mitgeteilt.<\/p>\n<p>Lausanne, 6. M\u00e4rz 2024<\/p>\n<p>Im Namen der II. strafrechtlichen Abteilung<\/p>\n<p>des Schweizerischen Bundesgerichts<\/p>\n<p>Die Einzelrichterin: Koch<\/p>\n<p>Der Gerichtsschreiber: Cl\u00e9ment<\/p>\n<\/div>\n<hr class=\"kji-sep\" \/>\n<p class=\"kji-source-links\"><strong>Sources officielles :<\/strong> <a class=\"kji-source-link\" href=\"https:\/\/search.bger.ch\/ext\/eurospider\/live\/fr\/php\/aza\/http\/index.php?lang=fr&#038;type=highlight_simple_query&#038;page=8&#038;from_date=&#038;to_date=&#038;sort=relevance&#038;insertion_date=&#038;top_subcollection_aza=all&#038;query_words=strafrecht&#038;rank=72&#038;azaclir=aza&#038;highlight_docid=aza%3A%2F%2F06-03-2024-7B_80-2024&#038;number_of_ranks=4698\" target=\"_blank\" rel=\"noopener noreferrer\">consulter la page source<\/a><\/p>\n<p class=\"kji-license-note\"><em>Source officielle Tribunal federal suisse. Contenu HTML public, PDF non garanti en version gratuite.<\/em><\/p>\n<\/div>\n","protected":false},"excerpt":{"rendered":"<p>Bundesgericht Tribunal f\u00e9d\u00e9ral Tribunale federale Tribunal federal 7B_80\/2024 Urteil vom 6. M\u00e4rz 2024 II. strafrechtliche Abteilung Besetzung Bundesrichterin Koch, als Einzelrichterin, Gerichtsschreiber Cl\u00e9ment. Verfahrensbeteiligte A.________, Beschwerdef\u00fchrer, gegen 1. B.________, 2. C.________, 3. D.________, 4. E.________, Beschwerdegegner. Gegenstand Ausstandsbegehren; Nichteintreten, Beschwerde gegen den Beschluss des Kantonsgerichts Basel-Landschaft, Abteilung Strafrecht, vom 8. August 2023 (490 23 102)&#8230;.<\/p>\n","protected":false},"featured_media":0,"template":"","meta":{"_crdt_document":""},"kji_country":[9676],"kji_court":[9677],"kji_chamber":[10148],"kji_year":[8677],"kji_subject":[7632],"kji_keyword":[9799,9679,9680,7636],"kji_language":[7685],"class_list":["post-601655","kji_decision","type-kji_decision","status-publish","hentry","kji_country-suisse","kji_court-tribunal-federal-suisse","kji_chamber-cour-des-plaintes","kji_year-8677","kji_subject-penal","kji_keyword-bundesgericht","kji_keyword-federal","kji_keyword-suisse","kji_keyword-tribunal","kji_language-italien"],"yoast_head":"<!-- This site is optimized with the Yoast SEO Premium plugin v27.5 (Yoast SEO v27.5) - https:\/\/yoast.com\/product\/yoast-seo-premium-wordpress\/ -->\n<title>Tribunal f\u00e9d\u00e9ral suisse, 6 mars 2024, n\u00b0 7B 80-2024 - Ma\u00eetre Hassan Kohen, avocat en droit p\u00e9nal \u00e0 Paris<\/title>\n<meta name=\"robots\" content=\"index, follow, max-snippet:-1, max-image-preview:large, max-video-preview:-1\" \/>\n<link rel=\"canonical\" href=\"https:\/\/kohenavocats.com\/ru\/jurisprudences\/tribunal-federal-suisse-6-mars-2024-n-7b-80-2024\/\" \/>\n<meta property=\"og:locale\" content=\"ru_RU\" \/>\n<meta property=\"og:type\" content=\"article\" \/>\n<meta property=\"og:title\" content=\"Tribunal f\u00e9d\u00e9ral suisse, 6 mars 2024, n\u00b0 7B 80-2024\" \/>\n<meta property=\"og:description\" content=\"Bundesgericht Tribunal f\u00e9d\u00e9ral Tribunale federale Tribunal federal 7B_80\/2024 Urteil vom 6. M\u00e4rz 2024 II. strafrechtliche Abteilung Besetzung Bundesrichterin Koch, als Einzelrichterin, Gerichtsschreiber Cl\u00e9ment. Verfahrensbeteiligte A.________, Beschwerdef\u00fchrer, gegen 1. B.________, 2. C.________, 3. D.________, 4. E.________, Beschwerdegegner. Gegenstand Ausstandsbegehren; Nichteintreten, Beschwerde gegen den Beschluss des Kantonsgerichts Basel-Landschaft, Abteilung Strafrecht, vom 8. August 2023 (490 23 102)....\" \/>\n<meta property=\"og:url\" content=\"https:\/\/kohenavocats.com\/ru\/jurisprudences\/tribunal-federal-suisse-6-mars-2024-n-7b-80-2024\/\" \/>\n<meta property=\"og:site_name\" content=\"Ma\u00eetre Hassan Kohen, avocat en droit p\u00e9nal \u00e0 Paris\" \/>\n<meta name=\"twitter:card\" content=\"summary_large_image\" \/>\n<meta name=\"twitter:label1\" content=\"\u041f\u0440\u0438\u043c\u0435\u0440\u043d\u043e\u0435 \u0432\u0440\u0435\u043c\u044f \u0434\u043b\u044f \u0447\u0442\u0435\u043d\u0438\u044f\" \/>\n\t<meta name=\"twitter:data1\" content=\"3 \u043c\u0438\u043d\u0443\u0442\u044b\" \/>\n<script type=\"application\/ld+json\" class=\"yoast-schema-graph\">{\"@context\":\"https:\\\/\\\/schema.org\",\"@graph\":[{\"@type\":\"WebPage\",\"@id\":\"https:\\\/\\\/kohenavocats.com\\\/ru\\\/jurisprudences\\\/tribunal-federal-suisse-6-mars-2024-n-7b-80-2024\\\/\",\"url\":\"https:\\\/\\\/kohenavocats.com\\\/ru\\\/jurisprudences\\\/tribunal-federal-suisse-6-mars-2024-n-7b-80-2024\\\/\",\"name\":\"Tribunal f\u00e9d\u00e9ral suisse, 6 mars 2024, n\u00b0 7B 80-2024 - Ma\u00eetre Hassan Kohen, avocat en droit p\u00e9nal \u00e0 Paris\",\"isPartOf\":{\"@id\":\"https:\\\/\\\/kohenavocats.com\\\/ru\\\/#website\"},\"datePublished\":\"2026-04-19T04:17:49+00:00\",\"breadcrumb\":{\"@id\":\"https:\\\/\\\/kohenavocats.com\\\/ru\\\/jurisprudences\\\/tribunal-federal-suisse-6-mars-2024-n-7b-80-2024\\\/#breadcrumb\"},\"inLanguage\":\"ru-RU\",\"potentialAction\":[{\"@type\":\"ReadAction\",\"target\":[\"https:\\\/\\\/kohenavocats.com\\\/ru\\\/jurisprudences\\\/tribunal-federal-suisse-6-mars-2024-n-7b-80-2024\\\/\"]}]},{\"@type\":\"BreadcrumbList\",\"@id\":\"https:\\\/\\\/kohenavocats.com\\\/ru\\\/jurisprudences\\\/tribunal-federal-suisse-6-mars-2024-n-7b-80-2024\\\/#breadcrumb\",\"itemListElement\":[{\"@type\":\"ListItem\",\"position\":1,\"name\":\"Home\",\"item\":\"https:\\\/\\\/kohenavocats.com\\\/ru\\\/avocats-en-droit-penal-a-paris-conseil-et-defense-strategique\\\/\"},{\"@type\":\"ListItem\",\"position\":2,\"name\":\"Jurisprudences\",\"item\":\"https:\\\/\\\/kohenavocats.com\\\/ru\\\/jurisprudences\\\/\"},{\"@type\":\"ListItem\",\"position\":3,\"name\":\"Tribunal f\u00e9d\u00e9ral suisse, 6 mars 2024, n\u00b0 7B 80-2024\"}]},{\"@type\":\"WebSite\",\"@id\":\"https:\\\/\\\/kohenavocats.com\\\/ru\\\/#website\",\"url\":\"https:\\\/\\\/kohenavocats.com\\\/ru\\\/\",\"name\":\"Kohen Avocats\",\"description\":\"Ma\u00eetre Hassan Kohen, avocat p\u00e9naliste \u00e0 Paris, intervient exclusivement en droit p\u00e9nal pour la d\u00e9fense des particuliers, notamment en mati\u00e8re d\u2019accusations de viol. Il assure un accompagnement rigoureux d\u00e8s la garde \u00e0 vue jusqu\u2019\u00e0 la Cour d\u2019assises, veillant au strict respect des garanties proc\u00e9durales.\",\"publisher\":{\"@id\":\"https:\\\/\\\/kohenavocats.com\\\/ru\\\/#organization\"},\"potentialAction\":[{\"@type\":\"SearchAction\",\"target\":{\"@type\":\"EntryPoint\",\"urlTemplate\":\"https:\\\/\\\/kohenavocats.com\\\/ru\\\/?s={search_term_string}\"},\"query-input\":{\"@type\":\"PropertyValueSpecification\",\"valueRequired\":true,\"valueName\":\"search_term_string\"}}],\"inLanguage\":\"ru-RU\"},{\"@type\":\"Organization\",\"@id\":\"https:\\\/\\\/kohenavocats.com\\\/ru\\\/#organization\",\"name\":\"Kohen Avocats\",\"url\":\"https:\\\/\\\/kohenavocats.com\\\/ru\\\/\",\"logo\":{\"@type\":\"ImageObject\",\"inLanguage\":\"ru-RU\",\"@id\":\"https:\\\/\\\/kohenavocats.com\\\/ru\\\/#\\\/schema\\\/logo\\\/image\\\/\",\"url\":\"https:\\\/\\\/kohenavocats.com\\\/wp-content\\\/uploads\\\/2026\\\/01\\\/Logo-2-1.webp\",\"contentUrl\":\"https:\\\/\\\/kohenavocats.com\\\/wp-content\\\/uploads\\\/2026\\\/01\\\/Logo-2-1.webp\",\"width\":2114,\"height\":1253,\"caption\":\"Kohen Avocats\"},\"image\":{\"@id\":\"https:\\\/\\\/kohenavocats.com\\\/ru\\\/#\\\/schema\\\/logo\\\/image\\\/\"}}]}<\/script>\n<!-- \/ Yoast SEO Premium plugin. -->","yoast_head_json":{"title":"Tribunal f\u00e9d\u00e9ral suisse, 6 mars 2024, n\u00b0 7B 80-2024 - Ma\u00eetre Hassan Kohen, avocat en droit p\u00e9nal \u00e0 Paris","robots":{"index":"index","follow":"follow","max-snippet":"max-snippet:-1","max-image-preview":"max-image-preview:large","max-video-preview":"max-video-preview:-1"},"canonical":"https:\/\/kohenavocats.com\/ru\/jurisprudences\/tribunal-federal-suisse-6-mars-2024-n-7b-80-2024\/","og_locale":"ru_RU","og_type":"article","og_title":"Tribunal f\u00e9d\u00e9ral suisse, 6 mars 2024, n\u00b0 7B 80-2024","og_description":"Bundesgericht Tribunal f\u00e9d\u00e9ral Tribunale federale Tribunal federal 7B_80\/2024 Urteil vom 6. M\u00e4rz 2024 II. strafrechtliche Abteilung Besetzung Bundesrichterin Koch, als Einzelrichterin, Gerichtsschreiber Cl\u00e9ment. Verfahrensbeteiligte A.________, Beschwerdef\u00fchrer, gegen 1. B.________, 2. C.________, 3. D.________, 4. E.________, Beschwerdegegner. Gegenstand Ausstandsbegehren; Nichteintreten, Beschwerde gegen den Beschluss des Kantonsgerichts Basel-Landschaft, Abteilung Strafrecht, vom 8. August 2023 (490 23 102)....","og_url":"https:\/\/kohenavocats.com\/ru\/jurisprudences\/tribunal-federal-suisse-6-mars-2024-n-7b-80-2024\/","og_site_name":"Ma\u00eetre Hassan Kohen, avocat en droit p\u00e9nal \u00e0 Paris","twitter_card":"summary_large_image","twitter_misc":{"\u041f\u0440\u0438\u043c\u0435\u0440\u043d\u043e\u0435 \u0432\u0440\u0435\u043c\u044f \u0434\u043b\u044f \u0447\u0442\u0435\u043d\u0438\u044f":"3 \u043c\u0438\u043d\u0443\u0442\u044b"},"schema":{"@context":"https:\/\/schema.org","@graph":[{"@type":"WebPage","@id":"https:\/\/kohenavocats.com\/ru\/jurisprudences\/tribunal-federal-suisse-6-mars-2024-n-7b-80-2024\/","url":"https:\/\/kohenavocats.com\/ru\/jurisprudences\/tribunal-federal-suisse-6-mars-2024-n-7b-80-2024\/","name":"Tribunal f\u00e9d\u00e9ral suisse, 6 mars 2024, n\u00b0 7B 80-2024 - Ma\u00eetre Hassan Kohen, avocat en droit p\u00e9nal \u00e0 Paris","isPartOf":{"@id":"https:\/\/kohenavocats.com\/ru\/#website"},"datePublished":"2026-04-19T04:17:49+00:00","breadcrumb":{"@id":"https:\/\/kohenavocats.com\/ru\/jurisprudences\/tribunal-federal-suisse-6-mars-2024-n-7b-80-2024\/#breadcrumb"},"inLanguage":"ru-RU","potentialAction":[{"@type":"ReadAction","target":["https:\/\/kohenavocats.com\/ru\/jurisprudences\/tribunal-federal-suisse-6-mars-2024-n-7b-80-2024\/"]}]},{"@type":"BreadcrumbList","@id":"https:\/\/kohenavocats.com\/ru\/jurisprudences\/tribunal-federal-suisse-6-mars-2024-n-7b-80-2024\/#breadcrumb","itemListElement":[{"@type":"ListItem","position":1,"name":"Home","item":"https:\/\/kohenavocats.com\/ru\/avocats-en-droit-penal-a-paris-conseil-et-defense-strategique\/"},{"@type":"ListItem","position":2,"name":"Jurisprudences","item":"https:\/\/kohenavocats.com\/ru\/jurisprudences\/"},{"@type":"ListItem","position":3,"name":"Tribunal f\u00e9d\u00e9ral suisse, 6 mars 2024, n\u00b0 7B 80-2024"}]},{"@type":"WebSite","@id":"https:\/\/kohenavocats.com\/ru\/#website","url":"https:\/\/kohenavocats.com\/ru\/","name":"Kohen Avocats","description":"Ma\u00eetre Hassan Kohen, avocat p\u00e9naliste \u00e0 Paris, intervient exclusivement en droit p\u00e9nal pour la d\u00e9fense des particuliers, notamment en mati\u00e8re d\u2019accusations de viol. Il assure un accompagnement rigoureux d\u00e8s la garde \u00e0 vue jusqu\u2019\u00e0 la Cour d\u2019assises, veillant au strict respect des garanties proc\u00e9durales.","publisher":{"@id":"https:\/\/kohenavocats.com\/ru\/#organization"},"potentialAction":[{"@type":"SearchAction","target":{"@type":"EntryPoint","urlTemplate":"https:\/\/kohenavocats.com\/ru\/?s={search_term_string}"},"query-input":{"@type":"PropertyValueSpecification","valueRequired":true,"valueName":"search_term_string"}}],"inLanguage":"ru-RU"},{"@type":"Organization","@id":"https:\/\/kohenavocats.com\/ru\/#organization","name":"Kohen Avocats","url":"https:\/\/kohenavocats.com\/ru\/","logo":{"@type":"ImageObject","inLanguage":"ru-RU","@id":"https:\/\/kohenavocats.com\/ru\/#\/schema\/logo\/image\/","url":"https:\/\/kohenavocats.com\/wp-content\/uploads\/2026\/01\/Logo-2-1.webp","contentUrl":"https:\/\/kohenavocats.com\/wp-content\/uploads\/2026\/01\/Logo-2-1.webp","width":2114,"height":1253,"caption":"Kohen Avocats"},"image":{"@id":"https:\/\/kohenavocats.com\/ru\/#\/schema\/logo\/image\/"}}]}},"jetpack_likes_enabled":false,"jetpack_sharing_enabled":true,"_links":{"self":[{"href":"https:\/\/kohenavocats.com\/ru\/wp-json\/wp\/v2\/kji_decision\/601655","targetHints":{"allow":["GET"]}}],"collection":[{"href":"https:\/\/kohenavocats.com\/ru\/wp-json\/wp\/v2\/kji_decision"}],"about":[{"href":"https:\/\/kohenavocats.com\/ru\/wp-json\/wp\/v2\/types\/kji_decision"}],"wp:attachment":[{"href":"https:\/\/kohenavocats.com\/ru\/wp-json\/wp\/v2\/media?parent=601655"}],"wp:term":[{"taxonomy":"kji_country","embeddable":true,"href":"https:\/\/kohenavocats.com\/ru\/wp-json\/wp\/v2\/kji_country?post=601655"},{"taxonomy":"kji_court","embeddable":true,"href":"https:\/\/kohenavocats.com\/ru\/wp-json\/wp\/v2\/kji_court?post=601655"},{"taxonomy":"kji_chamber","embeddable":true,"href":"https:\/\/kohenavocats.com\/ru\/wp-json\/wp\/v2\/kji_chamber?post=601655"},{"taxonomy":"kji_year","embeddable":true,"href":"https:\/\/kohenavocats.com\/ru\/wp-json\/wp\/v2\/kji_year?post=601655"},{"taxonomy":"kji_subject","embeddable":true,"href":"https:\/\/kohenavocats.com\/ru\/wp-json\/wp\/v2\/kji_subject?post=601655"},{"taxonomy":"kji_keyword","embeddable":true,"href":"https:\/\/kohenavocats.com\/ru\/wp-json\/wp\/v2\/kji_keyword?post=601655"},{"taxonomy":"kji_language","embeddable":true,"href":"https:\/\/kohenavocats.com\/ru\/wp-json\/wp\/v2\/kji_language?post=601655"}],"curies":[{"name":"wp","href":"https:\/\/api.w.org\/{rel}","templated":true}]}}