{"id":602278,"date":"2026-04-19T07:32:18","date_gmt":"2026-04-19T05:32:18","guid":{"rendered":"https:\/\/kohenavocats.com\/jurisprudences\/tribunal-darrondissement-6-juin-2025\/"},"modified":"2026-04-19T07:32:22","modified_gmt":"2026-04-19T05:32:22","slug":"tribunal-darrondissement-6-juin-2025","status":"publish","type":"kji_decision","link":"https:\/\/kohenavocats.com\/ru\/jurisprudences\/tribunal-darrondissement-6-juin-2025\/","title":{"rendered":"Tribunal d&#8217;arrondissement, 6 juin 2025"},"content":{"rendered":"<div class=\"kji-decision\">\n<div class=\"kji-full-text\">\n<p>No.320\/2025 Audience publique du vendredi,6 juin2025 (Not.3190\/23\/XC)\u2013SK Le tribunal d\u2019arrondissement de et \u00e0 Diekirch, si\u00e9geant en mati\u00e8re correctionnelle et en composition de juge unique, a rendu en son audience publique du vendredi,six juindeux mille vingt-cinq, le jugement qui suit dans la cause E N T R E Monsieur le Procureur d\u2019Etat, partie poursuivante suivant citation du27 janvier2025, E T PERSONNE1.), n\u00e9eleDATE1.)\u00e0ADRESSE1.)(Br\u00e9sil), demeurant \u00e0ADRESSE2.), pr\u00e9venue. F A I T S : Par citation \u00e0 pr\u00e9venu du27 janvier2025, le Minist\u00e8re Public requit PERSONNE1.)\u00e0 compara\u00eetre \u00e0 l\u2019audience publique du21 f\u00e9vrier2025 pour r\u00e9pondre des pr\u00e9ventions y renseign\u00e9es. Apr\u00e8s l\u2019appel de la cause \u00e0 l\u2019audience publique duvendredi,21 f\u00e9vrier 2025,l\u2019affaire fut remise \u00e0 l\u2019audience du 25 avril 2025. Apr\u00e8s l\u2019appel de la cause \u00e0 l\u2019audience publique du vendredi, 25 avril 2025, le pr\u00e9sident constata l\u2019identit\u00e9de lapr\u00e9venuePERSONNE1.)qui avait<\/p>\n<p>2 comparu en personne, et il lui donna connaissance de l\u2019acte ayant saisi le tribunal. Lapr\u00e9venuePERSONNE1.)qui ne parle pas une des langues dont il peut \u00eatre fait usage en mati\u00e8re judiciaire, fut assist\u00e9 d\u2019un interpr\u00e8te, en langue portugaise, conform\u00e9ment aux dispositions de l\u2019article 190-1 (5) du Code de proc\u00e9dure p\u00e9nale. Cetinterpr\u00e8te entra en fonction apr\u00e8s avoir pr\u00eat\u00e9 le serment de fid\u00e8lement traduire les paroles prononc\u00e9es \u00e0 l\u2019audience. Lest\u00e9moinsPERSONNE2.)etPERSONNE3.), apr\u00e8s avoir d\u00e9clar\u00e9 noms, pr\u00e9noms, \u00e2ges, professionset demeures, et n\u2019\u00eatre ni parents, ni alli\u00e9s, ni au service de lapr\u00e9venue,pr\u00eat\u00e8rentle serment de dire toute la v\u00e9rit\u00e9, rien que la v\u00e9rit\u00e9, en pronon\u00e7ant \u00e0 haute voix et en tenant lev\u00e9e la main droite nue les mots\u00abJe le jure\u00bb.Ilsfurentensuiteentendus s\u00e9par\u00e9mentenleurs d\u00e9clarations orales. Lapr\u00e9venuePERSONNE1.)d\u00e9clara renoncer \u00e0 se faire assister d\u2019un avocat, et apr\u00e8s avoir \u00e9t\u00e9 avertiede son droit de se taire et de son droit de ne pas s\u2019incriminer soi-m\u00eame,ellefutinterrog\u00e9e et entendueen ses explications et moyens de d\u00e9fense. Le Minist\u00e8re Public, repr\u00e9sent\u00e9 parAvelino SANTOS MENDES,substitut duProcureur d\u2019Etatadjoint, fut entendu en son r\u00e9quisitoire. PERSONNE1.)se vit attribuer la parole en dernier. Le tribunal prit l\u2019affaire en d\u00e9lib\u00e9r\u00e9 et fixa le prononc\u00e9 du jugement \u00e0 l\u2019audience publique du vendredi,6 juin2025. A cette audience publique, le tribunal rendit le JUGEMENT qui suit: Vu le proc\u00e8s-verbal num\u00e9ro10918du21avril2023, ainsi que le rapport num\u00e9ro 25900-1204,dress\u00e9spar le commissariat de policede Diekirch \/ Vianden. Vu la citation \u00e0 pr\u00e9venu du27 janvier2025(not.3190\/23\/XC). Le Parquet reproche \u00e0PERSONNE1.): \u00ab\u00e9tant conductriced&#039;un v\u00e9hicule automoteur sur la voie publique, le21\/04\/2023vers11.30heures \u00e0L-ADRESSE3.), sans pr\u00e9judicequant auxindications de temps et de lieux plusexactes,<\/p>\n<p>3 I.principalement: sachant qu&#039;il a caus\u00e9 un accident, avoir pris la fuite pour \u00e9chapper aux constatations utiles, m\u00eame si l\u2019accident n\u2019est pas imputable \u00e0 sa faute, subsidiairement: \u00e9tant impliqu\u00e9 dans un accident, ne pas s\u2019\u00eatre arr\u00eat\u00e9 imm\u00e9diatement et en avoir constat\u00e9 les cons\u00e9quences, plus subsidiairement: \u00e9tant impliqu\u00e9 dans un accident, ne pas avoir communiqu\u00e9 son identit\u00e9 aux autres personnesimpliqu\u00e9es dans le m\u00eame accident qui en ont fait la demande, encore plus subsidiairement: \u00e9tant impliqu\u00e9 dans un accidentqui n\u2019a provoqu\u00e9 que des dommages mat\u00e9riels, ne pas \u00eatre rest\u00e9 sur place pour proc\u00e9der en commun aux constatations n\u00e9cessaires, ultime subsidiarit\u00e9: \u00e9tant impliqu\u00e9 dans un accidentqui n\u2019a provoqu\u00e9 que des dommages mat\u00e9riels, ne pas avoir fourni sur place ses noms et adresse, la partie l\u00e9s\u00e9e n\u2019\u00e9tant pas pr\u00e9sente, plus ultime subsidiarit\u00e9: \u00e9tant impliqu\u00e9 dans un accident qui n\u2019a provoqu\u00e9 que des dommages mat\u00e9riels, ne pasavoir communiqu\u00e9 au plus t\u00f4t son identit\u00e9 \u00e0 la partie l\u00e9s\u00e9e non pr\u00e9sente, par l\u2019interm\u00e9diaire de la police, II.d\u00e9faut de se comporter raisonnablement et prudemment de fa\u00e7on \u00e0 ne pas causer un dommage auxpropri\u00e9t\u00e9s publiques ou priv\u00e9es, III. d\u00e9faut de conduire de fa\u00e7on \u00e0 rester constamment ma\u00eetre de son v\u00e9hicule.\u00bb Les faits \u00e0 la base de la pr\u00e9sente affaire r\u00e9sultent \u00e0 suffisance des \u00e9l\u00e9ments du dossier soumis \u00e0 l\u2019appr\u00e9ciation de la chambre correctionnelle ainsi que de l\u2019instruction men\u00e9e \u00e0 l\u2019audience, notamment des constatations polici\u00e8res,des d\u00e9positions dest\u00e9moinsfaites\u00e0 la barresous la foi du sermentet des explicationsde lapr\u00e9venue. Il r\u00e9sulte des d\u00e9clarations du t\u00e9moinPERSONNE2.)que la pr\u00e9venue \u00e9tait sortie de sa voiture pour contempler les d\u00e9g\u00e2ts caus\u00e9s \u00e0 sa voiture ainsi qu\u2019\u00e0 la voiture de l\u2019autre partie et qu\u2019elle est repartie par apr\u00e8s. Le tribunal en d\u00e9duit qu\u2019elle a d\u00e8s lors n\u00e9cessairement eu connaissance de la survenance de l\u2019accrochage. Le tribunal estime toutefois qu\u2019il existe un doute quant \u00e0 son d\u2019intention d\u2019\u00e9chapper aux constatations utiles. Il y a partant lieu de ne retenir quela contravention libell\u00e9e sub I. \u00e0 titre<\/p>\n<p>4 subsidiaire, \u00e0 savoir\u00ab\u00e9tant impliqu\u00e9 dans un accident qui n\u2019a provoqu\u00e9 que des dommages mat\u00e9riels, ne pas \u00eatre rest\u00e9 sur place pour proc\u00e9der en commun aux constatations n\u00e9cessaires\u00bb. Le tribunal estime qu\u2019il y a lieu d\u2019acquitter lapr\u00e9venuede la contravention libell\u00e9e subIII., le dossier ne renfermant pas suffisamment d\u2019\u00e9l\u00e9ments \u00e0 charge et ladite contravention n\u2019\u00e9tant pas \u00e9tablie \u00e0 l\u2019abri de tout doute. PERSONNE1.)est partant d\u00e9clar\u00e9econvaincue: \u00e9tantconductriced&#039;un v\u00e9hiculeautomobile sur la voie publique, le 21avril2023 vers 11.30 heures \u00e0ADRESSE3.), 1)\u00e9tant impliqu\u00e9edans un accident qui n\u2019a provoqu\u00e9 que des dommages mat\u00e9riels, ne pas \u00eatre rest\u00e9esur place pour proc\u00e9der en commun aux constatations n\u00e9cessaires. 2) de ne pas s\u2019\u00eatre comport\u00e9eraisonnablement et prudemment de fa\u00e7on \u00e0 ne pas causer un dommage aux propri\u00e9t\u00e9s priv\u00e9es. Les infractions retenues \u00e0 chargede lapr\u00e9venuese trouvent en concours r\u00e9elentre elles,de sorte qu\u2019il y a encore lieud\u2019appliquer les dispositions de l\u2019article 58 du Code p\u00e9nal qui dit que tout individu convaincu de plusieurs contraventions encourra la peine de chacune d\u2019elles. Aux termes de l&#039;article 7 de la loi modifi\u00e9e du 14 f\u00e9vrier 1955 concernant la r\u00e9glementation de la circulation sur toutes les voies publiques, les infractions aux dispositions de l\u2019arr\u00eat\u00e9 grand-ducal modifi\u00e9 du 23 novembre 1955 portant r\u00e8glement de la circulation sur toutes les voies publiques, sont punies d\u2019une amende de 25 \u00e0 1.000 euros et les contraventions graves d\u2019une amende de 25 \u00e0 2.000 euros. Dans l\u2019appr\u00e9ciation du quantum de la peine \u00e0 prononcer \u00e0 l\u2019\u00e9gardde la pr\u00e9venue, la chambre correctionnelle tient compte d\u2019une part de la gravit\u00e9 objective des faits retenus \u00e0 sa charge etd\u2019autre part de sa situation personnelle. Au vu des circonstances de l\u2019affaire et de la situation personnelle de la pr\u00e9venue, le tribunal estime qu\u2019une peine d\u2019emprisonnement serait inad\u00e9quate car trop s\u00e9v\u00e8re, et il d\u00e9cide de ne prononcer contre PERSONNE1.)qu\u2019une amende d\u2019un montant de100euros du chefde chacunedes contraventions retenues \u00e0 sa charge. Aux termes de l\u2019article 13 de la loi modifi\u00e9e du 14 f\u00e9vrier 1955 concernant la r\u00e9glementation de la circulation sur toutes les voies publiques, le juge saisi d\u2019une ou de plusieurs infractions \u00e0 la r\u00e9glementation de la circulation sur toutes les voies publiques ou de d\u00e9lits ou de crimes qui se sont joints \u00e0 ces infractions, pourra prononcer une interdiction de conduire de huit jours<\/p>\n<p>5 \u00e0 un an en mati\u00e8re de contraventions et de trois mois \u00e0 quinze ans en mati\u00e8re de d\u00e9lits ou de crimes. Au vu des circonstances de l\u2019affaire, la chambre correctionnelle d\u00e9cide de prononcer contrePERSONNE1.)une interdiction de conduire de3mois. Au vudu casier judiciaire viergede lapr\u00e9venue, le tribunal d\u00e9cide d\u2019assortir cette interdiction de conduire du sursis. P a r c e s m o t i f s , le tribunal d\u2019arrondissement de et \u00e0 Diekirch, si\u00e9geant en mati\u00e8re correctionnelle et en composition de juge unique,statuant contradictoirement et en premi\u00e8re instance, lapr\u00e9venuePERSONNE1.) entendueen ses explications et moyens de d\u00e9fense, le repr\u00e9sentant du Minist\u00e8re Public entendu en son r\u00e9quisitoire,lapr\u00e9venueayant eu la parole en dernier, a c q u i t t ePERSONNE1.)de la contraventionnon retenue\u00e0 sa charge, c o n d a m n ePERSONNE1.)du chef descontraventionsretenues \u00e0 sa charge \u00e0 une amendecontraventionnelledeCENT (100) EUROSpour l\u2019infraction retenue sub 1)et \u00e0 une autre amende contraventionnelle de CENT (100) EUROSpour l\u2019infraction retenue sub 2),ainsi qu\u2019aux frais de sa poursuite p\u00e9nale,ces frais \u00e9tant liquid\u00e9s \u00e0 la somme de38,60 euros, f i x ela dur\u00e9e de la contrainte par corps en cas de non-paiement de ces amendes \u00e0DEUX(1+1) JOURS, p r o n o n c econtrePERSONNE1.)une interdiction de conduire un v\u00e9hicule automoteur des cat\u00e9gories A, B, C, D, E et F sur toutes les voies publiques pour une dur\u00e9e deTROIS(3) MOIS, d i tqu\u2019il seraSURSIS\u00e0 l\u2019ex\u00e9cution de cette interdiction de conduire, i n f o r m elapr\u00e9venuequ\u2019au cas o\u00f9, dans un d\u00e9lai de 5 ans \u00e0 dater du pr\u00e9sent jugement,ellen\u2019aura commis une nouvelle infraction ayant entra\u00een\u00e9 la condamnation \u00e0 une interdiction de conduire un v\u00e9hicule sur la voie publique ou \u00e0 une peine privative de libert\u00e9 pour crimes ou d\u00e9lits pr\u00e9vus par la l\u00e9gislation sur la circulation sur les voies publiques ou sur la vente de substances m\u00e9dicamenteuses et la lutte contre la toxicomanie, l\u2019interdiction sera r\u00e9put\u00e9e non avenue,<\/p>\n<p>6 a v e r t i tlapr\u00e9venueque, dans le cas contraire, conform\u00e9ment \u00e0 l\u2019article 628 du Code de proc\u00e9dure p\u00e9nale, la premi\u00e8re peine sera d\u2019abord ex\u00e9cut\u00e9e sans qu\u2019elle ne puisse se confondre, le cas \u00e9ch\u00e9ant, avec la nouvelle interdiction de conduire. Par application des articles7et 13 de la loi modifi\u00e9e du 14 f\u00e9vrier 1955 concernant la r\u00e9glementation de la circulation sur toutes les voies publiques, desarticles140et 163de l\u2019arr\u00eat\u00e9 grand-ducal modifi\u00e9 du 23 novembre 1955 portant r\u00e8glement de la circulation sur toutes les voies publiques, des articles 27, 28, 29, 30et 58du Code p\u00e9nal, et des articles 155, 179, 182, 184, 185, 189, 190, 190-1, 194, 195, 196, 628 et 628-1 du Code de proc\u00e9dure p\u00e9nale. Ainsi fait, jug\u00e9 et prononc\u00e9 en audience publique le vendredi,6 juin2025, au Palais de Justice \u00e0 Diekirch parJean-Claude WIRTH, premierjuge, assist\u00e9 du greffierassum\u00e9 Saban KALABIC, en pr\u00e9sence deJo\u00eblle DONVEN, attach\u00e9e de justice d\u00e9l\u00e9gu\u00e9e duProcureur d\u2019Etat, qui,\u00e0 l\u2019exception du repr\u00e9sentant du Minist\u00e8re Public,ont sign\u00e9 le pr\u00e9sent jugement. Ce jugement est susceptible d\u2019appel. L\u2019appel doit \u00eatre interjet\u00e9 dans les formes et d\u00e9lais pr\u00e9vus aux articles199et suivants du Code de proc\u00e9dure p\u00e9nale et il doit \u00eatre form\u00e9 par le pr\u00e9venu ou son avocat, la partie civile ainsi que la partie civilement responsable ou leurs avocats respectifs dans les40 joursde ladate du prononc\u00e9 du pr\u00e9sent jugement, aupr\u00e8s du greffe du Tribunal d\u2019arrondissement de Diekirch, en se pr\u00e9sentant personnellementpour signer l\u2019acte d\u2019appel. L\u2019appel peut \u00e9galement \u00eatre interjet\u00e9, dans les40 joursde la date du prononc\u00e9 du pr\u00e9sent jugement par voie decourrier \u00e9lectronique\u00e0 adresser au guichet du greffe du Tribunal d\u2019arrondissement de Diekirch \u00e0 l\u2019adressetad.correctionnel.greffe@justice.etat.lu. Si le pr\u00e9venu estd\u00e9tenu,il peut d\u00e9clarer son appel au greffe du Centre p\u00e9nitentiaire.<\/p>\n<\/div>\n<hr class=\"kji-sep\" \/>\n<p class=\"kji-source-links\"><strong>Sources officielles :<\/strong> <a class=\"kji-source-link\" href=\"https:\/\/data.public.lu\/fr\/datasets\/tribunal-darrondissement-diekirch\/\" target=\"_blank\" rel=\"noopener noreferrer\">consulter la page source<\/a> &middot; <a class=\"kji-pdf-link\" href=\"https:\/\/download.data.public.lu\/resources\/tribunal-darrondissement-diekirch\/20251027-001728\/20250606-tadpenal-320-pseudonymise-accessible.pdf\" target=\"_blank\" rel=\"noopener noreferrer\">PDF officiel<\/a><\/p>\n<p class=\"kji-license-note\"><em>Licence CC BY-ND 4.0 (Administration judiciaire, data.public.lu). Republication autorisee avec attribution, sans modification editoriale du texte integral.<\/em><\/p>\n<\/div>\n","protected":false},"excerpt":{"rendered":"<p>No.320\/2025 Audience publique du vendredi,6 juin2025 (Not.3190\/23\/XC)\u2013SK Le tribunal d\u2019arrondissement de et \u00e0 Diekirch, si\u00e9geant en mati\u00e8re correctionnelle et en composition de juge unique, a rendu en son audience publique du vendredi,six juindeux mille vingt-cinq, le jugement qui suit dans la cause E N T\u2026<\/p>\n","protected":false},"featured_media":0,"template":"","meta":{"_crdt_document":""},"kji_country":[8418],"kji_court":[23583],"kji_chamber":[],"kji_year":[8463],"kji_subject":[7724],"kji_keyword":[23584,23621,23622,7636,24145],"kji_language":[7733],"class_list":["post-602278","kji_decision","type-kji_decision","status-publish","hentry","kji_country-luxembourg","kji_court-tribunal-darrondissement","kji_year-8463","kji_subject-civil","kji_keyword-arrondissement","kji_keyword-audience","kji_keyword-publique","kji_keyword-tribunal","kji_keyword-vendredi","kji_language-francais"],"yoast_head":"<!-- This site is optimized with the Yoast SEO Premium plugin v27.5 (Yoast SEO v27.5) - https:\/\/yoast.com\/product\/yoast-seo-premium-wordpress\/ -->\n<title>Tribunal d&#039;arrondissement, 6 juin 2025 - Ma\u00eetre Hassan Kohen, avocat en droit p\u00e9nal \u00e0 Paris<\/title>\n<meta name=\"robots\" content=\"index, follow, max-snippet:-1, max-image-preview:large, max-video-preview:-1\" \/>\n<link rel=\"canonical\" href=\"https:\/\/kohenavocats.com\/ru\/jurisprudences\/tribunal-darrondissement-6-juin-2025\/\" \/>\n<meta property=\"og:locale\" content=\"ru_RU\" \/>\n<meta property=\"og:type\" content=\"article\" \/>\n<meta property=\"og:title\" content=\"Tribunal d&#039;arrondissement, 6 juin 2025\" \/>\n<meta property=\"og:description\" content=\"No.320\/2025 Audience publique du vendredi,6 juin2025 (Not.3190\/23\/XC)\u2013SK Le tribunal d\u2019arrondissement de et \u00e0 Diekirch, si\u00e9geant en mati\u00e8re correctionnelle et en composition de juge unique, a rendu en son audience publique du vendredi,six juindeux mille vingt-cinq, le jugement qui suit dans la cause E N T\u2026\" \/>\n<meta property=\"og:url\" content=\"https:\/\/kohenavocats.com\/ru\/jurisprudences\/tribunal-darrondissement-6-juin-2025\/\" \/>\n<meta property=\"og:site_name\" content=\"Ma\u00eetre Hassan Kohen, avocat en droit p\u00e9nal \u00e0 Paris\" \/>\n<meta property=\"article:modified_time\" content=\"2026-04-19T05:32:22+00:00\" \/>\n<meta name=\"twitter:card\" content=\"summary_large_image\" \/>\n<meta name=\"twitter:label1\" content=\"\u041f\u0440\u0438\u043c\u0435\u0440\u043d\u043e\u0435 \u0432\u0440\u0435\u043c\u044f \u0434\u043b\u044f \u0447\u0442\u0435\u043d\u0438\u044f\" \/>\n\t<meta name=\"twitter:data1\" content=\"10 \u043c\u0438\u043d\u0443\u0442\" \/>\n<script type=\"application\/ld+json\" class=\"yoast-schema-graph\">{\"@context\":\"https:\\\/\\\/schema.org\",\"@graph\":[{\"@type\":\"WebPage\",\"@id\":\"https:\\\/\\\/kohenavocats.com\\\/ru\\\/jurisprudences\\\/tribunal-darrondissement-6-juin-2025\\\/\",\"url\":\"https:\\\/\\\/kohenavocats.com\\\/ru\\\/jurisprudences\\\/tribunal-darrondissement-6-juin-2025\\\/\",\"name\":\"Tribunal d'arrondissement, 6 juin 2025 - Ma\u00eetre Hassan Kohen, avocat en droit p\u00e9nal \u00e0 Paris\",\"isPartOf\":{\"@id\":\"https:\\\/\\\/kohenavocats.com\\\/ru\\\/#website\"},\"datePublished\":\"2026-04-19T05:32:18+00:00\",\"dateModified\":\"2026-04-19T05:32:22+00:00\",\"breadcrumb\":{\"@id\":\"https:\\\/\\\/kohenavocats.com\\\/ru\\\/jurisprudences\\\/tribunal-darrondissement-6-juin-2025\\\/#breadcrumb\"},\"inLanguage\":\"ru-RU\",\"potentialAction\":[{\"@type\":\"ReadAction\",\"target\":[\"https:\\\/\\\/kohenavocats.com\\\/ru\\\/jurisprudences\\\/tribunal-darrondissement-6-juin-2025\\\/\"]}]},{\"@type\":\"BreadcrumbList\",\"@id\":\"https:\\\/\\\/kohenavocats.com\\\/ru\\\/jurisprudences\\\/tribunal-darrondissement-6-juin-2025\\\/#breadcrumb\",\"itemListElement\":[{\"@type\":\"ListItem\",\"position\":1,\"name\":\"Home\",\"item\":\"https:\\\/\\\/kohenavocats.com\\\/ru\\\/avocats-en-droit-penal-a-paris-conseil-et-defense-strategique\\\/\"},{\"@type\":\"ListItem\",\"position\":2,\"name\":\"Jurisprudences\",\"item\":\"https:\\\/\\\/kohenavocats.com\\\/ru\\\/jurisprudences\\\/\"},{\"@type\":\"ListItem\",\"position\":3,\"name\":\"Tribunal d&rsquo;arrondissement, 6 juin 2025\"}]},{\"@type\":\"WebSite\",\"@id\":\"https:\\\/\\\/kohenavocats.com\\\/ru\\\/#website\",\"url\":\"https:\\\/\\\/kohenavocats.com\\\/ru\\\/\",\"name\":\"Kohen Avocats\",\"description\":\"Ma\u00eetre Hassan Kohen, avocat p\u00e9naliste \u00e0 Paris, intervient exclusivement en droit p\u00e9nal pour la d\u00e9fense des particuliers, notamment en mati\u00e8re d\u2019accusations de viol. Il assure un accompagnement rigoureux d\u00e8s la garde \u00e0 vue jusqu\u2019\u00e0 la Cour d\u2019assises, veillant au strict respect des garanties proc\u00e9durales.\",\"publisher\":{\"@id\":\"https:\\\/\\\/kohenavocats.com\\\/ru\\\/#organization\"},\"potentialAction\":[{\"@type\":\"SearchAction\",\"target\":{\"@type\":\"EntryPoint\",\"urlTemplate\":\"https:\\\/\\\/kohenavocats.com\\\/ru\\\/?s={search_term_string}\"},\"query-input\":{\"@type\":\"PropertyValueSpecification\",\"valueRequired\":true,\"valueName\":\"search_term_string\"}}],\"inLanguage\":\"ru-RU\"},{\"@type\":\"Organization\",\"@id\":\"https:\\\/\\\/kohenavocats.com\\\/ru\\\/#organization\",\"name\":\"Kohen Avocats\",\"url\":\"https:\\\/\\\/kohenavocats.com\\\/ru\\\/\",\"logo\":{\"@type\":\"ImageObject\",\"inLanguage\":\"ru-RU\",\"@id\":\"https:\\\/\\\/kohenavocats.com\\\/ru\\\/#\\\/schema\\\/logo\\\/image\\\/\",\"url\":\"https:\\\/\\\/kohenavocats.com\\\/wp-content\\\/uploads\\\/2026\\\/01\\\/Logo-2-1.webp\",\"contentUrl\":\"https:\\\/\\\/kohenavocats.com\\\/wp-content\\\/uploads\\\/2026\\\/01\\\/Logo-2-1.webp\",\"width\":2114,\"height\":1253,\"caption\":\"Kohen Avocats\"},\"image\":{\"@id\":\"https:\\\/\\\/kohenavocats.com\\\/ru\\\/#\\\/schema\\\/logo\\\/image\\\/\"}}]}<\/script>\n<!-- \/ Yoast SEO Premium plugin. -->","yoast_head_json":{"title":"Tribunal d'arrondissement, 6 juin 2025 - Ma\u00eetre Hassan Kohen, avocat en droit p\u00e9nal \u00e0 Paris","robots":{"index":"index","follow":"follow","max-snippet":"max-snippet:-1","max-image-preview":"max-image-preview:large","max-video-preview":"max-video-preview:-1"},"canonical":"https:\/\/kohenavocats.com\/ru\/jurisprudences\/tribunal-darrondissement-6-juin-2025\/","og_locale":"ru_RU","og_type":"article","og_title":"Tribunal d'arrondissement, 6 juin 2025","og_description":"No.320\/2025 Audience publique du vendredi,6 juin2025 (Not.3190\/23\/XC)\u2013SK Le tribunal d\u2019arrondissement de et \u00e0 Diekirch, si\u00e9geant en mati\u00e8re correctionnelle et en composition de juge unique, a rendu en son audience publique du vendredi,six juindeux mille vingt-cinq, le jugement qui suit dans la cause E N T\u2026","og_url":"https:\/\/kohenavocats.com\/ru\/jurisprudences\/tribunal-darrondissement-6-juin-2025\/","og_site_name":"Ma\u00eetre Hassan Kohen, avocat en droit p\u00e9nal \u00e0 Paris","article_modified_time":"2026-04-19T05:32:22+00:00","twitter_card":"summary_large_image","twitter_misc":{"\u041f\u0440\u0438\u043c\u0435\u0440\u043d\u043e\u0435 \u0432\u0440\u0435\u043c\u044f \u0434\u043b\u044f \u0447\u0442\u0435\u043d\u0438\u044f":"10 \u043c\u0438\u043d\u0443\u0442"},"schema":{"@context":"https:\/\/schema.org","@graph":[{"@type":"WebPage","@id":"https:\/\/kohenavocats.com\/ru\/jurisprudences\/tribunal-darrondissement-6-juin-2025\/","url":"https:\/\/kohenavocats.com\/ru\/jurisprudences\/tribunal-darrondissement-6-juin-2025\/","name":"Tribunal d'arrondissement, 6 juin 2025 - Ma\u00eetre Hassan Kohen, avocat en droit p\u00e9nal \u00e0 Paris","isPartOf":{"@id":"https:\/\/kohenavocats.com\/ru\/#website"},"datePublished":"2026-04-19T05:32:18+00:00","dateModified":"2026-04-19T05:32:22+00:00","breadcrumb":{"@id":"https:\/\/kohenavocats.com\/ru\/jurisprudences\/tribunal-darrondissement-6-juin-2025\/#breadcrumb"},"inLanguage":"ru-RU","potentialAction":[{"@type":"ReadAction","target":["https:\/\/kohenavocats.com\/ru\/jurisprudences\/tribunal-darrondissement-6-juin-2025\/"]}]},{"@type":"BreadcrumbList","@id":"https:\/\/kohenavocats.com\/ru\/jurisprudences\/tribunal-darrondissement-6-juin-2025\/#breadcrumb","itemListElement":[{"@type":"ListItem","position":1,"name":"Home","item":"https:\/\/kohenavocats.com\/ru\/avocats-en-droit-penal-a-paris-conseil-et-defense-strategique\/"},{"@type":"ListItem","position":2,"name":"Jurisprudences","item":"https:\/\/kohenavocats.com\/ru\/jurisprudences\/"},{"@type":"ListItem","position":3,"name":"Tribunal d&rsquo;arrondissement, 6 juin 2025"}]},{"@type":"WebSite","@id":"https:\/\/kohenavocats.com\/ru\/#website","url":"https:\/\/kohenavocats.com\/ru\/","name":"Kohen Avocats","description":"Ma\u00eetre Hassan Kohen, avocat p\u00e9naliste \u00e0 Paris, intervient exclusivement en droit p\u00e9nal pour la d\u00e9fense des particuliers, notamment en mati\u00e8re d\u2019accusations de viol. Il assure un accompagnement rigoureux d\u00e8s la garde \u00e0 vue jusqu\u2019\u00e0 la Cour d\u2019assises, veillant au strict respect des garanties proc\u00e9durales.","publisher":{"@id":"https:\/\/kohenavocats.com\/ru\/#organization"},"potentialAction":[{"@type":"SearchAction","target":{"@type":"EntryPoint","urlTemplate":"https:\/\/kohenavocats.com\/ru\/?s={search_term_string}"},"query-input":{"@type":"PropertyValueSpecification","valueRequired":true,"valueName":"search_term_string"}}],"inLanguage":"ru-RU"},{"@type":"Organization","@id":"https:\/\/kohenavocats.com\/ru\/#organization","name":"Kohen Avocats","url":"https:\/\/kohenavocats.com\/ru\/","logo":{"@type":"ImageObject","inLanguage":"ru-RU","@id":"https:\/\/kohenavocats.com\/ru\/#\/schema\/logo\/image\/","url":"https:\/\/kohenavocats.com\/wp-content\/uploads\/2026\/01\/Logo-2-1.webp","contentUrl":"https:\/\/kohenavocats.com\/wp-content\/uploads\/2026\/01\/Logo-2-1.webp","width":2114,"height":1253,"caption":"Kohen Avocats"},"image":{"@id":"https:\/\/kohenavocats.com\/ru\/#\/schema\/logo\/image\/"}}]}},"jetpack_likes_enabled":false,"jetpack_sharing_enabled":true,"_links":{"self":[{"href":"https:\/\/kohenavocats.com\/ru\/wp-json\/wp\/v2\/kji_decision\/602278","targetHints":{"allow":["GET"]}}],"collection":[{"href":"https:\/\/kohenavocats.com\/ru\/wp-json\/wp\/v2\/kji_decision"}],"about":[{"href":"https:\/\/kohenavocats.com\/ru\/wp-json\/wp\/v2\/types\/kji_decision"}],"wp:attachment":[{"href":"https:\/\/kohenavocats.com\/ru\/wp-json\/wp\/v2\/media?parent=602278"}],"wp:term":[{"taxonomy":"kji_country","embeddable":true,"href":"https:\/\/kohenavocats.com\/ru\/wp-json\/wp\/v2\/kji_country?post=602278"},{"taxonomy":"kji_court","embeddable":true,"href":"https:\/\/kohenavocats.com\/ru\/wp-json\/wp\/v2\/kji_court?post=602278"},{"taxonomy":"kji_chamber","embeddable":true,"href":"https:\/\/kohenavocats.com\/ru\/wp-json\/wp\/v2\/kji_chamber?post=602278"},{"taxonomy":"kji_year","embeddable":true,"href":"https:\/\/kohenavocats.com\/ru\/wp-json\/wp\/v2\/kji_year?post=602278"},{"taxonomy":"kji_subject","embeddable":true,"href":"https:\/\/kohenavocats.com\/ru\/wp-json\/wp\/v2\/kji_subject?post=602278"},{"taxonomy":"kji_keyword","embeddable":true,"href":"https:\/\/kohenavocats.com\/ru\/wp-json\/wp\/v2\/kji_keyword?post=602278"},{"taxonomy":"kji_language","embeddable":true,"href":"https:\/\/kohenavocats.com\/ru\/wp-json\/wp\/v2\/kji_language?post=602278"}],"curies":[{"name":"wp","href":"https:\/\/api.w.org\/{rel}","templated":true}]}}