{"id":602292,"date":"2026-04-19T07:32:44","date_gmt":"2026-04-19T05:32:44","guid":{"rendered":"https:\/\/kohenavocats.com\/jurisprudences\/tribunal-darrondissement-6-juin-2025-8\/"},"modified":"2026-04-19T07:32:48","modified_gmt":"2026-04-19T05:32:48","slug":"tribunal-darrondissement-6-juin-2025-8","status":"publish","type":"kji_decision","link":"https:\/\/kohenavocats.com\/ru\/jurisprudences\/tribunal-darrondissement-6-juin-2025-8\/","title":{"rendered":"Tribunal d&#8217;arrondissement, 6 juin 2025"},"content":{"rendered":"<div class=\"kji-decision\">\n<div class=\"kji-full-text\">\n<p>No.328\/2025 Audience publique duvendredi,6 juin2025 (Not.4239\/24\/XC)\u2013SK Le tribunal d\u2019arrondissement de et \u00e0 Diekirch, si\u00e9geant en mati\u00e8re correctionnelle et en composition de juge unique, a rendu en son audience publique duvendredi,six juindeux millevingt-cinq, le jugement qui suit dans la cause E N T R E Monsieur le Procureur d\u2019Etat, partie poursuivante suivant citation du26 mars2025, E T PERSONNE1.), n\u00e9leDATE1.)\u00e0ADRESSE1.), demeurant\u00e0ADRESSE2.), pr\u00e9venu. F A I T S : Par citation \u00e0 pr\u00e9venu du26 mars2025, le Minist\u00e8re Public requit PERSONNE1.)\u00e0 compara\u00eetre \u00e0 l\u2019audience publique du2 mai2025 pour r\u00e9pondre des pr\u00e9ventions y renseign\u00e9es. Apr\u00e8s l\u2019appel de la cause \u00e0 l\u2019audience publique duvendredi,2 mai2025, lepr\u00e9sident constata l\u2019identit\u00e9du pr\u00e9venuPERSONNE1.)qui avait comparu en personne, etillui donna connaissance de l\u2019acte ayant saisi le tribunal.<\/p>\n<p>2 Lepr\u00e9venuPERSONNE1.)d\u00e9clara renoncer \u00e0 se faire assister d\u2019un avocat, et apr\u00e8s avoir \u00e9t\u00e9 averti de son droit de se taire etde son droitde ne pas s\u2019incriminer soi-m\u00eame,ilfut interrog\u00e9 et entendu en ses explications et moyens de d\u00e9fense. LeMinist\u00e8rePublic,repr\u00e9sent\u00e9 parJo\u00eblle DONVEN,attach\u00e9e de justice d\u00e9l\u00e9gu\u00e9e duProcureur d\u2019Etat,fut entendu ensonr\u00e9quisitoire. Lepr\u00e9venu se vit attribuer la parole en dernier. Le tribunal prit l\u2019affaire en d\u00e9lib\u00e9r\u00e9 et fixa le prononc\u00e9 du jugement \u00e0 l\u2019audience publique du vendredi,6 juin2025. A cette audience publique, le tribunal rendit le JUGEMENT qui suit: Vulesproc\u00e8s-verbauxnum\u00e9ros40609 du 7 juillet 2024,40671 et 40675 du27 juillet 2024, ainsi que le rapport num\u00e9ro31030-621du 23juillet 2024,dress\u00e9schaque foispar lecommissariat de policed\u2019Atert. Vu la citation \u00e0 pr\u00e9venu du26 mars2025(not.4239\/24\/XC). Le Parquet reproche \u00e0PERSONNE1.): \u00ab\u00e9tantconducteurd&#039;unquadricycle l\u00e9gersur la voie publique, le07\/07\/2024vers21.04heures\u00e0ADRESSE3.),sans pr\u00e9judicequant aux indicationsde temps et de lieux plusexactes, I.avoir circul\u00e9, m\u00eame en l\u2019absence de signes manifestes d\u2019ivresse, avec un taux d\u2019alcool d\u2019au moins0,55mg par litre d\u2019air expir\u00e9,en l\u2019esp\u00e8ce de1,24 mgparlitre d\u2019air expir\u00e9, II.d\u00e9faut deconduire de fa\u00e7on \u00e0 rester constamment ma\u00eetre de son v\u00e9hicule.\u00bb Les faits \u00e0 la base de la pr\u00e9sente affaire r\u00e9sultent \u00e0 suffisance des \u00e9l\u00e9ments du dossier soumis \u00e0 l\u2019appr\u00e9ciation de la chambre correctionnelle ainsi que de l\u2019instruction men\u00e9e \u00e0 l\u2019audience, notamment des constatations polici\u00e8resetdes explicationset aveuxdu pr\u00e9venu. PERSONNE1.)estpartantd\u00e9clar\u00e9convaincu: \u00e9tantconducteurd&#039;unquadricycle l\u00e9gersur la voie publique, le 7 juillet 2024 vers 21.04 heures,\u00e0ADRESSE3.),<\/p>\n<p>3 1) d\u2019avoir circul\u00e9, m\u00eame en l\u2019absence de signes manifestes d\u2019ivresse, avec un taux d\u2019alcool d\u2019au moins0,55mgpar litred\u2019air expir\u00e9, en l\u2019esp\u00e8ce, d\u2019avoir circul\u00e9 avec un taux d\u2019alcool de1,24mg par litre d\u2019air expir\u00e9. 2)de ne pasavoir conduit defa\u00e7on \u00e0 rester constamment ma\u00eetre de son v\u00e9hicule. Les infractions retenues \u00e0 chargedu pr\u00e9venuse trouvent en concours id\u00e9al entre elles, de sorte qu\u2019il y a lieu d\u2019appliquer les dispositions de l\u2019article 65 du Code p\u00e9nal qui dit que lorsque le m\u00eame fait constitue plusieurs infractions, la peine la plus forte sera seule prononc\u00e9e. Aux termes de l\u2019article 12 de la loi modifi\u00e9e du 14 f\u00e9vrier 1955 concernant la r\u00e9glementation de la circulation sur toutes les voies publiques, tout conducteur d\u2019un v\u00e9hicule qui a consomm\u00e9 des boissons alcooliques en quantit\u00e9 telle que le taux d\u2019alcool estd\u2019au moins 1,2 g d\u2019alcool par litre de sang ou d\u2019au moins 0,55 mg d\u2019alcool par litre d\u2019air expir\u00e9 sera condamn\u00e9 \u00e0 une peine d\u2019emprisonnement de huit jours \u00e0 trois ans et \u00e0 une amende de 500 \u00e0 10.000 euros ou \u00e0 une de ces peines seulement. Dans l\u2019appr\u00e9ciation du quantum de la peine \u00e0 prononcer \u00e0 l\u2019\u00e9garddu pr\u00e9venu, la chambre correctionnelle tient compte d\u2019une part de la gravit\u00e9 objective des faits retenus \u00e0 sa charge et d\u2019autre part de sa situation personnelle. Au vu des circonstances de l\u2019affaire et de la situation personnelledu pr\u00e9venu, le tribunal estime qu\u2019une peine d\u2019emprisonnement serait inad\u00e9quate car trop s\u00e9v\u00e8re, etild\u00e9cide de ne prononcer contre PERSONNE1.)qu\u2019une amended\u2019un montantde1.000euros. Aux termes de l\u2019article 13 de la loi modifi\u00e9e du 14 f\u00e9vrier 1955 concernant la r\u00e9glementation de la circulation sur toutes les voies publiques,le juge saisi d\u2019une ou de plusieurs infractions \u00e0 la r\u00e9glementation de la circulation sur toutes les voies publiques ou de d\u00e9lits ou de crimes qui se sont joints \u00e0 ces infractions, pourra prononcer une interdiction de conduire de huit jours \u00e0 un an enmati\u00e8re de contraventions et de trois mois \u00e0 quinze ans en mati\u00e8re de d\u00e9lits ou de crimes. L\u2019interdiction de conduire est cependant obligatoire en cas de circulation en \u00e9tat d\u2019ivresse d\u2019apr\u00e8s les dispositions du m\u00eame article13. Au vu des circonstances de l\u2019affaire, et notammentdutaux d\u2019alcool\u00e9lev\u00e9 pr\u00e9sent\u00e9 par lepr\u00e9venu, la chambre correctionnelle d\u00e9cide de prononcer contrePERSONNE1.)une interdiction de conduire de28mois.<\/p>\n<p>4 Au vudesant\u00e9c\u00e9dentsjudiciairessp\u00e9cifiquesdans le chefdu pr\u00e9venu, le tribunal d\u00e9cide de lui accorder le sursis \u00e0 l\u2019ex\u00e9cution de12mois de cette interdiction de conduire, et,dans le but de ne pas compromettre la situation professionnelle de l\u2019int\u00e9ress\u00e9, il d\u00e9cide d\u2019excepter pour la dur\u00e9e restante de 16 mois de cette interdiction de conduire 1) les trajets effectu\u00e9s par le pr\u00e9venu dans l\u2019int\u00e9r\u00eat prouv\u00e9 de sa profession, ainsique 2) le trajet d\u2019aller et de retour effectu\u00e9entrea) sa r\u00e9sidence principale, sa r\u00e9sidence secondaire pr\u00e9sentant un caract\u00e8re de stabilit\u00e9 ou tout autre lieu o\u00f9 il se rend de fa\u00e7on habituelle pour des motifs d\u2019ordre familialetb) le lieu du travail. L\u2019article 12 paragraphe 2 point 2 de la loi modifi\u00e9e du 14 f\u00e9vrier 1955 concernant la r\u00e9glementation de la circulation sur toutes les voies publiques dispose:La confiscation sp\u00e9ciale ou l\u2019amende subsidiaire pr\u00e9vue \u00e0 l\u2019article 14 de la pr\u00e9sente loi est toujours prononc\u00e9e, si le conducteur du v\u00e9hicule a commis de nouveau un des d\u00e9litssp\u00e9cifi\u00e9s au point 1 du pr\u00e9sent paragraphe et au point 1 du paragraphe 4bis avant l\u2019expiration d\u2019un d\u00e9lai de trois ans \u00e0 partir du jour o\u00f9 une pr\u00e9c\u00e9dente condamnation du chef d\u2019un de ces m\u00eames d\u00e9lits est devenue irr\u00e9vocable. PERSONNE1.)a \u00e9t\u00e9 condamn\u00e9 parlejugementnum\u00e9ro8\/2023rendu le 13 janvier2023par le tribunal correctionnel de Diekirch,pour conduite en \u00e9tat d\u2019ivresse. Lepr\u00e9venu se trouve d\u00e8s lors en \u00e9tat de r\u00e9cidive l\u00e9gale, de sorte que la confiscationdu v\u00e9hiculelui appartenant et conduit parluiau moment des faits, est obligatoire. Il y a partant lieu de prononcer la confiscation du v\u00e9hicule de la marque AIXAM, mod\u00e8le S8, immatricul\u00e9NUMERO1.), appartenant au pr\u00e9venu et ayant servi \u00e0 commettre l\u2019infraction retenue \u00e0 sa charge. Il n\u2019y a pas lieu de fixer une amende subsidiaire en cas de non-ex\u00e9cution de la confiscation, alors que la voiture en question est d\u00e9j\u00e0 sous la main de la justice depuis sa saisie suivant leproc\u00e8s-verbalnum\u00e9ro40671dress\u00e9 le 27juillet 224 par le commissariat de police d\u2019Atert. Parcesmotifs, le tribunal d\u2019arrondissement de et \u00e0 Diekirch, si\u00e9geant en mati\u00e8re correctionnelleet encomposition de juge unique, statuant contradictoirementet en premi\u00e8re instance, lepr\u00e9venuPERSONNE1.) entendu ensesexplications et moyens de d\u00e9fense,le repr\u00e9sentant du Minist\u00e8re Public entendu en son r\u00e9quisitoire,lepr\u00e9venuayant eu la parole en dernier, c o n d a m n ePERSONNE1.)du chef des infractions retenues \u00e0 sa charge \u00e0 une amende deMILLE(1.000) EUROS,ainsi qu\u2019aux frais de sa poursuite p\u00e9nale, ces frais \u00e9tant liquid\u00e9s \u00e0 la somme de483,02euros,<\/p>\n<p>5 f i x ela dur\u00e9e de la contrainte par corps en cas de non-paiement de l\u2019amende \u00e0DIX(10) JOURS, p r o n o n c econtrePERSONNE1.)une interdiction de conduire un v\u00e9hicule automoteur des cat\u00e9gories A, B, C, D, E et F sur toutes les voies publiques pour une dur\u00e9edeVINGT-HUIT(28) MOIS, d i tqu\u2019il seraSURSIS\u00e0 l\u2019ex\u00e9cutiondeDOUZE(12) MOISde cette interdiction de conduire, i n f o r m elepr\u00e9venu qu\u2019au cas o\u00f9, dans un d\u00e9lai de 5 ans \u00e0 dater du pr\u00e9sent jugement,iln\u2019aura commis une nouvelle infraction ayant entra\u00een\u00e9 la condamnation \u00e0 une interdiction de conduire un v\u00e9hicule sur la voie publique ou \u00e0 une peine privative de libert\u00e9 pour crimes ou d\u00e9lits pr\u00e9vus par la l\u00e9gislation sur la circulation sur les voies publiques ou sur la vente de substances m\u00e9dicamenteuses et la lutte contre la toxicomanie, l\u2019interdiction sera r\u00e9put\u00e9e non avenue, a v e r t i tlepr\u00e9venu que, dans le cas contraire, conform\u00e9ment \u00e0 l\u2019article 628 du Code de proc\u00e9dure p\u00e9nale, la premi\u00e8re peine sera d\u2019abord ex\u00e9cut\u00e9e sans qu\u2019elle ne puisse se confondre, le cas \u00e9ch\u00e9ant, avec la nouvelle interdiction de conduire, d \u00e9 c i d ed\u2019excepter de l\u2019interdiction de conduire restante de seize (16) mois1) les trajets effectu\u00e9s par le pr\u00e9venu dans l\u2019int\u00e9r\u00eat prouv\u00e9 de sa profession, ainsi que 2) le trajet d\u2019aller et de retour effectu\u00e9entrea) sa r\u00e9sidence principale, sa r\u00e9sidence secondaire pr\u00e9sentant un caract\u00e8re de stabilit\u00e9 ou tout autre lieu o\u00f9 il se rend de fa\u00e7on habituelle pour des motifs d\u2019ordre familialetb) le lieu du travail, o r d o n n ela confiscation du v\u00e9hicule de la marqueAIXAM, mod\u00e8le S8, immatricul\u00e9NUMERO1.), appartenantau pr\u00e9venu, d i tqu\u2019il n\u2019y a pas lieu de fixer une amende subsidiaire en cas de non- ex\u00e9cution de la confiscation, alors que la voiture en question est d\u00e9j\u00e0 sous la main de la justice. Par application des articles 12,13et 14de la loi modifi\u00e9e du 14 f\u00e9vrier 1955 concernant la r\u00e9glementation de la circulation sur toutes les voies publiques,del\u2019article140 de l\u2019arr\u00eat\u00e9 grand-ducal modifi\u00e9 du 23 novembre<\/p>\n<p>6 1955 portant r\u00e8glement de la circulation sur toutes les voies publiques,des articles 27, 28, 29, 30 et 65du Code p\u00e9nal, et des articles179, 182, 184, 185, 189, 190, 190-1, 194, 195,196, 628 et 628-1du Code de proc\u00e9dure p\u00e9nale. Ainsi fait, jug\u00e9 et prononc\u00e9 en audience publique le vendredi,6 juin2025, au Palais de Justice \u00e0 Diekirch parRobert WELTER, premiervice- pr\u00e9sident, assist\u00e9 du greffier assum\u00e9 Saban KALABIC, en pr\u00e9sencede Jo\u00eblle DONVEN, attach\u00e9e de justice d\u00e9l\u00e9gu\u00e9edu Procureur d\u2019Etat, qui,\u00e0 l\u2019exception du repr\u00e9sentant du Minist\u00e8re Public,ont sign\u00e9 le pr\u00e9sent jugement. Ce jugement est susceptible d\u2019appel. L\u2019appel doit \u00eatre interjet\u00e9 dans les formes et d\u00e9lais pr\u00e9vus aux articles199et suivants du Code de proc\u00e9dure p\u00e9nale et il doit \u00eatre form\u00e9 par le pr\u00e9venu ou son avocat, la partie civile ainsi que la partie civilement responsable ou leurs avocats respectifs dans les40 joursde ladate du prononc\u00e9 du pr\u00e9sent jugement, aupr\u00e8s du greffe du Tribunal d\u2019arrondissement de Diekirch, en se pr\u00e9sentant personnellementpour signer l\u2019acte d\u2019appel. L\u2019appel peut \u00e9galement \u00eatre interjet\u00e9, dans les40 joursde la date du prononc\u00e9 du pr\u00e9sent jugement par voie decourrier \u00e9lectronique\u00e0 adresser au guichet du greffe du Tribunal d\u2019arrondissement de Diekirch \u00e0 l\u2019adressetad.correctionnel.greffe@justice.etat.lu. Si le pr\u00e9venu estd\u00e9tenu,il peut d\u00e9clarer son appel au greffe du Centre p\u00e9nitentiaire.<\/p>\n<\/div>\n<hr class=\"kji-sep\" \/>\n<p class=\"kji-source-links\"><strong>Sources officielles :<\/strong> <a class=\"kji-source-link\" href=\"https:\/\/data.public.lu\/fr\/datasets\/tribunal-darrondissement-diekirch\/\" target=\"_blank\" rel=\"noopener noreferrer\">consulter la page source<\/a> &middot; <a class=\"kji-pdf-link\" href=\"https:\/\/download.data.public.lu\/resources\/tribunal-darrondissement-diekirch\/20251027-001744\/20250606-tadpenal-328-pseudonymise-accessible.pdf\" target=\"_blank\" rel=\"noopener noreferrer\">PDF officiel<\/a><\/p>\n<p class=\"kji-license-note\"><em>Licence CC BY-ND 4.0 (Administration judiciaire, data.public.lu). Republication autorisee avec attribution, sans modification editoriale du texte integral.<\/em><\/p>\n<\/div>\n","protected":false},"excerpt":{"rendered":"<p>No.328\/2025 Audience publique duvendredi,6 juin2025 (Not.4239\/24\/XC)\u2013SK Le tribunal d\u2019arrondissement de et \u00e0 Diekirch, si\u00e9geant en mati\u00e8re correctionnelle et en composition de juge unique, a rendu en son audience publique duvendredi,six juindeux millevingt-cinq, le jugement qui suit dans la cause E N T R E Monsieur\u2026<\/p>\n","protected":false},"featured_media":0,"template":"","meta":{"_crdt_document":""},"kji_country":[8418],"kji_court":[23583],"kji_chamber":[],"kji_year":[8463],"kji_subject":[7724],"kji_keyword":[23584,23621,23624,23622,7636],"kji_language":[7733],"class_list":["post-602292","kji_decision","type-kji_decision","status-publish","hentry","kji_country-luxembourg","kji_court-tribunal-darrondissement","kji_year-8463","kji_subject-civil","kji_keyword-arrondissement","kji_keyword-audience","kji_keyword-duvendredi","kji_keyword-publique","kji_keyword-tribunal","kji_language-francais"],"yoast_head":"<!-- This site is optimized with the Yoast SEO Premium plugin v27.4 (Yoast SEO v27.4) - https:\/\/yoast.com\/product\/yoast-seo-premium-wordpress\/ -->\n<title>Tribunal d&#039;arrondissement, 6 juin 2025 - Ma\u00eetre Hassan Kohen, avocat en droit p\u00e9nal \u00e0 Paris<\/title>\n<meta name=\"robots\" content=\"index, follow, max-snippet:-1, max-image-preview:large, max-video-preview:-1\" \/>\n<link rel=\"canonical\" href=\"https:\/\/kohenavocats.com\/ru\/jurisprudences\/tribunal-darrondissement-6-juin-2025-8\/\" \/>\n<meta property=\"og:locale\" content=\"ru_RU\" \/>\n<meta property=\"og:type\" content=\"article\" \/>\n<meta property=\"og:title\" content=\"Tribunal d&#039;arrondissement, 6 juin 2025\" \/>\n<meta property=\"og:description\" content=\"No.328\/2025 Audience publique duvendredi,6 juin2025 (Not.4239\/24\/XC)\u2013SK Le tribunal d\u2019arrondissement de et \u00e0 Diekirch, si\u00e9geant en mati\u00e8re correctionnelle et en composition de juge unique, a rendu en son audience publique duvendredi,six juindeux millevingt-cinq, le jugement qui suit dans la cause E N T R E Monsieur\u2026\" \/>\n<meta property=\"og:url\" content=\"https:\/\/kohenavocats.com\/ru\/jurisprudences\/tribunal-darrondissement-6-juin-2025-8\/\" \/>\n<meta property=\"og:site_name\" content=\"Ma\u00eetre Hassan Kohen, avocat en droit p\u00e9nal \u00e0 Paris\" \/>\n<meta property=\"article:modified_time\" content=\"2026-04-19T05:32:48+00:00\" \/>\n<meta name=\"twitter:card\" content=\"summary_large_image\" \/>\n<meta name=\"twitter:label1\" content=\"\u041f\u0440\u0438\u043c\u0435\u0440\u043d\u043e\u0435 \u0432\u0440\u0435\u043c\u044f \u0434\u043b\u044f \u0447\u0442\u0435\u043d\u0438\u044f\" \/>\n\t<meta name=\"twitter:data1\" content=\"10 \u043c\u0438\u043d\u0443\u0442\" \/>\n<script type=\"application\/ld+json\" class=\"yoast-schema-graph\">{\"@context\":\"https:\\\/\\\/schema.org\",\"@graph\":[{\"@type\":\"WebPage\",\"@id\":\"https:\\\/\\\/kohenavocats.com\\\/ru\\\/jurisprudences\\\/tribunal-darrondissement-6-juin-2025-8\\\/\",\"url\":\"https:\\\/\\\/kohenavocats.com\\\/ru\\\/jurisprudences\\\/tribunal-darrondissement-6-juin-2025-8\\\/\",\"name\":\"Tribunal d'arrondissement, 6 juin 2025 - Ma\u00eetre Hassan Kohen, avocat en droit p\u00e9nal \u00e0 Paris\",\"isPartOf\":{\"@id\":\"https:\\\/\\\/kohenavocats.com\\\/ru\\\/#website\"},\"datePublished\":\"2026-04-19T05:32:44+00:00\",\"dateModified\":\"2026-04-19T05:32:48+00:00\",\"breadcrumb\":{\"@id\":\"https:\\\/\\\/kohenavocats.com\\\/ru\\\/jurisprudences\\\/tribunal-darrondissement-6-juin-2025-8\\\/#breadcrumb\"},\"inLanguage\":\"ru-RU\",\"potentialAction\":[{\"@type\":\"ReadAction\",\"target\":[\"https:\\\/\\\/kohenavocats.com\\\/ru\\\/jurisprudences\\\/tribunal-darrondissement-6-juin-2025-8\\\/\"]}]},{\"@type\":\"BreadcrumbList\",\"@id\":\"https:\\\/\\\/kohenavocats.com\\\/ru\\\/jurisprudences\\\/tribunal-darrondissement-6-juin-2025-8\\\/#breadcrumb\",\"itemListElement\":[{\"@type\":\"ListItem\",\"position\":1,\"name\":\"Home\",\"item\":\"https:\\\/\\\/kohenavocats.com\\\/ru\\\/avocats-en-droit-penal-a-paris-conseil-et-defense-strategique\\\/\"},{\"@type\":\"ListItem\",\"position\":2,\"name\":\"Jurisprudences\",\"item\":\"https:\\\/\\\/kohenavocats.com\\\/ru\\\/jurisprudences\\\/\"},{\"@type\":\"ListItem\",\"position\":3,\"name\":\"Tribunal d&rsquo;arrondissement, 6 juin 2025\"}]},{\"@type\":\"WebSite\",\"@id\":\"https:\\\/\\\/kohenavocats.com\\\/ru\\\/#website\",\"url\":\"https:\\\/\\\/kohenavocats.com\\\/ru\\\/\",\"name\":\"Kohen Avocats\",\"description\":\"Ma\u00eetre Hassan Kohen, avocat p\u00e9naliste \u00e0 Paris, intervient exclusivement en droit p\u00e9nal pour la d\u00e9fense des particuliers, notamment en mati\u00e8re d\u2019accusations de viol. Il assure un accompagnement rigoureux d\u00e8s la garde \u00e0 vue jusqu\u2019\u00e0 la Cour d\u2019assises, veillant au strict respect des garanties proc\u00e9durales.\",\"publisher\":{\"@id\":\"https:\\\/\\\/kohenavocats.com\\\/ru\\\/#organization\"},\"potentialAction\":[{\"@type\":\"SearchAction\",\"target\":{\"@type\":\"EntryPoint\",\"urlTemplate\":\"https:\\\/\\\/kohenavocats.com\\\/ru\\\/?s={search_term_string}\"},\"query-input\":{\"@type\":\"PropertyValueSpecification\",\"valueRequired\":true,\"valueName\":\"search_term_string\"}}],\"inLanguage\":\"ru-RU\"},{\"@type\":\"Organization\",\"@id\":\"https:\\\/\\\/kohenavocats.com\\\/ru\\\/#organization\",\"name\":\"Kohen Avocats\",\"url\":\"https:\\\/\\\/kohenavocats.com\\\/ru\\\/\",\"logo\":{\"@type\":\"ImageObject\",\"inLanguage\":\"ru-RU\",\"@id\":\"https:\\\/\\\/kohenavocats.com\\\/ru\\\/#\\\/schema\\\/logo\\\/image\\\/\",\"url\":\"https:\\\/\\\/kohenavocats.com\\\/wp-content\\\/uploads\\\/2026\\\/01\\\/Logo-2-1.webp\",\"contentUrl\":\"https:\\\/\\\/kohenavocats.com\\\/wp-content\\\/uploads\\\/2026\\\/01\\\/Logo-2-1.webp\",\"width\":2114,\"height\":1253,\"caption\":\"Kohen Avocats\"},\"image\":{\"@id\":\"https:\\\/\\\/kohenavocats.com\\\/ru\\\/#\\\/schema\\\/logo\\\/image\\\/\"}}]}<\/script>\n<!-- \/ Yoast SEO Premium plugin. -->","yoast_head_json":{"title":"Tribunal d'arrondissement, 6 juin 2025 - Ma\u00eetre Hassan Kohen, avocat en droit p\u00e9nal \u00e0 Paris","robots":{"index":"index","follow":"follow","max-snippet":"max-snippet:-1","max-image-preview":"max-image-preview:large","max-video-preview":"max-video-preview:-1"},"canonical":"https:\/\/kohenavocats.com\/ru\/jurisprudences\/tribunal-darrondissement-6-juin-2025-8\/","og_locale":"ru_RU","og_type":"article","og_title":"Tribunal d'arrondissement, 6 juin 2025","og_description":"No.328\/2025 Audience publique duvendredi,6 juin2025 (Not.4239\/24\/XC)\u2013SK Le tribunal d\u2019arrondissement de et \u00e0 Diekirch, si\u00e9geant en mati\u00e8re correctionnelle et en composition de juge unique, a rendu en son audience publique duvendredi,six juindeux millevingt-cinq, le jugement qui suit dans la cause E N T R E Monsieur\u2026","og_url":"https:\/\/kohenavocats.com\/ru\/jurisprudences\/tribunal-darrondissement-6-juin-2025-8\/","og_site_name":"Ma\u00eetre Hassan Kohen, avocat en droit p\u00e9nal \u00e0 Paris","article_modified_time":"2026-04-19T05:32:48+00:00","twitter_card":"summary_large_image","twitter_misc":{"\u041f\u0440\u0438\u043c\u0435\u0440\u043d\u043e\u0435 \u0432\u0440\u0435\u043c\u044f \u0434\u043b\u044f \u0447\u0442\u0435\u043d\u0438\u044f":"10 \u043c\u0438\u043d\u0443\u0442"},"schema":{"@context":"https:\/\/schema.org","@graph":[{"@type":"WebPage","@id":"https:\/\/kohenavocats.com\/ru\/jurisprudences\/tribunal-darrondissement-6-juin-2025-8\/","url":"https:\/\/kohenavocats.com\/ru\/jurisprudences\/tribunal-darrondissement-6-juin-2025-8\/","name":"Tribunal d'arrondissement, 6 juin 2025 - Ma\u00eetre Hassan Kohen, avocat en droit p\u00e9nal \u00e0 Paris","isPartOf":{"@id":"https:\/\/kohenavocats.com\/ru\/#website"},"datePublished":"2026-04-19T05:32:44+00:00","dateModified":"2026-04-19T05:32:48+00:00","breadcrumb":{"@id":"https:\/\/kohenavocats.com\/ru\/jurisprudences\/tribunal-darrondissement-6-juin-2025-8\/#breadcrumb"},"inLanguage":"ru-RU","potentialAction":[{"@type":"ReadAction","target":["https:\/\/kohenavocats.com\/ru\/jurisprudences\/tribunal-darrondissement-6-juin-2025-8\/"]}]},{"@type":"BreadcrumbList","@id":"https:\/\/kohenavocats.com\/ru\/jurisprudences\/tribunal-darrondissement-6-juin-2025-8\/#breadcrumb","itemListElement":[{"@type":"ListItem","position":1,"name":"Home","item":"https:\/\/kohenavocats.com\/ru\/avocats-en-droit-penal-a-paris-conseil-et-defense-strategique\/"},{"@type":"ListItem","position":2,"name":"Jurisprudences","item":"https:\/\/kohenavocats.com\/ru\/jurisprudences\/"},{"@type":"ListItem","position":3,"name":"Tribunal d&rsquo;arrondissement, 6 juin 2025"}]},{"@type":"WebSite","@id":"https:\/\/kohenavocats.com\/ru\/#website","url":"https:\/\/kohenavocats.com\/ru\/","name":"Kohen Avocats","description":"Ma\u00eetre Hassan Kohen, avocat p\u00e9naliste \u00e0 Paris, intervient exclusivement en droit p\u00e9nal pour la d\u00e9fense des particuliers, notamment en mati\u00e8re d\u2019accusations de viol. Il assure un accompagnement rigoureux d\u00e8s la garde \u00e0 vue jusqu\u2019\u00e0 la Cour d\u2019assises, veillant au strict respect des garanties proc\u00e9durales.","publisher":{"@id":"https:\/\/kohenavocats.com\/ru\/#organization"},"potentialAction":[{"@type":"SearchAction","target":{"@type":"EntryPoint","urlTemplate":"https:\/\/kohenavocats.com\/ru\/?s={search_term_string}"},"query-input":{"@type":"PropertyValueSpecification","valueRequired":true,"valueName":"search_term_string"}}],"inLanguage":"ru-RU"},{"@type":"Organization","@id":"https:\/\/kohenavocats.com\/ru\/#organization","name":"Kohen Avocats","url":"https:\/\/kohenavocats.com\/ru\/","logo":{"@type":"ImageObject","inLanguage":"ru-RU","@id":"https:\/\/kohenavocats.com\/ru\/#\/schema\/logo\/image\/","url":"https:\/\/kohenavocats.com\/wp-content\/uploads\/2026\/01\/Logo-2-1.webp","contentUrl":"https:\/\/kohenavocats.com\/wp-content\/uploads\/2026\/01\/Logo-2-1.webp","width":2114,"height":1253,"caption":"Kohen Avocats"},"image":{"@id":"https:\/\/kohenavocats.com\/ru\/#\/schema\/logo\/image\/"}}]}},"jetpack_likes_enabled":false,"jetpack_sharing_enabled":true,"_links":{"self":[{"href":"https:\/\/kohenavocats.com\/ru\/wp-json\/wp\/v2\/kji_decision\/602292","targetHints":{"allow":["GET"]}}],"collection":[{"href":"https:\/\/kohenavocats.com\/ru\/wp-json\/wp\/v2\/kji_decision"}],"about":[{"href":"https:\/\/kohenavocats.com\/ru\/wp-json\/wp\/v2\/types\/kji_decision"}],"wp:attachment":[{"href":"https:\/\/kohenavocats.com\/ru\/wp-json\/wp\/v2\/media?parent=602292"}],"wp:term":[{"taxonomy":"kji_country","embeddable":true,"href":"https:\/\/kohenavocats.com\/ru\/wp-json\/wp\/v2\/kji_country?post=602292"},{"taxonomy":"kji_court","embeddable":true,"href":"https:\/\/kohenavocats.com\/ru\/wp-json\/wp\/v2\/kji_court?post=602292"},{"taxonomy":"kji_chamber","embeddable":true,"href":"https:\/\/kohenavocats.com\/ru\/wp-json\/wp\/v2\/kji_chamber?post=602292"},{"taxonomy":"kji_year","embeddable":true,"href":"https:\/\/kohenavocats.com\/ru\/wp-json\/wp\/v2\/kji_year?post=602292"},{"taxonomy":"kji_subject","embeddable":true,"href":"https:\/\/kohenavocats.com\/ru\/wp-json\/wp\/v2\/kji_subject?post=602292"},{"taxonomy":"kji_keyword","embeddable":true,"href":"https:\/\/kohenavocats.com\/ru\/wp-json\/wp\/v2\/kji_keyword?post=602292"},{"taxonomy":"kji_language","embeddable":true,"href":"https:\/\/kohenavocats.com\/ru\/wp-json\/wp\/v2\/kji_language?post=602292"}],"curies":[{"name":"wp","href":"https:\/\/api.w.org\/{rel}","templated":true}]}}