{"id":602463,"date":"2026-04-19T07:59:35","date_gmt":"2026-04-19T05:59:35","guid":{"rendered":"https:\/\/kohenavocats.com\/jurisprudences\/tribunal-darrondissement-21-janvier-2025-n-2024-01227\/"},"modified":"2026-04-19T07:59:38","modified_gmt":"2026-04-19T05:59:38","slug":"tribunal-darrondissement-21-janvier-2025-n-2024-01227","status":"publish","type":"kji_decision","link":"https:\/\/kohenavocats.com\/ru\/jurisprudences\/tribunal-darrondissement-21-janvier-2025-n-2024-01227\/","title":{"rendered":"Tribunal d&#8217;arrondissement, 21 janvier 2025, n\u00b0 2024-01227"},"content":{"rendered":"<div class=\"kji-decision\">\n<div class=\"kji-full-text\">\n<p>1 Jugement en mati\u00e8re Civile No. 2025TADCH01\/00014 Num\u00e9ro du r\u00f4le TAD-2024-01227 Audience publique du mardi,21 janvier 2025 Composition: Brigitte KONZ, Pr\u00e9sidente, Lexie BREUSKIN, 1 \u00e8re Vice-Pr\u00e9sidente, Gilles PETRY, Vice-Pr\u00e9sident, Cath\u00e9rine ZEIMEN, Greffi\u00e8re. E N T R E la soci\u00e9t\u00e9 anonymeSOCIETE1.)S.A.,\u00e9tablie et ayant son si\u00e8ge social \u00e0 L-ADRESSE1.), repr\u00e9sent\u00e9e par son conseil d\u2019administrationactuellement en fonctions, inscrite au Registre de Commerce et des Soci\u00e9t\u00e9s de Luxembourg sous le num\u00e9roNUMERO1.); partie demanderesseaux termes d\u2019un exploit de l\u2019huissier de justicePatrick MULLERde Diekirch du30 septembre 2024; comparant parMa\u00eetre Gilbert REUTER, avocat \u00e0 la Cour, demeurant \u00e0 Diekirch, assist\u00e9 de Ma\u00eetre Mathias PONCIN, avocat \u00e0 la Cour, demeurant \u00e0 Luxembourg; E T PERSONNE1.), n\u00e9 leDATE1.)\u00e0ADRESSE2.)(PT), sans \u00e9tat connu, demeurant \u00e0 L- ADRESSE3.); partie d\u00e9fenderesseaux fins du pr\u00e9dit exploitMULLER; laissantd\u00e9faut. L E T R I B U N A L:<\/p>\n<p>2 Par exploit d\u2019huissier de justice du30 septembre2024,la soci\u00e9t\u00e9 anonymeSOCIETE1.) S.A.afait donner assignation \u00e0PERSONNE1.)\u00e0 compara\u00eetre devant le tribunal d\u2019arrondissement de ce si\u00e8ge aux fins des\u2019entendre: \u00abd\u00e9clarer la pr\u00e9sente recevable en la pure forme ; au fond, d\u00e9clarer fond\u00e9e et justifi\u00e9e ; prise en sa qualit\u00e9 de caution des engagements pris par la soci\u00e9t\u00e9SOCIETE2.)SARL en faillite, condamner \u00e0 payer \u00e0 la partie requ\u00e9rante du chef des causes sus \u00e9nonc\u00e9es le montant total de 17.180,43 \u20ac, ce montant sous r\u00e9serve d&#039;augmentation et\u00e0 majorer des int\u00e9r\u00eats l\u00e9gaux de retard depuis la pr\u00e9sente assignation en justice jusqu&#039;\u00e0 solde; condamner \u00e0 tous les frais et d\u00e9pens de l&#039;instance ; condamner en vertu de l&#039;article 240 du Nouveau Code de Proc\u00e9dure Civile, \u00e0 payer \u00e0 la partie requ\u00e9rante, le montant de 2.000 \u20ac pour les frais d&#039;avocat, frais de d\u00e9placement et faux frais qu&#039;elle a \u00e9t\u00e9 oblig\u00e9e d&#039;exposer pour recouvrer son d\u00fb alors qu&#039;il serait injuste de laisser ceux- ci \u00e0 sa seule charge au vu que l&#039;attitude intransigeante des parties assign\u00e9es est la cause principale, voir exclusive du pr\u00e9sent litige ; r\u00e9server tous autres droits, dus, moyens et actions;\u00bb La partied\u00e9fenderesse n\u2019a pas constitu\u00e9 avocatpar application de l\u2019article 79 alin\u00e9a 1 du nouveauCode de proc\u00e9dure civile, il y a lieu de statuer par d\u00e9faut \u00e0 son \u00e9gard, l\u2019acte introductif d\u2019instance n\u2019ayant pas \u00e9t\u00e9 d\u00e9livr\u00e9 \u00e0 personne. La demande a \u00e9t\u00e9 par ailleurs introduite dans les forme et d\u00e9lai de la loi, de sorte qu\u2019elle est recevable. A l\u2019appui de sa demande encondamnation,la soci\u00e9t\u00e9 anonymeSOCIETE1.)S.A.exposeque PERSONNE1.),en sa qualit\u00e9 d\u2019associ\u00e9 unique et de g\u00e9rant de la soci\u00e9t\u00e9SOCIETE2.)SARL, d\u00e9clar\u00e9e en faillite par jugement rendu en date du1 er mars 2024par le Tribunal d\u2019Arrondissement de Diekirch, auraitconclu 8 contrats de leasing pour desv\u00e9hiculeset mat\u00e9rielde construction ainsi qu\u2019en m\u00eame temps 8 contrats de cautionnements sign\u00e9s le m\u00eame jour. En raison des montants non rembours\u00e9spar la soci\u00e9t\u00e9SOCIETE2.)SARLsuite \u00e0la conclusion des 8 contrats de leasingsus-indiqu\u00e9s,lasoci\u00e9t\u00e9 anonymeSOCIETE1.)S.A. aurait,suivant courrier du 5 mars 2024 adress\u00e9 \u00e9galement \u00e0PERSONNE1.)en nom personnel,d\u00e9nonc\u00e9 avec effets imm\u00e9diats les contrats en question et auraitmis en demeure la soci\u00e9t\u00e9 de restituer le mat\u00e9riel lou\u00e9 et de r\u00e9gler les indemnit\u00e9s de rupture pour les 8contrats de leasing pour un total de220.822,54 \u20ac. Apr\u00e8s la faillite elle auraitr\u00e9cup\u00e9r\u00e9 le mat\u00e9riel pris en location, auraitproc\u00e9d\u00e9 \u00e0 leur vente de sorte qu\u2019il resterait un solde de 17.180,43 \u20ac accept\u00e9 par le curateur dans un courriel du 20 septembre 2024o\u00f9il l\u2019auraitinform\u00e9 que sa cr\u00e9ance a \u00e9t\u00e9 admise au passif chirographairesur base dud\u00e9compte contenudans l\u2019assignationpour un montant de 17.180,43 \u20ac, montant auquel elle demande la condamnation de la partie adverse.<\/p>\n<p>3 Appr\u00e9ciation Le tribunal constate que les pi\u00e8ces vers\u00e9es constituent un m\u00e9lange des contrats et cautionnementssign\u00e9es parPERSONNE1.)en sa qualit\u00e9 d\u2019associ\u00e9 unique et de g\u00e9rant de la soci\u00e9t\u00e9SOCIETE3.)SARL,ainsi queparPERSONNE1.)en sa qualit\u00e9 d\u2019associ\u00e9 unique et de g\u00e9rant de la soci\u00e9t\u00e9SOCIETE2.)SARL, d\u00e9clar\u00e9e en faillite par jugement rendu en date du1 er mars 2024. Les conventions l\u00e9galement form\u00e9es tenant lieu de loi \u00e0 ceux qui les ont faites, la demande de la soci\u00e9t\u00e9 anonymeSOCIETE1.)S.A.est d\u00e8s lors fond\u00e9e etil y a encore lieu d\u2019y faire droit. Letribunalsaisi de la requ\u00eateconstate queles pi\u00e8ces ne permettentpas d\u2019\u00e9tablir quel montant est effectivement d\u00fb en vertu des contrats sign\u00e9sparPERSONNE1.)en sa qualit\u00e9 d\u2019associ\u00e9 unique et de g\u00e9rant de la soci\u00e9t\u00e9SOCIETE2.)SARL, d\u00e9clar\u00e9e en faillite par jugement rendu en date du1 er mars 2024,\u00e0 la base de la demande suivantles termes del\u2019assignation et ceux contract\u00e9s parPERSONNE1.)en la m\u00eame qualit\u00e9 pour une soci\u00e9t\u00e9SOCIETE3.)SARL figurant \u00e9galement dans la farde de pi\u00e8ce. Le contrat figurant sous le chiffre5de la fardede pi\u00e8cesa \u00e9t\u00e9sign\u00e9 parPERSONNE1.)en sa qualit\u00e9 d\u2019associ\u00e9 unique et de g\u00e9rant de la soci\u00e9t\u00e9SOCIETE3.)SARL, etles courriers ont \u00e9t\u00e9 adress\u00e9s\u00e0PERSONNE1.)\u00e0 titre de caution et en sa qualit\u00e9 d\u2019associ\u00e9 unique et de g\u00e9rant de la soci\u00e9t\u00e9SOCIETE2.)SARL. Le contrat figurant sous lechiffre6est en rapportavec la demande contrePERSONNE1.)et l\u2019a cautionn\u00e9 pour un montant de 121.500\u20acconcernant une grue Liebherr fourniepar une soci\u00e9t\u00e9SOCIETE4.)avec un solde \u00e0 payer de0,00 \u20ac. Le contrat figurant sous le chiffre7est en rapport avec la demande contrePERSONNE1.)et l\u2019a cautionn\u00e9 pour un montant de 30.808,63\u20acconcernant une BMW fourniepar une soci\u00e9t\u00e9 SOCIETE5.)avec un solde \u00e0 payerde5.389,45\u20ac. Le contrat figurant sous le chiffre8est en rapport avec la demande contrePERSONNE1.)et qu\u2019il a cautionn\u00e9 pour un montant de 30.808,63\u20acconcernant une BMW fourniepar une soci\u00e9t\u00e9 SOCIETE5.)avec un solde \u00e0 payerde7.634,30\u20ac. Comme tant la soci\u00e9t\u00e9 anonymeSOCIETE1.)S.A que son mandataire ont fait l\u2019amalgame entre les soci\u00e9t\u00e9sSOCIETE3.)SARL et la soci\u00e9t\u00e9SOCIETE2.)SARL,en faillite,ainsi qu\u2019entre les contrats conclus parPERSONNE1.)\u00e0 titrepersonnelde caution pour ces deux soci\u00e9t\u00e9s et que la demande concerne un montant total de17.180,43 \u20acetquecependantsuivant attestation (pi\u00e8ce 13)seulsles soldes de5.389,45\u20ac(7)etde7.634,30\u20ac(8)sont en rapport avec la soci\u00e9t\u00e9SOCIETE2.)SARL,en faillite,etles contrats conclus parPERSONNE1.)\u00e0 titre personnel de caution pour cette soci\u00e9t\u00e9,de sorte que la demande est fond\u00e9e pour cesdeux montantset \u00e0 rejeter pour le surplus. La demande dela soci\u00e9t\u00e9 anonymeSOCIETE1.)S.A.\u00e9tant justifi\u00e9e par les pi\u00e8ces vers\u00e9es au dossier, il y a lieu de condamnerPERSONNE1.)\u00e0 payer \u00e0 la requ\u00e9rante lemontantde 13.023,75\u20acr\u00e9clam\u00e9, avec les int\u00e9r\u00eatsl\u00e9gauxde retard depuisl\u2019assignation en justice jusqu&#039;\u00e0 solde. Le tribunal dispose des \u00e9l\u00e9ments d\u2019appr\u00e9ciation suffisants pour fixer l\u2019indemnit\u00e9 de proc\u00e9dure revenant \u00e0 la requ\u00e9rante au montant de250euros.<\/p>\n<p>4 P A R C E S M O T I F S Le Tribunal d\u2019arrondissement de Diekirch, si\u00e9geant en mati\u00e8re civileet enpremi\u00e8re instance, statuant par d\u00e9faut \u00e0 l\u2019encontre dePERSONNE1.), re\u00e7oitla demande en la forme, laditfond\u00e9epour le montant de13.023,75\u20acet rejette pour le surplus; condamnePERSONNE1.)\u00e0 payer \u00e0la soci\u00e9t\u00e9 anonymeSOCIETE1.)S.A.le montantde 13.023,75\u20ac(treize mille vingt-trois euros et soixante-quinze cents), avecles int\u00e9r\u00eats l\u00e9gaux de retard depuis l\u2019assignation en justice jusqu&#039;\u00e0 solde; condamnePERSONNE1.)\u00e0 payer\u00e0 la soci\u00e9t\u00e9 anonymeSOCIETE1.)S.A.une indemnit\u00e9 de proc\u00e9dure de250\u20ac(deux cent cinquante euros); condamnePERSONNE1.)auxfrais et d\u00e9pens de l\u2019instance. Ainsi prononc\u00e9 en audience publique au Palais de Justice \u00e0 Diekirch par Nous, Brigitte KONZ, Pr\u00e9sidente du Tribunal d\u2019Arrondissement, assist\u00e9ede la greffi\u00e8re Cath\u00e9rine ZEIMEN. LaGreffi\u00e8re La Pr\u00e9sidente du Tribunal Cath\u00e9rine ZEIMEN Brigitte KONZ<\/p>\n<\/div>\n<hr class=\"kji-sep\" \/>\n<p class=\"kji-source-links\"><strong>Sources officielles :<\/strong> <a class=\"kji-source-link\" href=\"https:\/\/data.public.lu\/fr\/datasets\/tribunal-darrondissement-diekirch\/\" target=\"_blank\" rel=\"noopener noreferrer\">consulter la page source<\/a> &middot; <a class=\"kji-pdf-link\" href=\"https:\/\/download.data.public.lu\/resources\/tribunal-darrondissement-diekirch\/20251027-001635\/20250121-tadciv-tad-2024-01227-pseudonymise-accessible.pdf\" target=\"_blank\" rel=\"noopener noreferrer\">PDF officiel<\/a><\/p>\n<p class=\"kji-license-note\"><em>Licence CC BY-ND 4.0 (Administration judiciaire, data.public.lu). Republication autorisee avec attribution, sans modification editoriale du texte integral.<\/em><\/p>\n<\/div>\n","protected":false},"excerpt":{"rendered":"<p>1 Jugement en mati\u00e8re Civile No. 2025TADCH01\/00014 Num\u00e9ro du r\u00f4le TAD-2024-01227 Audience publique du mardi,21 janvier 2025 Composition: Brigitte KONZ, Pr\u00e9sidente, Lexie BREUSKIN, 1 \u00e8re Vice-Pr\u00e9sidente, Gilles PETRY, Vice-Pr\u00e9sident, Cath\u00e9rine ZEIMEN, Greffi\u00e8re. E N T R E la soci\u00e9t\u00e9 anonymeSOCIETE1.)S.A.,\u00e9tablie et ayant son si\u00e8ge social\u2026<\/p>\n","protected":false},"featured_media":0,"template":"","meta":{"_crdt_document":""},"kji_country":[8418],"kji_court":[23583],"kji_chamber":[],"kji_year":[8463],"kji_subject":[7724],"kji_keyword":[23584,8460,7636],"kji_language":[7733],"class_list":["post-602463","kji_decision","type-kji_decision","status-publish","hentry","kji_country-luxembourg","kji_court-tribunal-darrondissement","kji_year-8463","kji_subject-civil","kji_keyword-arrondissement","kji_keyword-janvier","kji_keyword-tribunal","kji_language-francais"],"yoast_head":"<!-- This site is optimized with the Yoast SEO Premium plugin v27.4 (Yoast SEO v27.4) - https:\/\/yoast.com\/product\/yoast-seo-premium-wordpress\/ -->\n<title>Tribunal d&#039;arrondissement, 21 janvier 2025, n\u00b0 2024-01227 - Ma\u00eetre Hassan Kohen, avocat en droit p\u00e9nal \u00e0 Paris<\/title>\n<meta name=\"robots\" content=\"index, follow, max-snippet:-1, max-image-preview:large, max-video-preview:-1\" \/>\n<link rel=\"canonical\" href=\"https:\/\/kohenavocats.com\/ru\/jurisprudences\/tribunal-darrondissement-21-janvier-2025-n-2024-01227\/\" \/>\n<meta property=\"og:locale\" content=\"ru_RU\" \/>\n<meta property=\"og:type\" content=\"article\" \/>\n<meta property=\"og:title\" content=\"Tribunal d&#039;arrondissement, 21 janvier 2025, n\u00b0 2024-01227\" \/>\n<meta property=\"og:description\" content=\"1 Jugement en mati\u00e8re Civile No. 2025TADCH01\/00014 Num\u00e9ro du r\u00f4le TAD-2024-01227 Audience publique du mardi,21 janvier 2025 Composition: Brigitte KONZ, Pr\u00e9sidente, Lexie BREUSKIN, 1 \u00e8re Vice-Pr\u00e9sidente, Gilles PETRY, Vice-Pr\u00e9sident, Cath\u00e9rine ZEIMEN, Greffi\u00e8re. E N T R E la soci\u00e9t\u00e9 anonymeSOCIETE1.)S.A.,\u00e9tablie et ayant son si\u00e8ge social\u2026\" \/>\n<meta property=\"og:url\" content=\"https:\/\/kohenavocats.com\/ru\/jurisprudences\/tribunal-darrondissement-21-janvier-2025-n-2024-01227\/\" \/>\n<meta property=\"og:site_name\" content=\"Ma\u00eetre Hassan Kohen, avocat en droit p\u00e9nal \u00e0 Paris\" \/>\n<meta property=\"article:modified_time\" content=\"2026-04-19T05:59:38+00:00\" \/>\n<meta name=\"twitter:card\" content=\"summary_large_image\" \/>\n<meta name=\"twitter:label1\" content=\"\u041f\u0440\u0438\u043c\u0435\u0440\u043d\u043e\u0435 \u0432\u0440\u0435\u043c\u044f \u0434\u043b\u044f \u0447\u0442\u0435\u043d\u0438\u044f\" \/>\n\t<meta name=\"twitter:data1\" content=\"7 \u043c\u0438\u043d\u0443\u0442\" \/>\n<script type=\"application\/ld+json\" class=\"yoast-schema-graph\">{\"@context\":\"https:\\\/\\\/schema.org\",\"@graph\":[{\"@type\":\"WebPage\",\"@id\":\"https:\\\/\\\/kohenavocats.com\\\/ru\\\/jurisprudences\\\/tribunal-darrondissement-21-janvier-2025-n-2024-01227\\\/\",\"url\":\"https:\\\/\\\/kohenavocats.com\\\/ru\\\/jurisprudences\\\/tribunal-darrondissement-21-janvier-2025-n-2024-01227\\\/\",\"name\":\"Tribunal d'arrondissement, 21 janvier 2025, n\u00b0 2024-01227 - Ma\u00eetre Hassan Kohen, avocat en droit p\u00e9nal \u00e0 Paris\",\"isPartOf\":{\"@id\":\"https:\\\/\\\/kohenavocats.com\\\/ru\\\/#website\"},\"datePublished\":\"2026-04-19T05:59:35+00:00\",\"dateModified\":\"2026-04-19T05:59:38+00:00\",\"breadcrumb\":{\"@id\":\"https:\\\/\\\/kohenavocats.com\\\/ru\\\/jurisprudences\\\/tribunal-darrondissement-21-janvier-2025-n-2024-01227\\\/#breadcrumb\"},\"inLanguage\":\"ru-RU\",\"potentialAction\":[{\"@type\":\"ReadAction\",\"target\":[\"https:\\\/\\\/kohenavocats.com\\\/ru\\\/jurisprudences\\\/tribunal-darrondissement-21-janvier-2025-n-2024-01227\\\/\"]}]},{\"@type\":\"BreadcrumbList\",\"@id\":\"https:\\\/\\\/kohenavocats.com\\\/ru\\\/jurisprudences\\\/tribunal-darrondissement-21-janvier-2025-n-2024-01227\\\/#breadcrumb\",\"itemListElement\":[{\"@type\":\"ListItem\",\"position\":1,\"name\":\"Home\",\"item\":\"https:\\\/\\\/kohenavocats.com\\\/ru\\\/avocats-en-droit-penal-a-paris-conseil-et-defense-strategique\\\/\"},{\"@type\":\"ListItem\",\"position\":2,\"name\":\"Jurisprudences\",\"item\":\"https:\\\/\\\/kohenavocats.com\\\/ru\\\/jurisprudences\\\/\"},{\"@type\":\"ListItem\",\"position\":3,\"name\":\"Tribunal d&rsquo;arrondissement, 21 janvier 2025, n\u00b0 2024-01227\"}]},{\"@type\":\"WebSite\",\"@id\":\"https:\\\/\\\/kohenavocats.com\\\/ru\\\/#website\",\"url\":\"https:\\\/\\\/kohenavocats.com\\\/ru\\\/\",\"name\":\"Kohen Avocats\",\"description\":\"Ma\u00eetre Hassan Kohen, avocat p\u00e9naliste \u00e0 Paris, intervient exclusivement en droit p\u00e9nal pour la d\u00e9fense des particuliers, notamment en mati\u00e8re d\u2019accusations de viol. Il assure un accompagnement rigoureux d\u00e8s la garde \u00e0 vue jusqu\u2019\u00e0 la Cour d\u2019assises, veillant au strict respect des garanties proc\u00e9durales.\",\"publisher\":{\"@id\":\"https:\\\/\\\/kohenavocats.com\\\/ru\\\/#organization\"},\"potentialAction\":[{\"@type\":\"SearchAction\",\"target\":{\"@type\":\"EntryPoint\",\"urlTemplate\":\"https:\\\/\\\/kohenavocats.com\\\/ru\\\/?s={search_term_string}\"},\"query-input\":{\"@type\":\"PropertyValueSpecification\",\"valueRequired\":true,\"valueName\":\"search_term_string\"}}],\"inLanguage\":\"ru-RU\"},{\"@type\":\"Organization\",\"@id\":\"https:\\\/\\\/kohenavocats.com\\\/ru\\\/#organization\",\"name\":\"Kohen Avocats\",\"url\":\"https:\\\/\\\/kohenavocats.com\\\/ru\\\/\",\"logo\":{\"@type\":\"ImageObject\",\"inLanguage\":\"ru-RU\",\"@id\":\"https:\\\/\\\/kohenavocats.com\\\/ru\\\/#\\\/schema\\\/logo\\\/image\\\/\",\"url\":\"https:\\\/\\\/kohenavocats.com\\\/wp-content\\\/uploads\\\/2026\\\/01\\\/Logo-2-1.webp\",\"contentUrl\":\"https:\\\/\\\/kohenavocats.com\\\/wp-content\\\/uploads\\\/2026\\\/01\\\/Logo-2-1.webp\",\"width\":2114,\"height\":1253,\"caption\":\"Kohen Avocats\"},\"image\":{\"@id\":\"https:\\\/\\\/kohenavocats.com\\\/ru\\\/#\\\/schema\\\/logo\\\/image\\\/\"}}]}<\/script>\n<!-- \/ Yoast SEO Premium plugin. -->","yoast_head_json":{"title":"Tribunal d'arrondissement, 21 janvier 2025, n\u00b0 2024-01227 - Ma\u00eetre Hassan Kohen, avocat en droit p\u00e9nal \u00e0 Paris","robots":{"index":"index","follow":"follow","max-snippet":"max-snippet:-1","max-image-preview":"max-image-preview:large","max-video-preview":"max-video-preview:-1"},"canonical":"https:\/\/kohenavocats.com\/ru\/jurisprudences\/tribunal-darrondissement-21-janvier-2025-n-2024-01227\/","og_locale":"ru_RU","og_type":"article","og_title":"Tribunal d'arrondissement, 21 janvier 2025, n\u00b0 2024-01227","og_description":"1 Jugement en mati\u00e8re Civile No. 2025TADCH01\/00014 Num\u00e9ro du r\u00f4le TAD-2024-01227 Audience publique du mardi,21 janvier 2025 Composition: Brigitte KONZ, Pr\u00e9sidente, Lexie BREUSKIN, 1 \u00e8re Vice-Pr\u00e9sidente, Gilles PETRY, Vice-Pr\u00e9sident, Cath\u00e9rine ZEIMEN, Greffi\u00e8re. E N T R E la soci\u00e9t\u00e9 anonymeSOCIETE1.)S.A.,\u00e9tablie et ayant son si\u00e8ge social\u2026","og_url":"https:\/\/kohenavocats.com\/ru\/jurisprudences\/tribunal-darrondissement-21-janvier-2025-n-2024-01227\/","og_site_name":"Ma\u00eetre Hassan Kohen, avocat en droit p\u00e9nal \u00e0 Paris","article_modified_time":"2026-04-19T05:59:38+00:00","twitter_card":"summary_large_image","twitter_misc":{"\u041f\u0440\u0438\u043c\u0435\u0440\u043d\u043e\u0435 \u0432\u0440\u0435\u043c\u044f \u0434\u043b\u044f \u0447\u0442\u0435\u043d\u0438\u044f":"7 \u043c\u0438\u043d\u0443\u0442"},"schema":{"@context":"https:\/\/schema.org","@graph":[{"@type":"WebPage","@id":"https:\/\/kohenavocats.com\/ru\/jurisprudences\/tribunal-darrondissement-21-janvier-2025-n-2024-01227\/","url":"https:\/\/kohenavocats.com\/ru\/jurisprudences\/tribunal-darrondissement-21-janvier-2025-n-2024-01227\/","name":"Tribunal d'arrondissement, 21 janvier 2025, n\u00b0 2024-01227 - Ma\u00eetre Hassan Kohen, avocat en droit p\u00e9nal \u00e0 Paris","isPartOf":{"@id":"https:\/\/kohenavocats.com\/ru\/#website"},"datePublished":"2026-04-19T05:59:35+00:00","dateModified":"2026-04-19T05:59:38+00:00","breadcrumb":{"@id":"https:\/\/kohenavocats.com\/ru\/jurisprudences\/tribunal-darrondissement-21-janvier-2025-n-2024-01227\/#breadcrumb"},"inLanguage":"ru-RU","potentialAction":[{"@type":"ReadAction","target":["https:\/\/kohenavocats.com\/ru\/jurisprudences\/tribunal-darrondissement-21-janvier-2025-n-2024-01227\/"]}]},{"@type":"BreadcrumbList","@id":"https:\/\/kohenavocats.com\/ru\/jurisprudences\/tribunal-darrondissement-21-janvier-2025-n-2024-01227\/#breadcrumb","itemListElement":[{"@type":"ListItem","position":1,"name":"Home","item":"https:\/\/kohenavocats.com\/ru\/avocats-en-droit-penal-a-paris-conseil-et-defense-strategique\/"},{"@type":"ListItem","position":2,"name":"Jurisprudences","item":"https:\/\/kohenavocats.com\/ru\/jurisprudences\/"},{"@type":"ListItem","position":3,"name":"Tribunal d&rsquo;arrondissement, 21 janvier 2025, n\u00b0 2024-01227"}]},{"@type":"WebSite","@id":"https:\/\/kohenavocats.com\/ru\/#website","url":"https:\/\/kohenavocats.com\/ru\/","name":"Kohen Avocats","description":"Ma\u00eetre Hassan Kohen, avocat p\u00e9naliste \u00e0 Paris, intervient exclusivement en droit p\u00e9nal pour la d\u00e9fense des particuliers, notamment en mati\u00e8re d\u2019accusations de viol. Il assure un accompagnement rigoureux d\u00e8s la garde \u00e0 vue jusqu\u2019\u00e0 la Cour d\u2019assises, veillant au strict respect des garanties proc\u00e9durales.","publisher":{"@id":"https:\/\/kohenavocats.com\/ru\/#organization"},"potentialAction":[{"@type":"SearchAction","target":{"@type":"EntryPoint","urlTemplate":"https:\/\/kohenavocats.com\/ru\/?s={search_term_string}"},"query-input":{"@type":"PropertyValueSpecification","valueRequired":true,"valueName":"search_term_string"}}],"inLanguage":"ru-RU"},{"@type":"Organization","@id":"https:\/\/kohenavocats.com\/ru\/#organization","name":"Kohen Avocats","url":"https:\/\/kohenavocats.com\/ru\/","logo":{"@type":"ImageObject","inLanguage":"ru-RU","@id":"https:\/\/kohenavocats.com\/ru\/#\/schema\/logo\/image\/","url":"https:\/\/kohenavocats.com\/wp-content\/uploads\/2026\/01\/Logo-2-1.webp","contentUrl":"https:\/\/kohenavocats.com\/wp-content\/uploads\/2026\/01\/Logo-2-1.webp","width":2114,"height":1253,"caption":"Kohen Avocats"},"image":{"@id":"https:\/\/kohenavocats.com\/ru\/#\/schema\/logo\/image\/"}}]}},"jetpack_likes_enabled":false,"jetpack_sharing_enabled":true,"_links":{"self":[{"href":"https:\/\/kohenavocats.com\/ru\/wp-json\/wp\/v2\/kji_decision\/602463","targetHints":{"allow":["GET"]}}],"collection":[{"href":"https:\/\/kohenavocats.com\/ru\/wp-json\/wp\/v2\/kji_decision"}],"about":[{"href":"https:\/\/kohenavocats.com\/ru\/wp-json\/wp\/v2\/types\/kji_decision"}],"wp:attachment":[{"href":"https:\/\/kohenavocats.com\/ru\/wp-json\/wp\/v2\/media?parent=602463"}],"wp:term":[{"taxonomy":"kji_country","embeddable":true,"href":"https:\/\/kohenavocats.com\/ru\/wp-json\/wp\/v2\/kji_country?post=602463"},{"taxonomy":"kji_court","embeddable":true,"href":"https:\/\/kohenavocats.com\/ru\/wp-json\/wp\/v2\/kji_court?post=602463"},{"taxonomy":"kji_chamber","embeddable":true,"href":"https:\/\/kohenavocats.com\/ru\/wp-json\/wp\/v2\/kji_chamber?post=602463"},{"taxonomy":"kji_year","embeddable":true,"href":"https:\/\/kohenavocats.com\/ru\/wp-json\/wp\/v2\/kji_year?post=602463"},{"taxonomy":"kji_subject","embeddable":true,"href":"https:\/\/kohenavocats.com\/ru\/wp-json\/wp\/v2\/kji_subject?post=602463"},{"taxonomy":"kji_keyword","embeddable":true,"href":"https:\/\/kohenavocats.com\/ru\/wp-json\/wp\/v2\/kji_keyword?post=602463"},{"taxonomy":"kji_language","embeddable":true,"href":"https:\/\/kohenavocats.com\/ru\/wp-json\/wp\/v2\/kji_language?post=602463"}],"curies":[{"name":"wp","href":"https:\/\/api.w.org\/{rel}","templated":true}]}}