{"id":602551,"date":"2026-04-19T08:03:45","date_gmt":"2026-04-19T06:03:45","guid":{"rendered":"https:\/\/kohenavocats.com\/jurisprudences\/cour-superieure-de-justice-22-fevrier-2024-n-2022-00609\/"},"modified":"2026-04-19T08:03:48","modified_gmt":"2026-04-19T06:03:48","slug":"cour-superieure-de-justice-22-fevrier-2024-n-2022-00609","status":"publish","type":"kji_decision","link":"https:\/\/kohenavocats.com\/ru\/jurisprudences\/cour-superieure-de-justice-22-fevrier-2024-n-2022-00609\/","title":{"rendered":"Cour sup\u00e9rieure de justice, 22 f\u00e9vrier 2024, n\u00b0 2022-00609"},"content":{"rendered":"<div class=\"kji-decision\">\n<div class=\"kji-full-text\">\n<p>Arr\u00eat N\u00b029\/24-III\u2013COM Arr\u00eat commercial Audience publique duvingt-deux f\u00e9vrierdeux mille vingt-quatre Num\u00e9roCAL-2022-00609du r\u00f4le Composition: Alain THORN, pr\u00e9sident de chambre, Anne-Fran\u00e7oise GREMLING,premierconseiller, MarcWAGNER, conseiller, Isabelle HIPPERT, greffier. E n t r e: la soci\u00e9t\u00e9par actions simplifi\u00e9e de droit fran\u00e7aisSOCIETE1.) (B.E.C.M.), anciennement d\u00e9nomm\u00e9eSOCIETE3.),\u00e9tablie et ayant son si\u00e8ge social \u00e0F-ADRESSE1.), inscrite au registre de commerceet des soci\u00e9t\u00e9s deStrasbourgsous le num\u00e9roNUMERO1.), repr\u00e9sent\u00e9e par son Pr\u00e9sidentactuellement en fonctions, appelanteaux termes d\u2019un exploit de l\u2019huissier de justicesuppl\u00e9ant Kelly FERREIRA SIMOES, en remplacement de l\u2019huissier de justice Carlos CALVO de Luxembourg, du 9 juin 2022, comparant par Ma\u00eetreEmmanuel HANNOTIN, avocat \u00e0 la Cour, demeurant \u00e0 Luxembourg, e t:<\/p>\n<p>2 la soci\u00e9t\u00e9 anonymeSOCIETE2.)S.A.,\u00e9tablie et ayant son si\u00e8ge social \u00e0 L-ADRESSE2.), inscrite au registre de commerce et des soci\u00e9t\u00e9s de Luxembourg sous le num\u00e9roNUMERO2.), repr\u00e9sent\u00e9e par sonconseil d\u2019administrationactuellement en fonctions, intim\u00e9eaux fins du susdit exploitFERREIRA SIMOES, comparant par Ma\u00eetreNicolas THIELTGEN, avocat \u00e0 la Cour, demeurant \u00e0 Luxembourg. LA COUR D\u2019APPEL: Par exploit de l\u2019huissier de justicesuppl\u00e9antChristine KOVELTER, en remplacement de l\u2019huissier de justice Frank SCHAAL, signifi\u00e9 le27 f\u00e9vrier 2020, la soci\u00e9t\u00e9 par actions simplifi\u00e9e de droit fran\u00e7aisSOCIETE1.)(ci-apr\u00e8s SOCIETE1.)) a fait donner assignation \u00e0 la soci\u00e9t\u00e9 anonymeSOCIETE2.)SA (ci-apr\u00e8sSOCIETE2.)) \u00e0 compara\u00eetre devant le tribunal d\u2019arrondissement de et \u00e0 Luxembourg, si\u00e9geant en mati\u00e8re commerciale, selon la proc\u00e9dure civile, aux fins de s\u2019y entendre condamner \u00e0 luipayer, d\u2019une part, la somme de 347.623,83 euros, compte arr\u00eat\u00e9 au 13 f\u00e9vrier 2020, avec les int\u00e9r\u00eats au taux l\u00e9gal \u00e0 compter du 14 f\u00e9vrier 2020 jusqu\u2019\u00e0 paiement complet, au titre d\u2019un pr\u00eat professionnel \u00e0 moyen terme num\u00e9roNUMERO3.)et, d\u2019autre part, la somme de 222.821,49 euros, compte arr\u00eat\u00e9 au 6 janvier 2020, avec les int\u00e9r\u00eats au taux l\u00e9gal \u00e0 compter du 7 janvier 2020 jusqu\u2019\u00e0 paiement complet, au titre du solde d\u00e9biteur d\u2019un compte courant professionnel num\u00e9roNUMERO4.), ainsi qu\u2019une indemnit\u00e9 de proc\u00e9dure de 5.000 euros. Cette affaire a \u00e9t\u00e9 inscrite sous le num\u00e9ro du r\u00f4le TAL-2020-XXXXX. Par jugement rendu en date du 3 mars 2022, sous le num\u00e9ro 2022TALCH06\/00XXX, le tribunal a d\u00e9bout\u00e9SOCIETE1.)de ses demandes avant de la condamner aux frais et d\u00e9pens de l\u2019instance et d\u2019allouer \u00e0 la d\u00e9fenderesse une indemnit\u00e9 de proc\u00e9dure de 3.500 euros. Par exploit de l\u2019huissier de justicesuppl\u00e9ant Kelly FERREIRA SIMOES, en remplacement de l\u2019huissier de justiceCarlos CALVO du 9 juin 2022, SOCIETE1.)a relev\u00e9 appel de ce jugement qui lui avait \u00e9t\u00e9 signifi\u00e9 le 15 avril 2022. Cette affaire a \u00e9t\u00e9 inscrite sous le num\u00e9ro de r\u00f4le CAL-2022-00609.<\/p>\n<p>3 L\u2019appelante a d\u00e9clar\u00e9 se d\u00e9sister de l\u2019instance et de l\u2019action par un acte intitul\u00e9 \u00abd\u00e9sistement d\u2019instance et d\u2019action\u00bb, dat\u00e9du 8 novembre 2023. Le repr\u00e9sentant de la soci\u00e9t\u00e9 appelante a appos\u00e9 sa signature au bas de l\u2019acte, \u00e0 la suite de la mention manuscrite \u00abBon pour d\u00e9sistement d\u2019action et d\u2019instance\u00bb et le mandatairead litemde la soci\u00e9t\u00e9 appelante a \u00e9galement sign\u00e9 cet acte. Celui-ci a \u00e9t\u00e9 accept\u00e9, en date du 15 janvier 2024, tant par le repr\u00e9sentant de SOCIETE2.), partie intim\u00e9e, qui a appos\u00e9 sa signature au bas de l\u2019acte, \u00e0 la suite de la mention manuscrite \u00abBon pour acceptation du d\u00e9sistementd\u2019action et d\u2019instance\u00bb que par le mandatairead litemde la soci\u00e9t\u00e9 intim\u00e9e. A l\u2019audience des plaidoiries, les parties au litige ont manifest\u00e9 leur accord pour que chacune d\u2019elles conserve la charge exclusive des frais et d\u00e9pens la concernant. Le d\u00e9sistement d\u2019instance et d\u2019action \u00e9tant r\u00e9gulier, il y a lieu d\u2019y faire droit. PAR CES MOTIFS: la Cour d\u2019appel, troisi\u00e8me chambre, si\u00e9geant en mati\u00e8re commerciale, statuant contradictoirement, donne acte \u00e0 la soci\u00e9t\u00e9 par actions simplifi\u00e9e de droit fran\u00e7aisSOCIETE1.)de son d\u00e9sistement d\u2019instance et d\u2019action et \u00e0 la soci\u00e9t\u00e9 anonymeSOCIETE2.) SA de son acceptation, d\u00e9clare\u00e9teinte l\u2019action relative aux droits invoqu\u00e9s suivant exploit de l\u2019huissier de justicesuppl\u00e9ant Christine KOVELTER, en remplacement de l\u2019huissier de justice Frank SCHAAL,du 27 f\u00e9vrier 2020, d\u00e9clarel\u2019instance d\u2019appel \u00e9teinte, dit que chacune des partiesau litigeconservera la charge exclusive des frais et d\u00e9pens le concernant.<\/p>\n<p>4 La lecture du pr\u00e9sent arr\u00eat a \u00e9t\u00e9 faite en la susdite audience publique par Alain THORN, pr\u00e9sident de chambre,en pr\u00e9sence du greffier Isabelle HIPPERT.<\/p>\n<\/div>\n<hr class=\"kji-sep\" \/>\n<p class=\"kji-source-links\"><strong>Sources officielles :<\/strong> <a class=\"kji-source-link\" href=\"https:\/\/data.public.lu\/fr\/datasets\/cour-superieure-de-justice-chambre-3\/\" target=\"_blank\" rel=\"noopener noreferrer\">consulter la page source<\/a> &middot; <a class=\"kji-pdf-link\" href=\"https:\/\/download.data.public.lu\/resources\/cour-superieure-de-justice-chambre-3\/20240827-161937\/20240222-ca3-cal-2022-00609-pseudonymise-accessible.pdf\" target=\"_blank\" rel=\"noopener noreferrer\">PDF officiel<\/a><\/p>\n<p class=\"kji-license-note\"><em>Licence CC BY-ND 4.0 (Administration judiciaire, data.public.lu). Republication autorisee avec attribution, sans modification editoriale du texte integral.<\/em><\/p>\n<\/div>\n","protected":false},"excerpt":{"rendered":"<p>Arr\u00eat N\u00b029\/24-III\u2013COM Arr\u00eat commercial Audience publique duvingt-deux f\u00e9vrierdeux mille vingt-quatre Num\u00e9roCAL-2022-00609du r\u00f4le Composition: Alain THORN, pr\u00e9sident de chambre, Anne-Fran\u00e7oise GREMLING,premierconseiller, MarcWAGNER, conseiller, Isabelle HIPPERT, greffier. E n t r e: la soci\u00e9t\u00e9par actions simplifi\u00e9e de droit fran\u00e7aisSOCIETE1.) (B.E.C.M.), anciennement d\u00e9nomm\u00e9eSOCIETE3.),\u00e9tablie et ayant son si\u00e8ge social\u2026<\/p>\n","protected":false},"featured_media":0,"template":"","meta":{"_crdt_document":""},"kji_country":[8418],"kji_court":[12305],"kji_chamber":[15890],"kji_year":[8677],"kji_subject":[7724],"kji_keyword":[8683,8457,15902,9055,12307],"kji_language":[7733],"class_list":["post-602551","kji_decision","type-kji_decision","status-publish","hentry","kji_country-luxembourg","kji_court-cour-superieure-de-justice","kji_chamber-chambre-3","kji_year-8677","kji_subject-civil","kji_keyword-arret","kji_keyword-fevrier","kji_keyword-iii-com","kji_keyword-justice","kji_keyword-superieure","kji_language-francais"],"yoast_head":"<!-- This site is optimized with the Yoast SEO Premium plugin v27.5 (Yoast SEO v27.5) - https:\/\/yoast.com\/product\/yoast-seo-premium-wordpress\/ -->\n<title>Cour sup\u00e9rieure de justice, 22 f\u00e9vrier 2024, n\u00b0 2022-00609 - Ma\u00eetre Hassan Kohen, avocat en droit p\u00e9nal \u00e0 Paris<\/title>\n<meta name=\"robots\" content=\"index, follow, max-snippet:-1, max-image-preview:large, max-video-preview:-1\" \/>\n<link rel=\"canonical\" href=\"https:\/\/kohenavocats.com\/ru\/jurisprudences\/cour-superieure-de-justice-22-fevrier-2024-n-2022-00609\/\" \/>\n<meta property=\"og:locale\" content=\"ru_RU\" \/>\n<meta property=\"og:type\" content=\"article\" \/>\n<meta property=\"og:title\" content=\"Cour sup\u00e9rieure de justice, 22 f\u00e9vrier 2024, n\u00b0 2022-00609\" \/>\n<meta property=\"og:description\" content=\"Arr\u00eat N\u00b029\/24-III\u2013COM Arr\u00eat commercial Audience publique duvingt-deux f\u00e9vrierdeux mille vingt-quatre Num\u00e9roCAL-2022-00609du r\u00f4le Composition: Alain THORN, pr\u00e9sident de chambre, Anne-Fran\u00e7oise GREMLING,premierconseiller, MarcWAGNER, conseiller, Isabelle HIPPERT, greffier. E n t r e: la soci\u00e9t\u00e9par actions simplifi\u00e9e de droit fran\u00e7aisSOCIETE1.) (B.E.C.M.), anciennement d\u00e9nomm\u00e9eSOCIETE3.),\u00e9tablie et ayant son si\u00e8ge social\u2026\" \/>\n<meta property=\"og:url\" content=\"https:\/\/kohenavocats.com\/ru\/jurisprudences\/cour-superieure-de-justice-22-fevrier-2024-n-2022-00609\/\" \/>\n<meta property=\"og:site_name\" content=\"Ma\u00eetre Hassan Kohen, avocat en droit p\u00e9nal \u00e0 Paris\" \/>\n<meta property=\"article:modified_time\" content=\"2026-04-19T06:03:48+00:00\" \/>\n<meta name=\"twitter:card\" content=\"summary_large_image\" \/>\n<meta name=\"twitter:label1\" content=\"\u041f\u0440\u0438\u043c\u0435\u0440\u043d\u043e\u0435 \u0432\u0440\u0435\u043c\u044f \u0434\u043b\u044f \u0447\u0442\u0435\u043d\u0438\u044f\" \/>\n\t<meta name=\"twitter:data1\" content=\"4 \u043c\u0438\u043d\u0443\u0442\u044b\" \/>\n<script type=\"application\/ld+json\" class=\"yoast-schema-graph\">{\"@context\":\"https:\\\/\\\/schema.org\",\"@graph\":[{\"@type\":\"WebPage\",\"@id\":\"https:\\\/\\\/kohenavocats.com\\\/ru\\\/jurisprudences\\\/cour-superieure-de-justice-22-fevrier-2024-n-2022-00609\\\/\",\"url\":\"https:\\\/\\\/kohenavocats.com\\\/ru\\\/jurisprudences\\\/cour-superieure-de-justice-22-fevrier-2024-n-2022-00609\\\/\",\"name\":\"Cour sup\u00e9rieure de justice, 22 f\u00e9vrier 2024, n\u00b0 2022-00609 - Ma\u00eetre Hassan Kohen, avocat en droit p\u00e9nal \u00e0 Paris\",\"isPartOf\":{\"@id\":\"https:\\\/\\\/kohenavocats.com\\\/ru\\\/#website\"},\"datePublished\":\"2026-04-19T06:03:45+00:00\",\"dateModified\":\"2026-04-19T06:03:48+00:00\",\"breadcrumb\":{\"@id\":\"https:\\\/\\\/kohenavocats.com\\\/ru\\\/jurisprudences\\\/cour-superieure-de-justice-22-fevrier-2024-n-2022-00609\\\/#breadcrumb\"},\"inLanguage\":\"ru-RU\",\"potentialAction\":[{\"@type\":\"ReadAction\",\"target\":[\"https:\\\/\\\/kohenavocats.com\\\/ru\\\/jurisprudences\\\/cour-superieure-de-justice-22-fevrier-2024-n-2022-00609\\\/\"]}]},{\"@type\":\"BreadcrumbList\",\"@id\":\"https:\\\/\\\/kohenavocats.com\\\/ru\\\/jurisprudences\\\/cour-superieure-de-justice-22-fevrier-2024-n-2022-00609\\\/#breadcrumb\",\"itemListElement\":[{\"@type\":\"ListItem\",\"position\":1,\"name\":\"Home\",\"item\":\"https:\\\/\\\/kohenavocats.com\\\/ru\\\/avocats-en-droit-penal-a-paris-conseil-et-defense-strategique\\\/\"},{\"@type\":\"ListItem\",\"position\":2,\"name\":\"Jurisprudences\",\"item\":\"https:\\\/\\\/kohenavocats.com\\\/ru\\\/jurisprudences\\\/\"},{\"@type\":\"ListItem\",\"position\":3,\"name\":\"Cour sup\u00e9rieure de justice, 22 f\u00e9vrier 2024, n\u00b0 2022-00609\"}]},{\"@type\":\"WebSite\",\"@id\":\"https:\\\/\\\/kohenavocats.com\\\/ru\\\/#website\",\"url\":\"https:\\\/\\\/kohenavocats.com\\\/ru\\\/\",\"name\":\"Kohen Avocats\",\"description\":\"Ma\u00eetre Hassan Kohen, avocat p\u00e9naliste \u00e0 Paris, intervient exclusivement en droit p\u00e9nal pour la d\u00e9fense des particuliers, notamment en mati\u00e8re d\u2019accusations de viol. Il assure un accompagnement rigoureux d\u00e8s la garde \u00e0 vue jusqu\u2019\u00e0 la Cour d\u2019assises, veillant au strict respect des garanties proc\u00e9durales.\",\"publisher\":{\"@id\":\"https:\\\/\\\/kohenavocats.com\\\/ru\\\/#organization\"},\"potentialAction\":[{\"@type\":\"SearchAction\",\"target\":{\"@type\":\"EntryPoint\",\"urlTemplate\":\"https:\\\/\\\/kohenavocats.com\\\/ru\\\/?s={search_term_string}\"},\"query-input\":{\"@type\":\"PropertyValueSpecification\",\"valueRequired\":true,\"valueName\":\"search_term_string\"}}],\"inLanguage\":\"ru-RU\"},{\"@type\":\"Organization\",\"@id\":\"https:\\\/\\\/kohenavocats.com\\\/ru\\\/#organization\",\"name\":\"Kohen Avocats\",\"url\":\"https:\\\/\\\/kohenavocats.com\\\/ru\\\/\",\"logo\":{\"@type\":\"ImageObject\",\"inLanguage\":\"ru-RU\",\"@id\":\"https:\\\/\\\/kohenavocats.com\\\/ru\\\/#\\\/schema\\\/logo\\\/image\\\/\",\"url\":\"https:\\\/\\\/kohenavocats.com\\\/wp-content\\\/uploads\\\/2026\\\/01\\\/Logo-2-1.webp\",\"contentUrl\":\"https:\\\/\\\/kohenavocats.com\\\/wp-content\\\/uploads\\\/2026\\\/01\\\/Logo-2-1.webp\",\"width\":2114,\"height\":1253,\"caption\":\"Kohen Avocats\"},\"image\":{\"@id\":\"https:\\\/\\\/kohenavocats.com\\\/ru\\\/#\\\/schema\\\/logo\\\/image\\\/\"}}]}<\/script>\n<!-- \/ Yoast SEO Premium plugin. -->","yoast_head_json":{"title":"Cour sup\u00e9rieure de justice, 22 f\u00e9vrier 2024, n\u00b0 2022-00609 - Ma\u00eetre Hassan Kohen, avocat en droit p\u00e9nal \u00e0 Paris","robots":{"index":"index","follow":"follow","max-snippet":"max-snippet:-1","max-image-preview":"max-image-preview:large","max-video-preview":"max-video-preview:-1"},"canonical":"https:\/\/kohenavocats.com\/ru\/jurisprudences\/cour-superieure-de-justice-22-fevrier-2024-n-2022-00609\/","og_locale":"ru_RU","og_type":"article","og_title":"Cour sup\u00e9rieure de justice, 22 f\u00e9vrier 2024, n\u00b0 2022-00609","og_description":"Arr\u00eat N\u00b029\/24-III\u2013COM Arr\u00eat commercial Audience publique duvingt-deux f\u00e9vrierdeux mille vingt-quatre Num\u00e9roCAL-2022-00609du r\u00f4le Composition: Alain THORN, pr\u00e9sident de chambre, Anne-Fran\u00e7oise GREMLING,premierconseiller, MarcWAGNER, conseiller, Isabelle HIPPERT, greffier. E n t r e: la soci\u00e9t\u00e9par actions simplifi\u00e9e de droit fran\u00e7aisSOCIETE1.) (B.E.C.M.), anciennement d\u00e9nomm\u00e9eSOCIETE3.),\u00e9tablie et ayant son si\u00e8ge social\u2026","og_url":"https:\/\/kohenavocats.com\/ru\/jurisprudences\/cour-superieure-de-justice-22-fevrier-2024-n-2022-00609\/","og_site_name":"Ma\u00eetre Hassan Kohen, avocat en droit p\u00e9nal \u00e0 Paris","article_modified_time":"2026-04-19T06:03:48+00:00","twitter_card":"summary_large_image","twitter_misc":{"\u041f\u0440\u0438\u043c\u0435\u0440\u043d\u043e\u0435 \u0432\u0440\u0435\u043c\u044f \u0434\u043b\u044f \u0447\u0442\u0435\u043d\u0438\u044f":"4 \u043c\u0438\u043d\u0443\u0442\u044b"},"schema":{"@context":"https:\/\/schema.org","@graph":[{"@type":"WebPage","@id":"https:\/\/kohenavocats.com\/ru\/jurisprudences\/cour-superieure-de-justice-22-fevrier-2024-n-2022-00609\/","url":"https:\/\/kohenavocats.com\/ru\/jurisprudences\/cour-superieure-de-justice-22-fevrier-2024-n-2022-00609\/","name":"Cour sup\u00e9rieure de justice, 22 f\u00e9vrier 2024, n\u00b0 2022-00609 - Ma\u00eetre Hassan Kohen, avocat en droit p\u00e9nal \u00e0 Paris","isPartOf":{"@id":"https:\/\/kohenavocats.com\/ru\/#website"},"datePublished":"2026-04-19T06:03:45+00:00","dateModified":"2026-04-19T06:03:48+00:00","breadcrumb":{"@id":"https:\/\/kohenavocats.com\/ru\/jurisprudences\/cour-superieure-de-justice-22-fevrier-2024-n-2022-00609\/#breadcrumb"},"inLanguage":"ru-RU","potentialAction":[{"@type":"ReadAction","target":["https:\/\/kohenavocats.com\/ru\/jurisprudences\/cour-superieure-de-justice-22-fevrier-2024-n-2022-00609\/"]}]},{"@type":"BreadcrumbList","@id":"https:\/\/kohenavocats.com\/ru\/jurisprudences\/cour-superieure-de-justice-22-fevrier-2024-n-2022-00609\/#breadcrumb","itemListElement":[{"@type":"ListItem","position":1,"name":"Home","item":"https:\/\/kohenavocats.com\/ru\/avocats-en-droit-penal-a-paris-conseil-et-defense-strategique\/"},{"@type":"ListItem","position":2,"name":"Jurisprudences","item":"https:\/\/kohenavocats.com\/ru\/jurisprudences\/"},{"@type":"ListItem","position":3,"name":"Cour sup\u00e9rieure de justice, 22 f\u00e9vrier 2024, n\u00b0 2022-00609"}]},{"@type":"WebSite","@id":"https:\/\/kohenavocats.com\/ru\/#website","url":"https:\/\/kohenavocats.com\/ru\/","name":"Kohen Avocats","description":"Ma\u00eetre Hassan Kohen, avocat p\u00e9naliste \u00e0 Paris, intervient exclusivement en droit p\u00e9nal pour la d\u00e9fense des particuliers, notamment en mati\u00e8re d\u2019accusations de viol. Il assure un accompagnement rigoureux d\u00e8s la garde \u00e0 vue jusqu\u2019\u00e0 la Cour d\u2019assises, veillant au strict respect des garanties proc\u00e9durales.","publisher":{"@id":"https:\/\/kohenavocats.com\/ru\/#organization"},"potentialAction":[{"@type":"SearchAction","target":{"@type":"EntryPoint","urlTemplate":"https:\/\/kohenavocats.com\/ru\/?s={search_term_string}"},"query-input":{"@type":"PropertyValueSpecification","valueRequired":true,"valueName":"search_term_string"}}],"inLanguage":"ru-RU"},{"@type":"Organization","@id":"https:\/\/kohenavocats.com\/ru\/#organization","name":"Kohen Avocats","url":"https:\/\/kohenavocats.com\/ru\/","logo":{"@type":"ImageObject","inLanguage":"ru-RU","@id":"https:\/\/kohenavocats.com\/ru\/#\/schema\/logo\/image\/","url":"https:\/\/kohenavocats.com\/wp-content\/uploads\/2026\/01\/Logo-2-1.webp","contentUrl":"https:\/\/kohenavocats.com\/wp-content\/uploads\/2026\/01\/Logo-2-1.webp","width":2114,"height":1253,"caption":"Kohen Avocats"},"image":{"@id":"https:\/\/kohenavocats.com\/ru\/#\/schema\/logo\/image\/"}}]}},"jetpack_likes_enabled":false,"jetpack_sharing_enabled":true,"_links":{"self":[{"href":"https:\/\/kohenavocats.com\/ru\/wp-json\/wp\/v2\/kji_decision\/602551","targetHints":{"allow":["GET"]}}],"collection":[{"href":"https:\/\/kohenavocats.com\/ru\/wp-json\/wp\/v2\/kji_decision"}],"about":[{"href":"https:\/\/kohenavocats.com\/ru\/wp-json\/wp\/v2\/types\/kji_decision"}],"wp:attachment":[{"href":"https:\/\/kohenavocats.com\/ru\/wp-json\/wp\/v2\/media?parent=602551"}],"wp:term":[{"taxonomy":"kji_country","embeddable":true,"href":"https:\/\/kohenavocats.com\/ru\/wp-json\/wp\/v2\/kji_country?post=602551"},{"taxonomy":"kji_court","embeddable":true,"href":"https:\/\/kohenavocats.com\/ru\/wp-json\/wp\/v2\/kji_court?post=602551"},{"taxonomy":"kji_chamber","embeddable":true,"href":"https:\/\/kohenavocats.com\/ru\/wp-json\/wp\/v2\/kji_chamber?post=602551"},{"taxonomy":"kji_year","embeddable":true,"href":"https:\/\/kohenavocats.com\/ru\/wp-json\/wp\/v2\/kji_year?post=602551"},{"taxonomy":"kji_subject","embeddable":true,"href":"https:\/\/kohenavocats.com\/ru\/wp-json\/wp\/v2\/kji_subject?post=602551"},{"taxonomy":"kji_keyword","embeddable":true,"href":"https:\/\/kohenavocats.com\/ru\/wp-json\/wp\/v2\/kji_keyword?post=602551"},{"taxonomy":"kji_language","embeddable":true,"href":"https:\/\/kohenavocats.com\/ru\/wp-json\/wp\/v2\/kji_language?post=602551"}],"curies":[{"name":"wp","href":"https:\/\/api.w.org\/{rel}","templated":true}]}}