{"id":602956,"date":"2026-04-19T09:00:26","date_gmt":"2026-04-19T07:00:26","guid":{"rendered":"https:\/\/kohenavocats.com\/jurisprudences\/tribunal-darrondissement-18-juin-2025\/"},"modified":"2026-04-19T09:00:29","modified_gmt":"2026-04-19T07:00:29","slug":"tribunal-darrondissement-18-juin-2025","status":"publish","type":"kji_decision","link":"https:\/\/kohenavocats.com\/ru\/jurisprudences\/tribunal-darrondissement-18-juin-2025\/","title":{"rendered":"Tribunal d&#8217;arrondissement, 18 juin 2025"},"content":{"rendered":"<div class=\"kji-decision\">\n<div class=\"kji-full-text\">\n<p>1 Jugement en mati\u00e8re commerciale No.2025TADCOMM\/0214 Audience publique du mercredi,dix-huit juindeux millevingt-cinq. Num\u00e9ro du r\u00f4le: TAD-2025-00532. Liquidation: L-2025-00001-D Composition : Chantal GLOD, vice-pr\u00e9sidente, Anouk MEIS, attach\u00e9e de justice \u00e0 titre provisoire d\u00e9l\u00e9gu\u00e9e, Alyssa LUTGEN, attach\u00e9e de justice \u00e0 titre provisoire d\u00e9l\u00e9gu\u00e9e, Manon RISCH, premiersubstitut, Christiane BRITZ, greffier. &#8212;&#8212;&#8212;&#8212;&#8212;&#8212;&#8212;&#8212;&#8212;&#8212;&#8212;&#8212;&#8212;&#8212;&#8212;&#8212;&#8212;&#8212;&#8212;&#8212;&#8212;&#8212;&#8212;&#8212;&#8212;&#8212;&#8212;&#8212;&#8212;&#8212;&#8212;&#8212; Le TRIBUNAL Vu la requ\u00eate du Minist\u00e8re Public dat\u00e9e au31 mars 2025tendant, par application des dispositions de l\u2019article 1200-1de laloi modifi\u00e9e du 10 ao\u00fbt 1915 sur les soci\u00e9t\u00e9s commerciales,\u00e0 voir prononcer, sous le r\u00e9gime de l\u2019ex\u00e9cution provisoire, la dissolution et liquidation de la soci\u00e9t\u00e9anonyme SOCIETE1.)S.A.,\u00e9tablie et ayant son si\u00e8ge social \u00e0L-ADRESSE1.),inscrite au registre de commerce et des soci\u00e9t\u00e9s sous le num\u00e9roNUMERO1.),aux motifslibell\u00e9scommesuit : \u00abLes comptes sociaux-notamment les bilans-de cette soci\u00e9t\u00e9 commerciale n\u2019ontpas \u00e9t\u00e9publi\u00e9sdepuisceux de l\u2019exercice 2022 (soit pour l\u2019exercice 2023 et 2024).\u00bb Vu lalettrerecommand\u00e9ede convocation \u00e0 compara\u00eetre \u00e0 l&#039;audience publique du4 juin 2025,accept\u00e9e le7 mai 2025parle destinataire en personne\u00bb. A l\u2019audiencedu4 juin 2025,l\u2019administrateur-d\u00e9l\u00e9gu\u00e9PERSONNE1.)de la soci\u00e9t\u00e9SOCIETE1.)S.A.n\u2019a pas contest\u00e9quela soci\u00e9t\u00e9 anonyme SOCIETE1.)S.A.n\u2019apas proc\u00e9d\u00e9 aud\u00e9p\u00f4t des bilans.Il explique le d\u00e9faut de d\u00e9p\u00f4t des bilans par des probl\u00e8mes avecsonexpert-comptable,quiapr\u00e8s<\/p>\n<p>2 de nombreuses ann\u00e9es de bons travaux, aurait remplac\u00e9 son personnelet auraitpris du retard.Cependant,le bilan de l\u2019ann\u00e9e 2023 aurait \u00e9t\u00e9 d\u00e9pos\u00e9 le 3 juin 2025, celui de 2024 serait en cours d\u2019\u00e9tablissement. Auxtermes de l&#039;article 1200-1 de la loi modifi\u00e9e du 10 ao\u00fbt 1915 sur les soci\u00e9t\u00e9s commerciales,le tribunal d&#039;arrondissement si\u00e9geant en mati\u00e8re commerciale peut \u00e0 la requ\u00eate du procureur d&#039;\u00c9tat, prononcer la dissolution et ordonner la liquidation de toute soci\u00e9t\u00e9 soumise \u00e0 la loi luxembourgeoise qui poursuit des activit\u00e9s contraires \u00e0 la loi p\u00e9naleou qui contrevient gravement aux dispositions du Code de commerce ou des lois r\u00e9gissant les soci\u00e9t\u00e9s commerciales, y compris en mati\u00e8re de droit d&#039;\u00e9tablissement. En application des articles 100-13 et 461-8 de la loi modifi\u00e9e du 10 ao\u00fbt 1915 sur les soci\u00e9t\u00e9s commerciales et de l\u2019article 79 de la loi modifi\u00e9e du 19 d\u00e9cembre 2002 concernant le registre de commerce et des soci\u00e9t\u00e9s ainsi que la comptabilit\u00e9 et les comptes annuels des entreprises, les comptes sociaux auraient d\u00fb \u00eatre d\u00e9pos\u00e9s au plus tard dans le mois de leur approbation par l\u2019assembl\u00e9e g\u00e9n\u00e9rale et au plus tard sept mois apr\u00e8s la cl\u00f4ture de l\u2019exercice social. \u00ab Il est vrai qu\u2019en application de l\u2019arr\u00eat du 15 juillet 2004 de la Cour de cassation, il y a en principe lieu de se placer \u00e0 la date de la requ\u00eate du Procureur d\u2019Etat pour appr\u00e9cier si les faits reproch\u00e9s \u00e0 une soci\u00e9t\u00e9 sont suffisamment graves pour justifier sa dissolution et sa mise en liquidation. Il n\u2019en reste pas moins que, dans le cadre de cette appr\u00e9ciation et du pouvoir accord\u00e9 aux juridictions de d\u00e9terminer si la gravit\u00e9 des contraventions justifie une sanction aussi finale que la dissolution de l\u2019\u00eatre social, la Cour ne saurait faire totalement abstraction des faits post\u00e9rieurs \u00e0 la requ\u00eate du Minist\u00e8re Public sous peine de vider le droit \u00e0 un recours effectif de tout objet. \u00bb (CA 14 d\u00e9cembre 2021, arr\u00eat n\u00b0 152\/21 IV-COM, n\u00b0 du r\u00f4le CAL-2021-00436). Il convient de noter que le seulgrief\u00e9mis \u00e0 l\u2019\u00e9gard de la soci\u00e9t\u00e9SOCIETE1.) S.A.par le Procureur d\u2019Etat dans sa requ\u00eate du 31 mars 2025 consiste dans la non-publication des bilans pour les exercices 2023 et 2024. Il ressort des pi\u00e8ces soumises \u00e0 l\u2019appr\u00e9ciation du tribunal en cours de d\u00e9lib\u00e9r\u00e9que le bilan pour l\u2019ann\u00e9e 2023 est entretemps \u00e9tabli etquepartant lasituationdela soci\u00e9t\u00e9 anonymeSOCIETE1.)S.A.est en train d\u2019\u00eatre r\u00e9gularis\u00e9e.Le d\u00e9lai de sept mois suivant la cl\u00f4ture de l\u2019exercice 2024 n\u2019est pas encore r\u00e9volu. Letribunal estimed\u00e8s lors, notammentcompte tenu dela r\u00e9gularisation de la situation pour l\u2019exercice 2023, que la sanction de la dissolution appara\u00eet comme disproportionn\u00e9e par rapport \u00e0 l\u2019irr\u00e9gularit\u00e9 administrative reproch\u00e9e \u00e0 la soci\u00e9t\u00e9 anonymeSOCIETE1.)S.A., de sorte quela contravention reproch\u00e9ene justifie actuellement pas la sanction de la dissolution de la<\/p>\n<p>3 soci\u00e9t\u00e9.(dans le m\u00eame sens: Trib. d\u2019arrond. Diekirch 22 mars 2006, n\u00b0 169, confirm\u00e9 par CA, 4 i\u00e8me chre, 25 octobre 2006, n\u00b0 31258) M\u00eame en tenant compte des manquements formul\u00e9s oralement lors de l\u2019audiencedu 4 juin 2025, notamment que la soci\u00e9t\u00e9SOCIETE1.)S.A. n\u2019aurait pas d\u2019activit\u00e9 au Luxembourg et n\u2019y disposerait pas de locaux propres, le tribunal, en l\u2019absence de pr\u00e9cisions circonstanci\u00e9es et eu \u00e9gard aux explications fournies par le repr\u00e9sentant de la soci\u00e9t\u00e9SOCIETE1.)S.A., constate qu\u2019ils ne justifient actuellement pas la sanction de la dissolution de la soci\u00e9t\u00e9. Il n\u2019y a partant pas lieu de faire droit \u00e0 la requ\u00eate du Minist\u00e8re Public. PAR CES MOTIFS : le tribunal d&#039;arrondissement de Diekirch, si\u00e9geant en mati\u00e8re commerciale, statuantcontradictoirementet en premier ressort, le Minist\u00e8re Public entendu en ses conclusions, re\u00e7oitla requ\u00eate, laditnonfond\u00e9e, laisseles frais \u00e0 charge de l\u2019Etat. Ainsi lu en audience publique au Palais de Justice \u00e0 Diekirch par Nous Chantal GLOD,vice-pr\u00e9sidentepr\u00e8s le tribunal d\u2019arrondissement, assist\u00e9e du greffierChristiane BRITZ. Le greffier Lavice-pr\u00e9sidente<\/p>\n<\/div>\n<hr class=\"kji-sep\" \/>\n<p class=\"kji-source-links\"><strong>Sources officielles :<\/strong> <a class=\"kji-source-link\" href=\"https:\/\/data.public.lu\/fr\/datasets\/tribunal-darrondissement-diekirch\/\" target=\"_blank\" rel=\"noopener noreferrer\">consulter la page source<\/a> &middot; <a class=\"kji-pdf-link\" href=\"https:\/\/download.data.public.lu\/resources\/tribunal-darrondissement-diekirch\/20250803-232746\/20250618-tadcommerce-202500532-pseudonymise-accessible.pdf\" target=\"_blank\" rel=\"noopener noreferrer\">PDF officiel<\/a><\/p>\n<p class=\"kji-license-note\"><em>Licence CC BY-ND 4.0 (Administration judiciaire, data.public.lu). Republication autorisee avec attribution, sans modification editoriale du texte integral.<\/em><\/p>\n<\/div>\n","protected":false},"excerpt":{"rendered":"<p>1 Jugement en mati\u00e8re commerciale No.2025TADCOMM\/0214 Audience publique du mercredi,dix-huit juindeux millevingt-cinq. Num\u00e9ro du r\u00f4le: TAD-2025-00532. Liquidation: L-2025-00001-D Composition : Chantal GLOD, vice-pr\u00e9sidente, Anouk MEIS, attach\u00e9e de justice \u00e0 titre provisoire d\u00e9l\u00e9gu\u00e9e, Alyssa LUTGEN, attach\u00e9e de justice \u00e0 titre provisoire d\u00e9l\u00e9gu\u00e9e, Manon RISCH, premiersubstitut, Christiane\u2026<\/p>\n","protected":false},"featured_media":0,"template":"","meta":{"_crdt_document":""},"kji_country":[8418],"kji_court":[23583],"kji_chamber":[],"kji_year":[8463],"kji_subject":[7724],"kji_keyword":[23584,7636],"kji_language":[7733],"class_list":["post-602956","kji_decision","type-kji_decision","status-publish","hentry","kji_country-luxembourg","kji_court-tribunal-darrondissement","kji_year-8463","kji_subject-civil","kji_keyword-arrondissement","kji_keyword-tribunal","kji_language-francais"],"yoast_head":"<!-- This site is optimized with the Yoast SEO Premium plugin v27.5 (Yoast SEO v27.5) - https:\/\/yoast.com\/product\/yoast-seo-premium-wordpress\/ -->\n<title>Tribunal d&#039;arrondissement, 18 juin 2025 - Ma\u00eetre Hassan Kohen, avocat en droit p\u00e9nal \u00e0 Paris<\/title>\n<meta name=\"robots\" content=\"index, follow, max-snippet:-1, max-image-preview:large, max-video-preview:-1\" \/>\n<link rel=\"canonical\" href=\"https:\/\/kohenavocats.com\/ru\/jurisprudences\/tribunal-darrondissement-18-juin-2025\/\" \/>\n<meta property=\"og:locale\" content=\"ru_RU\" \/>\n<meta property=\"og:type\" content=\"article\" \/>\n<meta property=\"og:title\" content=\"Tribunal d&#039;arrondissement, 18 juin 2025\" \/>\n<meta property=\"og:description\" content=\"1 Jugement en mati\u00e8re commerciale No.2025TADCOMM\/0214 Audience publique du mercredi,dix-huit juindeux millevingt-cinq. Num\u00e9ro du r\u00f4le: TAD-2025-00532. Liquidation: L-2025-00001-D Composition : Chantal GLOD, vice-pr\u00e9sidente, Anouk MEIS, attach\u00e9e de justice \u00e0 titre provisoire d\u00e9l\u00e9gu\u00e9e, Alyssa LUTGEN, attach\u00e9e de justice \u00e0 titre provisoire d\u00e9l\u00e9gu\u00e9e, Manon RISCH, premiersubstitut, Christiane\u2026\" \/>\n<meta property=\"og:url\" content=\"https:\/\/kohenavocats.com\/ru\/jurisprudences\/tribunal-darrondissement-18-juin-2025\/\" \/>\n<meta property=\"og:site_name\" content=\"Ma\u00eetre Hassan Kohen, avocat en droit p\u00e9nal \u00e0 Paris\" \/>\n<meta property=\"article:modified_time\" content=\"2026-04-19T07:00:29+00:00\" \/>\n<meta name=\"twitter:card\" content=\"summary_large_image\" \/>\n<meta name=\"twitter:label1\" content=\"\u041f\u0440\u0438\u043c\u0435\u0440\u043d\u043e\u0435 \u0432\u0440\u0435\u043c\u044f \u0434\u043b\u044f \u0447\u0442\u0435\u043d\u0438\u044f\" \/>\n\t<meta name=\"twitter:data1\" content=\"5 \u043c\u0438\u043d\u0443\u0442\" \/>\n<script type=\"application\/ld+json\" class=\"yoast-schema-graph\">{\"@context\":\"https:\\\/\\\/schema.org\",\"@graph\":[{\"@type\":\"WebPage\",\"@id\":\"https:\\\/\\\/kohenavocats.com\\\/ru\\\/jurisprudences\\\/tribunal-darrondissement-18-juin-2025\\\/\",\"url\":\"https:\\\/\\\/kohenavocats.com\\\/ru\\\/jurisprudences\\\/tribunal-darrondissement-18-juin-2025\\\/\",\"name\":\"Tribunal d'arrondissement, 18 juin 2025 - Ma\u00eetre Hassan Kohen, avocat en droit p\u00e9nal \u00e0 Paris\",\"isPartOf\":{\"@id\":\"https:\\\/\\\/kohenavocats.com\\\/ru\\\/#website\"},\"datePublished\":\"2026-04-19T07:00:26+00:00\",\"dateModified\":\"2026-04-19T07:00:29+00:00\",\"breadcrumb\":{\"@id\":\"https:\\\/\\\/kohenavocats.com\\\/ru\\\/jurisprudences\\\/tribunal-darrondissement-18-juin-2025\\\/#breadcrumb\"},\"inLanguage\":\"ru-RU\",\"potentialAction\":[{\"@type\":\"ReadAction\",\"target\":[\"https:\\\/\\\/kohenavocats.com\\\/ru\\\/jurisprudences\\\/tribunal-darrondissement-18-juin-2025\\\/\"]}]},{\"@type\":\"BreadcrumbList\",\"@id\":\"https:\\\/\\\/kohenavocats.com\\\/ru\\\/jurisprudences\\\/tribunal-darrondissement-18-juin-2025\\\/#breadcrumb\",\"itemListElement\":[{\"@type\":\"ListItem\",\"position\":1,\"name\":\"Home\",\"item\":\"https:\\\/\\\/kohenavocats.com\\\/ru\\\/avocats-en-droit-penal-a-paris-conseil-et-defense-strategique\\\/\"},{\"@type\":\"ListItem\",\"position\":2,\"name\":\"Jurisprudences\",\"item\":\"https:\\\/\\\/kohenavocats.com\\\/ru\\\/jurisprudences\\\/\"},{\"@type\":\"ListItem\",\"position\":3,\"name\":\"Tribunal d&rsquo;arrondissement, 18 juin 2025\"}]},{\"@type\":\"WebSite\",\"@id\":\"https:\\\/\\\/kohenavocats.com\\\/ru\\\/#website\",\"url\":\"https:\\\/\\\/kohenavocats.com\\\/ru\\\/\",\"name\":\"Kohen Avocats\",\"description\":\"Ma\u00eetre Hassan Kohen, avocat p\u00e9naliste \u00e0 Paris, intervient exclusivement en droit p\u00e9nal pour la d\u00e9fense des particuliers, notamment en mati\u00e8re d\u2019accusations de viol. Il assure un accompagnement rigoureux d\u00e8s la garde \u00e0 vue jusqu\u2019\u00e0 la Cour d\u2019assises, veillant au strict respect des garanties proc\u00e9durales.\",\"publisher\":{\"@id\":\"https:\\\/\\\/kohenavocats.com\\\/ru\\\/#organization\"},\"potentialAction\":[{\"@type\":\"SearchAction\",\"target\":{\"@type\":\"EntryPoint\",\"urlTemplate\":\"https:\\\/\\\/kohenavocats.com\\\/ru\\\/?s={search_term_string}\"},\"query-input\":{\"@type\":\"PropertyValueSpecification\",\"valueRequired\":true,\"valueName\":\"search_term_string\"}}],\"inLanguage\":\"ru-RU\"},{\"@type\":\"Organization\",\"@id\":\"https:\\\/\\\/kohenavocats.com\\\/ru\\\/#organization\",\"name\":\"Kohen Avocats\",\"url\":\"https:\\\/\\\/kohenavocats.com\\\/ru\\\/\",\"logo\":{\"@type\":\"ImageObject\",\"inLanguage\":\"ru-RU\",\"@id\":\"https:\\\/\\\/kohenavocats.com\\\/ru\\\/#\\\/schema\\\/logo\\\/image\\\/\",\"url\":\"https:\\\/\\\/kohenavocats.com\\\/wp-content\\\/uploads\\\/2026\\\/01\\\/Logo-2-1.webp\",\"contentUrl\":\"https:\\\/\\\/kohenavocats.com\\\/wp-content\\\/uploads\\\/2026\\\/01\\\/Logo-2-1.webp\",\"width\":2114,\"height\":1253,\"caption\":\"Kohen Avocats\"},\"image\":{\"@id\":\"https:\\\/\\\/kohenavocats.com\\\/ru\\\/#\\\/schema\\\/logo\\\/image\\\/\"}}]}<\/script>\n<!-- \/ Yoast SEO Premium plugin. -->","yoast_head_json":{"title":"Tribunal d'arrondissement, 18 juin 2025 - Ma\u00eetre Hassan Kohen, avocat en droit p\u00e9nal \u00e0 Paris","robots":{"index":"index","follow":"follow","max-snippet":"max-snippet:-1","max-image-preview":"max-image-preview:large","max-video-preview":"max-video-preview:-1"},"canonical":"https:\/\/kohenavocats.com\/ru\/jurisprudences\/tribunal-darrondissement-18-juin-2025\/","og_locale":"ru_RU","og_type":"article","og_title":"Tribunal d'arrondissement, 18 juin 2025","og_description":"1 Jugement en mati\u00e8re commerciale No.2025TADCOMM\/0214 Audience publique du mercredi,dix-huit juindeux millevingt-cinq. Num\u00e9ro du r\u00f4le: TAD-2025-00532. Liquidation: L-2025-00001-D Composition : Chantal GLOD, vice-pr\u00e9sidente, Anouk MEIS, attach\u00e9e de justice \u00e0 titre provisoire d\u00e9l\u00e9gu\u00e9e, Alyssa LUTGEN, attach\u00e9e de justice \u00e0 titre provisoire d\u00e9l\u00e9gu\u00e9e, Manon RISCH, premiersubstitut, Christiane\u2026","og_url":"https:\/\/kohenavocats.com\/ru\/jurisprudences\/tribunal-darrondissement-18-juin-2025\/","og_site_name":"Ma\u00eetre Hassan Kohen, avocat en droit p\u00e9nal \u00e0 Paris","article_modified_time":"2026-04-19T07:00:29+00:00","twitter_card":"summary_large_image","twitter_misc":{"\u041f\u0440\u0438\u043c\u0435\u0440\u043d\u043e\u0435 \u0432\u0440\u0435\u043c\u044f \u0434\u043b\u044f \u0447\u0442\u0435\u043d\u0438\u044f":"5 \u043c\u0438\u043d\u0443\u0442"},"schema":{"@context":"https:\/\/schema.org","@graph":[{"@type":"WebPage","@id":"https:\/\/kohenavocats.com\/ru\/jurisprudences\/tribunal-darrondissement-18-juin-2025\/","url":"https:\/\/kohenavocats.com\/ru\/jurisprudences\/tribunal-darrondissement-18-juin-2025\/","name":"Tribunal d'arrondissement, 18 juin 2025 - Ma\u00eetre Hassan Kohen, avocat en droit p\u00e9nal \u00e0 Paris","isPartOf":{"@id":"https:\/\/kohenavocats.com\/ru\/#website"},"datePublished":"2026-04-19T07:00:26+00:00","dateModified":"2026-04-19T07:00:29+00:00","breadcrumb":{"@id":"https:\/\/kohenavocats.com\/ru\/jurisprudences\/tribunal-darrondissement-18-juin-2025\/#breadcrumb"},"inLanguage":"ru-RU","potentialAction":[{"@type":"ReadAction","target":["https:\/\/kohenavocats.com\/ru\/jurisprudences\/tribunal-darrondissement-18-juin-2025\/"]}]},{"@type":"BreadcrumbList","@id":"https:\/\/kohenavocats.com\/ru\/jurisprudences\/tribunal-darrondissement-18-juin-2025\/#breadcrumb","itemListElement":[{"@type":"ListItem","position":1,"name":"Home","item":"https:\/\/kohenavocats.com\/ru\/avocats-en-droit-penal-a-paris-conseil-et-defense-strategique\/"},{"@type":"ListItem","position":2,"name":"Jurisprudences","item":"https:\/\/kohenavocats.com\/ru\/jurisprudences\/"},{"@type":"ListItem","position":3,"name":"Tribunal d&rsquo;arrondissement, 18 juin 2025"}]},{"@type":"WebSite","@id":"https:\/\/kohenavocats.com\/ru\/#website","url":"https:\/\/kohenavocats.com\/ru\/","name":"Kohen Avocats","description":"Ma\u00eetre Hassan Kohen, avocat p\u00e9naliste \u00e0 Paris, intervient exclusivement en droit p\u00e9nal pour la d\u00e9fense des particuliers, notamment en mati\u00e8re d\u2019accusations de viol. Il assure un accompagnement rigoureux d\u00e8s la garde \u00e0 vue jusqu\u2019\u00e0 la Cour d\u2019assises, veillant au strict respect des garanties proc\u00e9durales.","publisher":{"@id":"https:\/\/kohenavocats.com\/ru\/#organization"},"potentialAction":[{"@type":"SearchAction","target":{"@type":"EntryPoint","urlTemplate":"https:\/\/kohenavocats.com\/ru\/?s={search_term_string}"},"query-input":{"@type":"PropertyValueSpecification","valueRequired":true,"valueName":"search_term_string"}}],"inLanguage":"ru-RU"},{"@type":"Organization","@id":"https:\/\/kohenavocats.com\/ru\/#organization","name":"Kohen Avocats","url":"https:\/\/kohenavocats.com\/ru\/","logo":{"@type":"ImageObject","inLanguage":"ru-RU","@id":"https:\/\/kohenavocats.com\/ru\/#\/schema\/logo\/image\/","url":"https:\/\/kohenavocats.com\/wp-content\/uploads\/2026\/01\/Logo-2-1.webp","contentUrl":"https:\/\/kohenavocats.com\/wp-content\/uploads\/2026\/01\/Logo-2-1.webp","width":2114,"height":1253,"caption":"Kohen Avocats"},"image":{"@id":"https:\/\/kohenavocats.com\/ru\/#\/schema\/logo\/image\/"}}]}},"jetpack_likes_enabled":false,"jetpack_sharing_enabled":true,"_links":{"self":[{"href":"https:\/\/kohenavocats.com\/ru\/wp-json\/wp\/v2\/kji_decision\/602956","targetHints":{"allow":["GET"]}}],"collection":[{"href":"https:\/\/kohenavocats.com\/ru\/wp-json\/wp\/v2\/kji_decision"}],"about":[{"href":"https:\/\/kohenavocats.com\/ru\/wp-json\/wp\/v2\/types\/kji_decision"}],"wp:attachment":[{"href":"https:\/\/kohenavocats.com\/ru\/wp-json\/wp\/v2\/media?parent=602956"}],"wp:term":[{"taxonomy":"kji_country","embeddable":true,"href":"https:\/\/kohenavocats.com\/ru\/wp-json\/wp\/v2\/kji_country?post=602956"},{"taxonomy":"kji_court","embeddable":true,"href":"https:\/\/kohenavocats.com\/ru\/wp-json\/wp\/v2\/kji_court?post=602956"},{"taxonomy":"kji_chamber","embeddable":true,"href":"https:\/\/kohenavocats.com\/ru\/wp-json\/wp\/v2\/kji_chamber?post=602956"},{"taxonomy":"kji_year","embeddable":true,"href":"https:\/\/kohenavocats.com\/ru\/wp-json\/wp\/v2\/kji_year?post=602956"},{"taxonomy":"kji_subject","embeddable":true,"href":"https:\/\/kohenavocats.com\/ru\/wp-json\/wp\/v2\/kji_subject?post=602956"},{"taxonomy":"kji_keyword","embeddable":true,"href":"https:\/\/kohenavocats.com\/ru\/wp-json\/wp\/v2\/kji_keyword?post=602956"},{"taxonomy":"kji_language","embeddable":true,"href":"https:\/\/kohenavocats.com\/ru\/wp-json\/wp\/v2\/kji_language?post=602956"}],"curies":[{"name":"wp","href":"https:\/\/api.w.org\/{rel}","templated":true}]}}