{"id":603307,"date":"2026-04-19T09:43:04","date_gmt":"2026-04-19T07:43:04","guid":{"rendered":"https:\/\/kohenavocats.com\/jurisprudences\/tribunal-darrondissement-29-novembre-2024-3\/"},"modified":"2026-04-19T09:43:07","modified_gmt":"2026-04-19T07:43:07","slug":"tribunal-darrondissement-29-novembre-2024-3","status":"publish","type":"kji_decision","link":"https:\/\/kohenavocats.com\/ru\/jurisprudences\/tribunal-darrondissement-29-novembre-2024-3\/","title":{"rendered":"Tribunal d&#8217;arrondissement, 29 novembre 2024"},"content":{"rendered":"<div class=\"kji-decision\">\n<div class=\"kji-full-text\">\n<p>No.575\/2024 Audience publique du vendredi,29 septembre2024 (Not.:3598\/22\/XC)\u2013SP Le tribunal d\u2019arrondissement de et \u00e0 Diekirch, si\u00e9geant en mati\u00e8re correctionnelle et en composition de juge unique, a rendu en son audience publique du vendredi,vingt-neuf septembredeux mille vingt-quatre, le jugement qui suit dans la cause E N T R E Monsieur le Procureur d\u2019Etat, partie poursuivante, E T PERSONNE1.), n\u00e9 leDATE1.)\u00e0ADRESSE1.), demeurant \u00e0L-ADRESSE2.) pr\u00e9venu, d\u00e9fendeur au civil, en pr\u00e9sence de: la soci\u00e9t\u00e9 anonymeSOCIETE1.)S.A., \u00e9tablie et ayant son si\u00e8gesocial \u00e0 L-ADRESSE3.), ADRESSE4.), repr\u00e9sent\u00e9e par Ma\u00eetre Luc OLINGER, intervenante volontaire, 1)PERSONNE2.), n\u00e9e leDATE2.)\u00e0ADRESSE5.)(F), demeurant \u00e0 L-ADRESSE6.), 2)PERSONNE3.), n\u00e9e leDATE3.), demeurant \u00e0 F-ADRESSE7.),<\/p>\n<p>2 3)PERSONNE4.), n\u00e9 leDATE4.), demeurant \u00e0 F-ADRESSE8.), 4)PERSONNE5.), n\u00e9 leDATE5.), demeurant \u00e0 F-ADRESSE9.), 5)PERSONNE6.), n\u00e9e leDATE6.), demeurant \u00e0 F-ADRESSE7.), parties civiles. ==================================================== F A I T S: Faisant suite \u00e0 unelettre de l\u2019expertDr.Marc KAYSERindiquant que Dr. Marc GLEISrefusait la mission d\u2019expertiselui confi\u00e9e par jugement num\u00e9ro 35\/2024 du26 janvier 2024,l\u2019affairefutappel\u00e9e \u00e0 l\u2019audience publique duvendredi22 novembre2024. Apr\u00e8s l\u2019appel de la cause \u00e0 l\u2019audience publique duvendredi,22 novembre 2024,Ma\u00eetreMonique WIRION, avocat \u00e0 la Cour demeurant \u00e0 Luxembourg, d\u00e9clara repr\u00e9senterPERSONNE2.),PERSONNE3.),PERSONNE4.), PERSONNE5.)etPERSONNE6.)contrePERSONNE1.). Ma\u00eetre Jos\u00e9 LOPES GONCALVES, avocat \u00e0 la Cour demeurant \u00e0 Diekirch, en remplacementde Ma\u00eetreLuc OLINGER, avocat \u00e0 la Cour demeurant \u00e0 Luxembourg,d\u00e9clara repr\u00e9senterla compagnie d\u2019assurancesSOCIETE1.) S.A.. Ma\u00eetre Jos\u00e9 LOPES GONCALVES, avocat \u00e0 la Cour demeurant \u00e0 Diekirch, en remplacementde Ma\u00eetrePhilippe PENNING, avocat \u00e0 la Cour, demeurant \u00e0 Luxembourg, d\u00e9clara repr\u00e9senterPERSONNE1.). Ma\u00eetre Monique WIRIONetMa\u00eetre Jos\u00e9 LOPES GONCALVES furent entendusenleursconclusions. LeMinist\u00e8re Public, repr\u00e9sent\u00e9 parManon RISCH,premiersubstitutdu Procureur d\u2019Etat, fut entendu en son r\u00e9quisitoire. Le tribunal prit l\u2019affaire en d\u00e9lib\u00e9r\u00e9 et fixa le prononc\u00e9 du jugement \u00e0 l\u2019audience publique duvendredi,29 novembre2024. A cette audience publique, le tribunal rendit le<\/p>\n<p>3 JUGEMENT qui suit: Revu le jugement num\u00e9ro35\/2024du26 janvier2024de la chambre correctionnelle du tribunal d&#039;arrondissement de et \u00e0 Diekirch, dans l&#039;affaire opposant le Minist\u00e8re Public au pr\u00e9venuPERSONNE1.), en pr\u00e9sence de l\u2019intervenante volontairela soci\u00e9t\u00e9 anonymeSOCIETE1.)S.A., et des parties civilesPERSONNE2.),PERSONNE3.),PERSONNE4.),PERSONNE5.)et PERSONNE6.). Ce jugementainstitu\u00e9 au civil des expertises etanomm\u00e9 en d\u00e9finitive experts- m\u00e9dicauxle docteurMarc KAYSER, demeurant \u00e0 Luxembourg, 46, rue d\u2019Anvers,ensemble le psychiatreDr. Marc GLEIS,demeurant \u00e0 L-4038 Esch- sur-Alzette, 28, rue Boltgen,et expert-calculateurMa\u00eetre Fran\u00e7ois TURK, avocat \u00e0 la Cour, demeurant \u00e0 L-1651 Luxembourg, 13A, Avenue Guillaume, avec la mission de concilier les parties si faire se peut sinon d\u2019\u00e9valuer dans un rapport \u00e9crit, d\u00e9taill\u00e9 et motiv\u00e9 le pr\u00e9judice mat\u00e9riel, corporel, financier et moral subi parPERSONNE2.), tel que r\u00e9clam\u00e9 dans sa constitution de partie civile, \u00e0 la suite de l\u2019accident du 14 mai 2022, sous r\u00e9serve des recours \u00e9ventuels des organismes de s\u00e9curit\u00e9 sociale. Vula lettre de l\u2019expertDr.Marc KAYSERdu 7 novembre 2024indiquant que Dr. Marc GLEISrefuse la mission d\u2019expertise qui lui a \u00e9t\u00e9 confi\u00e9e par jugement du26 janvier 2024, il y alieu de proc\u00e9der au remplacement dupr\u00e9ditdocteur en tant qu\u2019expert-m\u00e9dical. Parla m\u00eamelettre du7 novembre2024,Dr.Marc KAYSERapropos\u00e9la nomination de l\u2019expert Dr. Michel KR\u00dcGER et Dr. Roland HIRSCHdans le cadre de la mission d\u2019expertise \u00e0 effectuer. Ma\u00eetre Jos\u00e9 LOPES GONCALVES en remplacement des mandataires respectifs du pr\u00e9venu et de l\u2019intervenante volontairea marqu\u00e9 son accord avec les experts propos\u00e9s. Le repr\u00e9sentant du Minist\u00e8re Public, s\u2019estrapport\u00e9\u00e0 prudence de justice. Au vu des explications fournies, il y a lieu de faire droit \u00e0 la demande en remplacement del\u2019expert-psychiatredocteurMarc GLEIS,et de nommerles docteursMichel KR\u00dcGER, m\u00e9decin sp\u00e9cialiste en neurologie,etRoland HIRSCH,m\u00e9decinsp\u00e9cialiste enpsychiatrie,\u00e0 la place du premier nomm\u00e9. P a rc e s m o t i f s ,<\/p>\n<p>4 le tribunal d\u2019arrondissement de et \u00e0 Diekirch, si\u00e9geant en mati\u00e8re correctionnelle, statuant contradictoirement, le pr\u00e9venu et d\u00e9fendeur au civil PERSONNE1.),entendu par le biais de son mandataireensesconclusions au civil, la compagnie d\u2019assurancesSOCIETE1.)S.A., intervenante volontaire, et les demandeurs au civilPERSONNE2.),PERSONNE3.),PERSONNE4.), PERSONNE5.)etPERSONNE6.), entendus par le biais de leurs mandataires respectifsen leurs conclusions au civil, le repr\u00e9sentant du Minist\u00e8re public entendu en son r\u00e9quisitoire, n o m m eexpert-m\u00e9dicalledocteurMichel KR\u00dcGER,m\u00e9decin sp\u00e9cialiste en neurologie,demeurant \u00e0L-4011Esch-sur-Alzette,23-25,Rue de l&#039;Alzette etexpert-m\u00e9dical le docteurRoland HIRSCH,m\u00e9decin sp\u00e9cialiste en psychiatrie,demeurant \u00e0L-9265Diekirch, 2,Rue du Palais,en remplacement dudocteurMarc GLEIS,avec la mission telle que fix\u00e9e dans le jugement pr\u00e9cit\u00e9 num\u00e9ro35\/2024du26 janvier 2024de la chambre correctionnelle du tribunal d&#039;arrondissement de et \u00e0 Diekirch, a u t o r i s elesexperts\u00e0 s&#039;entourer de tous renseignements utiles et n\u00e9cessaires \u00e0 l&#039;accomplissement de la missionleurconfi\u00e9e et m\u00eame \u00e0 entendre de tierces personnes, d i tqu&#039;en cas de refus, d&#039;emp\u00eachement ou de retardd\u2019un desexperts, il sera pourvu \u00e0 son remplacement sur simple requ\u00eate pr\u00e9sent\u00e9e au pr\u00e9sident du si\u00e8ge par la partie la plus diligente, l&#039;autre partie d\u00fbment convoqu\u00e9e, r \u00e9 s e r v eles frais, f i x el&#039;affaire au r\u00f4le sp\u00e9cial. Par application desarticles 1, 179, 182, 185, 190, 190-1, 195 et 196 du Code de proc\u00e9dure p\u00e9nale. Ainsi fait, jug\u00e9 et prononc\u00e9 en audience publique levendredi29 novembre 2024au Palais de justice \u00e0 Diekirch parJean-Claude WIRTH,premierjuge, assist\u00e9 du greffierStefania PALMISANO,en pr\u00e9sence deGeorges SINNER, substitutprincipalduProcureur d\u2019Etat,qui \u00e0 l\u2019exception du repr\u00e9sentant du Minist\u00e8re Public ont sign\u00e9 le pr\u00e9sent jugement.<\/p>\n<p>5 Ce jugement est susceptible d\u2019appel. L\u2019appel doit \u00eatre interjet\u00e9 dans les formes et d\u00e9lais pr\u00e9vus aux articles 202 et suivants du Code de proc\u00e9dure p\u00e9nale et il doit \u00eatre form\u00e9 par le pr\u00e9venu ou son avocat, la partie civile ainsi que la partie civilement responsable ou leurs avocats respectifs dans les40 joursde la date du prononc\u00e9 du pr\u00e9sent jugement, aupr\u00e8s du greffe du Tribunal d\u2019arrondissement de Diekirch, en se pr\u00e9sentantpersonnellement pour signer l\u2019acte d\u2019appel. L\u2019appel peut \u00e9galement \u00eatre interjet\u00e9, dans les40 joursde la date du prononc\u00e9 du pr\u00e9sent jugement par voie decourrier \u00e9lectronique\u00e0 adresser au guichet du greffe du Tribunal d\u2019arrondissement de Diekirch \u00e0 l\u2019adressetad.correctionnel.greffe@justice.etat.lu. Si le pr\u00e9venu estd\u00e9tenu,il peut d\u00e9clarer son appel au greffe du Centre p\u00e9nitentiaire.<\/p>\n<\/div>\n<hr class=\"kji-sep\" \/>\n<p class=\"kji-source-links\"><strong>Sources officielles :<\/strong> <a class=\"kji-source-link\" href=\"https:\/\/data.public.lu\/fr\/datasets\/tribunal-darrondissement-diekirch\/\" target=\"_blank\" rel=\"noopener noreferrer\">consulter la page source<\/a> &middot; <a class=\"kji-pdf-link\" href=\"https:\/\/download.data.public.lu\/resources\/tribunal-darrondissement-diekirch\/20250526-012436\/20241129-tadpenal-575-pseudonymise-accessible.pdf\" target=\"_blank\" rel=\"noopener noreferrer\">PDF officiel<\/a><\/p>\n<p class=\"kji-license-note\"><em>Licence CC BY-ND 4.0 (Administration judiciaire, data.public.lu). Republication autorisee avec attribution, sans modification editoriale du texte integral.<\/em><\/p>\n<\/div>\n","protected":false},"excerpt":{"rendered":"<p>No.575\/2024 Audience publique du vendredi,29 septembre2024 (Not.:3598\/22\/XC)\u2013SP Le tribunal d\u2019arrondissement de et \u00e0 Diekirch, si\u00e9geant en mati\u00e8re correctionnelle et en composition de juge unique, a rendu en son audience publique du vendredi,vingt-neuf septembredeux mille vingt-quatre, le jugement qui suit dans la cause E N T\u2026<\/p>\n","protected":false},"featured_media":0,"template":"","meta":{"_crdt_document":""},"kji_country":[8418],"kji_court":[23583],"kji_chamber":[],"kji_year":[8677],"kji_subject":[7724],"kji_keyword":[23584,23621,8576,23622,7636],"kji_language":[7733],"class_list":["post-603307","kji_decision","type-kji_decision","status-publish","hentry","kji_country-luxembourg","kji_court-tribunal-darrondissement","kji_year-8677","kji_subject-civil","kji_keyword-arrondissement","kji_keyword-audience","kji_keyword-novembre","kji_keyword-publique","kji_keyword-tribunal","kji_language-francais"],"yoast_head":"<!-- This site is optimized with the Yoast SEO Premium plugin v27.4 (Yoast SEO v27.4) - https:\/\/yoast.com\/product\/yoast-seo-premium-wordpress\/ -->\n<title>Tribunal d&#039;arrondissement, 29 novembre 2024 - Ma\u00eetre Hassan Kohen, avocat en droit p\u00e9nal \u00e0 Paris<\/title>\n<meta name=\"robots\" content=\"index, follow, max-snippet:-1, max-image-preview:large, max-video-preview:-1\" \/>\n<link rel=\"canonical\" href=\"https:\/\/kohenavocats.com\/ru\/jurisprudences\/tribunal-darrondissement-29-novembre-2024-3\/\" \/>\n<meta property=\"og:locale\" content=\"ru_RU\" \/>\n<meta property=\"og:type\" content=\"article\" \/>\n<meta property=\"og:title\" content=\"Tribunal d&#039;arrondissement, 29 novembre 2024\" \/>\n<meta property=\"og:description\" content=\"No.575\/2024 Audience publique du vendredi,29 septembre2024 (Not.:3598\/22\/XC)\u2013SP Le tribunal d\u2019arrondissement de et \u00e0 Diekirch, si\u00e9geant en mati\u00e8re correctionnelle et en composition de juge unique, a rendu en son audience publique du vendredi,vingt-neuf septembredeux mille vingt-quatre, le jugement qui suit dans la cause E N T\u2026\" \/>\n<meta property=\"og:url\" content=\"https:\/\/kohenavocats.com\/ru\/jurisprudences\/tribunal-darrondissement-29-novembre-2024-3\/\" \/>\n<meta property=\"og:site_name\" content=\"Ma\u00eetre Hassan Kohen, avocat en droit p\u00e9nal \u00e0 Paris\" \/>\n<meta property=\"article:modified_time\" content=\"2026-04-19T07:43:07+00:00\" \/>\n<meta name=\"twitter:card\" content=\"summary_large_image\" \/>\n<meta name=\"twitter:label1\" content=\"\u041f\u0440\u0438\u043c\u0435\u0440\u043d\u043e\u0435 \u0432\u0440\u0435\u043c\u044f \u0434\u043b\u044f \u0447\u0442\u0435\u043d\u0438\u044f\" \/>\n\t<meta name=\"twitter:data1\" content=\"5 \u043c\u0438\u043d\u0443\u0442\" \/>\n<script type=\"application\/ld+json\" class=\"yoast-schema-graph\">{\"@context\":\"https:\\\/\\\/schema.org\",\"@graph\":[{\"@type\":\"WebPage\",\"@id\":\"https:\\\/\\\/kohenavocats.com\\\/ru\\\/jurisprudences\\\/tribunal-darrondissement-29-novembre-2024-3\\\/\",\"url\":\"https:\\\/\\\/kohenavocats.com\\\/ru\\\/jurisprudences\\\/tribunal-darrondissement-29-novembre-2024-3\\\/\",\"name\":\"Tribunal d'arrondissement, 29 novembre 2024 - Ma\u00eetre Hassan Kohen, avocat en droit p\u00e9nal \u00e0 Paris\",\"isPartOf\":{\"@id\":\"https:\\\/\\\/kohenavocats.com\\\/ru\\\/#website\"},\"datePublished\":\"2026-04-19T07:43:04+00:00\",\"dateModified\":\"2026-04-19T07:43:07+00:00\",\"breadcrumb\":{\"@id\":\"https:\\\/\\\/kohenavocats.com\\\/ru\\\/jurisprudences\\\/tribunal-darrondissement-29-novembre-2024-3\\\/#breadcrumb\"},\"inLanguage\":\"ru-RU\",\"potentialAction\":[{\"@type\":\"ReadAction\",\"target\":[\"https:\\\/\\\/kohenavocats.com\\\/ru\\\/jurisprudences\\\/tribunal-darrondissement-29-novembre-2024-3\\\/\"]}]},{\"@type\":\"BreadcrumbList\",\"@id\":\"https:\\\/\\\/kohenavocats.com\\\/ru\\\/jurisprudences\\\/tribunal-darrondissement-29-novembre-2024-3\\\/#breadcrumb\",\"itemListElement\":[{\"@type\":\"ListItem\",\"position\":1,\"name\":\"Home\",\"item\":\"https:\\\/\\\/kohenavocats.com\\\/ru\\\/avocats-en-droit-penal-a-paris-conseil-et-defense-strategique\\\/\"},{\"@type\":\"ListItem\",\"position\":2,\"name\":\"Jurisprudences\",\"item\":\"https:\\\/\\\/kohenavocats.com\\\/ru\\\/jurisprudences\\\/\"},{\"@type\":\"ListItem\",\"position\":3,\"name\":\"Tribunal d&rsquo;arrondissement, 29 novembre 2024\"}]},{\"@type\":\"WebSite\",\"@id\":\"https:\\\/\\\/kohenavocats.com\\\/ru\\\/#website\",\"url\":\"https:\\\/\\\/kohenavocats.com\\\/ru\\\/\",\"name\":\"Kohen Avocats\",\"description\":\"Ma\u00eetre Hassan Kohen, avocat p\u00e9naliste \u00e0 Paris, intervient exclusivement en droit p\u00e9nal pour la d\u00e9fense des particuliers, notamment en mati\u00e8re d\u2019accusations de viol. Il assure un accompagnement rigoureux d\u00e8s la garde \u00e0 vue jusqu\u2019\u00e0 la Cour d\u2019assises, veillant au strict respect des garanties proc\u00e9durales.\",\"publisher\":{\"@id\":\"https:\\\/\\\/kohenavocats.com\\\/ru\\\/#organization\"},\"potentialAction\":[{\"@type\":\"SearchAction\",\"target\":{\"@type\":\"EntryPoint\",\"urlTemplate\":\"https:\\\/\\\/kohenavocats.com\\\/ru\\\/?s={search_term_string}\"},\"query-input\":{\"@type\":\"PropertyValueSpecification\",\"valueRequired\":true,\"valueName\":\"search_term_string\"}}],\"inLanguage\":\"ru-RU\"},{\"@type\":\"Organization\",\"@id\":\"https:\\\/\\\/kohenavocats.com\\\/ru\\\/#organization\",\"name\":\"Kohen Avocats\",\"url\":\"https:\\\/\\\/kohenavocats.com\\\/ru\\\/\",\"logo\":{\"@type\":\"ImageObject\",\"inLanguage\":\"ru-RU\",\"@id\":\"https:\\\/\\\/kohenavocats.com\\\/ru\\\/#\\\/schema\\\/logo\\\/image\\\/\",\"url\":\"https:\\\/\\\/kohenavocats.com\\\/wp-content\\\/uploads\\\/2026\\\/01\\\/Logo-2-1.webp\",\"contentUrl\":\"https:\\\/\\\/kohenavocats.com\\\/wp-content\\\/uploads\\\/2026\\\/01\\\/Logo-2-1.webp\",\"width\":2114,\"height\":1253,\"caption\":\"Kohen Avocats\"},\"image\":{\"@id\":\"https:\\\/\\\/kohenavocats.com\\\/ru\\\/#\\\/schema\\\/logo\\\/image\\\/\"}}]}<\/script>\n<!-- \/ Yoast SEO Premium plugin. -->","yoast_head_json":{"title":"Tribunal d'arrondissement, 29 novembre 2024 - Ma\u00eetre Hassan Kohen, avocat en droit p\u00e9nal \u00e0 Paris","robots":{"index":"index","follow":"follow","max-snippet":"max-snippet:-1","max-image-preview":"max-image-preview:large","max-video-preview":"max-video-preview:-1"},"canonical":"https:\/\/kohenavocats.com\/ru\/jurisprudences\/tribunal-darrondissement-29-novembre-2024-3\/","og_locale":"ru_RU","og_type":"article","og_title":"Tribunal d'arrondissement, 29 novembre 2024","og_description":"No.575\/2024 Audience publique du vendredi,29 septembre2024 (Not.:3598\/22\/XC)\u2013SP Le tribunal d\u2019arrondissement de et \u00e0 Diekirch, si\u00e9geant en mati\u00e8re correctionnelle et en composition de juge unique, a rendu en son audience publique du vendredi,vingt-neuf septembredeux mille vingt-quatre, le jugement qui suit dans la cause E N T\u2026","og_url":"https:\/\/kohenavocats.com\/ru\/jurisprudences\/tribunal-darrondissement-29-novembre-2024-3\/","og_site_name":"Ma\u00eetre Hassan Kohen, avocat en droit p\u00e9nal \u00e0 Paris","article_modified_time":"2026-04-19T07:43:07+00:00","twitter_card":"summary_large_image","twitter_misc":{"\u041f\u0440\u0438\u043c\u0435\u0440\u043d\u043e\u0435 \u0432\u0440\u0435\u043c\u044f \u0434\u043b\u044f \u0447\u0442\u0435\u043d\u0438\u044f":"5 \u043c\u0438\u043d\u0443\u0442"},"schema":{"@context":"https:\/\/schema.org","@graph":[{"@type":"WebPage","@id":"https:\/\/kohenavocats.com\/ru\/jurisprudences\/tribunal-darrondissement-29-novembre-2024-3\/","url":"https:\/\/kohenavocats.com\/ru\/jurisprudences\/tribunal-darrondissement-29-novembre-2024-3\/","name":"Tribunal d'arrondissement, 29 novembre 2024 - Ma\u00eetre Hassan Kohen, avocat en droit p\u00e9nal \u00e0 Paris","isPartOf":{"@id":"https:\/\/kohenavocats.com\/ru\/#website"},"datePublished":"2026-04-19T07:43:04+00:00","dateModified":"2026-04-19T07:43:07+00:00","breadcrumb":{"@id":"https:\/\/kohenavocats.com\/ru\/jurisprudences\/tribunal-darrondissement-29-novembre-2024-3\/#breadcrumb"},"inLanguage":"ru-RU","potentialAction":[{"@type":"ReadAction","target":["https:\/\/kohenavocats.com\/ru\/jurisprudences\/tribunal-darrondissement-29-novembre-2024-3\/"]}]},{"@type":"BreadcrumbList","@id":"https:\/\/kohenavocats.com\/ru\/jurisprudences\/tribunal-darrondissement-29-novembre-2024-3\/#breadcrumb","itemListElement":[{"@type":"ListItem","position":1,"name":"Home","item":"https:\/\/kohenavocats.com\/ru\/avocats-en-droit-penal-a-paris-conseil-et-defense-strategique\/"},{"@type":"ListItem","position":2,"name":"Jurisprudences","item":"https:\/\/kohenavocats.com\/ru\/jurisprudences\/"},{"@type":"ListItem","position":3,"name":"Tribunal d&rsquo;arrondissement, 29 novembre 2024"}]},{"@type":"WebSite","@id":"https:\/\/kohenavocats.com\/ru\/#website","url":"https:\/\/kohenavocats.com\/ru\/","name":"Kohen Avocats","description":"Ma\u00eetre Hassan Kohen, avocat p\u00e9naliste \u00e0 Paris, intervient exclusivement en droit p\u00e9nal pour la d\u00e9fense des particuliers, notamment en mati\u00e8re d\u2019accusations de viol. Il assure un accompagnement rigoureux d\u00e8s la garde \u00e0 vue jusqu\u2019\u00e0 la Cour d\u2019assises, veillant au strict respect des garanties proc\u00e9durales.","publisher":{"@id":"https:\/\/kohenavocats.com\/ru\/#organization"},"potentialAction":[{"@type":"SearchAction","target":{"@type":"EntryPoint","urlTemplate":"https:\/\/kohenavocats.com\/ru\/?s={search_term_string}"},"query-input":{"@type":"PropertyValueSpecification","valueRequired":true,"valueName":"search_term_string"}}],"inLanguage":"ru-RU"},{"@type":"Organization","@id":"https:\/\/kohenavocats.com\/ru\/#organization","name":"Kohen Avocats","url":"https:\/\/kohenavocats.com\/ru\/","logo":{"@type":"ImageObject","inLanguage":"ru-RU","@id":"https:\/\/kohenavocats.com\/ru\/#\/schema\/logo\/image\/","url":"https:\/\/kohenavocats.com\/wp-content\/uploads\/2026\/01\/Logo-2-1.webp","contentUrl":"https:\/\/kohenavocats.com\/wp-content\/uploads\/2026\/01\/Logo-2-1.webp","width":2114,"height":1253,"caption":"Kohen Avocats"},"image":{"@id":"https:\/\/kohenavocats.com\/ru\/#\/schema\/logo\/image\/"}}]}},"jetpack_likes_enabled":false,"jetpack_sharing_enabled":true,"_links":{"self":[{"href":"https:\/\/kohenavocats.com\/ru\/wp-json\/wp\/v2\/kji_decision\/603307","targetHints":{"allow":["GET"]}}],"collection":[{"href":"https:\/\/kohenavocats.com\/ru\/wp-json\/wp\/v2\/kji_decision"}],"about":[{"href":"https:\/\/kohenavocats.com\/ru\/wp-json\/wp\/v2\/types\/kji_decision"}],"wp:attachment":[{"href":"https:\/\/kohenavocats.com\/ru\/wp-json\/wp\/v2\/media?parent=603307"}],"wp:term":[{"taxonomy":"kji_country","embeddable":true,"href":"https:\/\/kohenavocats.com\/ru\/wp-json\/wp\/v2\/kji_country?post=603307"},{"taxonomy":"kji_court","embeddable":true,"href":"https:\/\/kohenavocats.com\/ru\/wp-json\/wp\/v2\/kji_court?post=603307"},{"taxonomy":"kji_chamber","embeddable":true,"href":"https:\/\/kohenavocats.com\/ru\/wp-json\/wp\/v2\/kji_chamber?post=603307"},{"taxonomy":"kji_year","embeddable":true,"href":"https:\/\/kohenavocats.com\/ru\/wp-json\/wp\/v2\/kji_year?post=603307"},{"taxonomy":"kji_subject","embeddable":true,"href":"https:\/\/kohenavocats.com\/ru\/wp-json\/wp\/v2\/kji_subject?post=603307"},{"taxonomy":"kji_keyword","embeddable":true,"href":"https:\/\/kohenavocats.com\/ru\/wp-json\/wp\/v2\/kji_keyword?post=603307"},{"taxonomy":"kji_language","embeddable":true,"href":"https:\/\/kohenavocats.com\/ru\/wp-json\/wp\/v2\/kji_language?post=603307"}],"curies":[{"name":"wp","href":"https:\/\/api.w.org\/{rel}","templated":true}]}}