{"id":603639,"date":"2026-04-19T10:30:01","date_gmt":"2026-04-19T08:30:01","guid":{"rendered":"https:\/\/kohenavocats.com\/jurisprudences\/tribunal-darrondissement-7-mars-2025-n-2024-01446\/"},"modified":"2026-04-19T10:30:08","modified_gmt":"2026-04-19T08:30:08","slug":"tribunal-darrondissement-7-mars-2025-n-2024-01446","status":"publish","type":"kji_decision","link":"https:\/\/kohenavocats.com\/ru\/jurisprudences\/tribunal-darrondissement-7-mars-2025-n-2024-01446\/","title":{"rendered":"Tribunal d&#8217;arrondissement, 7 mars 2025, n\u00b0 2024-01446"},"content":{"rendered":"<div class=\"kji-decision\">\n<div class=\"kji-full-text\">\n<p>1 Jugement N\u00b0 2025TADCOMM\/009 8(appelbail \u00e0 loyer) Audience publique duvendredi,sept marsdeux mille vingt-cinq Num\u00e9ro du r\u00f4le :TAD-2024-01446 Composition : Chantal GLOD, vice-pr\u00e9sident, Jean-Claude WIRTH, premier juge, Gilles PETRY, vice-pr\u00e9sident, Christiane BRITZ, greffier. Entre: PERSONNE1.),pensionn\u00e9,demeurant \u00e0 L-ADRESSE1.), partie appelante aux termes d&#039;un exploit de l&#039;huissierde justicesuppl\u00e9ant Marine HAAGEN, en remplacement de l\u2019huissier de justiceNadine dite Nanou TAPELLA, demeurant \u00e0Esch-sur-Alzette,du 22 octobre 2024, et d\u2019un exploit de l\u2019huissier de justiceGeorges WEBERde Diekirch du22 octobre 2024, comparant en personne, et: 1)PERSONNE2.),sans \u00e9tat connu, demeurant \u00e0 L-ADRESSE2.), comparanten personne, 2)PERSONNE3.), sans \u00e9tat connu, demeurant \u00e0L-ADRESSE3.), comparantpar son filsPERSONNE4.), partiesintim\u00e9esaux fins du pr\u00e9dit exploitHAAGEN, 3)PERSONNE5.),sans \u00e9tat connu,ayant demeur\u00e9 \u00e0 L-ADRESSE4.), demeurantactuellement\u00e0L-ADRESSE5.), comparant par sonfr\u00e8rePERSONNE4.),<\/p>\n<p>2 partie intim\u00e9e aux fins du pr\u00e9dit exploit MULLER. Le Tribunal : Faits: Par exploitsde l&#039;huissier de justicesuppl\u00e9antMarine HAAGEN, en remplacement de l\u2019huissier de justice Nadine dite Nanou TAPELLA, demeurant \u00e0 Esch-sur-Alzette, du 22 octobre 2024,et de l\u2019huissier de justice Georges WEBER de Diekirch du22 octobre2024,PERSONNE1.), pensionn\u00e9, demeurant \u00e0 L-ADRESSE1.), afait signifier \u00e01)PERSONNE2.), sans \u00e9tat connu, demeurant \u00e0 L-ADRESSE2.),2)PERSONNE3.), sans \u00e9tat connu, demeurant \u00e0 L-ADRESSE3.), et 3)PERSONNE5.), sans \u00e9tat connu, demeurant \u00e0 L-ADRESSE4.),qu&#039;ilrel\u00e8veformellement appel dujugement n\u00b0 1059\/24rendu contradictoirementet en premier ressort,par le tribunal de paix de Diekirch, si\u00e9geant en mati\u00e8re de bail\u00e0 loyer, en son audience publique du18 septembre2024. Par m\u00eamesexploitsHAAGENetWEBER,ilafait donner assignation \u00e0 PERSONNE2.),PERSONNE3.) etPERSONNE5.) \u00e0 compara\u00eetre \u00e0 l&#039;audiencepubliquedu mercredi, 27 novembre 2024, \u00e0 10.00 heures du matin, devant le tribunal d&#039;arrondissement de Diekirch, si\u00e9geant en mati\u00e8re d\u2019appeldebail\u00e0 loyer,pour y voir statuer sur le m\u00e9rite des conclusions du dispositif de l&#039;assignation reproduite ci-apr\u00e8s par proc\u00e9d\u00e9 de photocopie:<\/p>\n<p>3 Cette affaire fut mise au r\u00f4le par les soinsdelapartieappelanteet inscrite aur\u00f4le sous le num\u00e9roTAD-2024-01446. A l&#039;appel de la cause \u00e0 l&#039;audience publique du27 novembre 2024, l&#039;affaire fut refix\u00e9e \u00e0 l\u2019audiencedu15 janvier 2025 pour permettre \u00e0 la partie appelante de communiquer les pi\u00e8ces aux parties intim\u00e9es et pour proc\u00e9der conform\u00e9ment aux dispositions de l\u2019article 84 du Nouveau Code de proc\u00e9durecivile\u00e0 l\u2019encontre dePERSONNE3.)et dePERSONNE5.). Al\u2019audiencedu 15 janvier 2025,l\u2019affaire fututilement retenueet PERSONNE1.)futentendu enses moyenset conclusions.PERSONNE2.) fut \u00e9galement entendu en ses explications et conclusionsainsi que PERSONNE4.), muni d\u2019une procuration de PERSONNE3.) et de PERSONNE5.)pour les repr\u00e9senter dans le cadre de la pr\u00e9sente proc\u00e9dure. Sur ce le tribunal prit l&#039;affaire en d\u00e9lib\u00e9r\u00e9 et rendit\u00e0 l\u2019audience publique de ce jourle Jugement qui suit: Par jugement du18 septembre 2024,le tribunal de paix de Diekirch, si\u00e9geant en mati\u00e8re de bail\u00e0 loyer, statuant contradictoirementet en premier ressort, a re\u00e7u la demandedePERSONNE1.)en la forme, a donn\u00e9 acte \u00e0 PERSONNE1.)de l\u2019augmentation desademande, a ditque la demande en r\u00e9siliation et en d\u00e9guerpissement est devenue sans objet et ad\u00e9clar\u00e9 la demande en paiement des arri\u00e9r\u00e9s de loyer fond\u00e9e jusqu\u2019\u00e0 concurrence du montant de 8.952,50 euros. Le premier juge a d\u00e9clar\u00e9 la demande en paiement de d\u00e9g\u00e2ts locatifs fond\u00e9e pour le montant de 852,54 euros et a condamn\u00e9 PERSONNE2.), PERSONNE3.)etPERSONNE5.)\u00e0 payer \u00e0PERSONNE1.)la somme de 9.805,04 euros, avec les int\u00e9r\u00eats l\u00e9gaux \u00e0 partir de la demande en justice, soit le 11 mars 2024, jusqu\u2019\u00e0 solde. La demande dePERSONNE1.)a \u00e9t\u00e9 d\u00e9clar\u00e9enon fond\u00e9e pour le surplus et PERSONNE2.),PERSONNE3.)etPERSONNE5.)ont \u00e9t\u00e9 condamn\u00e9s aux frais et d\u00e9pens de la premi\u00e8re instance. De ce jugement,PERSONNE1.)ar\u00e9guli\u00e8rementrelev\u00e9 appel par exploits d&#039;huissier du22 octobre2024. Par r\u00e9formation du jugement entrepris,PERSONNE1.)demande au tribunal de condamnerPERSONNE2.),PERSONNE3.) etPERSONNE5.) au paiement de l\u2019int\u00e9gralit\u00e9 des arri\u00e9r\u00e9s de loyers et des d\u00e9g\u00e2ts locatifs, soit la somme de 17.801,57 euros (13.467,50 + 4.334,07), avec les int\u00e9r\u00eats l\u00e9gaux \u00e0 partir du 11 avril 2024, jusqu\u2019\u00e0 solde. Il est constant en cause que suivant contrat de bail du16 janvier 2018, PERSONNE1.)a donn\u00e9 en location \u00e0PERSONNE2.),PERSONNE3.)et PERSONNE5.)une maison sise \u00e0 Ettelbruck, 28 Stackels, moyennant<\/p>\n<p>4 paiement d\u2019un loyer mensuel de2.125eurosdu 15 f\u00e9vrier 2018 au 14 f\u00e9vrier 2020, de 2.155 euros du 15 f\u00e9vrier 2020 au 14 f\u00e9vrier 2022, de 2.185 euros du15 f\u00e9vrier 2022au 14 f\u00e9vrier 2024, de 2.215 euros du15 f\u00e9vrier 2024au 14 f\u00e9vrier 2026, de 2.245 euros du15 f\u00e9vrier 2026au 14 f\u00e9vrier 2028 et de 2.275 euros du15 f\u00e9vrier 2028au 14 f\u00e9vrier 2030. PERSONNE1.)fait grief au premier juge d\u2019avoir retenu que le bailleur ne peut plus r\u00e9clamer les loyers des mois de d\u00e9cembre 2019, juinetd\u00e9cembre 2020 et de septembre 2022pour avoir renoncer au paiement des loyers \u00e9chus avant 2023. Il soutient ne jamais avoir renonc\u00e9 au paiement des loyers en question, de sorte que les locataires seraient redevables du paiement de tous les loyers. Par requ\u00eate d\u00e9pos\u00e9e le 11 mars 2024 au greffe de la Justice de paix de Diekirch,PERSONNE1.)a r\u00e9clam\u00e9 la condamnation dePERSONNE2.), PERSONNE3.)et dePERSONNE5.)au paiement de la somme de 11.137,50 euros \u00e0 titre d\u2019arri\u00e9r\u00e9s de loyers des mois de f\u00e9vrier, avril, mai, juin, juillet, ao\u00fbt, septembre et octobre 2023. A l\u2019audience des plaidoiries devant le premier juge et en instance d\u2019appel, PERSONNE1.) demande encore la condamnation de PERSONNE2.), PERSONNE3.) etdePERSONNE5.) au paiement du montant suppl\u00e9mentaire de 6.580 euros \u00e0 titre d\u2019arri\u00e9r\u00e9s de loyers pour les mois de d\u00e9cembre 2019, juin et d\u00e9cembre 2020, septembre 2022 etle montant de 265 euros se rapportant \u00e0 la p\u00e9riode avant f\u00e9vrier 2023. Cette demande additionnelle est contest\u00e9e par lesintim\u00e9s. Dans la mesure o\u00f9 la demande en paiement des loyers se rapportant aux mois ded\u00e9cembre 2019, juin et d\u00e9cembre 2020, septembre 2022n\u2019\u00e9tait pas d\u00e9j\u00e0 exprim\u00e9e dans l\u2019acte introductif d\u2019instance bien que ces loyersfussent \u00e9chus avant le d\u00e9p\u00f4t de la requ\u00eate en date du 11 mars 2024 et quele contrat judiciaire est form\u00e9 entre parties par l\u2019exploit introductif d\u2019instance qui fixe la qualit\u00e9 des parties, l\u2019objet et la cause de la demande, c\u2019est \u00e0 juste titre que le premier juge a rejet\u00e9ce volet de la demande dePERSONNE1.)pr\u00e9sent\u00e9e lors des d\u00e9bats en date du 17 mai 2024, le juge de paix ayant de surcroit constat\u00e9 que dans son courrier du 17 janvier 2024, courrier non vers\u00e9 en instance d\u2019appel,PERSONNE1.)a fait preuve d\u2019une renonciation claire et non \u00e9quivoque au paiement des loyers \u00e9chus avant 2023. L\u2019appel est partant \u00e0 d\u00e9clarer non fond\u00e9 en ce qui concerne le paiement d\u2019arri\u00e9r\u00e9s de loyers. PERSONNE1.)conteste encore la d\u00e9cision du premier juge pour avoir uniquement retenu le montant de 852,54 euros \u00e0 titre de d\u00e9g\u00e2ts locatifs et il demande au tribunal de lui allouer de ce chef la somme de 4.334,07 euros. L\u2019article 1732 du code civil dispose que le preneur r\u00e9pond des d\u00e9gradations ou des pertes qui arrivent pendant sa jouissance, \u00e0 moins qu\u2019il ne prouve qu\u2019elles aient eu lieu sans sa faute.<\/p>\n<p>5 Le preneur est tenu au cours du bail, d\u2019effectuer les r\u00e9parations locatives ou de menu entretien, il r\u00e9pond, d\u2019autre part, des d\u00e9gradations ou des pertes qui arrivent pendant sa jouissance \u00e0 moins qu\u2019il ne prouve qu\u2019elles ont eu lieu sans da faute (cf. Les Novelles, Le louage de choses, les baux en g\u00e9n\u00e9rales, par Marcel La Haye et Jospeh Vankerckhove, n\u00b0887, page 589). L\u2019obligation qui incombe au locataire de restituer les lieux lou\u00e9s en bon \u00e9tat est une obligation de r\u00e9sultat dans son chef. Dans le m\u00e9canisme de l\u2019article 1732 du code civil, il suffit partant au bailleur de prouver que, pendant la jouissance des lieux, il y a eu une d\u00e9gradation exc\u00e9dante celle r\u00e9sultant d\u2019une usure normale. Par le fait m\u00eame de cette preuve, il y a une pr\u00e9somption d\u2019inex\u00e9cution fautive \u00e0 charge du preneur (cf. TAL 05.02.1987, n\u00b035323 du r\u00f4le). En l\u2019esp\u00e8ce, aucun \u00e9tat des lieux de sortie contradictoire n\u2019a \u00e9t\u00e9 \u00e9tabli entre les parties.A d\u00e9faut de constat des lieux \u00e9crit, l\u2019\u00e9tat des lieux au moment du d\u00e9part des locataires pourra \u00eatre prouv\u00e9 par tout moyen de preuve l\u00e9galement admissible. Il appartient \u00e0PERSONNE1.)d\u2019\u00e9tablir les d\u00e9g\u00e2ts all\u00e9gu\u00e9s et de prouver qu\u2019ils d\u00e9passent l\u2019usure normale. Il neressort pas des pi\u00e8ces du dossier que le bailleur ait tent\u00e9 de convoquer les appelants \u00e0 un \u00e9tat des lieux de sortie contradictoire. Aucun constat d\u2019huissier n\u2019a \u00e9t\u00e9 dress\u00e9 pour prouver la r\u00e9alit\u00e9 et l\u2019ampleur des d\u00e9g\u00e2ts all\u00e9gu\u00e9s.PERSONNE1.)remetcependantau tribunal plusieurs photoset factures. Il convient de relever que le montant de 411,54 euros r\u00e9clam\u00e9 par PERSONNE1.)\u00e0 titre de travaux de nettoyage de la moisissure et de frais de peinture a d\u2019ores et d\u00e9j\u00e0 \u00e9t\u00e9 accord\u00e9 par le juge de paix. Compte tenu d\u2019un usage des lieux pendant cinq ans, c\u2019est \u00e0 juste titre que le premier juge a appliqu\u00e9 un coefficient de v\u00e9tust\u00e9 de 50% quant au remplacement de la hotte et a de ce chef allou\u00e9 \u00e0 l\u2019appelant le montant de 441 euros. L\u2019appelant r\u00e9clamepar ailleursle montant de 573,52 euros \u00e0 titre de travaux effectu\u00e9s dans la salle de bains, le montant de 399,61 euros \u00e0 titre de remplacement de la chasse d\u2019eau, le montant de 200,79 euros \u00e0 titre de frais de remplacement des plafonniers et le montant de 510,18 euros \u00e0 titre de frais de nettoyage. Le tribunal se doitcependantde constater que les seules photoset factures vers\u00e9es en cause nefontpreuvenidela r\u00e9alit\u00e9ni de l\u2019ampleurdes d\u00e9g\u00e2ts all\u00e9gu\u00e9set ne permettentpasau tribunal d\u2019appr\u00e9ciersi etpour quelle raison cestravauxet remplacements ont d\u00fb \u00eatre faits. A d\u00e9faut de contestations circonstanci\u00e9es de la part des intim\u00e9s et au vu des photos et factures vers\u00e9es en cause, le tribunal dit la demande en remplacement du radiateur \u00e0 hauteur du montant de 255,20 euroset la demande en remplacementdes charni\u00e8res \u00e0 hauteur du montant de 250<\/p>\n<p>6 eurosfond\u00e9es, ces d\u00e9gradationsdocument\u00e9es par les photos vers\u00e9es en causeexc\u00e9denten effetl\u2019usure normale. La demande en remplacement de ceintures de volet est \u00e0 d\u00e9clarer fond\u00e9e \u00e0 concurrence du montant de 40euros, les photos vers\u00e9es en cause ne pr\u00e9sentant qu\u2019une seule ceinture de volet endommag\u00e9e. Dans la mesure o\u00f9 l\u2019\u00e9vier pr\u00e9sente une d\u00e9gradationexc\u00e9dant l\u2019usure normale, le tribunal d\u00e9cide d\u2019allouer de ce chef ex aequo et bono le montant de 200 euros,les pi\u00e8ces vers\u00e9es en cause ne permettant pas de retenir le montant de726,80euros r\u00e9clam\u00e9 par la partie appelante. Par r\u00e9formation du jugement entrepris, il y a partant lieu de d\u00e9clarer la demandedePERSONNE1.)en allocation de dommages-int\u00e9r\u00eats du chef de dommages locatifs fond\u00e9e \u00e0 concurrence de la somme de1.597, 44 euros (852,54 +745,20). Par ces motifs le tribunal d&#039;arrondissement de et \u00e0 Diekirch, si\u00e9geant en mati\u00e8re d\u2019appel de bail \u00e0 loyer, statuant contradictoirement, re\u00e7oitl\u2019appel en la forme, leditpartiellementfond\u00e9, ditla demande dePERSONNE1.)en paiement de d\u00e9g\u00e2ts locatifs fond\u00e9e \u00e0 concurrence de la somme de1.597,44euros, condamnePERSONNE2.),PERSONNE3.)etPERSONNE5.)\u00e0 payer \u00e0 PERSONNE1.)la somme de1.597,44euros \u00e0 titre de d\u00e9g\u00e2ts locatifs, avec les int\u00e9r\u00eats l\u00e9gaux \u00e0 partir du 11 mars 2024, jusqu\u2019\u00e0 solde, confirmele jugement entreprispour le surplus, condamnePERSONNE2.),PERSONNE3.)etPERSONNE5.)aux frais et d\u00e9pens de l\u2019instance d\u2019appel.<\/p>\n<p>7 Ainsi prononc\u00e9 en audience publique au tribunal d\u2019arrondissement de et \u00e0 Diekirch, par Nous Chantal GLOD, vice -pr\u00e9sident pr\u00e8s le tribunal d\u2019arrondissement, assist\u00e9e du greffier Christiane BRITZ. Le greffier Le vice-pr\u00e9sident<\/p>\n<\/div>\n<hr class=\"kji-sep\" \/>\n<p class=\"kji-source-links\"><strong>Sources officielles :<\/strong> <a class=\"kji-source-link\" href=\"https:\/\/data.public.lu\/fr\/datasets\/tribunal-darrondissement-diekirch\/\" target=\"_blank\" rel=\"noopener noreferrer\">consulter la page source<\/a> &middot; <a class=\"kji-pdf-link\" href=\"https:\/\/download.data.public.lu\/resources\/tribunal-darrondissement-diekirch\/20250331-011834\/20250307-tad-2024-01446-pseudonymise-accessible.pdf\" target=\"_blank\" rel=\"noopener noreferrer\">PDF officiel<\/a><\/p>\n<p class=\"kji-license-note\"><em>Licence CC BY-ND 4.0 (Administration judiciaire, data.public.lu). Republication autorisee avec attribution, sans modification editoriale du texte integral.<\/em><\/p>\n<\/div>\n","protected":false},"excerpt":{"rendered":"<p>1 Jugement N\u00b0 2025TADCOMM\/009 8(appelbail \u00e0 loyer) Audience publique duvendredi,sept marsdeux mille vingt-cinq Num\u00e9ro du r\u00f4le :TAD-2024-01446 Composition : Chantal GLOD, vice-pr\u00e9sident, Jean-Claude WIRTH, premier juge, Gilles PETRY, vice-pr\u00e9sident, Christiane BRITZ, greffier. Entre: PERSONNE1.),pensionn\u00e9,demeurant \u00e0 L-ADRESSE1.), partie appelante aux termes d&#8217;un exploit de l&#8217;huissierde justicesuppl\u00e9ant\u2026<\/p>\n","protected":false},"featured_media":0,"template":"","meta":{"_crdt_document":""},"kji_country":[8418],"kji_court":[23583],"kji_chamber":[],"kji_year":[8463],"kji_subject":[7724],"kji_keyword":[23584,7636],"kji_language":[7733],"class_list":["post-603639","kji_decision","type-kji_decision","status-publish","hentry","kji_country-luxembourg","kji_court-tribunal-darrondissement","kji_year-8463","kji_subject-civil","kji_keyword-arrondissement","kji_keyword-tribunal","kji_language-francais"],"yoast_head":"<!-- This site is optimized with the Yoast SEO Premium plugin v27.5 (Yoast SEO v27.5) - https:\/\/yoast.com\/product\/yoast-seo-premium-wordpress\/ -->\n<title>Tribunal d&#039;arrondissement, 7 mars 2025, n\u00b0 2024-01446 - Ma\u00eetre Hassan Kohen, avocat en droit p\u00e9nal \u00e0 Paris<\/title>\n<meta name=\"robots\" content=\"index, follow, max-snippet:-1, max-image-preview:large, max-video-preview:-1\" \/>\n<link rel=\"canonical\" href=\"https:\/\/kohenavocats.com\/ru\/jurisprudences\/tribunal-darrondissement-7-mars-2025-n-2024-01446\/\" \/>\n<meta property=\"og:locale\" content=\"ru_RU\" \/>\n<meta property=\"og:type\" content=\"article\" \/>\n<meta property=\"og:title\" content=\"Tribunal d&#039;arrondissement, 7 mars 2025, n\u00b0 2024-01446\" \/>\n<meta property=\"og:description\" content=\"1 Jugement N\u00b0 2025TADCOMM\/009 8(appelbail \u00e0 loyer) Audience publique duvendredi,sept marsdeux mille vingt-cinq Num\u00e9ro du r\u00f4le :TAD-2024-01446 Composition : Chantal GLOD, vice-pr\u00e9sident, Jean-Claude WIRTH, premier juge, Gilles PETRY, vice-pr\u00e9sident, Christiane BRITZ, greffier. Entre: PERSONNE1.),pensionn\u00e9,demeurant \u00e0 L-ADRESSE1.), partie appelante aux termes d&#039;un exploit de l&#039;huissierde justicesuppl\u00e9ant\u2026\" \/>\n<meta property=\"og:url\" content=\"https:\/\/kohenavocats.com\/ru\/jurisprudences\/tribunal-darrondissement-7-mars-2025-n-2024-01446\/\" \/>\n<meta property=\"og:site_name\" content=\"Ma\u00eetre Hassan Kohen, avocat en droit p\u00e9nal \u00e0 Paris\" \/>\n<meta property=\"article:modified_time\" content=\"2026-04-19T08:30:08+00:00\" \/>\n<meta name=\"twitter:card\" content=\"summary_large_image\" \/>\n<meta name=\"twitter:label1\" content=\"\u041f\u0440\u0438\u043c\u0435\u0440\u043d\u043e\u0435 \u0432\u0440\u0435\u043c\u044f \u0434\u043b\u044f \u0447\u0442\u0435\u043d\u0438\u044f\" \/>\n\t<meta name=\"twitter:data1\" content=\"10 \u043c\u0438\u043d\u0443\u0442\" \/>\n<script type=\"application\/ld+json\" class=\"yoast-schema-graph\">{\"@context\":\"https:\\\/\\\/schema.org\",\"@graph\":[{\"@type\":\"WebPage\",\"@id\":\"https:\\\/\\\/kohenavocats.com\\\/ru\\\/jurisprudences\\\/tribunal-darrondissement-7-mars-2025-n-2024-01446\\\/\",\"url\":\"https:\\\/\\\/kohenavocats.com\\\/ru\\\/jurisprudences\\\/tribunal-darrondissement-7-mars-2025-n-2024-01446\\\/\",\"name\":\"Tribunal d'arrondissement, 7 mars 2025, n\u00b0 2024-01446 - Ma\u00eetre Hassan Kohen, avocat en droit p\u00e9nal \u00e0 Paris\",\"isPartOf\":{\"@id\":\"https:\\\/\\\/kohenavocats.com\\\/ru\\\/#website\"},\"datePublished\":\"2026-04-19T08:30:01+00:00\",\"dateModified\":\"2026-04-19T08:30:08+00:00\",\"breadcrumb\":{\"@id\":\"https:\\\/\\\/kohenavocats.com\\\/ru\\\/jurisprudences\\\/tribunal-darrondissement-7-mars-2025-n-2024-01446\\\/#breadcrumb\"},\"inLanguage\":\"ru-RU\",\"potentialAction\":[{\"@type\":\"ReadAction\",\"target\":[\"https:\\\/\\\/kohenavocats.com\\\/ru\\\/jurisprudences\\\/tribunal-darrondissement-7-mars-2025-n-2024-01446\\\/\"]}]},{\"@type\":\"BreadcrumbList\",\"@id\":\"https:\\\/\\\/kohenavocats.com\\\/ru\\\/jurisprudences\\\/tribunal-darrondissement-7-mars-2025-n-2024-01446\\\/#breadcrumb\",\"itemListElement\":[{\"@type\":\"ListItem\",\"position\":1,\"name\":\"Home\",\"item\":\"https:\\\/\\\/kohenavocats.com\\\/ru\\\/avocats-en-droit-penal-a-paris-conseil-et-defense-strategique\\\/\"},{\"@type\":\"ListItem\",\"position\":2,\"name\":\"Jurisprudences\",\"item\":\"https:\\\/\\\/kohenavocats.com\\\/ru\\\/jurisprudences\\\/\"},{\"@type\":\"ListItem\",\"position\":3,\"name\":\"Tribunal d&rsquo;arrondissement, 7 mars 2025, n\u00b0 2024-01446\"}]},{\"@type\":\"WebSite\",\"@id\":\"https:\\\/\\\/kohenavocats.com\\\/ru\\\/#website\",\"url\":\"https:\\\/\\\/kohenavocats.com\\\/ru\\\/\",\"name\":\"Kohen Avocats\",\"description\":\"Ma\u00eetre Hassan Kohen, avocat p\u00e9naliste \u00e0 Paris, intervient exclusivement en droit p\u00e9nal pour la d\u00e9fense des particuliers, notamment en mati\u00e8re d\u2019accusations de viol. Il assure un accompagnement rigoureux d\u00e8s la garde \u00e0 vue jusqu\u2019\u00e0 la Cour d\u2019assises, veillant au strict respect des garanties proc\u00e9durales.\",\"publisher\":{\"@id\":\"https:\\\/\\\/kohenavocats.com\\\/ru\\\/#organization\"},\"potentialAction\":[{\"@type\":\"SearchAction\",\"target\":{\"@type\":\"EntryPoint\",\"urlTemplate\":\"https:\\\/\\\/kohenavocats.com\\\/ru\\\/?s={search_term_string}\"},\"query-input\":{\"@type\":\"PropertyValueSpecification\",\"valueRequired\":true,\"valueName\":\"search_term_string\"}}],\"inLanguage\":\"ru-RU\"},{\"@type\":\"Organization\",\"@id\":\"https:\\\/\\\/kohenavocats.com\\\/ru\\\/#organization\",\"name\":\"Kohen Avocats\",\"url\":\"https:\\\/\\\/kohenavocats.com\\\/ru\\\/\",\"logo\":{\"@type\":\"ImageObject\",\"inLanguage\":\"ru-RU\",\"@id\":\"https:\\\/\\\/kohenavocats.com\\\/ru\\\/#\\\/schema\\\/logo\\\/image\\\/\",\"url\":\"https:\\\/\\\/kohenavocats.com\\\/wp-content\\\/uploads\\\/2026\\\/01\\\/Logo-2-1.webp\",\"contentUrl\":\"https:\\\/\\\/kohenavocats.com\\\/wp-content\\\/uploads\\\/2026\\\/01\\\/Logo-2-1.webp\",\"width\":2114,\"height\":1253,\"caption\":\"Kohen Avocats\"},\"image\":{\"@id\":\"https:\\\/\\\/kohenavocats.com\\\/ru\\\/#\\\/schema\\\/logo\\\/image\\\/\"}}]}<\/script>\n<!-- \/ Yoast SEO Premium plugin. -->","yoast_head_json":{"title":"Tribunal d'arrondissement, 7 mars 2025, n\u00b0 2024-01446 - Ma\u00eetre Hassan Kohen, avocat en droit p\u00e9nal \u00e0 Paris","robots":{"index":"index","follow":"follow","max-snippet":"max-snippet:-1","max-image-preview":"max-image-preview:large","max-video-preview":"max-video-preview:-1"},"canonical":"https:\/\/kohenavocats.com\/ru\/jurisprudences\/tribunal-darrondissement-7-mars-2025-n-2024-01446\/","og_locale":"ru_RU","og_type":"article","og_title":"Tribunal d'arrondissement, 7 mars 2025, n\u00b0 2024-01446","og_description":"1 Jugement N\u00b0 2025TADCOMM\/009 8(appelbail \u00e0 loyer) Audience publique duvendredi,sept marsdeux mille vingt-cinq Num\u00e9ro du r\u00f4le :TAD-2024-01446 Composition : Chantal GLOD, vice-pr\u00e9sident, Jean-Claude WIRTH, premier juge, Gilles PETRY, vice-pr\u00e9sident, Christiane BRITZ, greffier. Entre: PERSONNE1.),pensionn\u00e9,demeurant \u00e0 L-ADRESSE1.), partie appelante aux termes d'un exploit de l'huissierde justicesuppl\u00e9ant\u2026","og_url":"https:\/\/kohenavocats.com\/ru\/jurisprudences\/tribunal-darrondissement-7-mars-2025-n-2024-01446\/","og_site_name":"Ma\u00eetre Hassan Kohen, avocat en droit p\u00e9nal \u00e0 Paris","article_modified_time":"2026-04-19T08:30:08+00:00","twitter_card":"summary_large_image","twitter_misc":{"\u041f\u0440\u0438\u043c\u0435\u0440\u043d\u043e\u0435 \u0432\u0440\u0435\u043c\u044f \u0434\u043b\u044f \u0447\u0442\u0435\u043d\u0438\u044f":"10 \u043c\u0438\u043d\u0443\u0442"},"schema":{"@context":"https:\/\/schema.org","@graph":[{"@type":"WebPage","@id":"https:\/\/kohenavocats.com\/ru\/jurisprudences\/tribunal-darrondissement-7-mars-2025-n-2024-01446\/","url":"https:\/\/kohenavocats.com\/ru\/jurisprudences\/tribunal-darrondissement-7-mars-2025-n-2024-01446\/","name":"Tribunal d'arrondissement, 7 mars 2025, n\u00b0 2024-01446 - Ma\u00eetre Hassan Kohen, avocat en droit p\u00e9nal \u00e0 Paris","isPartOf":{"@id":"https:\/\/kohenavocats.com\/ru\/#website"},"datePublished":"2026-04-19T08:30:01+00:00","dateModified":"2026-04-19T08:30:08+00:00","breadcrumb":{"@id":"https:\/\/kohenavocats.com\/ru\/jurisprudences\/tribunal-darrondissement-7-mars-2025-n-2024-01446\/#breadcrumb"},"inLanguage":"ru-RU","potentialAction":[{"@type":"ReadAction","target":["https:\/\/kohenavocats.com\/ru\/jurisprudences\/tribunal-darrondissement-7-mars-2025-n-2024-01446\/"]}]},{"@type":"BreadcrumbList","@id":"https:\/\/kohenavocats.com\/ru\/jurisprudences\/tribunal-darrondissement-7-mars-2025-n-2024-01446\/#breadcrumb","itemListElement":[{"@type":"ListItem","position":1,"name":"Home","item":"https:\/\/kohenavocats.com\/ru\/avocats-en-droit-penal-a-paris-conseil-et-defense-strategique\/"},{"@type":"ListItem","position":2,"name":"Jurisprudences","item":"https:\/\/kohenavocats.com\/ru\/jurisprudences\/"},{"@type":"ListItem","position":3,"name":"Tribunal d&rsquo;arrondissement, 7 mars 2025, n\u00b0 2024-01446"}]},{"@type":"WebSite","@id":"https:\/\/kohenavocats.com\/ru\/#website","url":"https:\/\/kohenavocats.com\/ru\/","name":"Kohen Avocats","description":"Ma\u00eetre Hassan Kohen, avocat p\u00e9naliste \u00e0 Paris, intervient exclusivement en droit p\u00e9nal pour la d\u00e9fense des particuliers, notamment en mati\u00e8re d\u2019accusations de viol. Il assure un accompagnement rigoureux d\u00e8s la garde \u00e0 vue jusqu\u2019\u00e0 la Cour d\u2019assises, veillant au strict respect des garanties proc\u00e9durales.","publisher":{"@id":"https:\/\/kohenavocats.com\/ru\/#organization"},"potentialAction":[{"@type":"SearchAction","target":{"@type":"EntryPoint","urlTemplate":"https:\/\/kohenavocats.com\/ru\/?s={search_term_string}"},"query-input":{"@type":"PropertyValueSpecification","valueRequired":true,"valueName":"search_term_string"}}],"inLanguage":"ru-RU"},{"@type":"Organization","@id":"https:\/\/kohenavocats.com\/ru\/#organization","name":"Kohen Avocats","url":"https:\/\/kohenavocats.com\/ru\/","logo":{"@type":"ImageObject","inLanguage":"ru-RU","@id":"https:\/\/kohenavocats.com\/ru\/#\/schema\/logo\/image\/","url":"https:\/\/kohenavocats.com\/wp-content\/uploads\/2026\/01\/Logo-2-1.webp","contentUrl":"https:\/\/kohenavocats.com\/wp-content\/uploads\/2026\/01\/Logo-2-1.webp","width":2114,"height":1253,"caption":"Kohen Avocats"},"image":{"@id":"https:\/\/kohenavocats.com\/ru\/#\/schema\/logo\/image\/"}}]}},"jetpack_likes_enabled":false,"jetpack_sharing_enabled":true,"_links":{"self":[{"href":"https:\/\/kohenavocats.com\/ru\/wp-json\/wp\/v2\/kji_decision\/603639","targetHints":{"allow":["GET"]}}],"collection":[{"href":"https:\/\/kohenavocats.com\/ru\/wp-json\/wp\/v2\/kji_decision"}],"about":[{"href":"https:\/\/kohenavocats.com\/ru\/wp-json\/wp\/v2\/types\/kji_decision"}],"wp:attachment":[{"href":"https:\/\/kohenavocats.com\/ru\/wp-json\/wp\/v2\/media?parent=603639"}],"wp:term":[{"taxonomy":"kji_country","embeddable":true,"href":"https:\/\/kohenavocats.com\/ru\/wp-json\/wp\/v2\/kji_country?post=603639"},{"taxonomy":"kji_court","embeddable":true,"href":"https:\/\/kohenavocats.com\/ru\/wp-json\/wp\/v2\/kji_court?post=603639"},{"taxonomy":"kji_chamber","embeddable":true,"href":"https:\/\/kohenavocats.com\/ru\/wp-json\/wp\/v2\/kji_chamber?post=603639"},{"taxonomy":"kji_year","embeddable":true,"href":"https:\/\/kohenavocats.com\/ru\/wp-json\/wp\/v2\/kji_year?post=603639"},{"taxonomy":"kji_subject","embeddable":true,"href":"https:\/\/kohenavocats.com\/ru\/wp-json\/wp\/v2\/kji_subject?post=603639"},{"taxonomy":"kji_keyword","embeddable":true,"href":"https:\/\/kohenavocats.com\/ru\/wp-json\/wp\/v2\/kji_keyword?post=603639"},{"taxonomy":"kji_language","embeddable":true,"href":"https:\/\/kohenavocats.com\/ru\/wp-json\/wp\/v2\/kji_language?post=603639"}],"curies":[{"name":"wp","href":"https:\/\/api.w.org\/{rel}","templated":true}]}}