{"id":603906,"date":"2026-04-19T10:59:49","date_gmt":"2026-04-19T08:59:49","guid":{"rendered":"https:\/\/kohenavocats.com\/jurisprudences\/tribunal-darrondissement-27-septembre-2024-7\/"},"modified":"2026-04-19T10:59:52","modified_gmt":"2026-04-19T08:59:52","slug":"tribunal-darrondissement-27-septembre-2024-7","status":"publish","type":"kji_decision","link":"https:\/\/kohenavocats.com\/ru\/jurisprudences\/tribunal-darrondissement-27-septembre-2024-7\/","title":{"rendered":"Tribunal d&#8217;arrondissement, 27 septembre 2024"},"content":{"rendered":"<div class=\"kji-decision\">\n<div class=\"kji-full-text\">\n<p>1 No.409\/2024 Audience publique du vendredi,27 septembre2024 (Not.1032\/24\/XD)\u2013SK Le tribunal d\u2019arrondissement de et \u00e0 Diekirch, si\u00e9geant en mati\u00e8re correctionnelle et en composition de juge unique, a rendu en son audience publique du vendredi,vingt-sept septembredeux millevingt-quatre, le jugement qui suit dans la cause E N T R E Monsieur le Procureur d\u2019Etat, partie poursuivante suivant citation du15 mai 2024, E T PERSONNE1.), n\u00e9leDATE1.)\u00e0ADRESSE1.), demeurant \u00e0ADRESSE2.)du 31 ao\u00fbt 1942, pr\u00e9venuet d\u00e9fendeur au civil. ====================================================== F A I T S : Apr\u00e8s l\u2019appel de la cause \u00e0 l\u2019audience publique du jeudi, 6 juin 2024, l\u2019affaire fut remise \u00e0l\u2019audience du vendredi, 28 juin 2024. Apr\u00e8s l\u2019appel de la cause \u00e0 l\u2019audience publique duvendredi,28juin2024, le pr\u00e9sident constata l\u2019identit\u00e9 du pr\u00e9venuPERSONNE1.)qui avait comparu en personne, etillui donna connaissance de l\u2019acte ayant saisi le tribunal. Le t\u00e9moinPERSONNE2.), apr\u00e8s avoir d\u00e9clar\u00e9 nom, pr\u00e9nom, \u00e2ge, profession et demeure,et n\u2019\u00eatre ni parent, ni alli\u00e9, ni au service du pr\u00e9venu, pr\u00eatale serment de dire toute la v\u00e9rit\u00e9, rien que la v\u00e9rit\u00e9, en pronon\u00e7ant \u00e0 haute voix<\/p>\n<p>2 et en tenant lev\u00e9e la main droite nue, les motsJe le jure.Il futensuiteentendu enses d\u00e9clarations orales. Apr\u00e8s avoir \u00e9t\u00e9 averti de son droit de se taire et de ne pas s\u2019incriminer soi- m\u00eame,le pr\u00e9venuPERSONNE1.)futinterrog\u00e9 et entendu en ses explications et moyens de d\u00e9fense. LeMinist\u00e8rePublic,repr\u00e9sent\u00e9 parGeorges SINNER,substitutprincipaldu Procureur d\u2019Etat, fut entendu ensonr\u00e9quisitoire. Les moyens du pr\u00e9venu furent alors plus amplement d\u00e9velopp\u00e9s par Ma\u00eetre Fr\u00e9d\u00e9ric MIOLI, avocat \u00e0 la Cour demeurant \u00e0Luxembourg. PERSONNE1.)se vit attribuer la parole en dernier. Le tribunal prit l\u2019affaire en d\u00e9lib\u00e9r\u00e9 et fixa le prononc\u00e9 dujugement \u00e0 l\u2019audience publique du vendredi,27 septembre2024. A cette audience publique, le tribunal rendit le JUGEMENT qui suit: Vu le proc\u00e8s-verbalnum\u00e9ro50054du19 janvier 2024dress\u00e9 par le commissariat de police des Ardennes. Vu la citation \u00e0 pr\u00e9venu du15 mai 2024(not.1032\/24\/XD). Le Parquet reproche \u00e0PERSONNE1.): \u00able10 janvier 2024 \u00e0ADRESSE3.),sans pr\u00e9judice quant\u00e0 desindications de temps et de lieuxplusexacts, 1:en infraction \u00e0 l\u2019article 277du Code p\u00e9nal, d\u2019avoir outrag\u00e9 par paroles, faits, gestes, menaces, \u00e9crits ou dessins, un agent d\u00e9positaire de l\u2019autorit\u00e9 ou de la force publique, dans l\u2019exercice ou \u00e0 l\u2019occasion de l\u2019exercice de ses fonctions, en l\u2019esp\u00e8ce,d\u2019avoir outrag\u00e9les agents de police grand-ducale, PERSONNE3.),PERSONNE4.)etPERSONNE2.), agissant dans l\u2019exercice de leurs fonctions, par les paroles \u00abDir fils de puten. Ech fannen eraus wou dir wunnt an dann dir gesin waat dann geschitt\u201d, \u201cPasst op,wann ech Iech fannen, dann sidd der drun\u201d, \u201cDir sidd nach ze domm fir engem e Secherheetsgurt unezedoen\u201d, \u201cWaat kucks du esou domm du Milchbubi, mengs de du wiers elo eppes, w\u00eblls de Polizist bass ? Pass op, ech fannen dech an dann fecken ech deng Mamm\u201d.<\/p>\n<p>3 2:en infractionauxarticles269et 271du Code p\u00e9nal, d\u2019avoir commis une attaque etune r\u00e9sistance avecviolences enverslesagents de la force publique,agissant pour l\u2019ex\u00e9cution des lois, en l\u2019esp\u00e8ce d\u2019avoirr\u00e9sist\u00e9 avec violences envers les agents de la police grand- ducalePERSONNE3.)etPERSONNE2.), agissant pour l\u2019ex\u00e9cution des lois, 3:en infractionauxarticles280 et 281du Code p\u00e9nal, d&#039;avoir frapp\u00e9, dans l\u2019exercice ou \u00e0 l\u2019occasion de l\u2019exercice deleurs fonctions, un officier minist\u00e9riel, un agent d\u00e9positaire de l\u2019autorit\u00e9 ou de la force publique ou toute autre personne ayant un caract\u00e8re public, avec la circonstance que les coups ont caus\u00e9 une effusion de sang, des blessures ou unemaladie, en l\u2019esp\u00e8ce d\u2019avoir r\u00e9sist\u00e9 avec violences envers l\u2019agent de la police grand- ducalePERSONNE2.), agissant pour l\u2019ex\u00e9cution des lois, notamment en le mordant au niveau du bras droit, avec la circonstance que les morsures ont entra\u00een\u00e9 des douleurset blessures au niveau du bras 4: Principalement en infraction \u00e0 l\u2019article 327 alin\u00e9a 1 du Code p\u00e9nal, Avoir menac\u00e9 soit verbalement, soit par \u00e9crit anonyme ou sign\u00e9, soit par tout autre proc\u00e9d\u00e9 analogue, avec ordre ou sous condition, d\u2019unattentat conte les personnes ou propri\u00e9t\u00e9s, punissable d\u2019une peine criminelle, en l\u2019esp\u00e8ce d\u2019avoir menac\u00e9 les policiersPERSONNE4.),PERSONNE2.)et PERSONNE3.), dans l\u2019exercice de leurs fonctions, en d\u00e9clarant \u00abPasst op, wann ech iech fannen, dann sidd dir drun\u00bb et \u00abEch fannen eraus wou dir wunnt, an dann w\u00e4rt dir gesin waat geschitt\u00bb. en infraction \u00e0 l\u2019article 330 du code p\u00e9nal, avoir menac\u00e9 soit verbalement, soit par \u00e9crit anonyme ou sign\u00e9, soit par tout autre proc\u00e9d\u00e9 analogue, avec ordre ou sous condition, d\u2019un attentat contre les personnes ou propri\u00e9t\u00e9s, punissable d\u2019une peine d\u2019emprisonnement de huit jours au moins, en l\u2019esp\u00e8ce, d\u2019avoir menac\u00e9 les policiersPERSONNE4.),PERSONNE2.)et PERSONNE3.), dans l\u2019exercice de leurs fonctions, en d\u00e9clarant\u00abPasst op, wann ech Iech fannen, dann sidd dir drunn\u00bb et \u00abEch fannen erau wou dir wunnt, an dann w\u00e4rt dir gesin waat geschitt\u00bb.\u00bb Les faits \u00e0 la base de la pr\u00e9sente affaire r\u00e9sultent \u00e0 suffisance des \u00e9l\u00e9ments du dossier soumis \u00e0l\u2019appr\u00e9ciation delachambre correctionnelle, de l\u2019instruction men\u00e9e \u00e0 l\u2019audience, de la d\u00e9positiondut\u00e9moinentendu sous la foi du serment, ainsi que des d\u00e9clarations et aveux du pr\u00e9venu.<\/p>\n<p>4 Quant \u00e0 l\u2019infraction reproch\u00e9e \u00e0PERSONNE1.)au point4. de la citation, les faits libell\u00e9s se trouvent absorb\u00e9s par l\u2019infraction demenace au point 1 de la citation, de sorte qu\u2019il y a lieu d\u2019acquitter le pr\u00e9venu de cette pr\u00e9vention. Il y a lieu de rectifier l\u2019erreur mat\u00e9rielle commise sub 1 : en substituant\u00e0 l\u2019article 277 l\u2019article 276. PERSONNE1.)est partantd\u00e9clar\u00e9convaincupar les \u00e9l\u00e9ments du dossier, les d\u00e9bats men\u00e9s \u00e0 l\u2019audience, ensemble ses aveux, d\u2019avoir, comme auteur qui a lui-m\u00eamecommisles faits, le 10 janvier 2024 \u00e0ADRESSE3.), 1)eninfraction \u00e0 l\u2019article 276du Code p\u00e9nal, d\u2019avoir outrag\u00e9 par parolesetmenaces un agent d\u00e9positaire de la force publique, dans l\u2019exercice de ses fonctions, en l\u2019esp\u00e8ce, d\u2019avoir outrag\u00e9 les agents delapolice grand-ducale, PERSONNE3.),PERSONNE4.)etPERSONNE2.), agissant dans l\u2019exercice de leurs fonctions, par les paroleset menaces\u00abDir fils de puten. Ech fannen eraus wou dir wunnt an dann dir gesin waat dann geschitt\u201d, \u201cPasst op, wann ech Iech fannen, dann sidd der drun\u201d, \u201cDir sidd nach ze domm firengem e Secherheetsgurt unezedoen\u201d, \u201cWaat kucks du esou domm du Milchbubi, mengs de du wiers elo eppes, w\u00eblls de Polizist bass ? Pass op, ech fannen dech an dann fecken ech deng Mamm\u201d.\u00bb 2) en infractionauxarticles269et 271du Code p\u00e9nal, d\u2019avoir commis une attaque et une r\u00e9sistance avec violences envers les agents de la force publique, agissant pour l\u2019ex\u00e9cution des lois, en l\u2019esp\u00e8ce d\u2019avoir r\u00e9sist\u00e9 avec violences envers les agents de la police grand-ducalePERSONNE3.)etPERSONNE2.), agissant pour l\u2019ex\u00e9cution des lois, 3)en infraction aux articles 280 et 281 du Code p\u00e9nal, d&#039;avoir frapp\u00e9, dans l\u2019exercice ou \u00e0 l\u2019occasion de l\u2019exercice deses fonctions un agent d\u00e9positaire de la force publique, avec la circonstance que les coups ont caus\u00e9 des blessures, en l\u2019esp\u00e8ce d\u2019avoirfrapp\u00e9 dans l\u2019exercice de ses fonctionsl\u2019agent de la police grand-ducalePERSONNE2.), en le mordant au niveau du bras droit,<\/p>\n<p>5 avec la circonstance que les morsures ont entra\u00een\u00e9 des douleurs et blessures au niveau du bras. Les infractions retenues ci-dessus \u00e0 charge dePERSONNE1.)se trouvent en concours id\u00e9al entre elles pour \u00eatrele fruit d\u2019une intention criminelle unique et de son\u00e9tat d\u2019excitation. Il y a d\u00e8s lors lieu d\u2019appliquer les dispositions de l\u2019article 65 du Code p\u00e9nal. Aux termes del\u2019article 271 du Code p\u00e9nal, la r\u00e9bellion sans armes commise par une seule personneestpunie d\u2019un emprisonnement de huitjours \u00e0deux anset d\u2019une amende facultative de 251 euros \u00e05.000 euros en cas de condamnation \u00e0 une peine d\u2019emprisonnement. Aux v\u0153ux de l\u2019article 276du Code p\u00e9nal, les outrages commis envers les corps constitu\u00e9s sont punis de la m\u00eame mani\u00e8re que les outrages commis envers les membres de ces corps, partant d&#039;un emprisonnement de huit jours \u00e0 un mois et d&#039;une amende de 251 euros \u00e0 2.000 euros. Les infractions \u00e0 l\u2019article 280 du Code p\u00e9nal sont sanctionn\u00e9es d\u2019une peine d\u2019emprisonnement d\u2019un mois \u00e0 un an et d\u2019une amende de 500 euros \u00e0 3.000 euros. Dans l\u2019appr\u00e9ciation du quantum de la peine \u00e0 prononcer \u00e0 l\u2019\u00e9gard du pr\u00e9venu, le tribunal correctionnel tientcompte d\u2019une part de la gravit\u00e9 objective des faits retenus \u00e0 sa charge et d\u2019autre part de sa situation personnelle. L\u2019article 22 alin\u00e9a 1 er du Code p\u00e9nal dispose que\u00abSi de l&#039;appr\u00e9ciation du tribunal, le d\u00e9lit ne comporte pas une peine privative de libert\u00e9 sup\u00e9rieure \u00e0 six mois, il peut prescrire, \u00e0 titre de peine principale, que le condamn\u00e9 accomplira, au profit d&#039;une collectivit\u00e9 publique ou d&#039;un \u00e9tablissement public ou d&#039;une association ou d&#039;une institution hospitali\u00e8re ou philanthropique, un travaild&#039;int\u00e9r\u00eat g\u00e9n\u00e9ral non r\u00e9mun\u00e9r\u00e9 et d&#039;une dur\u00e9e qui ne peut \u00eatre inf\u00e9rieure \u00e0 quarante heures ni sup\u00e9rieure \u00e0 deux cent quarante heures.\u00bb A l\u2019audience du28 juin2024, la repr\u00e9sentante du Minist\u00e8re Public a requis la condamnation du pr\u00e9venu\u00e0 une peine d\u2019emprisonnement de6mois, ainsi qu\u2019\u00e0 une amende appropri\u00e9e. La chambre correctionnelleestime que les infractions commises par PERSONNE1.)ne comportent pas une peine privative de libert\u00e9 sup\u00e9rieure \u00e0 six mois. Le pr\u00e9venuPERSONNE1.)a encore marqu\u00e9 \u00e0 l&#039;audience du28 juin2024son accord pour ex\u00e9cuter un travail d&#039;int\u00e9r\u00eat g\u00e9n\u00e9ral non r\u00e9mun\u00e9r\u00e9 en lieu et place d\u2019une peine d\u2019emprisonnement. Au vu des circonstances de l\u2019affaire, la chambre correctionnelle d\u00e9cide de condamnerPERSONNE1.)du chef desinfractionsretenues\u00e0 sa charge \u00e0 effectuer un travail d&#039;int\u00e9r\u00eat g\u00e9n\u00e9ral non r\u00e9mun\u00e9r\u00e9 d&#039;une dur\u00e9e de240heures.<\/p>\n<p>6 Au vu de la situation financi\u00e8re du pr\u00e9venu, le tribunal d\u00e9cide de ne pas le condamner \u00e0 une amende. P a r c e s m o t i fs , le tribunal d\u2019arrondissement de et \u00e0 Diekirch, si\u00e9geant en mati\u00e8re correctionnelle et en composition de juge unique, statuant contradictoirement et en premi\u00e8re instance, le pr\u00e9venuPERSONNE1.)entendu en ses explications et moyens de d\u00e9fense au p\u00e9nal,le repr\u00e9sentant du Minist\u00e8re Public entendu en son r\u00e9quisitoire,PERSONNE1.)ayant eu la parole en dernier, a c q u i t t ePERSONNE1.)de l\u2019infractionnon retenue\u00e0 sa charge, d o n n e a c t e\u00e0PERSONNE1.)de son accord \u00e0 ex\u00e9cuter untravail d\u2019int\u00e9r\u00eat g\u00e9n\u00e9ral, c o n d a m n ePERSONNE1.)du chef desinfractionsretenues\u00e0 sa charge \u00e0 accomplir un travail d\u2019int\u00e9r\u00eat g\u00e9n\u00e9ral non r\u00e9mun\u00e9r\u00e9 d\u2019une dur\u00e9e deDEUX CENT QUARENTE (240) HEURES, a v e r t i tPERSONNE1.)que l\u2019ex\u00e9cution du travail d\u2019int\u00e9r\u00eat g\u00e9n\u00e9ral doit \u00eatre commenc\u00e9e dans lessix mois\u00e0 partir du jour o\u00f9 le pr\u00e9sent jugement a acquis force de chose jug\u00e9e et que travail d\u2019int\u00e9r\u00eat g\u00e9n\u00e9ral devra \u00eatre ex\u00e9cut\u00e9 dans lesvingt-quatre mois\u00e0 partir du jour o\u00f9 le pr\u00e9sent jugement a acquis force de chose jug\u00e9e, a v e r t i tPERSONNE1.)quel\u2019inex\u00e9cutionde ces travaux peut entra\u00eener de nouvelles poursuites de la part du Parquet (cf. article 23 du Code p\u00e9nal): \u00abToute violation de l\u2019une des obligations ou interdictions r\u00e9sultant des sanctions p\u00e9nales prononc\u00e9es en application des articles 17, 18, 21 et 22est punie d\u2019un emprisonnement de deux mois \u00e0 deux ans\u00bb, c o n d a m n ePERSONNE1.)aux frais de sa poursuite p\u00e9nale, ces frais \u00e9tant liquid\u00e9s \u00e0 la somme de8,70euros. Par application des articles22, 65, 66, 269, 271,274,276, 280 et 281du Code p\u00e9nal, etdes articles179, 182, 184,185,189, 190, 190-1,191,194, 195et196 du Code de proc\u00e9dure p\u00e9nale.<\/p>\n<p>7 Ainsi fait, jug\u00e9 et prononc\u00e9 en audience publique le vendredi,27 septembre 2024,au Palais de Justice \u00e0 Diekirch parJean-Claude WIRTH, premierjuge, assist\u00e9 du greffier assum\u00e9Saban KALABIC, en pr\u00e9sencede Manon RISCH, premiersubstitut du Procureur d\u2019Etat, qui \u00e0 l\u2019exception du repr\u00e9sentant du Minist\u00e8rePublic ont sign\u00e9 le pr\u00e9sent jugement. Ce jugement est susceptible d\u2019appel. L\u2019appel doit \u00eatre interjet\u00e9 dans les formes et d\u00e9lais pr\u00e9vus aux articles 202 et suivants du Code de proc\u00e9dure p\u00e9nale etil doit \u00eatre form\u00e9 par le pr\u00e9venu ou son avocat, la partie civile ainsi que la partie civilement responsable ou leurs avocats respectifs dans les40 joursde la date du prononc\u00e9 du pr\u00e9sent jugement, aupr\u00e8s du greffe du Tribunal d\u2019arrondissement de Diekirch, en se pr\u00e9sentant personnellement pour signer l\u2019acte d\u2019appel. L\u2019appel peut \u00e9galement \u00eatre interjet\u00e9, dans les40 joursde la date du prononc\u00e9 du pr\u00e9sent jugement par voie decourrier \u00e9lectronique\u00e0 adresser au guichet du greffe du Tribunal d\u2019arrondissement de Diekirch \u00e0 l\u2019adresse guichet.tribunal.diekirch@justice.etat.lu. Si le pr\u00e9venu estd\u00e9tenu,il peut d\u00e9clarer son appel au greffe du Centre p\u00e9nitentiaire.<\/p>\n<\/div>\n<hr class=\"kji-sep\" \/>\n<p class=\"kji-source-links\"><strong>Sources officielles :<\/strong> <a class=\"kji-source-link\" href=\"https:\/\/data.public.lu\/fr\/datasets\/tribunal-darrondissement-diekirch\/\" target=\"_blank\" rel=\"noopener noreferrer\">consulter la page source<\/a> &middot; <a class=\"kji-pdf-link\" href=\"https:\/\/download.data.public.lu\/resources\/tribunal-darrondissement-diekirch\/20241209-033630\/20240927-tadpenal-409-pseudonymise-accessible.pdf\" target=\"_blank\" rel=\"noopener noreferrer\">PDF officiel<\/a><\/p>\n<p class=\"kji-license-note\"><em>Licence CC BY-ND 4.0 (Administration judiciaire, data.public.lu). Republication autorisee avec attribution, sans modification editoriale du texte integral.<\/em><\/p>\n<\/div>\n","protected":false},"excerpt":{"rendered":"<p>1 No.409\/2024 Audience publique du vendredi,27 septembre2024 (Not.1032\/24\/XD)\u2013SK Le tribunal d\u2019arrondissement de et \u00e0 Diekirch, si\u00e9geant en mati\u00e8re correctionnelle et en composition de juge unique, a rendu en son audience publique du vendredi,vingt-sept septembredeux millevingt-quatre, le jugement qui suit dans la cause E N T\u2026<\/p>\n","protected":false},"featured_media":0,"template":"","meta":{"_crdt_document":""},"kji_country":[8418],"kji_court":[23583],"kji_chamber":[],"kji_year":[8677],"kji_subject":[7724],"kji_keyword":[23584,15227,7636],"kji_language":[7733],"class_list":["post-603906","kji_decision","type-kji_decision","status-publish","hentry","kji_country-luxembourg","kji_court-tribunal-darrondissement","kji_year-8677","kji_subject-civil","kji_keyword-arrondissement","kji_keyword-septembre","kji_keyword-tribunal","kji_language-francais"],"yoast_head":"<!-- This site is optimized with the Yoast SEO Premium plugin v27.5 (Yoast SEO v27.5) - https:\/\/yoast.com\/product\/yoast-seo-premium-wordpress\/ -->\n<title>Tribunal d&#039;arrondissement, 27 septembre 2024 - Ma\u00eetre Hassan Kohen, avocat en droit p\u00e9nal \u00e0 Paris<\/title>\n<meta name=\"robots\" content=\"index, follow, max-snippet:-1, max-image-preview:large, max-video-preview:-1\" \/>\n<link rel=\"canonical\" href=\"https:\/\/kohenavocats.com\/ru\/jurisprudences\/tribunal-darrondissement-27-septembre-2024-7\/\" \/>\n<meta property=\"og:locale\" content=\"ru_RU\" \/>\n<meta property=\"og:type\" content=\"article\" \/>\n<meta property=\"og:title\" content=\"Tribunal d&#039;arrondissement, 27 septembre 2024\" \/>\n<meta property=\"og:description\" content=\"1 No.409\/2024 Audience publique du vendredi,27 septembre2024 (Not.1032\/24\/XD)\u2013SK Le tribunal d\u2019arrondissement de et \u00e0 Diekirch, si\u00e9geant en mati\u00e8re correctionnelle et en composition de juge unique, a rendu en son audience publique du vendredi,vingt-sept septembredeux millevingt-quatre, le jugement qui suit dans la cause E N T\u2026\" \/>\n<meta property=\"og:url\" content=\"https:\/\/kohenavocats.com\/ru\/jurisprudences\/tribunal-darrondissement-27-septembre-2024-7\/\" \/>\n<meta property=\"og:site_name\" content=\"Ma\u00eetre Hassan Kohen, avocat en droit p\u00e9nal \u00e0 Paris\" \/>\n<meta property=\"article:modified_time\" content=\"2026-04-19T08:59:52+00:00\" \/>\n<meta name=\"twitter:card\" content=\"summary_large_image\" \/>\n<meta name=\"twitter:label1\" content=\"\u041f\u0440\u0438\u043c\u0435\u0440\u043d\u043e\u0435 \u0432\u0440\u0435\u043c\u044f \u0434\u043b\u044f \u0447\u0442\u0435\u043d\u0438\u044f\" \/>\n\t<meta name=\"twitter:data1\" content=\"11 \u043c\u0438\u043d\u0443\u0442\" \/>\n<script type=\"application\/ld+json\" class=\"yoast-schema-graph\">{\"@context\":\"https:\\\/\\\/schema.org\",\"@graph\":[{\"@type\":\"WebPage\",\"@id\":\"https:\\\/\\\/kohenavocats.com\\\/ru\\\/jurisprudences\\\/tribunal-darrondissement-27-septembre-2024-7\\\/\",\"url\":\"https:\\\/\\\/kohenavocats.com\\\/ru\\\/jurisprudences\\\/tribunal-darrondissement-27-septembre-2024-7\\\/\",\"name\":\"Tribunal d'arrondissement, 27 septembre 2024 - Ma\u00eetre Hassan Kohen, avocat en droit p\u00e9nal \u00e0 Paris\",\"isPartOf\":{\"@id\":\"https:\\\/\\\/kohenavocats.com\\\/ru\\\/#website\"},\"datePublished\":\"2026-04-19T08:59:49+00:00\",\"dateModified\":\"2026-04-19T08:59:52+00:00\",\"breadcrumb\":{\"@id\":\"https:\\\/\\\/kohenavocats.com\\\/ru\\\/jurisprudences\\\/tribunal-darrondissement-27-septembre-2024-7\\\/#breadcrumb\"},\"inLanguage\":\"ru-RU\",\"potentialAction\":[{\"@type\":\"ReadAction\",\"target\":[\"https:\\\/\\\/kohenavocats.com\\\/ru\\\/jurisprudences\\\/tribunal-darrondissement-27-septembre-2024-7\\\/\"]}]},{\"@type\":\"BreadcrumbList\",\"@id\":\"https:\\\/\\\/kohenavocats.com\\\/ru\\\/jurisprudences\\\/tribunal-darrondissement-27-septembre-2024-7\\\/#breadcrumb\",\"itemListElement\":[{\"@type\":\"ListItem\",\"position\":1,\"name\":\"Home\",\"item\":\"https:\\\/\\\/kohenavocats.com\\\/ru\\\/avocats-en-droit-penal-a-paris-conseil-et-defense-strategique\\\/\"},{\"@type\":\"ListItem\",\"position\":2,\"name\":\"Jurisprudences\",\"item\":\"https:\\\/\\\/kohenavocats.com\\\/ru\\\/jurisprudences\\\/\"},{\"@type\":\"ListItem\",\"position\":3,\"name\":\"Tribunal d&rsquo;arrondissement, 27 septembre 2024\"}]},{\"@type\":\"WebSite\",\"@id\":\"https:\\\/\\\/kohenavocats.com\\\/ru\\\/#website\",\"url\":\"https:\\\/\\\/kohenavocats.com\\\/ru\\\/\",\"name\":\"Kohen Avocats\",\"description\":\"Ma\u00eetre Hassan Kohen, avocat p\u00e9naliste \u00e0 Paris, intervient exclusivement en droit p\u00e9nal pour la d\u00e9fense des particuliers, notamment en mati\u00e8re d\u2019accusations de viol. Il assure un accompagnement rigoureux d\u00e8s la garde \u00e0 vue jusqu\u2019\u00e0 la Cour d\u2019assises, veillant au strict respect des garanties proc\u00e9durales.\",\"publisher\":{\"@id\":\"https:\\\/\\\/kohenavocats.com\\\/ru\\\/#organization\"},\"potentialAction\":[{\"@type\":\"SearchAction\",\"target\":{\"@type\":\"EntryPoint\",\"urlTemplate\":\"https:\\\/\\\/kohenavocats.com\\\/ru\\\/?s={search_term_string}\"},\"query-input\":{\"@type\":\"PropertyValueSpecification\",\"valueRequired\":true,\"valueName\":\"search_term_string\"}}],\"inLanguage\":\"ru-RU\"},{\"@type\":\"Organization\",\"@id\":\"https:\\\/\\\/kohenavocats.com\\\/ru\\\/#organization\",\"name\":\"Kohen Avocats\",\"url\":\"https:\\\/\\\/kohenavocats.com\\\/ru\\\/\",\"logo\":{\"@type\":\"ImageObject\",\"inLanguage\":\"ru-RU\",\"@id\":\"https:\\\/\\\/kohenavocats.com\\\/ru\\\/#\\\/schema\\\/logo\\\/image\\\/\",\"url\":\"https:\\\/\\\/kohenavocats.com\\\/wp-content\\\/uploads\\\/2026\\\/01\\\/Logo-2-1.webp\",\"contentUrl\":\"https:\\\/\\\/kohenavocats.com\\\/wp-content\\\/uploads\\\/2026\\\/01\\\/Logo-2-1.webp\",\"width\":2114,\"height\":1253,\"caption\":\"Kohen Avocats\"},\"image\":{\"@id\":\"https:\\\/\\\/kohenavocats.com\\\/ru\\\/#\\\/schema\\\/logo\\\/image\\\/\"}}]}<\/script>\n<!-- \/ Yoast SEO Premium plugin. -->","yoast_head_json":{"title":"Tribunal d'arrondissement, 27 septembre 2024 - Ma\u00eetre Hassan Kohen, avocat en droit p\u00e9nal \u00e0 Paris","robots":{"index":"index","follow":"follow","max-snippet":"max-snippet:-1","max-image-preview":"max-image-preview:large","max-video-preview":"max-video-preview:-1"},"canonical":"https:\/\/kohenavocats.com\/ru\/jurisprudences\/tribunal-darrondissement-27-septembre-2024-7\/","og_locale":"ru_RU","og_type":"article","og_title":"Tribunal d'arrondissement, 27 septembre 2024","og_description":"1 No.409\/2024 Audience publique du vendredi,27 septembre2024 (Not.1032\/24\/XD)\u2013SK Le tribunal d\u2019arrondissement de et \u00e0 Diekirch, si\u00e9geant en mati\u00e8re correctionnelle et en composition de juge unique, a rendu en son audience publique du vendredi,vingt-sept septembredeux millevingt-quatre, le jugement qui suit dans la cause E N T\u2026","og_url":"https:\/\/kohenavocats.com\/ru\/jurisprudences\/tribunal-darrondissement-27-septembre-2024-7\/","og_site_name":"Ma\u00eetre Hassan Kohen, avocat en droit p\u00e9nal \u00e0 Paris","article_modified_time":"2026-04-19T08:59:52+00:00","twitter_card":"summary_large_image","twitter_misc":{"\u041f\u0440\u0438\u043c\u0435\u0440\u043d\u043e\u0435 \u0432\u0440\u0435\u043c\u044f \u0434\u043b\u044f \u0447\u0442\u0435\u043d\u0438\u044f":"11 \u043c\u0438\u043d\u0443\u0442"},"schema":{"@context":"https:\/\/schema.org","@graph":[{"@type":"WebPage","@id":"https:\/\/kohenavocats.com\/ru\/jurisprudences\/tribunal-darrondissement-27-septembre-2024-7\/","url":"https:\/\/kohenavocats.com\/ru\/jurisprudences\/tribunal-darrondissement-27-septembre-2024-7\/","name":"Tribunal d'arrondissement, 27 septembre 2024 - Ma\u00eetre Hassan Kohen, avocat en droit p\u00e9nal \u00e0 Paris","isPartOf":{"@id":"https:\/\/kohenavocats.com\/ru\/#website"},"datePublished":"2026-04-19T08:59:49+00:00","dateModified":"2026-04-19T08:59:52+00:00","breadcrumb":{"@id":"https:\/\/kohenavocats.com\/ru\/jurisprudences\/tribunal-darrondissement-27-septembre-2024-7\/#breadcrumb"},"inLanguage":"ru-RU","potentialAction":[{"@type":"ReadAction","target":["https:\/\/kohenavocats.com\/ru\/jurisprudences\/tribunal-darrondissement-27-septembre-2024-7\/"]}]},{"@type":"BreadcrumbList","@id":"https:\/\/kohenavocats.com\/ru\/jurisprudences\/tribunal-darrondissement-27-septembre-2024-7\/#breadcrumb","itemListElement":[{"@type":"ListItem","position":1,"name":"Home","item":"https:\/\/kohenavocats.com\/ru\/avocats-en-droit-penal-a-paris-conseil-et-defense-strategique\/"},{"@type":"ListItem","position":2,"name":"Jurisprudences","item":"https:\/\/kohenavocats.com\/ru\/jurisprudences\/"},{"@type":"ListItem","position":3,"name":"Tribunal d&rsquo;arrondissement, 27 septembre 2024"}]},{"@type":"WebSite","@id":"https:\/\/kohenavocats.com\/ru\/#website","url":"https:\/\/kohenavocats.com\/ru\/","name":"Kohen Avocats","description":"Ma\u00eetre Hassan Kohen, avocat p\u00e9naliste \u00e0 Paris, intervient exclusivement en droit p\u00e9nal pour la d\u00e9fense des particuliers, notamment en mati\u00e8re d\u2019accusations de viol. Il assure un accompagnement rigoureux d\u00e8s la garde \u00e0 vue jusqu\u2019\u00e0 la Cour d\u2019assises, veillant au strict respect des garanties proc\u00e9durales.","publisher":{"@id":"https:\/\/kohenavocats.com\/ru\/#organization"},"potentialAction":[{"@type":"SearchAction","target":{"@type":"EntryPoint","urlTemplate":"https:\/\/kohenavocats.com\/ru\/?s={search_term_string}"},"query-input":{"@type":"PropertyValueSpecification","valueRequired":true,"valueName":"search_term_string"}}],"inLanguage":"ru-RU"},{"@type":"Organization","@id":"https:\/\/kohenavocats.com\/ru\/#organization","name":"Kohen Avocats","url":"https:\/\/kohenavocats.com\/ru\/","logo":{"@type":"ImageObject","inLanguage":"ru-RU","@id":"https:\/\/kohenavocats.com\/ru\/#\/schema\/logo\/image\/","url":"https:\/\/kohenavocats.com\/wp-content\/uploads\/2026\/01\/Logo-2-1.webp","contentUrl":"https:\/\/kohenavocats.com\/wp-content\/uploads\/2026\/01\/Logo-2-1.webp","width":2114,"height":1253,"caption":"Kohen Avocats"},"image":{"@id":"https:\/\/kohenavocats.com\/ru\/#\/schema\/logo\/image\/"}}]}},"jetpack_likes_enabled":false,"jetpack_sharing_enabled":true,"_links":{"self":[{"href":"https:\/\/kohenavocats.com\/ru\/wp-json\/wp\/v2\/kji_decision\/603906","targetHints":{"allow":["GET"]}}],"collection":[{"href":"https:\/\/kohenavocats.com\/ru\/wp-json\/wp\/v2\/kji_decision"}],"about":[{"href":"https:\/\/kohenavocats.com\/ru\/wp-json\/wp\/v2\/types\/kji_decision"}],"wp:attachment":[{"href":"https:\/\/kohenavocats.com\/ru\/wp-json\/wp\/v2\/media?parent=603906"}],"wp:term":[{"taxonomy":"kji_country","embeddable":true,"href":"https:\/\/kohenavocats.com\/ru\/wp-json\/wp\/v2\/kji_country?post=603906"},{"taxonomy":"kji_court","embeddable":true,"href":"https:\/\/kohenavocats.com\/ru\/wp-json\/wp\/v2\/kji_court?post=603906"},{"taxonomy":"kji_chamber","embeddable":true,"href":"https:\/\/kohenavocats.com\/ru\/wp-json\/wp\/v2\/kji_chamber?post=603906"},{"taxonomy":"kji_year","embeddable":true,"href":"https:\/\/kohenavocats.com\/ru\/wp-json\/wp\/v2\/kji_year?post=603906"},{"taxonomy":"kji_subject","embeddable":true,"href":"https:\/\/kohenavocats.com\/ru\/wp-json\/wp\/v2\/kji_subject?post=603906"},{"taxonomy":"kji_keyword","embeddable":true,"href":"https:\/\/kohenavocats.com\/ru\/wp-json\/wp\/v2\/kji_keyword?post=603906"},{"taxonomy":"kji_language","embeddable":true,"href":"https:\/\/kohenavocats.com\/ru\/wp-json\/wp\/v2\/kji_language?post=603906"}],"curies":[{"name":"wp","href":"https:\/\/api.w.org\/{rel}","templated":true}]}}