{"id":604126,"date":"2026-04-19T11:29:18","date_gmt":"2026-04-19T09:29:18","guid":{"rendered":"https:\/\/kohenavocats.com\/jurisprudences\/tribunal-darrondissement-22-novembre-2024-17\/"},"modified":"2026-04-19T11:29:21","modified_gmt":"2026-04-19T09:29:21","slug":"tribunal-darrondissement-22-novembre-2024-17","status":"publish","type":"kji_decision","link":"https:\/\/kohenavocats.com\/ru\/jurisprudences\/tribunal-darrondissement-22-novembre-2024-17\/","title":{"rendered":"Tribunal d&#8217;arrondissement, 22 novembre 2024"},"content":{"rendered":"<div class=\"kji-decision\">\n<div class=\"kji-full-text\">\n<p>1 Jugement N\u00b0 2024TADCOMM\/0443(bailcommercial) Audience publique duvendredi,vingt-deux novembredeux millevingt-quatre Num\u00e9ro du r\u00f4le :TAD-2024-00778 Composition : Chantal GLOD, vice-pr\u00e9sidente, Jean-Claude WIRTH, premier juge, Magali GONNER, juge, Christiane BRITZ, greffier. Entre: PERSONNE1.),administratrice de soci\u00e9t\u00e9,demeurant \u00e0 L-ADRESSE1.), partie appelante aux termes d&#039;un exploit de l&#039;huissierde justiceTessy SIEDLER, demeurant \u00e0Luxembourg,du2 avril2024, comparantinitialement par Ma\u00eetre Paul JASSENK, avocat \u00e0 la Cour, demeurant \u00e0 Ettelbruck, en l\u2019\u00e9tude duquel domicile est \u00e9lu, assist\u00e9 de Ma\u00eetre Ed\u00e9vi AMEGANDJI, avocat \u00e0 la Cour, demeurant \u00e0 Luxembourg, partie d\u00e9faillante par la suite, et: la soci\u00e9t\u00e9 anonymeSOCIETE1.), \u00e9tablie et ayant son si\u00e8ge social \u00e0 L- ADRESSE2.),inscrite au registre de commerce etdes soci\u00e9t\u00e9s sous le num\u00e9roNUMERO1.), repr\u00e9sent\u00e9e par son conseil d\u2019administration actuellement en fonctions, partie intim\u00e9e aux fins du pr\u00e9dit exploitSIEDLER, comparantpar Ma\u00eetreJosiane EISCHEN, avocat \u00e0 la Cour, demeurant \u00e0 Diekirch.<\/p>\n<p>2 ______________________________________________________ Le Tribunal : Faits: Par exploit du minist\u00e8re de l&#039;huissier de justiceTessy SIEDLER, demeurant \u00e0 Luxembourg, du2 avril 2024,PERSONNE1.), administratrice de soci\u00e9t\u00e9, demeurant \u00e0 L-ADRESSE1.), afait signifier \u00e0la soci\u00e9t\u00e9 anonyme SOCIETE1.), \u00e9tablie et ayant son si\u00e8ge social\u00e0 L-ADRESSE2.), inscrite au registre de commerceetdes soci\u00e9t\u00e9s sous le num\u00e9roNUMERO1.), repr\u00e9sent\u00e9e par son conseil d\u2019administration actuellement en fonctions, qu&#039;ellerel\u00e8veformellement appel dujugement n\u00b0208\/2024rendu contradictoirementet en premier ressort,par le tribunal de paix de Diekirch, si\u00e9geant en mati\u00e8re de bailcommercial, en son audience publique du15 f\u00e9vrier2024. Par m\u00eame exploitSIEDLER,elle afait donner assignation \u00e0la soci\u00e9t\u00e9 anonymeSOCIETE1.)\u00e0 compara\u00eetre \u00e0 l&#039;audiencepubliquedumercredi,26 juin2024,\u00e0 10.00heuresdu matin, devant le tribunal d&#039;arrondissement de Diekirch, si\u00e9geant en mati\u00e8re d\u2019appelbailcommercial, pour y voir statuer sur le m\u00e9rite des conclusions du dispositif de l&#039;assignation reproduite ci-apr\u00e8s par proc\u00e9d\u00e9 de photocopie:<\/p>\n<p>3 Cette affaire fut mise au r\u00f4le par les soinsdelapartieintim\u00e9eet inscrite au r\u00f4le sous le num\u00e9roTAD-2024-00778. A l&#039;appel de la cause \u00e0 l&#039;audience publique du26 juin2024, l&#039;affaire futfix\u00e9e \u00e0 l\u2019audience du 18 septembre 2024, puis refix\u00e9e \u00e0 celle du 30 octobre 2024. A cette derni\u00e8re audience, l\u2019affaire fututilement retenue etMa\u00eetrePascale HANSEN, avocat \u00e0 la Cour, demeurant \u00e0 Diekirch, en remplacement de Ma\u00eetre Josiane EISCHEN,futentendu ensesmoyenset conclusions. Lapartieappelantene futni pr\u00e9sente,ni repr\u00e9sent\u00e9e\u00e0 cette audience. Sur ce le tribunal prit l&#039;affaire en d\u00e9lib\u00e9r\u00e9 et rendit\u00e0 l\u2019audience publique de ce jourle Jugement qui suit: Par jugement du15 f\u00e9vrier2024,le tribunal de paix de Diekirch, si\u00e9geant en mati\u00e8re de bailcommercial, statuantcontradictoirementet en premier ressort,a donn\u00e9acte \u00e0 la soci\u00e9t\u00e9 anonymeSOCIETE1.)de l\u2019augmentation de sa demande au titre des arri\u00e9r\u00e9s de loyers au montant de 17.880,40 \u20ac jusqu\u2019au mois de janvier 2024 inclus, a donn\u00e9 acte \u00e0 la soci\u00e9t\u00e9 anonyme SOCIETE1.)de l\u2019augmentation de sa demande au titre des charges au montant de 2.302,00 \u20ac et a donn\u00e9 acte \u00e0 la soci\u00e9t\u00e9 anonymeSOCIETE1.) de la r\u00e9duction de sa demande au titre de la caution locative au montant de 5.020 \u20ac. Le premier juge a re\u00e7u la demande en laforme, l\u2019a d\u00e9clar\u00e9e partiellement fond\u00e9eet acondamn\u00e9PERSONNE1.)\u00e0 payer \u00e0 la soci\u00e9t\u00e9 anonyme SOCIETE1.)le montant de 17.880,40 \u20ac \u00e0 titre d\u2019arri\u00e9r\u00e9s de loyers jusqu\u2019au mois de janvier 2024 inclus, avec les int\u00e9r\u00eats l\u00e9gaux \u00e0 partir du 10 ao\u00fbt 2023 sur le montant de 11.117,95 \u20ac et \u00e0 partir du 2 f\u00e9vrier 2024 sur le montant de 6.762,45 \u20ac chaque fois jusqu\u2019\u00e0 soldeetle montant de 2.302,00 \u20ac au titre des charges avec les int\u00e9r\u00eats l\u00e9gaux \u00e0 partir du 10 ao\u00fbt 2023,jusqu\u2019\u00e0 solde. Le bail a \u00e9t\u00e9 d\u00e9clar\u00e9 r\u00e9sili\u00e9 entre parties etPERSONNE1.)a \u00e9t\u00e9 condamn\u00e9e \u00e0 d\u00e9guerpir des lieux lou\u00e9s \u00e0 L-ADRESSE3.)avec tous ceux qui les occupent desonchef dans un d\u00e9lai de 40 jours \u00e0 partir de la notification du jugement. Le juge de paix a encore condamn\u00e9PERSONNE1.)\u00e0 payer \u00e0 la soci\u00e9t\u00e9 anonymeSOCIETE1.)le montant de 7.357,47 \u20ac \u00e0 titre d\u2019indemnit\u00e9 de relocation avec les int\u00e9r\u00eats l\u00e9gaux \u00e0 partir du 10 ao\u00fbt 2023 jusqu\u2019\u00e0 soldeet a d\u00e9clar\u00e9la demande de la soci\u00e9t\u00e9 anonymeSOCIETE1.)non fond\u00e9e pourle surplus.<\/p>\n<p>4 Le premier juge a donn\u00e9e acte \u00e0PERSONNE1.) de sa demande reconventionnelle tendant \u00e0 d\u00e9duire un paiement de 2.000 \u20ac des arri\u00e9r\u00e9s de loyers, sinon au remboursement de ce montant pay\u00e9 \u00e0 titre de caution, a re\u00e7ula demande reconventionnelle en la forme, a sursis \u00e0 y statuer et a refix\u00e9 l\u2019affaire \u00e0 l\u2019audience publique du 23 mai 2024. PERSONNE1.)a encore \u00e9t\u00e9 condamn\u00e9e au frais et d\u00e9pens de la premi\u00e8re instance. De ce jugement,PERSONNE1.)arelev\u00e9 appel par exploit d&#039;huissier dudeux avril2024. L\u2019appel dePERSONNE1.)qui a \u00e9t\u00e9 introduit dans les formes et d\u00e9lai de la loi, est recevable. PERSONNE1.)n\u2019ayantpas proc\u00e9d\u00e9 \u00e0 l\u2019enr\u00f4lement de l\u2019affaire, ilconvient de noter que c\u2019est l\u2019exploit d\u2019ajournement qui est constitutif de l\u2019instance, qui saisit le tribunal et cr\u00e9e pour celui-ci l\u2019obligation de trancher le litige ; tant l\u2019inscription de l\u2019affaire au r\u00f4le de la juridiction saisie que sa radiation sont des formalit\u00e9s d\u2019ordre int\u00e9rieur qui n\u2019affectent par elles-m\u00eames ni l\u2019existence de l\u2019instance ni la validit\u00e9 de la proc\u00e9dure (Cour 18 d\u00e9cembre 1982, P. 19, 17). Chacune des parties dispose de la possibilit\u00e9 d\u2019enr\u00f4ler l\u2019affaire si elle y a int\u00e9r\u00eat. Rien ne s\u2019oppose \u00e0 ce que le d\u00e9fendeur fasse lui-m\u00eame inscrire l\u2019affaire par le greffe pour qu\u2019elle soit appel\u00e9e afin d\u2019\u00eatre jug\u00e9e. (CA Toulouse, 23 novembre 1998, JurisData 1998-100786). Lapartie intim\u00e9eapartant valablement pu enr\u00f4ler l\u2019affaire pour l\u2019audience mentionn\u00e9e dans l\u2019acte d\u2019appel. La partie appelante n\u2019ayant pas comparu \u00e0 l\u2019audience des plaidoiriessans motif l\u00e9gitime, il y a lieu, conform\u00e9ment \u00e0 l\u2019article 75 du nouveau code de proc\u00e9dure civile, de statuer par un jugementcontradictoire sur le fond. Danssonacte d\u2019appel,PERSONNE1.),par reformation du jugement entrepris,demandeau tribunal dedirenonjustifi\u00e9sla r\u00e9siliation et le d\u00e9guerpissement prononc\u00e9spar le premier juge.A titre subsidiaire, elle r\u00e9clame und\u00e9lai de d\u00e9guerpissement de trois mois. A l\u2019audience du30 octobre2024,la soci\u00e9t\u00e9SOCIETE1.)demandeautribunal de d\u00e9clarer l\u2019appelnon-fond\u00e9 en raison du d\u00e9faut de comparution de la partie appelante \u00e0 l\u2019audience des plaidoiries pour soutenir sesmoyens en appel. Elleconclutencore \u00e0 ce que les pr\u00e9tentions dePERSONNE1.)soient rejet\u00e9es. La soci\u00e9t\u00e9 intim\u00e9epr\u00e9sentepar ailleursune demande additionnelle en condamnation dePERSONNE1.)\u00e0 luipayerla sommesuppl\u00e9mentaire de 16.105,76euros \u00e0titre de solde d\u2019arri\u00e9r\u00e9s de loyers pour la p\u00e9riode de f\u00e9vrier 2024 \u00e0octobre2024(total: 33.986,16 euros). Elle r\u00e9clame par ailleurs une indemnit\u00e9 de proc\u00e9dure de 2.500 euros pour l\u2019instance d\u2019appel ainsi que la condamnation dePERSONNE1.)au paiement du montant de 2.500 euros \u00e0<\/p>\n<p>5 titre de proc\u00e9dure abusive et vexatoire. PERSONNE1.)ne s\u2019est pas pr\u00e9sent\u00e9e \u00e0 l\u2019audience pour maintenir ses contestations et moyens d\u2019appel. Dans le cadre d\u2019une proc\u00e9dure orale, tel que c\u2019est le cas en l\u2019esp\u00e8ce, les observations \u00e9crites sont irrecevables \u00e0 d\u00e9faut de comparution [Cass. 2e, civ. 23 septembre 2004 (IR, recueil DALLOZ, 2004, n\u00b0 36)]. L\u2019oralit\u00e9 de la proc\u00e9dure impose aux parties de compara\u00eetre ou de se faire repr\u00e9senter pour formuler verbalement leurs pr\u00e9tentions et les justifier. A d\u00e9faut de compara\u00eetre ou de se faire repr\u00e9senter, les conclusions \u00e9crites de la partie demanderesse ne peuvent \u00eatre retenues, faute d\u2019avoir \u00e9t\u00e9 reprises oralement \u00e0 la barre, ce m\u00eame \u00e0 supposer qu\u2019elles aient \u00e9t\u00e9 valablement d\u00e9pos\u00e9es. Ces conclusions ne peuvent en aucun cas suppl\u00e9er le d\u00e9faut de comparution et doivent \u00eatre d\u00e9clar\u00e9es irrecevables. En effet,si dans une affaire devant le juge si\u00e9geant en mati\u00e8re de bail \u00e0 loyer, les pr\u00e9tentions des parties sont obligatoirement pr\u00e9cis\u00e9es \u00e0 l\u2019acte introductif d\u2019instance, l\u2019affaire est prise en d\u00e9lib\u00e9r\u00e9 dans une audience publique lors de laquelle les mandatairesdes parties demandent au tribunal de statuer conform\u00e9ment \u00e0 la requ\u00eate introductive d\u2019instance. Le tribunal n\u2019a pas \u00e0 statuer sur les pr\u00e9tentions \u00e9mises dans les \u00e9critures de la partie dont le mandataire, respectivement la partie, ne demandent pas au tribunal, lors de l\u2019audience, de rendre un jugement et de statuer sur ces pr\u00e9tentions (Tribunal de Paix de et \u00e0 Luxembourg, 7 octobre 2015, n\u00b03441\/15). Ce principe de pr\u00e9sence s&#039;applique aussi devant la cour d&#039;appel lorsque la proc\u00e9dure est orale. Si l&#039;appelant ne se pr\u00e9sente pas \u00e0 l&#039;audience pour soutenir ses pr\u00e9tentions, la cour d&#039;appel n&#039;estsaisie d&#039;aucun moyen et doit confirmer le jugement (C\u00e9dricBOUTY,Proc\u00e9dure orale: dispositions communes, R\u00e9pertoire de proc\u00e9durecivile, Dalloz; Civ.2e, 21mars 2013, n\u00b012-15.326; Civ.2e, 19nov. 2015, n\u00b014-11.350) Nila partie appelante elle-m\u00eameni un mandatairene s\u2019\u00e9tant pr\u00e9sent\u00e9s \u00e0 l\u2019audience de plaidoiries pour soutenir oralement les pr\u00e9tentions \u00e9crites figurant dans l\u2019acte d\u2019appel et pour demander que le tribunal statue conform\u00e9ment \u00e0 celles-ci, le tribunal n\u2019a \u00e0 examiner ni les pr\u00e9tentions ni les moyens dePERSONNE1.)contenus dans l\u2019acte d\u2019appel. Le jugement entrepris est partant \u00e0 confirmer purement et simplement. Lademandeadditionnelledela soci\u00e9t\u00e9SOCIETE1.)\u00e0 voir condamner PERSONNE1.)au paiement suppl\u00e9mentaire de la somme de16.105,76 eurosestrecevable en application du deuxi\u00e8me alin\u00e9a de l\u2019article 592du nouveau code de proc\u00e9dure civile qui dispose que les parties pourront\u00abdemander des int\u00e9r\u00eats, arr\u00e9rages, loyers et autres accessoires \u00e9chus depuis le jugement de premi\u00e8re instance, et les dommages et int\u00e9r\u00eats pour le pr\u00e9judice souffert depuis ledit jugement \u00bb. A d\u00e9faut de preuve de paiement, cette demande additionnelle est \u00e0 d\u00e9clarer fond\u00e9e \u00e0 concurrence du montant de16.105,76euros.<\/p>\n<p>6 Quant \u00e0 la demande de la soci\u00e9t\u00e9 SOCIETE1.)en condamnation de l\u2019appelanteau paiement d\u2019une indemnit\u00e9 pour proc\u00e9dure abusive et vexatoire d\u2019un montant de2.500euros, l\u2019article 6-1 du Code civil pr\u00e9voit que \u00ab tout acte ou tout fait qui exc\u00e8demanifestement, par l\u2019intention de son auteur, par son objet ou par les circonstances dans lesquelles il est intervenu, l\u2019exercice normal d\u2019un droit, n\u2019est pas prot\u00e9g\u00e9 par la loi, engage la responsabilit\u00e9 de son auteur et peut donner lieu \u00e0 une action en cessation pour emp\u00eacher la persistance dans l\u2019abus \u00bb. Il est de principe que l\u2019exercice de l\u2019action en justice est libre. Ceci signifie qu\u2019en principe l\u2019exercice de cette libert\u00e9 ne constitue pas une faute, m\u00eame de la part de celui qui perd le proc\u00e8s. En effet, chacun doit pouvoir d\u00e9fendre ses droits en justice sans craindre de se voir reprocher le simple fait d\u2019avoir voulu soumettre ses pr\u00e9tentions \u00e0 un tribunal en prenant l\u2019initiative d\u2019agir ou en r\u00e9sistant \u00e0 la demande adverse (JurisClasseur, Proc\u00e9dure civile, fasc. 125, action en justice, n\u00b0 61). L\u2019exercice des voies de droit n\u2019est r\u00e9pr\u00e9hensible qu\u2019au cas o\u00f9 le plaideur a commis un abus. A ce propos, il est admis que toute faute dans l\u2019exercice des voies de droit est susceptible d\u2019engager la responsabilit\u00e9 des plaideurs (Cass. fr., 10 janvier 1964, Bull. civ. I, n\u00b0 310 ; Cour d\u2019appel, 21 mars 2002, n\u00b0 25297 du r\u00f4le) et que l\u2019abus de proc\u00e9dure n\u2019exige ni la mauvaise foi, ni le dol et peut r\u00e9sulter d\u2019un comportement fautif (Cass. fr. civ. 2e, 5 mai 1978, Bull. civ. II, n\u00b0 116). En l\u2019occurrence une faute rev\u00eatant les pr\u00e9dites caract\u00e9ristiques n\u2019est pas \u00e9tablie dans le chef dePERSONNE1.), de sorte quela soci\u00e9t\u00e9SOCIETE1.) ne peutpas pr\u00e9tendre \u00e0 des dommages-int\u00e9r\u00eats pour proc\u00e9dure abusive et vexatoire. Lademande en allocation d\u2019une indemnit\u00e9 de proc\u00e9dure est \u00e0 d\u00e9clarer fond\u00e9e \u00e0 concurrence du montant de 750 euros, alors qu\u2019il para\u00eet in\u00e9quitable de laisser \u00e0 charge de la partieintim\u00e9el\u2019enti\u00e8ret\u00e9 des frais expos\u00e9s non compris dans les d\u00e9pens. Par ces motifs le tribunal d&#039;arrondissement de et \u00e0 Diekirch, si\u00e9geant en mati\u00e8re d\u2019appel de bail \u00e0 loyer, statuant contradictoirement, re\u00e7oitl\u2019appel en la forme, leditnon fond\u00e9, partant,confirmele jugement entrepris dans toute sa teneur, refixele d\u00e9lai de d\u00e9guerpissement \u00e0 30 jours courant \u00e0 partir de la signification du pr\u00e9sent jugement \u00e0 la partie appelante, d\u00e9clarela demande additionnelledela soci\u00e9t\u00e9SOCIETE1.)fond\u00e9e\u00e0 concurrence de la somme de16.105,76euros,<\/p>\n<p>7 condamnePERSONNE1.)\u00e0 payer \u00e0la soci\u00e9t\u00e9SOCIETE1.)le montantde 16.105,76euros,avec les int\u00e9r\u00eats l\u00e9gaux \u00e0 partir du30 octobre2024,jusqu\u2019\u00e0 solde, ditfond\u00e9e la demande de lasoci\u00e9t\u00e9 anonymeSOCIETE1.)en allocation d\u2019une indemnit\u00e9 de proc\u00e9dure \u00e0 concurrence du montant de 750 euros, condamnePERSONNE1.)\u00e0 payer \u00e0 lasoci\u00e9t\u00e9 anonymeSOCIETE1.)une indemnit\u00e9 de proc\u00e9dure de 750 euros, ditla demande en allocation d\u2019une indemnit\u00e9 pour proc\u00e9dure abusive et vexatoire non fond\u00e9e, condamnePERSONNE1.)aux frais et d\u00e9pens de l\u2019instance d\u2019appel. Ainsi prononc\u00e9 en audience publique au Palais de Justice \u00e0 Diekirch, par NousChantal GLOD,vice-pr\u00e9sidente pr\u00e8s le Tribunal d\u2019arrondissement de Diekirch, assist\u00e9e de la greffi\u00e8re Christiane BRITZ. La greffi\u00e8re Lavice-pr\u00e9sidente<\/p>\n<\/div>\n<hr class=\"kji-sep\" \/>\n<p class=\"kji-source-links\"><strong>Sources officielles :<\/strong> <a class=\"kji-source-link\" href=\"https:\/\/data.public.lu\/fr\/datasets\/tribunal-darrondissement-diekirch\/\" target=\"_blank\" rel=\"noopener noreferrer\">consulter la page source<\/a> &middot; <a class=\"kji-pdf-link\" href=\"https:\/\/download.data.public.lu\/resources\/tribunal-darrondissement-diekirch\/20241209-033320\/20241122-tadcommerce-202400778-pseudonymise-accessible.pdf\" target=\"_blank\" rel=\"noopener noreferrer\">PDF officiel<\/a><\/p>\n<p class=\"kji-license-note\"><em>Licence CC BY-ND 4.0 (Administration judiciaire, data.public.lu). Republication autorisee avec attribution, sans modification editoriale du texte integral.<\/em><\/p>\n<\/div>\n","protected":false},"excerpt":{"rendered":"<p>1 Jugement N\u00b0 2024TADCOMM\/0443(bailcommercial) Audience publique duvendredi,vingt-deux novembredeux millevingt-quatre Num\u00e9ro du r\u00f4le :TAD-2024-00778 Composition : Chantal GLOD, vice-pr\u00e9sidente, Jean-Claude WIRTH, premier juge, Magali GONNER, juge, Christiane BRITZ, greffier. Entre: PERSONNE1.),administratrice de soci\u00e9t\u00e9,demeurant \u00e0 L-ADRESSE1.), partie appelante aux termes d&#8217;un exploit de l&#8217;huissierde justiceTessy SIEDLER, demeurant\u2026<\/p>\n","protected":false},"featured_media":0,"template":"","meta":{"_crdt_document":""},"kji_country":[8418],"kji_court":[23583],"kji_chamber":[],"kji_year":[8677],"kji_subject":[7724],"kji_keyword":[23584,8576,7636],"kji_language":[7733],"class_list":["post-604126","kji_decision","type-kji_decision","status-publish","hentry","kji_country-luxembourg","kji_court-tribunal-darrondissement","kji_year-8677","kji_subject-civil","kji_keyword-arrondissement","kji_keyword-novembre","kji_keyword-tribunal","kji_language-francais"],"yoast_head":"<!-- This site is optimized with the Yoast SEO Premium plugin v27.5 (Yoast SEO v27.5) - https:\/\/yoast.com\/product\/yoast-seo-premium-wordpress\/ -->\n<title>Tribunal d&#039;arrondissement, 22 novembre 2024 - Ma\u00eetre Hassan Kohen, avocat en droit p\u00e9nal \u00e0 Paris<\/title>\n<meta name=\"robots\" content=\"index, follow, max-snippet:-1, max-image-preview:large, max-video-preview:-1\" \/>\n<link rel=\"canonical\" href=\"https:\/\/kohenavocats.com\/ru\/jurisprudences\/tribunal-darrondissement-22-novembre-2024-17\/\" \/>\n<meta property=\"og:locale\" content=\"ru_RU\" \/>\n<meta property=\"og:type\" content=\"article\" \/>\n<meta property=\"og:title\" content=\"Tribunal d&#039;arrondissement, 22 novembre 2024\" \/>\n<meta property=\"og:description\" content=\"1 Jugement N\u00b0 2024TADCOMM\/0443(bailcommercial) Audience publique duvendredi,vingt-deux novembredeux millevingt-quatre Num\u00e9ro du r\u00f4le :TAD-2024-00778 Composition : Chantal GLOD, vice-pr\u00e9sidente, Jean-Claude WIRTH, premier juge, Magali GONNER, juge, Christiane BRITZ, greffier. Entre: PERSONNE1.),administratrice de soci\u00e9t\u00e9,demeurant \u00e0 L-ADRESSE1.), partie appelante aux termes d&#039;un exploit de l&#039;huissierde justiceTessy SIEDLER, demeurant\u2026\" \/>\n<meta property=\"og:url\" content=\"https:\/\/kohenavocats.com\/ru\/jurisprudences\/tribunal-darrondissement-22-novembre-2024-17\/\" \/>\n<meta property=\"og:site_name\" content=\"Ma\u00eetre Hassan Kohen, avocat en droit p\u00e9nal \u00e0 Paris\" \/>\n<meta property=\"article:modified_time\" content=\"2026-04-19T09:29:21+00:00\" \/>\n<meta name=\"twitter:card\" content=\"summary_large_image\" \/>\n<meta name=\"twitter:label1\" content=\"\u041f\u0440\u0438\u043c\u0435\u0440\u043d\u043e\u0435 \u0432\u0440\u0435\u043c\u044f \u0434\u043b\u044f \u0447\u0442\u0435\u043d\u0438\u044f\" \/>\n\t<meta name=\"twitter:data1\" content=\"11 \u043c\u0438\u043d\u0443\u0442\" \/>\n<script type=\"application\/ld+json\" class=\"yoast-schema-graph\">{\"@context\":\"https:\\\/\\\/schema.org\",\"@graph\":[{\"@type\":\"WebPage\",\"@id\":\"https:\\\/\\\/kohenavocats.com\\\/ru\\\/jurisprudences\\\/tribunal-darrondissement-22-novembre-2024-17\\\/\",\"url\":\"https:\\\/\\\/kohenavocats.com\\\/ru\\\/jurisprudences\\\/tribunal-darrondissement-22-novembre-2024-17\\\/\",\"name\":\"Tribunal d'arrondissement, 22 novembre 2024 - Ma\u00eetre Hassan Kohen, avocat en droit p\u00e9nal \u00e0 Paris\",\"isPartOf\":{\"@id\":\"https:\\\/\\\/kohenavocats.com\\\/ru\\\/#website\"},\"datePublished\":\"2026-04-19T09:29:18+00:00\",\"dateModified\":\"2026-04-19T09:29:21+00:00\",\"breadcrumb\":{\"@id\":\"https:\\\/\\\/kohenavocats.com\\\/ru\\\/jurisprudences\\\/tribunal-darrondissement-22-novembre-2024-17\\\/#breadcrumb\"},\"inLanguage\":\"ru-RU\",\"potentialAction\":[{\"@type\":\"ReadAction\",\"target\":[\"https:\\\/\\\/kohenavocats.com\\\/ru\\\/jurisprudences\\\/tribunal-darrondissement-22-novembre-2024-17\\\/\"]}]},{\"@type\":\"BreadcrumbList\",\"@id\":\"https:\\\/\\\/kohenavocats.com\\\/ru\\\/jurisprudences\\\/tribunal-darrondissement-22-novembre-2024-17\\\/#breadcrumb\",\"itemListElement\":[{\"@type\":\"ListItem\",\"position\":1,\"name\":\"Home\",\"item\":\"https:\\\/\\\/kohenavocats.com\\\/ru\\\/avocats-en-droit-penal-a-paris-conseil-et-defense-strategique\\\/\"},{\"@type\":\"ListItem\",\"position\":2,\"name\":\"Jurisprudences\",\"item\":\"https:\\\/\\\/kohenavocats.com\\\/ru\\\/jurisprudences\\\/\"},{\"@type\":\"ListItem\",\"position\":3,\"name\":\"Tribunal d&rsquo;arrondissement, 22 novembre 2024\"}]},{\"@type\":\"WebSite\",\"@id\":\"https:\\\/\\\/kohenavocats.com\\\/ru\\\/#website\",\"url\":\"https:\\\/\\\/kohenavocats.com\\\/ru\\\/\",\"name\":\"Kohen Avocats\",\"description\":\"Ma\u00eetre Hassan Kohen, avocat p\u00e9naliste \u00e0 Paris, intervient exclusivement en droit p\u00e9nal pour la d\u00e9fense des particuliers, notamment en mati\u00e8re d\u2019accusations de viol. Il assure un accompagnement rigoureux d\u00e8s la garde \u00e0 vue jusqu\u2019\u00e0 la Cour d\u2019assises, veillant au strict respect des garanties proc\u00e9durales.\",\"publisher\":{\"@id\":\"https:\\\/\\\/kohenavocats.com\\\/ru\\\/#organization\"},\"potentialAction\":[{\"@type\":\"SearchAction\",\"target\":{\"@type\":\"EntryPoint\",\"urlTemplate\":\"https:\\\/\\\/kohenavocats.com\\\/ru\\\/?s={search_term_string}\"},\"query-input\":{\"@type\":\"PropertyValueSpecification\",\"valueRequired\":true,\"valueName\":\"search_term_string\"}}],\"inLanguage\":\"ru-RU\"},{\"@type\":\"Organization\",\"@id\":\"https:\\\/\\\/kohenavocats.com\\\/ru\\\/#organization\",\"name\":\"Kohen Avocats\",\"url\":\"https:\\\/\\\/kohenavocats.com\\\/ru\\\/\",\"logo\":{\"@type\":\"ImageObject\",\"inLanguage\":\"ru-RU\",\"@id\":\"https:\\\/\\\/kohenavocats.com\\\/ru\\\/#\\\/schema\\\/logo\\\/image\\\/\",\"url\":\"https:\\\/\\\/kohenavocats.com\\\/wp-content\\\/uploads\\\/2026\\\/01\\\/Logo-2-1.webp\",\"contentUrl\":\"https:\\\/\\\/kohenavocats.com\\\/wp-content\\\/uploads\\\/2026\\\/01\\\/Logo-2-1.webp\",\"width\":2114,\"height\":1253,\"caption\":\"Kohen Avocats\"},\"image\":{\"@id\":\"https:\\\/\\\/kohenavocats.com\\\/ru\\\/#\\\/schema\\\/logo\\\/image\\\/\"}}]}<\/script>\n<!-- \/ Yoast SEO Premium plugin. -->","yoast_head_json":{"title":"Tribunal d'arrondissement, 22 novembre 2024 - Ma\u00eetre Hassan Kohen, avocat en droit p\u00e9nal \u00e0 Paris","robots":{"index":"index","follow":"follow","max-snippet":"max-snippet:-1","max-image-preview":"max-image-preview:large","max-video-preview":"max-video-preview:-1"},"canonical":"https:\/\/kohenavocats.com\/ru\/jurisprudences\/tribunal-darrondissement-22-novembre-2024-17\/","og_locale":"ru_RU","og_type":"article","og_title":"Tribunal d'arrondissement, 22 novembre 2024","og_description":"1 Jugement N\u00b0 2024TADCOMM\/0443(bailcommercial) Audience publique duvendredi,vingt-deux novembredeux millevingt-quatre Num\u00e9ro du r\u00f4le :TAD-2024-00778 Composition : Chantal GLOD, vice-pr\u00e9sidente, Jean-Claude WIRTH, premier juge, Magali GONNER, juge, Christiane BRITZ, greffier. Entre: PERSONNE1.),administratrice de soci\u00e9t\u00e9,demeurant \u00e0 L-ADRESSE1.), partie appelante aux termes d'un exploit de l'huissierde justiceTessy SIEDLER, demeurant\u2026","og_url":"https:\/\/kohenavocats.com\/ru\/jurisprudences\/tribunal-darrondissement-22-novembre-2024-17\/","og_site_name":"Ma\u00eetre Hassan Kohen, avocat en droit p\u00e9nal \u00e0 Paris","article_modified_time":"2026-04-19T09:29:21+00:00","twitter_card":"summary_large_image","twitter_misc":{"\u041f\u0440\u0438\u043c\u0435\u0440\u043d\u043e\u0435 \u0432\u0440\u0435\u043c\u044f \u0434\u043b\u044f \u0447\u0442\u0435\u043d\u0438\u044f":"11 \u043c\u0438\u043d\u0443\u0442"},"schema":{"@context":"https:\/\/schema.org","@graph":[{"@type":"WebPage","@id":"https:\/\/kohenavocats.com\/ru\/jurisprudences\/tribunal-darrondissement-22-novembre-2024-17\/","url":"https:\/\/kohenavocats.com\/ru\/jurisprudences\/tribunal-darrondissement-22-novembre-2024-17\/","name":"Tribunal d'arrondissement, 22 novembre 2024 - Ma\u00eetre Hassan Kohen, avocat en droit p\u00e9nal \u00e0 Paris","isPartOf":{"@id":"https:\/\/kohenavocats.com\/ru\/#website"},"datePublished":"2026-04-19T09:29:18+00:00","dateModified":"2026-04-19T09:29:21+00:00","breadcrumb":{"@id":"https:\/\/kohenavocats.com\/ru\/jurisprudences\/tribunal-darrondissement-22-novembre-2024-17\/#breadcrumb"},"inLanguage":"ru-RU","potentialAction":[{"@type":"ReadAction","target":["https:\/\/kohenavocats.com\/ru\/jurisprudences\/tribunal-darrondissement-22-novembre-2024-17\/"]}]},{"@type":"BreadcrumbList","@id":"https:\/\/kohenavocats.com\/ru\/jurisprudences\/tribunal-darrondissement-22-novembre-2024-17\/#breadcrumb","itemListElement":[{"@type":"ListItem","position":1,"name":"Home","item":"https:\/\/kohenavocats.com\/ru\/avocats-en-droit-penal-a-paris-conseil-et-defense-strategique\/"},{"@type":"ListItem","position":2,"name":"Jurisprudences","item":"https:\/\/kohenavocats.com\/ru\/jurisprudences\/"},{"@type":"ListItem","position":3,"name":"Tribunal d&rsquo;arrondissement, 22 novembre 2024"}]},{"@type":"WebSite","@id":"https:\/\/kohenavocats.com\/ru\/#website","url":"https:\/\/kohenavocats.com\/ru\/","name":"Kohen Avocats","description":"Ma\u00eetre Hassan Kohen, avocat p\u00e9naliste \u00e0 Paris, intervient exclusivement en droit p\u00e9nal pour la d\u00e9fense des particuliers, notamment en mati\u00e8re d\u2019accusations de viol. Il assure un accompagnement rigoureux d\u00e8s la garde \u00e0 vue jusqu\u2019\u00e0 la Cour d\u2019assises, veillant au strict respect des garanties proc\u00e9durales.","publisher":{"@id":"https:\/\/kohenavocats.com\/ru\/#organization"},"potentialAction":[{"@type":"SearchAction","target":{"@type":"EntryPoint","urlTemplate":"https:\/\/kohenavocats.com\/ru\/?s={search_term_string}"},"query-input":{"@type":"PropertyValueSpecification","valueRequired":true,"valueName":"search_term_string"}}],"inLanguage":"ru-RU"},{"@type":"Organization","@id":"https:\/\/kohenavocats.com\/ru\/#organization","name":"Kohen Avocats","url":"https:\/\/kohenavocats.com\/ru\/","logo":{"@type":"ImageObject","inLanguage":"ru-RU","@id":"https:\/\/kohenavocats.com\/ru\/#\/schema\/logo\/image\/","url":"https:\/\/kohenavocats.com\/wp-content\/uploads\/2026\/01\/Logo-2-1.webp","contentUrl":"https:\/\/kohenavocats.com\/wp-content\/uploads\/2026\/01\/Logo-2-1.webp","width":2114,"height":1253,"caption":"Kohen Avocats"},"image":{"@id":"https:\/\/kohenavocats.com\/ru\/#\/schema\/logo\/image\/"}}]}},"jetpack_likes_enabled":false,"jetpack_sharing_enabled":true,"_links":{"self":[{"href":"https:\/\/kohenavocats.com\/ru\/wp-json\/wp\/v2\/kji_decision\/604126","targetHints":{"allow":["GET"]}}],"collection":[{"href":"https:\/\/kohenavocats.com\/ru\/wp-json\/wp\/v2\/kji_decision"}],"about":[{"href":"https:\/\/kohenavocats.com\/ru\/wp-json\/wp\/v2\/types\/kji_decision"}],"wp:attachment":[{"href":"https:\/\/kohenavocats.com\/ru\/wp-json\/wp\/v2\/media?parent=604126"}],"wp:term":[{"taxonomy":"kji_country","embeddable":true,"href":"https:\/\/kohenavocats.com\/ru\/wp-json\/wp\/v2\/kji_country?post=604126"},{"taxonomy":"kji_court","embeddable":true,"href":"https:\/\/kohenavocats.com\/ru\/wp-json\/wp\/v2\/kji_court?post=604126"},{"taxonomy":"kji_chamber","embeddable":true,"href":"https:\/\/kohenavocats.com\/ru\/wp-json\/wp\/v2\/kji_chamber?post=604126"},{"taxonomy":"kji_year","embeddable":true,"href":"https:\/\/kohenavocats.com\/ru\/wp-json\/wp\/v2\/kji_year?post=604126"},{"taxonomy":"kji_subject","embeddable":true,"href":"https:\/\/kohenavocats.com\/ru\/wp-json\/wp\/v2\/kji_subject?post=604126"},{"taxonomy":"kji_keyword","embeddable":true,"href":"https:\/\/kohenavocats.com\/ru\/wp-json\/wp\/v2\/kji_keyword?post=604126"},{"taxonomy":"kji_language","embeddable":true,"href":"https:\/\/kohenavocats.com\/ru\/wp-json\/wp\/v2\/kji_language?post=604126"}],"curies":[{"name":"wp","href":"https:\/\/api.w.org\/{rel}","templated":true}]}}