{"id":604238,"date":"2026-04-19T11:34:14","date_gmt":"2026-04-19T09:34:14","guid":{"rendered":"https:\/\/kohenavocats.com\/jurisprudences\/tribunal-darrondissement-29-mars-2024-5\/"},"modified":"2026-04-19T11:34:18","modified_gmt":"2026-04-19T09:34:18","slug":"tribunal-darrondissement-29-mars-2024-5","status":"publish","type":"kji_decision","link":"https:\/\/kohenavocats.com\/ru\/jurisprudences\/tribunal-darrondissement-29-mars-2024-5\/","title":{"rendered":"Tribunal d&#8217;arrondissement, 29 mars 2024"},"content":{"rendered":"<div class=\"kji-decision\">\n<div class=\"kji-full-text\">\n<p>No.194\/2024 Audience publique duvendredi,29mars2024 (Not.705\/24\/XC)\u2013SP Le tribunal d\u2019arrondissement de et \u00e0 Diekirch, si\u00e9geant en mati\u00e8re correctionnelle et en composition de juge unique, a rendu en son audience publique duvendredivingt-neufmarsdeux millevingt-quatre, le jugement qui suitdans la cause E N T R E Monsieur le Procureur d\u2019Etat, partie poursuivante suivant citation du9 f\u00e9vrier2024, E T PERSONNE1.), n\u00e9leDATE1.)\u00e0ADRESSE1.), demeurant\u00e0ADRESSE2.), pr\u00e9venu. F A I T S : Apr\u00e8s l\u2019appel de la cause \u00e0 l\u2019audience publique duvendredi,1 er mars 2024,lepr\u00e9sident constata l\u2019identit\u00e9 du pr\u00e9venuPERSONNE1.)qui avait comparu en personne, et lui donna connaissance de l\u2019acte ayant saisi le tribunal. Apr\u00e8s avoir \u00e9t\u00e9 averti de son droit de se taire et de ne pas s\u2019incriminer soi-m\u00eame,le pr\u00e9venuPERSONNE1.)fut interrog\u00e9 et entendu en ses explications et moyens de d\u00e9fense. LeMinist\u00e8rePublic, repr\u00e9sent\u00e9 parPhilippe BRAUSCH,premier substitut duProcureur d\u2019Etat,fut entendu ensonr\u00e9quisitoire.<\/p>\n<p>2 Les moyens du pr\u00e9venuPERSONNE1.)furent alors plus amplement d\u00e9velopp\u00e9s par Ma\u00eetreMarc BECKER, avocat\u00e0 la Cour, demeurant \u00e0 Diekirch. Le pr\u00e9venu se vit attribuer la parole en dernier. Le tribunal pritl\u2019affaire en d\u00e9lib\u00e9r\u00e9 et fixa le prononc\u00e9 du jugement \u00e0 l\u2019audience publique du vendredi,29mars2024. A cette audience publique, le tribunal rendit le JUGEMENT qui suit: Vu le proc\u00e8s-verbalnum\u00e9ro10183du27janvier2024dress\u00e9par le commissariat de policede Diekirch\/Vianden. Vu la citation \u00e0 pr\u00e9venu du9 f\u00e9vrier2024(not.705\/24\/XC). Le Parquet reproche \u00e0PERSONNE1.): \u00ab\u00e9tant conducteur d&#039;un v\u00e9hicule automoteur sur la voie publique, le27\/01\/2024,vers02:26heures,\u00e0ADRESSE3.),sans pr\u00e9judicedes circonstancesde temps et de lieu exactes, I.avoir circul\u00e9, m\u00eame en l\u2019absence de signes manifestes d\u2019ivresse, avec un taux d\u2019alcool d\u2019au moins 0,55 mg par litre d\u2019air expir\u00e9en l\u2019esp\u00e8ce de 0,99 mg\/l, II.d\u00e9faut de se comporter raisonnablement et prudemment de fa\u00e7on \u00e0 ne pas constituer un danger pourla circulation, III. d\u00e9faut de se comporter raisonnablement et prudemment de fa\u00e7on \u00e0 ne pas causer un dommage aux propri\u00e9t\u00e9s publiques ou priv\u00e9es, IV. d\u00e9faut de conduire de fa\u00e7on \u00e0 rester constamment ma\u00eetre de son v\u00e9hicule.\u00bb Les faits \u00e0 la base de lapr\u00e9sente affaire r\u00e9sultent \u00e0 suffisance des \u00e9l\u00e9ments du dossier soumis \u00e0 l\u2019appr\u00e9ciation de la chambre correctionnelle ainsi que de l\u2019instruction men\u00e9e \u00e0 l\u2019audience, notamment des explications et aveux du pr\u00e9venu. PERSONNE1.)est partant convaincu: \u00e9tantconducteurd&#039;un v\u00e9hicule automobilesur la voie publique,<\/p>\n<p>3 le 27janvier2024, vers 2:26 heures, \u00e0ADRESSE3.), 1) d\u2019avoir circul\u00e9, m\u00eame en l\u2019absence de signes manifestes d\u2019ivresse, avec un taux d\u2019alcool d\u2019au moins 0,55 mg par litre d\u2019air expir\u00e9, enl\u2019esp\u00e8ce, d\u2019avoir circul\u00e9 avec un taux d\u2019alcool de0,99mg par litre d\u2019air expir\u00e9. 2) de ne pas s\u2019\u00eatre comport\u00e9 raisonnablement et prudemment de fa\u00e7on \u00e0 ne pas constituer un danger pour la circulation, 3) de ne pas s\u2019\u00eatre comport\u00e9raisonnablement et prudemment de fa\u00e7on \u00e0 ne pas causer un dommage aux propri\u00e9t\u00e9s priv\u00e9es, 4) de ne pas avoir conduit de fa\u00e7on \u00e0 rester constamment ma\u00eetre de son v\u00e9hicule. Les infractions retenues \u00e0 charge du pr\u00e9venu se trouvent en concours id\u00e9alentre elles, de sorte qu\u2019il y a lieu d\u2019appliquer les dispositions de l\u2019article 65 du Code p\u00e9nal qui dit que lorsque le m\u00eame fait constitue plusieurs infractions, la peine la plus forte sera seule prononc\u00e9e. Aux termes de l\u2019article 12 de la loi modifi\u00e9e du14 f\u00e9vrier 1955 concernant la r\u00e9glementation de la circulation sur toutes les voies publiques, tout conducteur d\u2019un v\u00e9hicule qui a consomm\u00e9 des boissons alcooliques en quantit\u00e9 telle que le taux d\u2019alcool est d\u2019au moins 1,2 g d\u2019alcool par litre de sang oud\u2019au moins 0,55 mg d\u2019alcool par litre d\u2019air expir\u00e9 sera condamn\u00e9 \u00e0 une peine d\u2019emprisonnement de huit jours \u00e0 trois ans et \u00e0 une amende de 500 \u00e0 10.000 euros ou \u00e0 une de ces peines seulement. Dans l\u2019appr\u00e9ciation du quantum de la peine \u00e0 prononcer \u00e0 l\u2019\u00e9gard du pr\u00e9venu, la chambre correctionnelle tient compte d\u2019une part de la gravit\u00e9 objective des faits retenus \u00e0 sa charge et d\u2019autre part de sa situation personnelle. Au vu des circonstances de l\u2019affaire et de la situation personnelle du pr\u00e9venu, le tribunalestime qu\u2019une peine d\u2019emprisonnement serait inad\u00e9quate car trop s\u00e9v\u00e8re, et d\u00e9cide de ne prononcer contre PERSONNE1.)qu\u2019une amended\u2019un montantde900euros. Aux termes de l\u2019article 13 de la loi modifi\u00e9e du 14 f\u00e9vrier 1955 concernant la r\u00e9glementation dela circulation sur toutes les voies publiques, le juge saisi d\u2019une ou de plusieurs infractions \u00e0 la r\u00e9glementation de la circulation sur toutes les voies publiques ou de d\u00e9lits ou de crimes qui se sont joints \u00e0 ces infractions, pourra prononcer une interdiction de conduire de trois mois \u00e0 quinze ans en mati\u00e8re de d\u00e9lits ou de crimes.<\/p>\n<p>4 L\u2019interdiction de conduire est cependant obligatoire en cas de circulation en \u00e9tat d\u2019ivresse d\u2019apr\u00e8s les dispositions du m\u00eame article. Au vu des circonstances de l\u2019affaire,la chambre correctionnelle d\u00e9cide de prononcer contrePERSONNE1.)une interdiction de conduire de21 moisdu chefdel\u2019infractionretenue\u00e0 sa chargesub 1). Au vu du casier vierge du pr\u00e9venu, le tribunal d\u00e9cide n\u00e9anmoins d\u2019assortir l\u2019interdiction de conduire \u00e0 prononcer \u00e0 son encontre du sursis partiel de19mois. Cependant pour ne pas compromettre la situation professionnelle de PERSONNE1.), la chambre correctionnelle d\u00e9cide d\u2019excepter de l\u2019interdiction de conduire pour la dur\u00e9e de2mois 1) les trajets effectu\u00e9s par le pr\u00e9venu dans l\u2019int\u00e9r\u00eat prouv\u00e9 de sa profession, ainsi que 2) le trajet d\u2019aller et de retour effectu\u00e9entrea) sa r\u00e9sidence principale, sa r\u00e9sidence secondaire pr\u00e9sentant un caract\u00e8re de stabilit\u00e9 ou tout autre lieu o\u00f9 il se rend de fa\u00e7on habituelle pour des motifs d\u2019ordre familial et b) le lieu du travail. Parcesmotifs, le tribunal d\u2019arrondissement de et \u00e0Diekirch, si\u00e9geant en mati\u00e8re correctionnelleet encomposition de juge unique, statuant contradictoirementet en premi\u00e8re instance, lepr\u00e9venuPERSONNE1.)et son mandataireentendusenleursexplications et moyens de d\u00e9fense,le repr\u00e9sentant du Minist\u00e8rePublic entendu en son r\u00e9quisitoire,le pr\u00e9venu ayant eu la parole en dernier, c o n d a m n ePERSONNE1.)du chef des infractionsretenues\u00e0 sa charge \u00e0 une amende deNEUF CENTS(900) EUROS,ainsi qu\u2019aux frais de sa poursuite p\u00e9nale, ces frais \u00e9tant liquid\u00e9s \u00e0 la somme de 8,00 euros, f i x ela dur\u00e9e de la contrainte par corps en cas de non-paiement de l\u2019amende \u00e0NEUF(9) JOURS, p r o n o n c econtrePERSONNE1.)une interdiction de conduire un v\u00e9hicule automoteur des cat\u00e9gories A, B, C, D, E et F sur toutes les voies publiques pour une dur\u00e9edeVINGT-ET-UN(21) MOIS, d i tqu\u2019il seraSURSIS\u00e0 l\u2019ex\u00e9cution deDIX-NEUF(19) MOISde cette interdiction de conduire,<\/p>\n<p>5 i n f o r m ele pr\u00e9venu qu\u2019au cas o\u00f9, dans un d\u00e9lai de 5 ans \u00e0 dater du pr\u00e9sent jugement, il n\u2019aura commis une nouvelle infraction ayant entra\u00een\u00e9 la condamnation \u00e0 une interdiction de conduire un v\u00e9hicule sur la voie publique ou \u00e0 une peine privative delibert\u00e9 pour crimes ou d\u00e9lits pr\u00e9vus par la l\u00e9gislation sur la circulation sur les voies publiques ou sur la vente de substances m\u00e9dicamenteuses et la lutte contre la toxicomanie, l\u2019interdiction sera r\u00e9put\u00e9e non avenue, a v e r t i tle pr\u00e9venuque, dans le cas contraire, conform\u00e9ment \u00e0 l\u2019article 628 du Code de proc\u00e9dure p\u00e9nale, la premi\u00e8re peine sera d\u2019abord ex\u00e9cut\u00e9e sans qu\u2019elle ne puisse se confondre, le cas \u00e9ch\u00e9ant, avec la nouvelle interdiction de conduire, d \u00e9 c i d ed\u2019excepter de l\u2019interdiction de conduire pour la dur\u00e9e de DEUX(2) MOIS1) les trajets effectu\u00e9s par le pr\u00e9venu dans l\u2019int\u00e9r\u00eat prouv\u00e9 de sa profession, ainsi que 2) le trajet d\u2019aller et de retour effectu\u00e9 entrea) sa r\u00e9sidence principale, sa r\u00e9sidence secondaire pr\u00e9sentantun caract\u00e8re de stabilit\u00e9 ou tout autre lieu o\u00f9 il se rend de fa\u00e7on habituelle pour des motifs d\u2019ordre familial et b) le lieu du travail. Par application des articles 12et13 de la loi modifi\u00e9e du 14 f\u00e9vrier 1955 concernant la r\u00e9glementation de la circulation sur toutes les voies publiques,de l\u2019article 140 de l\u2019arr\u00eat\u00e9 grand-ducal modifi\u00e9 du 23 novembre 1955 portant r\u00e8glement de la circulation sur toutes les voies publiques,des articles 27, 28, 29, 30 et65du Code p\u00e9nal, et des articles 179, 182, 184, 185, 189, 190, 190-1, 194, 195,196, 628 et 628-1du Code de proc\u00e9dure p\u00e9nale. Ainsi fait, jug\u00e9 et prononc\u00e9 en audience publique le vendredi,29mars 2024, au Palais de Justice \u00e0 Diekirch parJean-Claude WIRTH,premier juge, assist\u00e9 du greffierassum\u00e9 Saban KALABIC, en pr\u00e9sence d\u2019Avelino SANTOS MENDES,substitutdu Procureur d\u2019Etat, qui \u00e0 l\u2019exception du repr\u00e9sentant du Minist\u00e8re Public ont sign\u00e9 le pr\u00e9sent jugement. Ce jugement est susceptible d\u2019appel. L\u2019appel doit \u00eatre interjet\u00e9 dans les formes et d\u00e9lais pr\u00e9vus aux articles 202 et suivants du Code de proc\u00e9dure p\u00e9nale et il doit \u00eatre form\u00e9 par le pr\u00e9venu ou son avocat, la partie civile ainsi que la partie civilementresponsable ou leurs avocats respectifs dans les40 joursdate du prononc\u00e9 du<\/p>\n<p>6 pr\u00e9sent jugement, aupr\u00e8s du greffe du Tribunal d\u2019arrondissement de Diekirch, en se pr\u00e9sentant personnellementpour signer l\u2019acte d\u2019appel. L\u2019appel peut \u00e9galement \u00eatre interjet\u00e9, dans les40 joursde la date du prononc\u00e9 du pr\u00e9sent jugement par voie decourrier \u00e9lectronique\u00e0 adresser au guichet du greffe du Tribunal d\u2019arrondissement de Diekirch \u00e0 l\u2019adresse guichet.tribunal.diekirch@justice.etat.lu. Si le pr\u00e9venu estd\u00e9tenu,il peutd\u00e9clarer son appel au greffe du Centre p\u00e9nitentiaire.<\/p>\n<\/div>\n<hr class=\"kji-sep\" \/>\n<p class=\"kji-source-links\"><strong>Sources officielles :<\/strong> <a class=\"kji-source-link\" href=\"https:\/\/data.public.lu\/fr\/datasets\/tribunal-darrondissement-diekirch\/\" target=\"_blank\" rel=\"noopener noreferrer\">consulter la page source<\/a> &middot; <a class=\"kji-pdf-link\" href=\"https:\/\/download.data.public.lu\/resources\/tribunal-darrondissement-diekirch\/20241209-033353\/20240329-tadpenal-194-pseudonymise-accessible.pdf\" target=\"_blank\" rel=\"noopener noreferrer\">PDF officiel<\/a><\/p>\n<p class=\"kji-license-note\"><em>Licence CC BY-ND 4.0 (Administration judiciaire, data.public.lu). Republication autorisee avec attribution, sans modification editoriale du texte integral.<\/em><\/p>\n<\/div>\n","protected":false},"excerpt":{"rendered":"<p>No.194\/2024 Audience publique duvendredi,29mars2024 (Not.705\/24\/XC)\u2013SP Le tribunal d\u2019arrondissement de et \u00e0 Diekirch, si\u00e9geant en mati\u00e8re correctionnelle et en composition de juge unique, a rendu en son audience publique duvendredivingt-neufmarsdeux millevingt-quatre, le jugement qui suitdans la cause E N T R E Monsieur le Procureur d\u2019Etat,\u2026<\/p>\n","protected":false},"featured_media":0,"template":"","meta":{"_crdt_document":""},"kji_country":[8418],"kji_court":[23583],"kji_chamber":[],"kji_year":[8677],"kji_subject":[7724],"kji_keyword":[23584,23621,23624,23622,7636],"kji_language":[7733],"class_list":["post-604238","kji_decision","type-kji_decision","status-publish","hentry","kji_country-luxembourg","kji_court-tribunal-darrondissement","kji_year-8677","kji_subject-civil","kji_keyword-arrondissement","kji_keyword-audience","kji_keyword-duvendredi","kji_keyword-publique","kji_keyword-tribunal","kji_language-francais"],"yoast_head":"<!-- This site is optimized with the Yoast SEO Premium plugin v27.5 (Yoast SEO v27.5) - https:\/\/yoast.com\/product\/yoast-seo-premium-wordpress\/ -->\n<title>Tribunal d&#039;arrondissement, 29 mars 2024 - Ma\u00eetre Hassan Kohen, avocat en droit p\u00e9nal \u00e0 Paris<\/title>\n<meta name=\"robots\" content=\"index, follow, max-snippet:-1, max-image-preview:large, max-video-preview:-1\" \/>\n<link rel=\"canonical\" href=\"https:\/\/kohenavocats.com\/ru\/jurisprudences\/tribunal-darrondissement-29-mars-2024-5\/\" \/>\n<meta property=\"og:locale\" content=\"ru_RU\" \/>\n<meta property=\"og:type\" content=\"article\" \/>\n<meta property=\"og:title\" content=\"Tribunal d&#039;arrondissement, 29 mars 2024\" \/>\n<meta property=\"og:description\" content=\"No.194\/2024 Audience publique duvendredi,29mars2024 (Not.705\/24\/XC)\u2013SP Le tribunal d\u2019arrondissement de et \u00e0 Diekirch, si\u00e9geant en mati\u00e8re correctionnelle et en composition de juge unique, a rendu en son audience publique duvendredivingt-neufmarsdeux millevingt-quatre, le jugement qui suitdans la cause E N T R E Monsieur le Procureur d\u2019Etat,\u2026\" \/>\n<meta property=\"og:url\" content=\"https:\/\/kohenavocats.com\/ru\/jurisprudences\/tribunal-darrondissement-29-mars-2024-5\/\" \/>\n<meta property=\"og:site_name\" content=\"Ma\u00eetre Hassan Kohen, avocat en droit p\u00e9nal \u00e0 Paris\" \/>\n<meta property=\"article:modified_time\" content=\"2026-04-19T09:34:18+00:00\" \/>\n<meta name=\"twitter:card\" content=\"summary_large_image\" \/>\n<meta name=\"twitter:label1\" content=\"\u041f\u0440\u0438\u043c\u0435\u0440\u043d\u043e\u0435 \u0432\u0440\u0435\u043c\u044f \u0434\u043b\u044f \u0447\u0442\u0435\u043d\u0438\u044f\" \/>\n\t<meta name=\"twitter:data1\" content=\"8 \u043c\u0438\u043d\u0443\u0442\" \/>\n<script type=\"application\/ld+json\" class=\"yoast-schema-graph\">{\"@context\":\"https:\\\/\\\/schema.org\",\"@graph\":[{\"@type\":\"WebPage\",\"@id\":\"https:\\\/\\\/kohenavocats.com\\\/ru\\\/jurisprudences\\\/tribunal-darrondissement-29-mars-2024-5\\\/\",\"url\":\"https:\\\/\\\/kohenavocats.com\\\/ru\\\/jurisprudences\\\/tribunal-darrondissement-29-mars-2024-5\\\/\",\"name\":\"Tribunal d'arrondissement, 29 mars 2024 - Ma\u00eetre Hassan Kohen, avocat en droit p\u00e9nal \u00e0 Paris\",\"isPartOf\":{\"@id\":\"https:\\\/\\\/kohenavocats.com\\\/ru\\\/#website\"},\"datePublished\":\"2026-04-19T09:34:14+00:00\",\"dateModified\":\"2026-04-19T09:34:18+00:00\",\"breadcrumb\":{\"@id\":\"https:\\\/\\\/kohenavocats.com\\\/ru\\\/jurisprudences\\\/tribunal-darrondissement-29-mars-2024-5\\\/#breadcrumb\"},\"inLanguage\":\"ru-RU\",\"potentialAction\":[{\"@type\":\"ReadAction\",\"target\":[\"https:\\\/\\\/kohenavocats.com\\\/ru\\\/jurisprudences\\\/tribunal-darrondissement-29-mars-2024-5\\\/\"]}]},{\"@type\":\"BreadcrumbList\",\"@id\":\"https:\\\/\\\/kohenavocats.com\\\/ru\\\/jurisprudences\\\/tribunal-darrondissement-29-mars-2024-5\\\/#breadcrumb\",\"itemListElement\":[{\"@type\":\"ListItem\",\"position\":1,\"name\":\"Home\",\"item\":\"https:\\\/\\\/kohenavocats.com\\\/ru\\\/avocats-en-droit-penal-a-paris-conseil-et-defense-strategique\\\/\"},{\"@type\":\"ListItem\",\"position\":2,\"name\":\"Jurisprudences\",\"item\":\"https:\\\/\\\/kohenavocats.com\\\/ru\\\/jurisprudences\\\/\"},{\"@type\":\"ListItem\",\"position\":3,\"name\":\"Tribunal d&rsquo;arrondissement, 29 mars 2024\"}]},{\"@type\":\"WebSite\",\"@id\":\"https:\\\/\\\/kohenavocats.com\\\/ru\\\/#website\",\"url\":\"https:\\\/\\\/kohenavocats.com\\\/ru\\\/\",\"name\":\"Kohen Avocats\",\"description\":\"Ma\u00eetre Hassan Kohen, avocat p\u00e9naliste \u00e0 Paris, intervient exclusivement en droit p\u00e9nal pour la d\u00e9fense des particuliers, notamment en mati\u00e8re d\u2019accusations de viol. Il assure un accompagnement rigoureux d\u00e8s la garde \u00e0 vue jusqu\u2019\u00e0 la Cour d\u2019assises, veillant au strict respect des garanties proc\u00e9durales.\",\"publisher\":{\"@id\":\"https:\\\/\\\/kohenavocats.com\\\/ru\\\/#organization\"},\"potentialAction\":[{\"@type\":\"SearchAction\",\"target\":{\"@type\":\"EntryPoint\",\"urlTemplate\":\"https:\\\/\\\/kohenavocats.com\\\/ru\\\/?s={search_term_string}\"},\"query-input\":{\"@type\":\"PropertyValueSpecification\",\"valueRequired\":true,\"valueName\":\"search_term_string\"}}],\"inLanguage\":\"ru-RU\"},{\"@type\":\"Organization\",\"@id\":\"https:\\\/\\\/kohenavocats.com\\\/ru\\\/#organization\",\"name\":\"Kohen Avocats\",\"url\":\"https:\\\/\\\/kohenavocats.com\\\/ru\\\/\",\"logo\":{\"@type\":\"ImageObject\",\"inLanguage\":\"ru-RU\",\"@id\":\"https:\\\/\\\/kohenavocats.com\\\/ru\\\/#\\\/schema\\\/logo\\\/image\\\/\",\"url\":\"https:\\\/\\\/kohenavocats.com\\\/wp-content\\\/uploads\\\/2026\\\/01\\\/Logo-2-1.webp\",\"contentUrl\":\"https:\\\/\\\/kohenavocats.com\\\/wp-content\\\/uploads\\\/2026\\\/01\\\/Logo-2-1.webp\",\"width\":2114,\"height\":1253,\"caption\":\"Kohen Avocats\"},\"image\":{\"@id\":\"https:\\\/\\\/kohenavocats.com\\\/ru\\\/#\\\/schema\\\/logo\\\/image\\\/\"}}]}<\/script>\n<!-- \/ Yoast SEO Premium plugin. -->","yoast_head_json":{"title":"Tribunal d'arrondissement, 29 mars 2024 - Ma\u00eetre Hassan Kohen, avocat en droit p\u00e9nal \u00e0 Paris","robots":{"index":"index","follow":"follow","max-snippet":"max-snippet:-1","max-image-preview":"max-image-preview:large","max-video-preview":"max-video-preview:-1"},"canonical":"https:\/\/kohenavocats.com\/ru\/jurisprudences\/tribunal-darrondissement-29-mars-2024-5\/","og_locale":"ru_RU","og_type":"article","og_title":"Tribunal d'arrondissement, 29 mars 2024","og_description":"No.194\/2024 Audience publique duvendredi,29mars2024 (Not.705\/24\/XC)\u2013SP Le tribunal d\u2019arrondissement de et \u00e0 Diekirch, si\u00e9geant en mati\u00e8re correctionnelle et en composition de juge unique, a rendu en son audience publique duvendredivingt-neufmarsdeux millevingt-quatre, le jugement qui suitdans la cause E N T R E Monsieur le Procureur d\u2019Etat,\u2026","og_url":"https:\/\/kohenavocats.com\/ru\/jurisprudences\/tribunal-darrondissement-29-mars-2024-5\/","og_site_name":"Ma\u00eetre Hassan Kohen, avocat en droit p\u00e9nal \u00e0 Paris","article_modified_time":"2026-04-19T09:34:18+00:00","twitter_card":"summary_large_image","twitter_misc":{"\u041f\u0440\u0438\u043c\u0435\u0440\u043d\u043e\u0435 \u0432\u0440\u0435\u043c\u044f \u0434\u043b\u044f \u0447\u0442\u0435\u043d\u0438\u044f":"8 \u043c\u0438\u043d\u0443\u0442"},"schema":{"@context":"https:\/\/schema.org","@graph":[{"@type":"WebPage","@id":"https:\/\/kohenavocats.com\/ru\/jurisprudences\/tribunal-darrondissement-29-mars-2024-5\/","url":"https:\/\/kohenavocats.com\/ru\/jurisprudences\/tribunal-darrondissement-29-mars-2024-5\/","name":"Tribunal d'arrondissement, 29 mars 2024 - Ma\u00eetre Hassan Kohen, avocat en droit p\u00e9nal \u00e0 Paris","isPartOf":{"@id":"https:\/\/kohenavocats.com\/ru\/#website"},"datePublished":"2026-04-19T09:34:14+00:00","dateModified":"2026-04-19T09:34:18+00:00","breadcrumb":{"@id":"https:\/\/kohenavocats.com\/ru\/jurisprudences\/tribunal-darrondissement-29-mars-2024-5\/#breadcrumb"},"inLanguage":"ru-RU","potentialAction":[{"@type":"ReadAction","target":["https:\/\/kohenavocats.com\/ru\/jurisprudences\/tribunal-darrondissement-29-mars-2024-5\/"]}]},{"@type":"BreadcrumbList","@id":"https:\/\/kohenavocats.com\/ru\/jurisprudences\/tribunal-darrondissement-29-mars-2024-5\/#breadcrumb","itemListElement":[{"@type":"ListItem","position":1,"name":"Home","item":"https:\/\/kohenavocats.com\/ru\/avocats-en-droit-penal-a-paris-conseil-et-defense-strategique\/"},{"@type":"ListItem","position":2,"name":"Jurisprudences","item":"https:\/\/kohenavocats.com\/ru\/jurisprudences\/"},{"@type":"ListItem","position":3,"name":"Tribunal d&rsquo;arrondissement, 29 mars 2024"}]},{"@type":"WebSite","@id":"https:\/\/kohenavocats.com\/ru\/#website","url":"https:\/\/kohenavocats.com\/ru\/","name":"Kohen Avocats","description":"Ma\u00eetre Hassan Kohen, avocat p\u00e9naliste \u00e0 Paris, intervient exclusivement en droit p\u00e9nal pour la d\u00e9fense des particuliers, notamment en mati\u00e8re d\u2019accusations de viol. Il assure un accompagnement rigoureux d\u00e8s la garde \u00e0 vue jusqu\u2019\u00e0 la Cour d\u2019assises, veillant au strict respect des garanties proc\u00e9durales.","publisher":{"@id":"https:\/\/kohenavocats.com\/ru\/#organization"},"potentialAction":[{"@type":"SearchAction","target":{"@type":"EntryPoint","urlTemplate":"https:\/\/kohenavocats.com\/ru\/?s={search_term_string}"},"query-input":{"@type":"PropertyValueSpecification","valueRequired":true,"valueName":"search_term_string"}}],"inLanguage":"ru-RU"},{"@type":"Organization","@id":"https:\/\/kohenavocats.com\/ru\/#organization","name":"Kohen Avocats","url":"https:\/\/kohenavocats.com\/ru\/","logo":{"@type":"ImageObject","inLanguage":"ru-RU","@id":"https:\/\/kohenavocats.com\/ru\/#\/schema\/logo\/image\/","url":"https:\/\/kohenavocats.com\/wp-content\/uploads\/2026\/01\/Logo-2-1.webp","contentUrl":"https:\/\/kohenavocats.com\/wp-content\/uploads\/2026\/01\/Logo-2-1.webp","width":2114,"height":1253,"caption":"Kohen Avocats"},"image":{"@id":"https:\/\/kohenavocats.com\/ru\/#\/schema\/logo\/image\/"}}]}},"jetpack_likes_enabled":false,"jetpack_sharing_enabled":true,"_links":{"self":[{"href":"https:\/\/kohenavocats.com\/ru\/wp-json\/wp\/v2\/kji_decision\/604238","targetHints":{"allow":["GET"]}}],"collection":[{"href":"https:\/\/kohenavocats.com\/ru\/wp-json\/wp\/v2\/kji_decision"}],"about":[{"href":"https:\/\/kohenavocats.com\/ru\/wp-json\/wp\/v2\/types\/kji_decision"}],"wp:attachment":[{"href":"https:\/\/kohenavocats.com\/ru\/wp-json\/wp\/v2\/media?parent=604238"}],"wp:term":[{"taxonomy":"kji_country","embeddable":true,"href":"https:\/\/kohenavocats.com\/ru\/wp-json\/wp\/v2\/kji_country?post=604238"},{"taxonomy":"kji_court","embeddable":true,"href":"https:\/\/kohenavocats.com\/ru\/wp-json\/wp\/v2\/kji_court?post=604238"},{"taxonomy":"kji_chamber","embeddable":true,"href":"https:\/\/kohenavocats.com\/ru\/wp-json\/wp\/v2\/kji_chamber?post=604238"},{"taxonomy":"kji_year","embeddable":true,"href":"https:\/\/kohenavocats.com\/ru\/wp-json\/wp\/v2\/kji_year?post=604238"},{"taxonomy":"kji_subject","embeddable":true,"href":"https:\/\/kohenavocats.com\/ru\/wp-json\/wp\/v2\/kji_subject?post=604238"},{"taxonomy":"kji_keyword","embeddable":true,"href":"https:\/\/kohenavocats.com\/ru\/wp-json\/wp\/v2\/kji_keyword?post=604238"},{"taxonomy":"kji_language","embeddable":true,"href":"https:\/\/kohenavocats.com\/ru\/wp-json\/wp\/v2\/kji_language?post=604238"}],"curies":[{"name":"wp","href":"https:\/\/api.w.org\/{rel}","templated":true}]}}