{"id":604322,"date":"2026-04-19T11:48:04","date_gmt":"2026-04-19T09:48:04","guid":{"rendered":"https:\/\/kohenavocats.com\/jurisprudences\/tribunal-federal-suisse-26-janvier-2024-n-5a-925-2023\/"},"modified":"2026-04-19T11:48:04","modified_gmt":"2026-04-19T09:48:04","slug":"tribunal-federal-suisse-26-janvier-2024-n-5a-925-2023","status":"publish","type":"kji_decision","link":"https:\/\/kohenavocats.com\/ru\/jurisprudences\/tribunal-federal-suisse-26-janvier-2024-n-5a-925-2023\/","title":{"rendered":"Tribunal f\u00e9d\u00e9ral suisse, 26 janvier 2024, n\u00b0 5A 925-2023"},"content":{"rendered":"<div class=\"kji-decision\">\n<div class=\"kji-full-text\">\n<p>Bundesgericht<\/p>\n<p>Tribunal f\u00e9d\u00e9ral<\/p>\n<p>Tribunale federale<\/p>\n<p>Tribunal federal<\/p>\n<p>5A_925\/2023<\/p>\n<p>Sentenza del 26 gennaio 2024<\/p>\n<p>II Corte di diritto civile<\/p>\n<p>Composizione<\/p>\n<p>Giudice federale Herrmann, Presidente,<\/p>\n<p>Cancelliera Antonini.<\/p>\n<p>Partecipanti al procedimento<\/p>\n<p>A.________,<\/p>\n<p>istante,<\/p>\n<p>contro<\/p>\n<p>Ufficio di esecuzione, Centro di competenza<\/p>\n<p>cantonale per l&#039;emissione dei precetti esecutivi, 6760 Faido,<\/p>\n<p>B.________.<\/p>\n<p>Oggetto<\/p>\n<p>domanda di esecuzione,<\/p>\n<p>domanda di restituzione del termine di ricorso contro<\/p>\n<p>la sentenza emanata il 16 novembre 2023 dalla<\/p>\n<p>Camera di esecuzione e fallimenti del Tribunale d&#039;appello del Cantone Ticino, quale autorit\u00e0 di vigilanza (15.2023.75).<\/p>\n<p>Ritenuto in fatto e considerando in diritto:<\/p>\n<p>1.<\/p>\n<p>Il 27 giugno 2023 l&#039;Ufficio di esecuzione, Centro di competenza dei precetti esecutivi, ha dichiarato irricevibile una domanda di esecuzione presentata da A.________ nei confronti di B.________ per l&#039;incasso di fr. 300&#039;000.&#8212; oltre interessi &quot; considerato che verte sulla stessa pretesa di altre precedenti esecuzioni mai proseguite e di fatto ritenute manifestamente abusive &quot;.<\/p>\n<p>Mediante sentenza 16 novembre 2023 la Camera di esecuzione e fallimenti del Tribunale d&#039;appello del Cantone Ticino, quale autorit\u00e0 di vigilanza, ha dichiarato irricevibile il ricorso presentato il 10 luglio 2023 da A.________ avverso l&#039;operato dell&#039;Ufficio di esecuzione. L&#039;autorit\u00e0 di vigilanza ha in particolare osservato che il ricorso conteneva domande di risarcimento danni che esulavano dalla sua competenza e che era privo di conclusioni e di motivazioni contro la decisione di irricevibilit\u00e0 impugnata (la ricorrente peraltro nemmeno contestava di aver gi\u00e0 promosso 21 esecuzioni contro B.________ senza mai proseguirle).<\/p>\n<p>2.<\/p>\n<p>Con scritto 7 dicembre 2023 A.________ ha chiesto al Tribunale federale la restituzione del termine ai sensi dell&#039;art. 50 cpv. 1 LTF &quot; per poter presentare ricorso a questo Tribunale federale svizzero &quot; contro la decisione dell&#039;autorit\u00e0 di vigilanza. A suo dire, tale sentenza &quot;\u00e8 manifestamente viziata, viola ogni e qualsiasi norma di diritto di legge fondamentale applicabile alla procedura, e l&#039;accertamento dei fatti \u00e8 inesatto e incompleto &quot;.<\/p>\n<p>Mediante lettera datata 19 dicembre 2023 (spedita il 21 dicembre 2023) A.________ ha chiesto se il suo precedente scritto era &quot; valevole come ricorso &quot;. Con scritto 28 dicembre 2023 il Tribunale federale le ha indicato che esso non pareva soddisfare le esigenze degli art. 42 cpv. 1 e 2 LTF e che, come la domanda di restituzione del termine, anche l&#039;atto omesso doveva essere presentato nel termine di 30 giorni dalla cessazione dell&#039;asserito impedimento.<\/p>\n<p>A.________ non ha trasmesso ulteriori scritti.<\/p>\n<p>Non sono state chieste determinazioni.<\/p>\n<p>3.<\/p>\n<p>In virt\u00f9 dell&#039;art. 50 cpv. 1 LTF se, per un motivo diverso dalla notificazione viziata, una parte o il suo patrocinatore sono stati impediti senza loro colpa di agire nel termine stabilito, quest&#039;ultimo \u00e8 restituito in quanto, entro 30 giorni dalla cessazione dell&#039;impedimento, la parte ne faccia domanda motivata e compia l&#039;atto omesso.<\/p>\n<p>A.________ chiede la restituzione del termine di ricorso &quot; per motivi di salute, come da certificato medico &quot;, ma n\u00e9 il suo rimedio n\u00e9 tale certificato medico contengono una spiegazione del preteso impedimento non colpevole di agire in tempo utile (v. sentenza 4A_226\/2015 del 29 maggio 2015).<\/p>\n<p>L&#039;istante inoltre nemmeno precisa quando l&#039;impedimento sarebbe cessato. Ammettendo che esso sia terminato al pi\u00f9 tardi il giorno dell&#039;inoltro della richiesta di restituzione del termine il 7 dicembre 2023, A.________ avrebbe dovuto compiere l&#039;atto omesso, ossia introdurre il ricorso, nei 30 giorni seguenti, ci\u00f2 che non \u00e8 avvenuto.<\/p>\n<p>La domanda di restituzione del termine risulta pertanto inammissibile. La non entrata nel merito pu\u00f2 essere decisa nella procedura semplificata dell&#039;art. 108 cpv. 1 lett. a\/b LTF (v. sentenze 6B_1224\/2020 del 1\u00b0 febbraio 2021; 5D_288\/2020 del 21 dicembre 2020 consid. 2 con rinvio).<\/p>\n<p>4.<\/p>\n<p>Resta ancora da verificare se lo scritto 7 dicembre 2023, comunque introdotto nel termine di dieci giorni dalla notifica della sentenza impugnata (avvenuta il 27 novembre 2023) conformemente all&#039;art. 100 cpv. 2 lett. a LTF, possa essere esaminato quale ricorso in materia civile (v. sentenze 5A_656\/2020 dell&#039;8 ottobre 2020 consid. 3; 5A_493\/2020 del 20 agosto 2020 consid. 3).<\/p>\n<p>L&#039;atto ricorsuale al Tribunale federale deve contenere le conclusioni e i motivi (art. 42 cpv. 1 LTF). Nei motivi la parte ricorrente deve spiegare, confrontandosi con i considerandi della sentenza impugnata (DTF 143 II 283 consid. 1.2.2; 140 III 86 consid. 2; 134 II 244 consid. 2.1), perch\u00e9 quest&#039;ultima leda il diritto (art. 42 cpv. 2 LTF). Per le violazioni di diritti fondamentali e di disposizioni di diritto cantonale e intercantonale le esigenze di motivazione sono pi\u00f9 severe: la parte ricorrente deve indicare i diritti ritenuti lesi e spiegare, con un&#039;argomentazione puntuale e precisa attinente alla sentenza impugnata, in cosa consista la violazione (art. 106 cpv. 2 LTF; DTF 143 II 283 consid. 1.2.2; 134 II 244 consid. 2.2).<\/p>\n<p>A.________ pare sostenere che il suo ricorso 10 luglio 2023 sarebbe stato &quot;integralmente ricevibile in ogni senso ed effetto di legge&quot;. Ella non si misura per\u00f2 con i dettagliati argomenti posti a fondamento della sentenza cantonale di inammissibilit\u00e0, ma si limita a genericamente affermare che quest&#039;ultima &quot;\u00e8 di assoluto favoreggiamento, privilegio e parzialit\u00e0 assoluta nei confronti dell&#039;Ufficio di esecuzione di Faido e del debitore&quot; senza minimamente sostanziare la sua affermazione. Lo scritto 7 dicembre 2023, trattato quale ricorso in materia civile, risulta quindi manifestamente non motivato in modo sufficiente e pu\u00f2 essere evaso nella procedura semplificata dell&#039;art. 108 cpv. 1 lett. b LTF.<\/p>\n<p>5.<\/p>\n<p>Le spese giudiziarie seguono la soccombenza (art. 66 cpv. 1 LTF).<\/p>\n<p>Per questi motivi, il Presidente pronuncia:<\/p>\n<p>1.<\/p>\n<p>La domanda di restituzione del termine \u00e8 inammissibile.<\/p>\n<p>2.<\/p>\n<p>Il ricorso \u00e8 inammissibile.<\/p>\n<p>3.<\/p>\n<p>Le spese giudiziarie di fr. 500.&#8212; sono poste a carico dell&#039;istante.<\/p>\n<p>4.<\/p>\n<p>Comunicazione ai partecipanti al procedimento e alla Camera di esecuzione e fallimenti del Tribunale d&#039;appello del Cantone Ticino, quale autorit\u00e0 di vigilanza.<\/p>\n<p>Losanna, 26 gennaio 2024<\/p>\n<p>In nome della II Corte di diritto civile<\/p>\n<p>del Tribunale federale svizzero<\/p>\n<p>Il Presidente: Herrmann<\/p>\n<p>La Cancelliera: Antonini<\/p>\n<\/div>\n<hr class=\"kji-sep\" \/>\n<p class=\"kji-source-links\"><strong>Sources officielles :<\/strong> <a class=\"kji-source-link\" href=\"https:\/\/search.bger.ch\/ext\/eurospider\/live\/fr\/php\/aza\/http\/index.php?lang=fr&#038;type=highlight_simple_query&#038;page=10&#038;from_date=&#038;to_date=&#038;sort=relevance&#038;insertion_date=&#038;top_subcollection_aza=all&#038;query_words=considerato&#038;rank=97&#038;azaclir=aza&#038;highlight_docid=aza%3A%2F%2F26-01-2024-5A_925-2023&#038;number_of_ranks=4120\" target=\"_blank\" rel=\"noopener noreferrer\">consulter la page source<\/a><\/p>\n<p class=\"kji-license-note\"><em>Source officielle Tribunal federal suisse. Contenu HTML public, PDF non garanti en version gratuite.<\/em><\/p>\n<\/div>\n","protected":false},"excerpt":{"rendered":"<p>Bundesgericht Tribunal f\u00e9d\u00e9ral Tribunale federale Tribunal federal 5A_925\/2023 Sentenza del 26 gennaio 2024 II Corte di diritto civile Composizione Giudice federale Herrmann, Presidente, Cancelliera Antonini. Partecipanti al procedimento A.________, istante, contro Ufficio di esecuzione, Centro di competenza cantonale per l&#8217;emissione dei precetti esecutivi, 6760 Faido, B.________. Oggetto domanda di esecuzione, domanda di restituzione del termine&#8230;<\/p>\n","protected":false},"featured_media":0,"template":"","meta":{"_crdt_document":""},"kji_country":[9676],"kji_court":[9677],"kji_chamber":[10160],"kji_year":[8677],"kji_subject":[7724],"kji_keyword":[9799,9679,8460,9680,7636],"kji_language":[7685],"class_list":["post-604322","kji_decision","type-kji_decision","status-publish","hentry","kji_country-suisse","kji_court-tribunal-federal-suisse","kji_chamber-iie-cour-de-droit-civil","kji_year-8677","kji_subject-civil","kji_keyword-bundesgericht","kji_keyword-federal","kji_keyword-janvier","kji_keyword-suisse","kji_keyword-tribunal","kji_language-italien"],"yoast_head":"<!-- This site is optimized with the Yoast SEO Premium plugin v27.4 (Yoast SEO v27.4) - https:\/\/yoast.com\/product\/yoast-seo-premium-wordpress\/ -->\n<title>Tribunal f\u00e9d\u00e9ral suisse, 26 janvier 2024, n\u00b0 5A 925-2023 - Ma\u00eetre Hassan Kohen, avocat en droit p\u00e9nal \u00e0 Paris<\/title>\n<meta name=\"robots\" content=\"index, follow, max-snippet:-1, max-image-preview:large, max-video-preview:-1\" \/>\n<link rel=\"canonical\" href=\"https:\/\/kohenavocats.com\/ru\/jurisprudences\/tribunal-federal-suisse-26-janvier-2024-n-5a-925-2023\/\" \/>\n<meta property=\"og:locale\" content=\"ru_RU\" \/>\n<meta property=\"og:type\" content=\"article\" \/>\n<meta property=\"og:title\" content=\"Tribunal f\u00e9d\u00e9ral suisse, 26 janvier 2024, n\u00b0 5A 925-2023\" \/>\n<meta property=\"og:description\" content=\"Bundesgericht Tribunal f\u00e9d\u00e9ral Tribunale federale Tribunal federal 5A_925\/2023 Sentenza del 26 gennaio 2024 II Corte di diritto civile Composizione Giudice federale Herrmann, Presidente, Cancelliera Antonini. Partecipanti al procedimento A.________, istante, contro Ufficio di esecuzione, Centro di competenza cantonale per l&#039;emissione dei precetti esecutivi, 6760 Faido, B.________. Oggetto domanda di esecuzione, domanda di restituzione del termine...\" \/>\n<meta property=\"og:url\" content=\"https:\/\/kohenavocats.com\/ru\/jurisprudences\/tribunal-federal-suisse-26-janvier-2024-n-5a-925-2023\/\" \/>\n<meta property=\"og:site_name\" content=\"Ma\u00eetre Hassan Kohen, avocat en droit p\u00e9nal \u00e0 Paris\" \/>\n<meta name=\"twitter:card\" content=\"summary_large_image\" \/>\n<meta name=\"twitter:label1\" content=\"\u041f\u0440\u0438\u043c\u0435\u0440\u043d\u043e\u0435 \u0432\u0440\u0435\u043c\u044f \u0434\u043b\u044f \u0447\u0442\u0435\u043d\u0438\u044f\" \/>\n\t<meta name=\"twitter:data1\" content=\"5 \u043c\u0438\u043d\u0443\u0442\" \/>\n<script type=\"application\/ld+json\" class=\"yoast-schema-graph\">{\"@context\":\"https:\\\/\\\/schema.org\",\"@graph\":[{\"@type\":\"WebPage\",\"@id\":\"https:\\\/\\\/kohenavocats.com\\\/ru\\\/jurisprudences\\\/tribunal-federal-suisse-26-janvier-2024-n-5a-925-2023\\\/\",\"url\":\"https:\\\/\\\/kohenavocats.com\\\/ru\\\/jurisprudences\\\/tribunal-federal-suisse-26-janvier-2024-n-5a-925-2023\\\/\",\"name\":\"Tribunal f\u00e9d\u00e9ral suisse, 26 janvier 2024, n\u00b0 5A 925-2023 - Ma\u00eetre Hassan Kohen, avocat en droit p\u00e9nal \u00e0 Paris\",\"isPartOf\":{\"@id\":\"https:\\\/\\\/kohenavocats.com\\\/ru\\\/#website\"},\"datePublished\":\"2026-04-19T09:48:04+00:00\",\"breadcrumb\":{\"@id\":\"https:\\\/\\\/kohenavocats.com\\\/ru\\\/jurisprudences\\\/tribunal-federal-suisse-26-janvier-2024-n-5a-925-2023\\\/#breadcrumb\"},\"inLanguage\":\"ru-RU\",\"potentialAction\":[{\"@type\":\"ReadAction\",\"target\":[\"https:\\\/\\\/kohenavocats.com\\\/ru\\\/jurisprudences\\\/tribunal-federal-suisse-26-janvier-2024-n-5a-925-2023\\\/\"]}]},{\"@type\":\"BreadcrumbList\",\"@id\":\"https:\\\/\\\/kohenavocats.com\\\/ru\\\/jurisprudences\\\/tribunal-federal-suisse-26-janvier-2024-n-5a-925-2023\\\/#breadcrumb\",\"itemListElement\":[{\"@type\":\"ListItem\",\"position\":1,\"name\":\"Home\",\"item\":\"https:\\\/\\\/kohenavocats.com\\\/ru\\\/avocats-en-droit-penal-a-paris-conseil-et-defense-strategique\\\/\"},{\"@type\":\"ListItem\",\"position\":2,\"name\":\"Jurisprudences\",\"item\":\"https:\\\/\\\/kohenavocats.com\\\/ru\\\/jurisprudences\\\/\"},{\"@type\":\"ListItem\",\"position\":3,\"name\":\"Tribunal f\u00e9d\u00e9ral suisse, 26 janvier 2024, n\u00b0 5A 925-2023\"}]},{\"@type\":\"WebSite\",\"@id\":\"https:\\\/\\\/kohenavocats.com\\\/ru\\\/#website\",\"url\":\"https:\\\/\\\/kohenavocats.com\\\/ru\\\/\",\"name\":\"Kohen Avocats\",\"description\":\"Ma\u00eetre Hassan Kohen, avocat p\u00e9naliste \u00e0 Paris, intervient exclusivement en droit p\u00e9nal pour la d\u00e9fense des particuliers, notamment en mati\u00e8re d\u2019accusations de viol. Il assure un accompagnement rigoureux d\u00e8s la garde \u00e0 vue jusqu\u2019\u00e0 la Cour d\u2019assises, veillant au strict respect des garanties proc\u00e9durales.\",\"publisher\":{\"@id\":\"https:\\\/\\\/kohenavocats.com\\\/ru\\\/#organization\"},\"potentialAction\":[{\"@type\":\"SearchAction\",\"target\":{\"@type\":\"EntryPoint\",\"urlTemplate\":\"https:\\\/\\\/kohenavocats.com\\\/ru\\\/?s={search_term_string}\"},\"query-input\":{\"@type\":\"PropertyValueSpecification\",\"valueRequired\":true,\"valueName\":\"search_term_string\"}}],\"inLanguage\":\"ru-RU\"},{\"@type\":\"Organization\",\"@id\":\"https:\\\/\\\/kohenavocats.com\\\/ru\\\/#organization\",\"name\":\"Kohen Avocats\",\"url\":\"https:\\\/\\\/kohenavocats.com\\\/ru\\\/\",\"logo\":{\"@type\":\"ImageObject\",\"inLanguage\":\"ru-RU\",\"@id\":\"https:\\\/\\\/kohenavocats.com\\\/ru\\\/#\\\/schema\\\/logo\\\/image\\\/\",\"url\":\"https:\\\/\\\/kohenavocats.com\\\/wp-content\\\/uploads\\\/2026\\\/01\\\/Logo-2-1.webp\",\"contentUrl\":\"https:\\\/\\\/kohenavocats.com\\\/wp-content\\\/uploads\\\/2026\\\/01\\\/Logo-2-1.webp\",\"width\":2114,\"height\":1253,\"caption\":\"Kohen Avocats\"},\"image\":{\"@id\":\"https:\\\/\\\/kohenavocats.com\\\/ru\\\/#\\\/schema\\\/logo\\\/image\\\/\"}}]}<\/script>\n<!-- \/ Yoast SEO Premium plugin. -->","yoast_head_json":{"title":"Tribunal f\u00e9d\u00e9ral suisse, 26 janvier 2024, n\u00b0 5A 925-2023 - Ma\u00eetre Hassan Kohen, avocat en droit p\u00e9nal \u00e0 Paris","robots":{"index":"index","follow":"follow","max-snippet":"max-snippet:-1","max-image-preview":"max-image-preview:large","max-video-preview":"max-video-preview:-1"},"canonical":"https:\/\/kohenavocats.com\/ru\/jurisprudences\/tribunal-federal-suisse-26-janvier-2024-n-5a-925-2023\/","og_locale":"ru_RU","og_type":"article","og_title":"Tribunal f\u00e9d\u00e9ral suisse, 26 janvier 2024, n\u00b0 5A 925-2023","og_description":"Bundesgericht Tribunal f\u00e9d\u00e9ral Tribunale federale Tribunal federal 5A_925\/2023 Sentenza del 26 gennaio 2024 II Corte di diritto civile Composizione Giudice federale Herrmann, Presidente, Cancelliera Antonini. Partecipanti al procedimento A.________, istante, contro Ufficio di esecuzione, Centro di competenza cantonale per l'emissione dei precetti esecutivi, 6760 Faido, B.________. Oggetto domanda di esecuzione, domanda di restituzione del termine...","og_url":"https:\/\/kohenavocats.com\/ru\/jurisprudences\/tribunal-federal-suisse-26-janvier-2024-n-5a-925-2023\/","og_site_name":"Ma\u00eetre Hassan Kohen, avocat en droit p\u00e9nal \u00e0 Paris","twitter_card":"summary_large_image","twitter_misc":{"\u041f\u0440\u0438\u043c\u0435\u0440\u043d\u043e\u0435 \u0432\u0440\u0435\u043c\u044f \u0434\u043b\u044f \u0447\u0442\u0435\u043d\u0438\u044f":"5 \u043c\u0438\u043d\u0443\u0442"},"schema":{"@context":"https:\/\/schema.org","@graph":[{"@type":"WebPage","@id":"https:\/\/kohenavocats.com\/ru\/jurisprudences\/tribunal-federal-suisse-26-janvier-2024-n-5a-925-2023\/","url":"https:\/\/kohenavocats.com\/ru\/jurisprudences\/tribunal-federal-suisse-26-janvier-2024-n-5a-925-2023\/","name":"Tribunal f\u00e9d\u00e9ral suisse, 26 janvier 2024, n\u00b0 5A 925-2023 - Ma\u00eetre Hassan Kohen, avocat en droit p\u00e9nal \u00e0 Paris","isPartOf":{"@id":"https:\/\/kohenavocats.com\/ru\/#website"},"datePublished":"2026-04-19T09:48:04+00:00","breadcrumb":{"@id":"https:\/\/kohenavocats.com\/ru\/jurisprudences\/tribunal-federal-suisse-26-janvier-2024-n-5a-925-2023\/#breadcrumb"},"inLanguage":"ru-RU","potentialAction":[{"@type":"ReadAction","target":["https:\/\/kohenavocats.com\/ru\/jurisprudences\/tribunal-federal-suisse-26-janvier-2024-n-5a-925-2023\/"]}]},{"@type":"BreadcrumbList","@id":"https:\/\/kohenavocats.com\/ru\/jurisprudences\/tribunal-federal-suisse-26-janvier-2024-n-5a-925-2023\/#breadcrumb","itemListElement":[{"@type":"ListItem","position":1,"name":"Home","item":"https:\/\/kohenavocats.com\/ru\/avocats-en-droit-penal-a-paris-conseil-et-defense-strategique\/"},{"@type":"ListItem","position":2,"name":"Jurisprudences","item":"https:\/\/kohenavocats.com\/ru\/jurisprudences\/"},{"@type":"ListItem","position":3,"name":"Tribunal f\u00e9d\u00e9ral suisse, 26 janvier 2024, n\u00b0 5A 925-2023"}]},{"@type":"WebSite","@id":"https:\/\/kohenavocats.com\/ru\/#website","url":"https:\/\/kohenavocats.com\/ru\/","name":"Kohen Avocats","description":"Ma\u00eetre Hassan Kohen, avocat p\u00e9naliste \u00e0 Paris, intervient exclusivement en droit p\u00e9nal pour la d\u00e9fense des particuliers, notamment en mati\u00e8re d\u2019accusations de viol. Il assure un accompagnement rigoureux d\u00e8s la garde \u00e0 vue jusqu\u2019\u00e0 la Cour d\u2019assises, veillant au strict respect des garanties proc\u00e9durales.","publisher":{"@id":"https:\/\/kohenavocats.com\/ru\/#organization"},"potentialAction":[{"@type":"SearchAction","target":{"@type":"EntryPoint","urlTemplate":"https:\/\/kohenavocats.com\/ru\/?s={search_term_string}"},"query-input":{"@type":"PropertyValueSpecification","valueRequired":true,"valueName":"search_term_string"}}],"inLanguage":"ru-RU"},{"@type":"Organization","@id":"https:\/\/kohenavocats.com\/ru\/#organization","name":"Kohen Avocats","url":"https:\/\/kohenavocats.com\/ru\/","logo":{"@type":"ImageObject","inLanguage":"ru-RU","@id":"https:\/\/kohenavocats.com\/ru\/#\/schema\/logo\/image\/","url":"https:\/\/kohenavocats.com\/wp-content\/uploads\/2026\/01\/Logo-2-1.webp","contentUrl":"https:\/\/kohenavocats.com\/wp-content\/uploads\/2026\/01\/Logo-2-1.webp","width":2114,"height":1253,"caption":"Kohen Avocats"},"image":{"@id":"https:\/\/kohenavocats.com\/ru\/#\/schema\/logo\/image\/"}}]}},"jetpack_likes_enabled":false,"jetpack_sharing_enabled":true,"_links":{"self":[{"href":"https:\/\/kohenavocats.com\/ru\/wp-json\/wp\/v2\/kji_decision\/604322","targetHints":{"allow":["GET"]}}],"collection":[{"href":"https:\/\/kohenavocats.com\/ru\/wp-json\/wp\/v2\/kji_decision"}],"about":[{"href":"https:\/\/kohenavocats.com\/ru\/wp-json\/wp\/v2\/types\/kji_decision"}],"wp:attachment":[{"href":"https:\/\/kohenavocats.com\/ru\/wp-json\/wp\/v2\/media?parent=604322"}],"wp:term":[{"taxonomy":"kji_country","embeddable":true,"href":"https:\/\/kohenavocats.com\/ru\/wp-json\/wp\/v2\/kji_country?post=604322"},{"taxonomy":"kji_court","embeddable":true,"href":"https:\/\/kohenavocats.com\/ru\/wp-json\/wp\/v2\/kji_court?post=604322"},{"taxonomy":"kji_chamber","embeddable":true,"href":"https:\/\/kohenavocats.com\/ru\/wp-json\/wp\/v2\/kji_chamber?post=604322"},{"taxonomy":"kji_year","embeddable":true,"href":"https:\/\/kohenavocats.com\/ru\/wp-json\/wp\/v2\/kji_year?post=604322"},{"taxonomy":"kji_subject","embeddable":true,"href":"https:\/\/kohenavocats.com\/ru\/wp-json\/wp\/v2\/kji_subject?post=604322"},{"taxonomy":"kji_keyword","embeddable":true,"href":"https:\/\/kohenavocats.com\/ru\/wp-json\/wp\/v2\/kji_keyword?post=604322"},{"taxonomy":"kji_language","embeddable":true,"href":"https:\/\/kohenavocats.com\/ru\/wp-json\/wp\/v2\/kji_language?post=604322"}],"curies":[{"name":"wp","href":"https:\/\/api.w.org\/{rel}","templated":true}]}}