{"id":605066,"date":"2026-04-19T12:47:06","date_gmt":"2026-04-19T10:47:06","guid":{"rendered":"https:\/\/kohenavocats.com\/jurisprudences\/tribunal-federal-suisse-23-janvier-2024-n-4a-4-2024-2\/"},"modified":"2026-04-19T12:47:06","modified_gmt":"2026-04-19T10:47:06","slug":"tribunal-federal-suisse-23-janvier-2024-n-4a-4-2024-2","status":"publish","type":"kji_decision","link":"https:\/\/kohenavocats.com\/ru\/jurisprudences\/tribunal-federal-suisse-23-janvier-2024-n-4a-4-2024-2\/","title":{"rendered":"Tribunal f\u00e9d\u00e9ral suisse, 23 janvier 2024, n\u00b0 4A 4-2024"},"content":{"rendered":"<div class=\"kji-decision\">\n<div class=\"kji-full-text\">\n<p>Bundesgericht<\/p>\n<p>Tribunal f\u00e9d\u00e9ral<\/p>\n<p>Tribunale federale<\/p>\n<p>Tribunal federal<\/p>\n<p>4A_4\/2024<\/p>\n<p>Arr\u00eat du 23 janvier 2024<\/p>\n<p>Ire Cour de droit civil<\/p>\n<p>Composition<\/p>\n<p>Mme la Juge f\u00e9d\u00e9rale<\/p>\n<p>Jametti, pr\u00e9sidente.<\/p>\n<p>Greffier: M. O. Carruzzo.<\/p>\n<p>Participants \u00e0 la proc\u00e9dure<\/p>\n<p>A.________,<\/p>\n<p>recourant,<\/p>\n<p>contre<\/p>\n<p>B.________,<\/p>\n<p>intim\u00e9e.<\/p>\n<p>Objet<\/p>\n<p>contrat de bail,<\/p>\n<p>recours contre l&#039;arr\u00eat rendu le 29 novembre 2023 par la Chambre des baux et loyers de la Cour de justice du canton de Gen\u00e8ve (C\/8176\/2022, ACJC\/1585\/2023).<\/p>\n<p>Consid\u00e9rant en fait et en droit :<\/p>\n<p>1.<\/p>\n<p>Statuant par arr\u00eat du 29 novembre 2023, la Chambre des baux et loyers de la Cour de justice du canton de Gen\u00e8ve a d\u00e9clar\u00e9 irrecevable l&#039;appel form\u00e9 le 25 novembre 2023 par A.________ \u00e0 l&#039;encontre du jugement rendu le 13 octobre 2023 par le Tribunal des baux et loyers genevois dans le cadre du litige divisant le pr\u00e9nomm\u00e9 d&#039;avec B.________. En bref, la cour cantonale a constat\u00e9 que le jugement de premi\u00e8re instance avait \u00e9t\u00e9 notifi\u00e9 \u00e0 l&#039;int\u00e9ress\u00e9 le 25 octobre 2023, raison pour laquelle le d\u00e9lai pour former appel \u00e0 l&#039;encontre de cette d\u00e9cision \u00e9tait arriv\u00e9 \u00e0 \u00e9ch\u00e9ance le 24 novembre 2023. Or, l&#039;appel n&#039;avait en l&#039;occurrence \u00e9t\u00e9 exp\u00e9di\u00e9 que le 25 novembre 2023, de sorte qu&#039;il \u00e9tait tardif et, partant, irrecevable.<\/p>\n<p>2.<\/p>\n<p>Le 6 janvier 2024, A.________ (ci-apr\u00e8s: le recourant) a form\u00e9 un recours \u00e0 l&#039;encontre de cet arr\u00eat.<\/p>\n<p>Le Tribunal f\u00e9d\u00e9ral n&#039;a pas requis le d\u00e9p\u00f4t d&#039;une r\u00e9ponse au recours.<\/p>\n<p>3.<\/p>\n<p>Le Tribunal f\u00e9d\u00e9ral examine d&#039;office et librement la recevabilit\u00e9 des recours qui lui sont soumis (ATF 137 III 417 consid. 1 et les r\u00e9f\u00e9rences cit\u00e9es).<\/p>\n<p>3.1. A teneur de l&#039;art. 42 al. 1 et 2 de la loi sur le Tribunal f\u00e9d\u00e9ral du 17 juin 2005 (LTF; RS 173.110), le recours adress\u00e9 au Tribunal f\u00e9d\u00e9ral doit comprendre des conclusions et il doit \u00eatre motiv\u00e9 (al. 1); les motifs doivent exposer succinctement en quoi la d\u00e9cision attaqu\u00e9e viole le droit (al. 2). La partie recourante doit discuter les motifs de cette d\u00e9cision et indiquer pr\u00e9cis\u00e9ment en quoi elle estime que l&#039;autorit\u00e9 pr\u00e9c\u00e9dente a m\u00e9connu le droit (ATF 142 III 364 consid. 2.4 et les r\u00e9f\u00e9rences cit\u00e9es).<\/p>\n<p>3.2. En l&#039;occurrence, ces exigences ne sont manifestement pas satisfaites. Le recourant ne tente en effet pas d&#039;\u00e9tablir que l&#039;autorit\u00e9 pr\u00e9c\u00e9dente aurait enfreint le droit f\u00e9d\u00e9ral en jugeant que le m\u00e9moire d&#039;appel avait \u00e9t\u00e9 d\u00e9pos\u00e9 tardivement. L&#039;argumentation d\u00e9velopp\u00e9e par l&#039;int\u00e9ress\u00e9 se r\u00e9v\u00e8le ainsi impropre \u00e0 infirmer le motif retenu par la cour cantonale pour justifier sa d\u00e9cision. Le pr\u00e9sent recours est d\u00e8s lors manifestement irrecevable, ce qu&#039;il convient de constater selon la proc\u00e9dure simplifi\u00e9e pr\u00e9vue par l&#039;art. 108 al. 1 let. b LTF.<\/p>\n<p>4.<\/p>\n<p>Le recourant, qui succombe, devra payer les frais de la proc\u00e9dure f\u00e9d\u00e9rale (art. 66 al. 1 LTF). Il n&#039;y a pas lieu \u00e0 l&#039;allocation de d\u00e9pens.<\/p>\n<p>Par ces motifs, la Pr\u00e9sidente de la Ire Cour de droit civil prononce:<\/p>\n<p>1.<\/p>\n<p>Le recours est irrecevable.<\/p>\n<p>2.<\/p>\n<p>Les frais judiciaires, arr\u00eat\u00e9s \u00e0 500 fr., sont mis \u00e0 la charge du recourant.<\/p>\n<p>3.<\/p>\n<p>Le pr\u00e9sent arr\u00eat est communiqu\u00e9 aux parties et \u00e0 la Chambre des baux et loyers de la Cour de justice du canton de Gen\u00e8ve.<\/p>\n<p>Lausanne, le 23 janvier 2024<\/p>\n<p>Au nom de la Ire Cour de droit civil<\/p>\n<p>du Tribunal f\u00e9d\u00e9ral suisse<\/p>\n<p>La Pr\u00e9sidente : Jametti<\/p>\n<p>Le Greffier : O. Carruzzo<\/p>\n<\/div>\n<hr class=\"kji-sep\" \/>\n<p class=\"kji-source-links\"><strong>Sources officielles :<\/strong> <a class=\"kji-source-link\" href=\"https:\/\/search.bger.ch\/ext\/eurospider\/live\/fr\/php\/aza\/http\/index.php?lang=fr&#038;type=highlight_simple_query&#038;page=3&#038;from_date=&#038;to_date=&#038;sort=relevance&#038;insertion_date=&#038;top_subcollection_aza=all&#038;query_words=contrat&#038;rank=22&#038;azaclir=aza&#038;highlight_docid=aza%3A%2F%2F23-01-2024-4A_4-2024&#038;number_of_ranks=11238\" target=\"_blank\" rel=\"noopener noreferrer\">consulter la page source<\/a><\/p>\n<p class=\"kji-license-note\"><em>Source officielle Tribunal federal suisse. Contenu HTML public, PDF non garanti en version gratuite.<\/em><\/p>\n<\/div>\n","protected":false},"excerpt":{"rendered":"<p>Bundesgericht Tribunal f\u00e9d\u00e9ral Tribunale federale Tribunal federal 4A_4\/2024 Arr\u00eat du 23 janvier 2024 Ire Cour de droit civil Composition Mme la Juge f\u00e9d\u00e9rale Jametti, pr\u00e9sidente. Greffier: M. O. Carruzzo. Participants \u00e0 la proc\u00e9dure A.________, recourant, contre B.________, intim\u00e9e. Objet contrat de bail, recours contre l&#8217;arr\u00eat rendu le 29 novembre 2023 par la Chambre des baux&#8230;<\/p>\n","protected":false},"featured_media":0,"template":"","meta":{"_crdt_document":""},"kji_country":[9676],"kji_court":[9677],"kji_chamber":[9798],"kji_year":[8677],"kji_subject":[7724],"kji_keyword":[9799,9679,8460,9680,7636],"kji_language":[7733],"class_list":["post-605066","kji_decision","type-kji_decision","status-publish","hentry","kji_country-suisse","kji_court-tribunal-federal-suisse","kji_chamber-cour-de-droit-civil","kji_year-8677","kji_subject-civil","kji_keyword-bundesgericht","kji_keyword-federal","kji_keyword-janvier","kji_keyword-suisse","kji_keyword-tribunal","kji_language-francais"],"yoast_head":"<!-- This site is optimized with the Yoast SEO Premium plugin v27.4 (Yoast SEO v27.4) - https:\/\/yoast.com\/product\/yoast-seo-premium-wordpress\/ -->\n<title>Tribunal f\u00e9d\u00e9ral suisse, 23 janvier 2024, n\u00b0 4A 4-2024 - Ma\u00eetre Hassan Kohen, avocat en droit p\u00e9nal \u00e0 Paris<\/title>\n<meta name=\"robots\" content=\"index, follow, max-snippet:-1, max-image-preview:large, max-video-preview:-1\" \/>\n<link rel=\"canonical\" href=\"https:\/\/kohenavocats.com\/ru\/jurisprudences\/tribunal-federal-suisse-23-janvier-2024-n-4a-4-2024-2\/\" \/>\n<meta property=\"og:locale\" content=\"ru_RU\" \/>\n<meta property=\"og:type\" content=\"article\" \/>\n<meta property=\"og:title\" content=\"Tribunal f\u00e9d\u00e9ral suisse, 23 janvier 2024, n\u00b0 4A 4-2024\" \/>\n<meta property=\"og:description\" content=\"Bundesgericht Tribunal f\u00e9d\u00e9ral Tribunale federale Tribunal federal 4A_4\/2024 Arr\u00eat du 23 janvier 2024 Ire Cour de droit civil Composition Mme la Juge f\u00e9d\u00e9rale Jametti, pr\u00e9sidente. Greffier: M. O. Carruzzo. Participants \u00e0 la proc\u00e9dure A.________, recourant, contre B.________, intim\u00e9e. Objet contrat de bail, recours contre l&#039;arr\u00eat rendu le 29 novembre 2023 par la Chambre des baux...\" \/>\n<meta property=\"og:url\" content=\"https:\/\/kohenavocats.com\/ru\/jurisprudences\/tribunal-federal-suisse-23-janvier-2024-n-4a-4-2024-2\/\" \/>\n<meta property=\"og:site_name\" content=\"Ma\u00eetre Hassan Kohen, avocat en droit p\u00e9nal \u00e0 Paris\" \/>\n<meta name=\"twitter:card\" content=\"summary_large_image\" \/>\n<meta name=\"twitter:label1\" content=\"\u041f\u0440\u0438\u043c\u0435\u0440\u043d\u043e\u0435 \u0432\u0440\u0435\u043c\u044f \u0434\u043b\u044f \u0447\u0442\u0435\u043d\u0438\u044f\" \/>\n\t<meta name=\"twitter:data1\" content=\"3 \u043c\u0438\u043d\u0443\u0442\u044b\" \/>\n<script type=\"application\/ld+json\" class=\"yoast-schema-graph\">{\"@context\":\"https:\\\/\\\/schema.org\",\"@graph\":[{\"@type\":\"WebPage\",\"@id\":\"https:\\\/\\\/kohenavocats.com\\\/ru\\\/jurisprudences\\\/tribunal-federal-suisse-23-janvier-2024-n-4a-4-2024-2\\\/\",\"url\":\"https:\\\/\\\/kohenavocats.com\\\/ru\\\/jurisprudences\\\/tribunal-federal-suisse-23-janvier-2024-n-4a-4-2024-2\\\/\",\"name\":\"Tribunal f\u00e9d\u00e9ral suisse, 23 janvier 2024, n\u00b0 4A 4-2024 - Ma\u00eetre Hassan Kohen, avocat en droit p\u00e9nal \u00e0 Paris\",\"isPartOf\":{\"@id\":\"https:\\\/\\\/kohenavocats.com\\\/ru\\\/#website\"},\"datePublished\":\"2026-04-19T10:47:06+00:00\",\"breadcrumb\":{\"@id\":\"https:\\\/\\\/kohenavocats.com\\\/ru\\\/jurisprudences\\\/tribunal-federal-suisse-23-janvier-2024-n-4a-4-2024-2\\\/#breadcrumb\"},\"inLanguage\":\"ru-RU\",\"potentialAction\":[{\"@type\":\"ReadAction\",\"target\":[\"https:\\\/\\\/kohenavocats.com\\\/ru\\\/jurisprudences\\\/tribunal-federal-suisse-23-janvier-2024-n-4a-4-2024-2\\\/\"]}]},{\"@type\":\"BreadcrumbList\",\"@id\":\"https:\\\/\\\/kohenavocats.com\\\/ru\\\/jurisprudences\\\/tribunal-federal-suisse-23-janvier-2024-n-4a-4-2024-2\\\/#breadcrumb\",\"itemListElement\":[{\"@type\":\"ListItem\",\"position\":1,\"name\":\"Home\",\"item\":\"https:\\\/\\\/kohenavocats.com\\\/ru\\\/avocats-en-droit-penal-a-paris-conseil-et-defense-strategique\\\/\"},{\"@type\":\"ListItem\",\"position\":2,\"name\":\"Jurisprudences\",\"item\":\"https:\\\/\\\/kohenavocats.com\\\/ru\\\/jurisprudences\\\/\"},{\"@type\":\"ListItem\",\"position\":3,\"name\":\"Tribunal f\u00e9d\u00e9ral suisse, 23 janvier 2024, n\u00b0 4A 4-2024\"}]},{\"@type\":\"WebSite\",\"@id\":\"https:\\\/\\\/kohenavocats.com\\\/ru\\\/#website\",\"url\":\"https:\\\/\\\/kohenavocats.com\\\/ru\\\/\",\"name\":\"Kohen Avocats\",\"description\":\"Ma\u00eetre Hassan Kohen, avocat p\u00e9naliste \u00e0 Paris, intervient exclusivement en droit p\u00e9nal pour la d\u00e9fense des particuliers, notamment en mati\u00e8re d\u2019accusations de viol. Il assure un accompagnement rigoureux d\u00e8s la garde \u00e0 vue jusqu\u2019\u00e0 la Cour d\u2019assises, veillant au strict respect des garanties proc\u00e9durales.\",\"publisher\":{\"@id\":\"https:\\\/\\\/kohenavocats.com\\\/ru\\\/#organization\"},\"potentialAction\":[{\"@type\":\"SearchAction\",\"target\":{\"@type\":\"EntryPoint\",\"urlTemplate\":\"https:\\\/\\\/kohenavocats.com\\\/ru\\\/?s={search_term_string}\"},\"query-input\":{\"@type\":\"PropertyValueSpecification\",\"valueRequired\":true,\"valueName\":\"search_term_string\"}}],\"inLanguage\":\"ru-RU\"},{\"@type\":\"Organization\",\"@id\":\"https:\\\/\\\/kohenavocats.com\\\/ru\\\/#organization\",\"name\":\"Kohen Avocats\",\"url\":\"https:\\\/\\\/kohenavocats.com\\\/ru\\\/\",\"logo\":{\"@type\":\"ImageObject\",\"inLanguage\":\"ru-RU\",\"@id\":\"https:\\\/\\\/kohenavocats.com\\\/ru\\\/#\\\/schema\\\/logo\\\/image\\\/\",\"url\":\"https:\\\/\\\/kohenavocats.com\\\/wp-content\\\/uploads\\\/2026\\\/01\\\/Logo-2-1.webp\",\"contentUrl\":\"https:\\\/\\\/kohenavocats.com\\\/wp-content\\\/uploads\\\/2026\\\/01\\\/Logo-2-1.webp\",\"width\":2114,\"height\":1253,\"caption\":\"Kohen Avocats\"},\"image\":{\"@id\":\"https:\\\/\\\/kohenavocats.com\\\/ru\\\/#\\\/schema\\\/logo\\\/image\\\/\"}}]}<\/script>\n<!-- \/ Yoast SEO Premium plugin. -->","yoast_head_json":{"title":"Tribunal f\u00e9d\u00e9ral suisse, 23 janvier 2024, n\u00b0 4A 4-2024 - Ma\u00eetre Hassan Kohen, avocat en droit p\u00e9nal \u00e0 Paris","robots":{"index":"index","follow":"follow","max-snippet":"max-snippet:-1","max-image-preview":"max-image-preview:large","max-video-preview":"max-video-preview:-1"},"canonical":"https:\/\/kohenavocats.com\/ru\/jurisprudences\/tribunal-federal-suisse-23-janvier-2024-n-4a-4-2024-2\/","og_locale":"ru_RU","og_type":"article","og_title":"Tribunal f\u00e9d\u00e9ral suisse, 23 janvier 2024, n\u00b0 4A 4-2024","og_description":"Bundesgericht Tribunal f\u00e9d\u00e9ral Tribunale federale Tribunal federal 4A_4\/2024 Arr\u00eat du 23 janvier 2024 Ire Cour de droit civil Composition Mme la Juge f\u00e9d\u00e9rale Jametti, pr\u00e9sidente. Greffier: M. O. Carruzzo. Participants \u00e0 la proc\u00e9dure A.________, recourant, contre B.________, intim\u00e9e. Objet contrat de bail, recours contre l'arr\u00eat rendu le 29 novembre 2023 par la Chambre des baux...","og_url":"https:\/\/kohenavocats.com\/ru\/jurisprudences\/tribunal-federal-suisse-23-janvier-2024-n-4a-4-2024-2\/","og_site_name":"Ma\u00eetre Hassan Kohen, avocat en droit p\u00e9nal \u00e0 Paris","twitter_card":"summary_large_image","twitter_misc":{"\u041f\u0440\u0438\u043c\u0435\u0440\u043d\u043e\u0435 \u0432\u0440\u0435\u043c\u044f \u0434\u043b\u044f \u0447\u0442\u0435\u043d\u0438\u044f":"3 \u043c\u0438\u043d\u0443\u0442\u044b"},"schema":{"@context":"https:\/\/schema.org","@graph":[{"@type":"WebPage","@id":"https:\/\/kohenavocats.com\/ru\/jurisprudences\/tribunal-federal-suisse-23-janvier-2024-n-4a-4-2024-2\/","url":"https:\/\/kohenavocats.com\/ru\/jurisprudences\/tribunal-federal-suisse-23-janvier-2024-n-4a-4-2024-2\/","name":"Tribunal f\u00e9d\u00e9ral suisse, 23 janvier 2024, n\u00b0 4A 4-2024 - Ma\u00eetre Hassan Kohen, avocat en droit p\u00e9nal \u00e0 Paris","isPartOf":{"@id":"https:\/\/kohenavocats.com\/ru\/#website"},"datePublished":"2026-04-19T10:47:06+00:00","breadcrumb":{"@id":"https:\/\/kohenavocats.com\/ru\/jurisprudences\/tribunal-federal-suisse-23-janvier-2024-n-4a-4-2024-2\/#breadcrumb"},"inLanguage":"ru-RU","potentialAction":[{"@type":"ReadAction","target":["https:\/\/kohenavocats.com\/ru\/jurisprudences\/tribunal-federal-suisse-23-janvier-2024-n-4a-4-2024-2\/"]}]},{"@type":"BreadcrumbList","@id":"https:\/\/kohenavocats.com\/ru\/jurisprudences\/tribunal-federal-suisse-23-janvier-2024-n-4a-4-2024-2\/#breadcrumb","itemListElement":[{"@type":"ListItem","position":1,"name":"Home","item":"https:\/\/kohenavocats.com\/ru\/avocats-en-droit-penal-a-paris-conseil-et-defense-strategique\/"},{"@type":"ListItem","position":2,"name":"Jurisprudences","item":"https:\/\/kohenavocats.com\/ru\/jurisprudences\/"},{"@type":"ListItem","position":3,"name":"Tribunal f\u00e9d\u00e9ral suisse, 23 janvier 2024, n\u00b0 4A 4-2024"}]},{"@type":"WebSite","@id":"https:\/\/kohenavocats.com\/ru\/#website","url":"https:\/\/kohenavocats.com\/ru\/","name":"Kohen Avocats","description":"Ma\u00eetre Hassan Kohen, avocat p\u00e9naliste \u00e0 Paris, intervient exclusivement en droit p\u00e9nal pour la d\u00e9fense des particuliers, notamment en mati\u00e8re d\u2019accusations de viol. Il assure un accompagnement rigoureux d\u00e8s la garde \u00e0 vue jusqu\u2019\u00e0 la Cour d\u2019assises, veillant au strict respect des garanties proc\u00e9durales.","publisher":{"@id":"https:\/\/kohenavocats.com\/ru\/#organization"},"potentialAction":[{"@type":"SearchAction","target":{"@type":"EntryPoint","urlTemplate":"https:\/\/kohenavocats.com\/ru\/?s={search_term_string}"},"query-input":{"@type":"PropertyValueSpecification","valueRequired":true,"valueName":"search_term_string"}}],"inLanguage":"ru-RU"},{"@type":"Organization","@id":"https:\/\/kohenavocats.com\/ru\/#organization","name":"Kohen Avocats","url":"https:\/\/kohenavocats.com\/ru\/","logo":{"@type":"ImageObject","inLanguage":"ru-RU","@id":"https:\/\/kohenavocats.com\/ru\/#\/schema\/logo\/image\/","url":"https:\/\/kohenavocats.com\/wp-content\/uploads\/2026\/01\/Logo-2-1.webp","contentUrl":"https:\/\/kohenavocats.com\/wp-content\/uploads\/2026\/01\/Logo-2-1.webp","width":2114,"height":1253,"caption":"Kohen Avocats"},"image":{"@id":"https:\/\/kohenavocats.com\/ru\/#\/schema\/logo\/image\/"}}]}},"jetpack_likes_enabled":false,"jetpack_sharing_enabled":true,"_links":{"self":[{"href":"https:\/\/kohenavocats.com\/ru\/wp-json\/wp\/v2\/kji_decision\/605066","targetHints":{"allow":["GET"]}}],"collection":[{"href":"https:\/\/kohenavocats.com\/ru\/wp-json\/wp\/v2\/kji_decision"}],"about":[{"href":"https:\/\/kohenavocats.com\/ru\/wp-json\/wp\/v2\/types\/kji_decision"}],"wp:attachment":[{"href":"https:\/\/kohenavocats.com\/ru\/wp-json\/wp\/v2\/media?parent=605066"}],"wp:term":[{"taxonomy":"kji_country","embeddable":true,"href":"https:\/\/kohenavocats.com\/ru\/wp-json\/wp\/v2\/kji_country?post=605066"},{"taxonomy":"kji_court","embeddable":true,"href":"https:\/\/kohenavocats.com\/ru\/wp-json\/wp\/v2\/kji_court?post=605066"},{"taxonomy":"kji_chamber","embeddable":true,"href":"https:\/\/kohenavocats.com\/ru\/wp-json\/wp\/v2\/kji_chamber?post=605066"},{"taxonomy":"kji_year","embeddable":true,"href":"https:\/\/kohenavocats.com\/ru\/wp-json\/wp\/v2\/kji_year?post=605066"},{"taxonomy":"kji_subject","embeddable":true,"href":"https:\/\/kohenavocats.com\/ru\/wp-json\/wp\/v2\/kji_subject?post=605066"},{"taxonomy":"kji_keyword","embeddable":true,"href":"https:\/\/kohenavocats.com\/ru\/wp-json\/wp\/v2\/kji_keyword?post=605066"},{"taxonomy":"kji_language","embeddable":true,"href":"https:\/\/kohenavocats.com\/ru\/wp-json\/wp\/v2\/kji_language?post=605066"}],"curies":[{"name":"wp","href":"https:\/\/api.w.org\/{rel}","templated":true}]}}