{"id":609155,"date":"2026-04-19T18:33:00","date_gmt":"2026-04-19T16:33:00","guid":{"rendered":"https:\/\/kohenavocats.com\/jurisprudences\/eclinlrbnho202513626-rechtbank-noord-holland-14-11-2025-11896127-cb-verz-25-66\/"},"modified":"2026-04-19T18:33:00","modified_gmt":"2026-04-19T16:33:00","slug":"eclinlrbnho202513626-rechtbank-noord-holland-14-11-2025-11896127-cb-verz-25-66","status":"publish","type":"kji_decision","link":"https:\/\/kohenavocats.com\/ru\/jurisprudences\/eclinlrbnho202513626-rechtbank-noord-holland-14-11-2025-11896127-cb-verz-25-66\/","title":{"rendered":"ECLI:NL:RBNHO:2025:13626 Rechtbank Noord-Holland , 14-11-2025 \/ 11896127 CB VERZ 25-66"},"content":{"rendered":"<div class=\"kji-decision\">\n<div class=\"kji-full-text\">\n<p><strong>Inhoudsindicatie.<\/strong> Afwijzing verzoek curatele. De kantonrechter is, gelet op de inhoud van de stukken en het verhandelde ter zitting, van oordeel dat de grond van een ondercuratelestelling niet aanwezig is. Ook ziet de kantonrechter geen aanleiding om (ambtshalve) een onderbewindstelling en mentorschap in te stellen.<\/p>\n<p>RECHTBANK NOORD-HOLLAND<\/p>\n<p>Zittingsplaats Alkmaar<\/p>\n<p>zaaknummer : 11896127 CB VERZ 25-66 KVG<\/p>\n<p>datum : 14 november 2025<\/p>\n<h3>beschikking op een verzoek tot ondercuratelestelling<\/h3>\n<p>op verzoek van:<\/p>\n<p>[verzoeker] ,<\/p>\n<p>wonende te [adres] ,<\/p>\n<p>hierna te noemen: verzoeker (tevens zoon),<\/p>\n<p>met betrekking tot:<\/p>\n<p>[betrokkene]<br \/>\n ,<\/p>\n<p>geboren te [geboorteplaats] ,<\/p>\n<p>wonende te [adres] ,<\/p>\n<p>hierna te noemen: betrokkene (tevens moeder),<\/p>\n<p>met als verweerder aangemerkt:<\/p>\n<p>[dochter] ,<\/p>\n<p>wonende te [adres] ,<\/p>\n<p>hierna te noemen: dochter.<\/p>\n<h3>procedure<\/h3>\n<p>De kantonrechter heeft kennisgenomen van:<\/p>\n<p>het verzoek met bijlage(n), ontvangen op 26 september 2025;<\/p>\n<p>een aanvulling, ontvangen op 1 en 10 oktober 2025;<\/p>\n<p>het verweer van betrokkene, ontvangen op 8 oktober 2025;<\/p>\n<p>het verweer van dochter, ontvangen op 8 oktober 2025;<\/p>\n<p>de bereidverklaring van de voorgestelde curator.<\/p>\n<p>Het verzoek is mondeling behandeld op 14 oktober 2025.<\/p>\n<h3>verzoek en verweer<\/h3>\n<p>Verzoeker vraagt om het instellen van een curatele voor betrokkene.<\/p>\n<p>Het verzoek is gebaseerd op de stelling dat betrokkene wegens haar lichamelijke of geestelijke toestand, tijdelijk of duurzaam haar belangen niet behoorlijk waarneemt of haar veiligheid of die van anderen in gevaar brengt en dat een voldoende behartiging van de belangen van betrokkene niet met een meer passende en minder verstrekkende voorziening kan worden bewerkstelligd.<\/p>\n<p>Verzoeker voert daartoe aan zich ernstige zorgen te maken over de financi\u00eble situatie van moeder. Verzoeker stelt dat er sprake is van zware dementie en wilsonbekwaamheid, waardoor moeder niet in staat is zelf haar financi\u00ebn te regelen. Moeder weigert echter een neuropsychologisch onderzoek te ondergaan. Bovendien is moeder reeds het slachtoffer geworden van een zogeheten \u2018babbeltruc\u2019. Nadien is verzoeker erachter gekomen dat het saldo van de bankrekening van moeder nagenoeg nihil was. Verzoeker maakt zich met name zorgen om de reeds verkochte vakantiewoning in Oostenrijk. Verzoeker stelt dat moeder de financi\u00eble gevolgen van desbetreffende handelingen niet meer kan overzien. Onlangs is de volmacht van verzoeker om de financi\u00eble belangen van moeder te behartigen door moeder zelf ingetrokken. Verzoeker vertrouwt de omstandigheden niet en geeft ter zitting aan dat hij bang is dat het geld van moeder naar zijn zuster gaat.<\/p>\n<p>Betrokkene verweert zich tegen het verzoek. Betrokkene geeft daarbij aan dat het verzoek is gebaseerd op onjuistheden en onwaarheden. Vijf jaar geleden heeft zij een hersenbloeding gehad waardoor haar, naar de kantonrechter begrijpt, cijfermatige competenties zijn afgenomen. Echter, dit brengt niet met zich dat zij niet meer in staat is om haar financi\u00ebn te regelen zo nodig met hulp van haar dochter. Betrokkene geeft aan dat er destijds grotere uitgaven zijn gedaan in verband met de verbouwing van zowel het appartement in Oostenrijk, als de woning in Nederland, waardoor haar vermogen is afgenomen. Ook zijn er bedragen geschonken aan goede doelen. Betrokkene is prima in staat om financi\u00eble beslissingen te maken en haar financi\u00ebn te regelen zo nodig met hulp van dochter. Tot slot geeft zij aan dat het contact met haar zoon al jaren uiterst moeizaam verloopt. Betrokkene heeft de volmacht dan ook ingetrokken, zodat zoon niet onbeperkt toegang heeft tot haar financi\u00ebn, met in het bijzonder de opbrengst van de verkochte vakantiewoning.<\/p>\n<p>Dochter verweert zich ook tegen het verzoek. Allereerst geeft zij aan dat zij er niet van op de hoogte is dat het verzoek ook namens haar is ingediend door verzoeker. Dat is een kwalijke zaak. Zij is absoluut niet akkoord met het verzoek. Daartoe voert zij aan dat er geen sprake is van zware dementie en wilsonbekwaamheid bij moeder. Moeder heeft vijf jaar geleden een kleine hersenbloeding gehad, waarna de geriater van het ziekenhuis spreekt van verdenking van een licht cognitieve stoornis. Zij heeft hulp nodig bij haar financi\u00ebn, maar dit loopt momenteel prima. Moeder regelt wat betreft de zorg vrijwel alles zelf. Het feit dat moeder niet direct openstond voor een neuropsychologisch onderzoek maakt haar niet zorgmijdend. Momenteel wordt een neuropsychologisch onderzoek ingepland.<\/p>\n<h3>beoordeling<\/h3>\n<p>De kantonrechter is, gelet op de inhoud van de stukken en het verhandelde ter zitting, van oordeel dat de grond voor een ondercuratelestelling niet aanwezig is. Volgens de aanwezige medische informatie is er sprake van een verdenking van een licht cognitieve stoornis bij betrokkene. Er is niet gebleken dat betrokkene als gevolg van deze verdenking niet haar vermogensrechtelijke en niet-vermogensrechtelijke belangen kan behartigen. De kantonrechter heeft vastgesteld dat betrokkene ter zitting adequaat op haar vragen reageert. Daarnaast oogt zij scherp, kan zij goed teruggrijpen op vragen, legt zij verbanden, heeft zij overzicht in haar situatie en weet zij goed uit te leggen waarom zij bepaalde beslissingen heeft genomen. Dit blijkt ook uit het door haar zelf geschreven verweer. Zo heeft betrokkene haar keuzes omtrent de intrekking van de volmacht en verkoop van het vakantieappartement duidelijk weten te onderbouwen. De ernstig verstoorde familiaire verhouding komt ter zitting duidelijk naar voren en lijkt mede aanleiding te geven voor het verzoek.<\/p>\n<p>Verzoeker zegt zich ernstige zorgen te maken om de financi\u00eble situatie van betrokkene en zegt bang te zijn dat het geld van betrokkene naar zijn zuster gaat. De laatst genoemde zorg wordt niet onderbouwd door verzoeker en duidelijk weersproken door betrokkene zelf. De kantonrechter ziet dan ook geen enkele reden om aan te nemen dat dochter financieel misbruik maakt van moeder. Naar de kantonrechter begrijpt, verloopt de financi\u00eble administratie goed en is er sprake van een gezonde financi\u00eble situatie en roept betrokkene de hulp in van dochter waar nodig. Gelet op de leeftijd van betrokkene en de digitale competenties is de inschakeling van wat hulp bij financi\u00ebn begrijpelijk. Daarnaast vallen ouderen helaas vaker ten prooi aan zogeheten \u2018babbeltrucs\u2019 en zal de gevraagde maatregel dit gevaar niet wegnemen. Tot slot overweegt de kantonrechter geen aanleiding te zien een contra expertise te gelasten. Verzoeker heeft zijn verzoek tot contra expertise ook gelet op de stukken en het verhandelde onvoldoende gemotiveerd.<\/p>\n<p>Gelet op het voorstaande ziet te kantonrechter ook geen aanleiding om (ambtshalve) een onderbewindstelling en mentorschap in te stellen. Onvoldoende aannemelijk is geworden dat betrokkene als gevolg van haar geestelijke of lichamelijke toestand tijdelijk of duurzaam niet in staat is of bemoeilijkt wordt ten volle haar belangen van vermogensrechtelijke aard en niet-vermogensrechtelijke aard zelf waar te nemen.<\/p>\n<h3>beslissing<\/h3>\n<p>De kantonrechter:<\/p>\n<p>&#8212; wijst het verzoek af.<\/p>\n<p>Deze beschikking is gegeven door mr. J.A.C.R.W. VerLoren van Themaat-van der Hoeven, kantonrechter, en in het openbaar uitgesproken.<\/p>\n<p>Tegen deze beschikking kan &#8212; uitsluitend door tussenkomst van een advocaat &#8212; hoger beroep worden ingesteld bij het gerechtshof te Amsterdam:<\/p>\n<p>a. door de verzoeker en degenen aan wie een afschrift van deze beschikking (digitaal) is verstrekt of verzonden binnen drie maanden na de dag van de uitspraak;<\/p>\n<p>b. door andere belanghebbenden binnen drie maanden na betekening daarvan of nadat deze beschikking hun op andere wijze bekend is geworden.<\/p>\n<\/div>\n<hr class=\"kji-sep\" \/>\n<p class=\"kji-source-links\"><strong>Sources officielles :<\/strong> <a class=\"kji-source-link\" href=\"http:\/\/deeplink.rechtspraak.nl\/uitspraak?id=ECLI:NL:RBNHO:2025:13626\" target=\"_blank\" rel=\"noopener noreferrer\">consulter la page source<\/a><\/p>\n<p class=\"kji-license-note\"><em>Rechtspraak.nl open data, Creative Commons Zero. Volume cible 1.8M decisions.<\/em><\/p>\n<\/div>\n","protected":false},"excerpt":{"rendered":"<p>Afwijzing verzoek curatele. De kantonrechter is, gelet op de inhoud van de stukken en het verhandelde ter zitting, van oordeel dat de grond van een ondercuratelestelling niet aanwezig is. Ook ziet de kantonrechter geen aanleiding om (ambtshalve) een onderbewindstelling en mentorschap in te stellen.<\/p>\n","protected":false},"featured_media":0,"template":"","meta":{"_crdt_document":""},"kji_country":[7669],"kji_court":[7895],"kji_chamber":[],"kji_year":[8463],"kji_subject":[7625],"kji_keyword":[7984,10668,8393,8392,7675],"kji_language":[7671],"class_list":["post-609155","kji_decision","type-kji_decision","status-publish","hentry","kji_country-pays-bas","kji_court-rechtbank-noord-holland","kji_year-8463","kji_subject-commercial","kji_keyword-afwijzing","kji_keyword-kantonrechter","kji_keyword-noord-holland","kji_keyword-rbnho","kji_keyword-rechtbank","kji_language-nl"],"yoast_head":"<!-- This site is optimized with the Yoast SEO Premium plugin v27.4 (Yoast SEO v27.4) - https:\/\/yoast.com\/product\/yoast-seo-premium-wordpress\/ -->\n<title>ECLI:NL:RBNHO:2025:13626 Rechtbank Noord-Holland , 14-11-2025 \/ 11896127 CB VERZ 25-66 - Ma\u00eetre Hassan Kohen, avocat en droit p\u00e9nal \u00e0 Paris<\/title>\n<meta name=\"robots\" content=\"index, follow, max-snippet:-1, max-image-preview:large, max-video-preview:-1\" \/>\n<link rel=\"canonical\" href=\"https:\/\/kohenavocats.com\/ru\/jurisprudences\/eclinlrbnho202513626-rechtbank-noord-holland-14-11-2025-11896127-cb-verz-25-66\/\" \/>\n<meta property=\"og:locale\" content=\"ru_RU\" \/>\n<meta property=\"og:type\" content=\"article\" \/>\n<meta property=\"og:title\" content=\"ECLI:NL:RBNHO:2025:13626 Rechtbank Noord-Holland , 14-11-2025 \/ 11896127 CB VERZ 25-66\" \/>\n<meta property=\"og:description\" content=\"Afwijzing verzoek curatele. De kantonrechter is, gelet op de inhoud van de stukken en het verhandelde ter zitting, van oordeel dat de grond van een ondercuratelestelling niet aanwezig is. Ook ziet de kantonrechter geen aanleiding om (ambtshalve) een onderbewindstelling en mentorschap in te stellen.\" \/>\n<meta property=\"og:url\" content=\"https:\/\/kohenavocats.com\/ru\/jurisprudences\/eclinlrbnho202513626-rechtbank-noord-holland-14-11-2025-11896127-cb-verz-25-66\/\" \/>\n<meta property=\"og:site_name\" content=\"Ma\u00eetre Hassan Kohen, avocat en droit p\u00e9nal \u00e0 Paris\" \/>\n<meta name=\"twitter:card\" content=\"summary_large_image\" \/>\n<meta name=\"twitter:label1\" content=\"\u041f\u0440\u0438\u043c\u0435\u0440\u043d\u043e\u0435 \u0432\u0440\u0435\u043c\u044f \u0434\u043b\u044f \u0447\u0442\u0435\u043d\u0438\u044f\" \/>\n\t<meta name=\"twitter:data1\" content=\"6 \u043c\u0438\u043d\u0443\u0442\" \/>\n<script type=\"application\/ld+json\" class=\"yoast-schema-graph\">{\"@context\":\"https:\\\/\\\/schema.org\",\"@graph\":[{\"@type\":\"WebPage\",\"@id\":\"https:\\\/\\\/kohenavocats.com\\\/ru\\\/jurisprudences\\\/eclinlrbnho202513626-rechtbank-noord-holland-14-11-2025-11896127-cb-verz-25-66\\\/\",\"url\":\"https:\\\/\\\/kohenavocats.com\\\/ru\\\/jurisprudences\\\/eclinlrbnho202513626-rechtbank-noord-holland-14-11-2025-11896127-cb-verz-25-66\\\/\",\"name\":\"ECLI:NL:RBNHO:2025:13626 Rechtbank Noord-Holland , 14-11-2025 \\\/ 11896127 CB VERZ 25-66 - Ma\u00eetre Hassan Kohen, avocat en droit p\u00e9nal \u00e0 Paris\",\"isPartOf\":{\"@id\":\"https:\\\/\\\/kohenavocats.com\\\/ru\\\/#website\"},\"datePublished\":\"2026-04-19T16:33:00+00:00\",\"breadcrumb\":{\"@id\":\"https:\\\/\\\/kohenavocats.com\\\/ru\\\/jurisprudences\\\/eclinlrbnho202513626-rechtbank-noord-holland-14-11-2025-11896127-cb-verz-25-66\\\/#breadcrumb\"},\"inLanguage\":\"ru-RU\",\"potentialAction\":[{\"@type\":\"ReadAction\",\"target\":[\"https:\\\/\\\/kohenavocats.com\\\/ru\\\/jurisprudences\\\/eclinlrbnho202513626-rechtbank-noord-holland-14-11-2025-11896127-cb-verz-25-66\\\/\"]}]},{\"@type\":\"BreadcrumbList\",\"@id\":\"https:\\\/\\\/kohenavocats.com\\\/ru\\\/jurisprudences\\\/eclinlrbnho202513626-rechtbank-noord-holland-14-11-2025-11896127-cb-verz-25-66\\\/#breadcrumb\",\"itemListElement\":[{\"@type\":\"ListItem\",\"position\":1,\"name\":\"Home\",\"item\":\"https:\\\/\\\/kohenavocats.com\\\/ru\\\/avocats-en-droit-penal-a-paris-conseil-et-defense-strategique\\\/\"},{\"@type\":\"ListItem\",\"position\":2,\"name\":\"Jurisprudences\",\"item\":\"https:\\\/\\\/kohenavocats.com\\\/ru\\\/jurisprudences\\\/\"},{\"@type\":\"ListItem\",\"position\":3,\"name\":\"ECLI:NL:RBNHO:2025:13626 Rechtbank Noord-Holland , 14-11-2025 \\\/ 11896127 CB VERZ 25-66\"}]},{\"@type\":\"WebSite\",\"@id\":\"https:\\\/\\\/kohenavocats.com\\\/ru\\\/#website\",\"url\":\"https:\\\/\\\/kohenavocats.com\\\/ru\\\/\",\"name\":\"Kohen Avocats\",\"description\":\"Ma\u00eetre Hassan Kohen, avocat p\u00e9naliste \u00e0 Paris, intervient exclusivement en droit p\u00e9nal pour la d\u00e9fense des particuliers, notamment en mati\u00e8re d\u2019accusations de viol. Il assure un accompagnement rigoureux d\u00e8s la garde \u00e0 vue jusqu\u2019\u00e0 la Cour d\u2019assises, veillant au strict respect des garanties proc\u00e9durales.\",\"publisher\":{\"@id\":\"https:\\\/\\\/kohenavocats.com\\\/ru\\\/#organization\"},\"potentialAction\":[{\"@type\":\"SearchAction\",\"target\":{\"@type\":\"EntryPoint\",\"urlTemplate\":\"https:\\\/\\\/kohenavocats.com\\\/ru\\\/?s={search_term_string}\"},\"query-input\":{\"@type\":\"PropertyValueSpecification\",\"valueRequired\":true,\"valueName\":\"search_term_string\"}}],\"inLanguage\":\"ru-RU\"},{\"@type\":\"Organization\",\"@id\":\"https:\\\/\\\/kohenavocats.com\\\/ru\\\/#organization\",\"name\":\"Kohen Avocats\",\"url\":\"https:\\\/\\\/kohenavocats.com\\\/ru\\\/\",\"logo\":{\"@type\":\"ImageObject\",\"inLanguage\":\"ru-RU\",\"@id\":\"https:\\\/\\\/kohenavocats.com\\\/ru\\\/#\\\/schema\\\/logo\\\/image\\\/\",\"url\":\"https:\\\/\\\/kohenavocats.com\\\/wp-content\\\/uploads\\\/2026\\\/01\\\/Logo-2-1.webp\",\"contentUrl\":\"https:\\\/\\\/kohenavocats.com\\\/wp-content\\\/uploads\\\/2026\\\/01\\\/Logo-2-1.webp\",\"width\":2114,\"height\":1253,\"caption\":\"Kohen Avocats\"},\"image\":{\"@id\":\"https:\\\/\\\/kohenavocats.com\\\/ru\\\/#\\\/schema\\\/logo\\\/image\\\/\"}}]}<\/script>\n<!-- \/ Yoast SEO Premium plugin. -->","yoast_head_json":{"title":"ECLI:NL:RBNHO:2025:13626 Rechtbank Noord-Holland , 14-11-2025 \/ 11896127 CB VERZ 25-66 - Ma\u00eetre Hassan Kohen, avocat en droit p\u00e9nal \u00e0 Paris","robots":{"index":"index","follow":"follow","max-snippet":"max-snippet:-1","max-image-preview":"max-image-preview:large","max-video-preview":"max-video-preview:-1"},"canonical":"https:\/\/kohenavocats.com\/ru\/jurisprudences\/eclinlrbnho202513626-rechtbank-noord-holland-14-11-2025-11896127-cb-verz-25-66\/","og_locale":"ru_RU","og_type":"article","og_title":"ECLI:NL:RBNHO:2025:13626 Rechtbank Noord-Holland , 14-11-2025 \/ 11896127 CB VERZ 25-66","og_description":"Afwijzing verzoek curatele. De kantonrechter is, gelet op de inhoud van de stukken en het verhandelde ter zitting, van oordeel dat de grond van een ondercuratelestelling niet aanwezig is. Ook ziet de kantonrechter geen aanleiding om (ambtshalve) een onderbewindstelling en mentorschap in te stellen.","og_url":"https:\/\/kohenavocats.com\/ru\/jurisprudences\/eclinlrbnho202513626-rechtbank-noord-holland-14-11-2025-11896127-cb-verz-25-66\/","og_site_name":"Ma\u00eetre Hassan Kohen, avocat en droit p\u00e9nal \u00e0 Paris","twitter_card":"summary_large_image","twitter_misc":{"\u041f\u0440\u0438\u043c\u0435\u0440\u043d\u043e\u0435 \u0432\u0440\u0435\u043c\u044f \u0434\u043b\u044f \u0447\u0442\u0435\u043d\u0438\u044f":"6 \u043c\u0438\u043d\u0443\u0442"},"schema":{"@context":"https:\/\/schema.org","@graph":[{"@type":"WebPage","@id":"https:\/\/kohenavocats.com\/ru\/jurisprudences\/eclinlrbnho202513626-rechtbank-noord-holland-14-11-2025-11896127-cb-verz-25-66\/","url":"https:\/\/kohenavocats.com\/ru\/jurisprudences\/eclinlrbnho202513626-rechtbank-noord-holland-14-11-2025-11896127-cb-verz-25-66\/","name":"ECLI:NL:RBNHO:2025:13626 Rechtbank Noord-Holland , 14-11-2025 \/ 11896127 CB VERZ 25-66 - Ma\u00eetre Hassan Kohen, avocat en droit p\u00e9nal \u00e0 Paris","isPartOf":{"@id":"https:\/\/kohenavocats.com\/ru\/#website"},"datePublished":"2026-04-19T16:33:00+00:00","breadcrumb":{"@id":"https:\/\/kohenavocats.com\/ru\/jurisprudences\/eclinlrbnho202513626-rechtbank-noord-holland-14-11-2025-11896127-cb-verz-25-66\/#breadcrumb"},"inLanguage":"ru-RU","potentialAction":[{"@type":"ReadAction","target":["https:\/\/kohenavocats.com\/ru\/jurisprudences\/eclinlrbnho202513626-rechtbank-noord-holland-14-11-2025-11896127-cb-verz-25-66\/"]}]},{"@type":"BreadcrumbList","@id":"https:\/\/kohenavocats.com\/ru\/jurisprudences\/eclinlrbnho202513626-rechtbank-noord-holland-14-11-2025-11896127-cb-verz-25-66\/#breadcrumb","itemListElement":[{"@type":"ListItem","position":1,"name":"Home","item":"https:\/\/kohenavocats.com\/ru\/avocats-en-droit-penal-a-paris-conseil-et-defense-strategique\/"},{"@type":"ListItem","position":2,"name":"Jurisprudences","item":"https:\/\/kohenavocats.com\/ru\/jurisprudences\/"},{"@type":"ListItem","position":3,"name":"ECLI:NL:RBNHO:2025:13626 Rechtbank Noord-Holland , 14-11-2025 \/ 11896127 CB VERZ 25-66"}]},{"@type":"WebSite","@id":"https:\/\/kohenavocats.com\/ru\/#website","url":"https:\/\/kohenavocats.com\/ru\/","name":"Kohen Avocats","description":"Ma\u00eetre Hassan Kohen, avocat p\u00e9naliste \u00e0 Paris, intervient exclusivement en droit p\u00e9nal pour la d\u00e9fense des particuliers, notamment en mati\u00e8re d\u2019accusations de viol. Il assure un accompagnement rigoureux d\u00e8s la garde \u00e0 vue jusqu\u2019\u00e0 la Cour d\u2019assises, veillant au strict respect des garanties proc\u00e9durales.","publisher":{"@id":"https:\/\/kohenavocats.com\/ru\/#organization"},"potentialAction":[{"@type":"SearchAction","target":{"@type":"EntryPoint","urlTemplate":"https:\/\/kohenavocats.com\/ru\/?s={search_term_string}"},"query-input":{"@type":"PropertyValueSpecification","valueRequired":true,"valueName":"search_term_string"}}],"inLanguage":"ru-RU"},{"@type":"Organization","@id":"https:\/\/kohenavocats.com\/ru\/#organization","name":"Kohen Avocats","url":"https:\/\/kohenavocats.com\/ru\/","logo":{"@type":"ImageObject","inLanguage":"ru-RU","@id":"https:\/\/kohenavocats.com\/ru\/#\/schema\/logo\/image\/","url":"https:\/\/kohenavocats.com\/wp-content\/uploads\/2026\/01\/Logo-2-1.webp","contentUrl":"https:\/\/kohenavocats.com\/wp-content\/uploads\/2026\/01\/Logo-2-1.webp","width":2114,"height":1253,"caption":"Kohen Avocats"},"image":{"@id":"https:\/\/kohenavocats.com\/ru\/#\/schema\/logo\/image\/"}}]}},"jetpack_likes_enabled":false,"jetpack_sharing_enabled":true,"_links":{"self":[{"href":"https:\/\/kohenavocats.com\/ru\/wp-json\/wp\/v2\/kji_decision\/609155","targetHints":{"allow":["GET"]}}],"collection":[{"href":"https:\/\/kohenavocats.com\/ru\/wp-json\/wp\/v2\/kji_decision"}],"about":[{"href":"https:\/\/kohenavocats.com\/ru\/wp-json\/wp\/v2\/types\/kji_decision"}],"wp:attachment":[{"href":"https:\/\/kohenavocats.com\/ru\/wp-json\/wp\/v2\/media?parent=609155"}],"wp:term":[{"taxonomy":"kji_country","embeddable":true,"href":"https:\/\/kohenavocats.com\/ru\/wp-json\/wp\/v2\/kji_country?post=609155"},{"taxonomy":"kji_court","embeddable":true,"href":"https:\/\/kohenavocats.com\/ru\/wp-json\/wp\/v2\/kji_court?post=609155"},{"taxonomy":"kji_chamber","embeddable":true,"href":"https:\/\/kohenavocats.com\/ru\/wp-json\/wp\/v2\/kji_chamber?post=609155"},{"taxonomy":"kji_year","embeddable":true,"href":"https:\/\/kohenavocats.com\/ru\/wp-json\/wp\/v2\/kji_year?post=609155"},{"taxonomy":"kji_subject","embeddable":true,"href":"https:\/\/kohenavocats.com\/ru\/wp-json\/wp\/v2\/kji_subject?post=609155"},{"taxonomy":"kji_keyword","embeddable":true,"href":"https:\/\/kohenavocats.com\/ru\/wp-json\/wp\/v2\/kji_keyword?post=609155"},{"taxonomy":"kji_language","embeddable":true,"href":"https:\/\/kohenavocats.com\/ru\/wp-json\/wp\/v2\/kji_language?post=609155"}],"curies":[{"name":"wp","href":"https:\/\/api.w.org\/{rel}","templated":true}]}}