{"id":610168,"date":"2026-04-19T20:11:42","date_gmt":"2026-04-19T18:11:42","guid":{"rendered":"https:\/\/kohenavocats.com\/jurisprudences\/tribunal-darrondissement-26-septembre-2025-n-2025-07199\/"},"modified":"2026-04-19T20:11:44","modified_gmt":"2026-04-19T18:11:44","slug":"tribunal-darrondissement-26-septembre-2025-n-2025-07199","status":"publish","type":"kji_decision","link":"https:\/\/kohenavocats.com\/ru\/jurisprudences\/tribunal-darrondissement-26-septembre-2025-n-2025-07199\/","title":{"rendered":"Tribunal d&#8217;arrondissement, 26 septembre 2025, n\u00b0 2025-07199"},"content":{"rendered":"<div class=\"kji-decision\">\n<div class=\"kji-full-text\">\n<p>1 Jugement commercial2025TALCH02\/01258 Audience publique du vendredi,vingt-sixseptembredeux mille vingt-cinq. Num\u00e9ro du r\u00f4le: TAL-2025-07199 Composition: Tania CARDOSO,vice-pr\u00e9sidente; Ines BIWER, 1 er juge; \u00c4nder PROST, juge; Michel Patrick GLOD, greffier. Entre: lasoci\u00e9t\u00e9\u00e0 responsabilit\u00e9 limit\u00e9eSOCIETE2.)SARL,\u00e9tablie et ayant son si\u00e8ge social \u00e0 L-ADRESSE2.), inscrite \u00e0 laliste V du Tableau de l\u2019Ordre des avocats du Barreau de Luxembourg, immatricul\u00e9e au Registre de Commerce et des Soci\u00e9t\u00e9s de Luxembourg sous le num\u00e9ro B254396, repr\u00e9sent\u00e9e aux fins de la pr\u00e9sente proc\u00e9dure par Ma\u00eetreNatalia ZUVAK, avocat \u00e0 la Cour, demeurant professionnellement \u00e0 la m\u00eame adresse,en l\u2019\u00e9tude de laquelle domicile est \u00e9lu, demanderesse,comparant par Ma\u00eetreNatalia ZUVAK, avocat \u00e0 la Cour, susdit,et: lasoci\u00e9t\u00e9 \u00e0 responsabilit\u00e9 limit\u00e9eSOCIETE1.)SARL, \u00e9tablie et ayant son si\u00e8ge social \u00e0 L-ADRESSE1.),repr\u00e9sent\u00e9e parsong\u00e9rant uniqueactuellement en fonctions etinscriteau Registre de Commerce et des Soci\u00e9t\u00e9s de Luxembourg sous le num\u00e9roNUMERO1.); d\u00e9fenderesse, d\u00e9faillante. _______________________________________________________________________<\/p>\n<p>2 FAITS: Par exploit de l&#039;huissier de justice suppl\u00e9ant Kelly FERREIRA SIMOES en remplacement de l\u2019huissier de justice Carlos CALVO de Luxembourg en date du20ao\u00fbt 2025,la demanderesse afait donner assignation \u00e0 la d\u00e9fenderesse \u00e0 compara\u00eetre lemardi, 9 septembre 2025\u00e0 14.30 heures devant le tribunal d\u2019arrondissement de et \u00e0 Luxembourg, chambre de vacation, si\u00e9geant en mati\u00e8re commerciale, Cit\u00e9 Judiciaire, 7, rue du Saint Esprit, 1 er \u00e9tage, salle CO.1.01, pour y entendre statuer sur le m\u00e9rite de la demande contenue dans ledit exploit d\u2019huissier ci-apr\u00e8s reproduit:<\/p>\n<p>3 L&#039;affaire fut enr\u00f4l\u00e9e sous le num\u00e9ro TAL-2025-07199du r\u00f4le pour l&#039;audience publiquede vacationdu9 septembre 2025,lors de laquelle les d\u00e9bats eurent lieu comme suit: Ma\u00eetreNatalia ZUVAK, mandataire de la demanderesse, donna lecture de l&#039;assignation et exposa ses moyens. La partie d\u00e9fenderesse fit d\u00e9faut. Sur ce, le tribunal prit l&#039;affaire en d\u00e9lib\u00e9r\u00e9 et fixa le prononc\u00e9 au12 septembre2025. En date du 11septembre2025, le tribunal ordonna la rupture du d\u00e9lib\u00e9r\u00e9 et refixa l\u2019affaire \u00e0 l\u2019audience publique du19 septembre2025,lors de laquelle les d\u00e9bats eurent lieu comme suit: Ma\u00eetre Natalia ZUVAK, mandataire de la demanderesse, donna lecture de l&#039;assignation et exposa ses moyens. La partie d\u00e9fenderesse fit d\u00e9faut. Sur ce, le tribunal prit l&#039;affaire en d\u00e9lib\u00e9r\u00e9 et rendit \u00e0 l&#039;audience publique de ce jour le jugement qui suit : Par exploit d\u2019huissier de justice du 20 ao\u00fbt 2025, la soci\u00e9t\u00e9 \u00e0 responsabilit\u00e9 limit\u00e9e SOCIETE2.)SARL a fait donner assignation \u00e0 la soci\u00e9t\u00e9 \u00e0 responsabilit\u00e9 limit\u00e9e SOCIETE1.)SARL \u00e0 compara\u00eetre devant le tribunal de ce si\u00e8ge pour y entendre statuer sur la demande ci-avant transcrite dans les qualit\u00e9s du pr\u00e9sent jugement. La demande tend \u00e0 la mise en faillite de la d\u00e9fenderesse. A l\u2019appui de sa demande,SOCIETE2.)expose queSOCIETE1.)lui serait redevable d\u2019un montant total de 10.225,12 EUR \u00e0 titre de frais et honoraires d\u2019avocat. Malgr\u00e9 multiples relances et une mise en demeure adress\u00e9es \u00e0SOCIETE1.)ainsi que des promesses de paiement, l\u2019assign\u00e9e n\u2019aurait proc\u00e9d\u00e9 \u00e0 aucun r\u00e8glement. Lors de l\u2019audience de plaidoiries du 19 septembre 2025,SOCIETE2.)expose que sa cr\u00e9ance a \u00e9t\u00e9 r\u00e9gl\u00e9e, en cons\u00e9quence de quoi elle renonce \u00e0 sa demande de mise en faillite tout en maintenant sa demande de condamnation deSOCIETE1.)aux frais et d\u00e9pens de l\u2019instance. SOCIETE1.)n\u2019a pas comparu. Motifs de la d\u00e9cision La demande, r\u00e9guli\u00e8re en la forme et quant au d\u00e9lai, est recevable. L\u2019article 437 alin\u00e9a 1 er du Code de commerce dispose que tout commer\u00e7ant qui cesse ses paiements et dont le cr\u00e9dit se trouve \u00e9branl\u00e9 est en \u00e9tat de faillite. La cessation des paiements est le fait mat\u00e9riel du commer\u00e7ant qui, n\u2019honorant plus ses dettes liquides et exigibles, a arr\u00eat\u00e9 son mouvement de caisse. Il n\u2019est pas requis que le commer\u00e7ant ait cess\u00e9 tous ses paiements, mais il faut qu\u2019il ait cess\u00e9 ses principaux paiements.<\/p>\n<p>4 Le refus de paiement d\u2019une seule dette, m\u00eame civile, peut entra\u00eener la faillite, quand les circonstances rendent certaines, \u00e0 premi\u00e8re vue, la suspension de la vie commerciale et la mort du cr\u00e9dit (Cour d\u2019appel, 18 janvier 2017, n\u00b0 42615 du r\u00f4le ainsi queles r\u00e9f\u00e9rences y cit\u00e9es). La cessation de paiements suppose impay\u00e9es des dettes certaines, liquides et exigibles. Il y a \u00e9branlement du cr\u00e9dit lorsque la cessation de paiements porte atteinte au cr\u00e9dit, \u00e0 la solvabilit\u00e9 du d\u00e9biteur, compromet l\u2019ensemble de ses op\u00e9rations ou lorsque la cessation de paiements est la cons\u00e9quence d\u2019un manque de cr\u00e9dit. L\u2019\u00e9branlement de cr\u00e9dit implique le refus de tout cr\u00e9dit par les cr\u00e9anciers, par les fournisseurs et par les bailleurs de fonds, en raison d\u2019une carence notoire (Les Novelles, Droit commercial, Tome IV, page 81; Cour d\u2019appel, 10 f\u00e9vrier 2010, r\u00f4le n\u00b0 34781). L\u2019\u00e9branlement ducr\u00e9dit est caract\u00e9ris\u00e9 par le fait que le d\u00e9biteur a perdu la confiance de ses cr\u00e9anciers qui ne veulent plus patienter, de ses fournisseurs qui refusent de le livrer si ce n\u2019est contre paiement comptant et de ses banquiers qui lui refusent toute avance nouvelle (Cour d\u2019appel,1 er juillet 2015, n\u00b0 41974 du r\u00f4le ainsi que les r\u00e9f\u00e9rences y cit\u00e9es). En l\u2019occurrence, il r\u00e9sulte des d\u00e9veloppements faits \u00e0 l\u2019audience que la cr\u00e9ance de SOCIETE2.)a \u00e9t\u00e9 r\u00e9gl\u00e9e et que cette derni\u00e8re renonce \u00e0 sa demande de mise en faillite.Il n\u2019y a donc pas lieu pour le tribunal de se prononcer sur ce chef de la demande. SOCIETE2.)ayant \u00e9t\u00e9 contrainte d\u2019introduire une proc\u00e9dure de faillite afin d\u2019obtenir le r\u00e8glement de sa cr\u00e9ance, intervenu en cours de d\u00e9lib\u00e9r\u00e9, il y a lieu de condamner SOCIETE1.)aux frais et d\u00e9pens de l\u2019instance. Par application de l\u2019article 79 alin\u00e9a 2 du Nouveau Code de proc\u00e9dure civile, il y a lieu de statuer par jugement r\u00e9put\u00e9 contradictoire \u00e0 l\u2019\u00e9gard de l\u2019assign\u00e9e, l\u2019exploit ayant \u00e9t\u00e9 signifi\u00e9 \u00e0 personne. Par ces motifs : le tribunal d\u2019arrondissement de et \u00e0 Luxembourg, deuxi\u00e8me chambre, si\u00e9geant en mati\u00e8re commerciale, statuant par jugement r\u00e9put\u00e9 contradictoire, re\u00e7oitla demande en la forme, laditsans objet suite au paiement intervenu en cours de d\u00e9lib\u00e9r\u00e9, condamne la soci\u00e9t\u00e9 \u00e0 responsabilit\u00e9 limit\u00e9eSOCIETE1.)SARL aux frais et d\u00e9pens de l\u2019instance.<\/p>\n<\/div>\n<hr class=\"kji-sep\" \/>\n<p class=\"kji-source-links\"><strong>Sources officielles :<\/strong> <a class=\"kji-source-link\" href=\"https:\/\/data.public.lu\/fr\/datasets\/tribunal-darrondissement-luxembourg-commerce\/\" target=\"_blank\" rel=\"noopener noreferrer\">consulter la page source<\/a> &middot; <a class=\"kji-pdf-link\" href=\"https:\/\/download.data.public.lu\/resources\/tribunal-darrondissement-luxembourg-commerce\/20251005-230638\/20250926-talch02-tal-2025-07199-pseudonymise-accessible.pdf\" target=\"_blank\" rel=\"noopener noreferrer\">PDF officiel<\/a><\/p>\n<p class=\"kji-license-note\"><em>Licence CC BY-ND 4.0 (Administration judiciaire, data.public.lu). Republication autorisee avec attribution, sans modification editoriale du texte integral.<\/em><\/p>\n<\/div>\n","protected":false},"excerpt":{"rendered":"<p>1 Jugement commercial2025TALCH02\/01258 Audience publique du vendredi,vingt-sixseptembredeux mille vingt-cinq. Num\u00e9ro du r\u00f4le: TAL-2025-07199 Composition: Tania CARDOSO,vice-pr\u00e9sidente; Ines BIWER, 1 er juge; \u00c4nder PROST, juge; Michel Patrick GLOD, greffier. Entre: lasoci\u00e9t\u00e9\u00e0 responsabilit\u00e9 limit\u00e9eSOCIETE2.)SARL,\u00e9tablie et ayant son si\u00e8ge social \u00e0 L-ADRESSE2.), inscrite \u00e0 laliste V du Tableau\u2026<\/p>\n","protected":false},"featured_media":0,"template":"","meta":{"_crdt_document":""},"kji_country":[8418],"kji_court":[23583],"kji_chamber":[24938],"kji_year":[8463],"kji_subject":[7625],"kji_keyword":[23584,15227,7636],"kji_language":[7733],"class_list":["post-610168","kji_decision","type-kji_decision","status-publish","hentry","kji_country-luxembourg","kji_court-tribunal-darrondissement","kji_chamber-commerce","kji_year-8463","kji_subject-commercial","kji_keyword-arrondissement","kji_keyword-septembre","kji_keyword-tribunal","kji_language-francais"],"yoast_head":"<!-- This site is optimized with the Yoast SEO Premium plugin v27.5 (Yoast SEO v27.5) - https:\/\/yoast.com\/product\/yoast-seo-premium-wordpress\/ -->\n<title>Tribunal d&#039;arrondissement, 26 septembre 2025, n\u00b0 2025-07199 - Ma\u00eetre Hassan Kohen, avocat en droit p\u00e9nal \u00e0 Paris<\/title>\n<meta name=\"robots\" content=\"index, follow, max-snippet:-1, max-image-preview:large, max-video-preview:-1\" \/>\n<link rel=\"canonical\" href=\"https:\/\/kohenavocats.com\/ru\/jurisprudences\/tribunal-darrondissement-26-septembre-2025-n-2025-07199\/\" \/>\n<meta property=\"og:locale\" content=\"ru_RU\" \/>\n<meta property=\"og:type\" content=\"article\" \/>\n<meta property=\"og:title\" content=\"Tribunal d&#039;arrondissement, 26 septembre 2025, n\u00b0 2025-07199\" \/>\n<meta property=\"og:description\" content=\"1 Jugement commercial2025TALCH02\/01258 Audience publique du vendredi,vingt-sixseptembredeux mille vingt-cinq. Num\u00e9ro du r\u00f4le: TAL-2025-07199 Composition: Tania CARDOSO,vice-pr\u00e9sidente; Ines BIWER, 1 er juge; \u00c4nder PROST, juge; Michel Patrick GLOD, greffier. Entre: lasoci\u00e9t\u00e9\u00e0 responsabilit\u00e9 limit\u00e9eSOCIETE2.)SARL,\u00e9tablie et ayant son si\u00e8ge social \u00e0 L-ADRESSE2.), inscrite \u00e0 laliste V du Tableau\u2026\" \/>\n<meta property=\"og:url\" content=\"https:\/\/kohenavocats.com\/ru\/jurisprudences\/tribunal-darrondissement-26-septembre-2025-n-2025-07199\/\" \/>\n<meta property=\"og:site_name\" content=\"Ma\u00eetre Hassan Kohen, avocat en droit p\u00e9nal \u00e0 Paris\" \/>\n<meta property=\"article:modified_time\" content=\"2026-04-19T18:11:44+00:00\" \/>\n<meta name=\"twitter:card\" content=\"summary_large_image\" \/>\n<meta name=\"twitter:label1\" content=\"\u041f\u0440\u0438\u043c\u0435\u0440\u043d\u043e\u0435 \u0432\u0440\u0435\u043c\u044f \u0434\u043b\u044f \u0447\u0442\u0435\u043d\u0438\u044f\" \/>\n\t<meta name=\"twitter:data1\" content=\"6 \u043c\u0438\u043d\u0443\u0442\" \/>\n<script type=\"application\/ld+json\" class=\"yoast-schema-graph\">{\"@context\":\"https:\\\/\\\/schema.org\",\"@graph\":[{\"@type\":\"WebPage\",\"@id\":\"https:\\\/\\\/kohenavocats.com\\\/ru\\\/jurisprudences\\\/tribunal-darrondissement-26-septembre-2025-n-2025-07199\\\/\",\"url\":\"https:\\\/\\\/kohenavocats.com\\\/ru\\\/jurisprudences\\\/tribunal-darrondissement-26-septembre-2025-n-2025-07199\\\/\",\"name\":\"Tribunal d'arrondissement, 26 septembre 2025, n\u00b0 2025-07199 - Ma\u00eetre Hassan Kohen, avocat en droit p\u00e9nal \u00e0 Paris\",\"isPartOf\":{\"@id\":\"https:\\\/\\\/kohenavocats.com\\\/ru\\\/#website\"},\"datePublished\":\"2026-04-19T18:11:42+00:00\",\"dateModified\":\"2026-04-19T18:11:44+00:00\",\"breadcrumb\":{\"@id\":\"https:\\\/\\\/kohenavocats.com\\\/ru\\\/jurisprudences\\\/tribunal-darrondissement-26-septembre-2025-n-2025-07199\\\/#breadcrumb\"},\"inLanguage\":\"ru-RU\",\"potentialAction\":[{\"@type\":\"ReadAction\",\"target\":[\"https:\\\/\\\/kohenavocats.com\\\/ru\\\/jurisprudences\\\/tribunal-darrondissement-26-septembre-2025-n-2025-07199\\\/\"]}]},{\"@type\":\"BreadcrumbList\",\"@id\":\"https:\\\/\\\/kohenavocats.com\\\/ru\\\/jurisprudences\\\/tribunal-darrondissement-26-septembre-2025-n-2025-07199\\\/#breadcrumb\",\"itemListElement\":[{\"@type\":\"ListItem\",\"position\":1,\"name\":\"Home\",\"item\":\"https:\\\/\\\/kohenavocats.com\\\/ru\\\/avocats-en-droit-penal-a-paris-conseil-et-defense-strategique\\\/\"},{\"@type\":\"ListItem\",\"position\":2,\"name\":\"Jurisprudences\",\"item\":\"https:\\\/\\\/kohenavocats.com\\\/ru\\\/jurisprudences\\\/\"},{\"@type\":\"ListItem\",\"position\":3,\"name\":\"Tribunal d&rsquo;arrondissement, 26 septembre 2025, n\u00b0 2025-07199\"}]},{\"@type\":\"WebSite\",\"@id\":\"https:\\\/\\\/kohenavocats.com\\\/ru\\\/#website\",\"url\":\"https:\\\/\\\/kohenavocats.com\\\/ru\\\/\",\"name\":\"Kohen Avocats\",\"description\":\"Ma\u00eetre Hassan Kohen, avocat p\u00e9naliste \u00e0 Paris, intervient exclusivement en droit p\u00e9nal pour la d\u00e9fense des particuliers, notamment en mati\u00e8re d\u2019accusations de viol. Il assure un accompagnement rigoureux d\u00e8s la garde \u00e0 vue jusqu\u2019\u00e0 la Cour d\u2019assises, veillant au strict respect des garanties proc\u00e9durales.\",\"publisher\":{\"@id\":\"https:\\\/\\\/kohenavocats.com\\\/ru\\\/#organization\"},\"potentialAction\":[{\"@type\":\"SearchAction\",\"target\":{\"@type\":\"EntryPoint\",\"urlTemplate\":\"https:\\\/\\\/kohenavocats.com\\\/ru\\\/?s={search_term_string}\"},\"query-input\":{\"@type\":\"PropertyValueSpecification\",\"valueRequired\":true,\"valueName\":\"search_term_string\"}}],\"inLanguage\":\"ru-RU\"},{\"@type\":\"Organization\",\"@id\":\"https:\\\/\\\/kohenavocats.com\\\/ru\\\/#organization\",\"name\":\"Kohen Avocats\",\"url\":\"https:\\\/\\\/kohenavocats.com\\\/ru\\\/\",\"logo\":{\"@type\":\"ImageObject\",\"inLanguage\":\"ru-RU\",\"@id\":\"https:\\\/\\\/kohenavocats.com\\\/ru\\\/#\\\/schema\\\/logo\\\/image\\\/\",\"url\":\"https:\\\/\\\/kohenavocats.com\\\/wp-content\\\/uploads\\\/2026\\\/01\\\/Logo-2-1.webp\",\"contentUrl\":\"https:\\\/\\\/kohenavocats.com\\\/wp-content\\\/uploads\\\/2026\\\/01\\\/Logo-2-1.webp\",\"width\":2114,\"height\":1253,\"caption\":\"Kohen Avocats\"},\"image\":{\"@id\":\"https:\\\/\\\/kohenavocats.com\\\/ru\\\/#\\\/schema\\\/logo\\\/image\\\/\"}}]}<\/script>\n<!-- \/ Yoast SEO Premium plugin. -->","yoast_head_json":{"title":"Tribunal d'arrondissement, 26 septembre 2025, n\u00b0 2025-07199 - Ma\u00eetre Hassan Kohen, avocat en droit p\u00e9nal \u00e0 Paris","robots":{"index":"index","follow":"follow","max-snippet":"max-snippet:-1","max-image-preview":"max-image-preview:large","max-video-preview":"max-video-preview:-1"},"canonical":"https:\/\/kohenavocats.com\/ru\/jurisprudences\/tribunal-darrondissement-26-septembre-2025-n-2025-07199\/","og_locale":"ru_RU","og_type":"article","og_title":"Tribunal d'arrondissement, 26 septembre 2025, n\u00b0 2025-07199","og_description":"1 Jugement commercial2025TALCH02\/01258 Audience publique du vendredi,vingt-sixseptembredeux mille vingt-cinq. Num\u00e9ro du r\u00f4le: TAL-2025-07199 Composition: Tania CARDOSO,vice-pr\u00e9sidente; Ines BIWER, 1 er juge; \u00c4nder PROST, juge; Michel Patrick GLOD, greffier. Entre: lasoci\u00e9t\u00e9\u00e0 responsabilit\u00e9 limit\u00e9eSOCIETE2.)SARL,\u00e9tablie et ayant son si\u00e8ge social \u00e0 L-ADRESSE2.), inscrite \u00e0 laliste V du Tableau\u2026","og_url":"https:\/\/kohenavocats.com\/ru\/jurisprudences\/tribunal-darrondissement-26-septembre-2025-n-2025-07199\/","og_site_name":"Ma\u00eetre Hassan Kohen, avocat en droit p\u00e9nal \u00e0 Paris","article_modified_time":"2026-04-19T18:11:44+00:00","twitter_card":"summary_large_image","twitter_misc":{"\u041f\u0440\u0438\u043c\u0435\u0440\u043d\u043e\u0435 \u0432\u0440\u0435\u043c\u044f \u0434\u043b\u044f \u0447\u0442\u0435\u043d\u0438\u044f":"6 \u043c\u0438\u043d\u0443\u0442"},"schema":{"@context":"https:\/\/schema.org","@graph":[{"@type":"WebPage","@id":"https:\/\/kohenavocats.com\/ru\/jurisprudences\/tribunal-darrondissement-26-septembre-2025-n-2025-07199\/","url":"https:\/\/kohenavocats.com\/ru\/jurisprudences\/tribunal-darrondissement-26-septembre-2025-n-2025-07199\/","name":"Tribunal d'arrondissement, 26 septembre 2025, n\u00b0 2025-07199 - Ma\u00eetre Hassan Kohen, avocat en droit p\u00e9nal \u00e0 Paris","isPartOf":{"@id":"https:\/\/kohenavocats.com\/ru\/#website"},"datePublished":"2026-04-19T18:11:42+00:00","dateModified":"2026-04-19T18:11:44+00:00","breadcrumb":{"@id":"https:\/\/kohenavocats.com\/ru\/jurisprudences\/tribunal-darrondissement-26-septembre-2025-n-2025-07199\/#breadcrumb"},"inLanguage":"ru-RU","potentialAction":[{"@type":"ReadAction","target":["https:\/\/kohenavocats.com\/ru\/jurisprudences\/tribunal-darrondissement-26-septembre-2025-n-2025-07199\/"]}]},{"@type":"BreadcrumbList","@id":"https:\/\/kohenavocats.com\/ru\/jurisprudences\/tribunal-darrondissement-26-septembre-2025-n-2025-07199\/#breadcrumb","itemListElement":[{"@type":"ListItem","position":1,"name":"Home","item":"https:\/\/kohenavocats.com\/ru\/avocats-en-droit-penal-a-paris-conseil-et-defense-strategique\/"},{"@type":"ListItem","position":2,"name":"Jurisprudences","item":"https:\/\/kohenavocats.com\/ru\/jurisprudences\/"},{"@type":"ListItem","position":3,"name":"Tribunal d&rsquo;arrondissement, 26 septembre 2025, n\u00b0 2025-07199"}]},{"@type":"WebSite","@id":"https:\/\/kohenavocats.com\/ru\/#website","url":"https:\/\/kohenavocats.com\/ru\/","name":"Kohen Avocats","description":"Ma\u00eetre Hassan Kohen, avocat p\u00e9naliste \u00e0 Paris, intervient exclusivement en droit p\u00e9nal pour la d\u00e9fense des particuliers, notamment en mati\u00e8re d\u2019accusations de viol. Il assure un accompagnement rigoureux d\u00e8s la garde \u00e0 vue jusqu\u2019\u00e0 la Cour d\u2019assises, veillant au strict respect des garanties proc\u00e9durales.","publisher":{"@id":"https:\/\/kohenavocats.com\/ru\/#organization"},"potentialAction":[{"@type":"SearchAction","target":{"@type":"EntryPoint","urlTemplate":"https:\/\/kohenavocats.com\/ru\/?s={search_term_string}"},"query-input":{"@type":"PropertyValueSpecification","valueRequired":true,"valueName":"search_term_string"}}],"inLanguage":"ru-RU"},{"@type":"Organization","@id":"https:\/\/kohenavocats.com\/ru\/#organization","name":"Kohen Avocats","url":"https:\/\/kohenavocats.com\/ru\/","logo":{"@type":"ImageObject","inLanguage":"ru-RU","@id":"https:\/\/kohenavocats.com\/ru\/#\/schema\/logo\/image\/","url":"https:\/\/kohenavocats.com\/wp-content\/uploads\/2026\/01\/Logo-2-1.webp","contentUrl":"https:\/\/kohenavocats.com\/wp-content\/uploads\/2026\/01\/Logo-2-1.webp","width":2114,"height":1253,"caption":"Kohen Avocats"},"image":{"@id":"https:\/\/kohenavocats.com\/ru\/#\/schema\/logo\/image\/"}}]}},"jetpack_likes_enabled":false,"jetpack_sharing_enabled":true,"_links":{"self":[{"href":"https:\/\/kohenavocats.com\/ru\/wp-json\/wp\/v2\/kji_decision\/610168","targetHints":{"allow":["GET"]}}],"collection":[{"href":"https:\/\/kohenavocats.com\/ru\/wp-json\/wp\/v2\/kji_decision"}],"about":[{"href":"https:\/\/kohenavocats.com\/ru\/wp-json\/wp\/v2\/types\/kji_decision"}],"wp:attachment":[{"href":"https:\/\/kohenavocats.com\/ru\/wp-json\/wp\/v2\/media?parent=610168"}],"wp:term":[{"taxonomy":"kji_country","embeddable":true,"href":"https:\/\/kohenavocats.com\/ru\/wp-json\/wp\/v2\/kji_country?post=610168"},{"taxonomy":"kji_court","embeddable":true,"href":"https:\/\/kohenavocats.com\/ru\/wp-json\/wp\/v2\/kji_court?post=610168"},{"taxonomy":"kji_chamber","embeddable":true,"href":"https:\/\/kohenavocats.com\/ru\/wp-json\/wp\/v2\/kji_chamber?post=610168"},{"taxonomy":"kji_year","embeddable":true,"href":"https:\/\/kohenavocats.com\/ru\/wp-json\/wp\/v2\/kji_year?post=610168"},{"taxonomy":"kji_subject","embeddable":true,"href":"https:\/\/kohenavocats.com\/ru\/wp-json\/wp\/v2\/kji_subject?post=610168"},{"taxonomy":"kji_keyword","embeddable":true,"href":"https:\/\/kohenavocats.com\/ru\/wp-json\/wp\/v2\/kji_keyword?post=610168"},{"taxonomy":"kji_language","embeddable":true,"href":"https:\/\/kohenavocats.com\/ru\/wp-json\/wp\/v2\/kji_language?post=610168"}],"curies":[{"name":"wp","href":"https:\/\/api.w.org\/{rel}","templated":true}]}}