{"id":610462,"date":"2026-04-19T20:29:59","date_gmt":"2026-04-19T18:29:59","guid":{"rendered":"https:\/\/kohenavocats.com\/jurisprudences\/tribunal-darrondissement-26-juin-2025-n-2025-04234\/"},"modified":"2026-04-19T20:30:05","modified_gmt":"2026-04-19T18:30:05","slug":"tribunal-darrondissement-26-juin-2025-n-2025-04234","status":"publish","type":"kji_decision","link":"https:\/\/kohenavocats.com\/ru\/jurisprudences\/tribunal-darrondissement-26-juin-2025-n-2025-04234\/","title":{"rendered":"Tribunal d&#8217;arrondissement, 26 juin 2025, n\u00b0 2025-04234"},"content":{"rendered":"<div class=\"kji-decision\">\n<div class=\"kji-full-text\">\n<p>Jugement commercial 2025TALCH06\/00316 Audience publique du jeudi,vingt-sixjuindeux mille vingt-cinq. Num\u00e9ro de r\u00f4le TAL-2025-04234 Liquidation n\u00b0L-14942\/25 Composition: Nad\u00e8ge ANEN, vice-pr\u00e9sidente; Alix KAYSER,1 er juge; Julie CORREIA,juge-d\u00e9l\u00e9gu\u00e9e; ClaudeFEIT, greffi\u00e8re. Entre: MonsieurPERSONNE1.), demeurantprofessionnellement\u00e0ADRESSE1.), en sa qualit\u00e9 d\u2019associ\u00e9 unique et g\u00e9rant unique de la soci\u00e9t\u00e9\u00e0 responsabilit\u00e9 limit\u00e9eSOCIETE1.)SARL, \u00e9lisantdomicile en l\u2019\u00e9tudeM&amp;S LAWSARL,avecsi\u00e8ge social \u00e0 L-1150 Luxembourg, 205, route d\u2019Arlon, inscrite au Registre de Commerce et desSoci\u00e9t\u00e9s de Luxembourg sous lenum\u00e9roB 215086,repr\u00e9sent\u00e9eaux fins des pr\u00e9sentespar Ma\u00eetreJoram MOYAL, avocat \u00e0 la Cour, demeurant \u00e0 Luxembourg, demandeurpartierce-opposition, comparantpar Ma\u00eetreShiva MIR MOTAHARI,avocat \u00e0 la Cour, demeurant \u00e0 Luxembourg, en remplacement de Ma\u00eetreJoramMOYAL, avocat \u00e0 la Coursusdit, et: 1)Monsieur leProcureur d\u2019Etatpr\u00e8s le Tribunal d\u2019Arrondissement de et \u00e0 Luxembourg, ayant ses bureaux \u00e0 L-2080 Luxembourg, B\u00e2timent PL, Cit\u00e9 Judiciaire, Plateau du St. Esprit, d\u00e9fendeur surtierce-opposition, comparant parMadame Claire KOOB,substitutdu Procureur d\u2019Etat, 2)Ma\u00eetreSelena CORZO, avocat \u00e0 la Cour,demeurant professionnellement\u00e0 Kehlen, prise en sa qualit\u00e9 de liquidateur judiciaire de lasoci\u00e9t\u00e9\u00e0 responsabilit\u00e9 limit\u00e9eSOCIETE1.) SARL, d\u00e9fenderessesurtierce-opposition,comparant en personne,<\/p>\n<p>2 3)la soci\u00e9t\u00e9 \u00e0 responsabilit\u00e9 limit\u00e9eSOCIETE1.)SARL, \u00e9tablie et ayant son si\u00e8ge social \u00e0 L-ADRESSE2.), inscrite au Registre de Commerce et des Soci\u00e9t\u00e9s de Luxembourg sous le num\u00e9roNUMERO1.),repr\u00e9sent\u00e9e par song\u00e9rant unique actuellement en fonctions, d\u00e9clar\u00e9e dissoute et en liquidation judiciaire par jugement du tribunal d\u2019arrondissement de et \u00e0 Luxembourg, en date du 13 f\u00e9vrier 2025, d\u00e9fenderessesurtierce-opposition,d\u00e9faillante. ___________________________________________________________________ ____ FAITS: Par exploit de l\u2019huissier de justicesuppl\u00e9ant Luana COGONI, en remplacement de l\u2019huissier de justice V\u00e9ronique REYTER d\u2019Esch-sur-Alzette, en date du30 avril2025, ledemandeur partierce-oppositionafait donner assignation aux d\u00e9fendeurs surtierce-opposition \u00e0 compara\u00eetre levendredi,16 mai2025\u00e09.00 heures devant le tribunal d\u2019arrondissement de et \u00e0 Luxembourg,si\u00e9geant en mati\u00e8re commerciale,deuxi\u00e8mechambre, Cit\u00e9 Judiciaire, Plateau du Saint-Esprit, B\u00e2timent CO, 1 er \u00e9tage, salle CO.1.01, pour y entendre statuer sur le m\u00e9rite de la demande contenue dans ledit exploit d\u2019huissier ci-apr\u00e8s reproduit:<\/p>\n<p>3 L\u2019affaire fut inscrite sous le num\u00e9ro TAL-2025-04234du r\u00f4le pour l\u2019audience publiquedu 16 mai2025devant ladeuxi\u00e8mechambre, si\u00e9geant en mati\u00e8re commercialeet remise \u00e0 celle du20 mai2025devant la sixi\u00e8me chambre, si\u00e9geant en mati\u00e8re commerciale. L\u2019affaire fut utilement retenue lors del\u2019audience publiquedu19 juin2025, audience lors de laquelle lesd\u00e9bats eurent lieu comme suit: Ma\u00eetreShiva MIR MOTAHARI,en remplacement de Ma\u00eetreJoram MOYAL,donna lecture de l\u2019actede tierceoppositionet exposa ses moyens. Ma\u00eetreSelena CORZO,priseen sa qualit\u00e9 de liquidateur judiciaire de lasoci\u00e9t\u00e9\u00e0 responsabilit\u00e9 limit\u00e9eSOCIETE1.)SARL, r\u00e9pliqua et exposa ses moyens. Le repr\u00e9sentant du Minist\u00e8re Public fut entendu en ses conclusions. Madamele juge-commissaire Alix KAYSERfit son rapport oral au tribunal. Sur ce, le tribunal prit l\u2019affaire en d\u00e9lib\u00e9r\u00e9 et rendit \u00e0 l\u2019audience publique de ce jour le jugement quisuit: Revu le jugement du 13 f\u00e9vrier 2025, rendu par le tribunal de ce si\u00e8ge, statuant sur une requ\u00eate de Monsieur le Procureur d\u2019Etat dat\u00e9e du 23 janvier 2025 et par d\u00e9faut \u00e0 l\u2019\u00e9gard de la soci\u00e9t\u00e9 \u00e0 responsabilit\u00e9 limit\u00e9eSOCIETE1.)SARL (ci-apr\u00e8s \u00abSOCIETE1.)\u00bb), ayant rapport\u00e9 la d\u00e9cision de cl\u00f4ture de la proc\u00e9dure de dissolution administrative sans liquidation \u00e0 l\u2019encontre de cette derni\u00e8reetenayant ordonn\u00e9 la liquidation. Par acte d\u2019huissier du 30 avril 2025,PERSONNE1.)(ci-apr\u00e8s \u00abPERSONNE1.)\u00bb), agissant en sa qualit\u00e9 de g\u00e9rant et d\u2019associ\u00e9 unique d\u2019SOCIETE1.), a relev\u00e9 tierce-opposition contre le pr\u00e9dit jugement. PERSONNE1.)demande au tribunal de mettre \u00e0 n\u00e9ant le jugement du 13 f\u00e9vrier 2025 et de le rapporter. A l\u2019appui de sa demande,PERSONNE1.)expose que la soci\u00e9t\u00e9 anonymeSOCIETE2.)SA (ci-apr\u00e8s \u00abSOCIETE2.)\u00bb) s\u2019est engag\u00e9e, suivant une lettre d\u2019intention du 23 avril 2025, \u00e0 enregistrer le si\u00e8ge social d\u2019SOCIETE1.)\u00e0 son adresse. En ce qui concerne les bilans pour les exercices 2020 \u00e0 2023, ces derniers auraient entretemps \u00e9t\u00e9 d\u00e9pos\u00e9s au Registre de Commerce et des Soci\u00e9t\u00e9s (ci-apr\u00e8s \u00abRCS\u00bb). Le bilan pour l\u2019exercice 2024 aurait \u00e9t\u00e9 pr\u00e9par\u00e9, mais n\u2019aurait pas pu \u00eatre approuv\u00e9 et partant pas non plus publi\u00e9, au vu de l\u2019\u00e9tat de liquidation de la soci\u00e9t\u00e9. Les dettes d\u2019SOCIETE1.)auraient \u00e9t\u00e9 r\u00e9gl\u00e9es et le montant des frais d\u2019administration de la liquidation et des honoraires du liquidateur aurait \u00e9t\u00e9 consign\u00e9 sur le compte tiers du mandataire dePERSONNE1.), qui se porte fort, \u00e0 l\u2019audience de plaidoiries, du paiement de ces frais et honoraires d\u00e8s le rabattement de la liquidation. La liquidatrice se rapporte \u00e0 prudence de justice quant au bien-fond\u00e9 de la demande de PERSONNE1.). Elle pr\u00e9cise que le seul cr\u00e9ancier, l\u2019Administration des contributions directes, a \u00e9t\u00e9 pay\u00e9 et a renonc\u00e9 suivant courrier du 13 juin 2025 \u00e0 sa d\u00e9claration de cr\u00e9ance.<\/p>\n<p>4 Le Minist\u00e8re public s\u2019est \u00e9galement rapport\u00e9 \u00e0 prudence de justice. L\u2019opposition est recevable pour avoir \u00e9t\u00e9 interjet\u00e9e dans les formes et d\u00e9lais de la loi. L\u2019article 1 er de la loi modifi\u00e9e du 28 octobre 2022portant cr\u00e9ation de la proc\u00e9dure de dissolution administrative sans liquidation (ci-apr\u00e8s la \u00abLoi du 28 octobre 2022\u00bb) dispose que toute soci\u00e9t\u00e9 commerciale tombant sous le champ d\u2019application de l\u2019article 1200-1 de la loi modifi\u00e9e du 10 ao\u00fbt 1915 sur les soci\u00e9t\u00e9s commerciales, qui n\u2019a pas de salari\u00e9s et qui ne dispose pas d\u2019actif, peut faire l\u2019objet d\u2019une proc\u00e9dure dedissolution administrative sans liquidation \u00e0 l\u2019initiative du Procureur d\u2019Etat. Aux termes de l\u2019article 13 (1) de la Loi du 28 octobre 2022, si des actifs apparaissent post\u00e9rieurement \u00e0 la cl\u00f4ture de la proc\u00e9dure de dissolution administrative sans liquidation, le tribunal d\u2019arrondissement si\u00e9geant en mati\u00e8re commerciale peut, \u00e0 la requ\u00eate du Procureur d\u2019Etat, rapporter la d\u00e9cision de cl\u00f4ture de la proc\u00e9dure de dissolution administrative sans liquidation de la soci\u00e9t\u00e9 et en ordonner la liquidation. L\u2019article 1200-1 de la loi modifi\u00e9e du 10 ao\u00fbt 1915 sur les soci\u00e9t\u00e9s commerciales pr\u00e9voit que le tribunal a la facult\u00e9 d\u2019ordonner la mise en liquidation d\u2019une soci\u00e9t\u00e9 qui a contrevenu gravement aux dispositions du droit p\u00e9nal, du droit des soci\u00e9t\u00e9s ou du droit d\u2019\u00e9tablissement, en appr\u00e9ciant, au cas par cas, si les contraventions constat\u00e9eslejustifient. Il ne ressort pas des \u00e9l\u00e9ments du dossierqu\u2019SOCIETE1.)exercerait une activit\u00e9 ill\u00e9gale ou r\u00e9pr\u00e9hensible au Luxembourg ou \u00e0 l\u2019\u00e9trangeret qu\u2019elle serait une soci\u00e9t\u00e9 \u00abcoquille-vide\u00bb d\u00e9pourvue d\u2019activit\u00e9 et d\u2019organes sociaux. Il y a, d\u00e8s lors, lieu d\u2019appr\u00e9cier si les contraventions au droit des soci\u00e9t\u00e9s constat\u00e9es justifientla liquidation. Il ressort des \u00e9l\u00e9ments du dossier qu\u2019SOCIETE2.)s\u2019est engag\u00e9e \u00e0 domicilierSOCIETE1.) d\u00e8s le rabattement de la liquidation, que les comptes sociaux des exercices 2020 \u00e0 2023 ont \u00e9t\u00e9 d\u00e9pos\u00e9s au RCS et que les comptes sociaux de l\u2019exercice 2024 ont \u00e9t\u00e9 pr\u00e9par\u00e9s. Au demeurant, les frais d\u2019administration de la liquidation ainsi que les honoraires du liquidateur ont \u00e9t\u00e9 consign\u00e9s sur le compte tiers du mandataire dePERSONNE1.), qui se porte fort du paiement de ces frais d\u00e8s le rabattement de la liquidation. Le maintien de la liquidation d\u2019SOCIETE1.)n\u2019est pas justifi\u00e9 au vu des circonstances particuli\u00e8res de l\u2019esp\u00e8ce. Il y a, d\u00e8s lors, lieu de rapporter le jugement de mise en liquidation du 13 f\u00e9vrier 2025. Les frais et d\u00e9pens de l\u2019instance restent \u00e0 charge d\u2019SOCIETE1.), \u00e9tant donn\u00e9 que c\u2019est par ses n\u00e9gligences que la proc\u00e9dure de liquidation judiciaire a \u00e9t\u00e9 d\u00e9clench\u00e9e. Parcesmotifs: letribunal d\u2019arrondissement de et \u00e0 Luxembourg, sixi\u00e8me chambre, si\u00e9geant en mati\u00e8re commerciale,statuantpar d\u00e9faut\u00e0 l\u2019encontre de la soci\u00e9t\u00e9 \u00e0 responsabilit\u00e9 limit\u00e9e SOCIETE1.)SARL et contradictoirement \u00e0 l\u2019\u00e9gard des autres parties, apr\u00e8s avoir entendu le liquidateur et le Minist\u00e8re Public en leurs conclusions et sur rapport du juge-commissaire, re\u00e7oitla tierce-opposition;<\/p>\n<p>5 lad\u00e9clarefond\u00e9e; ditque le jugement du 13 f\u00e9vrier 2025 ayantrapport\u00e9 la d\u00e9cision de cl\u00f4ture de la proc\u00e9dure de dissolution administrative sans liquidation et ordonn\u00e9 la liquidation de la soci\u00e9t\u00e9 \u00e0 responsabilit\u00e9 limit\u00e9eSOCIETE1.)SARL est rapport\u00e9 et \u00e0 tenir comme nul et non avenu, ainsi que tous les actes qui ont accompagn\u00e9 et suivi ce jugement et qui en ont \u00e9t\u00e9 la cons\u00e9quence; ditque les fonctions du liquidateur et du juge-commissaire cessent imm\u00e9diatement; remetla soci\u00e9t\u00e9 \u00e0 responsabilit\u00e9 limit\u00e9eSOCIETE1.)SARLaum\u00eame \u00e9tat qu\u2019avant le pr\u00e9dit jugement du13 f\u00e9vrier 2025; condamnela soci\u00e9t\u00e9 \u00e0 responsabilit\u00e9 limit\u00e9eSOCIETE1.)SARLaux frais et d\u00e9pensde l\u2019instance, ainsi qu\u2019aux frais d\u2019administration de la liquidation et aux honoraires du liquidateur; ordonnel\u2019ex\u00e9cution provisoire sans caution du pr\u00e9sent jugement.<\/p>\n<\/div>\n<hr class=\"kji-sep\" \/>\n<p class=\"kji-source-links\"><strong>Sources officielles :<\/strong> <a class=\"kji-source-link\" href=\"https:\/\/data.public.lu\/fr\/datasets\/tribunal-darrondissement-luxembourg-commerce\/\" target=\"_blank\" rel=\"noopener noreferrer\">consulter la page source<\/a> &middot; <a class=\"kji-pdf-link\" href=\"https:\/\/download.data.public.lu\/resources\/tribunal-darrondissement-luxembourg-commerce\/20250921-230620\/20250626-talch06-tal-2025-04234-pseudonymise-accessible.pdf\" target=\"_blank\" rel=\"noopener noreferrer\">PDF officiel<\/a><\/p>\n<p class=\"kji-license-note\"><em>Licence CC BY-ND 4.0 (Administration judiciaire, data.public.lu). Republication autorisee avec attribution, sans modification editoriale du texte integral.<\/em><\/p>\n<\/div>\n","protected":false},"excerpt":{"rendered":"<p>Jugement commercial 2025TALCH06\/00316 Audience publique du jeudi,vingt-sixjuindeux mille vingt-cinq. Num\u00e9ro de r\u00f4le TAL-2025-04234 Liquidation n\u00b0L-14942\/25 Composition: Nad\u00e8ge ANEN, vice-pr\u00e9sidente; Alix KAYSER,1 er juge; Julie CORREIA,juge-d\u00e9l\u00e9gu\u00e9e; ClaudeFEIT, greffi\u00e8re. Entre: MonsieurPERSONNE1.), demeurantprofessionnellement\u00e0ADRESSE1.), en sa qualit\u00e9 d\u2019associ\u00e9 unique et g\u00e9rant unique de la soci\u00e9t\u00e9\u00e0 responsabilit\u00e9 limit\u00e9eSOCIETE1.)SARL, \u00e9lisantdomicile en\u2026<\/p>\n","protected":false},"featured_media":0,"template":"","meta":{"_crdt_document":""},"kji_country":[8418],"kji_court":[23583],"kji_chamber":[24938],"kji_year":[8463],"kji_subject":[7625],"kji_keyword":[23584,15419,23061,24939,7636],"kji_language":[7733],"class_list":["post-610462","kji_decision","type-kji_decision","status-publish","hentry","kji_country-luxembourg","kji_court-tribunal-darrondissement","kji_chamber-commerce","kji_year-8463","kji_subject-commercial","kji_keyword-arrondissement","kji_keyword-commercial","kji_keyword-jugement","kji_keyword-talch","kji_keyword-tribunal","kji_language-francais"],"yoast_head":"<!-- This site is optimized with the Yoast SEO Premium plugin v27.5 (Yoast SEO v27.5) - https:\/\/yoast.com\/product\/yoast-seo-premium-wordpress\/ -->\n<title>Tribunal d&#039;arrondissement, 26 juin 2025, n\u00b0 2025-04234 - Ma\u00eetre Hassan Kohen, avocat en droit p\u00e9nal \u00e0 Paris<\/title>\n<meta name=\"robots\" content=\"index, follow, max-snippet:-1, max-image-preview:large, max-video-preview:-1\" \/>\n<link rel=\"canonical\" href=\"https:\/\/kohenavocats.com\/ru\/jurisprudences\/tribunal-darrondissement-26-juin-2025-n-2025-04234\/\" \/>\n<meta property=\"og:locale\" content=\"ru_RU\" \/>\n<meta property=\"og:type\" content=\"article\" \/>\n<meta property=\"og:title\" content=\"Tribunal d&#039;arrondissement, 26 juin 2025, n\u00b0 2025-04234\" \/>\n<meta property=\"og:description\" content=\"Jugement commercial 2025TALCH06\/00316 Audience publique du jeudi,vingt-sixjuindeux mille vingt-cinq. Num\u00e9ro de r\u00f4le TAL-2025-04234 Liquidation n\u00b0L-14942\/25 Composition: Nad\u00e8ge ANEN, vice-pr\u00e9sidente; Alix KAYSER,1 er juge; Julie CORREIA,juge-d\u00e9l\u00e9gu\u00e9e; ClaudeFEIT, greffi\u00e8re. Entre: MonsieurPERSONNE1.), demeurantprofessionnellement\u00e0ADRESSE1.), en sa qualit\u00e9 d\u2019associ\u00e9 unique et g\u00e9rant unique de la soci\u00e9t\u00e9\u00e0 responsabilit\u00e9 limit\u00e9eSOCIETE1.)SARL, \u00e9lisantdomicile en\u2026\" \/>\n<meta property=\"og:url\" content=\"https:\/\/kohenavocats.com\/ru\/jurisprudences\/tribunal-darrondissement-26-juin-2025-n-2025-04234\/\" \/>\n<meta property=\"og:site_name\" content=\"Ma\u00eetre Hassan Kohen, avocat en droit p\u00e9nal \u00e0 Paris\" \/>\n<meta property=\"article:modified_time\" content=\"2026-04-19T18:30:05+00:00\" \/>\n<meta name=\"twitter:card\" content=\"summary_large_image\" \/>\n<meta name=\"twitter:label1\" content=\"\u041f\u0440\u0438\u043c\u0435\u0440\u043d\u043e\u0435 \u0432\u0440\u0435\u043c\u044f \u0434\u043b\u044f \u0447\u0442\u0435\u043d\u0438\u044f\" \/>\n\t<meta name=\"twitter:data1\" content=\"8 \u043c\u0438\u043d\u0443\u0442\" \/>\n<script type=\"application\/ld+json\" class=\"yoast-schema-graph\">{\"@context\":\"https:\\\/\\\/schema.org\",\"@graph\":[{\"@type\":\"WebPage\",\"@id\":\"https:\\\/\\\/kohenavocats.com\\\/ru\\\/jurisprudences\\\/tribunal-darrondissement-26-juin-2025-n-2025-04234\\\/\",\"url\":\"https:\\\/\\\/kohenavocats.com\\\/ru\\\/jurisprudences\\\/tribunal-darrondissement-26-juin-2025-n-2025-04234\\\/\",\"name\":\"Tribunal d'arrondissement, 26 juin 2025, n\u00b0 2025-04234 - Ma\u00eetre Hassan Kohen, avocat en droit p\u00e9nal \u00e0 Paris\",\"isPartOf\":{\"@id\":\"https:\\\/\\\/kohenavocats.com\\\/ru\\\/#website\"},\"datePublished\":\"2026-04-19T18:29:59+00:00\",\"dateModified\":\"2026-04-19T18:30:05+00:00\",\"breadcrumb\":{\"@id\":\"https:\\\/\\\/kohenavocats.com\\\/ru\\\/jurisprudences\\\/tribunal-darrondissement-26-juin-2025-n-2025-04234\\\/#breadcrumb\"},\"inLanguage\":\"ru-RU\",\"potentialAction\":[{\"@type\":\"ReadAction\",\"target\":[\"https:\\\/\\\/kohenavocats.com\\\/ru\\\/jurisprudences\\\/tribunal-darrondissement-26-juin-2025-n-2025-04234\\\/\"]}]},{\"@type\":\"BreadcrumbList\",\"@id\":\"https:\\\/\\\/kohenavocats.com\\\/ru\\\/jurisprudences\\\/tribunal-darrondissement-26-juin-2025-n-2025-04234\\\/#breadcrumb\",\"itemListElement\":[{\"@type\":\"ListItem\",\"position\":1,\"name\":\"Home\",\"item\":\"https:\\\/\\\/kohenavocats.com\\\/ru\\\/avocats-en-droit-penal-a-paris-conseil-et-defense-strategique\\\/\"},{\"@type\":\"ListItem\",\"position\":2,\"name\":\"Jurisprudences\",\"item\":\"https:\\\/\\\/kohenavocats.com\\\/ru\\\/jurisprudences\\\/\"},{\"@type\":\"ListItem\",\"position\":3,\"name\":\"Tribunal d&rsquo;arrondissement, 26 juin 2025, n\u00b0 2025-04234\"}]},{\"@type\":\"WebSite\",\"@id\":\"https:\\\/\\\/kohenavocats.com\\\/ru\\\/#website\",\"url\":\"https:\\\/\\\/kohenavocats.com\\\/ru\\\/\",\"name\":\"Kohen Avocats\",\"description\":\"Ma\u00eetre Hassan Kohen, avocat p\u00e9naliste \u00e0 Paris, intervient exclusivement en droit p\u00e9nal pour la d\u00e9fense des particuliers, notamment en mati\u00e8re d\u2019accusations de viol. Il assure un accompagnement rigoureux d\u00e8s la garde \u00e0 vue jusqu\u2019\u00e0 la Cour d\u2019assises, veillant au strict respect des garanties proc\u00e9durales.\",\"publisher\":{\"@id\":\"https:\\\/\\\/kohenavocats.com\\\/ru\\\/#organization\"},\"potentialAction\":[{\"@type\":\"SearchAction\",\"target\":{\"@type\":\"EntryPoint\",\"urlTemplate\":\"https:\\\/\\\/kohenavocats.com\\\/ru\\\/?s={search_term_string}\"},\"query-input\":{\"@type\":\"PropertyValueSpecification\",\"valueRequired\":true,\"valueName\":\"search_term_string\"}}],\"inLanguage\":\"ru-RU\"},{\"@type\":\"Organization\",\"@id\":\"https:\\\/\\\/kohenavocats.com\\\/ru\\\/#organization\",\"name\":\"Kohen Avocats\",\"url\":\"https:\\\/\\\/kohenavocats.com\\\/ru\\\/\",\"logo\":{\"@type\":\"ImageObject\",\"inLanguage\":\"ru-RU\",\"@id\":\"https:\\\/\\\/kohenavocats.com\\\/ru\\\/#\\\/schema\\\/logo\\\/image\\\/\",\"url\":\"https:\\\/\\\/kohenavocats.com\\\/wp-content\\\/uploads\\\/2026\\\/01\\\/Logo-2-1.webp\",\"contentUrl\":\"https:\\\/\\\/kohenavocats.com\\\/wp-content\\\/uploads\\\/2026\\\/01\\\/Logo-2-1.webp\",\"width\":2114,\"height\":1253,\"caption\":\"Kohen Avocats\"},\"image\":{\"@id\":\"https:\\\/\\\/kohenavocats.com\\\/ru\\\/#\\\/schema\\\/logo\\\/image\\\/\"}}]}<\/script>\n<!-- \/ Yoast SEO Premium plugin. -->","yoast_head_json":{"title":"Tribunal d'arrondissement, 26 juin 2025, n\u00b0 2025-04234 - Ma\u00eetre Hassan Kohen, avocat en droit p\u00e9nal \u00e0 Paris","robots":{"index":"index","follow":"follow","max-snippet":"max-snippet:-1","max-image-preview":"max-image-preview:large","max-video-preview":"max-video-preview:-1"},"canonical":"https:\/\/kohenavocats.com\/ru\/jurisprudences\/tribunal-darrondissement-26-juin-2025-n-2025-04234\/","og_locale":"ru_RU","og_type":"article","og_title":"Tribunal d'arrondissement, 26 juin 2025, n\u00b0 2025-04234","og_description":"Jugement commercial 2025TALCH06\/00316 Audience publique du jeudi,vingt-sixjuindeux mille vingt-cinq. Num\u00e9ro de r\u00f4le TAL-2025-04234 Liquidation n\u00b0L-14942\/25 Composition: Nad\u00e8ge ANEN, vice-pr\u00e9sidente; Alix KAYSER,1 er juge; Julie CORREIA,juge-d\u00e9l\u00e9gu\u00e9e; ClaudeFEIT, greffi\u00e8re. Entre: MonsieurPERSONNE1.), demeurantprofessionnellement\u00e0ADRESSE1.), en sa qualit\u00e9 d\u2019associ\u00e9 unique et g\u00e9rant unique de la soci\u00e9t\u00e9\u00e0 responsabilit\u00e9 limit\u00e9eSOCIETE1.)SARL, \u00e9lisantdomicile en\u2026","og_url":"https:\/\/kohenavocats.com\/ru\/jurisprudences\/tribunal-darrondissement-26-juin-2025-n-2025-04234\/","og_site_name":"Ma\u00eetre Hassan Kohen, avocat en droit p\u00e9nal \u00e0 Paris","article_modified_time":"2026-04-19T18:30:05+00:00","twitter_card":"summary_large_image","twitter_misc":{"\u041f\u0440\u0438\u043c\u0435\u0440\u043d\u043e\u0435 \u0432\u0440\u0435\u043c\u044f \u0434\u043b\u044f \u0447\u0442\u0435\u043d\u0438\u044f":"8 \u043c\u0438\u043d\u0443\u0442"},"schema":{"@context":"https:\/\/schema.org","@graph":[{"@type":"WebPage","@id":"https:\/\/kohenavocats.com\/ru\/jurisprudences\/tribunal-darrondissement-26-juin-2025-n-2025-04234\/","url":"https:\/\/kohenavocats.com\/ru\/jurisprudences\/tribunal-darrondissement-26-juin-2025-n-2025-04234\/","name":"Tribunal d'arrondissement, 26 juin 2025, n\u00b0 2025-04234 - Ma\u00eetre Hassan Kohen, avocat en droit p\u00e9nal \u00e0 Paris","isPartOf":{"@id":"https:\/\/kohenavocats.com\/ru\/#website"},"datePublished":"2026-04-19T18:29:59+00:00","dateModified":"2026-04-19T18:30:05+00:00","breadcrumb":{"@id":"https:\/\/kohenavocats.com\/ru\/jurisprudences\/tribunal-darrondissement-26-juin-2025-n-2025-04234\/#breadcrumb"},"inLanguage":"ru-RU","potentialAction":[{"@type":"ReadAction","target":["https:\/\/kohenavocats.com\/ru\/jurisprudences\/tribunal-darrondissement-26-juin-2025-n-2025-04234\/"]}]},{"@type":"BreadcrumbList","@id":"https:\/\/kohenavocats.com\/ru\/jurisprudences\/tribunal-darrondissement-26-juin-2025-n-2025-04234\/#breadcrumb","itemListElement":[{"@type":"ListItem","position":1,"name":"Home","item":"https:\/\/kohenavocats.com\/ru\/avocats-en-droit-penal-a-paris-conseil-et-defense-strategique\/"},{"@type":"ListItem","position":2,"name":"Jurisprudences","item":"https:\/\/kohenavocats.com\/ru\/jurisprudences\/"},{"@type":"ListItem","position":3,"name":"Tribunal d&rsquo;arrondissement, 26 juin 2025, n\u00b0 2025-04234"}]},{"@type":"WebSite","@id":"https:\/\/kohenavocats.com\/ru\/#website","url":"https:\/\/kohenavocats.com\/ru\/","name":"Kohen Avocats","description":"Ma\u00eetre Hassan Kohen, avocat p\u00e9naliste \u00e0 Paris, intervient exclusivement en droit p\u00e9nal pour la d\u00e9fense des particuliers, notamment en mati\u00e8re d\u2019accusations de viol. Il assure un accompagnement rigoureux d\u00e8s la garde \u00e0 vue jusqu\u2019\u00e0 la Cour d\u2019assises, veillant au strict respect des garanties proc\u00e9durales.","publisher":{"@id":"https:\/\/kohenavocats.com\/ru\/#organization"},"potentialAction":[{"@type":"SearchAction","target":{"@type":"EntryPoint","urlTemplate":"https:\/\/kohenavocats.com\/ru\/?s={search_term_string}"},"query-input":{"@type":"PropertyValueSpecification","valueRequired":true,"valueName":"search_term_string"}}],"inLanguage":"ru-RU"},{"@type":"Organization","@id":"https:\/\/kohenavocats.com\/ru\/#organization","name":"Kohen Avocats","url":"https:\/\/kohenavocats.com\/ru\/","logo":{"@type":"ImageObject","inLanguage":"ru-RU","@id":"https:\/\/kohenavocats.com\/ru\/#\/schema\/logo\/image\/","url":"https:\/\/kohenavocats.com\/wp-content\/uploads\/2026\/01\/Logo-2-1.webp","contentUrl":"https:\/\/kohenavocats.com\/wp-content\/uploads\/2026\/01\/Logo-2-1.webp","width":2114,"height":1253,"caption":"Kohen Avocats"},"image":{"@id":"https:\/\/kohenavocats.com\/ru\/#\/schema\/logo\/image\/"}}]}},"jetpack_likes_enabled":false,"jetpack_sharing_enabled":true,"_links":{"self":[{"href":"https:\/\/kohenavocats.com\/ru\/wp-json\/wp\/v2\/kji_decision\/610462","targetHints":{"allow":["GET"]}}],"collection":[{"href":"https:\/\/kohenavocats.com\/ru\/wp-json\/wp\/v2\/kji_decision"}],"about":[{"href":"https:\/\/kohenavocats.com\/ru\/wp-json\/wp\/v2\/types\/kji_decision"}],"wp:attachment":[{"href":"https:\/\/kohenavocats.com\/ru\/wp-json\/wp\/v2\/media?parent=610462"}],"wp:term":[{"taxonomy":"kji_country","embeddable":true,"href":"https:\/\/kohenavocats.com\/ru\/wp-json\/wp\/v2\/kji_country?post=610462"},{"taxonomy":"kji_court","embeddable":true,"href":"https:\/\/kohenavocats.com\/ru\/wp-json\/wp\/v2\/kji_court?post=610462"},{"taxonomy":"kji_chamber","embeddable":true,"href":"https:\/\/kohenavocats.com\/ru\/wp-json\/wp\/v2\/kji_chamber?post=610462"},{"taxonomy":"kji_year","embeddable":true,"href":"https:\/\/kohenavocats.com\/ru\/wp-json\/wp\/v2\/kji_year?post=610462"},{"taxonomy":"kji_subject","embeddable":true,"href":"https:\/\/kohenavocats.com\/ru\/wp-json\/wp\/v2\/kji_subject?post=610462"},{"taxonomy":"kji_keyword","embeddable":true,"href":"https:\/\/kohenavocats.com\/ru\/wp-json\/wp\/v2\/kji_keyword?post=610462"},{"taxonomy":"kji_language","embeddable":true,"href":"https:\/\/kohenavocats.com\/ru\/wp-json\/wp\/v2\/kji_language?post=610462"}],"curies":[{"name":"wp","href":"https:\/\/api.w.org\/{rel}","templated":true}]}}