{"id":610846,"date":"2026-04-19T21:00:51","date_gmt":"2026-04-19T19:00:51","guid":{"rendered":"https:\/\/kohenavocats.com\/jurisprudences\/tribunal-darrondissement-8-mai-2025-n-2024-0196\/"},"modified":"2026-04-19T21:00:54","modified_gmt":"2026-04-19T19:00:54","slug":"tribunal-darrondissement-8-mai-2025-n-2024-0196","status":"publish","type":"kji_decision","link":"https:\/\/kohenavocats.com\/ru\/jurisprudences\/tribunal-darrondissement-8-mai-2025-n-2024-0196\/","title":{"rendered":"Tribunal d&#8217;arrondissement, 8 mai 2025, n\u00b0 2024-0196"},"content":{"rendered":"<div class=\"kji-decision\">\n<div class=\"kji-full-text\">\n<p>Jugement commercial 2025TALCH06\/00206 Audience publique du jeudi,huit maideux mille vingt-cinq. Num\u00e9ro de r\u00f4le TAL-2024-01960 Composition: Nad\u00e8ge ANEN, vice-pr\u00e9sidente; Anna CHEBOTARYOVA, juge ; JulieCORREIA, juge-d\u00e9l\u00e9gu\u00e9e; ClaudeROSENFELD, greffier. Entre: la soci\u00e9t\u00e9anonymeSOCIETE1.)SA,\u00e9tablie et ayant son si\u00e8ge social \u00e0L-ADRESSE1.), inscrite au Registre de Commerce et des Soci\u00e9t\u00e9s de Luxembourg sous le num\u00e9ro NUMERO1.), repr\u00e9sent\u00e9e par sonconseild\u2019administrationactuellement en fonctions, \u00e9lisant domicile en l\u2019\u00e9tudedela soci\u00e9t\u00e9en commandite simpleBONN STEICHEN &amp; PARTNERS,\u00e9tablie et ayant son si\u00e8ge social \u00e0L-3364Leudelange, 11, rue du Ch\u00e2teau d\u2019Eau,inscrite au Registre de Commerce et des Soci\u00e9t\u00e9s de Luxembourg sous le num\u00e9ro B 211933, repr\u00e9sent\u00e9e par son g\u00e9rant actuellement en fonctions\u00e0 savoir la soci\u00e9t\u00e9 \u00e0 responsabilit\u00e9 limit\u00e9e BSP SARL,elle-m\u00eame repr\u00e9sent\u00e9e aux fins dela pr\u00e9sente proc\u00e9dure par Ma\u00eetreFabio TREVISAN,avocat \u00e0 la Cour, demeurant \u00e0Leudelange, demanderesse, d\u00e9fenderesse sur reconvention,comparant par Ma\u00eetreCarolina VASSELLI,avocat\u00e0 la Cour,en remplacement de Ma\u00eetreFabio TREVISAN,avocat \u00e0 la Cour, les deux demeurant \u00e0Leudelange, et: la soci\u00e9t\u00e9de droit anglaisSOCIETE2.)LIMITED,ayant sonsi\u00e8ge social \u00e0 ADRESSE2.), constitu\u00e9e en date du 31 octobre 2017 et inscrite au registre des soci\u00e9t\u00e9s \u00abCompanies House\u00bb de et en Royaume-Uni sous le num\u00e9roNUMERO2.), repr\u00e9sent\u00e9e par son organe de gestionactuellement en fonctions,<\/p>\n<p>2 d\u00e9fenderesse, demanderesse surreconvention,comparant parMa\u00eetrePhilippeLUDOVISSY, avocat \u00e0 la Cour,en remplacement deGuy LUDOVISSY, avocat \u00e0 la Cour, les deuxdemeurant \u00e0 Luxembourg. ________________________________________________________________________<\/p>\n<p>3 Faits et r\u00e9troactes : Les faits et r\u00e9troactesr\u00e9sultent \u00e0 suffisance de droit des qualit\u00e9s, consid\u00e9rants et motifs d\u2019un jugement rendu le 13 f\u00e9vrier 2025 sous le num\u00e9ro 2025TALCH06\/00083 dans les causes entre les parties ci-avant mentionn\u00e9es et dont le dispositif est con\u00e7u comme suit: \u00abPar ces motifs : letribunal d\u2019arrondissement de et \u00e0 Luxembourg, sixi\u00e8me chambre, si\u00e9geant en mati\u00e8re commerciale, statuant contradictoirement, se d\u00e9clarecomp\u00e9tent pour conna\u00eetre de la demande en radiation de l\u2019inscription hypoth\u00e9caire; re\u00e7oitla demande principale; ditfond\u00e9e la demande en radiation de l\u2019inscription hypoth\u00e9caire; ordonnela radiation de l\u2019inscription hypoth\u00e9caire, prise au premier Bureau des Hypoth\u00e8ques \u00e0 Luxembourg en vertu d\u2019un acte d\u2019affectation hypoth\u00e9caire par devant le notaire Ma\u00eetre Danielle KOLBACH, en date du 26 mars 2019, sur l\u2019immeuble d\u00e9sign\u00e9 comme suit: \u00abune maison d\u2019habitation, avec place et toutes ses appartenances et d\u00e9pendances, sis \u00e0 L-ADRESSE3.), inscrite au cadastre comme suit : Commune deADRESSE4.), section C deADRESSE5.) -num\u00e9roNUMERO3.)\/3405, lieu-dit \u00abADRESSE6.)\u00bb, place (occup\u00e9e), b\u00e2timent \u00e0 habitation, contenant 10 ares 88 centiares, -num\u00e9roNUMERO3.)\/3283, m\u00eame lieu-dit, place voirie, contenant 29 centiares\u00bb; re\u00e7oitla demande reconventionnelle; avant tout autre progr\u00e8s en cause; inviteles parties \u00e0 produire les \u00e9l\u00e9ments de droit anglais n\u00e9cessaires \u00e0 l\u2019appr\u00e9ciation de l\u2019article 13.1 du contrat intitul\u00e9 \u00ab LOAN FACILITY AGREEMENT \u00bb du 11 janvier 2019; fixel\u2019affaire pour continuation des d\u00e9bats \u00e0 l\u2019audience publique du mardi 22 avril 2025 \u00e0 09.00 heures, salle d&#039;audience CO1.02, r\u00e9servele surplus.\u00bb L\u2019affaire fut utilement retenue lors de l\u2019audience publique du 29 avril 2025, audiencelors de laquelle les d\u00e9bats eurent lieu comme suit: Ma\u00eetreCarolina VASSELLI, en remplacement de Ma\u00eetreFabio TREVISAN, pour sa partie, d\u00e9clara se d\u00e9sister de l\u2019instance et de l\u2019action.<\/p>\n<p>4 Ma\u00eetrePhilippeLUDOVISSY, en remplacement de Ma\u00eetreGuy LUDOVISSY, pour sa partie, d\u00e9clara accepter le d\u00e9sistement. Sur ce, letribunal prit l\u2019affaire end\u00e9lib\u00e9r\u00e9 et rendit \u00e0 l\u2019audience publique de ce jour le jugement qui suit : Vu le jugement num\u00e9ro2025TALCH06\/00083du13 f\u00e9vrier 2025. Il est renvoy\u00e9 au pr\u00e9dit jugement du13 f\u00e9vrier 2025en ce qui concerne les faits et r\u00e9troactes de la proc\u00e9dure. Par exploit d\u2019huissier du26 f\u00e9vrier 2024,la soci\u00e9t\u00e9 anonymeSOCIETE1.)SA a fait donner assignation \u00e0la soci\u00e9t\u00e9de droit anglaisSOCIETE2.)\u00e0 compara\u00eetre devant le tribunal d\u2019arrondissement de et \u00e0 Luxembourg, si\u00e9geant enmati\u00e8re commerciale. Lapartie demanderesseverseen causeun \u00e9crit intitul\u00e9\u00abDESISTEMENTD\u2019INSTANCE ET D\u2019ACTION \u00bb, dat\u00e9au17 avril2025etd\u00fbment sign\u00e9, dans lequel elle d\u00e9clare\u00e0 lapartie d\u00e9fenderesse qu\u2019elle\u00absed\u00e9siste purement etsimplement de l\u2019instance et de l\u2019action introduitecontreSOCIETE2.), pr\u00e9-qualifi\u00e9e, en vertu de l\u2019exploit de l\u2019huissier de justice Geoffrey GALLE du 26 f\u00e9vrier 2024, inscrite sous le r\u00f4le TAL-2024-01960 et actuellement pendant devant le Tribunal d\u2019arrondissement deet \u00e0 Luxembourg,6 \u00e8me chambre\u00bb. La partie d\u00e9fenderesse d\u00e9clare dans ce m\u00eame\u00e9critqu\u2019elle\u00abse d\u00e9siste purement et simplement de sa demande reconventionnelle introduite lors des plaidoiries \u00e0 l\u2019audience du 19 novembre 2024\u00bb. Les conditions du d\u00e9sistement d\u2019action \u00e9tant remplies, il y a lieu de le d\u00e9cr\u00e9ter. Le d\u00e9sistement d\u2019action ayant pour effet l\u2019extinction de l\u2019instance, le d\u00e9sistement d\u2019instance est sans objet. Il y a \u00e9galement lieu de donner acte \u00e0 la d\u00e9fenderesse qu\u2019elle se d\u00e9sistepurement et simplement de sa demande reconventionnelle. Il r\u00e9sulte de l\u2019article 546 du Nouveau Code de proc\u00e9dure civile que la partie qui se d\u00e9siste est r\u00e9put\u00e9e succomber, et doit, en cons\u00e9quence, supporter les frais. Lepr\u00e9dit\u00e9critmentionneque\u00abchacune des parties pr\u00e9-qualifi\u00e9es d\u00e9clare par la pr\u00e9sente ne pas avoir de revendications \u00e0 faire valoir de part et d\u2019autre, y inclus les frais et \u00e9moluments relatifs \u00e0 l\u2019instance en cours, les parties renon\u00e7ant \u00e0 toute indemnit\u00e9 de ce fait\u00bb. Il y a donc lieu de dire quechacune desparties supporterasespropres frais et d\u00e9pens. Par ces motifs : letribunal d\u2019arrondissement de et \u00e0 Luxembourg, sixi\u00e8me chambre, si\u00e9geant en mati\u00e8re commerciale, statuant contradictoirement,<\/p>\n<p>5 donneacte \u00e0la soci\u00e9t\u00e9 anonymeSOCIETE1.)SAde ce qu\u2019elle se d\u00e9sistede l\u2019instance et de l\u2019actionintroduite par exploit d&#039;huissier du26 f\u00e9vrier2024 ; donneacte \u00e0 la soci\u00e9t\u00e9 de droit anglaisSOCIETE2.)qu\u2019elle se d\u00e9siste de la demande reconventionnelleintroduite contre la soci\u00e9t\u00e9 anonymeSOCIETE1.)SA dans le cadre de l\u2019affaire introduite suivant exploit d&#039;huissier du 26 f\u00e9vrier 2024; d\u00e9cr\u00e8telesd\u00e9sistements respectifsaux cons\u00e9quences de droit ; d\u00e9clare\u00e9teinte l\u2019instance et sans objet le d\u00e9sistement d\u2019instance; ditqueles partiessupportent chacune leurs propres frais et d\u00e9pens del\u2019instance.<\/p>\n<\/div>\n<hr class=\"kji-sep\" \/>\n<p class=\"kji-source-links\"><strong>Sources officielles :<\/strong> <a class=\"kji-source-link\" href=\"https:\/\/data.public.lu\/fr\/datasets\/tribunal-darrondissement-luxembourg-commerce\/\" target=\"_blank\" rel=\"noopener noreferrer\">consulter la page source<\/a> &middot; <a class=\"kji-pdf-link\" href=\"https:\/\/download.data.public.lu\/resources\/tribunal-darrondissement-luxembourg-commerce\/20250616-011111\/20250508-talch06-tal-2024-0196-pseudonymise-accessible.pdf\" target=\"_blank\" rel=\"noopener noreferrer\">PDF officiel<\/a><\/p>\n<p class=\"kji-license-note\"><em>Licence CC BY-ND 4.0 (Administration judiciaire, data.public.lu). Republication autorisee avec attribution, sans modification editoriale du texte integral.<\/em><\/p>\n<\/div>\n","protected":false},"excerpt":{"rendered":"<p>Jugement commercial 2025TALCH06\/00206 Audience publique du jeudi,huit maideux mille vingt-cinq. Num\u00e9ro de r\u00f4le TAL-2024-01960 Composition: Nad\u00e8ge ANEN, vice-pr\u00e9sidente; Anna CHEBOTARYOVA, juge ; JulieCORREIA, juge-d\u00e9l\u00e9gu\u00e9e; ClaudeROSENFELD, greffier. Entre: la soci\u00e9t\u00e9anonymeSOCIETE1.)SA,\u00e9tablie et ayant son si\u00e8ge social \u00e0L-ADRESSE1.), inscrite au Registre de Commerce et des Soci\u00e9t\u00e9s de Luxembourg\u2026<\/p>\n","protected":false},"featured_media":0,"template":"","meta":{"_crdt_document":""},"kji_country":[8418],"kji_court":[23583],"kji_chamber":[24938],"kji_year":[8463],"kji_subject":[7625],"kji_keyword":[23584,15419,23061,24939,7636],"kji_language":[7733],"class_list":["post-610846","kji_decision","type-kji_decision","status-publish","hentry","kji_country-luxembourg","kji_court-tribunal-darrondissement","kji_chamber-commerce","kji_year-8463","kji_subject-commercial","kji_keyword-arrondissement","kji_keyword-commercial","kji_keyword-jugement","kji_keyword-talch","kji_keyword-tribunal","kji_language-francais"],"yoast_head":"<!-- This site is optimized with the Yoast SEO Premium plugin v27.5 (Yoast SEO v27.5) - https:\/\/yoast.com\/product\/yoast-seo-premium-wordpress\/ -->\n<title>Tribunal d&#039;arrondissement, 8 mai 2025, n\u00b0 2024-0196 - Ma\u00eetre Hassan Kohen, avocat en droit p\u00e9nal \u00e0 Paris<\/title>\n<meta name=\"robots\" content=\"index, follow, max-snippet:-1, max-image-preview:large, max-video-preview:-1\" \/>\n<link rel=\"canonical\" href=\"https:\/\/kohenavocats.com\/ru\/jurisprudences\/tribunal-darrondissement-8-mai-2025-n-2024-0196\/\" \/>\n<meta property=\"og:locale\" content=\"ru_RU\" \/>\n<meta property=\"og:type\" content=\"article\" \/>\n<meta property=\"og:title\" content=\"Tribunal d&#039;arrondissement, 8 mai 2025, n\u00b0 2024-0196\" \/>\n<meta property=\"og:description\" content=\"Jugement commercial 2025TALCH06\/00206 Audience publique du jeudi,huit maideux mille vingt-cinq. Num\u00e9ro de r\u00f4le TAL-2024-01960 Composition: Nad\u00e8ge ANEN, vice-pr\u00e9sidente; Anna CHEBOTARYOVA, juge ; JulieCORREIA, juge-d\u00e9l\u00e9gu\u00e9e; ClaudeROSENFELD, greffier. Entre: la soci\u00e9t\u00e9anonymeSOCIETE1.)SA,\u00e9tablie et ayant son si\u00e8ge social \u00e0L-ADRESSE1.), inscrite au Registre de Commerce et des Soci\u00e9t\u00e9s de Luxembourg\u2026\" \/>\n<meta property=\"og:url\" content=\"https:\/\/kohenavocats.com\/ru\/jurisprudences\/tribunal-darrondissement-8-mai-2025-n-2024-0196\/\" \/>\n<meta property=\"og:site_name\" content=\"Ma\u00eetre Hassan Kohen, avocat en droit p\u00e9nal \u00e0 Paris\" \/>\n<meta property=\"article:modified_time\" content=\"2026-04-19T19:00:54+00:00\" \/>\n<meta name=\"twitter:card\" content=\"summary_large_image\" \/>\n<meta name=\"twitter:label1\" content=\"\u041f\u0440\u0438\u043c\u0435\u0440\u043d\u043e\u0435 \u0432\u0440\u0435\u043c\u044f \u0434\u043b\u044f \u0447\u0442\u0435\u043d\u0438\u044f\" \/>\n\t<meta name=\"twitter:data1\" content=\"5 \u043c\u0438\u043d\u0443\u0442\" \/>\n<script type=\"application\/ld+json\" class=\"yoast-schema-graph\">{\"@context\":\"https:\\\/\\\/schema.org\",\"@graph\":[{\"@type\":\"WebPage\",\"@id\":\"https:\\\/\\\/kohenavocats.com\\\/ru\\\/jurisprudences\\\/tribunal-darrondissement-8-mai-2025-n-2024-0196\\\/\",\"url\":\"https:\\\/\\\/kohenavocats.com\\\/ru\\\/jurisprudences\\\/tribunal-darrondissement-8-mai-2025-n-2024-0196\\\/\",\"name\":\"Tribunal d'arrondissement, 8 mai 2025, n\u00b0 2024-0196 - Ma\u00eetre Hassan Kohen, avocat en droit p\u00e9nal \u00e0 Paris\",\"isPartOf\":{\"@id\":\"https:\\\/\\\/kohenavocats.com\\\/ru\\\/#website\"},\"datePublished\":\"2026-04-19T19:00:51+00:00\",\"dateModified\":\"2026-04-19T19:00:54+00:00\",\"breadcrumb\":{\"@id\":\"https:\\\/\\\/kohenavocats.com\\\/ru\\\/jurisprudences\\\/tribunal-darrondissement-8-mai-2025-n-2024-0196\\\/#breadcrumb\"},\"inLanguage\":\"ru-RU\",\"potentialAction\":[{\"@type\":\"ReadAction\",\"target\":[\"https:\\\/\\\/kohenavocats.com\\\/ru\\\/jurisprudences\\\/tribunal-darrondissement-8-mai-2025-n-2024-0196\\\/\"]}]},{\"@type\":\"BreadcrumbList\",\"@id\":\"https:\\\/\\\/kohenavocats.com\\\/ru\\\/jurisprudences\\\/tribunal-darrondissement-8-mai-2025-n-2024-0196\\\/#breadcrumb\",\"itemListElement\":[{\"@type\":\"ListItem\",\"position\":1,\"name\":\"Home\",\"item\":\"https:\\\/\\\/kohenavocats.com\\\/ru\\\/avocats-en-droit-penal-a-paris-conseil-et-defense-strategique\\\/\"},{\"@type\":\"ListItem\",\"position\":2,\"name\":\"Jurisprudences\",\"item\":\"https:\\\/\\\/kohenavocats.com\\\/ru\\\/jurisprudences\\\/\"},{\"@type\":\"ListItem\",\"position\":3,\"name\":\"Tribunal d&rsquo;arrondissement, 8 mai 2025, n\u00b0 2024-0196\"}]},{\"@type\":\"WebSite\",\"@id\":\"https:\\\/\\\/kohenavocats.com\\\/ru\\\/#website\",\"url\":\"https:\\\/\\\/kohenavocats.com\\\/ru\\\/\",\"name\":\"Kohen Avocats\",\"description\":\"Ma\u00eetre Hassan Kohen, avocat p\u00e9naliste \u00e0 Paris, intervient exclusivement en droit p\u00e9nal pour la d\u00e9fense des particuliers, notamment en mati\u00e8re d\u2019accusations de viol. Il assure un accompagnement rigoureux d\u00e8s la garde \u00e0 vue jusqu\u2019\u00e0 la Cour d\u2019assises, veillant au strict respect des garanties proc\u00e9durales.\",\"publisher\":{\"@id\":\"https:\\\/\\\/kohenavocats.com\\\/ru\\\/#organization\"},\"potentialAction\":[{\"@type\":\"SearchAction\",\"target\":{\"@type\":\"EntryPoint\",\"urlTemplate\":\"https:\\\/\\\/kohenavocats.com\\\/ru\\\/?s={search_term_string}\"},\"query-input\":{\"@type\":\"PropertyValueSpecification\",\"valueRequired\":true,\"valueName\":\"search_term_string\"}}],\"inLanguage\":\"ru-RU\"},{\"@type\":\"Organization\",\"@id\":\"https:\\\/\\\/kohenavocats.com\\\/ru\\\/#organization\",\"name\":\"Kohen Avocats\",\"url\":\"https:\\\/\\\/kohenavocats.com\\\/ru\\\/\",\"logo\":{\"@type\":\"ImageObject\",\"inLanguage\":\"ru-RU\",\"@id\":\"https:\\\/\\\/kohenavocats.com\\\/ru\\\/#\\\/schema\\\/logo\\\/image\\\/\",\"url\":\"https:\\\/\\\/kohenavocats.com\\\/wp-content\\\/uploads\\\/2026\\\/01\\\/Logo-2-1.webp\",\"contentUrl\":\"https:\\\/\\\/kohenavocats.com\\\/wp-content\\\/uploads\\\/2026\\\/01\\\/Logo-2-1.webp\",\"width\":2114,\"height\":1253,\"caption\":\"Kohen Avocats\"},\"image\":{\"@id\":\"https:\\\/\\\/kohenavocats.com\\\/ru\\\/#\\\/schema\\\/logo\\\/image\\\/\"}}]}<\/script>\n<!-- \/ Yoast SEO Premium plugin. -->","yoast_head_json":{"title":"Tribunal d'arrondissement, 8 mai 2025, n\u00b0 2024-0196 - Ma\u00eetre Hassan Kohen, avocat en droit p\u00e9nal \u00e0 Paris","robots":{"index":"index","follow":"follow","max-snippet":"max-snippet:-1","max-image-preview":"max-image-preview:large","max-video-preview":"max-video-preview:-1"},"canonical":"https:\/\/kohenavocats.com\/ru\/jurisprudences\/tribunal-darrondissement-8-mai-2025-n-2024-0196\/","og_locale":"ru_RU","og_type":"article","og_title":"Tribunal d'arrondissement, 8 mai 2025, n\u00b0 2024-0196","og_description":"Jugement commercial 2025TALCH06\/00206 Audience publique du jeudi,huit maideux mille vingt-cinq. Num\u00e9ro de r\u00f4le TAL-2024-01960 Composition: Nad\u00e8ge ANEN, vice-pr\u00e9sidente; Anna CHEBOTARYOVA, juge ; JulieCORREIA, juge-d\u00e9l\u00e9gu\u00e9e; ClaudeROSENFELD, greffier. Entre: la soci\u00e9t\u00e9anonymeSOCIETE1.)SA,\u00e9tablie et ayant son si\u00e8ge social \u00e0L-ADRESSE1.), inscrite au Registre de Commerce et des Soci\u00e9t\u00e9s de Luxembourg\u2026","og_url":"https:\/\/kohenavocats.com\/ru\/jurisprudences\/tribunal-darrondissement-8-mai-2025-n-2024-0196\/","og_site_name":"Ma\u00eetre Hassan Kohen, avocat en droit p\u00e9nal \u00e0 Paris","article_modified_time":"2026-04-19T19:00:54+00:00","twitter_card":"summary_large_image","twitter_misc":{"\u041f\u0440\u0438\u043c\u0435\u0440\u043d\u043e\u0435 \u0432\u0440\u0435\u043c\u044f \u0434\u043b\u044f \u0447\u0442\u0435\u043d\u0438\u044f":"5 \u043c\u0438\u043d\u0443\u0442"},"schema":{"@context":"https:\/\/schema.org","@graph":[{"@type":"WebPage","@id":"https:\/\/kohenavocats.com\/ru\/jurisprudences\/tribunal-darrondissement-8-mai-2025-n-2024-0196\/","url":"https:\/\/kohenavocats.com\/ru\/jurisprudences\/tribunal-darrondissement-8-mai-2025-n-2024-0196\/","name":"Tribunal d'arrondissement, 8 mai 2025, n\u00b0 2024-0196 - Ma\u00eetre Hassan Kohen, avocat en droit p\u00e9nal \u00e0 Paris","isPartOf":{"@id":"https:\/\/kohenavocats.com\/ru\/#website"},"datePublished":"2026-04-19T19:00:51+00:00","dateModified":"2026-04-19T19:00:54+00:00","breadcrumb":{"@id":"https:\/\/kohenavocats.com\/ru\/jurisprudences\/tribunal-darrondissement-8-mai-2025-n-2024-0196\/#breadcrumb"},"inLanguage":"ru-RU","potentialAction":[{"@type":"ReadAction","target":["https:\/\/kohenavocats.com\/ru\/jurisprudences\/tribunal-darrondissement-8-mai-2025-n-2024-0196\/"]}]},{"@type":"BreadcrumbList","@id":"https:\/\/kohenavocats.com\/ru\/jurisprudences\/tribunal-darrondissement-8-mai-2025-n-2024-0196\/#breadcrumb","itemListElement":[{"@type":"ListItem","position":1,"name":"Home","item":"https:\/\/kohenavocats.com\/ru\/avocats-en-droit-penal-a-paris-conseil-et-defense-strategique\/"},{"@type":"ListItem","position":2,"name":"Jurisprudences","item":"https:\/\/kohenavocats.com\/ru\/jurisprudences\/"},{"@type":"ListItem","position":3,"name":"Tribunal d&rsquo;arrondissement, 8 mai 2025, n\u00b0 2024-0196"}]},{"@type":"WebSite","@id":"https:\/\/kohenavocats.com\/ru\/#website","url":"https:\/\/kohenavocats.com\/ru\/","name":"Kohen Avocats","description":"Ma\u00eetre Hassan Kohen, avocat p\u00e9naliste \u00e0 Paris, intervient exclusivement en droit p\u00e9nal pour la d\u00e9fense des particuliers, notamment en mati\u00e8re d\u2019accusations de viol. Il assure un accompagnement rigoureux d\u00e8s la garde \u00e0 vue jusqu\u2019\u00e0 la Cour d\u2019assises, veillant au strict respect des garanties proc\u00e9durales.","publisher":{"@id":"https:\/\/kohenavocats.com\/ru\/#organization"},"potentialAction":[{"@type":"SearchAction","target":{"@type":"EntryPoint","urlTemplate":"https:\/\/kohenavocats.com\/ru\/?s={search_term_string}"},"query-input":{"@type":"PropertyValueSpecification","valueRequired":true,"valueName":"search_term_string"}}],"inLanguage":"ru-RU"},{"@type":"Organization","@id":"https:\/\/kohenavocats.com\/ru\/#organization","name":"Kohen Avocats","url":"https:\/\/kohenavocats.com\/ru\/","logo":{"@type":"ImageObject","inLanguage":"ru-RU","@id":"https:\/\/kohenavocats.com\/ru\/#\/schema\/logo\/image\/","url":"https:\/\/kohenavocats.com\/wp-content\/uploads\/2026\/01\/Logo-2-1.webp","contentUrl":"https:\/\/kohenavocats.com\/wp-content\/uploads\/2026\/01\/Logo-2-1.webp","width":2114,"height":1253,"caption":"Kohen Avocats"},"image":{"@id":"https:\/\/kohenavocats.com\/ru\/#\/schema\/logo\/image\/"}}]}},"jetpack_likes_enabled":false,"jetpack_sharing_enabled":true,"_links":{"self":[{"href":"https:\/\/kohenavocats.com\/ru\/wp-json\/wp\/v2\/kji_decision\/610846","targetHints":{"allow":["GET"]}}],"collection":[{"href":"https:\/\/kohenavocats.com\/ru\/wp-json\/wp\/v2\/kji_decision"}],"about":[{"href":"https:\/\/kohenavocats.com\/ru\/wp-json\/wp\/v2\/types\/kji_decision"}],"wp:attachment":[{"href":"https:\/\/kohenavocats.com\/ru\/wp-json\/wp\/v2\/media?parent=610846"}],"wp:term":[{"taxonomy":"kji_country","embeddable":true,"href":"https:\/\/kohenavocats.com\/ru\/wp-json\/wp\/v2\/kji_country?post=610846"},{"taxonomy":"kji_court","embeddable":true,"href":"https:\/\/kohenavocats.com\/ru\/wp-json\/wp\/v2\/kji_court?post=610846"},{"taxonomy":"kji_chamber","embeddable":true,"href":"https:\/\/kohenavocats.com\/ru\/wp-json\/wp\/v2\/kji_chamber?post=610846"},{"taxonomy":"kji_year","embeddable":true,"href":"https:\/\/kohenavocats.com\/ru\/wp-json\/wp\/v2\/kji_year?post=610846"},{"taxonomy":"kji_subject","embeddable":true,"href":"https:\/\/kohenavocats.com\/ru\/wp-json\/wp\/v2\/kji_subject?post=610846"},{"taxonomy":"kji_keyword","embeddable":true,"href":"https:\/\/kohenavocats.com\/ru\/wp-json\/wp\/v2\/kji_keyword?post=610846"},{"taxonomy":"kji_language","embeddable":true,"href":"https:\/\/kohenavocats.com\/ru\/wp-json\/wp\/v2\/kji_language?post=610846"}],"curies":[{"name":"wp","href":"https:\/\/api.w.org\/{rel}","templated":true}]}}