{"id":611422,"date":"2026-04-19T21:44:25","date_gmt":"2026-04-19T19:44:25","guid":{"rendered":"https:\/\/kohenavocats.com\/jurisprudences\/tribunal-darrondissement-30-janvier-2025-n-2024-09227\/"},"modified":"2026-04-19T21:44:29","modified_gmt":"2026-04-19T19:44:29","slug":"tribunal-darrondissement-30-janvier-2025-n-2024-09227","status":"publish","type":"kji_decision","link":"https:\/\/kohenavocats.com\/ru\/jurisprudences\/tribunal-darrondissement-30-janvier-2025-n-2024-09227\/","title":{"rendered":"Tribunal d&#8217;arrondissement, 30 janvier 2025, n\u00b0 2024-09227"},"content":{"rendered":"<div class=\"kji-decision\">\n<div class=\"kji-full-text\">\n<p>Jugement commercial 2025TALCH06\/00045 Audience publique du jeudi,trente janvierdeux mille vingt-cinq. Num\u00e9ro de r\u00f4le TAL-2024-09227 Liquidation n\u00b0L-14902\/24 Composition: Nad\u00e8ge ANEN, vice-pr\u00e9sidente; Alix KAYSER, 1 er juge; Julie CORREIA,juge-d\u00e9l\u00e9gu\u00e9e; ClaudeROSENFELD, greffier. Entre: MonsieurPERSONNE1.),n\u00e9 leDATE1.)\u00e0ADRESSE1.)(France), demeurant \u00e0 L- ADRESSE2.), \u00e9lisantdomicile enl\u2019\u00e9tude deMa\u00eetreJulien BOECKLER,avocat \u00e0 laCour, demeurant \u00e0Luxembourg, demandeurpartierce-opposition, comparantpar Ma\u00eetreJulien BOECKLER,avocat \u00e0 la Cour susdit, et: 1)la soci\u00e9t\u00e9 anonymeSOCIETE1.)SA, \u00e9tablie et ayant son si\u00e8ge social \u00e0 L- ADRESSE2.), inscrite au Registre de Commerce et des Soci\u00e9t\u00e9s de Luxembourg sous le num\u00e9roNUMERO1.), d\u00e9fenderessesurtierce-opposition,d\u00e9faillante, 2)Ma\u00eetreRalph HELLINCKX, avocat \u00e0 la Cour,demeurant professionnellement\u00e0 Luxembourg, pris en sa qualit\u00e9 de liquidateur judiciaire de lasoci\u00e9t\u00e9anonyme SOCIETE1.)SA, pr\u00e9qualifi\u00e9e, d\u00e9fendeursurtierce-opposition,comparant en personne,<\/p>\n<p>2 3)Monsieur leProcureur d\u2019Etatpr\u00e8s le Tribunal d\u2019Arrondissement de et \u00e0 Luxembourg, ayant ses bureaux \u00e0 L-2080 Luxembourg, B\u00e2timent PL, Cit\u00e9 Judiciaire, Plateau du St. Esprit, d\u00e9fendeur surtierce-opposition, comparant parMonsieurSteve BOEVER,premier substitut du Procureur d\u2019Etat. ___________________________________________________________________<\/p>\n<p>3 FAITS: Par exploit de l\u2019huissier de justicesuppl\u00e9antKelly FERREIRA SIMOES , en remplacement de l\u2019huissier de justiceCarlos CALVO de Luxembourg, en date du 28octobre 2024, ledemandeurpar oppositionafait donner assignation aux d\u00e9fendeurs sur opposition \u00e0 compara\u00eetre le vendredi,15novembre2024\u00e0 9.00 heures devant le tribunal d\u2019arrondissement de et \u00e0 Luxembourg, si\u00e9geant en mati\u00e8re commerciale,deuxi\u00e8mechambre, Cit\u00e9 Judiciaire, Plateau du Saint-Esprit, B\u00e2timent CO, 1 er \u00e9tage, salle CO.1.01, pour y entendre statuer sur le m\u00e9rite de la demande contenue dans ledit exploit d\u2019huissier ci-apr\u00e8s reproduit:<\/p>\n<p>4 L\u2019affaire fut inscrite sous le num\u00e9ro TAL-2024-09227du r\u00f4le pour l\u2019audience publique du15novembre2024devant ladeuxi\u00e8mechambre, si\u00e9geant en mati\u00e8re commerciale et remise \u00e0 celle du19novembre2024devant la sixi\u00e8me chambre, si\u00e9geant en mati\u00e8re commerciale. L\u2019affaire fut utilement retenue lors del\u2019audience publiquedu16 janvier 2025, audience lors de laquelle lesd\u00e9bats eurent lieu comme suit: Ma\u00eetreJulien BOECKLERdonna lecture de l\u2019acte de tierce-oppositionet exposa ses moyens. Ma\u00eetreRalph HELLINCKX,pris en sa qualit\u00e9 de liquidateur judiciaire de lasoci\u00e9t\u00e9 anonymeSOCIETE1.)SA, r\u00e9pliqua et exposa ses moyens. Le repr\u00e9sentant du Minist\u00e8re Public fut entendu en ses conclusions. MadameNad\u00e8ge ANEN, vice-pr\u00e9sidente, en remplacement du juge-commissaire d\u00fbment emp\u00each\u00e9, fit son rapport oral au tribunal. Sur ce, le tribunal prit l\u2019affaire en d\u00e9lib\u00e9r\u00e9 et rendit \u00e0 l\u2019audience publique de ce jour le jugement qui suit : Revu le jugement du 10 octobre 2024, rendu par le tribunal de ce si\u00e8ge, statuant sur une requ\u00eate de Monsieur le Procureur d\u2019Etat du 26 ao\u00fbt 2024 et par d\u00e9faut \u00e0 l\u2019\u00e9gard de la soci\u00e9t\u00e9 anonymeSOCIETE1.)SA (ci-apr\u00e8s \u00abSOCIETE1.)\u00bb), ayant d\u00e9clar\u00e9 dissoute cette soci\u00e9t\u00e9 et en ayant ordonn\u00e9 la liquidation. Par acte d\u2019huissier de justice du 28 octobre 2024,PERSONNE1.), agissant en sa qualit\u00e9 d\u2019associ\u00e9 et administrateur unique deSOCIETE1.),a relev\u00e9 tierce-opposition contre le pr\u00e9dit jugement et a demand\u00e9 \u00e0 dire nul et non avenu le jugement du 10 octobre 2024 et de le rapporter. Il a encore demand\u00e9 l\u2019ex\u00e9cution provisoire sans caution et sur minute du jugement \u00e0 intervenir. A l\u2019appui de sa demande,PERSONNE1.)expose qu\u2019il a mandat\u00e9 unefiduciaire afin de publier les comptes sociaux des exercices 2020 \u00e0 2023 au Registre du commerce et des soci\u00e9t\u00e9s. Lors de l\u2019audience de plaidoiries du 16 janvier 2025, la partie demanderesse en tierce- oppositiona indiqu\u00e9 ne pasdisposerde pi\u00e8cespour \u00e9tayer sa position. Ma\u00eetre Ralph HELLINCKX, liquidateur, a indiqu\u00e9 s\u2019opposer \u00e0 la demande et a conclu au maintien de la liquidation. Le Minist\u00e8re Public a\u00e9galementconclu au rejet de lademande, alorsque la situation deSOCIETE1.)ne serait pas r\u00e9gularis\u00e9e.<\/p>\n<p>5 La tierce-opposition est recevable pour avoir \u00e9t\u00e9 interjet\u00e9e dans les forme et d\u00e9lai de la loi. Sur le fond, il ne ressort d\u2019aucune pi\u00e8ce que le moindre bilan ou compte de profits et de pertes deSOCIETE1.)depuis l\u2019exercice 2019ait \u00e9t\u00e9 pr\u00e9par\u00e9 et d\u00e9pos\u00e9 auRegistre de Commerce et des Soci\u00e9t\u00e9s. Les manquements reproch\u00e9s par le Minist\u00e8re Public, relatifs \u00e0 l\u2019absence de d\u00e9p\u00f4t des comptes annuels depuisl\u2019exercice 2019, restent donc \u00e9tablis. Ces manquements constituent une violation au sens de l\u2019article 1200-1 de la loi modifi\u00e9e du 10 ao\u00fbt 1915, de sorte qu\u2019il y a lieu de rejeter la tierce-opposition pour ne pas \u00eatre fond\u00e9e et de confirmer purement et simplement le jugement entrepris. Au vu de l\u2019issue du litige, les frais et d\u00e9pens de l\u2019instance sont \u00e0 mettre \u00e0 charge de la partie demanderesse en tierce-opposition. Par ces motifs : le tribunal d\u2019arrondissement de et \u00e0 Luxembourg, sixi\u00e8me chambre, si\u00e9geant en mati\u00e8re commerciale, statuantpar d\u00e9faut\u00e0 l\u2019encontre de la soci\u00e9t\u00e9 anonyme SOCIETE1.)SA et contradictoirement \u00e0 l\u2019\u00e9gard des autres parties, apr\u00e8s avoir entendu le liquidateur et le Minist\u00e8re Public en leurs conclusions et sur rapport du juge-commissaire, re\u00e7oitla tierce-opposition; laditnon fond\u00e9e; confirmele jugement entrepris n\u00b02024TALCH06\/00566 du 10 octobre 2024 dans toute sa teneur; laisseles frais et d\u00e9pens de l\u2019instance \u00e0 charge dePERSONNE1.).<\/p>\n<\/div>\n<hr class=\"kji-sep\" \/>\n<p class=\"kji-source-links\"><strong>Sources officielles :<\/strong> <a class=\"kji-source-link\" href=\"https:\/\/data.public.lu\/fr\/datasets\/tribunal-darrondissement-luxembourg-commerce\/\" target=\"_blank\" rel=\"noopener noreferrer\">consulter la page source<\/a> &middot; <a class=\"kji-pdf-link\" href=\"https:\/\/download.data.public.lu\/resources\/tribunal-darrondissement-luxembourg-commerce\/20250210-021517\/20250130-talch06-tal-2024-09227-pseudonymise-accessible.pdf\" target=\"_blank\" rel=\"noopener noreferrer\">PDF officiel<\/a><\/p>\n<p class=\"kji-license-note\"><em>Licence CC BY-ND 4.0 (Administration judiciaire, data.public.lu). Republication autorisee avec attribution, sans modification editoriale du texte integral.<\/em><\/p>\n<\/div>\n","protected":false},"excerpt":{"rendered":"<p>Jugement commercial 2025TALCH06\/00045 Audience publique du jeudi,trente janvierdeux mille vingt-cinq. Num\u00e9ro de r\u00f4le TAL-2024-09227 Liquidation n\u00b0L-14902\/24 Composition: Nad\u00e8ge ANEN, vice-pr\u00e9sidente; Alix KAYSER, 1 er juge; Julie CORREIA,juge-d\u00e9l\u00e9gu\u00e9e; ClaudeROSENFELD, greffier. Entre: MonsieurPERSONNE1.),n\u00e9 leDATE1.)\u00e0ADRESSE1.)(France), demeurant \u00e0 L- ADRESSE2.), \u00e9lisantdomicile enl\u2019\u00e9tude deMa\u00eetreJulien BOECKLER,avocat \u00e0 laCour, demeurant \u00e0Luxembourg, demandeurpartierce-opposition,\u2026<\/p>\n","protected":false},"featured_media":0,"template":"","meta":{"_crdt_document":""},"kji_country":[8418],"kji_court":[23583],"kji_chamber":[24938],"kji_year":[8463],"kji_subject":[7625],"kji_keyword":[23584,15419,8460,23061,7636],"kji_language":[7733],"class_list":["post-611422","kji_decision","type-kji_decision","status-publish","hentry","kji_country-luxembourg","kji_court-tribunal-darrondissement","kji_chamber-commerce","kji_year-8463","kji_subject-commercial","kji_keyword-arrondissement","kji_keyword-commercial","kji_keyword-janvier","kji_keyword-jugement","kji_keyword-tribunal","kji_language-francais"],"yoast_head":"<!-- This site is optimized with the Yoast SEO Premium plugin v27.4 (Yoast SEO v27.4) - https:\/\/yoast.com\/product\/yoast-seo-premium-wordpress\/ -->\n<title>Tribunal d&#039;arrondissement, 30 janvier 2025, n\u00b0 2024-09227 - Ma\u00eetre Hassan Kohen, avocat en droit p\u00e9nal \u00e0 Paris<\/title>\n<meta name=\"robots\" content=\"index, follow, max-snippet:-1, max-image-preview:large, max-video-preview:-1\" \/>\n<link rel=\"canonical\" href=\"https:\/\/kohenavocats.com\/ru\/jurisprudences\/tribunal-darrondissement-30-janvier-2025-n-2024-09227\/\" \/>\n<meta property=\"og:locale\" content=\"ru_RU\" \/>\n<meta property=\"og:type\" content=\"article\" \/>\n<meta property=\"og:title\" content=\"Tribunal d&#039;arrondissement, 30 janvier 2025, n\u00b0 2024-09227\" \/>\n<meta property=\"og:description\" content=\"Jugement commercial 2025TALCH06\/00045 Audience publique du jeudi,trente janvierdeux mille vingt-cinq. Num\u00e9ro de r\u00f4le TAL-2024-09227 Liquidation n\u00b0L-14902\/24 Composition: Nad\u00e8ge ANEN, vice-pr\u00e9sidente; Alix KAYSER, 1 er juge; Julie CORREIA,juge-d\u00e9l\u00e9gu\u00e9e; ClaudeROSENFELD, greffier. Entre: MonsieurPERSONNE1.),n\u00e9 leDATE1.)\u00e0ADRESSE1.)(France), demeurant \u00e0 L- ADRESSE2.), \u00e9lisantdomicile enl\u2019\u00e9tude deMa\u00eetreJulien BOECKLER,avocat \u00e0 laCour, demeurant \u00e0Luxembourg, demandeurpartierce-opposition,\u2026\" \/>\n<meta property=\"og:url\" content=\"https:\/\/kohenavocats.com\/ru\/jurisprudences\/tribunal-darrondissement-30-janvier-2025-n-2024-09227\/\" \/>\n<meta property=\"og:site_name\" content=\"Ma\u00eetre Hassan Kohen, avocat en droit p\u00e9nal \u00e0 Paris\" \/>\n<meta property=\"article:modified_time\" content=\"2026-04-19T19:44:29+00:00\" \/>\n<meta name=\"twitter:card\" content=\"summary_large_image\" \/>\n<meta name=\"twitter:label1\" content=\"\u041f\u0440\u0438\u043c\u0435\u0440\u043d\u043e\u0435 \u0432\u0440\u0435\u043c\u044f \u0434\u043b\u044f \u0447\u0442\u0435\u043d\u0438\u044f\" \/>\n\t<meta name=\"twitter:data1\" content=\"4 \u043c\u0438\u043d\u0443\u0442\u044b\" \/>\n<script type=\"application\/ld+json\" class=\"yoast-schema-graph\">{\"@context\":\"https:\\\/\\\/schema.org\",\"@graph\":[{\"@type\":\"WebPage\",\"@id\":\"https:\\\/\\\/kohenavocats.com\\\/ru\\\/jurisprudences\\\/tribunal-darrondissement-30-janvier-2025-n-2024-09227\\\/\",\"url\":\"https:\\\/\\\/kohenavocats.com\\\/ru\\\/jurisprudences\\\/tribunal-darrondissement-30-janvier-2025-n-2024-09227\\\/\",\"name\":\"Tribunal d'arrondissement, 30 janvier 2025, n\u00b0 2024-09227 - Ma\u00eetre Hassan Kohen, avocat en droit p\u00e9nal \u00e0 Paris\",\"isPartOf\":{\"@id\":\"https:\\\/\\\/kohenavocats.com\\\/ru\\\/#website\"},\"datePublished\":\"2026-04-19T19:44:25+00:00\",\"dateModified\":\"2026-04-19T19:44:29+00:00\",\"breadcrumb\":{\"@id\":\"https:\\\/\\\/kohenavocats.com\\\/ru\\\/jurisprudences\\\/tribunal-darrondissement-30-janvier-2025-n-2024-09227\\\/#breadcrumb\"},\"inLanguage\":\"ru-RU\",\"potentialAction\":[{\"@type\":\"ReadAction\",\"target\":[\"https:\\\/\\\/kohenavocats.com\\\/ru\\\/jurisprudences\\\/tribunal-darrondissement-30-janvier-2025-n-2024-09227\\\/\"]}]},{\"@type\":\"BreadcrumbList\",\"@id\":\"https:\\\/\\\/kohenavocats.com\\\/ru\\\/jurisprudences\\\/tribunal-darrondissement-30-janvier-2025-n-2024-09227\\\/#breadcrumb\",\"itemListElement\":[{\"@type\":\"ListItem\",\"position\":1,\"name\":\"Home\",\"item\":\"https:\\\/\\\/kohenavocats.com\\\/ru\\\/avocats-en-droit-penal-a-paris-conseil-et-defense-strategique\\\/\"},{\"@type\":\"ListItem\",\"position\":2,\"name\":\"Jurisprudences\",\"item\":\"https:\\\/\\\/kohenavocats.com\\\/ru\\\/jurisprudences\\\/\"},{\"@type\":\"ListItem\",\"position\":3,\"name\":\"Tribunal d&rsquo;arrondissement, 30 janvier 2025, n\u00b0 2024-09227\"}]},{\"@type\":\"WebSite\",\"@id\":\"https:\\\/\\\/kohenavocats.com\\\/ru\\\/#website\",\"url\":\"https:\\\/\\\/kohenavocats.com\\\/ru\\\/\",\"name\":\"Kohen Avocats\",\"description\":\"Ma\u00eetre Hassan Kohen, avocat p\u00e9naliste \u00e0 Paris, intervient exclusivement en droit p\u00e9nal pour la d\u00e9fense des particuliers, notamment en mati\u00e8re d\u2019accusations de viol. Il assure un accompagnement rigoureux d\u00e8s la garde \u00e0 vue jusqu\u2019\u00e0 la Cour d\u2019assises, veillant au strict respect des garanties proc\u00e9durales.\",\"publisher\":{\"@id\":\"https:\\\/\\\/kohenavocats.com\\\/ru\\\/#organization\"},\"potentialAction\":[{\"@type\":\"SearchAction\",\"target\":{\"@type\":\"EntryPoint\",\"urlTemplate\":\"https:\\\/\\\/kohenavocats.com\\\/ru\\\/?s={search_term_string}\"},\"query-input\":{\"@type\":\"PropertyValueSpecification\",\"valueRequired\":true,\"valueName\":\"search_term_string\"}}],\"inLanguage\":\"ru-RU\"},{\"@type\":\"Organization\",\"@id\":\"https:\\\/\\\/kohenavocats.com\\\/ru\\\/#organization\",\"name\":\"Kohen Avocats\",\"url\":\"https:\\\/\\\/kohenavocats.com\\\/ru\\\/\",\"logo\":{\"@type\":\"ImageObject\",\"inLanguage\":\"ru-RU\",\"@id\":\"https:\\\/\\\/kohenavocats.com\\\/ru\\\/#\\\/schema\\\/logo\\\/image\\\/\",\"url\":\"https:\\\/\\\/kohenavocats.com\\\/wp-content\\\/uploads\\\/2026\\\/01\\\/Logo-2-1.webp\",\"contentUrl\":\"https:\\\/\\\/kohenavocats.com\\\/wp-content\\\/uploads\\\/2026\\\/01\\\/Logo-2-1.webp\",\"width\":2114,\"height\":1253,\"caption\":\"Kohen Avocats\"},\"image\":{\"@id\":\"https:\\\/\\\/kohenavocats.com\\\/ru\\\/#\\\/schema\\\/logo\\\/image\\\/\"}}]}<\/script>\n<!-- \/ Yoast SEO Premium plugin. -->","yoast_head_json":{"title":"Tribunal d'arrondissement, 30 janvier 2025, n\u00b0 2024-09227 - Ma\u00eetre Hassan Kohen, avocat en droit p\u00e9nal \u00e0 Paris","robots":{"index":"index","follow":"follow","max-snippet":"max-snippet:-1","max-image-preview":"max-image-preview:large","max-video-preview":"max-video-preview:-1"},"canonical":"https:\/\/kohenavocats.com\/ru\/jurisprudences\/tribunal-darrondissement-30-janvier-2025-n-2024-09227\/","og_locale":"ru_RU","og_type":"article","og_title":"Tribunal d'arrondissement, 30 janvier 2025, n\u00b0 2024-09227","og_description":"Jugement commercial 2025TALCH06\/00045 Audience publique du jeudi,trente janvierdeux mille vingt-cinq. Num\u00e9ro de r\u00f4le TAL-2024-09227 Liquidation n\u00b0L-14902\/24 Composition: Nad\u00e8ge ANEN, vice-pr\u00e9sidente; Alix KAYSER, 1 er juge; Julie CORREIA,juge-d\u00e9l\u00e9gu\u00e9e; ClaudeROSENFELD, greffier. Entre: MonsieurPERSONNE1.),n\u00e9 leDATE1.)\u00e0ADRESSE1.)(France), demeurant \u00e0 L- ADRESSE2.), \u00e9lisantdomicile enl\u2019\u00e9tude deMa\u00eetreJulien BOECKLER,avocat \u00e0 laCour, demeurant \u00e0Luxembourg, demandeurpartierce-opposition,\u2026","og_url":"https:\/\/kohenavocats.com\/ru\/jurisprudences\/tribunal-darrondissement-30-janvier-2025-n-2024-09227\/","og_site_name":"Ma\u00eetre Hassan Kohen, avocat en droit p\u00e9nal \u00e0 Paris","article_modified_time":"2026-04-19T19:44:29+00:00","twitter_card":"summary_large_image","twitter_misc":{"\u041f\u0440\u0438\u043c\u0435\u0440\u043d\u043e\u0435 \u0432\u0440\u0435\u043c\u044f \u0434\u043b\u044f \u0447\u0442\u0435\u043d\u0438\u044f":"4 \u043c\u0438\u043d\u0443\u0442\u044b"},"schema":{"@context":"https:\/\/schema.org","@graph":[{"@type":"WebPage","@id":"https:\/\/kohenavocats.com\/ru\/jurisprudences\/tribunal-darrondissement-30-janvier-2025-n-2024-09227\/","url":"https:\/\/kohenavocats.com\/ru\/jurisprudences\/tribunal-darrondissement-30-janvier-2025-n-2024-09227\/","name":"Tribunal d'arrondissement, 30 janvier 2025, n\u00b0 2024-09227 - Ma\u00eetre Hassan Kohen, avocat en droit p\u00e9nal \u00e0 Paris","isPartOf":{"@id":"https:\/\/kohenavocats.com\/ru\/#website"},"datePublished":"2026-04-19T19:44:25+00:00","dateModified":"2026-04-19T19:44:29+00:00","breadcrumb":{"@id":"https:\/\/kohenavocats.com\/ru\/jurisprudences\/tribunal-darrondissement-30-janvier-2025-n-2024-09227\/#breadcrumb"},"inLanguage":"ru-RU","potentialAction":[{"@type":"ReadAction","target":["https:\/\/kohenavocats.com\/ru\/jurisprudences\/tribunal-darrondissement-30-janvier-2025-n-2024-09227\/"]}]},{"@type":"BreadcrumbList","@id":"https:\/\/kohenavocats.com\/ru\/jurisprudences\/tribunal-darrondissement-30-janvier-2025-n-2024-09227\/#breadcrumb","itemListElement":[{"@type":"ListItem","position":1,"name":"Home","item":"https:\/\/kohenavocats.com\/ru\/avocats-en-droit-penal-a-paris-conseil-et-defense-strategique\/"},{"@type":"ListItem","position":2,"name":"Jurisprudences","item":"https:\/\/kohenavocats.com\/ru\/jurisprudences\/"},{"@type":"ListItem","position":3,"name":"Tribunal d&rsquo;arrondissement, 30 janvier 2025, n\u00b0 2024-09227"}]},{"@type":"WebSite","@id":"https:\/\/kohenavocats.com\/ru\/#website","url":"https:\/\/kohenavocats.com\/ru\/","name":"Kohen Avocats","description":"Ma\u00eetre Hassan Kohen, avocat p\u00e9naliste \u00e0 Paris, intervient exclusivement en droit p\u00e9nal pour la d\u00e9fense des particuliers, notamment en mati\u00e8re d\u2019accusations de viol. Il assure un accompagnement rigoureux d\u00e8s la garde \u00e0 vue jusqu\u2019\u00e0 la Cour d\u2019assises, veillant au strict respect des garanties proc\u00e9durales.","publisher":{"@id":"https:\/\/kohenavocats.com\/ru\/#organization"},"potentialAction":[{"@type":"SearchAction","target":{"@type":"EntryPoint","urlTemplate":"https:\/\/kohenavocats.com\/ru\/?s={search_term_string}"},"query-input":{"@type":"PropertyValueSpecification","valueRequired":true,"valueName":"search_term_string"}}],"inLanguage":"ru-RU"},{"@type":"Organization","@id":"https:\/\/kohenavocats.com\/ru\/#organization","name":"Kohen Avocats","url":"https:\/\/kohenavocats.com\/ru\/","logo":{"@type":"ImageObject","inLanguage":"ru-RU","@id":"https:\/\/kohenavocats.com\/ru\/#\/schema\/logo\/image\/","url":"https:\/\/kohenavocats.com\/wp-content\/uploads\/2026\/01\/Logo-2-1.webp","contentUrl":"https:\/\/kohenavocats.com\/wp-content\/uploads\/2026\/01\/Logo-2-1.webp","width":2114,"height":1253,"caption":"Kohen Avocats"},"image":{"@id":"https:\/\/kohenavocats.com\/ru\/#\/schema\/logo\/image\/"}}]}},"jetpack_likes_enabled":false,"jetpack_sharing_enabled":true,"_links":{"self":[{"href":"https:\/\/kohenavocats.com\/ru\/wp-json\/wp\/v2\/kji_decision\/611422","targetHints":{"allow":["GET"]}}],"collection":[{"href":"https:\/\/kohenavocats.com\/ru\/wp-json\/wp\/v2\/kji_decision"}],"about":[{"href":"https:\/\/kohenavocats.com\/ru\/wp-json\/wp\/v2\/types\/kji_decision"}],"wp:attachment":[{"href":"https:\/\/kohenavocats.com\/ru\/wp-json\/wp\/v2\/media?parent=611422"}],"wp:term":[{"taxonomy":"kji_country","embeddable":true,"href":"https:\/\/kohenavocats.com\/ru\/wp-json\/wp\/v2\/kji_country?post=611422"},{"taxonomy":"kji_court","embeddable":true,"href":"https:\/\/kohenavocats.com\/ru\/wp-json\/wp\/v2\/kji_court?post=611422"},{"taxonomy":"kji_chamber","embeddable":true,"href":"https:\/\/kohenavocats.com\/ru\/wp-json\/wp\/v2\/kji_chamber?post=611422"},{"taxonomy":"kji_year","embeddable":true,"href":"https:\/\/kohenavocats.com\/ru\/wp-json\/wp\/v2\/kji_year?post=611422"},{"taxonomy":"kji_subject","embeddable":true,"href":"https:\/\/kohenavocats.com\/ru\/wp-json\/wp\/v2\/kji_subject?post=611422"},{"taxonomy":"kji_keyword","embeddable":true,"href":"https:\/\/kohenavocats.com\/ru\/wp-json\/wp\/v2\/kji_keyword?post=611422"},{"taxonomy":"kji_language","embeddable":true,"href":"https:\/\/kohenavocats.com\/ru\/wp-json\/wp\/v2\/kji_language?post=611422"}],"curies":[{"name":"wp","href":"https:\/\/api.w.org\/{rel}","templated":true}]}}