{"id":611541,"date":"2026-04-19T21:59:50","date_gmt":"2026-04-19T19:59:50","guid":{"rendered":"https:\/\/kohenavocats.com\/jurisprudences\/tribunal-darrondissement-10-janvier-2025-n-2024-08857\/"},"modified":"2026-04-19T21:59:53","modified_gmt":"2026-04-19T19:59:53","slug":"tribunal-darrondissement-10-janvier-2025-n-2024-08857","status":"publish","type":"kji_decision","link":"https:\/\/kohenavocats.com\/ru\/jurisprudences\/tribunal-darrondissement-10-janvier-2025-n-2024-08857\/","title":{"rendered":"Tribunal d&#8217;arrondissement, 10 janvier 2025, n\u00b0 2024-08857"},"content":{"rendered":"<div class=\"kji-decision\">\n<div class=\"kji-full-text\">\n<p>1 Jugement commercial2025TALCH02\/00043 Audience publique du vendredi,dixjanvierdeux mille vingt-cinq. Num\u00e9ro du r\u00f4le: TAL-2024-08857 Faillite n\u00b0NUMERO1.) Composition: Tania CARDOSO, juge-pr\u00e9sidente; Ines BIWER, juge; \u00c4nder PROST, juge; Michel Patrick GLOD,greffier. Entre: Monsieur le Receveur \/ Pr\u00e9pos\u00e9 du bureau de Recette des Contributions de Luxembourg,Monsieur Jean-Lou THILL, ayant ses bureaux \u00e0 L-2982 Luxembourg, 18, rue du Fort Wedell, demandeur, comparant en personne, et: lasoci\u00e9t\u00e9 anonymeSOCIETE1.)SA, en abr\u00e9g\u00e9ALIAS1.)SA,\u00e9tablie et ayant son si\u00e8ge social \u00e0 L-ADRESSE1.),repr\u00e9sent\u00e9e parson conseil d&#039;administrationactuellement en fonctions et inscriteau Registre de Commerce et des Soci\u00e9t\u00e9s de Luxembourg sous le num\u00e9ro NUMERO2.); d\u00e9fenderesse, comparant par Ma\u00eetreS\u00e9bastien LANOUE, avocat \u00e0 la Cour, demeurant \u00e0 Luxembourg. _______________________________________________________________________<\/p>\n<p>2 FAITS: Par exploit de l&#039;huissier de justiceGilles HOFFMANNde Luxembourgen date du 20 septembre 2024, le demandeur afait donner assignation \u00e0 la d\u00e9fenderesse \u00e0 compara\u00eetre le vendredi,8 novembre 2024\u00e0 9.00 heures du matin devant le tribunal d\u2019arrondissement de et \u00e0 Luxembourg, deuxi\u00e8me chambre, si\u00e9geant en mati\u00e8re commerciale, Cit\u00e9 Judiciaire, 7, rue du Saint Esprit, 1 er \u00e9tage, salle CO.1.01, pour yentendre statuer sur le m\u00e9rite de la demande contenue dans ledit exploit d\u2019huissier ci-apr\u00e8s reproduit:<\/p>\n<p>3 L&#039;affaire fut enr\u00f4l\u00e9e sous le num\u00e9ro TAL-2024-08857du r\u00f4le pour l&#039;audience publique du 8 novembre 2024et utilement retenue \u00e0 l\u2019audience publique du20 d\u00e9cembre 2024, lors de laquelle les d\u00e9bats eurent lieu comme suit: Monsieur Jean-Lou THILL donna lecture de l&#039;assignation et exposa ses moyens. Ma\u00eetreS\u00e9bastien LANOUE, mandataire de lad\u00e9fenderesse, r\u00e9pliqua et exposa les moyens de sa partie. Sur ce, le tribunal prit l&#039;affaire en d\u00e9lib\u00e9r\u00e9 et rendit \u00e0 l&#039;audience publique de ce jour le jugement qui suit : Par exploit d\u2019huissier du20 septembre 2024,Monsieur le Receveur-Pr\u00e9pos\u00e9 du bureau de Recette des Contributions de Luxembourg (ci-apr\u00e8s \u00abMonsieur le Receveur \u00bb) a fait donner assignation \u00e0 lasoci\u00e9t\u00e9 anonymeSOCIETE1.)SA\u00e0 compara\u00eetre devant le tribunal de ce si\u00e8ge pour y entendre statuer sur la demande ci-avant transcrite dans les qualit\u00e9s du pr\u00e9sent jugement. Elle tend \u00e0 la mise en faillite de la d\u00e9fenderesse. A l\u2019appui de sa demande, Monsieur le Receveur fait exposer qu\u2019SOCIETE1.)lui serait redevable d\u2019un montant de 35.053,85 EUR \u00e0 titre de dettes fiscales pour les ann\u00e9es 2019 \u00e0 2024,qu\u2019une contrainte aurait \u00e9t\u00e9 dress\u00e9e en date du 6 septembre 2024 et rendue ex\u00e9cutoire le 20 mars 2024. Malgr\u00e9 un commandement de payer adress\u00e9 \u00e0SOCIETE1.)le 25 mars 2024, elle ne se lib\u00e9rerait pas volontairement. Monsieur le Receveuren conclut qu\u2019SOCIETE1.)se trouverait en cessation de paiements et que son cr\u00e9dit serait \u00e9branl\u00e9. Les conditions de faillite seraient partant r\u00e9unies dans son chef. SOCIETE1.), qui ne conteste pas le montant r\u00e9clam\u00e9 par Monsieur le Receveur, annonce un paiement imminent \u00e0 la fin de l\u2019ann\u00e9e 2024. La preuve de paiement serait vers\u00e9e en cours de d\u00e9lib\u00e9r\u00e9. Motifs de la d\u00e9cision La demande, r\u00e9guli\u00e8re en la forme et quant au d\u00e9lai, est recevable. L\u2019article 437 alin\u00e9a 1 er du Code de commerce dispose que tout commer\u00e7ant qui cesse ses paiements et dont le cr\u00e9dit se trouve \u00e9branl\u00e9 est en \u00e9tat de faillite. La cessation des paiements est le fait mat\u00e9riel du commer\u00e7ant qui, n\u2019honorant plus ses dettes liquides et exigibles, a arr\u00eat\u00e9 son mouvement de caisse. Il n\u2019est pas requis que le commer\u00e7ant ait cess\u00e9 tous ses paiements, mais il faut qu\u2019il ait cess\u00e9 ses principaux paiements.<\/p>\n<p>4 Le refus de paiement d\u2019une seule dette, m\u00eame civile, peut entra\u00eener la faillite, quand les circonstances rendent certaines, \u00e0 premi\u00e8re vue, la suspension de la vie commerciale et la mort du cr\u00e9dit (Cour d\u2019appel, 18 janvier 2017, n\u00b0 42615 du r\u00f4le ainsi queles r\u00e9f\u00e9rences y cit\u00e9es). La cessation de paiements suppose impay\u00e9es des dettes certaines, liquides et exigibles. Quant \u00e0 la certitude de la dette, il est de jurisprudence qu\u2019elle ne doit \u00eatre contest\u00e9e, ni dans son existence, ni dans son montant, ni m\u00eame dans son mode de paiement, le tout \u00e0 la condition que la contestation ne constitue pas un moyen purement dilatoire(Fr\u00e9d\u00e9ricq, Droit commercial belge, Tome IV). Il y a \u00e9branlement du cr\u00e9dit lorsque la cessation de paiements porte atteinte au cr\u00e9dit, \u00e0 la solvabilit\u00e9 du d\u00e9biteur, compromet l\u2019ensemble de ses op\u00e9rations ou lorsque la cessation de paiements est la cons\u00e9quence d\u2019un manque de cr\u00e9dit. L\u2019\u00e9branlement de cr\u00e9dit implique le refus de tout cr\u00e9dit par les cr\u00e9anciers, par les fournisseurs et par les bailleurs de fonds, en raison d\u2019une carence notoire (Les Novelles, Droit commercial, Tome IV, page 81 ; Cour d\u2019appel, 10 f\u00e9vrier 2010, r\u00f4le n\u00b0 34781). L\u2019\u00e9branlement du cr\u00e9dit est caract\u00e9ris\u00e9 par le fait que le d\u00e9biteur a perdu la confiance de ses cr\u00e9anciers qui ne veulent plus patienter, de ses fournisseurs qui refusent de le livrer si ce n\u2019est contre paiement comptant et de ses banquiers qui lui refusent toute avancenouvelle (Cour d\u2019appel,1 er juillet 2015, n\u00b0 41974 du r\u00f4le ainsi que les r\u00e9f\u00e9rences y cit\u00e9es). Il r\u00e9sulte des pi\u00e8ces vers\u00e9es en cause queMonsieur le Receveurdispose d\u2019une cr\u00e9ance certaine, liquide et exigible \u00e0 l\u2019\u00e9gard d\u2019SOCIETE1.), qui n\u2019a pas \u00e9t\u00e9 apur\u00e9e et qu\u2019il refuse actuellement d\u2019accorder des d\u00e9lais de paiement. Le tribunal ne dispose par ailleurs d\u2019aucune information quant \u00e0 un paiement intervenu en cours de d\u00e9lib\u00e9r\u00e9. Dans ces conditions, il y a lieu de retenir que les conditions de faillite, \u00e0 savoir la cessation de paiement et l\u2019\u00e9branlement de cr\u00e9dit, sont donn\u00e9es. Il y a partant lieu de d\u00e9clarerSOCIETE1.)en \u00e9tat de faillite par application de l\u2019article 442 du Code de commerce. Par ces motifs : le tribunal d&#039;arrondissement de et \u00e0 Luxembourg, deuxi\u00e8me chambre, si\u00e9geant en mati\u00e8re commerciale, statuantcontradictoirement, re\u00e7oitla demande en la forme; laditfond\u00e9e; d\u00e9clare sur assignation en \u00e9tat de faillitelasoci\u00e9t\u00e9 anonymeSOCIETE1.)SA, en abr\u00e9g\u00e9ALIAS1.)SA,\u00e9tablie et ayant son si\u00e8ge social \u00e0L-ADRESSE1.); fixeprovisoirement l&#039;\u00e9poque de la cessation des paiements au10 juillet 2024;<\/p>\n<p>5 nommejuge-commissaireMadameTania CARDOSO,jugeau tribunal d&#039;arrondissement de Luxembourg etd\u00e9signecomme curateurMa\u00eetreFabienFRANCOIS,avocat\u00e0 la Cour, demeurant \u00e0Luxembourg; ordonneaux cr\u00e9anciers de faire au greffe du tribunal de commerce de ce si\u00e8ge la d\u00e9claration du montant de leurs cr\u00e9ances avant le10 juillet 2025sous peine de forclusion; fixejour, heure et lieu pour la premi\u00e8re v\u00e9rification des cr\u00e9ances au14 f\u00e9vrier 2025\u00e0 14.30 heures en l\u2019auditoire du tribunal d\u2019arrondissement de et \u00e0 Luxembourg, si\u00e9geant en mati\u00e8re commerciale, Cit\u00e9 Judiciaire, 7, rue du St. Esprit, 1 er \u00e9tage, salle CO.1.01; ordonneque les scell\u00e9s seront appos\u00e9s au si\u00e8ge social de lafaillieet partout ailleurs o\u00f9 besoin en sera, \u00e0 moins que l&#039;inventaire ne puisse \u00eatre termin\u00e9 en un seul jour, auquel cas il y sera proc\u00e9d\u00e9 sans apposition pr\u00e9alable; ordonneque le pr\u00e9sent jugement sera ins\u00e9r\u00e9 par extrait dans les journaux \u00abLuxemburger Wort\u00bb et \u00abTageblatt\u00bb ; condamnela faillie aux frais qui seront pr\u00e9lev\u00e9s par privil\u00e8ge sur l&#039;actif de la faillite; ordonnel&#039;ex\u00e9cution provisoire du pr\u00e9sent jugement.<\/p>\n<\/div>\n<hr class=\"kji-sep\" \/>\n<p class=\"kji-source-links\"><strong>Sources officielles :<\/strong> <a class=\"kji-source-link\" href=\"https:\/\/data.public.lu\/fr\/datasets\/tribunal-darrondissement-luxembourg-commerce\/\" target=\"_blank\" rel=\"noopener noreferrer\">consulter la page source<\/a> &middot; <a class=\"kji-pdf-link\" href=\"https:\/\/download.data.public.lu\/resources\/tribunal-darrondissement-luxembourg-commerce\/20250217-021816\/20250110-talch02-tal-2024-08857-pseudonymise-accessible.pdf\" target=\"_blank\" rel=\"noopener noreferrer\">PDF officiel<\/a><\/p>\n<p class=\"kji-license-note\"><em>Licence CC BY-ND 4.0 (Administration judiciaire, data.public.lu). Republication autorisee avec attribution, sans modification editoriale du texte integral.<\/em><\/p>\n<\/div>\n","protected":false},"excerpt":{"rendered":"<p>1 Jugement commercial2025TALCH02\/00043 Audience publique du vendredi,dixjanvierdeux mille vingt-cinq. Num\u00e9ro du r\u00f4le: TAL-2024-08857 Faillite n\u00b0NUMERO1.) Composition: Tania CARDOSO, juge-pr\u00e9sidente; Ines BIWER, juge; \u00c4nder PROST, juge; Michel Patrick GLOD,greffier. Entre: Monsieur le Receveur \/ Pr\u00e9pos\u00e9 du bureau de Recette des Contributions de Luxembourg,Monsieur Jean-Lou THILL, ayant\u2026<\/p>\n","protected":false},"featured_media":0,"template":"","meta":{"_crdt_document":""},"kji_country":[8418],"kji_court":[23583],"kji_chamber":[24938],"kji_year":[8463],"kji_subject":[7625],"kji_keyword":[23584,8460,7636],"kji_language":[7733],"class_list":["post-611541","kji_decision","type-kji_decision","status-publish","hentry","kji_country-luxembourg","kji_court-tribunal-darrondissement","kji_chamber-commerce","kji_year-8463","kji_subject-commercial","kji_keyword-arrondissement","kji_keyword-janvier","kji_keyword-tribunal","kji_language-francais"],"yoast_head":"<!-- This site is optimized with the Yoast SEO Premium plugin v27.5 (Yoast SEO v27.5) - https:\/\/yoast.com\/product\/yoast-seo-premium-wordpress\/ -->\n<title>Tribunal d&#039;arrondissement, 10 janvier 2025, n\u00b0 2024-08857 - Ma\u00eetre Hassan Kohen, avocat en droit p\u00e9nal \u00e0 Paris<\/title>\n<meta name=\"robots\" content=\"index, follow, max-snippet:-1, max-image-preview:large, max-video-preview:-1\" \/>\n<link rel=\"canonical\" href=\"https:\/\/kohenavocats.com\/ru\/jurisprudences\/tribunal-darrondissement-10-janvier-2025-n-2024-08857\/\" \/>\n<meta property=\"og:locale\" content=\"ru_RU\" \/>\n<meta property=\"og:type\" content=\"article\" \/>\n<meta property=\"og:title\" content=\"Tribunal d&#039;arrondissement, 10 janvier 2025, n\u00b0 2024-08857\" \/>\n<meta property=\"og:description\" content=\"1 Jugement commercial2025TALCH02\/00043 Audience publique du vendredi,dixjanvierdeux mille vingt-cinq. Num\u00e9ro du r\u00f4le: TAL-2024-08857 Faillite n\u00b0NUMERO1.) Composition: Tania CARDOSO, juge-pr\u00e9sidente; Ines BIWER, juge; \u00c4nder PROST, juge; Michel Patrick GLOD,greffier. Entre: Monsieur le Receveur \/ Pr\u00e9pos\u00e9 du bureau de Recette des Contributions de Luxembourg,Monsieur Jean-Lou THILL, ayant\u2026\" \/>\n<meta property=\"og:url\" content=\"https:\/\/kohenavocats.com\/ru\/jurisprudences\/tribunal-darrondissement-10-janvier-2025-n-2024-08857\/\" \/>\n<meta property=\"og:site_name\" content=\"Ma\u00eetre Hassan Kohen, avocat en droit p\u00e9nal \u00e0 Paris\" \/>\n<meta property=\"article:modified_time\" content=\"2026-04-19T19:59:53+00:00\" \/>\n<meta name=\"twitter:card\" content=\"summary_large_image\" \/>\n<meta name=\"twitter:label1\" content=\"\u041f\u0440\u0438\u043c\u0435\u0440\u043d\u043e\u0435 \u0432\u0440\u0435\u043c\u044f \u0434\u043b\u044f \u0447\u0442\u0435\u043d\u0438\u044f\" \/>\n\t<meta name=\"twitter:data1\" content=\"6 \u043c\u0438\u043d\u0443\u0442\" \/>\n<script type=\"application\/ld+json\" class=\"yoast-schema-graph\">{\"@context\":\"https:\\\/\\\/schema.org\",\"@graph\":[{\"@type\":\"WebPage\",\"@id\":\"https:\\\/\\\/kohenavocats.com\\\/ru\\\/jurisprudences\\\/tribunal-darrondissement-10-janvier-2025-n-2024-08857\\\/\",\"url\":\"https:\\\/\\\/kohenavocats.com\\\/ru\\\/jurisprudences\\\/tribunal-darrondissement-10-janvier-2025-n-2024-08857\\\/\",\"name\":\"Tribunal d'arrondissement, 10 janvier 2025, n\u00b0 2024-08857 - Ma\u00eetre Hassan Kohen, avocat en droit p\u00e9nal \u00e0 Paris\",\"isPartOf\":{\"@id\":\"https:\\\/\\\/kohenavocats.com\\\/ru\\\/#website\"},\"datePublished\":\"2026-04-19T19:59:50+00:00\",\"dateModified\":\"2026-04-19T19:59:53+00:00\",\"breadcrumb\":{\"@id\":\"https:\\\/\\\/kohenavocats.com\\\/ru\\\/jurisprudences\\\/tribunal-darrondissement-10-janvier-2025-n-2024-08857\\\/#breadcrumb\"},\"inLanguage\":\"ru-RU\",\"potentialAction\":[{\"@type\":\"ReadAction\",\"target\":[\"https:\\\/\\\/kohenavocats.com\\\/ru\\\/jurisprudences\\\/tribunal-darrondissement-10-janvier-2025-n-2024-08857\\\/\"]}]},{\"@type\":\"BreadcrumbList\",\"@id\":\"https:\\\/\\\/kohenavocats.com\\\/ru\\\/jurisprudences\\\/tribunal-darrondissement-10-janvier-2025-n-2024-08857\\\/#breadcrumb\",\"itemListElement\":[{\"@type\":\"ListItem\",\"position\":1,\"name\":\"Home\",\"item\":\"https:\\\/\\\/kohenavocats.com\\\/ru\\\/avocats-en-droit-penal-a-paris-conseil-et-defense-strategique\\\/\"},{\"@type\":\"ListItem\",\"position\":2,\"name\":\"Jurisprudences\",\"item\":\"https:\\\/\\\/kohenavocats.com\\\/ru\\\/jurisprudences\\\/\"},{\"@type\":\"ListItem\",\"position\":3,\"name\":\"Tribunal d&rsquo;arrondissement, 10 janvier 2025, n\u00b0 2024-08857\"}]},{\"@type\":\"WebSite\",\"@id\":\"https:\\\/\\\/kohenavocats.com\\\/ru\\\/#website\",\"url\":\"https:\\\/\\\/kohenavocats.com\\\/ru\\\/\",\"name\":\"Kohen Avocats\",\"description\":\"Ma\u00eetre Hassan Kohen, avocat p\u00e9naliste \u00e0 Paris, intervient exclusivement en droit p\u00e9nal pour la d\u00e9fense des particuliers, notamment en mati\u00e8re d\u2019accusations de viol. Il assure un accompagnement rigoureux d\u00e8s la garde \u00e0 vue jusqu\u2019\u00e0 la Cour d\u2019assises, veillant au strict respect des garanties proc\u00e9durales.\",\"publisher\":{\"@id\":\"https:\\\/\\\/kohenavocats.com\\\/ru\\\/#organization\"},\"potentialAction\":[{\"@type\":\"SearchAction\",\"target\":{\"@type\":\"EntryPoint\",\"urlTemplate\":\"https:\\\/\\\/kohenavocats.com\\\/ru\\\/?s={search_term_string}\"},\"query-input\":{\"@type\":\"PropertyValueSpecification\",\"valueRequired\":true,\"valueName\":\"search_term_string\"}}],\"inLanguage\":\"ru-RU\"},{\"@type\":\"Organization\",\"@id\":\"https:\\\/\\\/kohenavocats.com\\\/ru\\\/#organization\",\"name\":\"Kohen Avocats\",\"url\":\"https:\\\/\\\/kohenavocats.com\\\/ru\\\/\",\"logo\":{\"@type\":\"ImageObject\",\"inLanguage\":\"ru-RU\",\"@id\":\"https:\\\/\\\/kohenavocats.com\\\/ru\\\/#\\\/schema\\\/logo\\\/image\\\/\",\"url\":\"https:\\\/\\\/kohenavocats.com\\\/wp-content\\\/uploads\\\/2026\\\/01\\\/Logo-2-1.webp\",\"contentUrl\":\"https:\\\/\\\/kohenavocats.com\\\/wp-content\\\/uploads\\\/2026\\\/01\\\/Logo-2-1.webp\",\"width\":2114,\"height\":1253,\"caption\":\"Kohen Avocats\"},\"image\":{\"@id\":\"https:\\\/\\\/kohenavocats.com\\\/ru\\\/#\\\/schema\\\/logo\\\/image\\\/\"}}]}<\/script>\n<!-- \/ Yoast SEO Premium plugin. -->","yoast_head_json":{"title":"Tribunal d'arrondissement, 10 janvier 2025, n\u00b0 2024-08857 - Ma\u00eetre Hassan Kohen, avocat en droit p\u00e9nal \u00e0 Paris","robots":{"index":"index","follow":"follow","max-snippet":"max-snippet:-1","max-image-preview":"max-image-preview:large","max-video-preview":"max-video-preview:-1"},"canonical":"https:\/\/kohenavocats.com\/ru\/jurisprudences\/tribunal-darrondissement-10-janvier-2025-n-2024-08857\/","og_locale":"ru_RU","og_type":"article","og_title":"Tribunal d'arrondissement, 10 janvier 2025, n\u00b0 2024-08857","og_description":"1 Jugement commercial2025TALCH02\/00043 Audience publique du vendredi,dixjanvierdeux mille vingt-cinq. Num\u00e9ro du r\u00f4le: TAL-2024-08857 Faillite n\u00b0NUMERO1.) Composition: Tania CARDOSO, juge-pr\u00e9sidente; Ines BIWER, juge; \u00c4nder PROST, juge; Michel Patrick GLOD,greffier. Entre: Monsieur le Receveur \/ Pr\u00e9pos\u00e9 du bureau de Recette des Contributions de Luxembourg,Monsieur Jean-Lou THILL, ayant\u2026","og_url":"https:\/\/kohenavocats.com\/ru\/jurisprudences\/tribunal-darrondissement-10-janvier-2025-n-2024-08857\/","og_site_name":"Ma\u00eetre Hassan Kohen, avocat en droit p\u00e9nal \u00e0 Paris","article_modified_time":"2026-04-19T19:59:53+00:00","twitter_card":"summary_large_image","twitter_misc":{"\u041f\u0440\u0438\u043c\u0435\u0440\u043d\u043e\u0435 \u0432\u0440\u0435\u043c\u044f \u0434\u043b\u044f \u0447\u0442\u0435\u043d\u0438\u044f":"6 \u043c\u0438\u043d\u0443\u0442"},"schema":{"@context":"https:\/\/schema.org","@graph":[{"@type":"WebPage","@id":"https:\/\/kohenavocats.com\/ru\/jurisprudences\/tribunal-darrondissement-10-janvier-2025-n-2024-08857\/","url":"https:\/\/kohenavocats.com\/ru\/jurisprudences\/tribunal-darrondissement-10-janvier-2025-n-2024-08857\/","name":"Tribunal d'arrondissement, 10 janvier 2025, n\u00b0 2024-08857 - Ma\u00eetre Hassan Kohen, avocat en droit p\u00e9nal \u00e0 Paris","isPartOf":{"@id":"https:\/\/kohenavocats.com\/ru\/#website"},"datePublished":"2026-04-19T19:59:50+00:00","dateModified":"2026-04-19T19:59:53+00:00","breadcrumb":{"@id":"https:\/\/kohenavocats.com\/ru\/jurisprudences\/tribunal-darrondissement-10-janvier-2025-n-2024-08857\/#breadcrumb"},"inLanguage":"ru-RU","potentialAction":[{"@type":"ReadAction","target":["https:\/\/kohenavocats.com\/ru\/jurisprudences\/tribunal-darrondissement-10-janvier-2025-n-2024-08857\/"]}]},{"@type":"BreadcrumbList","@id":"https:\/\/kohenavocats.com\/ru\/jurisprudences\/tribunal-darrondissement-10-janvier-2025-n-2024-08857\/#breadcrumb","itemListElement":[{"@type":"ListItem","position":1,"name":"Home","item":"https:\/\/kohenavocats.com\/ru\/avocats-en-droit-penal-a-paris-conseil-et-defense-strategique\/"},{"@type":"ListItem","position":2,"name":"Jurisprudences","item":"https:\/\/kohenavocats.com\/ru\/jurisprudences\/"},{"@type":"ListItem","position":3,"name":"Tribunal d&rsquo;arrondissement, 10 janvier 2025, n\u00b0 2024-08857"}]},{"@type":"WebSite","@id":"https:\/\/kohenavocats.com\/ru\/#website","url":"https:\/\/kohenavocats.com\/ru\/","name":"Kohen Avocats","description":"Ma\u00eetre Hassan Kohen, avocat p\u00e9naliste \u00e0 Paris, intervient exclusivement en droit p\u00e9nal pour la d\u00e9fense des particuliers, notamment en mati\u00e8re d\u2019accusations de viol. Il assure un accompagnement rigoureux d\u00e8s la garde \u00e0 vue jusqu\u2019\u00e0 la Cour d\u2019assises, veillant au strict respect des garanties proc\u00e9durales.","publisher":{"@id":"https:\/\/kohenavocats.com\/ru\/#organization"},"potentialAction":[{"@type":"SearchAction","target":{"@type":"EntryPoint","urlTemplate":"https:\/\/kohenavocats.com\/ru\/?s={search_term_string}"},"query-input":{"@type":"PropertyValueSpecification","valueRequired":true,"valueName":"search_term_string"}}],"inLanguage":"ru-RU"},{"@type":"Organization","@id":"https:\/\/kohenavocats.com\/ru\/#organization","name":"Kohen Avocats","url":"https:\/\/kohenavocats.com\/ru\/","logo":{"@type":"ImageObject","inLanguage":"ru-RU","@id":"https:\/\/kohenavocats.com\/ru\/#\/schema\/logo\/image\/","url":"https:\/\/kohenavocats.com\/wp-content\/uploads\/2026\/01\/Logo-2-1.webp","contentUrl":"https:\/\/kohenavocats.com\/wp-content\/uploads\/2026\/01\/Logo-2-1.webp","width":2114,"height":1253,"caption":"Kohen Avocats"},"image":{"@id":"https:\/\/kohenavocats.com\/ru\/#\/schema\/logo\/image\/"}}]}},"jetpack_likes_enabled":false,"jetpack_sharing_enabled":true,"_links":{"self":[{"href":"https:\/\/kohenavocats.com\/ru\/wp-json\/wp\/v2\/kji_decision\/611541","targetHints":{"allow":["GET"]}}],"collection":[{"href":"https:\/\/kohenavocats.com\/ru\/wp-json\/wp\/v2\/kji_decision"}],"about":[{"href":"https:\/\/kohenavocats.com\/ru\/wp-json\/wp\/v2\/types\/kji_decision"}],"wp:attachment":[{"href":"https:\/\/kohenavocats.com\/ru\/wp-json\/wp\/v2\/media?parent=611541"}],"wp:term":[{"taxonomy":"kji_country","embeddable":true,"href":"https:\/\/kohenavocats.com\/ru\/wp-json\/wp\/v2\/kji_country?post=611541"},{"taxonomy":"kji_court","embeddable":true,"href":"https:\/\/kohenavocats.com\/ru\/wp-json\/wp\/v2\/kji_court?post=611541"},{"taxonomy":"kji_chamber","embeddable":true,"href":"https:\/\/kohenavocats.com\/ru\/wp-json\/wp\/v2\/kji_chamber?post=611541"},{"taxonomy":"kji_year","embeddable":true,"href":"https:\/\/kohenavocats.com\/ru\/wp-json\/wp\/v2\/kji_year?post=611541"},{"taxonomy":"kji_subject","embeddable":true,"href":"https:\/\/kohenavocats.com\/ru\/wp-json\/wp\/v2\/kji_subject?post=611541"},{"taxonomy":"kji_keyword","embeddable":true,"href":"https:\/\/kohenavocats.com\/ru\/wp-json\/wp\/v2\/kji_keyword?post=611541"},{"taxonomy":"kji_language","embeddable":true,"href":"https:\/\/kohenavocats.com\/ru\/wp-json\/wp\/v2\/kji_language?post=611541"}],"curies":[{"name":"wp","href":"https:\/\/api.w.org\/{rel}","templated":true}]}}