{"id":611930,"date":"2026-04-19T22:29:54","date_gmt":"2026-04-19T20:29:54","guid":{"rendered":"https:\/\/kohenavocats.com\/jurisprudences\/tribunal-darrondissement-31-octobre-2024-n-2023-09670\/"},"modified":"2026-04-19T22:29:57","modified_gmt":"2026-04-19T20:29:57","slug":"tribunal-darrondissement-31-octobre-2024-n-2023-09670","status":"publish","type":"kji_decision","link":"https:\/\/kohenavocats.com\/ru\/jurisprudences\/tribunal-darrondissement-31-octobre-2024-n-2023-09670\/","title":{"rendered":"Tribunal d&#8217;arrondissement, 31 octobre 2024, n\u00b0 2023-09670"},"content":{"rendered":"<div class=\"kji-decision\">\n<div class=\"kji-full-text\">\n<p>Jugement commercial 2024TALCH06\/00614 Audience publique dujeudi,trente-et-un octobredeux mille vingt-quatre. Num\u00e9ro de r\u00f4leTAL-2023-09670 Composition: Maria FARIA ALVES,vice-pr\u00e9sidente; JackieMORES,1 er juge; Alix KAYSER, juge; ClaudeROSENFELD, greffier. Entre: 1. la soci\u00e9t\u00e9 anonymeSOCIETE1.)SA,\u00e9tablie et ayant son si\u00e8ge social \u00e0 L-ADRESSE1.), inscrite au Registre de Commerce et des Soci\u00e9t\u00e9s de Luxembourg sous le num\u00e9roNUMERO1.), repr\u00e9sent\u00e9e par son conseil d\u2019administration actuellement en fonctions, 2. la soci\u00e9t\u00e9 anonymeSOCIETE2.)SA, \u00e9tablie et ayant son si\u00e8ge social \u00e0 L-ADRESSE2.), inscrite au Registre de Commerce et des Soci\u00e9t\u00e9s de Luxembourg sous le num\u00e9roNUMERO2.), repr\u00e9sent\u00e9e par son conseil d\u2019administration actuellement en fonctions, partiesdemanderessesaux termes d\u2019un exploit de l\u2019huissier de justicesuppl\u00e9ant Max GLODE, en remplacement de l\u2019huissier de justice Geoffrey GALLE de Luxembourg,signifi\u00e9 en date du20 novembre 2023, comparant parMa\u00eetreBenjamin PACARY, avocat \u00e0 la Cour constitu\u00e9, demeurant \u00e0 Sandweiler, et: la soci\u00e9t\u00e9 anonymeSOCIETE3.)SA, \u00e9tablie et ayant son si\u00e8ge social \u00e0 L-ADRESSE3.), inscrite au Registre de Commerce et des Soci\u00e9t\u00e9s de Luxembourg sous le num\u00e9ro NUMERO3.), repr\u00e9sent\u00e9e par son conseil d\u2019administration actuellement en fonctions, partie d\u00e9fenderesseauxfins du pr\u00e9dit exploit GALLE,<\/p>\n<p>2 comparant parMa\u00eetreMarc THEWES, avocat \u00e0 la Cour constitu\u00e9, demeurant \u00e0 Luxembourg. ___________________________________________________________________ ____<\/p>\n<p>3 Le Tribunal: Par exploit d\u2019huissier du20 novembre 2023, lessoci\u00e9t\u00e9sanonymesSOCIETE1.)SA et SOCIETE2.)SA ontfait donner assignation \u00e0 la soci\u00e9t\u00e9anonymeSOCIETE3.)\u00e0 compara\u00eetre devant le tribunal d&#039;arrondissement de et \u00e0 Luxembourg, si\u00e9geant en mati\u00e8re commerciale, selon la proc\u00e9dure civile, pour y entendre statuer sur le m\u00e9rite de la demande contenue dans le dispositif de l\u2019exploit introductif. La cl\u00f4ture de l\u2019instruction est intervenue le23 octobre 2024. A l\u2019audience de plaidoiries, les avocats ont donn\u00e9 leuraccord de proc\u00e9der conform\u00e9ment \u00e0 l\u2019article 227 du Nouveau Code de proc\u00e9dure civile. Lespartiesdemanderessesversenten causeun \u00e9crit intitul\u00e9\u00abDESISTEMENT D\u2019INSTANCE\u00bb, dat\u00e9 du2 juillet 2024et d\u00fbment sign\u00e9, dans lequel ellesd\u00e9clarent\u00e0 la partie d\u00e9fenderesse qu\u2019elles\u00abse d\u00e9sistentde l\u2019instance introduite par l\u2019exploitpr\u00e9cit\u00e9 du 20 novembre 2023 contre la partie d\u00e9fenderesse et inscritesous lenum\u00e9ro de r\u00f4le TAL-2023- 09670 du r\u00f4le devantla sixi\u00e8me chambre du Tribunal d\u2019arrondissement de et \u00e0 Luxembourg\u00bb. La partie d\u00e9fenderesse a accept\u00e9 ce d\u00e9sistement. Les conditions du d\u00e9sistement d\u2019instance \u00e9tant remplies, il y a lieu de le d\u00e9cr\u00e9ter. Le d\u00e9sistement indique queles parties d\u00e9clarent \u00abne pas avoir de revendications \u00e0 faire valoir de part et d\u2019autre, y inclus les d\u00e9pens, frais et \u00e9moluments relatifs \u00e0 l\u2019instance\u00bb. Il y adonclieu de dire que chacune des parties supportera ses propres frais et d\u00e9pens. Par ces motifs: letribunal d&#039;arrondissement de et \u00e0 Luxembourg, sixi\u00e8me chambre, si\u00e9geant en mati\u00e8re commerciale selon la proc\u00e9dure civile, statuant contradictoirement, donneacteauxsoci\u00e9t\u00e9s anonymesSOCIETE1.)SA etSOCIETE2.)SAde ce qu\u2019ellesse d\u00e9sistentde l\u2019instanceintroduite par exploit d\u2019huissier du20 novembre 2023; donneacte \u00e0 la soci\u00e9t\u00e9anonymeSOCIETE3.)qu\u2019elle accepte ce d\u00e9sistementd\u2019instance; d\u00e9cr\u00e8tele d\u00e9sistement d\u2019instance aux cons\u00e9quences de droit ; ditque chacune des parties supportera ses propres frais et d\u00e9pens.<\/p>\n<\/div>\n<hr class=\"kji-sep\" \/>\n<p class=\"kji-source-links\"><strong>Sources officielles :<\/strong> <a class=\"kji-source-link\" href=\"https:\/\/data.public.lu\/fr\/datasets\/tribunal-darrondissement-luxembourg-commerce\/\" target=\"_blank\" rel=\"noopener noreferrer\">consulter la page source<\/a> &middot; <a class=\"kji-pdf-link\" href=\"https:\/\/download.data.public.lu\/resources\/tribunal-darrondissement-luxembourg-commerce\/20241223-022144\/20241031-talch06-tal-2023-09670-pseudonymise-accessible.pdf\" target=\"_blank\" rel=\"noopener noreferrer\">PDF officiel<\/a><\/p>\n<p class=\"kji-license-note\"><em>Licence CC BY-ND 4.0 (Administration judiciaire, data.public.lu). Republication autorisee avec attribution, sans modification editoriale du texte integral.<\/em><\/p>\n<\/div>\n","protected":false},"excerpt":{"rendered":"<p>Jugement commercial 2024TALCH06\/00614 Audience publique dujeudi,trente-et-un octobredeux mille vingt-quatre. Num\u00e9ro de r\u00f4leTAL-2023-09670 Composition: Maria FARIA ALVES,vice-pr\u00e9sidente; JackieMORES,1 er juge; Alix KAYSER, juge; ClaudeROSENFELD, greffier. Entre: 1. la soci\u00e9t\u00e9 anonymeSOCIETE1.)SA,\u00e9tablie et ayant son si\u00e8ge social \u00e0 L-ADRESSE1.), inscrite au Registre de Commerce et des Soci\u00e9t\u00e9s de\u2026<\/p>\n","protected":false},"featured_media":0,"template":"","meta":{"_crdt_document":""},"kji_country":[8418],"kji_court":[23583],"kji_chamber":[24938],"kji_year":[8677],"kji_subject":[7625],"kji_keyword":[23584,15419,23061,8598,7636],"kji_language":[7733],"class_list":["post-611930","kji_decision","type-kji_decision","status-publish","hentry","kji_country-luxembourg","kji_court-tribunal-darrondissement","kji_chamber-commerce","kji_year-8677","kji_subject-commercial","kji_keyword-arrondissement","kji_keyword-commercial","kji_keyword-jugement","kji_keyword-octobre","kji_keyword-tribunal","kji_language-francais"],"yoast_head":"<!-- This site is optimized with the Yoast SEO Premium plugin v27.5 (Yoast SEO v27.5) - https:\/\/yoast.com\/product\/yoast-seo-premium-wordpress\/ -->\n<title>Tribunal d&#039;arrondissement, 31 octobre 2024, n\u00b0 2023-09670 - Ma\u00eetre Hassan Kohen, avocat en droit p\u00e9nal \u00e0 Paris<\/title>\n<meta name=\"robots\" content=\"index, follow, max-snippet:-1, max-image-preview:large, max-video-preview:-1\" \/>\n<link rel=\"canonical\" href=\"https:\/\/kohenavocats.com\/ru\/jurisprudences\/tribunal-darrondissement-31-octobre-2024-n-2023-09670\/\" \/>\n<meta property=\"og:locale\" content=\"ru_RU\" \/>\n<meta property=\"og:type\" content=\"article\" \/>\n<meta property=\"og:title\" content=\"Tribunal d&#039;arrondissement, 31 octobre 2024, n\u00b0 2023-09670\" \/>\n<meta property=\"og:description\" content=\"Jugement commercial 2024TALCH06\/00614 Audience publique dujeudi,trente-et-un octobredeux mille vingt-quatre. Num\u00e9ro de r\u00f4leTAL-2023-09670 Composition: Maria FARIA ALVES,vice-pr\u00e9sidente; JackieMORES,1 er juge; Alix KAYSER, juge; ClaudeROSENFELD, greffier. Entre: 1. la soci\u00e9t\u00e9 anonymeSOCIETE1.)SA,\u00e9tablie et ayant son si\u00e8ge social \u00e0 L-ADRESSE1.), inscrite au Registre de Commerce et des Soci\u00e9t\u00e9s de\u2026\" \/>\n<meta property=\"og:url\" content=\"https:\/\/kohenavocats.com\/ru\/jurisprudences\/tribunal-darrondissement-31-octobre-2024-n-2023-09670\/\" \/>\n<meta property=\"og:site_name\" content=\"Ma\u00eetre Hassan Kohen, avocat en droit p\u00e9nal \u00e0 Paris\" \/>\n<meta property=\"article:modified_time\" content=\"2026-04-19T20:29:57+00:00\" \/>\n<meta name=\"twitter:card\" content=\"summary_large_image\" \/>\n<meta name=\"twitter:label1\" content=\"\u041f\u0440\u0438\u043c\u0435\u0440\u043d\u043e\u0435 \u0432\u0440\u0435\u043c\u044f \u0434\u043b\u044f \u0447\u0442\u0435\u043d\u0438\u044f\" \/>\n\t<meta name=\"twitter:data1\" content=\"3 \u043c\u0438\u043d\u0443\u0442\u044b\" \/>\n<script type=\"application\/ld+json\" class=\"yoast-schema-graph\">{\"@context\":\"https:\\\/\\\/schema.org\",\"@graph\":[{\"@type\":\"WebPage\",\"@id\":\"https:\\\/\\\/kohenavocats.com\\\/ru\\\/jurisprudences\\\/tribunal-darrondissement-31-octobre-2024-n-2023-09670\\\/\",\"url\":\"https:\\\/\\\/kohenavocats.com\\\/ru\\\/jurisprudences\\\/tribunal-darrondissement-31-octobre-2024-n-2023-09670\\\/\",\"name\":\"Tribunal d'arrondissement, 31 octobre 2024, n\u00b0 2023-09670 - Ma\u00eetre Hassan Kohen, avocat en droit p\u00e9nal \u00e0 Paris\",\"isPartOf\":{\"@id\":\"https:\\\/\\\/kohenavocats.com\\\/ru\\\/#website\"},\"datePublished\":\"2026-04-19T20:29:54+00:00\",\"dateModified\":\"2026-04-19T20:29:57+00:00\",\"breadcrumb\":{\"@id\":\"https:\\\/\\\/kohenavocats.com\\\/ru\\\/jurisprudences\\\/tribunal-darrondissement-31-octobre-2024-n-2023-09670\\\/#breadcrumb\"},\"inLanguage\":\"ru-RU\",\"potentialAction\":[{\"@type\":\"ReadAction\",\"target\":[\"https:\\\/\\\/kohenavocats.com\\\/ru\\\/jurisprudences\\\/tribunal-darrondissement-31-octobre-2024-n-2023-09670\\\/\"]}]},{\"@type\":\"BreadcrumbList\",\"@id\":\"https:\\\/\\\/kohenavocats.com\\\/ru\\\/jurisprudences\\\/tribunal-darrondissement-31-octobre-2024-n-2023-09670\\\/#breadcrumb\",\"itemListElement\":[{\"@type\":\"ListItem\",\"position\":1,\"name\":\"Home\",\"item\":\"https:\\\/\\\/kohenavocats.com\\\/ru\\\/avocats-en-droit-penal-a-paris-conseil-et-defense-strategique\\\/\"},{\"@type\":\"ListItem\",\"position\":2,\"name\":\"Jurisprudences\",\"item\":\"https:\\\/\\\/kohenavocats.com\\\/ru\\\/jurisprudences\\\/\"},{\"@type\":\"ListItem\",\"position\":3,\"name\":\"Tribunal d&rsquo;arrondissement, 31 octobre 2024, n\u00b0 2023-09670\"}]},{\"@type\":\"WebSite\",\"@id\":\"https:\\\/\\\/kohenavocats.com\\\/ru\\\/#website\",\"url\":\"https:\\\/\\\/kohenavocats.com\\\/ru\\\/\",\"name\":\"Kohen Avocats\",\"description\":\"Ma\u00eetre Hassan Kohen, avocat p\u00e9naliste \u00e0 Paris, intervient exclusivement en droit p\u00e9nal pour la d\u00e9fense des particuliers, notamment en mati\u00e8re d\u2019accusations de viol. Il assure un accompagnement rigoureux d\u00e8s la garde \u00e0 vue jusqu\u2019\u00e0 la Cour d\u2019assises, veillant au strict respect des garanties proc\u00e9durales.\",\"publisher\":{\"@id\":\"https:\\\/\\\/kohenavocats.com\\\/ru\\\/#organization\"},\"potentialAction\":[{\"@type\":\"SearchAction\",\"target\":{\"@type\":\"EntryPoint\",\"urlTemplate\":\"https:\\\/\\\/kohenavocats.com\\\/ru\\\/?s={search_term_string}\"},\"query-input\":{\"@type\":\"PropertyValueSpecification\",\"valueRequired\":true,\"valueName\":\"search_term_string\"}}],\"inLanguage\":\"ru-RU\"},{\"@type\":\"Organization\",\"@id\":\"https:\\\/\\\/kohenavocats.com\\\/ru\\\/#organization\",\"name\":\"Kohen Avocats\",\"url\":\"https:\\\/\\\/kohenavocats.com\\\/ru\\\/\",\"logo\":{\"@type\":\"ImageObject\",\"inLanguage\":\"ru-RU\",\"@id\":\"https:\\\/\\\/kohenavocats.com\\\/ru\\\/#\\\/schema\\\/logo\\\/image\\\/\",\"url\":\"https:\\\/\\\/kohenavocats.com\\\/wp-content\\\/uploads\\\/2026\\\/01\\\/Logo-2-1.webp\",\"contentUrl\":\"https:\\\/\\\/kohenavocats.com\\\/wp-content\\\/uploads\\\/2026\\\/01\\\/Logo-2-1.webp\",\"width\":2114,\"height\":1253,\"caption\":\"Kohen Avocats\"},\"image\":{\"@id\":\"https:\\\/\\\/kohenavocats.com\\\/ru\\\/#\\\/schema\\\/logo\\\/image\\\/\"}}]}<\/script>\n<!-- \/ Yoast SEO Premium plugin. -->","yoast_head_json":{"title":"Tribunal d'arrondissement, 31 octobre 2024, n\u00b0 2023-09670 - Ma\u00eetre Hassan Kohen, avocat en droit p\u00e9nal \u00e0 Paris","robots":{"index":"index","follow":"follow","max-snippet":"max-snippet:-1","max-image-preview":"max-image-preview:large","max-video-preview":"max-video-preview:-1"},"canonical":"https:\/\/kohenavocats.com\/ru\/jurisprudences\/tribunal-darrondissement-31-octobre-2024-n-2023-09670\/","og_locale":"ru_RU","og_type":"article","og_title":"Tribunal d'arrondissement, 31 octobre 2024, n\u00b0 2023-09670","og_description":"Jugement commercial 2024TALCH06\/00614 Audience publique dujeudi,trente-et-un octobredeux mille vingt-quatre. Num\u00e9ro de r\u00f4leTAL-2023-09670 Composition: Maria FARIA ALVES,vice-pr\u00e9sidente; JackieMORES,1 er juge; Alix KAYSER, juge; ClaudeROSENFELD, greffier. Entre: 1. la soci\u00e9t\u00e9 anonymeSOCIETE1.)SA,\u00e9tablie et ayant son si\u00e8ge social \u00e0 L-ADRESSE1.), inscrite au Registre de Commerce et des Soci\u00e9t\u00e9s de\u2026","og_url":"https:\/\/kohenavocats.com\/ru\/jurisprudences\/tribunal-darrondissement-31-octobre-2024-n-2023-09670\/","og_site_name":"Ma\u00eetre Hassan Kohen, avocat en droit p\u00e9nal \u00e0 Paris","article_modified_time":"2026-04-19T20:29:57+00:00","twitter_card":"summary_large_image","twitter_misc":{"\u041f\u0440\u0438\u043c\u0435\u0440\u043d\u043e\u0435 \u0432\u0440\u0435\u043c\u044f \u0434\u043b\u044f \u0447\u0442\u0435\u043d\u0438\u044f":"3 \u043c\u0438\u043d\u0443\u0442\u044b"},"schema":{"@context":"https:\/\/schema.org","@graph":[{"@type":"WebPage","@id":"https:\/\/kohenavocats.com\/ru\/jurisprudences\/tribunal-darrondissement-31-octobre-2024-n-2023-09670\/","url":"https:\/\/kohenavocats.com\/ru\/jurisprudences\/tribunal-darrondissement-31-octobre-2024-n-2023-09670\/","name":"Tribunal d'arrondissement, 31 octobre 2024, n\u00b0 2023-09670 - Ma\u00eetre Hassan Kohen, avocat en droit p\u00e9nal \u00e0 Paris","isPartOf":{"@id":"https:\/\/kohenavocats.com\/ru\/#website"},"datePublished":"2026-04-19T20:29:54+00:00","dateModified":"2026-04-19T20:29:57+00:00","breadcrumb":{"@id":"https:\/\/kohenavocats.com\/ru\/jurisprudences\/tribunal-darrondissement-31-octobre-2024-n-2023-09670\/#breadcrumb"},"inLanguage":"ru-RU","potentialAction":[{"@type":"ReadAction","target":["https:\/\/kohenavocats.com\/ru\/jurisprudences\/tribunal-darrondissement-31-octobre-2024-n-2023-09670\/"]}]},{"@type":"BreadcrumbList","@id":"https:\/\/kohenavocats.com\/ru\/jurisprudences\/tribunal-darrondissement-31-octobre-2024-n-2023-09670\/#breadcrumb","itemListElement":[{"@type":"ListItem","position":1,"name":"Home","item":"https:\/\/kohenavocats.com\/ru\/avocats-en-droit-penal-a-paris-conseil-et-defense-strategique\/"},{"@type":"ListItem","position":2,"name":"Jurisprudences","item":"https:\/\/kohenavocats.com\/ru\/jurisprudences\/"},{"@type":"ListItem","position":3,"name":"Tribunal d&rsquo;arrondissement, 31 octobre 2024, n\u00b0 2023-09670"}]},{"@type":"WebSite","@id":"https:\/\/kohenavocats.com\/ru\/#website","url":"https:\/\/kohenavocats.com\/ru\/","name":"Kohen Avocats","description":"Ma\u00eetre Hassan Kohen, avocat p\u00e9naliste \u00e0 Paris, intervient exclusivement en droit p\u00e9nal pour la d\u00e9fense des particuliers, notamment en mati\u00e8re d\u2019accusations de viol. Il assure un accompagnement rigoureux d\u00e8s la garde \u00e0 vue jusqu\u2019\u00e0 la Cour d\u2019assises, veillant au strict respect des garanties proc\u00e9durales.","publisher":{"@id":"https:\/\/kohenavocats.com\/ru\/#organization"},"potentialAction":[{"@type":"SearchAction","target":{"@type":"EntryPoint","urlTemplate":"https:\/\/kohenavocats.com\/ru\/?s={search_term_string}"},"query-input":{"@type":"PropertyValueSpecification","valueRequired":true,"valueName":"search_term_string"}}],"inLanguage":"ru-RU"},{"@type":"Organization","@id":"https:\/\/kohenavocats.com\/ru\/#organization","name":"Kohen Avocats","url":"https:\/\/kohenavocats.com\/ru\/","logo":{"@type":"ImageObject","inLanguage":"ru-RU","@id":"https:\/\/kohenavocats.com\/ru\/#\/schema\/logo\/image\/","url":"https:\/\/kohenavocats.com\/wp-content\/uploads\/2026\/01\/Logo-2-1.webp","contentUrl":"https:\/\/kohenavocats.com\/wp-content\/uploads\/2026\/01\/Logo-2-1.webp","width":2114,"height":1253,"caption":"Kohen Avocats"},"image":{"@id":"https:\/\/kohenavocats.com\/ru\/#\/schema\/logo\/image\/"}}]}},"jetpack_likes_enabled":false,"jetpack_sharing_enabled":true,"_links":{"self":[{"href":"https:\/\/kohenavocats.com\/ru\/wp-json\/wp\/v2\/kji_decision\/611930","targetHints":{"allow":["GET"]}}],"collection":[{"href":"https:\/\/kohenavocats.com\/ru\/wp-json\/wp\/v2\/kji_decision"}],"about":[{"href":"https:\/\/kohenavocats.com\/ru\/wp-json\/wp\/v2\/types\/kji_decision"}],"wp:attachment":[{"href":"https:\/\/kohenavocats.com\/ru\/wp-json\/wp\/v2\/media?parent=611930"}],"wp:term":[{"taxonomy":"kji_country","embeddable":true,"href":"https:\/\/kohenavocats.com\/ru\/wp-json\/wp\/v2\/kji_country?post=611930"},{"taxonomy":"kji_court","embeddable":true,"href":"https:\/\/kohenavocats.com\/ru\/wp-json\/wp\/v2\/kji_court?post=611930"},{"taxonomy":"kji_chamber","embeddable":true,"href":"https:\/\/kohenavocats.com\/ru\/wp-json\/wp\/v2\/kji_chamber?post=611930"},{"taxonomy":"kji_year","embeddable":true,"href":"https:\/\/kohenavocats.com\/ru\/wp-json\/wp\/v2\/kji_year?post=611930"},{"taxonomy":"kji_subject","embeddable":true,"href":"https:\/\/kohenavocats.com\/ru\/wp-json\/wp\/v2\/kji_subject?post=611930"},{"taxonomy":"kji_keyword","embeddable":true,"href":"https:\/\/kohenavocats.com\/ru\/wp-json\/wp\/v2\/kji_keyword?post=611930"},{"taxonomy":"kji_language","embeddable":true,"href":"https:\/\/kohenavocats.com\/ru\/wp-json\/wp\/v2\/kji_language?post=611930"}],"curies":[{"name":"wp","href":"https:\/\/api.w.org\/{rel}","templated":true}]}}