{"id":612954,"date":"2026-04-19T23:19:25","date_gmt":"2026-04-19T21:19:25","guid":{"rendered":"https:\/\/kohenavocats.com\/jurisprudences\/tribunal-darrondissement-26-janvier-2024-35\/"},"modified":"2026-04-19T23:19:29","modified_gmt":"2026-04-19T21:19:29","slug":"tribunal-darrondissement-26-janvier-2024-35","status":"publish","type":"kji_decision","link":"https:\/\/kohenavocats.com\/ru\/jurisprudences\/tribunal-darrondissement-26-janvier-2024-35\/","title":{"rendered":"Tribunal d&#8217;arrondissement, 26 janvier 2024"},"content":{"rendered":"<div class=\"kji-decision\">\n<div class=\"kji-full-text\">\n<p>1 Jugement commercial2024TALCH02\/00149 Audience publique duvendredi,vingt-sixjanvierdeuxmillevingt-quatre. Num\u00e9rodu r\u00f4leTAL-175096 Composition : Marlene MULLER,juge-pr\u00e9sidente ; Tania CARDOSO, juge; Ines BIWER,juge; LynnBETTENDORFF, greffierassum\u00e9. E n t r e : La soci\u00e9t\u00e9 par actions simplifi\u00e9e \u00e0 associ\u00e9 uniqueSOCIETE1.)SASU,\u00e9tablie et ayant son si\u00e8ge social \u00e0F-ADRESSE1.),repr\u00e9sent\u00e9e par sonrepr\u00e9sentantl\u00e9galactuellement en fonctions etinscrite au Registre de Commerce et des Soci\u00e9t\u00e9sde Thionvillesous le num\u00e9roNUMERO1.), partied\u00e9fenderesseen p\u00e9remption, partie demanderesseoriginaire,aux termes d\u2019un exploit de l\u2019huissier de justiceJean- Claude STEFFEN d\u2019Esch-sur-Alzette, en date du3 f\u00e9vrier2016, comparant par Ma\u00eetreR\u00e9gisSANTINI, avocat \u00e0la Cour, demeurant \u00e0Esch-sur-Alzette, et: la soci\u00e9t\u00e9anonymeSOCIETE1.)SA, \u00e9tablie etayant son si\u00e8ge social \u00e0 L-ADRESSE2.), repr\u00e9sent\u00e9e parson conseil d\u2019administration actuellement en fonctions et inscrite au Registre de Commerce et des Soci\u00e9t\u00e9sde Luxembourg sous le num\u00e9roNUMERO2.);<\/p>\n<p>2 partiedemanderesseen p\u00e9remption, parties d\u00e9fenderessesoriginaires,aux termes d\u2019un exploit de l\u2019huissier de justiceJean- Claude STEFFEN d\u2019Esch-sur-Alzette, en date du3 f\u00e9vrier2016, comparant parMa\u00eetreFlorence HOLZ, avocat \u00e0 la Cour, demeurant \u00e0Howald. ______________________________________________________________________ Le Tribunal: Proc\u00e9dure Par exploit d\u2019huissier de justice du 3 f\u00e9vrier 2016, la soci\u00e9t\u00e9 par actions simplifi\u00e9e \u00e0 associ\u00e9 unique de droit fran\u00e7aisSOCIETE1.)SASU a fait donner assignation \u00e0 la soci\u00e9t\u00e9 anonymeSOCIETE1.)SA \u00e0compara\u00eetre devant le tribunal d\u2019arrondissement de et \u00e0Luxembourg, si\u00e9geant en mati\u00e8re commerciale. Par requ\u00eate en p\u00e9remption d\u2019instance d\u00e9pos\u00e9e au greffe le 17 juillet 2023,SOCIETE1.) a demand\u00e9 \u00e0 voir d\u00e9clarer p\u00e9rim\u00e9e l\u2019instance introduite contre elle et de voir dire que par l\u2019effet de la p\u00e9remption, l\u2019instance est \u00e9teinte. Elle demande encore \u00e0 voir condamnerSOCIETE1.)\u00e0 tous les frais et d\u00e9pens de l\u2019instance p\u00e9rim\u00e9e. Moyens et pr\u00e9tentions des parties SOCIETE1.)conclut \u00e0 la p\u00e9remption de l\u2019instance introduite contre elle par SOCIETE1.), alors que depuis la communication d\u2019une farde de pi\u00e8ces le 25 juillet 2016, aucun acte de proc\u00e9dure n\u2019aurait \u00e9t\u00e9 pos\u00e9. SOCIETE1.)se rapporte \u00e0 prudence de justice quant \u00e0 la recevabilit\u00e9 et au fondement de la demande en p\u00e9remption d\u2019instance. Appr\u00e9ciation Conform\u00e9ment aux dispositions de l\u2019article 543 du Nouveau Code de proc\u00e9dure civile, la p\u00e9remption a \u00e9t\u00e9 valablement demand\u00e9e parrequ\u00eate d\u2019avou\u00e9 \u00e0 avou\u00e9. Aux termes des articles 540 et suivants du Nouveau Code de proc\u00e9dure civile, l\u2019instance s\u2019\u00e9teint par la discontinuation des poursuites pendant trois ans, si la p\u00e9remption n\u2019a pas \u00e9t\u00e9 couverte par des actes valables faits par l\u2019une ou l\u2019autre des parties avant la demande en p\u00e9remption. La p\u00e9remption d&#039;instance est un mode d&#039;extinction de l&#039;instance fond\u00e9e sur l&#039;inertie proc\u00e9durale des parties pendant trois ans. Elle repose principalement sur l&#039;id\u00e9e de<\/p>\n<p>3 d\u00e9sistement tacite (v. S. GUINCHARD, Droit et Pratique de la Proc\u00e9dure Civile, n\u00b0 352.340). En l\u2019occurrence, depuis la communication d\u2019une farde de pi\u00e8ces le 25 juillet 2016, les parties n\u2019ont pos\u00e9 aucun acte de proc\u00e9dure. Par cons\u00e9quent, la demande deSOCIETE1.)est fond\u00e9e et il ya lieu de d\u00e9clarer p\u00e9rim\u00e9e l\u2019instance introduite par exploit d\u2019huissier du 3 f\u00e9vrier 2016. Il y a encore lieu de condamnerSOCIETE1.)\u00e0 tous les frais et d\u00e9pens de l\u2019instance, y compris ceux se rapportant \u00e0 la requ\u00eate en p\u00e9remption d\u2019instance P a r c es m o t i f s : Le tribunal d\u2019arrondissement de et \u00e0 Luxembourg, deuxi\u00e8me chambre, si\u00e9geant en mati\u00e8re commerciale, statuant contradictoirement, d\u00e9clarela demande en p\u00e9remption d\u2019instance de la soci\u00e9t\u00e9 anonymeSOCIETE1.)SA recevable et fond\u00e9e, d\u00e9clarep\u00e9rim\u00e9e l\u2019instance introduite par exploit d\u2019huissier du 3 f\u00e9vrier 2016 par la soci\u00e9t\u00e9 par actions simplifi\u00e9e \u00e0 associ\u00e9 unique de droit fran\u00e7aisSOCIETE1.)SASU contre la soci\u00e9t\u00e9 anonymeSOCIETE1.)SA, condamnela soci\u00e9t\u00e9 par actions simplifi\u00e9e \u00e0 associ\u00e9 unique de droit fran\u00e7ais SOCIETE1.)SASU \u00e0 tous les frais et d\u00e9pens de l\u2019instance p\u00e9rim\u00e9e, y compris les frais relatifs \u00e0 la requ\u00eate en p\u00e9remption d\u2019instance.<\/p>\n<\/div>\n<hr class=\"kji-sep\" \/>\n<p class=\"kji-source-links\"><strong>Sources officielles :<\/strong> <a class=\"kji-source-link\" href=\"https:\/\/data.public.lu\/fr\/datasets\/tribunal-darrondissement-luxembourg-commerce\/\" target=\"_blank\" rel=\"noopener noreferrer\">consulter la page source<\/a> &middot; <a class=\"kji-pdf-link\" href=\"https:\/\/download.data.public.lu\/resources\/tribunal-darrondissement-luxembourg-commerce\/20240828-001751\/20240126-talch02-tal-175096-pseudonymise-accessible.pdf\" target=\"_blank\" rel=\"noopener noreferrer\">PDF officiel<\/a><\/p>\n<p class=\"kji-license-note\"><em>Licence CC BY-ND 4.0 (Administration judiciaire, data.public.lu). Republication autorisee avec attribution, sans modification editoriale du texte integral.<\/em><\/p>\n<\/div>\n","protected":false},"excerpt":{"rendered":"<p>1 Jugement commercial2024TALCH02\/00149 Audience publique duvendredi,vingt-sixjanvierdeuxmillevingt-quatre. Num\u00e9rodu r\u00f4leTAL-175096 Composition : Marlene MULLER,juge-pr\u00e9sidente ; Tania CARDOSO, juge; Ines BIWER,juge; LynnBETTENDORFF, greffierassum\u00e9. E n t r e : La soci\u00e9t\u00e9 par actions simplifi\u00e9e \u00e0 associ\u00e9 uniqueSOCIETE1.)SASU,\u00e9tablie et ayant son si\u00e8ge social \u00e0F-ADRESSE1.),repr\u00e9sent\u00e9e par sonrepr\u00e9sentantl\u00e9galactuellement en fonctions etinscrite\u2026<\/p>\n","protected":false},"featured_media":0,"template":"","meta":{"_crdt_document":""},"kji_country":[8418],"kji_court":[23583],"kji_chamber":[24938],"kji_year":[8677],"kji_subject":[7625],"kji_keyword":[23584,8460,7636],"kji_language":[7733],"class_list":["post-612954","kji_decision","type-kji_decision","status-publish","hentry","kji_country-luxembourg","kji_court-tribunal-darrondissement","kji_chamber-commerce","kji_year-8677","kji_subject-commercial","kji_keyword-arrondissement","kji_keyword-janvier","kji_keyword-tribunal","kji_language-francais"],"yoast_head":"<!-- This site is optimized with the Yoast SEO Premium plugin v27.5 (Yoast SEO v27.5) - https:\/\/yoast.com\/product\/yoast-seo-premium-wordpress\/ -->\n<title>Tribunal d&#039;arrondissement, 26 janvier 2024 - Ma\u00eetre Hassan Kohen, avocat en droit p\u00e9nal \u00e0 Paris<\/title>\n<meta name=\"robots\" content=\"index, follow, max-snippet:-1, max-image-preview:large, max-video-preview:-1\" \/>\n<link rel=\"canonical\" href=\"https:\/\/kohenavocats.com\/ru\/jurisprudences\/tribunal-darrondissement-26-janvier-2024-35\/\" \/>\n<meta property=\"og:locale\" content=\"ru_RU\" \/>\n<meta property=\"og:type\" content=\"article\" \/>\n<meta property=\"og:title\" content=\"Tribunal d&#039;arrondissement, 26 janvier 2024\" \/>\n<meta property=\"og:description\" content=\"1 Jugement commercial2024TALCH02\/00149 Audience publique duvendredi,vingt-sixjanvierdeuxmillevingt-quatre. Num\u00e9rodu r\u00f4leTAL-175096 Composition : Marlene MULLER,juge-pr\u00e9sidente ; Tania CARDOSO, juge; Ines BIWER,juge; LynnBETTENDORFF, greffierassum\u00e9. E n t r e : La soci\u00e9t\u00e9 par actions simplifi\u00e9e \u00e0 associ\u00e9 uniqueSOCIETE1.)SASU,\u00e9tablie et ayant son si\u00e8ge social \u00e0F-ADRESSE1.),repr\u00e9sent\u00e9e par sonrepr\u00e9sentantl\u00e9galactuellement en fonctions etinscrite\u2026\" \/>\n<meta property=\"og:url\" content=\"https:\/\/kohenavocats.com\/ru\/jurisprudences\/tribunal-darrondissement-26-janvier-2024-35\/\" \/>\n<meta property=\"og:site_name\" content=\"Ma\u00eetre Hassan Kohen, avocat en droit p\u00e9nal \u00e0 Paris\" \/>\n<meta property=\"article:modified_time\" content=\"2026-04-19T21:19:29+00:00\" \/>\n<meta name=\"twitter:card\" content=\"summary_large_image\" \/>\n<meta name=\"twitter:label1\" content=\"\u041f\u0440\u0438\u043c\u0435\u0440\u043d\u043e\u0435 \u0432\u0440\u0435\u043c\u044f \u0434\u043b\u044f \u0447\u0442\u0435\u043d\u0438\u044f\" \/>\n\t<meta name=\"twitter:data1\" content=\"4 \u043c\u0438\u043d\u0443\u0442\u044b\" \/>\n<script type=\"application\/ld+json\" class=\"yoast-schema-graph\">{\"@context\":\"https:\\\/\\\/schema.org\",\"@graph\":[{\"@type\":\"WebPage\",\"@id\":\"https:\\\/\\\/kohenavocats.com\\\/ru\\\/jurisprudences\\\/tribunal-darrondissement-26-janvier-2024-35\\\/\",\"url\":\"https:\\\/\\\/kohenavocats.com\\\/ru\\\/jurisprudences\\\/tribunal-darrondissement-26-janvier-2024-35\\\/\",\"name\":\"Tribunal d'arrondissement, 26 janvier 2024 - Ma\u00eetre Hassan Kohen, avocat en droit p\u00e9nal \u00e0 Paris\",\"isPartOf\":{\"@id\":\"https:\\\/\\\/kohenavocats.com\\\/ru\\\/#website\"},\"datePublished\":\"2026-04-19T21:19:25+00:00\",\"dateModified\":\"2026-04-19T21:19:29+00:00\",\"breadcrumb\":{\"@id\":\"https:\\\/\\\/kohenavocats.com\\\/ru\\\/jurisprudences\\\/tribunal-darrondissement-26-janvier-2024-35\\\/#breadcrumb\"},\"inLanguage\":\"ru-RU\",\"potentialAction\":[{\"@type\":\"ReadAction\",\"target\":[\"https:\\\/\\\/kohenavocats.com\\\/ru\\\/jurisprudences\\\/tribunal-darrondissement-26-janvier-2024-35\\\/\"]}]},{\"@type\":\"BreadcrumbList\",\"@id\":\"https:\\\/\\\/kohenavocats.com\\\/ru\\\/jurisprudences\\\/tribunal-darrondissement-26-janvier-2024-35\\\/#breadcrumb\",\"itemListElement\":[{\"@type\":\"ListItem\",\"position\":1,\"name\":\"Home\",\"item\":\"https:\\\/\\\/kohenavocats.com\\\/ru\\\/avocats-en-droit-penal-a-paris-conseil-et-defense-strategique\\\/\"},{\"@type\":\"ListItem\",\"position\":2,\"name\":\"Jurisprudences\",\"item\":\"https:\\\/\\\/kohenavocats.com\\\/ru\\\/jurisprudences\\\/\"},{\"@type\":\"ListItem\",\"position\":3,\"name\":\"Tribunal d&rsquo;arrondissement, 26 janvier 2024\"}]},{\"@type\":\"WebSite\",\"@id\":\"https:\\\/\\\/kohenavocats.com\\\/ru\\\/#website\",\"url\":\"https:\\\/\\\/kohenavocats.com\\\/ru\\\/\",\"name\":\"Kohen Avocats\",\"description\":\"Ma\u00eetre Hassan Kohen, avocat p\u00e9naliste \u00e0 Paris, intervient exclusivement en droit p\u00e9nal pour la d\u00e9fense des particuliers, notamment en mati\u00e8re d\u2019accusations de viol. Il assure un accompagnement rigoureux d\u00e8s la garde \u00e0 vue jusqu\u2019\u00e0 la Cour d\u2019assises, veillant au strict respect des garanties proc\u00e9durales.\",\"publisher\":{\"@id\":\"https:\\\/\\\/kohenavocats.com\\\/ru\\\/#organization\"},\"potentialAction\":[{\"@type\":\"SearchAction\",\"target\":{\"@type\":\"EntryPoint\",\"urlTemplate\":\"https:\\\/\\\/kohenavocats.com\\\/ru\\\/?s={search_term_string}\"},\"query-input\":{\"@type\":\"PropertyValueSpecification\",\"valueRequired\":true,\"valueName\":\"search_term_string\"}}],\"inLanguage\":\"ru-RU\"},{\"@type\":\"Organization\",\"@id\":\"https:\\\/\\\/kohenavocats.com\\\/ru\\\/#organization\",\"name\":\"Kohen Avocats\",\"url\":\"https:\\\/\\\/kohenavocats.com\\\/ru\\\/\",\"logo\":{\"@type\":\"ImageObject\",\"inLanguage\":\"ru-RU\",\"@id\":\"https:\\\/\\\/kohenavocats.com\\\/ru\\\/#\\\/schema\\\/logo\\\/image\\\/\",\"url\":\"https:\\\/\\\/kohenavocats.com\\\/wp-content\\\/uploads\\\/2026\\\/01\\\/Logo-2-1.webp\",\"contentUrl\":\"https:\\\/\\\/kohenavocats.com\\\/wp-content\\\/uploads\\\/2026\\\/01\\\/Logo-2-1.webp\",\"width\":2114,\"height\":1253,\"caption\":\"Kohen Avocats\"},\"image\":{\"@id\":\"https:\\\/\\\/kohenavocats.com\\\/ru\\\/#\\\/schema\\\/logo\\\/image\\\/\"}}]}<\/script>\n<!-- \/ Yoast SEO Premium plugin. -->","yoast_head_json":{"title":"Tribunal d'arrondissement, 26 janvier 2024 - Ma\u00eetre Hassan Kohen, avocat en droit p\u00e9nal \u00e0 Paris","robots":{"index":"index","follow":"follow","max-snippet":"max-snippet:-1","max-image-preview":"max-image-preview:large","max-video-preview":"max-video-preview:-1"},"canonical":"https:\/\/kohenavocats.com\/ru\/jurisprudences\/tribunal-darrondissement-26-janvier-2024-35\/","og_locale":"ru_RU","og_type":"article","og_title":"Tribunal d'arrondissement, 26 janvier 2024","og_description":"1 Jugement commercial2024TALCH02\/00149 Audience publique duvendredi,vingt-sixjanvierdeuxmillevingt-quatre. Num\u00e9rodu r\u00f4leTAL-175096 Composition : Marlene MULLER,juge-pr\u00e9sidente ; Tania CARDOSO, juge; Ines BIWER,juge; LynnBETTENDORFF, greffierassum\u00e9. E n t r e : La soci\u00e9t\u00e9 par actions simplifi\u00e9e \u00e0 associ\u00e9 uniqueSOCIETE1.)SASU,\u00e9tablie et ayant son si\u00e8ge social \u00e0F-ADRESSE1.),repr\u00e9sent\u00e9e par sonrepr\u00e9sentantl\u00e9galactuellement en fonctions etinscrite\u2026","og_url":"https:\/\/kohenavocats.com\/ru\/jurisprudences\/tribunal-darrondissement-26-janvier-2024-35\/","og_site_name":"Ma\u00eetre Hassan Kohen, avocat en droit p\u00e9nal \u00e0 Paris","article_modified_time":"2026-04-19T21:19:29+00:00","twitter_card":"summary_large_image","twitter_misc":{"\u041f\u0440\u0438\u043c\u0435\u0440\u043d\u043e\u0435 \u0432\u0440\u0435\u043c\u044f \u0434\u043b\u044f \u0447\u0442\u0435\u043d\u0438\u044f":"4 \u043c\u0438\u043d\u0443\u0442\u044b"},"schema":{"@context":"https:\/\/schema.org","@graph":[{"@type":"WebPage","@id":"https:\/\/kohenavocats.com\/ru\/jurisprudences\/tribunal-darrondissement-26-janvier-2024-35\/","url":"https:\/\/kohenavocats.com\/ru\/jurisprudences\/tribunal-darrondissement-26-janvier-2024-35\/","name":"Tribunal d'arrondissement, 26 janvier 2024 - Ma\u00eetre Hassan Kohen, avocat en droit p\u00e9nal \u00e0 Paris","isPartOf":{"@id":"https:\/\/kohenavocats.com\/ru\/#website"},"datePublished":"2026-04-19T21:19:25+00:00","dateModified":"2026-04-19T21:19:29+00:00","breadcrumb":{"@id":"https:\/\/kohenavocats.com\/ru\/jurisprudences\/tribunal-darrondissement-26-janvier-2024-35\/#breadcrumb"},"inLanguage":"ru-RU","potentialAction":[{"@type":"ReadAction","target":["https:\/\/kohenavocats.com\/ru\/jurisprudences\/tribunal-darrondissement-26-janvier-2024-35\/"]}]},{"@type":"BreadcrumbList","@id":"https:\/\/kohenavocats.com\/ru\/jurisprudences\/tribunal-darrondissement-26-janvier-2024-35\/#breadcrumb","itemListElement":[{"@type":"ListItem","position":1,"name":"Home","item":"https:\/\/kohenavocats.com\/ru\/avocats-en-droit-penal-a-paris-conseil-et-defense-strategique\/"},{"@type":"ListItem","position":2,"name":"Jurisprudences","item":"https:\/\/kohenavocats.com\/ru\/jurisprudences\/"},{"@type":"ListItem","position":3,"name":"Tribunal d&rsquo;arrondissement, 26 janvier 2024"}]},{"@type":"WebSite","@id":"https:\/\/kohenavocats.com\/ru\/#website","url":"https:\/\/kohenavocats.com\/ru\/","name":"Kohen Avocats","description":"Ma\u00eetre Hassan Kohen, avocat p\u00e9naliste \u00e0 Paris, intervient exclusivement en droit p\u00e9nal pour la d\u00e9fense des particuliers, notamment en mati\u00e8re d\u2019accusations de viol. Il assure un accompagnement rigoureux d\u00e8s la garde \u00e0 vue jusqu\u2019\u00e0 la Cour d\u2019assises, veillant au strict respect des garanties proc\u00e9durales.","publisher":{"@id":"https:\/\/kohenavocats.com\/ru\/#organization"},"potentialAction":[{"@type":"SearchAction","target":{"@type":"EntryPoint","urlTemplate":"https:\/\/kohenavocats.com\/ru\/?s={search_term_string}"},"query-input":{"@type":"PropertyValueSpecification","valueRequired":true,"valueName":"search_term_string"}}],"inLanguage":"ru-RU"},{"@type":"Organization","@id":"https:\/\/kohenavocats.com\/ru\/#organization","name":"Kohen Avocats","url":"https:\/\/kohenavocats.com\/ru\/","logo":{"@type":"ImageObject","inLanguage":"ru-RU","@id":"https:\/\/kohenavocats.com\/ru\/#\/schema\/logo\/image\/","url":"https:\/\/kohenavocats.com\/wp-content\/uploads\/2026\/01\/Logo-2-1.webp","contentUrl":"https:\/\/kohenavocats.com\/wp-content\/uploads\/2026\/01\/Logo-2-1.webp","width":2114,"height":1253,"caption":"Kohen Avocats"},"image":{"@id":"https:\/\/kohenavocats.com\/ru\/#\/schema\/logo\/image\/"}}]}},"jetpack_likes_enabled":false,"jetpack_sharing_enabled":true,"_links":{"self":[{"href":"https:\/\/kohenavocats.com\/ru\/wp-json\/wp\/v2\/kji_decision\/612954","targetHints":{"allow":["GET"]}}],"collection":[{"href":"https:\/\/kohenavocats.com\/ru\/wp-json\/wp\/v2\/kji_decision"}],"about":[{"href":"https:\/\/kohenavocats.com\/ru\/wp-json\/wp\/v2\/types\/kji_decision"}],"wp:attachment":[{"href":"https:\/\/kohenavocats.com\/ru\/wp-json\/wp\/v2\/media?parent=612954"}],"wp:term":[{"taxonomy":"kji_country","embeddable":true,"href":"https:\/\/kohenavocats.com\/ru\/wp-json\/wp\/v2\/kji_country?post=612954"},{"taxonomy":"kji_court","embeddable":true,"href":"https:\/\/kohenavocats.com\/ru\/wp-json\/wp\/v2\/kji_court?post=612954"},{"taxonomy":"kji_chamber","embeddable":true,"href":"https:\/\/kohenavocats.com\/ru\/wp-json\/wp\/v2\/kji_chamber?post=612954"},{"taxonomy":"kji_year","embeddable":true,"href":"https:\/\/kohenavocats.com\/ru\/wp-json\/wp\/v2\/kji_year?post=612954"},{"taxonomy":"kji_subject","embeddable":true,"href":"https:\/\/kohenavocats.com\/ru\/wp-json\/wp\/v2\/kji_subject?post=612954"},{"taxonomy":"kji_keyword","embeddable":true,"href":"https:\/\/kohenavocats.com\/ru\/wp-json\/wp\/v2\/kji_keyword?post=612954"},{"taxonomy":"kji_language","embeddable":true,"href":"https:\/\/kohenavocats.com\/ru\/wp-json\/wp\/v2\/kji_language?post=612954"}],"curies":[{"name":"wp","href":"https:\/\/api.w.org\/{rel}","templated":true}]}}