{"id":613570,"date":"2026-04-20T00:03:33","date_gmt":"2026-04-19T22:03:33","guid":{"rendered":"https:\/\/kohenavocats.com\/jurisprudences\/tribunal-darrondissement-29-septembre-2023-10\/"},"modified":"2026-04-20T00:03:36","modified_gmt":"2026-04-19T22:03:36","slug":"tribunal-darrondissement-29-septembre-2023-10","status":"publish","type":"kji_decision","link":"https:\/\/kohenavocats.com\/ru\/jurisprudences\/tribunal-darrondissement-29-septembre-2023-10\/","title":{"rendered":"Tribunal d&#8217;arrondissement, 29 septembre 2023"},"content":{"rendered":"<div class=\"kji-decision\">\n<div class=\"kji-full-text\">\n<p>No.404\/2023 Audience publique duvendredi,29 septembre2023 (Not.1976\/23\/XC)\u2013SK Le tribunal d\u2019arrondissement de et \u00e0 Diekirch, si\u00e9geant en mati\u00e8re correctionnelle et en composition de juge unique, a rendu en son audience publique duvendredivingt-neuf septembredeux millevingt-trois, le jugement qui suitdans la cause E N T R E Monsieur le Procureur d\u2019Etat, partie poursuivante suivant citation du17 mai2023, E T PERSONNE1.), n\u00e9leDATE1.)\u00e0ADRESSE1.)(P), demeurant\u00e0ADRESSE2.), pr\u00e9venu. F A I T S : Apr\u00e8s l\u2019appel de la cause \u00e0 l\u2019audience publique du vendredi, 16juin2023, l\u2019affaire fut remise contradictoirement \u00e0 l\u2019audience publique du jeudi, 6 juillet2023. Apr\u00e8s l\u2019appel de la cause \u00e0 l\u2019audience publique du jeudi, 6juillet2023,la pr\u00e9sidenteconstata l\u2019identit\u00e9 du pr\u00e9venuPERSONNE1.)qui avait comparu en personne, etillui donna connaissance de l\u2019acte ayant saisi le tribunal.<\/p>\n<p>2 Apr\u00e8s avoir \u00e9t\u00e9 averti de son droit de se taire et de ne pas s\u2019incriminer soi- m\u00eame,le pr\u00e9venuPERSONNE1.)fut interrog\u00e9 et entendu en ses explications et moyens de d\u00e9fense. LeMinist\u00e8rePublic, repr\u00e9sent\u00e9 parAvelino SANTOS MENDES,substitut duProcureur d\u2019Etat,fut entendu ensonr\u00e9quisitoire. Les moyens du pr\u00e9venuPERSONNE1.)furent alors plus amplement d\u00e9velopp\u00e9s par Ma\u00eetreJos\u00e9 LOPES GONCALVES,avocat \u00e0 la Cour, demeurant \u00e0Diekirch. Le pr\u00e9venu se vit attribuer la parole en dernier. Le tribunal prit l\u2019affaire en d\u00e9lib\u00e9r\u00e9 et fixa le prononc\u00e9 du jugement \u00e0 l\u2019audience publiquedu vendredi29septembre2023. A cette audience publique, le tribunal rendit le JUGEMENT qui suit: Vu le proc\u00e8s-verbalnum\u00e9ro10654du21mars2023, ainsi que le rapport num\u00e9ro 15841-824 du 17 avril 2023, les deuxdress\u00e9spar le commissariat de policedeDiekirch\/Vianden. Vu le rapport toxicologique num\u00e9ro23 035323du Laboratoire National de Sant\u00e9 (LNS)du28mars2023. Vu la citation \u00e0 pr\u00e9venu du17mai 2023(not.1976\/23\/XC). Le Parquet reproche \u00e0PERSONNE1.): \u00ab\u00e9tant conducteur d&#039;un v\u00e9hicule automoteur sur la voie publique, le21\/03\/2023, le long de la soir\u00e9e et jusqu\u2019\u00e0 22.15 heures, dans l\u2019arrondissement judiciaire de Diekirch, et notamment \u00e0 L-ADRESSE3.), le long duADRESSE4.),sans pr\u00e9judice des circonstances de temps et de lieu exactes, I.avoir conduit un v\u00e9hicule sans \u00eatre titulaire d\u2019un permis de conduire valable,en l\u2019esp\u00e8ce, malgr\u00e9 une interdiction de conduire judiciaire de12 mois,ex\u00e9cut\u00e9e du26\/05\/2022au20\/05\/2023, notifi\u00e9e au pr\u00e9venu le 03\/07\/2022, r\u00e9sultant d\u2019un jugement n\u00b02492rendu par le tribunal correctionnel deLuxembourgen date du25\/11\/2021, II.avoir circul\u00e9, m\u00eame en l\u2019absence de signes manifestes d\u2019ivresse, avec un taux d\u2019alcool d\u2019au moins 1,2 g par litre de sang,en l\u2019esp\u00e8cede 2,74g\/l de sang.\u00bb<\/p>\n<p>3 Les faits \u00e0 la base de la pr\u00e9sente affaire r\u00e9sultent \u00e0 suffisance des \u00e9l\u00e9ments du dossier soumis \u00e0 l\u2019appr\u00e9ciation de la chambre correctionnelle ainsi que de l\u2019instruction men\u00e9e \u00e0 l\u2019audience, notamment des constatations polici\u00e8res,des d\u00e9clarations faites par le t\u00e9moinPERSONNE2.)par devant la police, ainsi quedesd\u00e9clarationset aveuxfournis par lepr\u00e9venu \u00e0 la barre. PERSONNE1.)est partant convaincu: \u00e9tant conducteur d&#039;un v\u00e9hicule automobilesur la voie publique, le21mars2023, le long de la soir\u00e9e et jusqu\u2019\u00e0 22.15 heures, \u00e0 ADRESSE3.), le long duADRESSE4.), 1)d\u2019avoir conduit un v\u00e9hicule automobile sur la voie publique sans \u00eatre titulaire d\u2019un permis de conduire valable, en l\u2019esp\u00e8ce, d\u2019avoir conduit le v\u00e9hicule automobile de la marque RENAULT, mod\u00e8leCAPTUR, immatricul\u00e9NUMERO1.), sur la voie publiquesans \u00eatre titulaire d\u2019un permis de conduire valable, et plus particuli\u00e8rementmalgr\u00e9une interdiction de conduire judiciaire de 12 mois, ex\u00e9cut\u00e9e du 26mai2022 au 20mai2023, notifi\u00e9e au pr\u00e9venu le 3juillet2022, r\u00e9sultant d\u2019un jugement n\u00b0 2492 rendu par le tribunal correctionnel de Luxembourg en date du 25novembre2021. 2)d\u2019avoir circul\u00e9, m\u00eame en l\u2019absence de signes manifestes d\u2019ivresse, avec un taux d\u2019alcool d\u2019au moins 1,2 g par litre de sang, en l\u2019esp\u00e8ce, d\u2019avoir circul\u00e9, m\u00eame en l\u2019absence de signes manifestes d\u2019ivresse, avec un taux d\u2019alcool de 2,74g par litre de sang. Les infractions retenues \u00e0 charge du pr\u00e9venu se trouvent en concours r\u00e9el entre elles, de sortequ\u2019il y a lieu d\u2019appliquer l\u2019article 60 du Code p\u00e9nal qui dispose qu\u2019en cas de concours de plusieurs d\u00e9lits la peine la plus forte sera seule prononc\u00e9e et pourra m\u00eame \u00eatre \u00e9lev\u00e9e au double du maximum, sans toutefois pouvoir exc\u00e9der la somme des peines pr\u00e9vues pour les diff\u00e9rents d\u00e9lits. Aux termes de l\u2019article 12 de la loi modifi\u00e9e du 14 f\u00e9vrier 1955 concernant la r\u00e9glementation de la circulation sur toutes les voies publiques, tout conducteur d\u2019un v\u00e9hicule qui a consomm\u00e9 des boissons alcooliques en quantit\u00e9 telle que le taux d\u2019alcool est d\u2019au moins 1,2 g d\u2019alcool par litre de sang ou d\u2019au moins 0,55 mg d\u2019alcool par litre d\u2019air expir\u00e9 sera condamn\u00e9 \u00e0 une peine d\u2019emprisonnement de huit jours \u00e0 trois ans et\u00e0une amende de 500 \u00e0 10.000 euros ou \u00e0 une de cespeines seulement.<\/p>\n<p>4 Aux termes de l\u2019article 13 de la loi modifi\u00e9e du 14 f\u00e9vrier 1955 concernant la r\u00e9glementation de la circulation sur toutes les voies publiques, toute personne qui conduit un v\u00e9hicule sur les voies publiques sans \u00eatre titulaire d\u2019un permis de conduire valable, est condamn\u00e9e \u00e0 une peine d\u2019emprisonnement de huit jours \u00e0 trois ans et \u00e0 une amende de 500 \u00e0 10.000 euros ou \u00e0 une de ces peines seulement. Est puni des m\u00eames peines le fait de tol\u00e9rer comme propri\u00e9taire ou d\u00e9tenteur la mise en circulation d\u2019un v\u00e9hicule sur les voies publiques par une personne non titulaire d\u2019un permis de conduire valable. Dans l\u2019appr\u00e9ciation du quantum de la peine \u00e0 prononcer \u00e0 l\u2019\u00e9gard du pr\u00e9venu, la chambre correctionnelle tient compte d\u2019une part de la gravit\u00e9 objective des faitsretenus\u00e0 sa charge et d\u2019autre part de sa situation personnelle. L\u2019article 22 alin\u00e9a 1 er du Code p\u00e9nal dispose que\u00abSi de l&#039;appr\u00e9ciation du tribunal, le d\u00e9lit ne comporte pas une peine privative de libert\u00e9 sup\u00e9rieure \u00e0 six mois, il peutprescrire, \u00e0 titre de peine principale, que le condamn\u00e9 accomplira, au profit d&#039;une collectivit\u00e9 publique ou d&#039;un \u00e9tablissement public ou d&#039;une association ou d&#039;une institution hospitali\u00e8re ou philanthropique, un travail d&#039;int\u00e9r\u00eat g\u00e9n\u00e9ral non r\u00e9mun\u00e9r\u00e9 et d&#039;une dur\u00e9e qui ne peut \u00eatre inf\u00e9rieure \u00e0 quarante heures ni sup\u00e9rieure \u00e0 deux cent quarante heures.\u00bb A l\u2019audience du6juillet2023, le repr\u00e9sentant du Minist\u00e8re Public a requis la condamnation du pr\u00e9venu a une peine d\u2019emprisonnementde 3 mois, \u00e0 une amende et \u00e0 une interdiction de conduire d\u2019une dur\u00e9e totale de46mois. La chambre correctionnelle estime que les infractions commises par PERSONNE1.)ne comportent pas une peine privative de libert\u00e9 sup\u00e9rieure \u00e0 six mois et qu\u2019elles seraient plusad\u00e9quatement sanctionn\u00e9es par une condamnation \u00e0 la prestation d\u2019un travail d\u2019int\u00e9r\u00eat g\u00e9n\u00e9ral. Le pr\u00e9venuPERSONNE1.)a marqu\u00e9 \u00e0 l&#039;audience du6juillet2023 son accord pour ex\u00e9cuter un travail d&#039;int\u00e9r\u00eat g\u00e9n\u00e9ral non r\u00e9mun\u00e9r\u00e9 en lieu et place d\u2019une peined\u2019emprisonnement. Au vu des circonstances de l\u2019affaire, la chambre correctionnelle d\u00e9cide ainsi de condamnerPERSONNE1.)du chef des infractions retenues \u00e0 sa charge, \u00e0 effectuer un travail d&#039;int\u00e9r\u00eat g\u00e9n\u00e9ral non r\u00e9mun\u00e9r\u00e9 d&#039;une dur\u00e9e de 120heures, et deprononcer une amende d\u2019un montant de 1.500 euros. Aux termes de l\u2019article 13 de la loi modifi\u00e9e du 14 f\u00e9vrier 1955 concernant la r\u00e9glementation de la circulation sur toutes les voies publiques, le juge saisi d\u2019une ou de plusieurs infractions \u00e0 la r\u00e9glementation de la circulation sur toutes les voies publiques ou de d\u00e9lits ou de crimes qui se sont joints \u00e0 ces infractions, pourra prononcer une interdiction de conduire de trois mois \u00e0 quinze ans en mati\u00e8re de d\u00e9lits ou de crimes.<\/p>\n<p>5 L\u2019interdiction de conduireest cependant obligatoire en cas de circulation en \u00e9tat d\u2019ivresse d\u2019apr\u00e8s les dispositions du m\u00eame article. Au vu des circonstances de l\u2019affaire, la chambre correctionnelle d\u00e9cide de prononcer contrePERSONNE1.)une interdiction de conduire de18mois duchef de la conduite d\u2019un v\u00e9hicule sur la voie publique malgr\u00e9 interdiction de conduireretenu \u00e0 sa charge sub1), et une autre interdiction de conduire, d\u2019une dur\u00e9e de30mois,du chef du d\u00e9lit d\u2019alcool\u00e9mie au volant retenu \u00e0 sa charge sub2). Parcesmotifs, le tribunal d\u2019arrondissement de et \u00e0 Diekirch, si\u00e9geant en mati\u00e8re correctionnelleet encomposition de juge unique, statuant contradictoirementet en premi\u00e8re instance, le pr\u00e9venuPERSONNE1.)et son mandataireentendusenleursexplications et moyens de d\u00e9fenseau p\u00e9nal,le repr\u00e9sentant du Minist\u00e8re Public entendu en son r\u00e9quisitoire,le pr\u00e9venu ayant eu la parole en dernier, d o n n e a c t e\u00e0PERSONNE1.)de son accord \u00e0 ex\u00e9cuter un travail d\u2019int\u00e9r\u00eat g\u00e9n\u00e9ral, c o n d am n ePERSONNE1.)du chef des infractions retenues \u00e0 sa charge \u00e0 accomplir un travail d\u2019int\u00e9r\u00eat g\u00e9n\u00e9ral non r\u00e9mun\u00e9r\u00e9 d\u2019une dur\u00e9e deCENTVINGT(120) HEURES, a v e r t i tPERSONNE1.)que l\u2019ex\u00e9cution du travail d\u2019int\u00e9r\u00eat g\u00e9n\u00e9ral doit \u00eatre commenc\u00e9e dans lessix mois\u00e0 partir du jour o\u00f9 le pr\u00e9sent jugement a acquis force de chose jug\u00e9e et que travail d\u2019int\u00e9r\u00eat g\u00e9n\u00e9ral devra \u00eatre ex\u00e9cut\u00e9 dans lesvingt-quatre mois\u00e0 partir du jour o\u00f9 le pr\u00e9sent jugement a acquis force de chose jug\u00e9e, a v e r t i tPERSONNE1.)quel\u2019inex\u00e9cutionde ces travaux peut entra\u00eener de nouvelles poursuites de la part du Parquet (cf. article 23 du Code p\u00e9nal):\u00abToute violation de l\u2019une des obligations ou interdictions r\u00e9sultant des sanctions p\u00e9nales prononc\u00e9es en application des articles 17, 18, 21 et 22est punie d\u2019un emprisonnement de deux mois \u00e0 deux ans\u00bb, c o n d a m n ePERSONNE1.)du chef desinfractionsretenues\u00e0 sa charge \u00e0 une amende d\u2019un montant deMILLECINQCENTS(1.500) EUROS,ainsi qu\u2019aux frais de sa poursuite p\u00e9nale, ces frais \u00e9tant liquid\u00e9s \u00e0 la somme de63,50euros,<\/p>\n<p>6 f i x ela dur\u00e9e de la contrainte par corps en cas de non-paiement de l\u2019amende \u00e0QUINZE(15) JOURS, p r o n o n c econtrePERSONNE1.)une interdiction de conduire un v\u00e9hicule automoteur des cat\u00e9gories A, B, C, D, E et F sur toutes les voies publiques pour unedur\u00e9etotaledeQUARANTE-HUIT(48) MOIS,dont dix-huit(18) mois du chef de l\u2019infraction retenue \u00e0 sa charge sub 1) et trente(30) mois du chef de celle retenue \u00e0 sa charge sub 2). Par application des articles 12et13de la loi modifi\u00e9e du 14 f\u00e9vrier1955 concernant la r\u00e9glementation de la circulation sur toutes les voies publiques,des articles27, 28, 29, 30et60du Code p\u00e9nal,et des articles 179, 182, 184,185,189, 190, 190-1,191, 192,194,195et196du Codede proc\u00e9dure p\u00e9nale. Ainsi fait, jug\u00e9 et prononc\u00e9 en audience publique le vendredi29septembre 2023au Palais de Justice \u00e0 Diekirch parMagali GONNER,juge, assist\u00e9 dugreffierassum\u00e9Saban KALABIC, en pr\u00e9sencede Micka\u00ebl MOSCONI, substitutduProcureur d\u2019Etat, qui \u00e0 l\u2019exception du repr\u00e9sentant du Minist\u00e8rePublic ont sign\u00e9 le pr\u00e9sent jugement. Ce jugement est susceptible d\u2019appel. L\u2019appel doit \u00eatre interjet\u00e9 dans les formes et d\u00e9lais pr\u00e9vus aux articles 202 et suivants du Code de proc\u00e9dure p\u00e9nale et il doit \u00eatre form\u00e9 par le pr\u00e9venu ou son avocat, la partie civile ainsi que la partie civilement responsable ou leurs avocats respectifs dans les40 joursde la date du prononc\u00e9 du pr\u00e9sent jugement, aupr\u00e8s du greffe du Tribunal d\u2019arrondissement de Diekirch, en se pr\u00e9sentant personnellementpour signer l\u2019acte d\u2019appel. L\u2019appel peut \u00e9galement \u00eatre interjet\u00e9, dans les40 joursde la date du prononc\u00e9 du pr\u00e9sent jugement par voie decourrier \u00e9lectronique\u00e0 adresser au guichet du greffe du Tribunal d\u2019arrondissement de Diekirch \u00e0 l\u2019adresse guichet.tribunal.diekirch@justice.etat.lu. Si le pr\u00e9venu estd\u00e9tenu,il peut d\u00e9clarer son appel au greffe duCentre p\u00e9nitentiaire.<\/p>\n<\/div>\n<hr class=\"kji-sep\" \/>\n<p class=\"kji-source-links\"><strong>Sources officielles :<\/strong> <a class=\"kji-source-link\" href=\"https:\/\/data.public.lu\/fr\/datasets\/tribunal-darrondissement-diekirch\/\" target=\"_blank\" rel=\"noopener noreferrer\">consulter la page source<\/a> &middot; <a class=\"kji-pdf-link\" href=\"https:\/\/download.data.public.lu\/resources\/tribunal-darrondissement-diekirch\/20240808-143635\/20230929-tadpenal-404-pseudonymise-accessible.pdf\" target=\"_blank\" rel=\"noopener noreferrer\">PDF officiel<\/a><\/p>\n<p class=\"kji-license-note\"><em>Licence CC BY-ND 4.0 (Administration judiciaire, data.public.lu). Republication autorisee avec attribution, sans modification editoriale du texte integral.<\/em><\/p>\n<\/div>\n","protected":false},"excerpt":{"rendered":"<p>No.404\/2023 Audience publique duvendredi,29 septembre2023 (Not.1976\/23\/XC)\u2013SK Le tribunal d\u2019arrondissement de et \u00e0 Diekirch, si\u00e9geant en mati\u00e8re correctionnelle et en composition de juge unique, a rendu en son audience publique duvendredivingt-neuf septembredeux millevingt-trois, le jugement qui suitdans la cause E N T R E Monsieur le\u2026<\/p>\n","protected":false},"featured_media":0,"template":"","meta":{"_crdt_document":""},"kji_country":[8418],"kji_court":[23583],"kji_chamber":[],"kji_year":[24566],"kji_subject":[7724],"kji_keyword":[23584,23621,23622,15227,7636],"kji_language":[7733],"class_list":["post-613570","kji_decision","type-kji_decision","status-publish","hentry","kji_country-luxembourg","kji_court-tribunal-darrondissement","kji_year-24566","kji_subject-civil","kji_keyword-arrondissement","kji_keyword-audience","kji_keyword-publique","kji_keyword-septembre","kji_keyword-tribunal","kji_language-francais"],"yoast_head":"<!-- This site is optimized with the Yoast SEO Premium plugin v27.4 (Yoast SEO v27.4) - https:\/\/yoast.com\/product\/yoast-seo-premium-wordpress\/ -->\n<title>Tribunal d&#039;arrondissement, 29 septembre 2023 - Ma\u00eetre Hassan Kohen, avocat en droit p\u00e9nal \u00e0 Paris<\/title>\n<meta name=\"robots\" content=\"index, follow, max-snippet:-1, max-image-preview:large, max-video-preview:-1\" \/>\n<link rel=\"canonical\" href=\"https:\/\/kohenavocats.com\/ru\/jurisprudences\/tribunal-darrondissement-29-septembre-2023-10\/\" \/>\n<meta property=\"og:locale\" content=\"ru_RU\" \/>\n<meta property=\"og:type\" content=\"article\" \/>\n<meta property=\"og:title\" content=\"Tribunal d&#039;arrondissement, 29 septembre 2023\" \/>\n<meta property=\"og:description\" content=\"No.404\/2023 Audience publique duvendredi,29 septembre2023 (Not.1976\/23\/XC)\u2013SK Le tribunal d\u2019arrondissement de et \u00e0 Diekirch, si\u00e9geant en mati\u00e8re correctionnelle et en composition de juge unique, a rendu en son audience publique duvendredivingt-neuf septembredeux millevingt-trois, le jugement qui suitdans la cause E N T R E Monsieur le\u2026\" \/>\n<meta property=\"og:url\" content=\"https:\/\/kohenavocats.com\/ru\/jurisprudences\/tribunal-darrondissement-29-septembre-2023-10\/\" \/>\n<meta property=\"og:site_name\" content=\"Ma\u00eetre Hassan Kohen, avocat en droit p\u00e9nal \u00e0 Paris\" \/>\n<meta property=\"article:modified_time\" content=\"2026-04-19T22:03:36+00:00\" \/>\n<meta name=\"twitter:card\" content=\"summary_large_image\" \/>\n<meta name=\"twitter:label1\" content=\"\u041f\u0440\u0438\u043c\u0435\u0440\u043d\u043e\u0435 \u0432\u0440\u0435\u043c\u044f \u0434\u043b\u044f \u0447\u0442\u0435\u043d\u0438\u044f\" \/>\n\t<meta name=\"twitter:data1\" content=\"10 \u043c\u0438\u043d\u0443\u0442\" \/>\n<script type=\"application\/ld+json\" class=\"yoast-schema-graph\">{\"@context\":\"https:\\\/\\\/schema.org\",\"@graph\":[{\"@type\":\"WebPage\",\"@id\":\"https:\\\/\\\/kohenavocats.com\\\/ru\\\/jurisprudences\\\/tribunal-darrondissement-29-septembre-2023-10\\\/\",\"url\":\"https:\\\/\\\/kohenavocats.com\\\/ru\\\/jurisprudences\\\/tribunal-darrondissement-29-septembre-2023-10\\\/\",\"name\":\"Tribunal d'arrondissement, 29 septembre 2023 - Ma\u00eetre Hassan Kohen, avocat en droit p\u00e9nal \u00e0 Paris\",\"isPartOf\":{\"@id\":\"https:\\\/\\\/kohenavocats.com\\\/ru\\\/#website\"},\"datePublished\":\"2026-04-19T22:03:33+00:00\",\"dateModified\":\"2026-04-19T22:03:36+00:00\",\"breadcrumb\":{\"@id\":\"https:\\\/\\\/kohenavocats.com\\\/ru\\\/jurisprudences\\\/tribunal-darrondissement-29-septembre-2023-10\\\/#breadcrumb\"},\"inLanguage\":\"ru-RU\",\"potentialAction\":[{\"@type\":\"ReadAction\",\"target\":[\"https:\\\/\\\/kohenavocats.com\\\/ru\\\/jurisprudences\\\/tribunal-darrondissement-29-septembre-2023-10\\\/\"]}]},{\"@type\":\"BreadcrumbList\",\"@id\":\"https:\\\/\\\/kohenavocats.com\\\/ru\\\/jurisprudences\\\/tribunal-darrondissement-29-septembre-2023-10\\\/#breadcrumb\",\"itemListElement\":[{\"@type\":\"ListItem\",\"position\":1,\"name\":\"Home\",\"item\":\"https:\\\/\\\/kohenavocats.com\\\/ru\\\/avocats-en-droit-penal-a-paris-conseil-et-defense-strategique\\\/\"},{\"@type\":\"ListItem\",\"position\":2,\"name\":\"Jurisprudences\",\"item\":\"https:\\\/\\\/kohenavocats.com\\\/ru\\\/jurisprudences\\\/\"},{\"@type\":\"ListItem\",\"position\":3,\"name\":\"Tribunal d&rsquo;arrondissement, 29 septembre 2023\"}]},{\"@type\":\"WebSite\",\"@id\":\"https:\\\/\\\/kohenavocats.com\\\/ru\\\/#website\",\"url\":\"https:\\\/\\\/kohenavocats.com\\\/ru\\\/\",\"name\":\"Kohen Avocats\",\"description\":\"Ma\u00eetre Hassan Kohen, avocat p\u00e9naliste \u00e0 Paris, intervient exclusivement en droit p\u00e9nal pour la d\u00e9fense des particuliers, notamment en mati\u00e8re d\u2019accusations de viol. Il assure un accompagnement rigoureux d\u00e8s la garde \u00e0 vue jusqu\u2019\u00e0 la Cour d\u2019assises, veillant au strict respect des garanties proc\u00e9durales.\",\"publisher\":{\"@id\":\"https:\\\/\\\/kohenavocats.com\\\/ru\\\/#organization\"},\"potentialAction\":[{\"@type\":\"SearchAction\",\"target\":{\"@type\":\"EntryPoint\",\"urlTemplate\":\"https:\\\/\\\/kohenavocats.com\\\/ru\\\/?s={search_term_string}\"},\"query-input\":{\"@type\":\"PropertyValueSpecification\",\"valueRequired\":true,\"valueName\":\"search_term_string\"}}],\"inLanguage\":\"ru-RU\"},{\"@type\":\"Organization\",\"@id\":\"https:\\\/\\\/kohenavocats.com\\\/ru\\\/#organization\",\"name\":\"Kohen Avocats\",\"url\":\"https:\\\/\\\/kohenavocats.com\\\/ru\\\/\",\"logo\":{\"@type\":\"ImageObject\",\"inLanguage\":\"ru-RU\",\"@id\":\"https:\\\/\\\/kohenavocats.com\\\/ru\\\/#\\\/schema\\\/logo\\\/image\\\/\",\"url\":\"https:\\\/\\\/kohenavocats.com\\\/wp-content\\\/uploads\\\/2026\\\/01\\\/Logo-2-1.webp\",\"contentUrl\":\"https:\\\/\\\/kohenavocats.com\\\/wp-content\\\/uploads\\\/2026\\\/01\\\/Logo-2-1.webp\",\"width\":2114,\"height\":1253,\"caption\":\"Kohen Avocats\"},\"image\":{\"@id\":\"https:\\\/\\\/kohenavocats.com\\\/ru\\\/#\\\/schema\\\/logo\\\/image\\\/\"}}]}<\/script>\n<!-- \/ Yoast SEO Premium plugin. -->","yoast_head_json":{"title":"Tribunal d'arrondissement, 29 septembre 2023 - Ma\u00eetre Hassan Kohen, avocat en droit p\u00e9nal \u00e0 Paris","robots":{"index":"index","follow":"follow","max-snippet":"max-snippet:-1","max-image-preview":"max-image-preview:large","max-video-preview":"max-video-preview:-1"},"canonical":"https:\/\/kohenavocats.com\/ru\/jurisprudences\/tribunal-darrondissement-29-septembre-2023-10\/","og_locale":"ru_RU","og_type":"article","og_title":"Tribunal d'arrondissement, 29 septembre 2023","og_description":"No.404\/2023 Audience publique duvendredi,29 septembre2023 (Not.1976\/23\/XC)\u2013SK Le tribunal d\u2019arrondissement de et \u00e0 Diekirch, si\u00e9geant en mati\u00e8re correctionnelle et en composition de juge unique, a rendu en son audience publique duvendredivingt-neuf septembredeux millevingt-trois, le jugement qui suitdans la cause E N T R E Monsieur le\u2026","og_url":"https:\/\/kohenavocats.com\/ru\/jurisprudences\/tribunal-darrondissement-29-septembre-2023-10\/","og_site_name":"Ma\u00eetre Hassan Kohen, avocat en droit p\u00e9nal \u00e0 Paris","article_modified_time":"2026-04-19T22:03:36+00:00","twitter_card":"summary_large_image","twitter_misc":{"\u041f\u0440\u0438\u043c\u0435\u0440\u043d\u043e\u0435 \u0432\u0440\u0435\u043c\u044f \u0434\u043b\u044f \u0447\u0442\u0435\u043d\u0438\u044f":"10 \u043c\u0438\u043d\u0443\u0442"},"schema":{"@context":"https:\/\/schema.org","@graph":[{"@type":"WebPage","@id":"https:\/\/kohenavocats.com\/ru\/jurisprudences\/tribunal-darrondissement-29-septembre-2023-10\/","url":"https:\/\/kohenavocats.com\/ru\/jurisprudences\/tribunal-darrondissement-29-septembre-2023-10\/","name":"Tribunal d'arrondissement, 29 septembre 2023 - Ma\u00eetre Hassan Kohen, avocat en droit p\u00e9nal \u00e0 Paris","isPartOf":{"@id":"https:\/\/kohenavocats.com\/ru\/#website"},"datePublished":"2026-04-19T22:03:33+00:00","dateModified":"2026-04-19T22:03:36+00:00","breadcrumb":{"@id":"https:\/\/kohenavocats.com\/ru\/jurisprudences\/tribunal-darrondissement-29-septembre-2023-10\/#breadcrumb"},"inLanguage":"ru-RU","potentialAction":[{"@type":"ReadAction","target":["https:\/\/kohenavocats.com\/ru\/jurisprudences\/tribunal-darrondissement-29-septembre-2023-10\/"]}]},{"@type":"BreadcrumbList","@id":"https:\/\/kohenavocats.com\/ru\/jurisprudences\/tribunal-darrondissement-29-septembre-2023-10\/#breadcrumb","itemListElement":[{"@type":"ListItem","position":1,"name":"Home","item":"https:\/\/kohenavocats.com\/ru\/avocats-en-droit-penal-a-paris-conseil-et-defense-strategique\/"},{"@type":"ListItem","position":2,"name":"Jurisprudences","item":"https:\/\/kohenavocats.com\/ru\/jurisprudences\/"},{"@type":"ListItem","position":3,"name":"Tribunal d&rsquo;arrondissement, 29 septembre 2023"}]},{"@type":"WebSite","@id":"https:\/\/kohenavocats.com\/ru\/#website","url":"https:\/\/kohenavocats.com\/ru\/","name":"Kohen Avocats","description":"Ma\u00eetre Hassan Kohen, avocat p\u00e9naliste \u00e0 Paris, intervient exclusivement en droit p\u00e9nal pour la d\u00e9fense des particuliers, notamment en mati\u00e8re d\u2019accusations de viol. Il assure un accompagnement rigoureux d\u00e8s la garde \u00e0 vue jusqu\u2019\u00e0 la Cour d\u2019assises, veillant au strict respect des garanties proc\u00e9durales.","publisher":{"@id":"https:\/\/kohenavocats.com\/ru\/#organization"},"potentialAction":[{"@type":"SearchAction","target":{"@type":"EntryPoint","urlTemplate":"https:\/\/kohenavocats.com\/ru\/?s={search_term_string}"},"query-input":{"@type":"PropertyValueSpecification","valueRequired":true,"valueName":"search_term_string"}}],"inLanguage":"ru-RU"},{"@type":"Organization","@id":"https:\/\/kohenavocats.com\/ru\/#organization","name":"Kohen Avocats","url":"https:\/\/kohenavocats.com\/ru\/","logo":{"@type":"ImageObject","inLanguage":"ru-RU","@id":"https:\/\/kohenavocats.com\/ru\/#\/schema\/logo\/image\/","url":"https:\/\/kohenavocats.com\/wp-content\/uploads\/2026\/01\/Logo-2-1.webp","contentUrl":"https:\/\/kohenavocats.com\/wp-content\/uploads\/2026\/01\/Logo-2-1.webp","width":2114,"height":1253,"caption":"Kohen Avocats"},"image":{"@id":"https:\/\/kohenavocats.com\/ru\/#\/schema\/logo\/image\/"}}]}},"jetpack_likes_enabled":false,"jetpack_sharing_enabled":true,"_links":{"self":[{"href":"https:\/\/kohenavocats.com\/ru\/wp-json\/wp\/v2\/kji_decision\/613570","targetHints":{"allow":["GET"]}}],"collection":[{"href":"https:\/\/kohenavocats.com\/ru\/wp-json\/wp\/v2\/kji_decision"}],"about":[{"href":"https:\/\/kohenavocats.com\/ru\/wp-json\/wp\/v2\/types\/kji_decision"}],"wp:attachment":[{"href":"https:\/\/kohenavocats.com\/ru\/wp-json\/wp\/v2\/media?parent=613570"}],"wp:term":[{"taxonomy":"kji_country","embeddable":true,"href":"https:\/\/kohenavocats.com\/ru\/wp-json\/wp\/v2\/kji_country?post=613570"},{"taxonomy":"kji_court","embeddable":true,"href":"https:\/\/kohenavocats.com\/ru\/wp-json\/wp\/v2\/kji_court?post=613570"},{"taxonomy":"kji_chamber","embeddable":true,"href":"https:\/\/kohenavocats.com\/ru\/wp-json\/wp\/v2\/kji_chamber?post=613570"},{"taxonomy":"kji_year","embeddable":true,"href":"https:\/\/kohenavocats.com\/ru\/wp-json\/wp\/v2\/kji_year?post=613570"},{"taxonomy":"kji_subject","embeddable":true,"href":"https:\/\/kohenavocats.com\/ru\/wp-json\/wp\/v2\/kji_subject?post=613570"},{"taxonomy":"kji_keyword","embeddable":true,"href":"https:\/\/kohenavocats.com\/ru\/wp-json\/wp\/v2\/kji_keyword?post=613570"},{"taxonomy":"kji_language","embeddable":true,"href":"https:\/\/kohenavocats.com\/ru\/wp-json\/wp\/v2\/kji_language?post=613570"}],"curies":[{"name":"wp","href":"https:\/\/api.w.org\/{rel}","templated":true}]}}