{"id":614655,"date":"2026-04-20T02:04:31","date_gmt":"2026-04-20T00:04:31","guid":{"rendered":"https:\/\/kohenavocats.com\/jurisprudences\/tribunal-federal-suisse-8-aout-2023-n-6b-1384-2022-2\/"},"modified":"2026-04-20T02:04:31","modified_gmt":"2026-04-20T00:04:31","slug":"tribunal-federal-suisse-8-aout-2023-n-6b-1384-2022-2","status":"publish","type":"kji_decision","link":"https:\/\/kohenavocats.com\/ru\/jurisprudences\/tribunal-federal-suisse-8-aout-2023-n-6b-1384-2022-2\/","title":{"rendered":"Tribunal f\u00e9d\u00e9ral suisse, 8 ao\u00fbt 2023, n\u00b0 6B 1384-2022"},"content":{"rendered":"<div class=\"kji-decision\">\n<div class=\"kji-full-text\">\n<p>Bundesgericht<\/p>\n<p>Tribunal f\u00e9d\u00e9ral<\/p>\n<p>Tribunale federale<\/p>\n<p>Tribunal federal<\/p>\n<p>6B_1384\/2022<\/p>\n<p>Sentenza dell&#039;8 agosto 2023<\/p>\n<p>I Corte di diritto penale<\/p>\n<p>Composizione<\/p>\n<p>Giudici federali Denys, Giudice presidente,<\/p>\n<p>Muschietti, van de Graaf,<\/p>\n<p>Cancelliera Ortolano Ribordy.<\/p>\n<p>Partecipanti al procedimento<\/p>\n<p>A.________,<\/p>\n<p>patrocinata dall&#039;avv. Stefano Marinetti,<\/p>\n<p>ricorrente,<\/p>\n<p>contro<\/p>\n<p>Ministero pubblico del Cantone Ticino, Palazzo di giustizia, via Pretorio 16, 6901 Lugano,<\/p>\n<p>opponente.<\/p>\n<p>Oggetto<\/p>\n<p>Commisurazione della pena,<\/p>\n<p>ricorso in materia penale contro la sentenza emanata il 3 ottobre 2022 dalla Corte di appello e di revisione penale del Cantone Ticino (17.2021.309 + 17.2022.275).<\/p>\n<p>Fatti:<\/p>\n<p>A.<\/p>\n<p>Con atto d&#039;accusa del 3 dicembre 2019 il Ministero pubblico del Cantone Ticino ha rinviato a giudizio A.________ per i titoli di omicidio colposo, ripetuta grave infrazione alle norme della circolazione, guida in stato di inattitudine, guida di un veicolo a motore senza essere titolari della licenza di condurre richiesta, nonch\u00e9 contravvenzione alla LStup. In sostanza a A.________ veniva rimproverato di avere, in data 23 marzo 2018 verso le ore 14.17 a X.________, guidato in stato di inattitudine a seguito dell&#039;assunzione di marijuana, omesso di adeguare la velocit\u00e0 alle condizioni della circolazione e di azionare tempestivamente i freni nell&#039;avvicinarsi al semaforo di cantiere, tamponato dapprima il motoveicolo, fermo al semaforo, condotto da B.________ che, a seguito dell&#039;impatto, veniva sbalzata dalla sella per atterrare poco distante, e poi travolto il di lei compagno, C.________, in sella al suo motoveicolo, il quale rimaneva incastrato sotto la scocca dell&#039;autovettura e moriva a causa delle lesioni riportate. Le veniva altres\u00ec imputato di avere, lo stesso giorno tra le ore 13.54 e le ore 14.00 in territorio di Melide, mentre circolava alla guida della propria autovettura, scattato una serie di selfie con il proprio cellulare posizionato sul cruscotto, nonch\u00e9 di avere, nel periodo dal 9 maggio 2017 al 23 marzo 2018 in svariate localit\u00e0 della Svizzera, guidato in possesso di una patente bulgara non valida sul territorio svizzero. A.________ veniva infine accusata di avere, nel periodo 2017 &#8212; 30 luglio 2018, consumato un imprecisato quantitativo di marijuana, ma almeno 5 grammi.<\/p>\n<p>B.<\/p>\n<p>In esito al dibattimento di primo grado, a cui A.________ non si \u00e8 presentata, con sentenza del 6 ottobre 2021 la Corte delle assise criminali ha riconosciuto l&#039;imputata colpevole di omicidio colposo, ripetuta grave infrazione alle norme della circolazione, guida in stato di inattitudine e guida di un veicolo a motore senza essere titolari della licenza di condurre richiesta, ma ha abbandonato il procedimento per contravvenzione alla LStup per intervenuta prescrizione. A.________ \u00e8 stata condannata alla pena detentiva di 3 anni, sospesa in ragione di 30 mesi per un periodo di prova di 2 anni. Non le \u00e8 per contro stata revocata la sospensione condizionale della pena pecuniaria inflittale con il decreto di accusa emanato il 24 febbraio 2017 dalla procura pubblica di Rheinfelden-Laufenburg, ma ne \u00e8 stato prolungato di un anno il periodo di prova.<\/p>\n<p>C.<\/p>\n<p>A.________ ha appellato il giudizio di primo grado limitatamente alla pena inflittale, chiedendo che fosse contenuta a un massimo di 2 anni e integralmente sospesa condizionalmente per un periodo di prova di 2 anni. Su esplicita richiesta dell&#039;imputata e con accordo delle parti, il procedimento \u00e8 stato trattato in procedura scritta. Con sentenza del 3 ottobre 2022, la Corte di appello e di revisione penale del Cantone Ticino (CARP) ha respinto l&#039;appello di A.________ e confermato l&#039;entit\u00e0 della pena irrogatale in prima istanza.<\/p>\n<p>D.<\/p>\n<p>Contro questa sentenza A.________ insorge al Tribunale federale con un ricorso in materia penale. Postula, in via principale, la sua condanna a una pena detentiva (massima) di 2 anni, sospesa condizionalmente per un periodo di prova di 2 anni, subordinatamente l&#039;annullamento del giudizio impugnato e il rinvio della causa alla CARP per nuova decisione.<\/p>\n<p>Con decreto del 16 gennaio 2023 \u00e8 stata respinta la domanda di assistenza giudiziaria con gratuito patrocinio presentata contestualmente al ricorso.<\/p>\n<p>Al momento di trasmettere l&#039;incarto cantonale a questo Tribunale, la CARP ha annunciato di rinunciare a formulare osservazioni sull&#039;impugnativa, rinviando ai considerandi della propria decisione. Il Ministero pubblico si rimette al giudizio del Tribunale federale. La ricorrente non ha replicato.<\/p>\n<p>Diritto:<\/p>\n<p>1.<\/p>\n<p>Presentato dall&#039;imputata (art. 81 cpv. 1 LTF) e diretto contro una decisione finale (art. 90 LTF), pronunciata in materia penale (art. 78 cpv. 1 LTF) da un&#039;autorit\u00e0 cantonale di ultima istanza (art. 80 cpv. 1 LTF), il ricorso in materia penale \u00e8 proponibile e di massima ammissibile, in quanto tempestivo (art. 100 cpv. 1 LTF) e inoltrato nelle forme richieste (art. 42 cpv. 1 LTF).<\/p>\n<p>2.<\/p>\n<p>Il ricorso verte unicamente sulla commisurazione della pena inflitta all&#039;insorgente.<\/p>\n<p>2.1. Giusta l&#039;art. 47 CP, il giudice commisura la pena alla colpa dell&#039;autore. Tiene conto della vita anteriore e delle condizioni personali dell&#039;autore, nonch\u00e9 dell&#039;effetto che la pena avr\u00e0 sulla sua vita (cpv. 1). La colpa \u00e8 determinata secondo il grado di lesione o esposizione a pericolo del bene giuridico offeso, secondo la reprensibilit\u00e0 dell&#039;offesa, i moventi e gli obiettivi perseguiti, nonch\u00e9, tenuto conto delle circostanze interne ed esterne, secondo la possibilit\u00e0 che l&#039;autore aveva di evitare l&#039;esposizione a pericolo o la lesione (cpv. 2). A norma dell&#039;art. 49 cpv. 1 CP, quando per uno o pi\u00f9 reati risultano adempiute le condizioni per l&#039;inflizione di pi\u00f9 pene dello stesso genere, il giudice condanna l&#039;autore alla pena prevista per il reato pi\u00f9 grave aumentandola in misura adeguata. Non pu\u00f2 tuttavia aumentare di oltre la met\u00e0 il massimo della pena comminata. \u00c8 in ogni modo vincolato al massimo legale del genere di pena. La pronuncia di una pena unica in applicazione del principio dell&#039;inasprimento della pena di cui all&#039;art. 49 cpv. 1 CP \u00e8 possibile unicamente se nel caso concreto le pene prospettate per sanzionare i singoli reati sono dello stesso genere (DTF 144 IV 313 consid. 1.1.1, 217 consid. 2.2).<\/p>\n<p>2.2. Il Tribunale federale ha ripetutamente illustrato i principi che presiedono alla commisurazione della pena in generale (DTF 141 IV 61 consid. 6.1.1 con rinvii), rispettivamente alla pronuncia della pena unica giusta l&#039;art. 49 cpv. 1 CP in applicazione del principio dell&#039;inasprimento (DTF 144 IV 313 consid. 1.1). Per brevit\u00e0 si rinvia alla giurisprudenza pubblicata. \u00c8 opportuno comunque rammentare che, nell&#039;ambito della commisurazione della pena, il giudice dispone di un ampio potere di apprezzamento. Il Tribunale federale interviene solo quando il giudice cantonale cade nell&#039;eccesso o nell&#039;abuso del potere di apprezzamento, ossia laddove la pena esca dal quadro edittale, sia valutata in base a elementi estranei all&#039;art. 47 CP, oppure appaia eccessivamente severa o clemente. Il controllo della pena presuppone che nella sua decisione il giudice esponga gli elementi essenziali afferenti il reato e l&#039;autore di cui tiene conto, di modo che sia possibile verificare che tutti i fattori pertinenti sono stati presi in considerazione e come sono stati ponderati, se in senso attenuante o aggravante (art. 50 CP). La motivazione deve giustificare la pena e permettere di seguire il ragionamento che ne \u00e8 alla base, il giudice non \u00e8 tuttavia tenuto a esprimere in cifre o in percentuali l&#039;importanza accordata ai diversi elementi determinanti per la sanzione (DTF 144 IV 313 consid. 1.2 e rinvii).<\/p>\n<p>2.3. Chinandosi sulle circostanze oggettive e soggettive legate alle diverse infrazioni commesse, la CARP ha definito la colpa della ricorrente decisamente grave in relazione all&#039;omicidio colposo, grave con riguardo alla ripetuta grave infrazione alle norme della circolazione, di grado medio per la guida in stato di inattitudine e per la guida senza autorizzazione. Per questi due ultimi reati, contrariamente all&#039;omicidio colposo e alla ripetuta grave infrazione delle norme della circolazione, l&#039;autorit\u00e0 cantonale ha osservato che una pena pecuniaria avrebbe potuto entrare in considerazione, ma alla luce delle circostanze concrete non avrebbe verosimilmente potuto essere eseguita, e ha ritenuto dunque date le condizioni dell&#039;art. 41 cpv. 1 CP per pronunciare una pena detentiva invece di una pena pecuniaria, ci\u00f2 che l&#039;insorgente non contesta. Partendo da una pena ipotetica per il reato pi\u00f9 grave di omicidio colposo stabilita in 2 anni e 6 mesi, aumentata in modo adeguato in ragione del concorso di reati in applicazione del principio dell&#039;inasprimento, la CARP ha fissato a 3 anni e 3 mesi la pena base unica. Ha poi ponderato tale pena in funzione delle circostanze legate all&#039;autrice, senza tuttavia trovare elementi suscettibili di comportare una riduzione della pena base. \u00c8 quindi solo alla luce del divieto della reformatio in peius che la Corte cantonale ha confermato la pena irrogata alla ricorrente in prima istanza, come anche la sospensione condizionale parziale in ragione di 30 mesi per un periodo di prova di 2 anni.<\/p>\n<p>2.4. L&#039;insorgente ritiene che la pena inflittale sia &quot;oggettivamente troppo alta&quot;. La CARP avrebbe considerato elementi del tutto estranei ai criteri legali con conseguente violazione dell&#039;art. 47 CP e del principio della proporzionalit\u00e0. Con riferimento alle circostanze oggettive e soggettive legate al reato di omicidio colposo, la ricorrente rimprovera alla CARP di aver tenuto conto in senso aggravante dell&#039;assenza di una patente valida in Svizzera nonch\u00e9 dei selfie scattati precedentemente al sinistro, in luoghi che peraltro l&#039;inchiesta non avrebbe potuto identificare. Tali elementi sarebbero stati presi in considerazione impropriamente e arbitrariamente al fine di &quot;sovradimensionare la gravit\u00e0 di un incidente finito in omicidio colposo&quot;. Richiamando le risultanze peritali, l&#039;insorgente evidenzia come solo minime differenze di distanza tra i veicoli, di velocit\u00e0 e di tempo di reazione avrebbero evitato l&#039;esito letale dell&#039;impatto, di modo che la sua colpa non potrebbe essere considerata cos\u00ec grave. Sottolinea poi come le condizioni del traffico e stradali, considerate viepi\u00f9 le carenze nella segnaletica, non sarebbero state tali da imporre una particolare moderazione della velocit\u00e0, ci\u00f2 che avrebbe dovuto essere adeguatamente ponderato nella commisurazione della pena. Peraltro, il fatto che guidasse sotto l&#039;influsso di cannabis non sarebbe una circostanza suscettibile di &quot;aggravare oltre misura&quot; la pena, in assenza di approfondimenti peritali sugli effetti concreti del consumo della sostanza sulla capacit\u00e0 di reattivit\u00e0 e lucidit\u00e0 della ricorrente al momento dell&#039;incidente. Per quanto concerne in seguito le circostanze legate alla persona dell&#039;autore, l&#039;insorgente rimprovera alla CARP un atteggiamento &quot;giustizialista&quot; consistente nell&#039;addebitarle implicitamente scelte di vita ritenute immorali, valutandole in senso aggravante. L&#039;autorit\u00e0 precedente avrebbe inoltre tenuto conto di una sua pretesa mancata presa di coscienza di quanto commesso, malgrado ella ne abbia da subito compreso la gravit\u00e0 e abbia riconosciuto le proprie responsabilit\u00e0, chiedendo anche perdono ai familiari della vittima. La CARP avrebbe &quot;tematizzato la contumacia in senso aggravante&quot;, senza permetterle di dimostrare le ragioni della sua assenza con l&#039;audizione del marito, che avrebbe potuto illustrare le sofferenze psichiche e fisiche all&#039;origine della sua mancata partecipazione al dibattimento.<\/p>\n<p>2.5.<\/p>\n<p>2.5.1. Nel valutare la colpa della ricorrente riferita all&#039;omicidio colposo, la CARP ha tenuto conto, oltre all&#039;importanza del bene giuridico leso, anche dell&#039;entit\u00e0 della negligenza di cui ha dato prova, avendo violato in modo chiaro diverse norme della circolazione, ossia il dovere di rivolgere la propria attenzione alla strada e alla circolazione per poter rispettare il dovere di costantemente padroneggiare il veicolo (art. 31 cpv. 1 LCStr e art. 3 cpv. 1 dell&#039;ordinanza del 13 novembre 1962 sulle norme della circolazione stradale [ONC; RS 741.11]), il dovere di adattare la velocit\u00e0 alle circostanze (art. 32 cpv. 1 LCStr e art. 4 cpv. 1 ONC) nonch\u00e9 l&#039;obbligo di mantenere una distanza sufficiente dagli altri utenti della strada (art. 34 cpv. 4 LCStr e art. 12 cpv. 1 ONC). Ha precisato che il cumulo di queste trasgressioni rappresenta una violazione molto grave del dovere generale di prudenza e di non essere di ostacolo n\u00e9 di pericolo per gli altri utenti della strada. A torto l&#039;insorgente tenta di relativizzare la colpa richiamandosi alla perizia che attesterebbe una sua reazione molto veloce. Il perito stabilisce infatti che la &quot;causa del sinistro \u00e8 da attribuire alla combinazione tra distanza insufficiente, velocit\u00e0 inappropriata e reazione non tempestiva&quot; della ricorrente (incarto cantonale, allegato n. 77 pag. 53), e quindi a un cumulo di trasgressioni come ritenuto dalla CARP. Se \u00e8 vero che, in base alla perizia, per evitare il &quot;sinistro&quot; sarebbe bastato che uno di questi parametri fosse stato meglio adeguato alle circostanze, resta il fatto che l&#039;incidente letale \u00e8 il risultato di un insieme di violazioni di norme della circolazione stradale. Proprio sulla scorta degli accertamenti peritali, la CARP ha peraltro evidenziato come, avendo seguito per poco meno di un chilometro i due centauri, utenti della strada vulnerabili, sia indice di una crassa disattenzione il fatto che l&#039;insorgente sia giunta in coda alla motocicletta alla distanza accertata con una velocit\u00e0 di tanto superiore rispetto a quest&#039;ultima. Come gi\u00e0 rilevato in sede cantonale, la presenza dei due motociclisti che procedevano dinanzi a lei e del semaforo, da lei peraltro gi\u00e0 scorto da lontano, avrebbe imposto alla ricorrente di moderare la sua velocit\u00e0, sicch\u00e9 \u00e8 invano che si prevale delle condizioni di traffico e stradali, rispettivamente dell&#039;assente autorizzazione alla posa della segnaletica stradale, per cercare di confutare o comunque relativizzare la necessit\u00e0 di ridurre la propria velocit\u00e0 gi\u00e0 rispettosa dei limiti vigenti su quel tratto. Altrettanto vane, nell&#039;ottica di ridimensionare la sua colpa e di ridurre quindi la pena, risultano le considerazioni sulla validit\u00e0 della sua licenza di guida estera. In prima istanza infatti \u00e8 stata riconosciuta colpevole di guida senza autorizzazione giusta l&#039;art. 95 cpv. 1 lett. a LCStr riferita al periodo 9 maggio 2017 &#8212; 23 marzo 2018, compreso quindi anche il giorno dell&#039;incidente, condanna non contestata in appello e di cui la CARP ha constatato il passaggio in giudicato. Lo stesso dicasi in relazione alla guida sotto l&#039;effetto di cannabis. Premesso che \u00e8 stata rilevata una concentrazione di THC nel sangue dell&#039;insorgente (17 \u00b5g\/L) oltre dieci volte superiore al valore limite (1.5 \u00b5g\/L) di cui all&#039;art. 34 dell&#039;ordinanza dell&#039;USTRA concernente l&#039;ordinanza sul controllo della circolazione stradale del 22 maggio 2008 (OOCCS-USTRA; RS 741.013.1) e che, secondo il rapporto di analisi agli atti, &quot;al momento dei fatti, lo stato psico-fisico della conducente \u00e8 stato verosimilmente influenzato dalla presenza, nell&#039;organismo, di sostanze psicoattive della cannabis&quot;, la stessa ricorrente riconosce che l&#039;incidente sia riconducibile (anche) a una sua reazione non sufficientemente veloce, bench\u00e9 gi\u00e0 relativamente rapida anche sotto l&#039;influsso di cannabis. Non \u00e8 dunque censurabile valutare la sua inattitudine alla guida con rifermento all&#039;omicidio colposo. Infine, la serie di selfie \u00e8 stata menzionata dalla CARP a comprova della disinvolta irresponsabilit\u00e0 della sua guida, senza riguardo per le norme della circolazione e gli altri utenti della strada, ma non l&#039;ha ritenuta causale all&#039;incidente e ha esplicitamente precisato di non tenerne conto per la valutazione della colpa in relazione all&#039;omicidio colposo. Le critiche ricorsuali in proposito travisano quindi la sentenza impugnata.<\/p>\n<p>2.5.2. Con riguardo alle circostanze legate alla persona dell&#039;insorgente, la CARP ha rilevato come non avesse dato prova di particolare collaborazione in corso di procedura e come nemmeno abbia mostrato una vera presa di coscienza della gravit\u00e0 di quanto commesso, ben illustrata dalla mancata comparizione al dibattimento nonch\u00e9 dall&#039;assenza di atti concreti nei confronti dei congiunti della vittima. Ha poi ripercorso la vita anteriore della ricorrente, che ha abbandonato la scuola prima della sua conclusione per spostarsi in giro per l&#039;Europa a traino e a spese del fidanzato di allora e successivamente in Svizzera dal marito, continuando a farsi mantenere da questi anche dopo il suo ritorno in Patria. Contrariamente a quanto addotto nel ricorso non si scorge alcun arbitrio negli accertamenti sulla persona dell&#039;insorgente, e segnatamente sulla sua mancata completa assunzione di responsabilit\u00e0 per quanto accaduto. Un messaggio di posta elettronica inviato ai propri patrocinatori all&#039;attenzione del Presidente del tribunale di primo grado non pu\u00f2 infatti essere considerato un passo concreto verso i familiari della vittima. Ha poi chiesto la dispensa dal comparire al dibattimento di prima istanza e la procedura scritta in appello, adducendo oltre alla contrariet\u00e0 alle misure di protezione al COVID-19, anche un precario stato psichico, senza tuttavia produrre un certificato medico atto a comprovarlo, limitandosi a richiedere a tal fine l&#039;audizione del marito. Non \u00e8 preteso che il coniuge abbia le competenze mediche necessarie per attestare dell&#039;impossibilit\u00e0 della ricorrente di far fronte alle sue responsabilit\u00e0 dinanzi al tribunale ed \u00e8 in modo del tutto sostenibile che le autorit\u00e0 cantonali hanno respinto l&#039;assunzione di tale prova e hanno concluso che non vi fosse una vera presa di coscienza della gravit\u00e0 di quanto commesso. Peraltro, la CARP non ha affatto addebitato all&#039;insorgente &quot;scelte di vita ritenute immorali&quot; con conseguente aggravamento della sua colpa per l&#039;incidente letale. Essa ha semplicemente ritenuto che dalla sua vita precedente non potesse essere tratto nulla di significativo a favore della ricorrente, constatando quindi l&#039;assenza di elementi suscettibili di ridurre la pena di base. Le circostanze legate alla persona dell&#039;insorgente non sono di conseguenza state valutate n\u00e9 in senso aggravante n\u00e9 in senso attenuante, ma sono state considerate neutre per la commisurazione della pena.<\/p>\n<p>2.6. In definitiva l&#039;insorgente non indica nessun elemento pertinente, idoneo a modificare la pena, che sia stato omesso o considerato a torto dalla CARP. Tutti i reati per i quali la ricorrente \u00e8 stata riconosciuta colpevole comminano una pena detentiva sino a 3 anni o una pena pecuniaria (v. art. 117 CP, art. 90 cpv. 2, art. 91 cpv. 2 lett. b e art. 95 cpv. 1 lett. a LCStr). Il quadro edittale della pena detentiva, considerato il concorso di reati, si situa nella fattispecie tra un minimo di tre giorni (art. 40 cpv. 1 CP) e un massimo di 54 mesi (art. 49 cpv. 1 CP). La pena detentiva di 3 anni concretamente inflitta all&#039;insorgente si situa nell&#039;ampia cornice edittale, procede da un adeguato esame di elementi pertinenti per la valutazione della colpa e risulta confacentemente adeguata alla colpa cos\u00ec determinata. La parte della pena da espiare e la durata del periodo di prova della parziale sospensione condizionale corrispondono al minimo legale (art. 43 cpv. 3 e art. 44 cpv. 1 CP).<\/p>\n<p>Non sussiste in concreto n\u00e9 un abuso n\u00e9 un eccesso del potere di apprezzamento e la pena irrogata non viola il diritto federale.<\/p>\n<p>3.<\/p>\n<p>Ne segue che il ricorso dev&#039;essere respinto perch\u00e9 infondato.<\/p>\n<p>Le spese giudiziarie seguono la soccombenza (art. 66 cpv. 1 LTF) e sono pertanto poste a carico della ricorrente.<\/p>\n<p>Non si accordano ripetibili alle autorit\u00e0 vincenti (art. 68 cpv. 3 LTF).<\/p>\n<p>Per questi motivi, il Tribunale federale pronuncia:<\/p>\n<p>1.<\/p>\n<p>Il ricorso \u00e8 respinto.<\/p>\n<p>2.<\/p>\n<p>Le spese giudiziarie di fr. 3&#039;000.&#8212; sono poste a carico della ricorrente.<\/p>\n<p>3.<\/p>\n<p>Comunicazione al patrocinatore della ricorrente, al Ministero pubblico e alla Corte di appello e di revisione penale del Cantone Ticino.<\/p>\n<p>Losanna, 8 agosto 2023<\/p>\n<p>In nome della I Corte di diritto penale<\/p>\n<p>del Tribunale federale svizzero<\/p>\n<p>Il Giudice presidente: Denys<\/p>\n<p>La Cancelliera: Ortolano Ribordy<\/p>\n<\/div>\n<hr class=\"kji-sep\" \/>\n<p class=\"kji-source-links\"><strong>Sources officielles :<\/strong> <a class=\"kji-source-link\" href=\"https:\/\/search.bger.ch\/ext\/eurospider\/live\/fr\/php\/aza\/http\/index.php?lang=fr&#038;type=highlight_simple_query&#038;page=9&#038;from_date=&#038;to_date=&#038;sort=relevance&#038;insertion_date=&#038;top_subcollection_aza=all&#038;query_words=norme&#038;rank=85&#038;azaclir=aza&#038;highlight_docid=aza%3A%2F%2F08-08-2023-6B_1384-2022&#038;number_of_ranks=12493\" target=\"_blank\" rel=\"noopener noreferrer\">consulter la page source<\/a><\/p>\n<p class=\"kji-license-note\"><em>Source officielle Tribunal federal suisse. Contenu HTML public, PDF non garanti en version gratuite.<\/em><\/p>\n<\/div>\n","protected":false},"excerpt":{"rendered":"<p>Bundesgericht Tribunal f\u00e9d\u00e9ral Tribunale federale Tribunal federal 6B_1384\/2022 Sentenza dell&#8217;8 agosto 2023 I Corte di diritto penale Composizione Giudici federali Denys, Giudice presidente, Muschietti, van de Graaf, Cancelliera Ortolano Ribordy. Partecipanti al procedimento A.________, patrocinata dall&#8217;avv. Stefano Marinetti, ricorrente, contro Ministero pubblico del Cantone Ticino, Palazzo di giustizia, via Pretorio 16, 6901 Lugano, opponente. Oggetto&#8230;<\/p>\n","protected":false},"featured_media":0,"template":"","meta":{"_crdt_document":""},"kji_country":[9676],"kji_court":[9677],"kji_chamber":[10143],"kji_year":[24566],"kji_subject":[7632],"kji_keyword":[9799,9679,9680,7636],"kji_language":[7685],"class_list":["post-614655","kji_decision","type-kji_decision","status-publish","hentry","kji_country-suisse","kji_court-tribunal-federal-suisse","kji_chamber-cour-de-droit-penal","kji_year-24566","kji_subject-penal","kji_keyword-bundesgericht","kji_keyword-federal","kji_keyword-suisse","kji_keyword-tribunal","kji_language-italien"],"yoast_head":"<!-- This site is optimized with the Yoast SEO Premium plugin v27.4 (Yoast SEO v27.4) - https:\/\/yoast.com\/product\/yoast-seo-premium-wordpress\/ -->\n<title>Tribunal f\u00e9d\u00e9ral suisse, 8 ao\u00fbt 2023, n\u00b0 6B 1384-2022 - Ma\u00eetre Hassan Kohen, avocat en droit p\u00e9nal \u00e0 Paris<\/title>\n<meta name=\"robots\" content=\"index, follow, max-snippet:-1, max-image-preview:large, max-video-preview:-1\" \/>\n<link rel=\"canonical\" href=\"https:\/\/kohenavocats.com\/ru\/jurisprudences\/tribunal-federal-suisse-8-aout-2023-n-6b-1384-2022-2\/\" \/>\n<meta property=\"og:locale\" content=\"ru_RU\" \/>\n<meta property=\"og:type\" content=\"article\" \/>\n<meta property=\"og:title\" content=\"Tribunal f\u00e9d\u00e9ral suisse, 8 ao\u00fbt 2023, n\u00b0 6B 1384-2022\" \/>\n<meta property=\"og:description\" content=\"Bundesgericht Tribunal f\u00e9d\u00e9ral Tribunale federale Tribunal federal 6B_1384\/2022 Sentenza dell&#039;8 agosto 2023 I Corte di diritto penale Composizione Giudici federali Denys, Giudice presidente, Muschietti, van de Graaf, Cancelliera Ortolano Ribordy. Partecipanti al procedimento A.________, patrocinata dall&#039;avv. Stefano Marinetti, ricorrente, contro Ministero pubblico del Cantone Ticino, Palazzo di giustizia, via Pretorio 16, 6901 Lugano, opponente. Oggetto...\" \/>\n<meta property=\"og:url\" content=\"https:\/\/kohenavocats.com\/ru\/jurisprudences\/tribunal-federal-suisse-8-aout-2023-n-6b-1384-2022-2\/\" \/>\n<meta property=\"og:site_name\" content=\"Ma\u00eetre Hassan Kohen, avocat en droit p\u00e9nal \u00e0 Paris\" \/>\n<meta name=\"twitter:card\" content=\"summary_large_image\" \/>\n<meta name=\"twitter:label1\" content=\"\u041f\u0440\u0438\u043c\u0435\u0440\u043d\u043e\u0435 \u0432\u0440\u0435\u043c\u044f \u0434\u043b\u044f \u0447\u0442\u0435\u043d\u0438\u044f\" \/>\n\t<meta name=\"twitter:data1\" content=\"15 \u043c\u0438\u043d\u0443\u0442\" \/>\n<script type=\"application\/ld+json\" class=\"yoast-schema-graph\">{\"@context\":\"https:\\\/\\\/schema.org\",\"@graph\":[{\"@type\":\"WebPage\",\"@id\":\"https:\\\/\\\/kohenavocats.com\\\/ru\\\/jurisprudences\\\/tribunal-federal-suisse-8-aout-2023-n-6b-1384-2022-2\\\/\",\"url\":\"https:\\\/\\\/kohenavocats.com\\\/ru\\\/jurisprudences\\\/tribunal-federal-suisse-8-aout-2023-n-6b-1384-2022-2\\\/\",\"name\":\"Tribunal f\u00e9d\u00e9ral suisse, 8 ao\u00fbt 2023, n\u00b0 6B 1384-2022 - Ma\u00eetre Hassan Kohen, avocat en droit p\u00e9nal \u00e0 Paris\",\"isPartOf\":{\"@id\":\"https:\\\/\\\/kohenavocats.com\\\/ru\\\/#website\"},\"datePublished\":\"2026-04-20T00:04:31+00:00\",\"breadcrumb\":{\"@id\":\"https:\\\/\\\/kohenavocats.com\\\/ru\\\/jurisprudences\\\/tribunal-federal-suisse-8-aout-2023-n-6b-1384-2022-2\\\/#breadcrumb\"},\"inLanguage\":\"ru-RU\",\"potentialAction\":[{\"@type\":\"ReadAction\",\"target\":[\"https:\\\/\\\/kohenavocats.com\\\/ru\\\/jurisprudences\\\/tribunal-federal-suisse-8-aout-2023-n-6b-1384-2022-2\\\/\"]}]},{\"@type\":\"BreadcrumbList\",\"@id\":\"https:\\\/\\\/kohenavocats.com\\\/ru\\\/jurisprudences\\\/tribunal-federal-suisse-8-aout-2023-n-6b-1384-2022-2\\\/#breadcrumb\",\"itemListElement\":[{\"@type\":\"ListItem\",\"position\":1,\"name\":\"Home\",\"item\":\"https:\\\/\\\/kohenavocats.com\\\/ru\\\/avocats-en-droit-penal-a-paris-conseil-et-defense-strategique\\\/\"},{\"@type\":\"ListItem\",\"position\":2,\"name\":\"Jurisprudences\",\"item\":\"https:\\\/\\\/kohenavocats.com\\\/ru\\\/jurisprudences\\\/\"},{\"@type\":\"ListItem\",\"position\":3,\"name\":\"Tribunal f\u00e9d\u00e9ral suisse, 8 ao\u00fbt 2023, n\u00b0 6B 1384-2022\"}]},{\"@type\":\"WebSite\",\"@id\":\"https:\\\/\\\/kohenavocats.com\\\/ru\\\/#website\",\"url\":\"https:\\\/\\\/kohenavocats.com\\\/ru\\\/\",\"name\":\"Kohen Avocats\",\"description\":\"Ma\u00eetre Hassan Kohen, avocat p\u00e9naliste \u00e0 Paris, intervient exclusivement en droit p\u00e9nal pour la d\u00e9fense des particuliers, notamment en mati\u00e8re d\u2019accusations de viol. Il assure un accompagnement rigoureux d\u00e8s la garde \u00e0 vue jusqu\u2019\u00e0 la Cour d\u2019assises, veillant au strict respect des garanties proc\u00e9durales.\",\"publisher\":{\"@id\":\"https:\\\/\\\/kohenavocats.com\\\/ru\\\/#organization\"},\"potentialAction\":[{\"@type\":\"SearchAction\",\"target\":{\"@type\":\"EntryPoint\",\"urlTemplate\":\"https:\\\/\\\/kohenavocats.com\\\/ru\\\/?s={search_term_string}\"},\"query-input\":{\"@type\":\"PropertyValueSpecification\",\"valueRequired\":true,\"valueName\":\"search_term_string\"}}],\"inLanguage\":\"ru-RU\"},{\"@type\":\"Organization\",\"@id\":\"https:\\\/\\\/kohenavocats.com\\\/ru\\\/#organization\",\"name\":\"Kohen Avocats\",\"url\":\"https:\\\/\\\/kohenavocats.com\\\/ru\\\/\",\"logo\":{\"@type\":\"ImageObject\",\"inLanguage\":\"ru-RU\",\"@id\":\"https:\\\/\\\/kohenavocats.com\\\/ru\\\/#\\\/schema\\\/logo\\\/image\\\/\",\"url\":\"https:\\\/\\\/kohenavocats.com\\\/wp-content\\\/uploads\\\/2026\\\/01\\\/Logo-2-1.webp\",\"contentUrl\":\"https:\\\/\\\/kohenavocats.com\\\/wp-content\\\/uploads\\\/2026\\\/01\\\/Logo-2-1.webp\",\"width\":2114,\"height\":1253,\"caption\":\"Kohen Avocats\"},\"image\":{\"@id\":\"https:\\\/\\\/kohenavocats.com\\\/ru\\\/#\\\/schema\\\/logo\\\/image\\\/\"}}]}<\/script>\n<!-- \/ Yoast SEO Premium plugin. -->","yoast_head_json":{"title":"Tribunal f\u00e9d\u00e9ral suisse, 8 ao\u00fbt 2023, n\u00b0 6B 1384-2022 - Ma\u00eetre Hassan Kohen, avocat en droit p\u00e9nal \u00e0 Paris","robots":{"index":"index","follow":"follow","max-snippet":"max-snippet:-1","max-image-preview":"max-image-preview:large","max-video-preview":"max-video-preview:-1"},"canonical":"https:\/\/kohenavocats.com\/ru\/jurisprudences\/tribunal-federal-suisse-8-aout-2023-n-6b-1384-2022-2\/","og_locale":"ru_RU","og_type":"article","og_title":"Tribunal f\u00e9d\u00e9ral suisse, 8 ao\u00fbt 2023, n\u00b0 6B 1384-2022","og_description":"Bundesgericht Tribunal f\u00e9d\u00e9ral Tribunale federale Tribunal federal 6B_1384\/2022 Sentenza dell'8 agosto 2023 I Corte di diritto penale Composizione Giudici federali Denys, Giudice presidente, Muschietti, van de Graaf, Cancelliera Ortolano Ribordy. Partecipanti al procedimento A.________, patrocinata dall'avv. Stefano Marinetti, ricorrente, contro Ministero pubblico del Cantone Ticino, Palazzo di giustizia, via Pretorio 16, 6901 Lugano, opponente. Oggetto...","og_url":"https:\/\/kohenavocats.com\/ru\/jurisprudences\/tribunal-federal-suisse-8-aout-2023-n-6b-1384-2022-2\/","og_site_name":"Ma\u00eetre Hassan Kohen, avocat en droit p\u00e9nal \u00e0 Paris","twitter_card":"summary_large_image","twitter_misc":{"\u041f\u0440\u0438\u043c\u0435\u0440\u043d\u043e\u0435 \u0432\u0440\u0435\u043c\u044f \u0434\u043b\u044f \u0447\u0442\u0435\u043d\u0438\u044f":"15 \u043c\u0438\u043d\u0443\u0442"},"schema":{"@context":"https:\/\/schema.org","@graph":[{"@type":"WebPage","@id":"https:\/\/kohenavocats.com\/ru\/jurisprudences\/tribunal-federal-suisse-8-aout-2023-n-6b-1384-2022-2\/","url":"https:\/\/kohenavocats.com\/ru\/jurisprudences\/tribunal-federal-suisse-8-aout-2023-n-6b-1384-2022-2\/","name":"Tribunal f\u00e9d\u00e9ral suisse, 8 ao\u00fbt 2023, n\u00b0 6B 1384-2022 - Ma\u00eetre Hassan Kohen, avocat en droit p\u00e9nal \u00e0 Paris","isPartOf":{"@id":"https:\/\/kohenavocats.com\/ru\/#website"},"datePublished":"2026-04-20T00:04:31+00:00","breadcrumb":{"@id":"https:\/\/kohenavocats.com\/ru\/jurisprudences\/tribunal-federal-suisse-8-aout-2023-n-6b-1384-2022-2\/#breadcrumb"},"inLanguage":"ru-RU","potentialAction":[{"@type":"ReadAction","target":["https:\/\/kohenavocats.com\/ru\/jurisprudences\/tribunal-federal-suisse-8-aout-2023-n-6b-1384-2022-2\/"]}]},{"@type":"BreadcrumbList","@id":"https:\/\/kohenavocats.com\/ru\/jurisprudences\/tribunal-federal-suisse-8-aout-2023-n-6b-1384-2022-2\/#breadcrumb","itemListElement":[{"@type":"ListItem","position":1,"name":"Home","item":"https:\/\/kohenavocats.com\/ru\/avocats-en-droit-penal-a-paris-conseil-et-defense-strategique\/"},{"@type":"ListItem","position":2,"name":"Jurisprudences","item":"https:\/\/kohenavocats.com\/ru\/jurisprudences\/"},{"@type":"ListItem","position":3,"name":"Tribunal f\u00e9d\u00e9ral suisse, 8 ao\u00fbt 2023, n\u00b0 6B 1384-2022"}]},{"@type":"WebSite","@id":"https:\/\/kohenavocats.com\/ru\/#website","url":"https:\/\/kohenavocats.com\/ru\/","name":"Kohen Avocats","description":"Ma\u00eetre Hassan Kohen, avocat p\u00e9naliste \u00e0 Paris, intervient exclusivement en droit p\u00e9nal pour la d\u00e9fense des particuliers, notamment en mati\u00e8re d\u2019accusations de viol. Il assure un accompagnement rigoureux d\u00e8s la garde \u00e0 vue jusqu\u2019\u00e0 la Cour d\u2019assises, veillant au strict respect des garanties proc\u00e9durales.","publisher":{"@id":"https:\/\/kohenavocats.com\/ru\/#organization"},"potentialAction":[{"@type":"SearchAction","target":{"@type":"EntryPoint","urlTemplate":"https:\/\/kohenavocats.com\/ru\/?s={search_term_string}"},"query-input":{"@type":"PropertyValueSpecification","valueRequired":true,"valueName":"search_term_string"}}],"inLanguage":"ru-RU"},{"@type":"Organization","@id":"https:\/\/kohenavocats.com\/ru\/#organization","name":"Kohen Avocats","url":"https:\/\/kohenavocats.com\/ru\/","logo":{"@type":"ImageObject","inLanguage":"ru-RU","@id":"https:\/\/kohenavocats.com\/ru\/#\/schema\/logo\/image\/","url":"https:\/\/kohenavocats.com\/wp-content\/uploads\/2026\/01\/Logo-2-1.webp","contentUrl":"https:\/\/kohenavocats.com\/wp-content\/uploads\/2026\/01\/Logo-2-1.webp","width":2114,"height":1253,"caption":"Kohen Avocats"},"image":{"@id":"https:\/\/kohenavocats.com\/ru\/#\/schema\/logo\/image\/"}}]}},"jetpack_likes_enabled":false,"jetpack_sharing_enabled":true,"_links":{"self":[{"href":"https:\/\/kohenavocats.com\/ru\/wp-json\/wp\/v2\/kji_decision\/614655","targetHints":{"allow":["GET"]}}],"collection":[{"href":"https:\/\/kohenavocats.com\/ru\/wp-json\/wp\/v2\/kji_decision"}],"about":[{"href":"https:\/\/kohenavocats.com\/ru\/wp-json\/wp\/v2\/types\/kji_decision"}],"wp:attachment":[{"href":"https:\/\/kohenavocats.com\/ru\/wp-json\/wp\/v2\/media?parent=614655"}],"wp:term":[{"taxonomy":"kji_country","embeddable":true,"href":"https:\/\/kohenavocats.com\/ru\/wp-json\/wp\/v2\/kji_country?post=614655"},{"taxonomy":"kji_court","embeddable":true,"href":"https:\/\/kohenavocats.com\/ru\/wp-json\/wp\/v2\/kji_court?post=614655"},{"taxonomy":"kji_chamber","embeddable":true,"href":"https:\/\/kohenavocats.com\/ru\/wp-json\/wp\/v2\/kji_chamber?post=614655"},{"taxonomy":"kji_year","embeddable":true,"href":"https:\/\/kohenavocats.com\/ru\/wp-json\/wp\/v2\/kji_year?post=614655"},{"taxonomy":"kji_subject","embeddable":true,"href":"https:\/\/kohenavocats.com\/ru\/wp-json\/wp\/v2\/kji_subject?post=614655"},{"taxonomy":"kji_keyword","embeddable":true,"href":"https:\/\/kohenavocats.com\/ru\/wp-json\/wp\/v2\/kji_keyword?post=614655"},{"taxonomy":"kji_language","embeddable":true,"href":"https:\/\/kohenavocats.com\/ru\/wp-json\/wp\/v2\/kji_language?post=614655"}],"curies":[{"name":"wp","href":"https:\/\/api.w.org\/{rel}","templated":true}]}}