{"id":615618,"date":"2026-04-20T03:31:31","date_gmt":"2026-04-20T01:31:31","guid":{"rendered":"https:\/\/kohenavocats.com\/jurisprudences\/cour-de-cassation-13-juillet-2023-n-2023-00057\/"},"modified":"2026-04-20T03:31:34","modified_gmt":"2026-04-20T01:31:34","slug":"cour-de-cassation-13-juillet-2023-n-2023-00057","status":"publish","type":"kji_decision","link":"https:\/\/kohenavocats.com\/ru\/jurisprudences\/cour-de-cassation-13-juillet-2023-n-2023-00057\/","title":{"rendered":"Cour de cassation, 13 juillet 2023, n\u00b0 2023-00057"},"content":{"rendered":"<div class=\"kji-decision\">\n<div class=\"kji-full-text\">\n<p>N\u00b095\/ 2023p\u00e9nal du13.07.2023 Not.14064\/17\/CD Num\u00e9roCAS-2023-00057du registre LaCour de cassation du Grand-Duch\u00e9 de Luxembourga rendu en son audience publique du jeudi,treize juilletdeuxmillevingt-trois, sur le pourvoi de: 1.PERSONNE1.),n\u00e9 leDATE1.)\u00e0ADRESSE1.), et 2.PERSONNE2.),n\u00e9 leDATE2.)\u00e0ADRESSE1.), les deuxdemeurant \u00e0 L-ADRESSE2.), demandeursen cassation, en pr\u00e9sence duMinist\u00e8re public, l\u2019arr\u00eat qui suit: Vu l\u2019arr\u00eat attaqu\u00e9, rendu le21 mars2023 sous le num\u00e9ro271\/23Ch.c.C.par lachambre du conseil de laCour d\u2019appel du Grand-Duch\u00e9 de Luxembourg; Vu le pourvoi en cassation form\u00e9 par Ma\u00eetreClaude DERBAL, avocat \u00e0 la Cour,demeurant \u00e0 Luxembourg,au nom dePERSONNE1.)et dePERSONNE2.), suivant d\u00e9claration du 25 avril2023 au greffe de la Cour sup\u00e9rieure de justice ; Sur les conclusions du procureurg\u00e9n\u00e9rald\u2019Etat adjointJohn PETRY. Selon l\u2019article 43, alin\u00e9a 1, de la loi modifi\u00e9e du 18 f\u00e9vrier 1885 sur les pourvois et la proc\u00e9dure encassation, la partie qui exerce le recours en cassation doit, dans le mois de la d\u00e9claration, \u00e0 peine de d\u00e9ch\u00e9ance, d\u00e9poser au greffe o\u00f9 sa d\u00e9claration a \u00e9t\u00e9 re\u00e7ue, un m\u00e9moire sign\u00e9 par un avocat \u00e0 la Cour.<\/p>\n<p>2 PERSONNE1.)etPERSONNE2.)n\u2019ontpas d\u00e9pos\u00e9 de m\u00e9moire. Ils\u2019ensuit que lesdemandeursen cassationsont\u00e0 d\u00e9clarer d\u00e9chusdeleur pourvoi. PAR CES MOTIFS, la Cour de cassation d\u00e9clarePERSONNE1.)etPERSONNE2.)d\u00e9chusdeleurpourvoietles condamne aux frais de l\u2019instance en cassation, ceux expos\u00e9s par leMinist\u00e8re public \u00e9tant liquid\u00e9s \u00e01,75 euro. Ainsi jug\u00e9 par la Cour de cassation du Grand-Duch\u00e9 de Luxembourg en son audience publique du jeudi,treize juilletdeux millevingt-trois,\u00e0la Cit\u00e9 Judiciaire, B\u00e2timent CR, Plateau du St.Esprit, compos\u00e9e de: Th\u00e9a HARLES-WALCH,conseiller\u00e0 la Cour decassation,pr\u00e9sident, Christiane JUNCK, conseiller \u00e0 la Cour de cassation, Agn\u00e8s ZAGO, conseiller \u00e0 la Cour decassation, Thierry HOSCHEIT,conseiller \u00e0 la Cour de cassation, Marie-Laure MEYER, conseiller \u00e0 la Cour de cassation, qui ont sign\u00e9 le pr\u00e9sent arr\u00eat avec legreffier\u00e0 la Cour Daniel SCHROEDER. La lecture du pr\u00e9sent arr\u00eat a \u00e9t\u00e9 faite en la susdite audience publique par le conseiller Th\u00e9a HARLES-WALCHen pr\u00e9sence du premieravocat g\u00e9n\u00e9ralMarc SCHILTZetdugreffierDaniel SCHROEDER.<\/p>\n<p>3 Conclusions du Parquet G\u00e9n\u00e9ral sur le pourvoi en cassation de PERSONNE1.)etPERSONNE2.), en pr\u00e9sence duMinist\u00e8re Public (affairen\u00b0 CAS-2023-00057 du registre) Par d\u00e9claration du 25 avril 2023 au greffe de la Cour sup\u00e9rieure de justice, Ma\u00eetre Claude DERBAL, avocat \u00e0 la Cour, demeurant \u00e0 Luxembourg, d\u00e9posa au nom et pour le compte de PERSONNE1.)et dePERSONNE2.)un pourvoi en cassation contre l\u2019arr\u00eat n\u00b0 271\/23 de la Chambre du conseil de la Cour d\u2019appel du 21 mars 2023, d\u00e9clarant non fond\u00e9 un appel relev\u00e9 par les demandeurs en cassation contre une ordonnance de renvoi devant une chambre correctionnelle du tribunal d\u2019arrondissement de Luxembourg. L\u2019article 41 de la loi modifi\u00e9e du 18 f\u00e9vrier 1885 sur les pourvois et la proc\u00e9dure en cassation dispose que le pourvoi doit \u00eatre form\u00e9 dans le d\u00e9lai d\u2019un mois. Ce d\u00e9lai commence \u00e0 courir contre les arr\u00eats de la Chambredu conseil de la Cour d\u2019appel, qui ne sont pas prononc\u00e9s \u00e0 date annonc\u00e9e au moment de la prise en d\u00e9lib\u00e9r\u00e9 de l\u2019affaire et sont notifi\u00e9s par voie postale sur base de l\u2019article 386 du Code de proc\u00e9dure p\u00e9nale, \u00e0 partir de leur notification. Celle-ci a \u00e9t\u00e9 effectu\u00e9e en l\u2019esp\u00e8ce \u00e0 l\u2019\u00e9gard des deux demandeurs en cassation en date du 23 mars 2023, date du jour du d\u00e9p\u00f4t de l\u2019avis de passage par le facteur des postes qui, au regard de l\u2019article 386, paragraphe 4, derni\u00e8re phrase, du Code pr\u00e9cit\u00e9, est r\u00e9put\u00e9e constituer la date de notification. Le pourvoi aurait d\u00e8s lors d\u00fb avoir \u00e9t\u00e9 effectu\u00e9 au plus tard lundi, le 24 avril 2023, auquel le d\u00e9lai, qui a th\u00e9oriquement expir\u00e9 le dimanche, 23 avril 2023, a \u00e9t\u00e9 prorog\u00e9 sur base notamment de l\u2019article 80, alin\u00e9a 2, de laloi modifi\u00e9e du 7 mars 1980 sur l\u2019organisation judiciaire. Le pourvoi n\u2019a cependant \u00e9t\u00e9 form\u00e9 que le 25 avril 2023, donc hors d\u00e9lai. Il en suit que le pourvoi est irrecevable 1 . La d\u00e9claration de pourvoi n\u2019a pas \u00e9t\u00e9 suivie du d\u00e9p\u00f4t d\u2019un m\u00e9moire en cassation. L\u2019article 43 de la loi pr\u00e9cit\u00e9e de 1885 dispose que la partie qui exerce le recours en cassation doit, \u00e0 peine de d\u00e9ch\u00e9ance, d\u00e9poser un m\u00e9moire qui contient les moyens de cassation. Le demandeur en cassation n\u2019ayant pas d\u00e9pos\u00e9 de m\u00e9moire, son pourvoiest, \u00e0 titre subsidiaire, frapp\u00e9 de d\u00e9ch\u00e9ance. Conclusion: Le pourvoi est irrecevable. A titre subsidiaire, le demandeur en cassation est \u00e0 d\u00e9clarer d\u00e9chu de son pourvoi. 1 L\u2019irrecevabilit\u00e9 du pourvoi est la sanction du d\u00e9faut de respect de l\u2019article 41 de la loi pr\u00e9cit\u00e9e de 1885 (voir, \u00e0 titre d\u2019illustration: Cour decassation, 23 d\u00e9cembre 2021, n\u00b0 164\/2021 p\u00e9nal, num\u00e9ro CAS-2020-00060 du registre).<\/p>\n<p>4 Pour le Procureur g\u00e9n\u00e9ral d\u2019Etat Le Procureur g\u00e9n\u00e9ral d\u2019Etat adjoint John PETRY<\/p>\n<\/div>\n<hr class=\"kji-sep\" \/>\n<p class=\"kji-source-links\"><strong>Sources officielles :<\/strong> <a class=\"kji-source-link\" href=\"https:\/\/data.public.lu\/fr\/datasets\/cour-de-cassation\/\" target=\"_blank\" rel=\"noopener noreferrer\">consulter la page source<\/a> &middot; <a class=\"kji-pdf-link\" href=\"https:\/\/download.data.public.lu\/resources\/cour-de-cassation\/20240806-155952\/20230713-cas-2023-00057-95-pseudonymise-accessible.pdf\" target=\"_blank\" rel=\"noopener noreferrer\">PDF officiel<\/a><\/p>\n<p class=\"kji-license-note\"><em>Licence CC BY-ND 4.0 (Administration judiciaire, data.public.lu). Republication autorisee avec attribution, sans modification editoriale du texte integral.<\/em><\/p>\n<\/div>\n","protected":false},"excerpt":{"rendered":"<p>N\u00b095\/ 2023p\u00e9nal du13.07.2023 Not.14064\/17\/CD Num\u00e9roCAS-2023-00057du registre LaCour de cassation du Grand-Duch\u00e9 de Luxembourga rendu en son audience publique du jeudi,treize juilletdeuxmillevingt-trois, sur le pourvoi de: 1.PERSONNE1.),n\u00e9 leDATE1.)\u00e0ADRESSE1.), et 2.PERSONNE2.),n\u00e9 leDATE2.)\u00e0ADRESSE1.), les deuxdemeurant \u00e0 L-ADRESSE2.), demandeursen cassation, en pr\u00e9sence duMinist\u00e8re public, l\u2019arr\u00eat qui suit: Vu l\u2019arr\u00eat\u2026<\/p>\n","protected":false},"featured_media":0,"template":"","meta":{"_crdt_document":""},"kji_country":[8418],"kji_court":[8423],"kji_chamber":[],"kji_year":[24566],"kji_subject":[7724],"kji_keyword":[8424,8600,8425],"kji_language":[7733],"class_list":["post-615618","kji_decision","type-kji_decision","status-publish","hentry","kji_country-luxembourg","kji_court-cour-de-cassation","kji_year-24566","kji_subject-civil","kji_keyword-cassation","kji_keyword-juillet","kji_keyword-penal","kji_language-francais"],"yoast_head":"<!-- This site is optimized with the Yoast SEO Premium plugin v27.4 (Yoast SEO v27.4) - https:\/\/yoast.com\/product\/yoast-seo-premium-wordpress\/ -->\n<title>Cour de cassation, 13 juillet 2023, n\u00b0 2023-00057 - Ma\u00eetre Hassan Kohen, avocat en droit p\u00e9nal \u00e0 Paris<\/title>\n<meta name=\"robots\" content=\"index, follow, max-snippet:-1, max-image-preview:large, max-video-preview:-1\" \/>\n<link rel=\"canonical\" href=\"https:\/\/kohenavocats.com\/ru\/jurisprudences\/cour-de-cassation-13-juillet-2023-n-2023-00057\/\" \/>\n<meta property=\"og:locale\" content=\"ru_RU\" \/>\n<meta property=\"og:type\" content=\"article\" \/>\n<meta property=\"og:title\" content=\"Cour de cassation, 13 juillet 2023, n\u00b0 2023-00057\" \/>\n<meta property=\"og:description\" content=\"N\u00b095\/ 2023p\u00e9nal du13.07.2023 Not.14064\/17\/CD Num\u00e9roCAS-2023-00057du registre LaCour de cassation du Grand-Duch\u00e9 de Luxembourga rendu en son audience publique du jeudi,treize juilletdeuxmillevingt-trois, sur le pourvoi de: 1.PERSONNE1.),n\u00e9 leDATE1.)\u00e0ADRESSE1.), et 2.PERSONNE2.),n\u00e9 leDATE2.)\u00e0ADRESSE1.), les deuxdemeurant \u00e0 L-ADRESSE2.), demandeursen cassation, en pr\u00e9sence duMinist\u00e8re public, l\u2019arr\u00eat qui suit: Vu l\u2019arr\u00eat\u2026\" \/>\n<meta property=\"og:url\" content=\"https:\/\/kohenavocats.com\/ru\/jurisprudences\/cour-de-cassation-13-juillet-2023-n-2023-00057\/\" \/>\n<meta property=\"og:site_name\" content=\"Ma\u00eetre Hassan Kohen, avocat en droit p\u00e9nal \u00e0 Paris\" \/>\n<meta property=\"article:modified_time\" content=\"2026-04-20T01:31:34+00:00\" \/>\n<meta name=\"twitter:card\" content=\"summary_large_image\" \/>\n<meta name=\"twitter:label1\" content=\"\u041f\u0440\u0438\u043c\u0435\u0440\u043d\u043e\u0435 \u0432\u0440\u0435\u043c\u044f \u0434\u043b\u044f \u0447\u0442\u0435\u043d\u0438\u044f\" \/>\n\t<meta name=\"twitter:data1\" content=\"4 \u043c\u0438\u043d\u0443\u0442\u044b\" \/>\n<script type=\"application\/ld+json\" class=\"yoast-schema-graph\">{\"@context\":\"https:\\\/\\\/schema.org\",\"@graph\":[{\"@type\":\"WebPage\",\"@id\":\"https:\\\/\\\/kohenavocats.com\\\/ru\\\/jurisprudences\\\/cour-de-cassation-13-juillet-2023-n-2023-00057\\\/\",\"url\":\"https:\\\/\\\/kohenavocats.com\\\/ru\\\/jurisprudences\\\/cour-de-cassation-13-juillet-2023-n-2023-00057\\\/\",\"name\":\"Cour de cassation, 13 juillet 2023, n\u00b0 2023-00057 - Ma\u00eetre Hassan Kohen, avocat en droit p\u00e9nal \u00e0 Paris\",\"isPartOf\":{\"@id\":\"https:\\\/\\\/kohenavocats.com\\\/ru\\\/#website\"},\"datePublished\":\"2026-04-20T01:31:31+00:00\",\"dateModified\":\"2026-04-20T01:31:34+00:00\",\"breadcrumb\":{\"@id\":\"https:\\\/\\\/kohenavocats.com\\\/ru\\\/jurisprudences\\\/cour-de-cassation-13-juillet-2023-n-2023-00057\\\/#breadcrumb\"},\"inLanguage\":\"ru-RU\",\"potentialAction\":[{\"@type\":\"ReadAction\",\"target\":[\"https:\\\/\\\/kohenavocats.com\\\/ru\\\/jurisprudences\\\/cour-de-cassation-13-juillet-2023-n-2023-00057\\\/\"]}]},{\"@type\":\"BreadcrumbList\",\"@id\":\"https:\\\/\\\/kohenavocats.com\\\/ru\\\/jurisprudences\\\/cour-de-cassation-13-juillet-2023-n-2023-00057\\\/#breadcrumb\",\"itemListElement\":[{\"@type\":\"ListItem\",\"position\":1,\"name\":\"Home\",\"item\":\"https:\\\/\\\/kohenavocats.com\\\/ru\\\/avocats-en-droit-penal-a-paris-conseil-et-defense-strategique\\\/\"},{\"@type\":\"ListItem\",\"position\":2,\"name\":\"Jurisprudences\",\"item\":\"https:\\\/\\\/kohenavocats.com\\\/ru\\\/jurisprudences\\\/\"},{\"@type\":\"ListItem\",\"position\":3,\"name\":\"Cour de cassation, 13 juillet 2023, n\u00b0 2023-00057\"}]},{\"@type\":\"WebSite\",\"@id\":\"https:\\\/\\\/kohenavocats.com\\\/ru\\\/#website\",\"url\":\"https:\\\/\\\/kohenavocats.com\\\/ru\\\/\",\"name\":\"Kohen Avocats\",\"description\":\"Ma\u00eetre Hassan Kohen, avocat p\u00e9naliste \u00e0 Paris, intervient exclusivement en droit p\u00e9nal pour la d\u00e9fense des particuliers, notamment en mati\u00e8re d\u2019accusations de viol. Il assure un accompagnement rigoureux d\u00e8s la garde \u00e0 vue jusqu\u2019\u00e0 la Cour d\u2019assises, veillant au strict respect des garanties proc\u00e9durales.\",\"publisher\":{\"@id\":\"https:\\\/\\\/kohenavocats.com\\\/ru\\\/#organization\"},\"potentialAction\":[{\"@type\":\"SearchAction\",\"target\":{\"@type\":\"EntryPoint\",\"urlTemplate\":\"https:\\\/\\\/kohenavocats.com\\\/ru\\\/?s={search_term_string}\"},\"query-input\":{\"@type\":\"PropertyValueSpecification\",\"valueRequired\":true,\"valueName\":\"search_term_string\"}}],\"inLanguage\":\"ru-RU\"},{\"@type\":\"Organization\",\"@id\":\"https:\\\/\\\/kohenavocats.com\\\/ru\\\/#organization\",\"name\":\"Kohen Avocats\",\"url\":\"https:\\\/\\\/kohenavocats.com\\\/ru\\\/\",\"logo\":{\"@type\":\"ImageObject\",\"inLanguage\":\"ru-RU\",\"@id\":\"https:\\\/\\\/kohenavocats.com\\\/ru\\\/#\\\/schema\\\/logo\\\/image\\\/\",\"url\":\"https:\\\/\\\/kohenavocats.com\\\/wp-content\\\/uploads\\\/2026\\\/01\\\/Logo-2-1.webp\",\"contentUrl\":\"https:\\\/\\\/kohenavocats.com\\\/wp-content\\\/uploads\\\/2026\\\/01\\\/Logo-2-1.webp\",\"width\":2114,\"height\":1253,\"caption\":\"Kohen Avocats\"},\"image\":{\"@id\":\"https:\\\/\\\/kohenavocats.com\\\/ru\\\/#\\\/schema\\\/logo\\\/image\\\/\"}}]}<\/script>\n<!-- \/ Yoast SEO Premium plugin. -->","yoast_head_json":{"title":"Cour de cassation, 13 juillet 2023, n\u00b0 2023-00057 - Ma\u00eetre Hassan Kohen, avocat en droit p\u00e9nal \u00e0 Paris","robots":{"index":"index","follow":"follow","max-snippet":"max-snippet:-1","max-image-preview":"max-image-preview:large","max-video-preview":"max-video-preview:-1"},"canonical":"https:\/\/kohenavocats.com\/ru\/jurisprudences\/cour-de-cassation-13-juillet-2023-n-2023-00057\/","og_locale":"ru_RU","og_type":"article","og_title":"Cour de cassation, 13 juillet 2023, n\u00b0 2023-00057","og_description":"N\u00b095\/ 2023p\u00e9nal du13.07.2023 Not.14064\/17\/CD Num\u00e9roCAS-2023-00057du registre LaCour de cassation du Grand-Duch\u00e9 de Luxembourga rendu en son audience publique du jeudi,treize juilletdeuxmillevingt-trois, sur le pourvoi de: 1.PERSONNE1.),n\u00e9 leDATE1.)\u00e0ADRESSE1.), et 2.PERSONNE2.),n\u00e9 leDATE2.)\u00e0ADRESSE1.), les deuxdemeurant \u00e0 L-ADRESSE2.), demandeursen cassation, en pr\u00e9sence duMinist\u00e8re public, l\u2019arr\u00eat qui suit: Vu l\u2019arr\u00eat\u2026","og_url":"https:\/\/kohenavocats.com\/ru\/jurisprudences\/cour-de-cassation-13-juillet-2023-n-2023-00057\/","og_site_name":"Ma\u00eetre Hassan Kohen, avocat en droit p\u00e9nal \u00e0 Paris","article_modified_time":"2026-04-20T01:31:34+00:00","twitter_card":"summary_large_image","twitter_misc":{"\u041f\u0440\u0438\u043c\u0435\u0440\u043d\u043e\u0435 \u0432\u0440\u0435\u043c\u044f \u0434\u043b\u044f \u0447\u0442\u0435\u043d\u0438\u044f":"4 \u043c\u0438\u043d\u0443\u0442\u044b"},"schema":{"@context":"https:\/\/schema.org","@graph":[{"@type":"WebPage","@id":"https:\/\/kohenavocats.com\/ru\/jurisprudences\/cour-de-cassation-13-juillet-2023-n-2023-00057\/","url":"https:\/\/kohenavocats.com\/ru\/jurisprudences\/cour-de-cassation-13-juillet-2023-n-2023-00057\/","name":"Cour de cassation, 13 juillet 2023, n\u00b0 2023-00057 - Ma\u00eetre Hassan Kohen, avocat en droit p\u00e9nal \u00e0 Paris","isPartOf":{"@id":"https:\/\/kohenavocats.com\/ru\/#website"},"datePublished":"2026-04-20T01:31:31+00:00","dateModified":"2026-04-20T01:31:34+00:00","breadcrumb":{"@id":"https:\/\/kohenavocats.com\/ru\/jurisprudences\/cour-de-cassation-13-juillet-2023-n-2023-00057\/#breadcrumb"},"inLanguage":"ru-RU","potentialAction":[{"@type":"ReadAction","target":["https:\/\/kohenavocats.com\/ru\/jurisprudences\/cour-de-cassation-13-juillet-2023-n-2023-00057\/"]}]},{"@type":"BreadcrumbList","@id":"https:\/\/kohenavocats.com\/ru\/jurisprudences\/cour-de-cassation-13-juillet-2023-n-2023-00057\/#breadcrumb","itemListElement":[{"@type":"ListItem","position":1,"name":"Home","item":"https:\/\/kohenavocats.com\/ru\/avocats-en-droit-penal-a-paris-conseil-et-defense-strategique\/"},{"@type":"ListItem","position":2,"name":"Jurisprudences","item":"https:\/\/kohenavocats.com\/ru\/jurisprudences\/"},{"@type":"ListItem","position":3,"name":"Cour de cassation, 13 juillet 2023, n\u00b0 2023-00057"}]},{"@type":"WebSite","@id":"https:\/\/kohenavocats.com\/ru\/#website","url":"https:\/\/kohenavocats.com\/ru\/","name":"Kohen Avocats","description":"Ma\u00eetre Hassan Kohen, avocat p\u00e9naliste \u00e0 Paris, intervient exclusivement en droit p\u00e9nal pour la d\u00e9fense des particuliers, notamment en mati\u00e8re d\u2019accusations de viol. Il assure un accompagnement rigoureux d\u00e8s la garde \u00e0 vue jusqu\u2019\u00e0 la Cour d\u2019assises, veillant au strict respect des garanties proc\u00e9durales.","publisher":{"@id":"https:\/\/kohenavocats.com\/ru\/#organization"},"potentialAction":[{"@type":"SearchAction","target":{"@type":"EntryPoint","urlTemplate":"https:\/\/kohenavocats.com\/ru\/?s={search_term_string}"},"query-input":{"@type":"PropertyValueSpecification","valueRequired":true,"valueName":"search_term_string"}}],"inLanguage":"ru-RU"},{"@type":"Organization","@id":"https:\/\/kohenavocats.com\/ru\/#organization","name":"Kohen Avocats","url":"https:\/\/kohenavocats.com\/ru\/","logo":{"@type":"ImageObject","inLanguage":"ru-RU","@id":"https:\/\/kohenavocats.com\/ru\/#\/schema\/logo\/image\/","url":"https:\/\/kohenavocats.com\/wp-content\/uploads\/2026\/01\/Logo-2-1.webp","contentUrl":"https:\/\/kohenavocats.com\/wp-content\/uploads\/2026\/01\/Logo-2-1.webp","width":2114,"height":1253,"caption":"Kohen Avocats"},"image":{"@id":"https:\/\/kohenavocats.com\/ru\/#\/schema\/logo\/image\/"}}]}},"jetpack_likes_enabled":false,"jetpack_sharing_enabled":true,"_links":{"self":[{"href":"https:\/\/kohenavocats.com\/ru\/wp-json\/wp\/v2\/kji_decision\/615618","targetHints":{"allow":["GET"]}}],"collection":[{"href":"https:\/\/kohenavocats.com\/ru\/wp-json\/wp\/v2\/kji_decision"}],"about":[{"href":"https:\/\/kohenavocats.com\/ru\/wp-json\/wp\/v2\/types\/kji_decision"}],"wp:attachment":[{"href":"https:\/\/kohenavocats.com\/ru\/wp-json\/wp\/v2\/media?parent=615618"}],"wp:term":[{"taxonomy":"kji_country","embeddable":true,"href":"https:\/\/kohenavocats.com\/ru\/wp-json\/wp\/v2\/kji_country?post=615618"},{"taxonomy":"kji_court","embeddable":true,"href":"https:\/\/kohenavocats.com\/ru\/wp-json\/wp\/v2\/kji_court?post=615618"},{"taxonomy":"kji_chamber","embeddable":true,"href":"https:\/\/kohenavocats.com\/ru\/wp-json\/wp\/v2\/kji_chamber?post=615618"},{"taxonomy":"kji_year","embeddable":true,"href":"https:\/\/kohenavocats.com\/ru\/wp-json\/wp\/v2\/kji_year?post=615618"},{"taxonomy":"kji_subject","embeddable":true,"href":"https:\/\/kohenavocats.com\/ru\/wp-json\/wp\/v2\/kji_subject?post=615618"},{"taxonomy":"kji_keyword","embeddable":true,"href":"https:\/\/kohenavocats.com\/ru\/wp-json\/wp\/v2\/kji_keyword?post=615618"},{"taxonomy":"kji_language","embeddable":true,"href":"https:\/\/kohenavocats.com\/ru\/wp-json\/wp\/v2\/kji_language?post=615618"}],"curies":[{"name":"wp","href":"https:\/\/api.w.org\/{rel}","templated":true}]}}