{"id":615892,"date":"2026-04-20T03:46:50","date_gmt":"2026-04-20T01:46:50","guid":{"rendered":"https:\/\/kohenavocats.com\/jurisprudences\/cour-superieure-de-justice-11-juillet-2023-7\/"},"modified":"2026-04-20T03:46:53","modified_gmt":"2026-04-20T01:46:53","slug":"cour-superieure-de-justice-11-juillet-2023-7","status":"publish","type":"kji_decision","link":"https:\/\/kohenavocats.com\/ru\/jurisprudences\/cour-superieure-de-justice-11-juillet-2023-7\/","title":{"rendered":"Cour sup\u00e9rieure de justice, 11 juillet 2023"},"content":{"rendered":"<div class=\"kji-decision\">\n<div class=\"kji-full-text\">\n<p>Arr\u00eatN\u00b0285\/23V. du11 juillet2023 (Not.31226\/20\/CD) La Cour d&#039;appel du Grand-Duch\u00e9 de Luxembourg, cinqui\u00e8me chambre, si\u00e9geant en mati\u00e8re correctionnelle, a rendu en son audience publique duonze juilletdeux mille vingt-troisl\u2019arr\u00eat qui suit dans la cause e n t r e : leminist\u00e8republic, exer\u00e7ant l&#039;action publique pour la r\u00e9pression des crimes et d\u00e9lits, appelant, e t : PERSONNE1.), n\u00e9 leDATE1.)\u00e0ADRESSE1.)en Belgique,demeurant \u00e0 L- ADRESSE2.),ayant \u00e9lu domicile en l\u2019\u00e9tude deMa\u00eetre Vedrana RISTIC, avocat \u00e0 la Cour, demeurant professionnellement \u00e0 L-ADRESSE3.),actuellementsous contr\u00f4le judiciaire, pr\u00e9venu,d\u00e9fendeurau civiletappelant, e np r \u00e9 s e n c ed e: PERSONNE2.), n\u00e9eleDATE2.)\u00e0ADRESSE4.)au Cameroun, demeurant \u00e0 L-ADRESSE5.), demanderesseau civil. F A I T S:<\/p>\n<p>2 Les faits et r\u00e9troactes de l&#039;affaire r\u00e9sultent \u00e0 suffisance de droit d&#039;un jugement renducontradictoirementpar le tribunal d&#039;arrondissement deLuxembourg, septi\u00e8mechambre, si\u00e9geant en mati\u00e8recorrectionnelle, le8 d\u00e9cembre2022, sous le num\u00e9ro2789\/2022,dont les consid\u00e9rants et le dispositif sont con\u00e7us comme suit:<\/p>\n<p>3 \u00ab(\u2026)\u00bb.<\/p>\n<p>4 Contrece jugement, appelfutinterjet\u00e9au greffe dutribunald\u2019arrondissementde Luxembourgle17 janvier 2023au p\u00e9nalet au civil par lemandataire dupr\u00e9venu et d\u00e9fendeur au civilPERSONNE1.),ainsi quele18 janvier 2023par le minist\u00e8re public, appel limit\u00e9 au pr\u00e9venuPERSONNE1.). En vertu de cesappelset parcitation du15 mars 2023,lespartiesfurent r\u00e9guli\u00e8rement requisesde compara\u00eetre \u00e0 l\u2019audience publique du30 juin 2023, devant la Cour d&#039;appel de Luxembourg,cinqui\u00e8mechambre, si\u00e9geant en mati\u00e8re correctionnelle, pour y entendre statuer sur le m\u00e9ritedesappelsinterjet\u00e9s. Acette audience,le pr\u00e9venu et d\u00e9fendeur aucivilPERSONNE1.),fut repr\u00e9sent\u00e9 par son mandataireMa\u00eetreVedrana RISTIC, avocat \u00e0 la Cour, demeurant\u00e0 Luxembourg,quid\u00e9veloppa les moyens de d\u00e9fense et d\u2019appelde ce dernier. Ma\u00eetre Apenyin Otua NYANTE, avocat, en remplacement deMa\u00eetre Cora Essi MAGLO,avocat \u00e0 la Cour,les deuxdemeurant \u00e0 Luxembourg,repr\u00e9sentant la demanderesse au civilPERSONNE2.),conclut au nom et pour le compte decette derni\u00e8re. Monsieurle premieravocat g\u00e9n\u00e9ralMarc HARPES, assumant les fonctions de minist\u00e8re public,fut entenduen son r\u00e9quisitoire. Ma\u00eetre Vedrana RISTIC, avocat \u00e0 la Cour,eut la parole en dernier. L A C O U R prit l&#039;affaire en d\u00e9lib\u00e9r\u00e9 et rendit \u00e0 l&#039;audience publiquedu11juillet2023, \u00e0 laquelle le prononc\u00e9 avait \u00e9t\u00e9 fix\u00e9, l&#039;arr\u00eatqui suit: Par d\u00e9claration du 17 janvier 2023 au greffe du tribunal d&#039;arrondissement de Luxembourg,PERSONNE1.)(ci-apr\u00e8s: \u00abPERSONNE1.)\u00bb)a fait interjeter appel au p\u00e9nal et au civil contre unjugement rendu contradictoirement le 8 d\u00e9cembre 2022, par une chambre correctionnelle de ce tribunal, jugement dont la motivation et le dispositif sont reproduits aux qualit\u00e9s du pr\u00e9sent arr\u00eat. Par d\u00e9claration notifi\u00e9e le 18 janvier 2023 au m\u00eame greffe,le procureur d\u2019Etat de Luxembourg a \u00e9galement interjet\u00e9 appel contre ce jugement pour autant qu\u2019il a trait \u00e0PERSONNE1.). Les appels, au p\u00e9nal, sont recevablespour avoir \u00e9t\u00e9 interjet\u00e9s dans les formes et le d\u00e9lai de la loi et pour r\u00e9pondre aux exigencespr\u00e9vues \u00e0 l\u2019article 579 du Code de proc\u00e9dure civile.<\/p>\n<p>5 Concernant l\u2019appel au civil, il faut souligner que la Cour d\u2019appel\u00e9tantsaisie de l\u2019appel au p\u00e9nal,est amen\u00e9e \u00e0 examiner la d\u00e9claration de culpabilit\u00e9 du pr\u00e9venu par rapport \u00e0 l\u2019agression dontPERSONNE2.)a \u00e9t\u00e9 victime, ceci ayant une cons\u00e9quence directe sur la question de la comp\u00e9tence de la juridiction r\u00e9pressive au niveau civil, \u00e9tant observ\u00e9 qu\u2019\u00e0 supposer qu\u2019un acquittement intervienne, par r\u00e9formation, en faveur du pr\u00e9venu, la Cour d\u2019appel,par voie de cons\u00e9quence, devra n\u00e9cessairement et, par r\u00e9formation, se d\u00e9clarer incomp\u00e9tente pour conna\u00eetre de la demande civile. Il en suit, contrairement aux conclusions du repr\u00e9sentant du minist\u00e8re public, que l\u2019appel interjet\u00e9 au civil est recevable. A l\u2019audience publique de la Cour d\u2019appeldu 30 juin 2023, l\u2019avocat dePERSONNE1.) a demand\u00e9 \u00e0 pouvoir repr\u00e9senter le pr\u00e9venu, demande \u00e0 laquelle le repr\u00e9sentant du minist\u00e8re public ne s\u2019est pas oppos\u00e9 et \u00e0 laquelle la Cour d\u2019appel a fait droit. La d\u00e9fense expose que les faits en rapport avecPERSONNE3.)etPERSONNE4.) ne sont pas contest\u00e9s, ni par ailleurs les infractions qui ont \u00e9t\u00e9 retenues \u00e0 ce titre \u00e0 charge dePERSONNE1.). La d\u00e9fense conteste toutefois les faits qui sont reproch\u00e9s au pr\u00e9venu par rapport \u00e0 PERSONNE2.), ce au motif qu\u2019il y a des d\u00e9clarations divergentes, reprochant au tribunal d\u2019avoir accord\u00e9 cr\u00e9dit aux d\u00e9clarations du t\u00e9moinPERSONNE5.), alors que la victime dit avoir \u00e9t\u00e9 pouss\u00e9e par une femme et non pas par un homme. Il y aurait, partant, un doutequi devrait profiter \u00e0 l\u2019accus\u00e9,de sorte qu\u2019il y aurait lieu de l\u2019acquitter avec toutes les cons\u00e9quences l\u00e9gales sur le plan civil. A cette m\u00eame audience, le mandataire de la demanderesse au civilPERSONNE2.) a conclu \u00e0 la confirmation aucivil du jugement dont appel. Le repr\u00e9sentant du minist\u00e8re public conclut \u00e0 la confirmation de la d\u00e9claration de culpabilit\u00e9, ce autant pour ce qui concerne les faits en rapport avecPERSONNE3.) etPERSONNE4.), que pour ce qui estPERSONNE2.). Pour ce qui est des faits en litige, il est renvoy\u00e9, en l\u2019absence d\u2019un quelconque fait nouveau en instance d\u2019appel, au jugement entrepris qui les a correctement reproduits. Le jugement entrepris est \u00e0 confirmer en ce qui concerne la d\u00e9claration de culpabilit\u00e9 retenue dans le chef dePERSONNE1.)par rapport aux faits commis \u00e0 l\u2019\u00e9gard dePERSONNE3.)etPERSONNE4.), \u00e9tant observ\u00e9 que l\u2019article 399 du Code p\u00e9nal ne pr\u00e9voyant qu\u2019une circonstance aggravante de l\u2019infraction de coups ou blessures volontaires, circonstancetenant \u00e0 l\u2019incapacit\u00e9 de travail et ne constituant, d\u00e8s lors, pas une infraction autonome, il suffit de dire en l\u2019esp\u00e8ce que cette circonstance aggravante n\u2019est pas donn\u00e9e et n\u2019est pas \u00e0 retenir \u00e0 charge du pr\u00e9venu, l\u2019acquittement d\u2019une circonstance aggravante ne se concevant pas. En ce qui concerne l\u2019agression dontPERSONNE2.)a\u00e9t\u00e9 victime, la Cour d\u2019appel se rallie \u00e0 la motivation du jugement entrepris sur base de laquelle le tribunal a dit<\/p>\n<p>6 \u00e0 bon droit qu\u2019il y avait lieu de s\u2019en tenir aux d\u00e9clarations dePERSONNE5.), t\u00e9moin neutre qui a observ\u00e9 la sc\u00e8ne sans y avoir \u00e9t\u00e9 m\u00eal\u00e9 et qui a relat\u00e9 que PERSONNE1.)a pouss\u00e9PERSONNE4.)qui sous l\u2019effet de cette agression est tomb\u00e9 contrePERSONNE2.)qui, de ce fait, a chut\u00e9 par terre. Le tribunal a encore soulign\u00e9 \u00e0 juste titre que les d\u00e9clarations dePERSONNE2.)ne reprennent que le r\u00e9cit dePERSONNE4.)qui a \u00e9t\u00e9 au c\u0153ur de l\u2019action et qui a parfaitement pu se tromper sur le d\u00e9roulement exact des faits. Il faut constater au vu de ce qui pr\u00e9c\u00e8de que c\u2019est sous l\u2019effet des violences commises par le pr\u00e9venu \u00e0 l\u2019\u00e9gard dePERSONNE4.)quePERSONNE2.)a chut\u00e9 par terre et a subi des blessures, les cons\u00e9quences m\u00e9dicales pr\u00e9cises qui r\u00e9sultent de cette infraction restant \u00e0 d\u00e9terminer par l\u2019expert nomm\u00e9. Il en suit que la d\u00e9claration de culpabilit\u00e9 est \u00e0 confirmer en ce qui concerne les faits commis \u00e0 l\u2019\u00e9gard dePERSONNE2.), la Cour d\u2019appel constatant que c\u2019est \u00e0 juste titre que le tribunal a institu\u00e9 une expertise m\u00e9dicale et sursis \u00e0 statuer pour le surplus, de sorte qu\u2019il faut constater, en ce qui concerne le volet civil de l\u2019affaire, que le tribunal, \u00e0 bon droit, s\u2019est d\u00e9clar\u00e9 comp\u00e9tent pour conna\u00eetre de la demande civile et en ce qu\u2019il l\u2019a d\u00e9clar\u00e9e recevable, tout en sursoyant \u00e0 statuer en attendant le r\u00e9sultat de l\u2019expertise m\u00e9dicale. Le jugement entrepris est, partant, \u00e0 confirmer en toute sa teneur. P A R C E S M O T I F S , la Cour d\u2019appel, cinqui\u00e8me chambre, si\u00e9geant en mati\u00e8re correctionnelle, statuant contradictoirement,lemandataire dupr\u00e9venu et d\u00e9fendeur au civilPERSONNE1.) entendu en sesexplications etmoyens,lemandataire de la demanderesseaucivil PERSONNE2.)entenduen sesconclusionsetle repr\u00e9sentant du minist\u00e8re public entenduen son r\u00e9quisitoire, re\u00e7oitles appels en laforme; ditl\u2019appel dePERSONNE1.)non fond\u00e9; ditl\u2019appel du minist\u00e8re public non fond\u00e9; confirmele jugement entrepris; condamnePERSONNE1.)aux frais de sa poursuite p\u00e9nale en instance d\u2019appel, ces frais liquid\u00e9s \u00e0 31,00euros. Par application des textes de loi cit\u00e9s par la juridiction de premi\u00e8re instance, ainsi que des articles 185, 199, 202, 203, 209 et 211 du Code de proc\u00e9dure p\u00e9nale. Ainsi fait et jug\u00e9 par la Cour d&#039;appel du Grand-Duch\u00e9 de Luxembourg, cinqui\u00e8me chambre, si\u00e9geant en mati\u00e8re correctionnelle, compos\u00e9e de Madame Carine FLAMMANG, pr\u00e9sident de chambre, deMadame Marie MACKEL, premier<\/p>\n<p>7 conseiller, etdeMonsieur Vincent FRANCK,premierconseiller, qui ont sign\u00e9 le pr\u00e9sent arr\u00eat avec Madame Linda SERVATY, greffi\u00e8re. La lecture de l&#039;arr\u00eat a \u00e9t\u00e9 faite en audience publique \u00e0 la Cit\u00e9 Judiciaire, B\u00e2timent CR, Plateau du St. Esprit, par Madame Carine FLAMMANG, pr\u00e9sident de chambre, en pr\u00e9sence deMonsieur Bob PIRON,avocat g\u00e9n\u00e9ral,et de Madame Linda SERVATY, greffi\u00e8re.<\/p>\n<\/div>\n<hr class=\"kji-sep\" \/>\n<p class=\"kji-source-links\"><strong>Sources officielles :<\/strong> <a class=\"kji-source-link\" href=\"https:\/\/data.public.lu\/fr\/datasets\/cour-superieure-de-justice-chambre-5-correctionnelle\/\" target=\"_blank\" rel=\"noopener noreferrer\">consulter la page source<\/a> &middot; <a class=\"kji-pdf-link\" href=\"https:\/\/download.data.public.lu\/resources\/cour-superieure-de-justice-chambre-5-correctionnelle\/20240827-182100\/20230711-ca5-285-pseudonymise-accessible.pdf\" target=\"_blank\" rel=\"noopener noreferrer\">PDF officiel<\/a><\/p>\n<p class=\"kji-license-note\"><em>Licence CC BY-ND 4.0 (Administration judiciaire, data.public.lu). Republication autorisee avec attribution, sans modification editoriale du texte integral.<\/em><\/p>\n<\/div>\n","protected":false},"excerpt":{"rendered":"<p>Arr\u00eatN\u00b0285\/23V. du11 juillet2023 (Not.31226\/20\/CD) La Cour d&#8217;appel du Grand-Duch\u00e9 de Luxembourg, cinqui\u00e8me chambre, si\u00e9geant en mati\u00e8re correctionnelle, a rendu en son audience publique duonze juilletdeux mille vingt-troisl\u2019arr\u00eat qui suit dans la cause e n t r e : leminist\u00e8republic, exer\u00e7ant l&#8217;action publique pour la r\u00e9pression\u2026<\/p>\n","protected":false},"featured_media":0,"template":"","meta":{"_crdt_document":""},"kji_country":[8418],"kji_court":[12305],"kji_chamber":[19725],"kji_year":[24566],"kji_subject":[7632],"kji_keyword":[15314,8600,9055,12307],"kji_language":[7733],"class_list":["post-615892","kji_decision","type-kji_decision","status-publish","hentry","kji_country-luxembourg","kji_court-cour-superieure-de-justice","kji_chamber-chambre-5-correctionnelle","kji_year-24566","kji_subject-penal","kji_keyword-arretn","kji_keyword-juillet","kji_keyword-justice","kji_keyword-superieure","kji_language-francais"],"yoast_head":"<!-- This site is optimized with the Yoast SEO Premium plugin v27.5 (Yoast SEO v27.5) - https:\/\/yoast.com\/product\/yoast-seo-premium-wordpress\/ -->\n<title>Cour sup\u00e9rieure de justice, 11 juillet 2023 - Ma\u00eetre Hassan Kohen, avocat en droit p\u00e9nal \u00e0 Paris<\/title>\n<meta name=\"robots\" content=\"index, follow, max-snippet:-1, max-image-preview:large, max-video-preview:-1\" \/>\n<link rel=\"canonical\" href=\"https:\/\/kohenavocats.com\/ru\/jurisprudences\/cour-superieure-de-justice-11-juillet-2023-7\/\" \/>\n<meta property=\"og:locale\" content=\"ru_RU\" \/>\n<meta property=\"og:type\" content=\"article\" \/>\n<meta property=\"og:title\" content=\"Cour sup\u00e9rieure de justice, 11 juillet 2023\" \/>\n<meta property=\"og:description\" content=\"Arr\u00eatN\u00b0285\/23V. du11 juillet2023 (Not.31226\/20\/CD) La Cour d&#039;appel du Grand-Duch\u00e9 de Luxembourg, cinqui\u00e8me chambre, si\u00e9geant en mati\u00e8re correctionnelle, a rendu en son audience publique duonze juilletdeux mille vingt-troisl\u2019arr\u00eat qui suit dans la cause e n t r e : leminist\u00e8republic, exer\u00e7ant l&#039;action publique pour la r\u00e9pression\u2026\" \/>\n<meta property=\"og:url\" content=\"https:\/\/kohenavocats.com\/ru\/jurisprudences\/cour-superieure-de-justice-11-juillet-2023-7\/\" \/>\n<meta property=\"og:site_name\" content=\"Ma\u00eetre Hassan Kohen, avocat en droit p\u00e9nal \u00e0 Paris\" \/>\n<meta property=\"article:modified_time\" content=\"2026-04-20T01:46:53+00:00\" \/>\n<meta name=\"twitter:card\" content=\"summary_large_image\" \/>\n<meta name=\"twitter:label1\" content=\"\u041f\u0440\u0438\u043c\u0435\u0440\u043d\u043e\u0435 \u0432\u0440\u0435\u043c\u044f \u0434\u043b\u044f \u0447\u0442\u0435\u043d\u0438\u044f\" \/>\n\t<meta name=\"twitter:data1\" content=\"8 \u043c\u0438\u043d\u0443\u0442\" \/>\n<script type=\"application\/ld+json\" class=\"yoast-schema-graph\">{\"@context\":\"https:\\\/\\\/schema.org\",\"@graph\":[{\"@type\":\"WebPage\",\"@id\":\"https:\\\/\\\/kohenavocats.com\\\/ru\\\/jurisprudences\\\/cour-superieure-de-justice-11-juillet-2023-7\\\/\",\"url\":\"https:\\\/\\\/kohenavocats.com\\\/ru\\\/jurisprudences\\\/cour-superieure-de-justice-11-juillet-2023-7\\\/\",\"name\":\"Cour sup\u00e9rieure de justice, 11 juillet 2023 - Ma\u00eetre Hassan Kohen, avocat en droit p\u00e9nal \u00e0 Paris\",\"isPartOf\":{\"@id\":\"https:\\\/\\\/kohenavocats.com\\\/ru\\\/#website\"},\"datePublished\":\"2026-04-20T01:46:50+00:00\",\"dateModified\":\"2026-04-20T01:46:53+00:00\",\"breadcrumb\":{\"@id\":\"https:\\\/\\\/kohenavocats.com\\\/ru\\\/jurisprudences\\\/cour-superieure-de-justice-11-juillet-2023-7\\\/#breadcrumb\"},\"inLanguage\":\"ru-RU\",\"potentialAction\":[{\"@type\":\"ReadAction\",\"target\":[\"https:\\\/\\\/kohenavocats.com\\\/ru\\\/jurisprudences\\\/cour-superieure-de-justice-11-juillet-2023-7\\\/\"]}]},{\"@type\":\"BreadcrumbList\",\"@id\":\"https:\\\/\\\/kohenavocats.com\\\/ru\\\/jurisprudences\\\/cour-superieure-de-justice-11-juillet-2023-7\\\/#breadcrumb\",\"itemListElement\":[{\"@type\":\"ListItem\",\"position\":1,\"name\":\"Home\",\"item\":\"https:\\\/\\\/kohenavocats.com\\\/ru\\\/avocats-en-droit-penal-a-paris-conseil-et-defense-strategique\\\/\"},{\"@type\":\"ListItem\",\"position\":2,\"name\":\"Jurisprudences\",\"item\":\"https:\\\/\\\/kohenavocats.com\\\/ru\\\/jurisprudences\\\/\"},{\"@type\":\"ListItem\",\"position\":3,\"name\":\"Cour sup\u00e9rieure de justice, 11 juillet 2023\"}]},{\"@type\":\"WebSite\",\"@id\":\"https:\\\/\\\/kohenavocats.com\\\/ru\\\/#website\",\"url\":\"https:\\\/\\\/kohenavocats.com\\\/ru\\\/\",\"name\":\"Kohen Avocats\",\"description\":\"Ma\u00eetre Hassan Kohen, avocat p\u00e9naliste \u00e0 Paris, intervient exclusivement en droit p\u00e9nal pour la d\u00e9fense des particuliers, notamment en mati\u00e8re d\u2019accusations de viol. Il assure un accompagnement rigoureux d\u00e8s la garde \u00e0 vue jusqu\u2019\u00e0 la Cour d\u2019assises, veillant au strict respect des garanties proc\u00e9durales.\",\"publisher\":{\"@id\":\"https:\\\/\\\/kohenavocats.com\\\/ru\\\/#organization\"},\"potentialAction\":[{\"@type\":\"SearchAction\",\"target\":{\"@type\":\"EntryPoint\",\"urlTemplate\":\"https:\\\/\\\/kohenavocats.com\\\/ru\\\/?s={search_term_string}\"},\"query-input\":{\"@type\":\"PropertyValueSpecification\",\"valueRequired\":true,\"valueName\":\"search_term_string\"}}],\"inLanguage\":\"ru-RU\"},{\"@type\":\"Organization\",\"@id\":\"https:\\\/\\\/kohenavocats.com\\\/ru\\\/#organization\",\"name\":\"Kohen Avocats\",\"url\":\"https:\\\/\\\/kohenavocats.com\\\/ru\\\/\",\"logo\":{\"@type\":\"ImageObject\",\"inLanguage\":\"ru-RU\",\"@id\":\"https:\\\/\\\/kohenavocats.com\\\/ru\\\/#\\\/schema\\\/logo\\\/image\\\/\",\"url\":\"https:\\\/\\\/kohenavocats.com\\\/wp-content\\\/uploads\\\/2026\\\/01\\\/Logo-2-1.webp\",\"contentUrl\":\"https:\\\/\\\/kohenavocats.com\\\/wp-content\\\/uploads\\\/2026\\\/01\\\/Logo-2-1.webp\",\"width\":2114,\"height\":1253,\"caption\":\"Kohen Avocats\"},\"image\":{\"@id\":\"https:\\\/\\\/kohenavocats.com\\\/ru\\\/#\\\/schema\\\/logo\\\/image\\\/\"}}]}<\/script>\n<!-- \/ Yoast SEO Premium plugin. -->","yoast_head_json":{"title":"Cour sup\u00e9rieure de justice, 11 juillet 2023 - Ma\u00eetre Hassan Kohen, avocat en droit p\u00e9nal \u00e0 Paris","robots":{"index":"index","follow":"follow","max-snippet":"max-snippet:-1","max-image-preview":"max-image-preview:large","max-video-preview":"max-video-preview:-1"},"canonical":"https:\/\/kohenavocats.com\/ru\/jurisprudences\/cour-superieure-de-justice-11-juillet-2023-7\/","og_locale":"ru_RU","og_type":"article","og_title":"Cour sup\u00e9rieure de justice, 11 juillet 2023","og_description":"Arr\u00eatN\u00b0285\/23V. du11 juillet2023 (Not.31226\/20\/CD) La Cour d'appel du Grand-Duch\u00e9 de Luxembourg, cinqui\u00e8me chambre, si\u00e9geant en mati\u00e8re correctionnelle, a rendu en son audience publique duonze juilletdeux mille vingt-troisl\u2019arr\u00eat qui suit dans la cause e n t r e : leminist\u00e8republic, exer\u00e7ant l'action publique pour la r\u00e9pression\u2026","og_url":"https:\/\/kohenavocats.com\/ru\/jurisprudences\/cour-superieure-de-justice-11-juillet-2023-7\/","og_site_name":"Ma\u00eetre Hassan Kohen, avocat en droit p\u00e9nal \u00e0 Paris","article_modified_time":"2026-04-20T01:46:53+00:00","twitter_card":"summary_large_image","twitter_misc":{"\u041f\u0440\u0438\u043c\u0435\u0440\u043d\u043e\u0435 \u0432\u0440\u0435\u043c\u044f \u0434\u043b\u044f \u0447\u0442\u0435\u043d\u0438\u044f":"8 \u043c\u0438\u043d\u0443\u0442"},"schema":{"@context":"https:\/\/schema.org","@graph":[{"@type":"WebPage","@id":"https:\/\/kohenavocats.com\/ru\/jurisprudences\/cour-superieure-de-justice-11-juillet-2023-7\/","url":"https:\/\/kohenavocats.com\/ru\/jurisprudences\/cour-superieure-de-justice-11-juillet-2023-7\/","name":"Cour sup\u00e9rieure de justice, 11 juillet 2023 - Ma\u00eetre Hassan Kohen, avocat en droit p\u00e9nal \u00e0 Paris","isPartOf":{"@id":"https:\/\/kohenavocats.com\/ru\/#website"},"datePublished":"2026-04-20T01:46:50+00:00","dateModified":"2026-04-20T01:46:53+00:00","breadcrumb":{"@id":"https:\/\/kohenavocats.com\/ru\/jurisprudences\/cour-superieure-de-justice-11-juillet-2023-7\/#breadcrumb"},"inLanguage":"ru-RU","potentialAction":[{"@type":"ReadAction","target":["https:\/\/kohenavocats.com\/ru\/jurisprudences\/cour-superieure-de-justice-11-juillet-2023-7\/"]}]},{"@type":"BreadcrumbList","@id":"https:\/\/kohenavocats.com\/ru\/jurisprudences\/cour-superieure-de-justice-11-juillet-2023-7\/#breadcrumb","itemListElement":[{"@type":"ListItem","position":1,"name":"Home","item":"https:\/\/kohenavocats.com\/ru\/avocats-en-droit-penal-a-paris-conseil-et-defense-strategique\/"},{"@type":"ListItem","position":2,"name":"Jurisprudences","item":"https:\/\/kohenavocats.com\/ru\/jurisprudences\/"},{"@type":"ListItem","position":3,"name":"Cour sup\u00e9rieure de justice, 11 juillet 2023"}]},{"@type":"WebSite","@id":"https:\/\/kohenavocats.com\/ru\/#website","url":"https:\/\/kohenavocats.com\/ru\/","name":"Kohen Avocats","description":"Ma\u00eetre Hassan Kohen, avocat p\u00e9naliste \u00e0 Paris, intervient exclusivement en droit p\u00e9nal pour la d\u00e9fense des particuliers, notamment en mati\u00e8re d\u2019accusations de viol. Il assure un accompagnement rigoureux d\u00e8s la garde \u00e0 vue jusqu\u2019\u00e0 la Cour d\u2019assises, veillant au strict respect des garanties proc\u00e9durales.","publisher":{"@id":"https:\/\/kohenavocats.com\/ru\/#organization"},"potentialAction":[{"@type":"SearchAction","target":{"@type":"EntryPoint","urlTemplate":"https:\/\/kohenavocats.com\/ru\/?s={search_term_string}"},"query-input":{"@type":"PropertyValueSpecification","valueRequired":true,"valueName":"search_term_string"}}],"inLanguage":"ru-RU"},{"@type":"Organization","@id":"https:\/\/kohenavocats.com\/ru\/#organization","name":"Kohen Avocats","url":"https:\/\/kohenavocats.com\/ru\/","logo":{"@type":"ImageObject","inLanguage":"ru-RU","@id":"https:\/\/kohenavocats.com\/ru\/#\/schema\/logo\/image\/","url":"https:\/\/kohenavocats.com\/wp-content\/uploads\/2026\/01\/Logo-2-1.webp","contentUrl":"https:\/\/kohenavocats.com\/wp-content\/uploads\/2026\/01\/Logo-2-1.webp","width":2114,"height":1253,"caption":"Kohen Avocats"},"image":{"@id":"https:\/\/kohenavocats.com\/ru\/#\/schema\/logo\/image\/"}}]}},"jetpack_likes_enabled":false,"jetpack_sharing_enabled":true,"_links":{"self":[{"href":"https:\/\/kohenavocats.com\/ru\/wp-json\/wp\/v2\/kji_decision\/615892","targetHints":{"allow":["GET"]}}],"collection":[{"href":"https:\/\/kohenavocats.com\/ru\/wp-json\/wp\/v2\/kji_decision"}],"about":[{"href":"https:\/\/kohenavocats.com\/ru\/wp-json\/wp\/v2\/types\/kji_decision"}],"wp:attachment":[{"href":"https:\/\/kohenavocats.com\/ru\/wp-json\/wp\/v2\/media?parent=615892"}],"wp:term":[{"taxonomy":"kji_country","embeddable":true,"href":"https:\/\/kohenavocats.com\/ru\/wp-json\/wp\/v2\/kji_country?post=615892"},{"taxonomy":"kji_court","embeddable":true,"href":"https:\/\/kohenavocats.com\/ru\/wp-json\/wp\/v2\/kji_court?post=615892"},{"taxonomy":"kji_chamber","embeddable":true,"href":"https:\/\/kohenavocats.com\/ru\/wp-json\/wp\/v2\/kji_chamber?post=615892"},{"taxonomy":"kji_year","embeddable":true,"href":"https:\/\/kohenavocats.com\/ru\/wp-json\/wp\/v2\/kji_year?post=615892"},{"taxonomy":"kji_subject","embeddable":true,"href":"https:\/\/kohenavocats.com\/ru\/wp-json\/wp\/v2\/kji_subject?post=615892"},{"taxonomy":"kji_keyword","embeddable":true,"href":"https:\/\/kohenavocats.com\/ru\/wp-json\/wp\/v2\/kji_keyword?post=615892"},{"taxonomy":"kji_language","embeddable":true,"href":"https:\/\/kohenavocats.com\/ru\/wp-json\/wp\/v2\/kji_language?post=615892"}],"curies":[{"name":"wp","href":"https:\/\/api.w.org\/{rel}","templated":true}]}}