{"id":616799,"date":"2026-04-20T05:05:33","date_gmt":"2026-04-20T03:05:33","guid":{"rendered":"https:\/\/kohenavocats.com\/jurisprudences\/tribunal-darrondissement-15-janvier-2026-2\/"},"modified":"2026-04-20T05:05:37","modified_gmt":"2026-04-20T03:05:37","slug":"tribunal-darrondissement-15-janvier-2026-2","status":"publish","type":"kji_decision","link":"https:\/\/kohenavocats.com\/ru\/jurisprudences\/tribunal-darrondissement-15-janvier-2026-2\/","title":{"rendered":"Tribunal d&#8217;arrondissement, 15 janvier 2026"},"content":{"rendered":"<div class=\"kji-decision\">\n<div class=\"kji-full-text\">\n<p>Jugementn\u00b0 134\/2026 not. 23623\/23\/CD T.I.G (2x) AUDIENCE PUBLIQUE DU 15 JANVIER 2026 Le Tribunal d\u2019arrondissement de et \u00e0 Luxembourg,seizi\u00e8mechambre, si\u00e9geant en mati\u00e8re correctionnelle, a rendu le jugement qui suit : Dans la cause du Minist\u00e8re Public contre PERSONNE1.) n\u00e9 leDATE1.)\u00e0 Luxembourg, actuellement d\u00e9tenu au Centre p\u00e9nitentiaire de Luxembourg (Schrassig), comparant en personne,assist\u00e9 de Ma\u00eetreLuc MAJERUS, Avocat \u00e0 la Cour, demeurant \u00e0 Esch-sur-Alzette, pr\u00e9venu en pr\u00e9sence de l\u2019\u00c9tat du Grand-Duch\u00e9 de Luxembourg repr\u00e9sent\u00e9 par sa ministre de la Mobilit\u00e9 et des Travaux publics dont le minist\u00e8re est \u00e9tabli \u00e0 L-ADRESSE2.), assist\u00e9e parl\u2019Administration des b\u00e2timents publics dont les bureaux sont \u00e9tablis \u00e0 L-ADRESSE3.), repr\u00e9sent\u00e9e par sa directrice faisant fonction, comparant parPERSONNE2.),charg\u00e9 de gestion dirigeant, partie civileconstitu\u00e9e contre le pr\u00e9venuPERSONNE1.).<\/p>\n<p>2 Par citation du26 mai 2025,le Procureur d\u2019\u00c9tat pr\u00e8s le Tribunal d\u2019arrondissement de et \u00e0 Luxembourg a requis le pr\u00e9venude compara\u00eetre \u00e0 l\u2019audience publique du5 juin 2025devant le Tribunal correctionnel de ce si\u00e8ge pour y entendre statuer sur la pr\u00e9ventionsuivante: tentative de vol \u00e0 l\u2019aide d\u2019escalade et d\u2019effraction. L\u2019affaire fut remise contradictoirement en date du 22 septembre 2025 afin de pouvoir \u00eatre utilement retenue \u00e0 l&#039;audience publique du 18 d\u00e9cembre 2025. \u00c0 cette audience, Monsieur le Vice-Pr\u00e9sident constata l\u2019identit\u00e9 du pr\u00e9venu, lui donna connaissance de l\u2019acte qui a saisi le Tribunal, l\u2019informa de son droit de garder le silence et de ne pas s\u2019incriminer soi-m\u00eame. Le pr\u00e9venuPERSONNE1.)fut entendu en ses explications. PERSONNE2.),charg\u00e9 de gestion dirigeant.se constitua partie civile au nom et pour compte de l\u2019\u00c9tat du Grand-Duch\u00e9 de Luxembourg, demandeur au civil, contre le pr\u00e9venuPERSONNE1.), d\u00e9fendeur au civil. La repr\u00e9sentante du Minist\u00e8re Public, LisaWEISHAUPT, Substitut du Procureur d\u2019\u00c9tat, r\u00e9suma l\u2019affaire et fut entendue en ses r\u00e9quisitions. Ma\u00eetreLuc MAJERUS, Avocat \u00e0 la Cour, demeurant \u00e0 Esch-sur-Alzette, exposa les moyens de d\u00e9fense du pr\u00e9venuPERSONNE1.). Le pr\u00e9venu eut la parole en dernier. Le Tribunal prit l\u2019affaire en d\u00e9lib\u00e9r\u00e9 et rendit \u00e0 l\u2019audience publique de ce jour, date \u00e0 laquelle le prononc\u00e9 avait \u00e9t\u00e9 fix\u00e9, le JUGEMENT QUI SUIT : Vu l&#039;ensemble du dossier r\u00e9pressif constitu\u00e9 par le Minist\u00e8re Public sous la notice23623\/23\/CD et notamment les proc\u00e8s-verbaux et rapports dress\u00e9s en cause par la Police grand-ducale. Vu le rapport d\u2019expertise g\u00e9n\u00e9tique n\u00b0 P00598601 du 10 octobre2023 et le rapport n\u00b0 P00598602 du 9 avril 2024, \u00e9tablis par le Laboratoire National de Sant\u00e9, Service d\u2019identification g\u00e9n\u00e9tique\u2013 D\u00e9partement de m\u00e9decine l\u00e9gale, ci-apr\u00e8s le \u00abLNS\u00bb. Vu lacitation \u00e0 pr\u00e9venu du26 mai 2025r\u00e9guli\u00e8rement notifi\u00e9e \u00e0PERSONNE1.). Au p\u00e9nal<\/p>\n<p>3 Le Minist\u00e8re Public reproche \u00e0PERSONNE1.)d\u2019avoir, entre le 3 juin 2023 vers 17.00 heures et le 4 juin 2023 vers 09.00 heures, \u00e0ADRESSE4.), auADRESSE5.), tent\u00e9 de soustraire frauduleusement au pr\u00e9judice du Lyc\u00e9eADRESSE6.), une armoire \u00e0 cl\u00e9 et d\u2019autres objets ind\u00e9termin\u00e9s, partant des choses qui ne lui appartiennent pas, avec la circonstance que la tentative de vol a \u00e9t\u00e9 commise en brisant une fen\u00eatre du bureau de concierge et en entrant par cette fen\u00eatre, partant \u00e0 l\u2019aided\u2019effraction et d\u2019escalade, tentative qui a \u00e9t\u00e9 manifest\u00e9e par des actes ext\u00e9rieurs qui formaient un commencement d\u2019ex\u00e9cution de ce crime et qui n\u2019ont manqu\u00e9 leur effet qu\u2019en raison decirconstances ind\u00e9pendantes de la volont\u00e9 de leur auteur. \u00c0 l\u2019audience publique du 18 d\u00e9cembre 2025, le pr\u00e9venu a reconnu les faits mis \u00e0 sa charge. L\u2019infraction reproch\u00e9e au pr\u00e9venu est encore \u00e9tablie tant en fait qu\u2019en droit au vu des \u00e9l\u00e9ments du dossier r\u00e9pressif, notamment des constatations et investigations polici\u00e8res consign\u00e9es dans les proc\u00e8s-verbauxet rapports de police dress\u00e9s en cause, du rapport d\u2019expertise g\u00e9n\u00e9tique n\u00b0 P00598601 du 10 octobre 2023 et le rapport n\u00b0 P00598602 du 9 avril 2024, \u00e9tablis par le Laboratoire National de Sant\u00e9, ainsi que des aveux complets du pr\u00e9venu. Le pr\u00e9venuPERSONNE1.)est partantconvaincu: \u00abcomme auteur, ayant lui-m\u00eame commis l\u2019infraction, entre le 3 juin 2023, vers 17.00 heures, et le 4 juin 2023, vers 09.00 heures, \u00e0ADRESSE4.), au Lyc\u00e9eADRESSE6.), en infraction aux articles 51,52,461et 467 du Code p\u00e9nal, d\u2019avoir tent\u00e9 de soustraire frauduleusementdeschosesqui ne lui appartiennent pas, avec la circonstance que la tentative de vol a \u00e9t\u00e9 commise \u00e0 l\u2019aide d\u2019effraction et d\u2019escalade, en l\u2019esp\u00e8ce, d\u2019avoir tent\u00e9 de soustraire frauduleusement au pr\u00e9judice du Lyc\u00e9e ADRESSE6.), une armoire \u00e0 cl\u00e9 et d\u2019autres objets ind\u00e9termin\u00e9s, partant des choses qui ne lui appartiennent pas, avec la circonstance que la tentative de vol a \u00e9t\u00e9 commise en brisant une fen\u00eatre du bureau de concierge et en entrant par cette fen\u00eatre, partant \u00e0 l\u2019aide d\u2019effraction et d\u2019escalade, tentative qui a \u00e9t\u00e9 manifest\u00e9e par des actes ext\u00e9rieurs qui formaient un commencement d\u2019ex\u00e9cution de ce crime et qui n\u2019ont manqu\u00e9 leur effet qu\u2019en raison de circonstances ind\u00e9pendantes de la volont\u00e9 de leur auteur\u00bb. La peine<\/p>\n<p>4 Aux termes des articles 51, 52, 461et 467 du Code p\u00e9nal, la tentative de vol \u00e0 l\u2019aide d\u2019effraction et d\u2019escalade sera punie d\u2019une peine d\u2019emprisonnement de trois mois \u00e0 cinq ans. Dans l\u2019appr\u00e9ciation de la peine, le Tribunal tient compte de la gravit\u00e9 des faits, mais \u00e9galement du trouble relativement faible \u00e0 l\u2019ordre public et des efforts dont a fait preuvePERSONNE1.)pour reprendre sa vie en main. L&#039;article 22 alin\u00e9a 1er du Code p\u00e9nal dispose que\u00ab Si de l&#039;appr\u00e9ciation du Tribunal, le d\u00e9lit ne comporte pas une peine privative de libert\u00e9 sup\u00e9rieure \u00e0 six mois, il peut prescrire, \u00e0 titre de peine principale, que le condamn\u00e9 accomplira, au profit d&#039;une collectivit\u00e9 publique ou d&#039;un \u00e9tablissement public ou d&#039;une association ou d&#039;une institution hospitali\u00e8re ou philanthropique, un travail d&#039;int\u00e9r\u00eat g\u00e9n\u00e9ral non r\u00e9mun\u00e9r\u00e9 et d&#039;une dur\u00e9e qui ne peut \u00eatre inf\u00e9rieure \u00e0 quarante heures ni sup\u00e9rieure \u00e0 deux centquarante heures \u00bb. En l\u2019esp\u00e8ce,le Tribunal consid\u00e8re que l\u2019infraction retenue \u00e0 charge du pr\u00e9venuPERSONNE1.) est plus ad\u00e9quatement sanctionn\u00e9epar sa condamnation \u00e0 la prestation d&#039;un travail d&#039;int\u00e9r\u00eat g\u00e9n\u00e9ral que par une condamnation \u00e0 une peine d&#039;emprisonnement. \u00c0 l&#039;audience publique du18d\u00e9cembre2025, le pr\u00e9venu a express\u00e9ment marqu\u00e9 son accord \u00e0 voir remplacer, dans l&#039;\u00e9ventualit\u00e9 d&#039;une condamnation, la peine privative de libert\u00e9 \u00e0 prononcer par un travail d&#039;int\u00e9r\u00eat g\u00e9n\u00e9ral non r\u00e9mun\u00e9r\u00e9 et \u00e0 prester le cas \u00e9ch\u00e9ant ce travail. Il y a partant lieu de condamnerPERSONNE1.)\u00e0 presterun travail d&#039;int\u00e9r\u00eat g\u00e9n\u00e9ralnon r\u00e9mun\u00e9r\u00e9 d\u2019une dur\u00e9e de180 heures. Au civil \u00c0 l\u2019audience publique du18 d\u00e9cembre2025,PERSONNE2.),se constitua partie civile au nom et pour compte del\u2019\u00c9tat du Grand-Duch\u00e9 de Luxembourg,demandeurau civil, contre le pr\u00e9venu PERSONNE1.), d\u00e9fendeur au civil. Il y a lieu de donner acte au demandeur au civil de sa constitution de partie civile. Le Tribunal est comp\u00e9tent pour en conna\u00eetre, eu \u00e9gard \u00e0 la d\u00e9cision \u00e0 intervenir au p\u00e9nal. La demande civile est recevable pour avoir \u00e9t\u00e9 faite dans les forme et d\u00e9lai de la loi. La partie demanderesse au civil demande l\u2019indemnisation de son pr\u00e9judicemat\u00e9riel \u00e0 hauteur de la somme de 1.959,24 euros. En consid\u00e9ration de l\u2019ensemble des \u00e9l\u00e9ments soumis \u00e0 son appr\u00e9ciation et au vu des explications fournies et des pi\u00e8ces vers\u00e9es \u00e0 l\u2019audience, il y a lieu de d\u00e9clarer la demande civile fond\u00e9e \u00e0 hauteur du montant r\u00e9clam\u00e9 de1.959,24 euros.<\/p>\n<p>5 Il y a partant lieu de condamnerPERSONNE1.)\u00e0 payer \u00e0 l\u2019\u00c9tat du Grand-Duch\u00e9 deADRESSE1.) la somme de1.959,24 euros. PAR CES MOTIFS : le Tribunal d\u2019arrondissement de et \u00e0 Luxembourg,seizi\u00e8mechambre, si\u00e9geant en mati\u00e8re correctionnelle, statuantcontradictoirement,le pr\u00e9venuPERSONNE1.)entendu en ses explications, la partie demanderesse au civil entendueen ses conclusions, la repr\u00e9sentante du Minist\u00e8re Public entendue en ses r\u00e9quisitions et le mandataire du pr\u00e9venu entendu en ses moyens de d\u00e9fense tant au p\u00e9nal qu\u2019au civil, statuant au p\u00e9nal, donne acte \u00e0PERSONNE1.)de son accord \u00e0 se soumettre \u00e0 un travail d&#039;int\u00e9r\u00eat g\u00e9n\u00e9ral, condamne PERSONNE1.)du chef del\u2019infraction retenue \u00e0 sa charge \u00e0 ex\u00e9cuter untravail d&#039;int\u00e9r\u00eat g\u00e9n\u00e9ralnon r\u00e9mun\u00e9r\u00e9 d&#039;unedur\u00e9e decent quatre vingt (180)heuresainsi qu\u2019aux frais de sapoursuite p\u00e9nale, ces frais liquid\u00e9s \u00e0 2.223,72 euros, avertitPERSONNE1.)que l\u2019ex\u00e9cution du travail d\u2019int\u00e9r\u00eat g\u00e9n\u00e9ral doit \u00eatre commenc\u00e9e dans les six mois \u00e0 partir du jour o\u00f9 le pr\u00e9sent jugement a acquis force de chose jug\u00e9e, avertitPERSONNE1.)que le travail d\u2019int\u00e9r\u00eat g\u00e9n\u00e9ral doit \u00eatre ex\u00e9cut\u00e9 dans les vingt-quatre mois \u00e0 partir du jour o\u00f9 lad\u00e9cision p\u00e9nale a acquis force de chose jug\u00e9e, avertit PERSONNE1.)que l\u2019inex\u00e9cution de ces travaux peut entra\u00eener de nouvelles poursuites de la part du Minist\u00e8re Public en application de l\u2019article 23 du Code p\u00e9nal qui dispose que : \u00abToute violation de l\u2019une des obligations ou interdictions, r\u00e9sultant des sanctions p\u00e9nales prononc\u00e9es en application des articles 17, 18, 21 et 22 est punie d\u2019un emprisonnement de deux mois \u00e0 deux ans\u00bb, statuant au civil, donne acte \u00e0l\u2019\u00c9tat du Grand-Duch\u00e9 de Luxembourgde sa constitution de partie civile, se d\u00e9clarecomp\u00e9tent pour en conna\u00eetre, d\u00e9clarela demanderecevable, d\u00e9clarela demandefond\u00e9epour le montant demille neuf cent cinquante-neuf virgule vingt-quatre (1.959,24) euros, condamne PERSONNE1.)\u00e0 payer \u00e0l\u2019\u00c9tat du Grand-Duch\u00e9 de Luxembourgla somme de mille neuf cent cinquante-neuf virgule vingt-quatre (1.959,24) euros.<\/p>\n<p>6 Le tout en application des articles 14, 15, 22, 51,52,461 et 467 du Code p\u00e9nal, des articles 1, 2, 3, 179, 182, 184, 185, 189, 190, 190-1, 194, 195et 196 du Code de proc\u00e9dure p\u00e9nale, dont mention a \u00e9t\u00e9 faite. Ainsi fait et jug\u00e9 par Julien GROSS, Vice-Pr\u00e9sident, Laura LUDWIG, Juge et Paula GAUB, Juge, et prononc\u00e9 en audience publique au Tribunal d\u2019arrondissement de Luxembourg, assist\u00e9 de Morgane LEFEBVRE, Greffi\u00e8re, en pr\u00e9sence de Pascal COLAS, Substitut Principal du Procureur d\u2019\u00c9tat, qui, \u00e0 l\u2019exception du repr\u00e9sentant du Minist\u00e8re Public, ont sign\u00e9 le pr\u00e9sent jugement. Ce jugement est susceptible d&#039;appel. L\u2019appel doit \u00eatre interjet\u00e9 dans les formes et d\u00e9lais pr\u00e9vus aux articles 202 et suivants du Code de proc\u00e9dure p\u00e9nale et il doit \u00eatre form\u00e9 par le pr\u00e9venu ou son avocat, la partie civile ainsi que la partie civilement responsable ou leurs avocats respectifs dans les40 joursde la date du prononc\u00e9 du pr\u00e9sent jugement, aupr\u00e8s du greffe du Tribunal d\u2019arrondissement de Luxembourg, en se pr\u00e9sentant personnellementpour signer l\u2019acte d\u2019appel.<\/p>\n<p>7 L\u2019appel peut \u00e9galement \u00eatre interjet\u00e9, dans les40 joursde la date du prononc\u00e9 du pr\u00e9sent jugement par voie decourrier \u00e9lectronique\u00e0 adresser au guichet du greffe du Tribunal d\u2019arrondissement de Luxembourg \u00e0 l\u2019adressetalgug@justice.etat.lu. L\u2019appel interjet\u00e9 par voie \u00e9lectronique le jour d\u2019expiration du d\u00e9lai de recours peut parvenir au greffe jusqu\u2019\u00e0 minuit de ce jour. Le courrier \u00e9lectronique par lequel appel est interjet\u00e9 doit \u00e9maner de l\u2019appelant, de son avocat ou de tout autre fond\u00e9 depouvoir sp\u00e9cial. Dans ce dernier cas, le pouvoir est annex\u00e9 au courrier \u00e9lectronique. Si le pr\u00e9venu estd\u00e9tenu,il peut d\u00e9clarer son appel au greffe du Centre p\u00e9nitentiaire.<\/p>\n<\/div>\n<hr class=\"kji-sep\" \/>\n<p class=\"kji-source-links\"><strong>Sources officielles :<\/strong> <a class=\"kji-source-link\" href=\"https:\/\/data.public.lu\/fr\/datasets\/tribunal-darrondissement-luxembourg-penal\/\" target=\"_blank\" rel=\"noopener noreferrer\">consulter la page source<\/a> &middot; <a class=\"kji-pdf-link\" href=\"https:\/\/download.data.public.lu\/resources\/tribunal-darrondissement-luxembourg-penal\/20260412-231054\/20260115-talch16-134-pseudonymise-accessible.pdf\" target=\"_blank\" rel=\"noopener noreferrer\">PDF officiel<\/a><\/p>\n<p class=\"kji-license-note\"><em>Licence CC BY-ND 4.0 (Administration judiciaire, data.public.lu). Republication autorisee avec attribution, sans modification editoriale du texte integral.<\/em><\/p>\n<\/div>\n","protected":false},"excerpt":{"rendered":"<p>Jugementn\u00b0 134\/2026 not. 23623\/23\/CD T.I.G (2x) AUDIENCE PUBLIQUE DU 15 JANVIER 2026 Le Tribunal d\u2019arrondissement de et \u00e0 Luxembourg,seizi\u00e8mechambre, si\u00e9geant en mati\u00e8re correctionnelle, a rendu le jugement qui suit : Dans la cause du Minist\u00e8re Public contre PERSONNE1.) n\u00e9 leDATE1.)\u00e0 Luxembourg, actuellement d\u00e9tenu au Centre\u2026<\/p>\n","protected":false},"featured_media":0,"template":"","meta":{"_crdt_document":""},"kji_country":[8418],"kji_court":[23583],"kji_chamber":[25729],"kji_year":[7610],"kji_subject":[7632],"kji_keyword":[23584,8460,25730,7636],"kji_language":[7733],"class_list":["post-616799","kji_decision","type-kji_decision","status-publish","hentry","kji_country-luxembourg","kji_court-tribunal-darrondissement","kji_chamber-penal","kji_year-7610","kji_subject-penal","kji_keyword-arrondissement","kji_keyword-janvier","kji_keyword-jugementn","kji_keyword-tribunal","kji_language-francais"],"yoast_head":"<!-- This site is optimized with the Yoast SEO Premium plugin v27.5 (Yoast SEO v27.5) - https:\/\/yoast.com\/product\/yoast-seo-premium-wordpress\/ -->\n<title>Tribunal d&#039;arrondissement, 15 janvier 2026 - Ma\u00eetre Hassan Kohen, avocat en droit p\u00e9nal \u00e0 Paris<\/title>\n<meta name=\"robots\" content=\"index, follow, max-snippet:-1, max-image-preview:large, max-video-preview:-1\" \/>\n<link rel=\"canonical\" href=\"https:\/\/kohenavocats.com\/ru\/jurisprudences\/tribunal-darrondissement-15-janvier-2026-2\/\" \/>\n<meta property=\"og:locale\" content=\"ru_RU\" \/>\n<meta property=\"og:type\" content=\"article\" \/>\n<meta property=\"og:title\" content=\"Tribunal d&#039;arrondissement, 15 janvier 2026\" \/>\n<meta property=\"og:description\" content=\"Jugementn\u00b0 134\/2026 not. 23623\/23\/CD T.I.G (2x) AUDIENCE PUBLIQUE DU 15 JANVIER 2026 Le Tribunal d\u2019arrondissement de et \u00e0 Luxembourg,seizi\u00e8mechambre, si\u00e9geant en mati\u00e8re correctionnelle, a rendu le jugement qui suit : Dans la cause du Minist\u00e8re Public contre PERSONNE1.) n\u00e9 leDATE1.)\u00e0 Luxembourg, actuellement d\u00e9tenu au Centre\u2026\" \/>\n<meta property=\"og:url\" content=\"https:\/\/kohenavocats.com\/ru\/jurisprudences\/tribunal-darrondissement-15-janvier-2026-2\/\" \/>\n<meta property=\"og:site_name\" content=\"Ma\u00eetre Hassan Kohen, avocat en droit p\u00e9nal \u00e0 Paris\" \/>\n<meta property=\"article:modified_time\" content=\"2026-04-20T03:05:37+00:00\" \/>\n<meta name=\"twitter:card\" content=\"summary_large_image\" \/>\n<meta name=\"twitter:label1\" content=\"\u041f\u0440\u0438\u043c\u0435\u0440\u043d\u043e\u0435 \u0432\u0440\u0435\u043c\u044f \u0434\u043b\u044f \u0447\u0442\u0435\u043d\u0438\u044f\" \/>\n\t<meta name=\"twitter:data1\" content=\"10 \u043c\u0438\u043d\u0443\u0442\" \/>\n<script type=\"application\/ld+json\" class=\"yoast-schema-graph\">{\"@context\":\"https:\\\/\\\/schema.org\",\"@graph\":[{\"@type\":\"WebPage\",\"@id\":\"https:\\\/\\\/kohenavocats.com\\\/ru\\\/jurisprudences\\\/tribunal-darrondissement-15-janvier-2026-2\\\/\",\"url\":\"https:\\\/\\\/kohenavocats.com\\\/ru\\\/jurisprudences\\\/tribunal-darrondissement-15-janvier-2026-2\\\/\",\"name\":\"Tribunal d'arrondissement, 15 janvier 2026 - Ma\u00eetre Hassan Kohen, avocat en droit p\u00e9nal \u00e0 Paris\",\"isPartOf\":{\"@id\":\"https:\\\/\\\/kohenavocats.com\\\/ru\\\/#website\"},\"datePublished\":\"2026-04-20T03:05:33+00:00\",\"dateModified\":\"2026-04-20T03:05:37+00:00\",\"breadcrumb\":{\"@id\":\"https:\\\/\\\/kohenavocats.com\\\/ru\\\/jurisprudences\\\/tribunal-darrondissement-15-janvier-2026-2\\\/#breadcrumb\"},\"inLanguage\":\"ru-RU\",\"potentialAction\":[{\"@type\":\"ReadAction\",\"target\":[\"https:\\\/\\\/kohenavocats.com\\\/ru\\\/jurisprudences\\\/tribunal-darrondissement-15-janvier-2026-2\\\/\"]}]},{\"@type\":\"BreadcrumbList\",\"@id\":\"https:\\\/\\\/kohenavocats.com\\\/ru\\\/jurisprudences\\\/tribunal-darrondissement-15-janvier-2026-2\\\/#breadcrumb\",\"itemListElement\":[{\"@type\":\"ListItem\",\"position\":1,\"name\":\"Home\",\"item\":\"https:\\\/\\\/kohenavocats.com\\\/ru\\\/avocats-en-droit-penal-a-paris-conseil-et-defense-strategique\\\/\"},{\"@type\":\"ListItem\",\"position\":2,\"name\":\"Jurisprudences\",\"item\":\"https:\\\/\\\/kohenavocats.com\\\/ru\\\/jurisprudences\\\/\"},{\"@type\":\"ListItem\",\"position\":3,\"name\":\"Tribunal d&rsquo;arrondissement, 15 janvier 2026\"}]},{\"@type\":\"WebSite\",\"@id\":\"https:\\\/\\\/kohenavocats.com\\\/ru\\\/#website\",\"url\":\"https:\\\/\\\/kohenavocats.com\\\/ru\\\/\",\"name\":\"Kohen Avocats\",\"description\":\"Ma\u00eetre Hassan Kohen, avocat p\u00e9naliste \u00e0 Paris, intervient exclusivement en droit p\u00e9nal pour la d\u00e9fense des particuliers, notamment en mati\u00e8re d\u2019accusations de viol. Il assure un accompagnement rigoureux d\u00e8s la garde \u00e0 vue jusqu\u2019\u00e0 la Cour d\u2019assises, veillant au strict respect des garanties proc\u00e9durales.\",\"publisher\":{\"@id\":\"https:\\\/\\\/kohenavocats.com\\\/ru\\\/#organization\"},\"potentialAction\":[{\"@type\":\"SearchAction\",\"target\":{\"@type\":\"EntryPoint\",\"urlTemplate\":\"https:\\\/\\\/kohenavocats.com\\\/ru\\\/?s={search_term_string}\"},\"query-input\":{\"@type\":\"PropertyValueSpecification\",\"valueRequired\":true,\"valueName\":\"search_term_string\"}}],\"inLanguage\":\"ru-RU\"},{\"@type\":\"Organization\",\"@id\":\"https:\\\/\\\/kohenavocats.com\\\/ru\\\/#organization\",\"name\":\"Kohen Avocats\",\"url\":\"https:\\\/\\\/kohenavocats.com\\\/ru\\\/\",\"logo\":{\"@type\":\"ImageObject\",\"inLanguage\":\"ru-RU\",\"@id\":\"https:\\\/\\\/kohenavocats.com\\\/ru\\\/#\\\/schema\\\/logo\\\/image\\\/\",\"url\":\"https:\\\/\\\/kohenavocats.com\\\/wp-content\\\/uploads\\\/2026\\\/01\\\/Logo-2-1.webp\",\"contentUrl\":\"https:\\\/\\\/kohenavocats.com\\\/wp-content\\\/uploads\\\/2026\\\/01\\\/Logo-2-1.webp\",\"width\":2114,\"height\":1253,\"caption\":\"Kohen Avocats\"},\"image\":{\"@id\":\"https:\\\/\\\/kohenavocats.com\\\/ru\\\/#\\\/schema\\\/logo\\\/image\\\/\"}}]}<\/script>\n<!-- \/ Yoast SEO Premium plugin. -->","yoast_head_json":{"title":"Tribunal d'arrondissement, 15 janvier 2026 - Ma\u00eetre Hassan Kohen, avocat en droit p\u00e9nal \u00e0 Paris","robots":{"index":"index","follow":"follow","max-snippet":"max-snippet:-1","max-image-preview":"max-image-preview:large","max-video-preview":"max-video-preview:-1"},"canonical":"https:\/\/kohenavocats.com\/ru\/jurisprudences\/tribunal-darrondissement-15-janvier-2026-2\/","og_locale":"ru_RU","og_type":"article","og_title":"Tribunal d'arrondissement, 15 janvier 2026","og_description":"Jugementn\u00b0 134\/2026 not. 23623\/23\/CD T.I.G (2x) AUDIENCE PUBLIQUE DU 15 JANVIER 2026 Le Tribunal d\u2019arrondissement de et \u00e0 Luxembourg,seizi\u00e8mechambre, si\u00e9geant en mati\u00e8re correctionnelle, a rendu le jugement qui suit : Dans la cause du Minist\u00e8re Public contre PERSONNE1.) n\u00e9 leDATE1.)\u00e0 Luxembourg, actuellement d\u00e9tenu au Centre\u2026","og_url":"https:\/\/kohenavocats.com\/ru\/jurisprudences\/tribunal-darrondissement-15-janvier-2026-2\/","og_site_name":"Ma\u00eetre Hassan Kohen, avocat en droit p\u00e9nal \u00e0 Paris","article_modified_time":"2026-04-20T03:05:37+00:00","twitter_card":"summary_large_image","twitter_misc":{"\u041f\u0440\u0438\u043c\u0435\u0440\u043d\u043e\u0435 \u0432\u0440\u0435\u043c\u044f \u0434\u043b\u044f \u0447\u0442\u0435\u043d\u0438\u044f":"10 \u043c\u0438\u043d\u0443\u0442"},"schema":{"@context":"https:\/\/schema.org","@graph":[{"@type":"WebPage","@id":"https:\/\/kohenavocats.com\/ru\/jurisprudences\/tribunal-darrondissement-15-janvier-2026-2\/","url":"https:\/\/kohenavocats.com\/ru\/jurisprudences\/tribunal-darrondissement-15-janvier-2026-2\/","name":"Tribunal d'arrondissement, 15 janvier 2026 - Ma\u00eetre Hassan Kohen, avocat en droit p\u00e9nal \u00e0 Paris","isPartOf":{"@id":"https:\/\/kohenavocats.com\/ru\/#website"},"datePublished":"2026-04-20T03:05:33+00:00","dateModified":"2026-04-20T03:05:37+00:00","breadcrumb":{"@id":"https:\/\/kohenavocats.com\/ru\/jurisprudences\/tribunal-darrondissement-15-janvier-2026-2\/#breadcrumb"},"inLanguage":"ru-RU","potentialAction":[{"@type":"ReadAction","target":["https:\/\/kohenavocats.com\/ru\/jurisprudences\/tribunal-darrondissement-15-janvier-2026-2\/"]}]},{"@type":"BreadcrumbList","@id":"https:\/\/kohenavocats.com\/ru\/jurisprudences\/tribunal-darrondissement-15-janvier-2026-2\/#breadcrumb","itemListElement":[{"@type":"ListItem","position":1,"name":"Home","item":"https:\/\/kohenavocats.com\/ru\/avocats-en-droit-penal-a-paris-conseil-et-defense-strategique\/"},{"@type":"ListItem","position":2,"name":"Jurisprudences","item":"https:\/\/kohenavocats.com\/ru\/jurisprudences\/"},{"@type":"ListItem","position":3,"name":"Tribunal d&rsquo;arrondissement, 15 janvier 2026"}]},{"@type":"WebSite","@id":"https:\/\/kohenavocats.com\/ru\/#website","url":"https:\/\/kohenavocats.com\/ru\/","name":"Kohen Avocats","description":"Ma\u00eetre Hassan Kohen, avocat p\u00e9naliste \u00e0 Paris, intervient exclusivement en droit p\u00e9nal pour la d\u00e9fense des particuliers, notamment en mati\u00e8re d\u2019accusations de viol. Il assure un accompagnement rigoureux d\u00e8s la garde \u00e0 vue jusqu\u2019\u00e0 la Cour d\u2019assises, veillant au strict respect des garanties proc\u00e9durales.","publisher":{"@id":"https:\/\/kohenavocats.com\/ru\/#organization"},"potentialAction":[{"@type":"SearchAction","target":{"@type":"EntryPoint","urlTemplate":"https:\/\/kohenavocats.com\/ru\/?s={search_term_string}"},"query-input":{"@type":"PropertyValueSpecification","valueRequired":true,"valueName":"search_term_string"}}],"inLanguage":"ru-RU"},{"@type":"Organization","@id":"https:\/\/kohenavocats.com\/ru\/#organization","name":"Kohen Avocats","url":"https:\/\/kohenavocats.com\/ru\/","logo":{"@type":"ImageObject","inLanguage":"ru-RU","@id":"https:\/\/kohenavocats.com\/ru\/#\/schema\/logo\/image\/","url":"https:\/\/kohenavocats.com\/wp-content\/uploads\/2026\/01\/Logo-2-1.webp","contentUrl":"https:\/\/kohenavocats.com\/wp-content\/uploads\/2026\/01\/Logo-2-1.webp","width":2114,"height":1253,"caption":"Kohen Avocats"},"image":{"@id":"https:\/\/kohenavocats.com\/ru\/#\/schema\/logo\/image\/"}}]}},"jetpack_likes_enabled":false,"jetpack_sharing_enabled":true,"_links":{"self":[{"href":"https:\/\/kohenavocats.com\/ru\/wp-json\/wp\/v2\/kji_decision\/616799","targetHints":{"allow":["GET"]}}],"collection":[{"href":"https:\/\/kohenavocats.com\/ru\/wp-json\/wp\/v2\/kji_decision"}],"about":[{"href":"https:\/\/kohenavocats.com\/ru\/wp-json\/wp\/v2\/types\/kji_decision"}],"wp:attachment":[{"href":"https:\/\/kohenavocats.com\/ru\/wp-json\/wp\/v2\/media?parent=616799"}],"wp:term":[{"taxonomy":"kji_country","embeddable":true,"href":"https:\/\/kohenavocats.com\/ru\/wp-json\/wp\/v2\/kji_country?post=616799"},{"taxonomy":"kji_court","embeddable":true,"href":"https:\/\/kohenavocats.com\/ru\/wp-json\/wp\/v2\/kji_court?post=616799"},{"taxonomy":"kji_chamber","embeddable":true,"href":"https:\/\/kohenavocats.com\/ru\/wp-json\/wp\/v2\/kji_chamber?post=616799"},{"taxonomy":"kji_year","embeddable":true,"href":"https:\/\/kohenavocats.com\/ru\/wp-json\/wp\/v2\/kji_year?post=616799"},{"taxonomy":"kji_subject","embeddable":true,"href":"https:\/\/kohenavocats.com\/ru\/wp-json\/wp\/v2\/kji_subject?post=616799"},{"taxonomy":"kji_keyword","embeddable":true,"href":"https:\/\/kohenavocats.com\/ru\/wp-json\/wp\/v2\/kji_keyword?post=616799"},{"taxonomy":"kji_language","embeddable":true,"href":"https:\/\/kohenavocats.com\/ru\/wp-json\/wp\/v2\/kji_language?post=616799"}],"curies":[{"name":"wp","href":"https:\/\/api.w.org\/{rel}","templated":true}]}}