{"id":616847,"date":"2026-04-20T05:06:57","date_gmt":"2026-04-20T03:06:57","guid":{"rendered":"https:\/\/kohenavocats.com\/jurisprudences\/tribunal-darrondissement-5-juillet-2023-n-2023-03924\/"},"modified":"2026-04-20T05:07:00","modified_gmt":"2026-04-20T03:07:00","slug":"tribunal-darrondissement-5-juillet-2023-n-2023-03924","status":"publish","type":"kji_decision","link":"https:\/\/kohenavocats.com\/ru\/jurisprudences\/tribunal-darrondissement-5-juillet-2023-n-2023-03924\/","title":{"rendered":"Tribunal d&#8217;arrondissement, 5 juillet 2023, n\u00b0 2023-03924"},"content":{"rendered":"<div class=\"kji-decision\">\n<div class=\"kji-full-text\">\n<p>1 Jugement commercial2023TALCH15\/01045 Audience publique du mercredi,cinqjuilletdeux mille vingt-trois. Num\u00e9ro TAL-2023-03924du r\u00f4le Composition : Fran\u00e7oise WAGENER,Vice-pr\u00e9sidente ; Nad\u00e8ge ANEN,1 er juge; Fernand PETTINGER, juge-d\u00e9l\u00e9gu\u00e9; Emmanuelle BAUER, greffi\u00e8re. E n t r e : la soci\u00e9t\u00e9\u00e0 responsabilit\u00e9 limit\u00e9eSOCIETE1.)SARL,\u00e9tablie et ayant son si\u00e8ge social \u00e0L-ADRESSE1.),repr\u00e9sent\u00e9e parsong\u00e9rantactuellement en fonctions,inscriteau Registre de Commerce et des Soci\u00e9t\u00e9s de Luxembourg sous le num\u00e9roNUMERO1.), \u00e9lisant domicile en l\u2019\u00e9tudedeMa\u00eetreFlorence HOLZ, avocat \u00e0 la Cour, demeurant \u00e0 Howald, demanderesse,comparantparMa\u00eetreFlorence HOLZ, avocat \u00e0 la Cour susdit, et: la soci\u00e9t\u00e9\u00e0 responsabilit\u00e9 limit\u00e9eSOCIETE2.)SARL,\u00e9tablie et ayant son si\u00e8ge social \u00e0 L-ADRESSE2.),repr\u00e9sent\u00e9e par sonconseil de g\u00e9ranceactuellement en fonctions, inscrite au Registre de Commerce et des Soci\u00e9t\u00e9s de Luxembourg sous le num\u00e9ro NUMERO2.), d\u00e9fenderesse,d\u00e9faillante. ___________________________________________________________________<\/p>\n<p>2 F a i t s : Par acte de l\u2019huissier de justiceGeoffrey GALL\u00c9de Luxembourg,en date du5mai 2023,lademanderesseafait donner assignation\u00e0 la d\u00e9fenderesse \u00e0 compara\u00eetre le vendredi,26 mai2023\u00e009.00 heures devant leTribunal d\u2019arrondissement de et \u00e0 Luxembourg,deuxi\u00e8me chambre, si\u00e9geant en mati\u00e8re commerciale, Cit\u00e9 Judiciaire, B\u00e2timentCO, 1 er \u00e9tage, salleCO1.01, pour y entendre statuer sur le m\u00e9rite de la demande contenue dans leditacted\u2019huissier ci-apr\u00e8s reproduit:<\/p>\n<p>3 L\u2019affaire fut inscrite sous le num\u00e9roTAL-2023-03924du r\u00f4lepour l\u2019audience publique du26 mai2023devant ladeuxi\u00e8mechambre, si\u00e9geant enmati\u00e8re commerciale. Lacause fut renvoy\u00e9e devant la quinzi\u00e8me chambre. L\u2019affaire fut utilement retenue \u00e0 l\u2019audiencedu5juin2023lors delaquelle les d\u00e9bats eurent lieu comme suit : Ma\u00eetreFlorence HOLZ,mandataire de la partie demanderesse,donnalecture de l\u2019assignation introductive d\u2019instance et exposasesmoyens. La partie d\u00e9fenderesse fit d\u00e9faut. Sur ce, le tribunal prit l\u2019affaire en d\u00e9lib\u00e9r\u00e9 etrendit \u00e0 l\u2019audience publique de ce jour le j u g e m e n t q u i s u i t: Faits et proc\u00e9dure La soci\u00e9t\u00e9 \u00e0 responsabilit\u00e9 limit\u00e9eSOCIETE1.)SARL (ci-apr\u00e8s \u00abSOCIETE1.)\u00bb) a \u00e9mis le 31 ao\u00fbt 2022 \u00e0 l\u2019attention de la soci\u00e9t\u00e9 \u00e0 responsabilit\u00e9 limit\u00e9eSOCIETE2.) SARL (ci-apr\u00e8s\u00abSOCIETE2.)57-59 \u00bb) la factureNUMERO3.)pour le montant de 49.608.-EURTTC pour solde de tous comptes. Malgr\u00e9 plusieurs rappels et des mises en demeure des 21 d\u00e9cembre 2022 et 3 avril 2023, la facture reste impay\u00e9e. Par acte d\u2019huissier de justice du 5 mai 2023,SOCIETE1.)a donn\u00e9 assignation \u00e0 SOCIETE2.)57-59 \u00e0 compara\u00eetre devant le tribunal d\u2019arrondissement de et \u00e0 Luxembourg, si\u00e9geant en mati\u00e8re commerciale. Pr\u00e9tentions et moyens Aux termes de son assignation,SOCIETE1.)demande la condamnation de SOCIETE2.)57-59 au paiement du montant de 49.608.-EUR TTC, avec les int\u00e9r\u00eats de retard pr\u00e9vus par le chapitre 1 de la loi modifi\u00e9e du 18 avril 2004 relative aux d\u00e9lais de paiement et aux int\u00e9r\u00eats de retard (ci-apr\u00e8s\u00abla Loi de 2004\u00bb) \u00e0 partir de l\u2019\u00e9ch\u00e9ance de la facture, sinon \u00e0 partir dela mise en demeure du 21 d\u00e9cembre 2022, sinon \u00e0 partir d\u2019un d\u00e9lai de 30 jours suivant la mise en demeure, sinon \u00e0 partir de la demande en justice, jusqu\u2019\u00e0 solde Elle sollicite encore l\u2019allocation de la somme forfaitaire de 40.-EUR et de la somme de 4.000.-EUR pour frais de recouvrement sur base des articles 5(1) et 5(3) de la Loi de 2004, ainsi que l\u2019allocation d\u2019une indemnit\u00e9 de proc\u00e9dure de 2.000.-EUR sur base de l\u2019article 240 du Nouveau Code de proc\u00e9dure civile. Elle conclut enfin \u00e0 la condamnation deSOCIETE2.)57-59 aux frais et d\u00e9pens de l\u2019instance et \u00e0 l\u2019ex\u00e9cution provisoire sans caution du pr\u00e9sent jugement.<\/p>\n<p>4 La demande est bas\u00e9e sur le principe de lafacture accept\u00e9e d\u00e9duit de l\u2019article 109 du Code de commerce. Au soutien de ses pr\u00e9tentions,SOCIETE1.)fait valoir que par contrat du 3 avril 2019, les soci\u00e9t\u00e9sSOCIETE2.)etSOCIETE3.), en leur qualit\u00e9 de ma\u00eetres de l\u2019ouvrage, l\u2019ont charg\u00e9e d\u2019une mission d\u2019\u00abEngineering des techniques sp\u00e9ciales \/ CPE \/ Autorisation d\u2019\u00e9tablissements Class\u00e9s et de Gestion des Eaux\u00bb concernant les blocs C &amp; D du projet d\u00e9nomm\u00e9 \u00abENSEIGNE1.)\u00bb. Elle donne \u00e0 consid\u00e9rer que les parties ont d\u00e9cid\u00e9, d\u2019un commun accord, de mettre un terme \u00e0 leur relation contractuelle le 5 novembre 2021 et que le montant \u00e0 facturer par la demanderesse \u00e0SOCIETE2.)57-59 pour les op\u00e9rations de cl\u00f4ture concernant le bloc D a \u00e9t\u00e9 fix\u00e9, d\u2019un commun accord, au montant de 49.608.-EUR TTC, tel qu\u2019il r\u00e9sulte de la correspondance vers\u00e9e. Elle expose que la factureNUMERO3.)du 31 ao\u00fbt 2022 pour solde de tous comptes n\u2019a fait l\u2019objet d\u2019aucune contestation. Appr\u00e9ciation La facture impay\u00e9e Aux termes de l\u2019article 109 du Code de commerce, les achats etventes se constatent par une facture accept\u00e9e. Ce texte instaure une pr\u00e9somption l\u00e9gale, irr\u00e9fragable, de l\u2019existence de la cr\u00e9ance affirm\u00e9e dans la facture accept\u00e9e pour le seul contrat de vente. Pour les autres contrats commerciaux, la facture accept\u00e9en\u2019engendre qu\u2019une pr\u00e9somption simple de l\u2019existence de la cr\u00e9ance, le juge \u00e9tant libre d\u2019admettre ou de refuser l\u2019acceptation de la facture comme pr\u00e9somption suffisante de l\u2019existence de la cr\u00e9ance affirm\u00e9e (cf. Cour de cassation, 24 janvier 2019, n\u00b016\/2019 ; Cour d\u2019appel, 4 \u00e8me chambre, 6 mars 2019, n\u00b044848). En l\u2019esp\u00e8ce, les parties sont li\u00e9es par un contrat de prestation de services. Pour ce type de contrats, il est admis que le fait de ne pas \u00e9mettre de contestations end\u00e9ans un bref d\u00e9lai contre unefacture permet de pr\u00e9sumer que le client commer\u00e7ant marque son accord sur la facture et ses mentions (cf. Cour d\u2019appel, 4 \u00e8me chambre, 6 mars 2019, n\u00b044848). Il appartient au d\u00e9biteur de renverser cette pr\u00e9somption d\u2019acceptation. Le commer\u00e7ant qui n\u2019est pas d\u2019accord au sujet de la facture de son cocontractant, doit prendre l\u2019initiative d\u2019\u00e9mettre des protestations pr\u00e9cises valant n\u00e9gation de la dette affirm\u00e9e end\u00e9ans un bref d\u00e9lai \u00e0 partir de la r\u00e9ception de la facture. En l\u2019occurrence, il ne r\u00e9sulte d\u2019aucun \u00e9l\u00e9ment soumis \u00e0 l\u2019appr\u00e9ciation du tribunal que la facture renseign\u00e9eci-avant, dontSOCIETE1.)demande actuellement le paiement, a fait l\u2019objet d\u2019une quelconque contestation pr\u00e9cise et circonstanci\u00e9e dans un bref d\u00e9lai de la part de la d\u00e9fenderesse.<\/p>\n<p>5 Les mises en demeure envoy\u00e9es parSOCIETE1.)\u00e0la d\u00e9fenderesseles 21 d\u00e9cembre 2022 et 3 avril 2023 sont \u00e9galement rest\u00e9es sans suite. La facture est d\u00e8s lors \u00e0 consid\u00e9rer comme facture accept\u00e9e et engendre, en pr\u00e9sence d\u2019un contrat de prestation de services, une pr\u00e9somption simple de l\u2019existence de la cr\u00e9ance, susceptible d\u2019\u00eatre renvers\u00e9e par la preuve contraire de la part dela d\u00e9fenderesse. Une telle preuve n\u2019\u00e9tant pas rapport\u00e9e par la d\u00e9fenderesse, il y a lieu, sur base du principe de la facture accept\u00e9e, de d\u00e9clarer la demande fond\u00e9e et de condamner SOCIETE2.)57-59 au paiement du montant r\u00e9clam\u00e9 de49.608.-EUR TTC,avec les int\u00e9r\u00eats de retard tels que pr\u00e9vus par l\u2019article 3 de la loi modifi\u00e9e du 18 avril 2004 relative aux d\u00e9lais de paiement et auxint\u00e9r\u00eats de retard, \u00e0 compter de l\u2019\u00e9ch\u00e9ance de la facture, jusqu\u2019\u00e0 solde. Lesdemandesaccessoires En application des articles 5(1) et 5(3) de la Loi de 2004, il y a lieu d\u2019allouer \u00e0 SOCIETE1.)le montant forfaitaire de 40.-EUR et le montant de 500.-EUR \u00e0 titre d\u2019indemnisation raisonnable pour les frais de recouvrement encourus par suite du retard de paiement de la partie d\u00e9bitrice. La demande deSOCIETE1.)en allocation d\u2019une indemnit\u00e9 sur base de l\u2019article 240 du Nouveau Code de proc\u00e9dure civile est\u00e0 d\u00e9clarer fond\u00e9e pour le montant de 500.- EUR, alors qu\u2019il para\u00eet in\u00e9quitable de laisser \u00e0 charge de la partie demanderesse l\u2019enti\u00e8ret\u00e9 des frais expos\u00e9s non compris dans les d\u00e9pens. Il n\u2019y a pas lieu d\u2019ordonner l\u2019ex\u00e9cution provisoire sans caution dupr\u00e9sent jugement, les conditions de l\u2019article 567 du Nouveau Code de proc\u00e9dure n\u2019\u00e9tant pas remplies. Par application de l\u2019article 79, alin\u00e9a 2 du Nouveau Code de proc\u00e9dure civile, il y a lieu de statuer par jugement r\u00e9put\u00e9 contradictoire \u00e0 l\u2019\u00e9gard d\u2019SOCIETE2.)57-59, l\u2019acte introductif d\u2019instance ayant \u00e9t\u00e9 d\u00e9livr\u00e9 \u00e0 personne. P a r c e s m o t i f s: le tribunal d\u2019arrondissement de et \u00e0 Luxembourg, quinzi\u00e8me chambre, si\u00e9geant en mati\u00e8re commerciale, statuant parjugement r\u00e9put\u00e9 contradictoire, re\u00e7oitla demande, lad\u00e9clarefond\u00e9e, condamnela soci\u00e9t\u00e9 \u00e0 responsabilit\u00e9 limit\u00e9eSOCIETE2.)SARL\u00e0 payer \u00e0la soci\u00e9t\u00e9 \u00e0 responsabilit\u00e9 limit\u00e9eSOCIETE1.)SARLle montant de49.608.-EUR TTC, avec les int\u00e9r\u00eats de retard tels que pr\u00e9vus par l\u2019article 3 de la loi modifi\u00e9e du 18 avril 2004 relative aux d\u00e9lais de paiement et aux int\u00e9r\u00eats de retard, \u00e0 compter de l\u2019\u00e9ch\u00e9ance de la facture, jusqu\u2019\u00e0 solde,<\/p>\n<p>6 condamnela soci\u00e9t\u00e9 \u00e0 responsabilit\u00e9 limit\u00e9eSOCIETE2.)SARL\u00e0 payer \u00e0 lasoci\u00e9t\u00e9 \u00e0 responsabilit\u00e9 limit\u00e9eSOCIETE1.)SARLles montants de 40.-EUR et de 500.-EUR sur base des articles 5(1) et 5(3) de la loi modifi\u00e9e du 18 avril 2004 relative aux d\u00e9lais de paiement et aux int\u00e9r\u00eats de retard, condamnela soci\u00e9t\u00e9 \u00e0 responsabilit\u00e9 limit\u00e9eSOCIETE2.)SARL\u00e0 payer \u00e0la soci\u00e9t\u00e9 \u00e0 responsabilit\u00e9 limit\u00e9eSOCIETE1.)SARLune indemnit\u00e9 de proc\u00e9dure de 500.-EUR sur base de l\u2019article 240 du Nouveau Code de proc\u00e9dure civile, ditqu\u2019il n\u2019y a pas lieu d\u2019ordonner l\u2019ex\u00e9cution provisoire sanscaution du pr\u00e9sent jugement, condamnela soci\u00e9t\u00e9 \u00e0 responsabilit\u00e9 limit\u00e9eSOCIETE2.)SARLaux frais et d\u00e9pens de l\u2019instance.<\/p>\n<\/div>\n<hr class=\"kji-sep\" \/>\n<p class=\"kji-source-links\"><strong>Sources officielles :<\/strong> <a class=\"kji-source-link\" href=\"https:\/\/data.public.lu\/fr\/datasets\/tribunal-darrondissement-luxembourg-commerce\/\" target=\"_blank\" rel=\"noopener noreferrer\">consulter la page source<\/a> &middot; <a class=\"kji-pdf-link\" href=\"https:\/\/download.data.public.lu\/resources\/tribunal-darrondissement-luxembourg-commerce\/20240828-000729\/20230705-tal15-tal-2023-03924-pseudonymise-accessible.pdf\" target=\"_blank\" rel=\"noopener noreferrer\">PDF officiel<\/a><\/p>\n<p class=\"kji-license-note\"><em>Licence CC BY-ND 4.0 (Administration judiciaire, data.public.lu). Republication autorisee avec attribution, sans modification editoriale du texte integral.<\/em><\/p>\n<\/div>\n","protected":false},"excerpt":{"rendered":"<p>1 Jugement commercial2023TALCH15\/01045 Audience publique du mercredi,cinqjuilletdeux mille vingt-trois. Num\u00e9ro TAL-2023-03924du r\u00f4le Composition : Fran\u00e7oise WAGENER,Vice-pr\u00e9sidente ; Nad\u00e8ge ANEN,1 er juge; Fernand PETTINGER, juge-d\u00e9l\u00e9gu\u00e9; Emmanuelle BAUER, greffi\u00e8re. E n t r e : la soci\u00e9t\u00e9\u00e0 responsabilit\u00e9 limit\u00e9eSOCIETE1.)SARL,\u00e9tablie et ayant son si\u00e8ge social \u00e0L-ADRESSE1.),repr\u00e9sent\u00e9e parsong\u00e9rantactuellement en\u2026<\/p>\n","protected":false},"featured_media":0,"template":"","meta":{"_crdt_document":""},"kji_country":[8418],"kji_court":[23583],"kji_chamber":[24938],"kji_year":[24566],"kji_subject":[7625],"kji_keyword":[23584,8600,7636],"kji_language":[7733],"class_list":["post-616847","kji_decision","type-kji_decision","status-publish","hentry","kji_country-luxembourg","kji_court-tribunal-darrondissement","kji_chamber-commerce","kji_year-24566","kji_subject-commercial","kji_keyword-arrondissement","kji_keyword-juillet","kji_keyword-tribunal","kji_language-francais"],"yoast_head":"<!-- This site is optimized with the Yoast SEO Premium plugin v27.4 (Yoast SEO v27.4) - https:\/\/yoast.com\/product\/yoast-seo-premium-wordpress\/ -->\n<title>Tribunal d&#039;arrondissement, 5 juillet 2023, n\u00b0 2023-03924 - Ma\u00eetre Hassan Kohen, avocat en droit p\u00e9nal \u00e0 Paris<\/title>\n<meta name=\"robots\" content=\"index, follow, max-snippet:-1, max-image-preview:large, max-video-preview:-1\" \/>\n<link rel=\"canonical\" href=\"https:\/\/kohenavocats.com\/ru\/jurisprudences\/tribunal-darrondissement-5-juillet-2023-n-2023-03924\/\" \/>\n<meta property=\"og:locale\" content=\"ru_RU\" \/>\n<meta property=\"og:type\" content=\"article\" \/>\n<meta property=\"og:title\" content=\"Tribunal d&#039;arrondissement, 5 juillet 2023, n\u00b0 2023-03924\" \/>\n<meta property=\"og:description\" content=\"1 Jugement commercial2023TALCH15\/01045 Audience publique du mercredi,cinqjuilletdeux mille vingt-trois. Num\u00e9ro TAL-2023-03924du r\u00f4le Composition : Fran\u00e7oise WAGENER,Vice-pr\u00e9sidente ; Nad\u00e8ge ANEN,1 er juge; Fernand PETTINGER, juge-d\u00e9l\u00e9gu\u00e9; Emmanuelle BAUER, greffi\u00e8re. E n t r e : la soci\u00e9t\u00e9\u00e0 responsabilit\u00e9 limit\u00e9eSOCIETE1.)SARL,\u00e9tablie et ayant son si\u00e8ge social \u00e0L-ADRESSE1.),repr\u00e9sent\u00e9e parsong\u00e9rantactuellement en\u2026\" \/>\n<meta property=\"og:url\" content=\"https:\/\/kohenavocats.com\/ru\/jurisprudences\/tribunal-darrondissement-5-juillet-2023-n-2023-03924\/\" \/>\n<meta property=\"og:site_name\" content=\"Ma\u00eetre Hassan Kohen, avocat en droit p\u00e9nal \u00e0 Paris\" \/>\n<meta property=\"article:modified_time\" content=\"2026-04-20T03:07:00+00:00\" \/>\n<meta name=\"twitter:card\" content=\"summary_large_image\" \/>\n<meta name=\"twitter:label1\" content=\"\u041f\u0440\u0438\u043c\u0435\u0440\u043d\u043e\u0435 \u0432\u0440\u0435\u043c\u044f \u0434\u043b\u044f \u0447\u0442\u0435\u043d\u0438\u044f\" \/>\n\t<meta name=\"twitter:data1\" content=\"8 \u043c\u0438\u043d\u0443\u0442\" \/>\n<script type=\"application\/ld+json\" class=\"yoast-schema-graph\">{\"@context\":\"https:\\\/\\\/schema.org\",\"@graph\":[{\"@type\":\"WebPage\",\"@id\":\"https:\\\/\\\/kohenavocats.com\\\/ru\\\/jurisprudences\\\/tribunal-darrondissement-5-juillet-2023-n-2023-03924\\\/\",\"url\":\"https:\\\/\\\/kohenavocats.com\\\/ru\\\/jurisprudences\\\/tribunal-darrondissement-5-juillet-2023-n-2023-03924\\\/\",\"name\":\"Tribunal d'arrondissement, 5 juillet 2023, n\u00b0 2023-03924 - Ma\u00eetre Hassan Kohen, avocat en droit p\u00e9nal \u00e0 Paris\",\"isPartOf\":{\"@id\":\"https:\\\/\\\/kohenavocats.com\\\/ru\\\/#website\"},\"datePublished\":\"2026-04-20T03:06:57+00:00\",\"dateModified\":\"2026-04-20T03:07:00+00:00\",\"breadcrumb\":{\"@id\":\"https:\\\/\\\/kohenavocats.com\\\/ru\\\/jurisprudences\\\/tribunal-darrondissement-5-juillet-2023-n-2023-03924\\\/#breadcrumb\"},\"inLanguage\":\"ru-RU\",\"potentialAction\":[{\"@type\":\"ReadAction\",\"target\":[\"https:\\\/\\\/kohenavocats.com\\\/ru\\\/jurisprudences\\\/tribunal-darrondissement-5-juillet-2023-n-2023-03924\\\/\"]}]},{\"@type\":\"BreadcrumbList\",\"@id\":\"https:\\\/\\\/kohenavocats.com\\\/ru\\\/jurisprudences\\\/tribunal-darrondissement-5-juillet-2023-n-2023-03924\\\/#breadcrumb\",\"itemListElement\":[{\"@type\":\"ListItem\",\"position\":1,\"name\":\"Home\",\"item\":\"https:\\\/\\\/kohenavocats.com\\\/ru\\\/avocats-en-droit-penal-a-paris-conseil-et-defense-strategique\\\/\"},{\"@type\":\"ListItem\",\"position\":2,\"name\":\"Jurisprudences\",\"item\":\"https:\\\/\\\/kohenavocats.com\\\/ru\\\/jurisprudences\\\/\"},{\"@type\":\"ListItem\",\"position\":3,\"name\":\"Tribunal d&rsquo;arrondissement, 5 juillet 2023, n\u00b0 2023-03924\"}]},{\"@type\":\"WebSite\",\"@id\":\"https:\\\/\\\/kohenavocats.com\\\/ru\\\/#website\",\"url\":\"https:\\\/\\\/kohenavocats.com\\\/ru\\\/\",\"name\":\"Kohen Avocats\",\"description\":\"Ma\u00eetre Hassan Kohen, avocat p\u00e9naliste \u00e0 Paris, intervient exclusivement en droit p\u00e9nal pour la d\u00e9fense des particuliers, notamment en mati\u00e8re d\u2019accusations de viol. Il assure un accompagnement rigoureux d\u00e8s la garde \u00e0 vue jusqu\u2019\u00e0 la Cour d\u2019assises, veillant au strict respect des garanties proc\u00e9durales.\",\"publisher\":{\"@id\":\"https:\\\/\\\/kohenavocats.com\\\/ru\\\/#organization\"},\"potentialAction\":[{\"@type\":\"SearchAction\",\"target\":{\"@type\":\"EntryPoint\",\"urlTemplate\":\"https:\\\/\\\/kohenavocats.com\\\/ru\\\/?s={search_term_string}\"},\"query-input\":{\"@type\":\"PropertyValueSpecification\",\"valueRequired\":true,\"valueName\":\"search_term_string\"}}],\"inLanguage\":\"ru-RU\"},{\"@type\":\"Organization\",\"@id\":\"https:\\\/\\\/kohenavocats.com\\\/ru\\\/#organization\",\"name\":\"Kohen Avocats\",\"url\":\"https:\\\/\\\/kohenavocats.com\\\/ru\\\/\",\"logo\":{\"@type\":\"ImageObject\",\"inLanguage\":\"ru-RU\",\"@id\":\"https:\\\/\\\/kohenavocats.com\\\/ru\\\/#\\\/schema\\\/logo\\\/image\\\/\",\"url\":\"https:\\\/\\\/kohenavocats.com\\\/wp-content\\\/uploads\\\/2026\\\/01\\\/Logo-2-1.webp\",\"contentUrl\":\"https:\\\/\\\/kohenavocats.com\\\/wp-content\\\/uploads\\\/2026\\\/01\\\/Logo-2-1.webp\",\"width\":2114,\"height\":1253,\"caption\":\"Kohen Avocats\"},\"image\":{\"@id\":\"https:\\\/\\\/kohenavocats.com\\\/ru\\\/#\\\/schema\\\/logo\\\/image\\\/\"}}]}<\/script>\n<!-- \/ Yoast SEO Premium plugin. -->","yoast_head_json":{"title":"Tribunal d'arrondissement, 5 juillet 2023, n\u00b0 2023-03924 - Ma\u00eetre Hassan Kohen, avocat en droit p\u00e9nal \u00e0 Paris","robots":{"index":"index","follow":"follow","max-snippet":"max-snippet:-1","max-image-preview":"max-image-preview:large","max-video-preview":"max-video-preview:-1"},"canonical":"https:\/\/kohenavocats.com\/ru\/jurisprudences\/tribunal-darrondissement-5-juillet-2023-n-2023-03924\/","og_locale":"ru_RU","og_type":"article","og_title":"Tribunal d'arrondissement, 5 juillet 2023, n\u00b0 2023-03924","og_description":"1 Jugement commercial2023TALCH15\/01045 Audience publique du mercredi,cinqjuilletdeux mille vingt-trois. Num\u00e9ro TAL-2023-03924du r\u00f4le Composition : Fran\u00e7oise WAGENER,Vice-pr\u00e9sidente ; Nad\u00e8ge ANEN,1 er juge; Fernand PETTINGER, juge-d\u00e9l\u00e9gu\u00e9; Emmanuelle BAUER, greffi\u00e8re. E n t r e : la soci\u00e9t\u00e9\u00e0 responsabilit\u00e9 limit\u00e9eSOCIETE1.)SARL,\u00e9tablie et ayant son si\u00e8ge social \u00e0L-ADRESSE1.),repr\u00e9sent\u00e9e parsong\u00e9rantactuellement en\u2026","og_url":"https:\/\/kohenavocats.com\/ru\/jurisprudences\/tribunal-darrondissement-5-juillet-2023-n-2023-03924\/","og_site_name":"Ma\u00eetre Hassan Kohen, avocat en droit p\u00e9nal \u00e0 Paris","article_modified_time":"2026-04-20T03:07:00+00:00","twitter_card":"summary_large_image","twitter_misc":{"\u041f\u0440\u0438\u043c\u0435\u0440\u043d\u043e\u0435 \u0432\u0440\u0435\u043c\u044f \u0434\u043b\u044f \u0447\u0442\u0435\u043d\u0438\u044f":"8 \u043c\u0438\u043d\u0443\u0442"},"schema":{"@context":"https:\/\/schema.org","@graph":[{"@type":"WebPage","@id":"https:\/\/kohenavocats.com\/ru\/jurisprudences\/tribunal-darrondissement-5-juillet-2023-n-2023-03924\/","url":"https:\/\/kohenavocats.com\/ru\/jurisprudences\/tribunal-darrondissement-5-juillet-2023-n-2023-03924\/","name":"Tribunal d'arrondissement, 5 juillet 2023, n\u00b0 2023-03924 - Ma\u00eetre Hassan Kohen, avocat en droit p\u00e9nal \u00e0 Paris","isPartOf":{"@id":"https:\/\/kohenavocats.com\/ru\/#website"},"datePublished":"2026-04-20T03:06:57+00:00","dateModified":"2026-04-20T03:07:00+00:00","breadcrumb":{"@id":"https:\/\/kohenavocats.com\/ru\/jurisprudences\/tribunal-darrondissement-5-juillet-2023-n-2023-03924\/#breadcrumb"},"inLanguage":"ru-RU","potentialAction":[{"@type":"ReadAction","target":["https:\/\/kohenavocats.com\/ru\/jurisprudences\/tribunal-darrondissement-5-juillet-2023-n-2023-03924\/"]}]},{"@type":"BreadcrumbList","@id":"https:\/\/kohenavocats.com\/ru\/jurisprudences\/tribunal-darrondissement-5-juillet-2023-n-2023-03924\/#breadcrumb","itemListElement":[{"@type":"ListItem","position":1,"name":"Home","item":"https:\/\/kohenavocats.com\/ru\/avocats-en-droit-penal-a-paris-conseil-et-defense-strategique\/"},{"@type":"ListItem","position":2,"name":"Jurisprudences","item":"https:\/\/kohenavocats.com\/ru\/jurisprudences\/"},{"@type":"ListItem","position":3,"name":"Tribunal d&rsquo;arrondissement, 5 juillet 2023, n\u00b0 2023-03924"}]},{"@type":"WebSite","@id":"https:\/\/kohenavocats.com\/ru\/#website","url":"https:\/\/kohenavocats.com\/ru\/","name":"Kohen Avocats","description":"Ma\u00eetre Hassan Kohen, avocat p\u00e9naliste \u00e0 Paris, intervient exclusivement en droit p\u00e9nal pour la d\u00e9fense des particuliers, notamment en mati\u00e8re d\u2019accusations de viol. Il assure un accompagnement rigoureux d\u00e8s la garde \u00e0 vue jusqu\u2019\u00e0 la Cour d\u2019assises, veillant au strict respect des garanties proc\u00e9durales.","publisher":{"@id":"https:\/\/kohenavocats.com\/ru\/#organization"},"potentialAction":[{"@type":"SearchAction","target":{"@type":"EntryPoint","urlTemplate":"https:\/\/kohenavocats.com\/ru\/?s={search_term_string}"},"query-input":{"@type":"PropertyValueSpecification","valueRequired":true,"valueName":"search_term_string"}}],"inLanguage":"ru-RU"},{"@type":"Organization","@id":"https:\/\/kohenavocats.com\/ru\/#organization","name":"Kohen Avocats","url":"https:\/\/kohenavocats.com\/ru\/","logo":{"@type":"ImageObject","inLanguage":"ru-RU","@id":"https:\/\/kohenavocats.com\/ru\/#\/schema\/logo\/image\/","url":"https:\/\/kohenavocats.com\/wp-content\/uploads\/2026\/01\/Logo-2-1.webp","contentUrl":"https:\/\/kohenavocats.com\/wp-content\/uploads\/2026\/01\/Logo-2-1.webp","width":2114,"height":1253,"caption":"Kohen Avocats"},"image":{"@id":"https:\/\/kohenavocats.com\/ru\/#\/schema\/logo\/image\/"}}]}},"jetpack_likes_enabled":false,"jetpack_sharing_enabled":true,"_links":{"self":[{"href":"https:\/\/kohenavocats.com\/ru\/wp-json\/wp\/v2\/kji_decision\/616847","targetHints":{"allow":["GET"]}}],"collection":[{"href":"https:\/\/kohenavocats.com\/ru\/wp-json\/wp\/v2\/kji_decision"}],"about":[{"href":"https:\/\/kohenavocats.com\/ru\/wp-json\/wp\/v2\/types\/kji_decision"}],"wp:attachment":[{"href":"https:\/\/kohenavocats.com\/ru\/wp-json\/wp\/v2\/media?parent=616847"}],"wp:term":[{"taxonomy":"kji_country","embeddable":true,"href":"https:\/\/kohenavocats.com\/ru\/wp-json\/wp\/v2\/kji_country?post=616847"},{"taxonomy":"kji_court","embeddable":true,"href":"https:\/\/kohenavocats.com\/ru\/wp-json\/wp\/v2\/kji_court?post=616847"},{"taxonomy":"kji_chamber","embeddable":true,"href":"https:\/\/kohenavocats.com\/ru\/wp-json\/wp\/v2\/kji_chamber?post=616847"},{"taxonomy":"kji_year","embeddable":true,"href":"https:\/\/kohenavocats.com\/ru\/wp-json\/wp\/v2\/kji_year?post=616847"},{"taxonomy":"kji_subject","embeddable":true,"href":"https:\/\/kohenavocats.com\/ru\/wp-json\/wp\/v2\/kji_subject?post=616847"},{"taxonomy":"kji_keyword","embeddable":true,"href":"https:\/\/kohenavocats.com\/ru\/wp-json\/wp\/v2\/kji_keyword?post=616847"},{"taxonomy":"kji_language","embeddable":true,"href":"https:\/\/kohenavocats.com\/ru\/wp-json\/wp\/v2\/kji_language?post=616847"}],"curies":[{"name":"wp","href":"https:\/\/api.w.org\/{rel}","templated":true}]}}