{"id":619150,"date":"2026-04-20T08:35:38","date_gmt":"2026-04-20T06:35:38","guid":{"rendered":"https:\/\/kohenavocats.com\/jurisprudences\/tribunal-darrondissement-3-decembre-2025-17\/"},"modified":"2026-04-20T08:35:41","modified_gmt":"2026-04-20T06:35:41","slug":"tribunal-darrondissement-3-decembre-2025-17","status":"publish","type":"kji_decision","link":"https:\/\/kohenavocats.com\/ru\/jurisprudences\/tribunal-darrondissement-3-decembre-2025-17\/","title":{"rendered":"Tribunal d&#8217;arrondissement, 3 d\u00e9cembre 2025"},"content":{"rendered":"<div class=\"kji-decision\">\n<div class=\"kji-full-text\">\n<p>1 Jugementno3311\/2025 not.11926\/25\/CD JUGEMENT SUR ACCORD AUDIENCE PUBLIQUE DU 3 DECEMBRE2025 Le Tribunal d\u2019arrondissement de et \u00e0 Luxembourg,vingt-troisi\u00e8mechambre, si\u00e9geant en mati\u00e8re correctionnelle, a rendu le jugement quisuit: Dans la cause du Minist\u00e8re Public contre PERSONNE1.), n\u00e9 leDATE1.)\u00e0ADRESSE1.)(Irlande), demeurant \u00e0ADRESSE2.)(Irlande), ayant \u00e9lu son domicile aupr\u00e8s de l\u2019\u00e9tudede Ma\u00eetrePhilippe PENNING, repr\u00e9sent\u00e9 par Ma\u00eetreMax KREUTZ, avocat \u00e0 laCour, en remplacement de Ma\u00eetre Philippe PENNING,demeuranttous les deux\u00e0Luxembourg, -pr\u00e9venu- ____________________________________________________________________________ \u00c0 l\u2019audience publique du26 novembre2025,le pr\u00e9venuPERSONNE1.), pr\u00e9qualifi\u00e9, repr\u00e9sent\u00e9 parMa\u00eetre Max KREUTZ, avocat \u00e0 la Cour, en remplacement de Ma\u00eetre PhilippePENNING, demeurant tous les deux \u00e0 Luxembourg,a comparu volontairement devant le Tribunal correctionnel de ce si\u00e8ge pour y entendre statuersur : l\u2019accord par application de la loi du 24 f\u00e9vrier 2015 relative au jugement sur accord. \u00c0 cetteaudience,Ma\u00eetre Max KREUTZ, avocat \u00e0 la Cour,demeurant \u00e0Luxembourg, se pr\u00e9senta et d\u00e9clara repr\u00e9senterle pr\u00e9venuPERSONNE1.)conform\u00e9ment \u00e0 l\u2019article 185 du Code de proc\u00e9dure p\u00e9nale. Ma\u00eetre Max KREUTZ, avocat \u00e0 la Cour, demeurant \u00e0Luxembourg,ainsi que lerepr\u00e9sentantdu Minist\u00e8re Public,Guy BREISTROFF,Procureur d\u2019Etat Adjoint,furent entendus en leurs conclusions.<\/p>\n<p>2 Le Tribunal prit l\u2019affaire en d\u00e9lib\u00e9r\u00e9 et rendit \u00e0 l\u2019audience publique de ce jour, date \u00e0 laquelle le prononc\u00e9 avait \u00e9t\u00e9 fix\u00e9, le JUGEMENT QUI SUIT : L\u2019accord dont le Tribunal se trouve saisi est con\u00e7u comme suit: Not. 11926\/25\/CD Accord par application des articles 563 \u00e0 578 du Code de proc\u00e9dure p\u00e9nale Entre: 1.Monsieur le Procureur d\u2019Etat pr\u00e8s le Tribunal d\u2019Arrondissement de Luxembourg et 2.PERSONNE1.), n\u00e9 leDATE2.)\u00e0ADRESSE1.)(ADRESSE3.)), demeurant \u00e0 ADRESSE2.)\u00e0ADRESSE2.)(ADRESSE3.)), assist\u00e9 de Ma\u00eetre Philippe PENNING, avocat \u00e0 la Cour au barreau de Luxembourg \u00e9lisant domicile pour les besoins de la pr\u00e9sente proc\u00e9dure en l\u2019\u00e9tude de Ma\u00eetre Philippe PENNING, \u00e9tablie \u00e018, rue Robert Stumper, L-2557 Luxembourg<\/p>\n<p>3 I.R\u00e9sum\u00e9 de la proc\u00e9dure Vu les actes accomplis au cours de l\u2019enqu\u00eatepr\u00e9liminaire: PV-Rapport Date Auteur 368\/2025 11.03.2025Commissariat Porte de l\u2019Ouest (C2R) 369\/2025 11.03.2025Commissariat Porte de l\u2019Ouest (C2R) 370\/2025 11.03.2025Commissariat Porte de l\u2019Ouest (C2R) 371\/2025 11.03.2025Commissariat Porte de l\u2019Ouest (C2R) 372\/2025 11.03.2025Commissariat Porte de l\u2019Ouest (C2R) CasierExtrait du casier judiciaire luxembourgeois dePERSONNE1.)du 18.03.2025 qui est n\u00e9ant II.Les faits faisant l\u2019objet de l\u2019accord A)En fait Le 11 mars 2025, la police a d\u00e9couvertPERSONNE1.)et deux autres hommes en train de r\u00e9aliser des travaux de r\u00e9paration et de nettoyage devant une maison situ\u00e9e \u00e0 la ADRESSE4.), \u00e0ADRESSE5.), Luxembourg. Les hommes ont affirm\u00e9 avoir l&#039;accord du propri\u00e9taire,PERSONNE2.), pour effectuer ces travaux. Lors de l&#039;intervention, les policiers ont remarqu\u00e9 un fourgon Toyota Hiace avec des plaques d&#039;immatriculation irlandaises (NUMERO1.)) stationn\u00e9 \u00e0 proximit\u00e9, rempli d&#039;outils et d&#039;\u00e9quipements de travail. Apr\u00e8sv\u00e9rification, il a \u00e9t\u00e9 \u00e9tabli qu\u2019aucun des trois hommes n\u2019\u00e9taient titulaire d\u2019une autorisation d\u2019\u00e9tablissement conform\u00e9ment \u00e0 la loi modifi\u00e9e du 2 septembre 2011 r\u00e9glementant l\u2019acc\u00e8s aux professions d\u2019artisan, de commer\u00e7ant, d\u2019industriel ainsi qu\u2019\u00e0 certaines professions lib\u00e9rales de sorte que les travaux \u00e9taient probablement non d\u00e9clar\u00e9s. En cons\u00e9quence, le v\u00e9hicule Toyota Hiace avec des plaques d&#039;immatriculation irlandaises (NUMERO1.)) ainsi que son contenu, appartenant \u00e0PERSONNE1.), ont \u00e9t\u00e9 saisis par les autorit\u00e9s sur ordre du procureur d\u2019Etat. B)Qualification juridique des faits faisant l\u2019objet du dossier PERSONNE1.), pr\u00e9qualifi\u00e9, Comme auteur, coauteur ou complice d\u2019un d\u00e9lit; le 11.03.2025dans l\u2019arrondissement judiciaire de Luxembourg \u00e0 L-ADRESSE6.),sans pr\u00e9judice des indications des temps et de lieu plus exactes, En infraction \u00e0 l\u2019article 571-1 (2) du Code du Travail, sanctionn\u00e9 par l\u2019article 571-6 du Code du Travail de s\u2019\u00eatre livr\u00e9 \u00e0 un travail clandestin, en exer\u00e7ant \u00e0 titreind\u00e9pendant l\u2019une des activit\u00e9s professionnelles \u00e9num\u00e9r\u00e9es \u00e0 l\u2019article 1 er de la loi modifi\u00e9e du 2 septembre 2011 r\u00e9glementant l\u2019acc\u00e8s aux professions d\u2019artisan, de commer\u00e7ant, d\u2019industriel ainsi qu\u2019\u00e0 certaines professions lib\u00e9rales, sans \u00eatre en possession de l\u2019autorisation y pr\u00e9vue;<\/p>\n<p>4 en l\u2019esp\u00e8ce, de s\u2019\u00eatre livr\u00e9 \u00e0 un travail clandestin, pour avoir exerc\u00e9 \u00e0 titre ind\u00e9pendant une activit\u00e9 artisanale ind\u00e9pendante, notamment dans le domaine des activit\u00e9s de nettoyage des chemins d\u2019acc\u00e8s et autres surfaces ext\u00e9rieures(annexe 2, liste B, groupe 4), sans avoir \u00e9t\u00e9 en possession d\u2019une autorisationdu Ministre ayant dans ses attributions les autorisations d\u2019\u00e9tablissement. III.Les faits reconnus parPERSONNE1.) PERSONNE1.), pr\u00e9qualifi\u00e9, Comme auteur, le 11.03.2025dans l\u2019arrondissement judiciaire de Luxembourg \u00e0 L-ADRESSE6.),sans pr\u00e9judice des indications des temps et de lieu plus exactes, En infraction \u00e0 l\u2019article 571-1 (2) du Code duTravail, sanctionn\u00e9 par l\u2019article 571-6 du Code du Travail de s\u2019\u00eatre livr\u00e9 \u00e0 un travail clandestin, en exer\u00e7ant \u00e0 titreind\u00e9pendant de l\u2019une des activit\u00e9s professionnelles \u00e9num\u00e9r\u00e9es \u00e0 l\u2019article 1 er de la loi modifi\u00e9e du 2 septembre 2011 r\u00e9glementant l\u2019acc\u00e8s aux professions d\u2019artisan, de commer\u00e7ant, d\u2019industriel ainsi qu\u2019\u00e0 certaines professions lib\u00e9rales, sans \u00eatre en possession de l\u2019autorisation y pr\u00e9vue; en l\u2019esp\u00e8ce, de s\u2019\u00eatre livr\u00e9 \u00e0 un travail clandestin, pour avoir exerc\u00e9 \u00e0 titre ind\u00e9pendant une activit\u00e9 artisanale ind\u00e9pendante, notamment dans le domaine des activit\u00e9s de nettoyage des chemins d\u2019acc\u00e8s et autres surfaces ext\u00e9rieures(annexe 2, liste B, groupe 4), sans avoir \u00e9t\u00e9 en possession d\u2019une autorisationdu Ministre ayant dans ses attributions les autorisations d\u2019\u00e9tablissement. IV.La peine A)La peine l\u00e9gale Aux termes de l\u2019article L. 571-6 Code du travail, les infractions aux dispositions de l\u2019article L. 571-1, paragraphe (2) du Code detravail sont punies d\u2019une amende de 251 \u00e0 5.000 euros et, en cas de r\u00e9cidive dans les cinq ans, d\u2019une peine d\u2019emprisonnement de huit jours \u00e0 six mois et d\u2019une amende allant jusqu\u2019au double du maximum, ou d\u2019une de ces peines seulement. B)Personnalisation de la peine En tenant compte de la gravit\u00e9 intrins\u00e8que des faits, tout en prenant en compte le trouble relativement minime \u00e0 l\u2019ordre public, il y a lieu de condamnerPERSONNE1.)du chef de l\u2019infraction retenue \u00e0 une peine d\u2019amende de 5.000 euros. La contrainte par corps en cas de non-paiement de l\u2019amende est \u00e0 fixer \u00e0 50 jours.<\/p>\n<p>5 C)Restitution Le v\u00e9hicule Toyota Hiace immatricul\u00e9NUMERO1.)(IRL) ainsi que son contenu, appartenant \u00e0PERSONNE1.), qui ont \u00e9t\u00e9 saisis par la Police (PV n\u00b0372\/2025 du 11.03.2025, Commissariat Porte de l\u2019Ouest (C2R)), seront restitu\u00e9s \u00e0PERSONNE1.), alors qu\u2019une confiscation serait disproportionn\u00e9e . V.Les frais Il y a lieu de condamnerPERSONNE1.)\u00e9galement aux frais de sa poursuite p\u00e9nale, ces frais \u00e9tant \u00e0 liquider par le Tribunal. Par application des articles 14, 16, 27, 28, 29, 30 et 60 Code p\u00e9nal, des articles L. 571-1, paragraphe (2) et L. 571-6 Code du travail et des articles 563 \u00e0 578 du Code de proc\u00e9dure p\u00e9nale. Luxembourg, le 23.05.2025 Le Procureur d\u2019Etat Georges OSWALD Me Philippe PENNING PERSONNE1.) La peine retenue dans l\u2019accord est l\u00e9gale et ad\u00e9quate, il y a d\u00e8s lors lieu de condamnerle pr\u00e9venu PERSONNE1.)conform\u00e9ment \u00e0 l\u2019accord. PAR CES MOTIFS : le Tribunal d\u2019arrondissement de et \u00e0 Luxembourg,vingt-troisi\u00e8mechambre, si\u00e9geant en mati\u00e8re correctionnelle, statuantcontradictoirement, lerepr\u00e9sentant du Minist\u00e8re Public, ainsi que le mandataire repr\u00e9sentantle pr\u00e9venuPERSONNE1.)entendus en leurs conclusions, condamne PERSONNE1.)du chef des infractionsretenues \u00e0 sa charge\u00e0 une amende decinq mille(5.000) euros, ainsi qu&#039;aux frais de sa mise en jugement, ces frais liquid\u00e9s \u00e0476,95 euros, f i x ela dur\u00e9e de la contrainte par corps en cas de non-paiement de l\u2019amende\u00e0cinquante(50) jours; ordonnelarestitutiondu v\u00e9hiculeENSEIGNE1.)mod\u00e8le Hiace, immatricul\u00e9NUMERO1.) (IRL) ainsi que son contenu \u00e0 son l\u00e9gitime propri\u00e9taire,PERSONNE1.), saisi suivant proc\u00e8s-<\/p>\n<p>6 verbal n\u00b0 372\/2025 du 11 mars 2025 dress\u00e9 par la Police grand-ducale, Commissariat Porte de l\u2019Ouest (C2R). Par application des articles 14, 16, 27, 28, 29, 30, 60 et 66 du Code p\u00e9nal, des articles L.571-1 paragraphe (2) et L.571-6 du Code du Travail et des articles 179, 182, 184, 185, 189, 190, 190- 1, 194, 195, 196 et 563 \u00e0 578 duCode de proc\u00e9dure p\u00e9nale. Ainsi fait et jug\u00e9 par Tania NEY, vice-pr\u00e9sident, Kim MEIS, juge et Laure HOFFELD, juge, et prononc\u00e9 par le vice-pr\u00e9sident en audience publique au Tribunal d\u2019arrondissement \u00e0 Luxembourg, en pr\u00e9sence de Alexia DIAZ, PremierSubstitut du Procureur d\u2019Etat, et d\u2019Eliane GOMES, greffi\u00e8re assum\u00e9e, qui, \u00e0 l&#039;exception de la repr\u00e9sentante du Minist\u00e8re Public, ont sign\u00e9 le pr\u00e9sent jugement.<\/p>\n<\/div>\n<hr class=\"kji-sep\" \/>\n<p class=\"kji-source-links\"><strong>Sources officielles :<\/strong> <a class=\"kji-source-link\" href=\"https:\/\/data.public.lu\/fr\/datasets\/tribunal-darrondissement-luxembourg-penal\/\" target=\"_blank\" rel=\"noopener noreferrer\">consulter la page source<\/a> &middot; <a class=\"kji-pdf-link\" href=\"https:\/\/download.data.public.lu\/resources\/tribunal-darrondissement-luxembourg-penal\/20260126-001528\/20251203-talch23-3311-pseudonymise-accessible.pdf\" target=\"_blank\" rel=\"noopener noreferrer\">PDF officiel<\/a><\/p>\n<p class=\"kji-license-note\"><em>Licence CC BY-ND 4.0 (Administration judiciaire, data.public.lu). Republication autorisee avec attribution, sans modification editoriale du texte integral.<\/em><\/p>\n<\/div>\n","protected":false},"excerpt":{"rendered":"<p>1 Jugementno3311\/2025 not.11926\/25\/CD JUGEMENT SUR ACCORD AUDIENCE PUBLIQUE DU 3 DECEMBRE2025 Le Tribunal d\u2019arrondissement de et \u00e0 Luxembourg,vingt-troisi\u00e8mechambre, si\u00e9geant en mati\u00e8re correctionnelle, a rendu le jugement quisuit: Dans la cause du Minist\u00e8re Public contre PERSONNE1.), n\u00e9 leDATE1.)\u00e0ADRESSE1.)(Irlande), demeurant \u00e0ADRESSE2.)(Irlande), ayant \u00e9lu son domicile aupr\u00e8s de\u2026<\/p>\n","protected":false},"featured_media":0,"template":"","meta":{"_crdt_document":""},"kji_country":[8418],"kji_court":[23583],"kji_chamber":[25729],"kji_year":[8463],"kji_subject":[7632],"kji_keyword":[23584,8464,7636],"kji_language":[7733],"class_list":["post-619150","kji_decision","type-kji_decision","status-publish","hentry","kji_country-luxembourg","kji_court-tribunal-darrondissement","kji_chamber-penal","kji_year-8463","kji_subject-penal","kji_keyword-arrondissement","kji_keyword-decembre","kji_keyword-tribunal","kji_language-francais"],"yoast_head":"<!-- This site is optimized with the Yoast SEO Premium plugin v27.5 (Yoast SEO v27.5) - https:\/\/yoast.com\/product\/yoast-seo-premium-wordpress\/ -->\n<title>Tribunal d&#039;arrondissement, 3 d\u00e9cembre 2025 - Ma\u00eetre Hassan Kohen, avocat en droit p\u00e9nal \u00e0 Paris<\/title>\n<meta name=\"robots\" content=\"index, follow, max-snippet:-1, max-image-preview:large, max-video-preview:-1\" \/>\n<link rel=\"canonical\" href=\"https:\/\/kohenavocats.com\/ru\/jurisprudences\/tribunal-darrondissement-3-decembre-2025-17\/\" \/>\n<meta property=\"og:locale\" content=\"ru_RU\" \/>\n<meta property=\"og:type\" content=\"article\" \/>\n<meta property=\"og:title\" content=\"Tribunal d&#039;arrondissement, 3 d\u00e9cembre 2025\" \/>\n<meta property=\"og:description\" content=\"1 Jugementno3311\/2025 not.11926\/25\/CD JUGEMENT SUR ACCORD AUDIENCE PUBLIQUE DU 3 DECEMBRE2025 Le Tribunal d\u2019arrondissement de et \u00e0 Luxembourg,vingt-troisi\u00e8mechambre, si\u00e9geant en mati\u00e8re correctionnelle, a rendu le jugement quisuit: Dans la cause du Minist\u00e8re Public contre PERSONNE1.), n\u00e9 leDATE1.)\u00e0ADRESSE1.)(Irlande), demeurant \u00e0ADRESSE2.)(Irlande), ayant \u00e9lu son domicile aupr\u00e8s de\u2026\" \/>\n<meta property=\"og:url\" content=\"https:\/\/kohenavocats.com\/ru\/jurisprudences\/tribunal-darrondissement-3-decembre-2025-17\/\" \/>\n<meta property=\"og:site_name\" content=\"Ma\u00eetre Hassan Kohen, avocat en droit p\u00e9nal \u00e0 Paris\" \/>\n<meta property=\"article:modified_time\" content=\"2026-04-20T06:35:41+00:00\" \/>\n<meta name=\"twitter:card\" content=\"summary_large_image\" \/>\n<meta name=\"twitter:label1\" content=\"\u041f\u0440\u0438\u043c\u0435\u0440\u043d\u043e\u0435 \u0432\u0440\u0435\u043c\u044f \u0434\u043b\u044f \u0447\u0442\u0435\u043d\u0438\u044f\" \/>\n\t<meta name=\"twitter:data1\" content=\"7 \u043c\u0438\u043d\u0443\u0442\" \/>\n<script type=\"application\/ld+json\" class=\"yoast-schema-graph\">{\"@context\":\"https:\\\/\\\/schema.org\",\"@graph\":[{\"@type\":\"WebPage\",\"@id\":\"https:\\\/\\\/kohenavocats.com\\\/ru\\\/jurisprudences\\\/tribunal-darrondissement-3-decembre-2025-17\\\/\",\"url\":\"https:\\\/\\\/kohenavocats.com\\\/ru\\\/jurisprudences\\\/tribunal-darrondissement-3-decembre-2025-17\\\/\",\"name\":\"Tribunal d'arrondissement, 3 d\u00e9cembre 2025 - Ma\u00eetre Hassan Kohen, avocat en droit p\u00e9nal \u00e0 Paris\",\"isPartOf\":{\"@id\":\"https:\\\/\\\/kohenavocats.com\\\/ru\\\/#website\"},\"datePublished\":\"2026-04-20T06:35:38+00:00\",\"dateModified\":\"2026-04-20T06:35:41+00:00\",\"breadcrumb\":{\"@id\":\"https:\\\/\\\/kohenavocats.com\\\/ru\\\/jurisprudences\\\/tribunal-darrondissement-3-decembre-2025-17\\\/#breadcrumb\"},\"inLanguage\":\"ru-RU\",\"potentialAction\":[{\"@type\":\"ReadAction\",\"target\":[\"https:\\\/\\\/kohenavocats.com\\\/ru\\\/jurisprudences\\\/tribunal-darrondissement-3-decembre-2025-17\\\/\"]}]},{\"@type\":\"BreadcrumbList\",\"@id\":\"https:\\\/\\\/kohenavocats.com\\\/ru\\\/jurisprudences\\\/tribunal-darrondissement-3-decembre-2025-17\\\/#breadcrumb\",\"itemListElement\":[{\"@type\":\"ListItem\",\"position\":1,\"name\":\"Home\",\"item\":\"https:\\\/\\\/kohenavocats.com\\\/ru\\\/avocats-en-droit-penal-a-paris-conseil-et-defense-strategique\\\/\"},{\"@type\":\"ListItem\",\"position\":2,\"name\":\"Jurisprudences\",\"item\":\"https:\\\/\\\/kohenavocats.com\\\/ru\\\/jurisprudences\\\/\"},{\"@type\":\"ListItem\",\"position\":3,\"name\":\"Tribunal d&rsquo;arrondissement, 3 d\u00e9cembre 2025\"}]},{\"@type\":\"WebSite\",\"@id\":\"https:\\\/\\\/kohenavocats.com\\\/ru\\\/#website\",\"url\":\"https:\\\/\\\/kohenavocats.com\\\/ru\\\/\",\"name\":\"Kohen Avocats\",\"description\":\"Ma\u00eetre Hassan Kohen, avocat p\u00e9naliste \u00e0 Paris, intervient exclusivement en droit p\u00e9nal pour la d\u00e9fense des particuliers, notamment en mati\u00e8re d\u2019accusations de viol. Il assure un accompagnement rigoureux d\u00e8s la garde \u00e0 vue jusqu\u2019\u00e0 la Cour d\u2019assises, veillant au strict respect des garanties proc\u00e9durales.\",\"publisher\":{\"@id\":\"https:\\\/\\\/kohenavocats.com\\\/ru\\\/#organization\"},\"potentialAction\":[{\"@type\":\"SearchAction\",\"target\":{\"@type\":\"EntryPoint\",\"urlTemplate\":\"https:\\\/\\\/kohenavocats.com\\\/ru\\\/?s={search_term_string}\"},\"query-input\":{\"@type\":\"PropertyValueSpecification\",\"valueRequired\":true,\"valueName\":\"search_term_string\"}}],\"inLanguage\":\"ru-RU\"},{\"@type\":\"Organization\",\"@id\":\"https:\\\/\\\/kohenavocats.com\\\/ru\\\/#organization\",\"name\":\"Kohen Avocats\",\"url\":\"https:\\\/\\\/kohenavocats.com\\\/ru\\\/\",\"logo\":{\"@type\":\"ImageObject\",\"inLanguage\":\"ru-RU\",\"@id\":\"https:\\\/\\\/kohenavocats.com\\\/ru\\\/#\\\/schema\\\/logo\\\/image\\\/\",\"url\":\"https:\\\/\\\/kohenavocats.com\\\/wp-content\\\/uploads\\\/2026\\\/01\\\/Logo-2-1.webp\",\"contentUrl\":\"https:\\\/\\\/kohenavocats.com\\\/wp-content\\\/uploads\\\/2026\\\/01\\\/Logo-2-1.webp\",\"width\":2114,\"height\":1253,\"caption\":\"Kohen Avocats\"},\"image\":{\"@id\":\"https:\\\/\\\/kohenavocats.com\\\/ru\\\/#\\\/schema\\\/logo\\\/image\\\/\"}}]}<\/script>\n<!-- \/ Yoast SEO Premium plugin. -->","yoast_head_json":{"title":"Tribunal d'arrondissement, 3 d\u00e9cembre 2025 - Ma\u00eetre Hassan Kohen, avocat en droit p\u00e9nal \u00e0 Paris","robots":{"index":"index","follow":"follow","max-snippet":"max-snippet:-1","max-image-preview":"max-image-preview:large","max-video-preview":"max-video-preview:-1"},"canonical":"https:\/\/kohenavocats.com\/ru\/jurisprudences\/tribunal-darrondissement-3-decembre-2025-17\/","og_locale":"ru_RU","og_type":"article","og_title":"Tribunal d'arrondissement, 3 d\u00e9cembre 2025","og_description":"1 Jugementno3311\/2025 not.11926\/25\/CD JUGEMENT SUR ACCORD AUDIENCE PUBLIQUE DU 3 DECEMBRE2025 Le Tribunal d\u2019arrondissement de et \u00e0 Luxembourg,vingt-troisi\u00e8mechambre, si\u00e9geant en mati\u00e8re correctionnelle, a rendu le jugement quisuit: Dans la cause du Minist\u00e8re Public contre PERSONNE1.), n\u00e9 leDATE1.)\u00e0ADRESSE1.)(Irlande), demeurant \u00e0ADRESSE2.)(Irlande), ayant \u00e9lu son domicile aupr\u00e8s de\u2026","og_url":"https:\/\/kohenavocats.com\/ru\/jurisprudences\/tribunal-darrondissement-3-decembre-2025-17\/","og_site_name":"Ma\u00eetre Hassan Kohen, avocat en droit p\u00e9nal \u00e0 Paris","article_modified_time":"2026-04-20T06:35:41+00:00","twitter_card":"summary_large_image","twitter_misc":{"\u041f\u0440\u0438\u043c\u0435\u0440\u043d\u043e\u0435 \u0432\u0440\u0435\u043c\u044f \u0434\u043b\u044f \u0447\u0442\u0435\u043d\u0438\u044f":"7 \u043c\u0438\u043d\u0443\u0442"},"schema":{"@context":"https:\/\/schema.org","@graph":[{"@type":"WebPage","@id":"https:\/\/kohenavocats.com\/ru\/jurisprudences\/tribunal-darrondissement-3-decembre-2025-17\/","url":"https:\/\/kohenavocats.com\/ru\/jurisprudences\/tribunal-darrondissement-3-decembre-2025-17\/","name":"Tribunal d'arrondissement, 3 d\u00e9cembre 2025 - Ma\u00eetre Hassan Kohen, avocat en droit p\u00e9nal \u00e0 Paris","isPartOf":{"@id":"https:\/\/kohenavocats.com\/ru\/#website"},"datePublished":"2026-04-20T06:35:38+00:00","dateModified":"2026-04-20T06:35:41+00:00","breadcrumb":{"@id":"https:\/\/kohenavocats.com\/ru\/jurisprudences\/tribunal-darrondissement-3-decembre-2025-17\/#breadcrumb"},"inLanguage":"ru-RU","potentialAction":[{"@type":"ReadAction","target":["https:\/\/kohenavocats.com\/ru\/jurisprudences\/tribunal-darrondissement-3-decembre-2025-17\/"]}]},{"@type":"BreadcrumbList","@id":"https:\/\/kohenavocats.com\/ru\/jurisprudences\/tribunal-darrondissement-3-decembre-2025-17\/#breadcrumb","itemListElement":[{"@type":"ListItem","position":1,"name":"Home","item":"https:\/\/kohenavocats.com\/ru\/avocats-en-droit-penal-a-paris-conseil-et-defense-strategique\/"},{"@type":"ListItem","position":2,"name":"Jurisprudences","item":"https:\/\/kohenavocats.com\/ru\/jurisprudences\/"},{"@type":"ListItem","position":3,"name":"Tribunal d&rsquo;arrondissement, 3 d\u00e9cembre 2025"}]},{"@type":"WebSite","@id":"https:\/\/kohenavocats.com\/ru\/#website","url":"https:\/\/kohenavocats.com\/ru\/","name":"Kohen Avocats","description":"Ma\u00eetre Hassan Kohen, avocat p\u00e9naliste \u00e0 Paris, intervient exclusivement en droit p\u00e9nal pour la d\u00e9fense des particuliers, notamment en mati\u00e8re d\u2019accusations de viol. Il assure un accompagnement rigoureux d\u00e8s la garde \u00e0 vue jusqu\u2019\u00e0 la Cour d\u2019assises, veillant au strict respect des garanties proc\u00e9durales.","publisher":{"@id":"https:\/\/kohenavocats.com\/ru\/#organization"},"potentialAction":[{"@type":"SearchAction","target":{"@type":"EntryPoint","urlTemplate":"https:\/\/kohenavocats.com\/ru\/?s={search_term_string}"},"query-input":{"@type":"PropertyValueSpecification","valueRequired":true,"valueName":"search_term_string"}}],"inLanguage":"ru-RU"},{"@type":"Organization","@id":"https:\/\/kohenavocats.com\/ru\/#organization","name":"Kohen Avocats","url":"https:\/\/kohenavocats.com\/ru\/","logo":{"@type":"ImageObject","inLanguage":"ru-RU","@id":"https:\/\/kohenavocats.com\/ru\/#\/schema\/logo\/image\/","url":"https:\/\/kohenavocats.com\/wp-content\/uploads\/2026\/01\/Logo-2-1.webp","contentUrl":"https:\/\/kohenavocats.com\/wp-content\/uploads\/2026\/01\/Logo-2-1.webp","width":2114,"height":1253,"caption":"Kohen Avocats"},"image":{"@id":"https:\/\/kohenavocats.com\/ru\/#\/schema\/logo\/image\/"}}]}},"jetpack_likes_enabled":false,"jetpack_sharing_enabled":true,"_links":{"self":[{"href":"https:\/\/kohenavocats.com\/ru\/wp-json\/wp\/v2\/kji_decision\/619150","targetHints":{"allow":["GET"]}}],"collection":[{"href":"https:\/\/kohenavocats.com\/ru\/wp-json\/wp\/v2\/kji_decision"}],"about":[{"href":"https:\/\/kohenavocats.com\/ru\/wp-json\/wp\/v2\/types\/kji_decision"}],"wp:attachment":[{"href":"https:\/\/kohenavocats.com\/ru\/wp-json\/wp\/v2\/media?parent=619150"}],"wp:term":[{"taxonomy":"kji_country","embeddable":true,"href":"https:\/\/kohenavocats.com\/ru\/wp-json\/wp\/v2\/kji_country?post=619150"},{"taxonomy":"kji_court","embeddable":true,"href":"https:\/\/kohenavocats.com\/ru\/wp-json\/wp\/v2\/kji_court?post=619150"},{"taxonomy":"kji_chamber","embeddable":true,"href":"https:\/\/kohenavocats.com\/ru\/wp-json\/wp\/v2\/kji_chamber?post=619150"},{"taxonomy":"kji_year","embeddable":true,"href":"https:\/\/kohenavocats.com\/ru\/wp-json\/wp\/v2\/kji_year?post=619150"},{"taxonomy":"kji_subject","embeddable":true,"href":"https:\/\/kohenavocats.com\/ru\/wp-json\/wp\/v2\/kji_subject?post=619150"},{"taxonomy":"kji_keyword","embeddable":true,"href":"https:\/\/kohenavocats.com\/ru\/wp-json\/wp\/v2\/kji_keyword?post=619150"},{"taxonomy":"kji_language","embeddable":true,"href":"https:\/\/kohenavocats.com\/ru\/wp-json\/wp\/v2\/kji_language?post=619150"}],"curies":[{"name":"wp","href":"https:\/\/api.w.org\/{rel}","templated":true}]}}