{"id":619539,"date":"2026-04-20T09:06:15","date_gmt":"2026-04-20T07:06:15","guid":{"rendered":"https:\/\/kohenavocats.com\/jurisprudences\/tribunal-darrondissement-3-fevrier-2025\/"},"modified":"2026-04-20T09:06:18","modified_gmt":"2026-04-20T07:06:18","slug":"tribunal-darrondissement-3-fevrier-2025","status":"publish","type":"kji_decision","link":"https:\/\/kohenavocats.com\/ru\/jurisprudences\/tribunal-darrondissement-3-fevrier-2025\/","title":{"rendered":"Tribunal d&#8217;arrondissement, 3 f\u00e9vrier 2025"},"content":{"rendered":"<div class=\"kji-decision\">\n<div class=\"kji-full-text\">\n<p>Jugementno367 \/2025 not. 31335\/24\/CD 2x t\u00eeg AUDIENCE PUBLIQUE DU 3 FEVRIER 2025 Le Tribunal d&#039;arrondissement de et \u00e0 Luxembourg, vingt-troisi\u00e8me chambre correctionnelle, statuant en composition dejuge unique, a rendu le jugement qui suit: Dans la cause duMinist\u00e8rePublic contre PERSONNE1.), n\u00e9DATE1.)\u00e0ADRESSE1.), demeurant \u00e0 L-ADRESSE2.), -p r \u00e9 v e nu- ________________________________________________________________________ F A I TS: Par citation du 13 d\u00e9cembre 2024,leProcureur d&#039;Etatpr\u00e8s le Tribunal d&#039;arrondissement de et \u00e0 Luxembourg a requis le pr\u00e9venuPERSONNE1.)\u00e0 compara\u00eetre \u00e0 l\u2019audience publique du 6 janvier 2025devant le Tribunal correctionnel de ce si\u00e8ge, pour y entendre statuer sur les pr\u00e9ventions suivantes: principalement,coups et blessures volontaires avec la circonstance que les coupset blessures ontcaus\u00e9 unemaladie ou uneincapacit\u00e9 de travail personnel, subsidiairement coups et blessures volontaires. Al\u2019audience du 6 janvier 2025, Madamele vice-pr\u00e9sident constata l&#039;identit\u00e9 du pr\u00e9venu et lui donna connaissance de l&#039;acte qui a saisi le Tribunalet l\u2019informa de ses droits de garder le silence et de ne pas s\u2019incriminer soi-m\u00eame. Le pr\u00e9venuPERSONNE1.)renon\u00e7a \u00e0 l\u2019assistance d\u2019un avocat \u00e0l\u2019audience par d\u00e9claration \u00e9crite, dat\u00e9e et sign\u00e9e conform\u00e9ment \u00e0 l\u2019article 3-6 point 8 du Code de proc\u00e9dure p\u00e9nale.<\/p>\n<p>Le pr\u00e9venuPERSONNE1.)fut entendu en ses explicationset moyens de d\u00e9fense. La repr\u00e9sentante duMinist\u00e8rePublic,Julie WEYRICH,substitut du Procureur d\u2019Etat, r\u00e9suma l\u2019affaire et fut entendue en son r\u00e9quisitoire. Sur question du Tribunal,PERSONNE2.)a renonc\u00e9 \u00e0 se constituer partie civile contre PERSONNE1.)\u00e0 cette instance. Le pr\u00e9venu eut la parole en dernier. LeTribunal prit l&#039;affaire en d\u00e9lib\u00e9r\u00e9 et rendit \u00e0 l&#039;audience publique de ce jour, date \u00e0 laquelle le prononc\u00e9 avait \u00e9t\u00e9 fix\u00e9, le J U G E M E N TQ U I S U I T: Vu l\u2019ensemble du dossier r\u00e9pressif constitu\u00e9 par leMinist\u00e8re Publicsous la notice 31335\/24\/CD. Vu le proc\u00e8s-verbal num\u00e9ro 32428\/2024 dress\u00e9 le 1 er ao\u00fbt 2024 par la Police Grand-Ducale, R\u00e9gion Sud-Ouest, Commissariat Dudelange (C3R). Vu la citation \u00e0 pr\u00e9venu du13 d\u00e9cembre 2024,r\u00e9guli\u00e8rement notifi\u00e9e \u00e0PERSONNE1.). Vu l\u2019information donn\u00e9e par courrier du13 d\u00e9cembre 2024\u00e0 la Caisse Nationale de Sant\u00e9 en application de l\u2019article 453 du Code de la s\u00e9curit\u00e9 sociale. Le Minist\u00e8re Public reproche au pr\u00e9venuPERSONNE1.), principalement, d\u2019avoirle1 er ao\u00fbt 2024 entre11.30 heures et 12.00 heures, \u00e0 L-ADRESSE3.), sans pr\u00e9judice des circonstances de temps et de lieuplusexactes,volontairement fait des blessures et port\u00e9 des coups \u00e0 PERSONNE2.), n\u00e9 leDATE2.)\u00e0ADRESSE1.), notamment en lui portant des coups de poing au visage et au corps, avecla circonstance queles blessuresfaites ou les coups port\u00e9sont entra\u00een\u00e9 une incapacit\u00e9 de travail personnel, subsidiairement,dans les m\u00eames circonstances de temps et de lieu, d\u2019avoirvolontairement fait des blessures et port\u00e9 des coups \u00e0PERSONNE2.), pr\u00e9qualifi\u00e9,notamment en lui portant des coups de poing au visage et au corps. 1) Les faits Les faits \u00e0 la base de la pr\u00e9sente affaire r\u00e9sultent \u00e0 suffisance des \u00e9l\u00e9ments du dossier soumis \u00e0 l\u2019appr\u00e9ciation duTribunal ainsi que de l\u2019instruction men\u00e9e \u00e0 l\u2019audience publique du 6 janvier 2025 et peuvent \u00eatre r\u00e9sum\u00e9s comme suit: En date du 1 er ao\u00fbt 2024,vers 12.00 heures,PERSONNE2.)a fait appel \u00e0 la Police Grand- Ducale suite \u00e0 une altercation qui a eu lieu\u00e0 son domicileentre lui etPERSONNE1.). Sur place,les policiers ont constat\u00e9 des rougeurs autour de l\u2019\u0153il droitdu plaignant PERSONNE2.). Celui-ci expose d\u2019avoir rencontr\u00e9 son amidevantsonimmeubleet que les deux se sont retrouv\u00e9s dans son appartement occup\u00e9 pr\u00e9c\u00e9demment par le pr\u00e9venu. Une dispute aurait ensuite\u00e9clat\u00e9quant \u00e0 la propri\u00e9t\u00e9 des plantes de cannabis que les deux avaient cultiv\u00e9<\/p>\n<p>ensemble et quant aux objets que le pr\u00e9venu avait laiss\u00e9 dans les lieux apr\u00e8s son d\u00e9m\u00e9nagement.PERSONNE1.)lui aurait port\u00e9 plusieurs coupsau visage, au dos ainsi qu\u2019aux c\u00f4tes. La copine du plaignant,PERSONNE3.), pr\u00e9sente au moment des faits, a confirm\u00e9 lors de son auditionpar la Police Grand-Ducale du 20 ao\u00fbt 2024, quePERSONNE1.)\u00e9tait provoquant et s\u2019est comport\u00e9 comme s\u2019il \u00e9tait toujours le locataire de l\u2019appartement.PERSONNE1.)aurait imm\u00e9diatement port\u00e9 plusieurs coups \u00e0PERSONNE2.)et elle l\u2019aurait somm\u00e9 de s\u2019arr\u00eater. Lors de son audition par la Police Grand-Ducalele5ao\u00fbt 2024,PERSONNE1.)n\u2019a pas contest\u00e9 d\u2019avoir port\u00e9 des coups\u00e0PERSONNE2.)et a pr\u00e9cis\u00e9 qu\u2019il a \u00e9galement \u00e9t\u00e9 frapp\u00e9 par PERSONNE2.)et d\u2019avoir eu plusieurs bleus apr\u00e8s la dispute. A l\u2019audience du 6 janvier 2025, le pr\u00e9venuPERSONNE1.)aconfirm\u00e9avoir frapp\u00e9 PERSONNE2.)etn\u2019a pas autrement contest\u00e9 la mat\u00e9rialit\u00e9 des faits lui reproch\u00e9s par le Minist\u00e8re Public.Il a expliqu\u00e9 \u00abavoir perdu le contr\u00f4le\u00bb et de regretter les faits. 2) En droit Au vu desd\u00e9clarationsdu plaignant, corrobor\u00e9es par les d\u00e9clarations du t\u00e9moin PERSONNE3.), parles photographiesdocumentant les blessuresd\u2019PERSONNE2.)prisespar les policiersetannex\u00e9es au proc\u00e8s-verbalet par lesaveux du pr\u00e9venu, le Tribunal retient la mat\u00e9rialit\u00e9 de l\u2019ensemble des faits libell\u00e9s \u00e0 charge du pr\u00e9venu. PERSONNE2.)n\u2019ayant pasfait \u00e9tat d\u2019une incapacit\u00e9 de travail personnel\u00e0 la suite de l\u2019agression, il y a lieu de retenir l\u2019infraction libell\u00e9e \u00e0 titre subsidiaire, sauf \u00e0 rectifier une erreur purement mat\u00e9rielle dans lesens quel\u2019infraction de coups et blessures n\u2019ayant entrain\u00e9 aucune incapacit\u00e9 de travail est vis\u00e9e par l\u2019article 398 du Code p\u00e9nal et non pas par l\u2019article 399 du Code p\u00e9nal. Au vu des d\u00e9veloppements qui pr\u00e9c\u00e8dent, le pr\u00e9venuPERSONNE1.)estconvaincu, par les \u00e9l\u00e9ments du dossier r\u00e9pressif, ensembleavecles d\u00e9bats men\u00e9s \u00e0 l\u2019audience publiqueetses aveux: \u00abcomme auteur,ayant commis lui-m\u00eame l\u2019infraction, depuis un temps non prescrit, dans l\u2019arrondissement judiciaire de Luxembourg, le1 er ao\u00fbt2024 entre 11.30 heures et 12.00 heures, \u00e0 L-ADRESSE3.), en infraction \u00e0l\u2019article 398du Code p\u00e9nal , d\u2019avoir volontairement port\u00e9 des coups ou fait des blessures, en l\u2019esp\u00e8ce, d\u2019avoir volontairement fait des blessures et port\u00e9 des coups \u00e0 PERSONNE2.),n\u00e9 leDATE2.)\u00e0ADRESSE1.), notamment en lui portant des coups depoing au visage et au corps.\u00bb<\/p>\n<p>3) La peine L\u2019article 398 du Code p\u00e9nal dispose que: \u00abQuiconque aura volontairement fait des blessures ou port\u00e9 des coups sera puni d\u2019un emprisonnement de huit jours \u00e0 six mois et d\u2019une amande de 251 \u20ac \u00e0 1.000 \u20ac, ou d\u2019une de ces peines seulement.\u00bb Dans l\u2019appr\u00e9ciation de la peine \u00e0 prononcer \u00e0 l\u2019\u00e9gard du pr\u00e9venu, le Tribunal tient compte de la gravit\u00e9 relative des faits ainsi que du faible trouble \u00e0 l\u2019ordre public. L&#039;article 22, alin\u00e9a 1 er du Code p\u00e9nal dispose que \u00abSi de l&#039;appr\u00e9ciation du Tribunal, le d\u00e9lit ne comporte pas une peine privative delibert\u00e9 sup\u00e9rieure \u00e0 six mois, il peut prescrire, \u00e0 titre de peine principale, que le condamn\u00e9 accomplira, au profit d&#039;une collectivit\u00e9 publique ou d&#039;un \u00e9tablissement public ou d&#039;une association ou d&#039;une institution hospitali\u00e8re ou philanthropique, un travail d&#039;int\u00e9r\u00eat g\u00e9n\u00e9ral non r\u00e9mun\u00e9r\u00e9 et d&#039;une dur\u00e9e qui ne peut \u00eatre inf\u00e9rieure \u00e0 quarante heures ni sup\u00e9rieure \u00e0 deux cent quarante heures. \u00bb Au vu des circonstances de l\u2019esp\u00e8ce etduregret exprim\u00e9 par le pr\u00e9venu, le Tribunal retient que l\u2019infraction retenue \u00e0 sa charge ne comporte pas une peine privative de libert\u00e9 sup\u00e9rieure \u00e0 6 mois et qu\u2019elle est plus ad\u00e9quatement sanctionn\u00e9e par la condamnation \u00e0 la prestation d\u2019un travail d\u2019int\u00e9r\u00eat g\u00e9n\u00e9ral que par une condamnation \u00e0 une peine d\u2019emprisonnement. A l&#039;audience du 6 janvier 2025,le pr\u00e9venu a \u00e9t\u00e9 instruit de son droit de refuser d\u2019accomplir un travail d\u2019int\u00e9r\u00eat g\u00e9n\u00e9ral. Sur demande, il a marqu\u00e9 son accord \u00e0 voir remplacer, dans l\u2019\u00e9ventualit\u00e9 d\u2019une condamnation, la peine privative de libert\u00e9 \u00e0 prononcer,par la prestation d\u2019un travail d\u2019int\u00e9r\u00eat g\u00e9n\u00e9ral non r\u00e9mun\u00e9r\u00e9 et\u00e0 prester le cas \u00e9ch\u00e9ant ce travail. Il y a partant lieu de condamnerPERSONNE1.)\u00e0 presterun travail d&#039;int\u00e9r\u00eat g\u00e9n\u00e9ral non r\u00e9mun\u00e9r\u00e9d\u2019une dur\u00e9e de80 heures. PARCESMOTIFS: le Tribunal d&#039;arrondissement de et \u00e0 Luxembourg,vingt-troisi\u00e8mechambre, si\u00e9geant en mati\u00e8re correctionnelle, statuantcontradictoirement, le pr\u00e9venuPERSONNE1.)entendu enses explications et moyens de d\u00e9fense, larepr\u00e9sentantedu Minist\u00e8re Public entendueenses r\u00e9quisitions,le pr\u00e9venu ayant eu la parole en dernier, donneacte \u00e0PERSONNE1.)de son accord \u00e0 prester un travail d\u2019int\u00e9r\u00eat g\u00e9n\u00e9ralnon r\u00e9mun\u00e9r\u00e9; condamnePERSONNE1.)du chef de l\u2019infraction retenue \u00e0 sa charge \u00e0ex\u00e9cuter un travail d&#039;int\u00e9r\u00eat g\u00e9n\u00e9ral non r\u00e9mun\u00e9r\u00e9 d&#039;une dur\u00e9e dequatre-vingts(80) heures ainsi qu\u2019aux frais de sa poursuite p\u00e9nale, ces frais liquid\u00e9s \u00e038,42\u20ac; avertitPERSONNE1.)que l\u2019ex\u00e9cution du travail d\u2019int\u00e9r\u00eat g\u00e9n\u00e9raldoit \u00eatre commenc\u00e9e dans lessix(6)mois\u00e0 partir du jour o\u00f9 le pr\u00e9sent jugement a acquis force de chose jug\u00e9e ; avertitPERSONNE1.)que le travail d\u2019int\u00e9r\u00eat g\u00e9n\u00e9raldoit \u00eatre ex\u00e9cut\u00e9 dans lesvingt-quatre (24)mois\u00e0 partir du jour o\u00f9 la d\u00e9cision p\u00e9nale a acquis force de chose jug\u00e9e;<\/p>\n<p>avertitPERSONNE1.)que l\u2019inex\u00e9cution de ces travaux peut entra\u00eener de nouvelles poursuites de la part du Parquet (l\u2019article 23 duCode p\u00e9nal): \u00abToute violation de l\u2019une des obligations ou interdictions, r\u00e9sultant des sanctions p\u00e9nales prononc\u00e9es en application des articles 17, 18, 21 et 22 est punie d\u2019un emprisonnement de deux mois \u00e0 deux ans.\u00bb Par application des articles14, 17, 21, 22, 23, 66 et 398duCode p\u00e9nal et desarticles 1, 179, 182, 184, 189, 190, 190-1, 194, 195 et 196duCode de proc\u00e9dure p\u00e9nale, qui furent d\u00e9sign\u00e9s \u00e0 l&#039;audience par le vice-pr\u00e9sident. Ainsi fait, jug\u00e9 et prononc\u00e9 en l&#039;audience publique du Tribunal d&#039;arrondissement de et \u00e0 Luxembourg, date qu&#039;en t\u00eate, par Tania NEY, vice-pr\u00e9sident, assist\u00e9eEliane GOMES, greffi\u00e8re assum\u00e9e, en pr\u00e9sence deLisa WEISHAUPT,attach\u00e9e de justice, qui, \u00e0 l&#039;exception du repr\u00e9sentant duMinist\u00e8rePublic, ont sign\u00e9 le pr\u00e9sent jugement. Ce jugement est susceptible d&#039;appel. L\u2019appel doit \u00eatre interjet\u00e9 dans les formes et d\u00e9lais pr\u00e9vus aux articles 202 et suivants du Code de proc\u00e9dure p\u00e9nale et il doit \u00eatre form\u00e9 par le pr\u00e9venu ou son avocat, la partie civile ainsi que la partie civilement responsable ou leurs avocats respectifs dans les40 joursde la date du prononc\u00e9 du pr\u00e9sent jugement, aupr\u00e8s du greffe du Tribunal d\u2019arrondissement de Luxembourg, en se pr\u00e9sentantpersonnellementpour signer l\u2019acte d\u2019appel. L\u2019appel peut \u00e9galement \u00eatre interjet\u00e9, dans les40 joursde la date du prononc\u00e9 du pr\u00e9sent jugement par voie de courrier \u00e9lectronique\u00e0 adresser au guichet du greffe du Tribunal d\u2019arrondissement de Luxembourg \u00e0 l\u2019adresse talgug@justice.etat.lu. L\u2019appel interjet\u00e9 par voie \u00e9lectronique le jour d\u2019expiration du d\u00e9lai de recours peut parvenir au greffe jusqu\u2019\u00e0 minuit de ce jour. Le courrier \u00e9lectronique par lequel appel est interjet\u00e9 doit \u00e9maner de l\u2019appelant, de son avocat ou de tout autre fond\u00e9 depouvoir sp\u00e9cial. Dans ce dernier cas, le pouvoir est annex\u00e9 au courrier \u00e9lectronique. Si le pr\u00e9venu estd\u00e9tenu,il peut d\u00e9clarer son appel au greffe du Centre p\u00e9nitentiaire.<\/p>\n<\/div>\n<hr class=\"kji-sep\" \/>\n<p class=\"kji-source-links\"><strong>Sources officielles :<\/strong> <a class=\"kji-source-link\" href=\"https:\/\/data.public.lu\/fr\/datasets\/tribunal-darrondissement-luxembourg-penal\/\" target=\"_blank\" rel=\"noopener noreferrer\">consulter la page source<\/a> &middot; <a class=\"kji-pdf-link\" href=\"https:\/\/download.data.public.lu\/resources\/tribunal-darrondissement-luxembourg-penal\/20260216-002139\/20250203-talch23-367-pseudonymise-accessible.pdf\" target=\"_blank\" rel=\"noopener noreferrer\">PDF officiel<\/a><\/p>\n<p class=\"kji-license-note\"><em>Licence CC BY-ND 4.0 (Administration judiciaire, data.public.lu). Republication autorisee avec attribution, sans modification editoriale du texte integral.<\/em><\/p>\n<\/div>\n","protected":false},"excerpt":{"rendered":"<p>Jugementno367 \/2025 not. 31335\/24\/CD 2x t\u00eeg AUDIENCE PUBLIQUE DU 3 FEVRIER 2025 Le Tribunal d&#8217;arrondissement de et \u00e0 Luxembourg, vingt-troisi\u00e8me chambre correctionnelle, statuant en composition dejuge unique, a rendu le jugement qui suit: Dans la cause duMinist\u00e8rePublic contre PERSONNE1.), n\u00e9DATE1.)\u00e0ADRESSE1.), demeurant \u00e0 L-ADRESSE2.), -p r\u2026<\/p>\n","protected":false},"featured_media":0,"template":"","meta":{"_crdt_document":""},"kji_country":[8418],"kji_court":[23583],"kji_chamber":[25729],"kji_year":[8463],"kji_subject":[7632],"kji_keyword":[23584,8457,26208,7636],"kji_language":[7733],"class_list":["post-619539","kji_decision","type-kji_decision","status-publish","hentry","kji_country-luxembourg","kji_court-tribunal-darrondissement","kji_chamber-penal","kji_year-8463","kji_subject-penal","kji_keyword-arrondissement","kji_keyword-fevrier","kji_keyword-jugementno","kji_keyword-tribunal","kji_language-francais"],"yoast_head":"<!-- This site is optimized with the Yoast SEO Premium plugin v27.5 (Yoast SEO v27.5) - https:\/\/yoast.com\/product\/yoast-seo-premium-wordpress\/ -->\n<title>Tribunal d&#039;arrondissement, 3 f\u00e9vrier 2025 - Ma\u00eetre Hassan Kohen, avocat en droit p\u00e9nal \u00e0 Paris<\/title>\n<meta name=\"robots\" content=\"index, follow, max-snippet:-1, max-image-preview:large, max-video-preview:-1\" \/>\n<link rel=\"canonical\" href=\"https:\/\/kohenavocats.com\/ru\/jurisprudences\/tribunal-darrondissement-3-fevrier-2025\/\" \/>\n<meta property=\"og:locale\" content=\"ru_RU\" \/>\n<meta property=\"og:type\" content=\"article\" \/>\n<meta property=\"og:title\" content=\"Tribunal d&#039;arrondissement, 3 f\u00e9vrier 2025\" \/>\n<meta property=\"og:description\" content=\"Jugementno367 \/2025 not. 31335\/24\/CD 2x t\u00eeg AUDIENCE PUBLIQUE DU 3 FEVRIER 2025 Le Tribunal d&#039;arrondissement de et \u00e0 Luxembourg, vingt-troisi\u00e8me chambre correctionnelle, statuant en composition dejuge unique, a rendu le jugement qui suit: Dans la cause duMinist\u00e8rePublic contre PERSONNE1.), n\u00e9DATE1.)\u00e0ADRESSE1.), demeurant \u00e0 L-ADRESSE2.), -p r\u2026\" \/>\n<meta property=\"og:url\" content=\"https:\/\/kohenavocats.com\/ru\/jurisprudences\/tribunal-darrondissement-3-fevrier-2025\/\" \/>\n<meta property=\"og:site_name\" content=\"Ma\u00eetre Hassan Kohen, avocat en droit p\u00e9nal \u00e0 Paris\" \/>\n<meta property=\"article:modified_time\" content=\"2026-04-20T07:06:18+00:00\" \/>\n<meta name=\"twitter:card\" content=\"summary_large_image\" \/>\n<meta name=\"twitter:label1\" content=\"\u041f\u0440\u0438\u043c\u0435\u0440\u043d\u043e\u0435 \u0432\u0440\u0435\u043c\u044f \u0434\u043b\u044f \u0447\u0442\u0435\u043d\u0438\u044f\" \/>\n\t<meta name=\"twitter:data1\" content=\"9 \u043c\u0438\u043d\u0443\u0442\" \/>\n<script type=\"application\/ld+json\" class=\"yoast-schema-graph\">{\"@context\":\"https:\\\/\\\/schema.org\",\"@graph\":[{\"@type\":\"WebPage\",\"@id\":\"https:\\\/\\\/kohenavocats.com\\\/ru\\\/jurisprudences\\\/tribunal-darrondissement-3-fevrier-2025\\\/\",\"url\":\"https:\\\/\\\/kohenavocats.com\\\/ru\\\/jurisprudences\\\/tribunal-darrondissement-3-fevrier-2025\\\/\",\"name\":\"Tribunal d'arrondissement, 3 f\u00e9vrier 2025 - Ma\u00eetre Hassan Kohen, avocat en droit p\u00e9nal \u00e0 Paris\",\"isPartOf\":{\"@id\":\"https:\\\/\\\/kohenavocats.com\\\/ru\\\/#website\"},\"datePublished\":\"2026-04-20T07:06:15+00:00\",\"dateModified\":\"2026-04-20T07:06:18+00:00\",\"breadcrumb\":{\"@id\":\"https:\\\/\\\/kohenavocats.com\\\/ru\\\/jurisprudences\\\/tribunal-darrondissement-3-fevrier-2025\\\/#breadcrumb\"},\"inLanguage\":\"ru-RU\",\"potentialAction\":[{\"@type\":\"ReadAction\",\"target\":[\"https:\\\/\\\/kohenavocats.com\\\/ru\\\/jurisprudences\\\/tribunal-darrondissement-3-fevrier-2025\\\/\"]}]},{\"@type\":\"BreadcrumbList\",\"@id\":\"https:\\\/\\\/kohenavocats.com\\\/ru\\\/jurisprudences\\\/tribunal-darrondissement-3-fevrier-2025\\\/#breadcrumb\",\"itemListElement\":[{\"@type\":\"ListItem\",\"position\":1,\"name\":\"Home\",\"item\":\"https:\\\/\\\/kohenavocats.com\\\/ru\\\/avocats-en-droit-penal-a-paris-conseil-et-defense-strategique\\\/\"},{\"@type\":\"ListItem\",\"position\":2,\"name\":\"Jurisprudences\",\"item\":\"https:\\\/\\\/kohenavocats.com\\\/ru\\\/jurisprudences\\\/\"},{\"@type\":\"ListItem\",\"position\":3,\"name\":\"Tribunal d&rsquo;arrondissement, 3 f\u00e9vrier 2025\"}]},{\"@type\":\"WebSite\",\"@id\":\"https:\\\/\\\/kohenavocats.com\\\/ru\\\/#website\",\"url\":\"https:\\\/\\\/kohenavocats.com\\\/ru\\\/\",\"name\":\"Kohen Avocats\",\"description\":\"Ma\u00eetre Hassan Kohen, avocat p\u00e9naliste \u00e0 Paris, intervient exclusivement en droit p\u00e9nal pour la d\u00e9fense des particuliers, notamment en mati\u00e8re d\u2019accusations de viol. Il assure un accompagnement rigoureux d\u00e8s la garde \u00e0 vue jusqu\u2019\u00e0 la Cour d\u2019assises, veillant au strict respect des garanties proc\u00e9durales.\",\"publisher\":{\"@id\":\"https:\\\/\\\/kohenavocats.com\\\/ru\\\/#organization\"},\"potentialAction\":[{\"@type\":\"SearchAction\",\"target\":{\"@type\":\"EntryPoint\",\"urlTemplate\":\"https:\\\/\\\/kohenavocats.com\\\/ru\\\/?s={search_term_string}\"},\"query-input\":{\"@type\":\"PropertyValueSpecification\",\"valueRequired\":true,\"valueName\":\"search_term_string\"}}],\"inLanguage\":\"ru-RU\"},{\"@type\":\"Organization\",\"@id\":\"https:\\\/\\\/kohenavocats.com\\\/ru\\\/#organization\",\"name\":\"Kohen Avocats\",\"url\":\"https:\\\/\\\/kohenavocats.com\\\/ru\\\/\",\"logo\":{\"@type\":\"ImageObject\",\"inLanguage\":\"ru-RU\",\"@id\":\"https:\\\/\\\/kohenavocats.com\\\/ru\\\/#\\\/schema\\\/logo\\\/image\\\/\",\"url\":\"https:\\\/\\\/kohenavocats.com\\\/wp-content\\\/uploads\\\/2026\\\/01\\\/Logo-2-1.webp\",\"contentUrl\":\"https:\\\/\\\/kohenavocats.com\\\/wp-content\\\/uploads\\\/2026\\\/01\\\/Logo-2-1.webp\",\"width\":2114,\"height\":1253,\"caption\":\"Kohen Avocats\"},\"image\":{\"@id\":\"https:\\\/\\\/kohenavocats.com\\\/ru\\\/#\\\/schema\\\/logo\\\/image\\\/\"}}]}<\/script>\n<!-- \/ Yoast SEO Premium plugin. -->","yoast_head_json":{"title":"Tribunal d'arrondissement, 3 f\u00e9vrier 2025 - Ma\u00eetre Hassan Kohen, avocat en droit p\u00e9nal \u00e0 Paris","robots":{"index":"index","follow":"follow","max-snippet":"max-snippet:-1","max-image-preview":"max-image-preview:large","max-video-preview":"max-video-preview:-1"},"canonical":"https:\/\/kohenavocats.com\/ru\/jurisprudences\/tribunal-darrondissement-3-fevrier-2025\/","og_locale":"ru_RU","og_type":"article","og_title":"Tribunal d'arrondissement, 3 f\u00e9vrier 2025","og_description":"Jugementno367 \/2025 not. 31335\/24\/CD 2x t\u00eeg AUDIENCE PUBLIQUE DU 3 FEVRIER 2025 Le Tribunal d'arrondissement de et \u00e0 Luxembourg, vingt-troisi\u00e8me chambre correctionnelle, statuant en composition dejuge unique, a rendu le jugement qui suit: Dans la cause duMinist\u00e8rePublic contre PERSONNE1.), n\u00e9DATE1.)\u00e0ADRESSE1.), demeurant \u00e0 L-ADRESSE2.), -p r\u2026","og_url":"https:\/\/kohenavocats.com\/ru\/jurisprudences\/tribunal-darrondissement-3-fevrier-2025\/","og_site_name":"Ma\u00eetre Hassan Kohen, avocat en droit p\u00e9nal \u00e0 Paris","article_modified_time":"2026-04-20T07:06:18+00:00","twitter_card":"summary_large_image","twitter_misc":{"\u041f\u0440\u0438\u043c\u0435\u0440\u043d\u043e\u0435 \u0432\u0440\u0435\u043c\u044f \u0434\u043b\u044f \u0447\u0442\u0435\u043d\u0438\u044f":"9 \u043c\u0438\u043d\u0443\u0442"},"schema":{"@context":"https:\/\/schema.org","@graph":[{"@type":"WebPage","@id":"https:\/\/kohenavocats.com\/ru\/jurisprudences\/tribunal-darrondissement-3-fevrier-2025\/","url":"https:\/\/kohenavocats.com\/ru\/jurisprudences\/tribunal-darrondissement-3-fevrier-2025\/","name":"Tribunal d'arrondissement, 3 f\u00e9vrier 2025 - Ma\u00eetre Hassan Kohen, avocat en droit p\u00e9nal \u00e0 Paris","isPartOf":{"@id":"https:\/\/kohenavocats.com\/ru\/#website"},"datePublished":"2026-04-20T07:06:15+00:00","dateModified":"2026-04-20T07:06:18+00:00","breadcrumb":{"@id":"https:\/\/kohenavocats.com\/ru\/jurisprudences\/tribunal-darrondissement-3-fevrier-2025\/#breadcrumb"},"inLanguage":"ru-RU","potentialAction":[{"@type":"ReadAction","target":["https:\/\/kohenavocats.com\/ru\/jurisprudences\/tribunal-darrondissement-3-fevrier-2025\/"]}]},{"@type":"BreadcrumbList","@id":"https:\/\/kohenavocats.com\/ru\/jurisprudences\/tribunal-darrondissement-3-fevrier-2025\/#breadcrumb","itemListElement":[{"@type":"ListItem","position":1,"name":"Home","item":"https:\/\/kohenavocats.com\/ru\/avocats-en-droit-penal-a-paris-conseil-et-defense-strategique\/"},{"@type":"ListItem","position":2,"name":"Jurisprudences","item":"https:\/\/kohenavocats.com\/ru\/jurisprudences\/"},{"@type":"ListItem","position":3,"name":"Tribunal d&rsquo;arrondissement, 3 f\u00e9vrier 2025"}]},{"@type":"WebSite","@id":"https:\/\/kohenavocats.com\/ru\/#website","url":"https:\/\/kohenavocats.com\/ru\/","name":"Kohen Avocats","description":"Ma\u00eetre Hassan Kohen, avocat p\u00e9naliste \u00e0 Paris, intervient exclusivement en droit p\u00e9nal pour la d\u00e9fense des particuliers, notamment en mati\u00e8re d\u2019accusations de viol. Il assure un accompagnement rigoureux d\u00e8s la garde \u00e0 vue jusqu\u2019\u00e0 la Cour d\u2019assises, veillant au strict respect des garanties proc\u00e9durales.","publisher":{"@id":"https:\/\/kohenavocats.com\/ru\/#organization"},"potentialAction":[{"@type":"SearchAction","target":{"@type":"EntryPoint","urlTemplate":"https:\/\/kohenavocats.com\/ru\/?s={search_term_string}"},"query-input":{"@type":"PropertyValueSpecification","valueRequired":true,"valueName":"search_term_string"}}],"inLanguage":"ru-RU"},{"@type":"Organization","@id":"https:\/\/kohenavocats.com\/ru\/#organization","name":"Kohen Avocats","url":"https:\/\/kohenavocats.com\/ru\/","logo":{"@type":"ImageObject","inLanguage":"ru-RU","@id":"https:\/\/kohenavocats.com\/ru\/#\/schema\/logo\/image\/","url":"https:\/\/kohenavocats.com\/wp-content\/uploads\/2026\/01\/Logo-2-1.webp","contentUrl":"https:\/\/kohenavocats.com\/wp-content\/uploads\/2026\/01\/Logo-2-1.webp","width":2114,"height":1253,"caption":"Kohen Avocats"},"image":{"@id":"https:\/\/kohenavocats.com\/ru\/#\/schema\/logo\/image\/"}}]}},"jetpack_likes_enabled":false,"jetpack_sharing_enabled":true,"_links":{"self":[{"href":"https:\/\/kohenavocats.com\/ru\/wp-json\/wp\/v2\/kji_decision\/619539","targetHints":{"allow":["GET"]}}],"collection":[{"href":"https:\/\/kohenavocats.com\/ru\/wp-json\/wp\/v2\/kji_decision"}],"about":[{"href":"https:\/\/kohenavocats.com\/ru\/wp-json\/wp\/v2\/types\/kji_decision"}],"wp:attachment":[{"href":"https:\/\/kohenavocats.com\/ru\/wp-json\/wp\/v2\/media?parent=619539"}],"wp:term":[{"taxonomy":"kji_country","embeddable":true,"href":"https:\/\/kohenavocats.com\/ru\/wp-json\/wp\/v2\/kji_country?post=619539"},{"taxonomy":"kji_court","embeddable":true,"href":"https:\/\/kohenavocats.com\/ru\/wp-json\/wp\/v2\/kji_court?post=619539"},{"taxonomy":"kji_chamber","embeddable":true,"href":"https:\/\/kohenavocats.com\/ru\/wp-json\/wp\/v2\/kji_chamber?post=619539"},{"taxonomy":"kji_year","embeddable":true,"href":"https:\/\/kohenavocats.com\/ru\/wp-json\/wp\/v2\/kji_year?post=619539"},{"taxonomy":"kji_subject","embeddable":true,"href":"https:\/\/kohenavocats.com\/ru\/wp-json\/wp\/v2\/kji_subject?post=619539"},{"taxonomy":"kji_keyword","embeddable":true,"href":"https:\/\/kohenavocats.com\/ru\/wp-json\/wp\/v2\/kji_keyword?post=619539"},{"taxonomy":"kji_language","embeddable":true,"href":"https:\/\/kohenavocats.com\/ru\/wp-json\/wp\/v2\/kji_language?post=619539"}],"curies":[{"name":"wp","href":"https:\/\/api.w.org\/{rel}","templated":true}]}}