{"id":619560,"date":"2026-04-20T09:06:50","date_gmt":"2026-04-20T07:06:50","guid":{"rendered":"https:\/\/kohenavocats.com\/jurisprudences\/tribunal-darrondissement-22-janvier-2025-8\/"},"modified":"2026-04-20T09:06:53","modified_gmt":"2026-04-20T07:06:53","slug":"tribunal-darrondissement-22-janvier-2025-8","status":"publish","type":"kji_decision","link":"https:\/\/kohenavocats.com\/ru\/jurisprudences\/tribunal-darrondissement-22-janvier-2025-8\/","title":{"rendered":"Tribunal d&#8217;arrondissement, 22 janvier 2025"},"content":{"rendered":"<div class=\"kji-decision\">\n<div class=\"kji-full-text\">\n<p>Jugement no223\/2025 Notice no34750\/24\/CC 2xi.c.(i.c.prov) 1 x confisc. AUDIENCE PUBLIQUE DU 22 JANVIER 2025 LeTribunald&#039;arrondissement de et \u00e0 Luxembourg,vingt-troisi\u00e8mechambre correctionnelle, statuant en composition dejuge unique, a rendu le jugement qui suit: dans la cause duMinist\u00e8re Publiccontre PERSONNE1.), N\u00e9e leDATE1.)\u00e0ADRESSE1.)(Portugal), demeurant\u00e0 L-ADRESSE2.), -p r \u00e9 v e n ue- __________________________________________________________ _________ F A I T S : Par citation du18novembre2024,leProcureurd&#039;Etat pr\u00e8s leTribunald&#039;arrondissement de Luxembourg a requislapr\u00e9venuede compara\u00eetre \u00e0 l&#039;audience publique du2janvier2025 devant leTribunalcorrectionnel de ce si\u00e8ge,pour y entendre statuer sur lespr\u00e9ventions suivantes: circulation:ivresse (0,72mg par litred\u2019air expir\u00e9);contraventions. Al\u2019audiencedu2janvier2025, levice-pr\u00e9sident constata l&#039;identit\u00e9de lapr\u00e9venue, lui donna connaissance de l\u2019acte qui a saisi le Tribunal et l\u2019informa de son droit de se taire et de son droit de ne pas s\u2019incriminer soi-m\u00eame. Lapr\u00e9venuePERSONNE1.)renon\u00e7a \u00e0 l\u2019assistance d\u2019un avocat par d\u00e9claration \u00e9crite, dat\u00e9e et sign\u00e9e conform\u00e9ment \u00e0 l\u2019article 3-6 point 8 du Code de proc\u00e9dure p\u00e9nale.<\/p>\n<p>2 Lapr\u00e9venuePERSONNE1.), assist\u00e9e de l\u2019interpr\u00e8tePERSONNE2.)asserment\u00e9e\u00e0 l\u2019audience,fut entendueen ses explications et moyens de d\u00e9fense. Lerepr\u00e9sentant du Minist\u00e8re Public,Michel FOETZ,Premier Substitut du Procureur d\u2019Etat, r\u00e9suma l\u2019affaire et fut entendu en son r\u00e9quisitoire. Lapr\u00e9venuePERSONNE1.)eut la parole en dernier. LeTribunal prit l&#039;affaire en d\u00e9lib\u00e9r\u00e9 et rendit \u00e0 l&#039;audience publique de ce jour, date \u00e0 laquelle le prononc\u00e9 avait \u00e9t\u00e9 fix\u00e9, le J U G E M E N T qui suit: Vu la citation\u00e0pr\u00e9venu du18novembre2024(not.34750\/24\/CC)r\u00e9guli\u00e8rement notifi\u00e9e \u00e0PERSONNE1.). Vu le proc\u00e8s-verbal num\u00e9ro42829\/2024\u00e9tabli en date du15septembre2024par la Police Grand-Ducale,R\u00e9gionSud-Ouest,CommissariatCapellen\/Steinfort (C3R). Le Minist\u00e8re Public reproche \u00e0PERSONNE1.),le 15 septembre 2024 vers 04.45 heures \u00e0 ADRESSE3.), d\u2019avoir circul\u00e9, m\u00eame en l\u2019absence de signes manifestes d\u2019ivresse, avec un taux d\u2019alcool d\u2019au moins 0,55 mg par litre d\u2019air expir\u00e9, en l\u2019esp\u00e8ce de 0,72 mg par litre d\u2019air expir\u00e9,et d&#039;avoir commis deux contraventions auCode de la route. PERSONNE1.)explique avoir consomm\u00e9 deux verres de vin ainsi qu\u2019un \u00abshot\u00bb avant d\u2019avoir pris le volant. Nonobstant le fait qu\u2019elle aurait ressenti l\u2019effet de l\u2019alcool, elle aurait conclu qu\u2019elle serait apte \u00e0 rouler. Arriv\u00e9e \u00e0 l\u2019ADRESSE3.)un pneu de son v\u00e9hicule aurait \u00e9clat\u00e9 et elle aurait perdu le contr\u00f4le de savoiture, percut\u00e9 la s\u00e9paration entre la voie de circulation et la voie r\u00e9serv\u00e9e au tram pour finalement s\u2019arr\u00eater sur les rails du tram. Sur place, les policiers ontconstat\u00e9 que l\u2019haleine de la pr\u00e9venue sentait fortement l\u2019alcool. L\u2019examen d\u2019air expir\u00e9 r\u00e9alis\u00e9 par la suiteapermis d\u2019\u00e9tablir que la pr\u00e9venue a circul\u00e9 avec un taux de 0,72 mg d\u2019alcool par litre d\u2019air expir\u00e9. PERSONNE1.)est partantconvaincuepar les d\u00e9bats men\u00e9s \u00e0 l&#039;audience, ensemble les \u00e9l\u00e9ments du dossier r\u00e9pressif et ses aveux : \u00ab\u00e9tant conductriced\u2019un v\u00e9hicule automoteur sur la voie publique, le15 septembre 2024 vers 04.45 heures \u00e0ADRESSE3.), 1)d\u2019avoir circul\u00e9, m\u00eame en l\u2019absence de signes manifestes d\u2019ivresse, avec un taux d\u2019alcool d\u2019au moins 0,55 mg par litre d\u2019air expir\u00e9 en l\u2019esp\u00e8ce 0,72 mgpar litre d\u2019air expir\u00e9, 2)d\u00e9faut de se comporter raisonnablement et prudemment de fa\u00e7on \u00e0 ne pas constituer un danger pour la circulation,<\/p>\n<p>3 3)d\u00e9faut de se conduire de fa\u00e7on \u00e0 rester constamment ma\u00eetre de son v\u00e9hicule.\u00bb Le d\u00e9lit de conduite en \u00e9tatd\u2019ivresse et lescontraventionsretenues \u00e0 charge de PERSONNE1.)se trouvent en concours id\u00e9al entre eux, de sorte qu&#039;il convient, par application des dispositions de l\u2019article 65 du Code p\u00e9nal, de ne prononcer que la peine la plus forte. L&#039;infraction retenue sub 1) \u00e0 charge dePERSONNE1.), qui pr\u00e9voit la peine la plus forte, est punie d\u2019une peine d\u2019emprisonnement de huit jours \u00e0 trois ans et d\u2019une amende de 500 euros \u00e0 10.000 euros ou d\u2019une de ces peines seulement, conform\u00e9ment \u00e0 l\u2019article 12 de la loi modifi\u00e9e du 14 f\u00e9vrier 1955 concernant la r\u00e9glementation de la circulation sur toutes les voies publiques. L\u2019article 13 point 1. de la loi modifi\u00e9e du 14 f\u00e9vrier 1955 pr\u00e9cit\u00e9e permet au juge saisi d\u2019une ou de plusieurs infractions \u00e0 la r\u00e9glementation de la circulation sur toutes les voies publiques ou de d\u00e9lits ou de crimes qui se sont joints \u00e0 ces infractions,de prononcer une interdiction de conduire de trois mois \u00e0 quinze ans en mati\u00e8re de d\u00e9lits. Aux termes de l\u2019article 13 point 1. al.2 de la loi pr\u00e9cit\u00e9e \u00abl\u2019interdiction de conduire sera toujours prononc\u00e9e en cas de condamnation du chef des d\u00e9lits vis\u00e9s au point 1 du paragraphe 2 de l\u2019article 12 et au point 1 du paragraphe 4bis de l\u2019article 12 ou en cas de la r\u00e9cidive pr\u00e9vue au point 5 du paragraphe 2 du m\u00eame article\u00bb. En circulant sur la voie publique en \u00e9tat d&#039;impr\u00e9gnation alcoolique,lapr\u00e9venuea gravement mis en danger tant sa propre s\u00e9curit\u00e9 que celle des autres usagers. Au vu de la gravite de l\u2019infraction, le Tribunal condamnePERSONNE1.)\u00e0 uneamende de 1.000 euros, adapt\u00e9e \u00e0 ses revenus,et\u00e0unepeine d\u2019interdiction de conduire de 17 mois. Au vude lacondamnation intervenue auparavant, il n\u2019y a plus lieu de faire b\u00e9n\u00e9ficier la pr\u00e9venue d\u2019un quelconque sursis. La loi permet cependant \u00e9galement au juge qui prononce une interdiction de conduire, d\u2019en excepter de laditeinterdiction un ou plusieurs des trajets limitativement \u00e9num\u00e9r\u00e9s. Afin de ne pas compromettre l\u2019avenir professionnel dePERSONNE1.)qui affirme avoir besoin de son permis de conduire pour se rendre \u00e0 son travail,le Tribunal d\u00e9cide d\u2019excepter de l\u2019interdictionde conduireferme\u00e0 prononcer \u00e0 son encontre, lestrajets effectu\u00e9s dans l\u2019int\u00e9r\u00eat prouv\u00e9 de sa professionet le trajet d\u2019aller et de retour effectu\u00e9 entre la r\u00e9sidence principale, une r\u00e9sidence secondaire pr\u00e9sentant un caract\u00e8re de stabilit\u00e9 et tout autre lieu o\u00f9 ellese rend de fa\u00e7on habituelle pour des motifs d\u2019ordre familial, et le lieu du travail suivant les modalit\u00e9s pr\u00e9vues \u00e0 l\u2019article 13, point 1ter de la loi modifi\u00e9e du 14 f\u00e9vrier 1955 concernant la r\u00e9glementation de la circulation sur toutes les voies publiques. En application des dispositions de l\u2019article 12 paragraphe 2 point 3 de la loi modifi\u00e9e du 14 f\u00e9vrier 1955, il y a lieu de prononcer laconfiscationobligatoire de la voiture de marque ENSEIGNE1.), immatricul\u00e9eNUMERO1.)(L) appartenant\u00e0 lapr\u00e9venue, saisie suivant proc\u00e8s-verbal num\u00e9ro 42835\/2024 du 15septembre 2024 dress\u00e9 par la Police Grand-Ducale, r\u00e9gion Sud-Ouest, Commissariat Capellen\/Steinfort, saisie valid\u00e9e par ordonnance du juge<\/p>\n<p>4 d\u2019instruction du 20 septembre 2024,qui a servi \u00e0 commettre les infractions, alors quela pr\u00e9venuese trouve en \u00e9tat de r\u00e9cidive l\u00e9galesur base de l\u2019ordonnance p\u00e9nale num\u00e9ro 456\/2024 du 15 mai 2024. Etant donn\u00e9 que le v\u00e9hicule se trouve sous la main de la justice, il n\u2019y a pas lieu de prononcer une amende subsidiaire P A R C E S M O T I F S : le Tribunal d&#039;arrondissement de et \u00e0 Luxembourg,vingt-troisi\u00e8mechambre, compos\u00e9e de son vice-pr\u00e9sident, si\u00e9geant en mati\u00e8re correctionnelle, statuant contradictoirement, la pr\u00e9venueentendueen ses explications et moyens de d\u00e9fense, et le repr\u00e9sentant du Minist\u00e8re Public entendu en ses r\u00e9quisitions,la pr\u00e9venue ayant eu la parole le dernier, s e d \u00e9 c l a r e comp\u00e9tentpour conna\u00eetre descontraventionsreproch\u00e9es\u00e0 lapr\u00e9venue PERSONNE1.); c o n d a m n elapr\u00e9venuePERSONNE1.)du chef desinfractionsretenues\u00e0 sa charge\u00e0 une amende demille(1.000) euros, ainsi qu&#039;aux frais de sa mise en jugement,ces frais liquid\u00e9s \u00e0527,69 euros (dont 518,17 euros de frais de garage); f i x ela dur\u00e9e de la contrainte par corps en cas de non-paiement de l\u2019amende \u00e0dix(10) jours; c o n d a m n elapr\u00e9venuePERSONNE1.)du chefdel\u2019infraction d\u2019avoir conduit en \u00e9tat d\u2019ivresse retenue \u00e0 sa charge \u00e0 une interdiction de conduire d&#039;une dur\u00e9e dedix-sept(17) moisapplicable \u00e0 tous les v\u00e9hicules automoteurs des cat\u00e9gories de permis de conduire A, B, C, D, E et F sur toutes les voies publiques. e x c e p t ede cette interdiction de conduire les trajets entre son domicile et son lieu de travail, ainsi que les trajets effectu\u00e9s dans l\u2019int\u00e9r\u00eat prouv\u00e9 de sa profession; d i tque le trajet d\u2019aller et de retour effectu\u00e9 entre le domicile et le lieu de travail de PERSONNE1.)peut ne pas \u00eatre le plus direct lorsque le d\u00e9tour effectu\u00e9 est rendu n\u00e9cessaire dans le cadre d\u2019un covoiturage r\u00e9gulier ou pour d\u00e9poser ou reprendre son enfant ou l\u2019enfant qui vit en communaut\u00e9 domestique avec elle, aupr\u00e8s d\u2019une tierce personne \u00e0 laquelleil est oblig\u00e9 de le confier afin de pouvoir s\u2019adonner \u00e0 son occupation professionnelle. o r d o n n elaconfiscationde la voiture de marqueENSEIGNE1.), immatricul\u00e9e NUMERO1.)(L) appartenant\u00e0 lapr\u00e9venue, saisie suivantproc\u00e8s-verbal num\u00e9ro 42835\/2024 du 18 septembre 2024 dress\u00e9 par la Police Grand-Ducale, r\u00e9gion Sud-Ouest, Commissariat Capellen\/Steinfort, saisie valid\u00e9e par ordonnance du juge d\u2019instruction du 20 septembre 2024. Par application des articles 14, 16, 28, 29, 30 et 65 du Code p\u00e9nal; des articles 1, 154, 179, 182, 184, 189, 190, 190-1, 194, 195,196,628et 628-1du Code de proc\u00e9dure p\u00e9nale; des<\/p>\n<p>5 articles 1, 12, 13, 14 et 14 bis de la loi du 14 f\u00e9vrier 1955 concernant la r\u00e9glementation de la circulation sur toutes les voies publiques et des articles 1, 2,139,140 et 174 de l&#039;arr\u00eat\u00e9 grand- ducal modifi\u00e9 du 23 novembre 1955 portant r\u00e8glement de la circulation sur toutes les voies publiques qui furent d\u00e9sign\u00e9s \u00e0 l&#039;audience par levice-pr\u00e9sident. Ainsi fait, jug\u00e9 et prononc\u00e9 par Tania NEY, vice-pr\u00e9sident, en audience publique au Tribunal d\u2019arrondissement de et \u00e0 Luxembourg, Cit\u00e9 judiciaire, Plateau du Saint-Esprit, en pr\u00e9sence deSonia ZENITI, attach\u00e9 de justice, et d\u2019Alexia BIAGI, greffi\u00e8re assum\u00e9e, qui, \u00e0 l\u2019exception de la repr\u00e9sentantedu Minist\u00e8re Public, ont sign\u00e9 le pr\u00e9sent jugement. Ce jugement est susceptible d&#039;appel. L\u2019appel doit \u00eatre interjet\u00e9 dans les formes et d\u00e9lais pr\u00e9vus aux articles 202 et suivants du Code de proc\u00e9dure p\u00e9nale et il doit \u00eatre form\u00e9 par le pr\u00e9venu ou son avocat, la partie civile ainsi que la partie civilement responsable ou leurs avocats respectifs dans les40 joursde la date du prononc\u00e9 du pr\u00e9sent jugement, aupr\u00e8s du greffe du Tribunal d\u2019arrondissement de Luxembourg, en se pr\u00e9sentantpersonnellementpour signer l\u2019acte d\u2019appel. L\u2019appel peut \u00e9galement \u00eatre interjet\u00e9, dans les40 joursde la date du prononc\u00e9 du pr\u00e9sent jugement par voie decourrier \u00e9lectronique\u00e0 adresser au guichet du greffe du Tribunal d\u2019arrondissement de Luxembourg \u00e0 l\u2019adressetalgug@justice.etat.lu.L\u2019appel interjet\u00e9 par voie \u00e9lectronique le jour d\u2019expiration du d\u00e9lai de recours peut parvenir au greffe jusqu\u2019\u00e0 minuit de ce jour. Le courrier \u00e9lectronique par lequel appel est interjet\u00e9 doit \u00e9maner de l\u2019appelant, de son avocat ou de tout autre fond\u00e9 de pouvoir sp\u00e9cial. Dans ce dernier cas, le pouvoir est annex\u00e9 au courrier \u00e9lectronique. Si le pr\u00e9venu estd\u00e9tenu,il peut d\u00e9clarer son appel au greffe du Centre p\u00e9nitentiaire.<\/p>\n<\/div>\n<hr class=\"kji-sep\" \/>\n<p class=\"kji-source-links\"><strong>Sources officielles :<\/strong> <a class=\"kji-source-link\" href=\"https:\/\/data.public.lu\/fr\/datasets\/tribunal-darrondissement-luxembourg-penal\/\" target=\"_blank\" rel=\"noopener noreferrer\">consulter la page source<\/a> &middot; <a class=\"kji-pdf-link\" href=\"https:\/\/download.data.public.lu\/resources\/tribunal-darrondissement-luxembourg-penal\/20260126-001157\/20250122-talch23-223-pseudonymise-accessible.pdf\" target=\"_blank\" rel=\"noopener noreferrer\">PDF officiel<\/a><\/p>\n<p class=\"kji-license-note\"><em>Licence CC BY-ND 4.0 (Administration judiciaire, data.public.lu). Republication autorisee avec attribution, sans modification editoriale du texte integral.<\/em><\/p>\n<\/div>\n","protected":false},"excerpt":{"rendered":"<p>Jugement no223\/2025 Notice no34750\/24\/CC 2xi.c.(i.c.prov) 1 x confisc. AUDIENCE PUBLIQUE DU 22 JANVIER 2025 LeTribunald&#8217;arrondissement de et \u00e0 Luxembourg,vingt-troisi\u00e8mechambre correctionnelle, statuant en composition dejuge unique, a rendu le jugement qui suit: dans la cause duMinist\u00e8re Publiccontre PERSONNE1.), N\u00e9e leDATE1.)\u00e0ADRESSE1.)(Portugal), demeurant\u00e0 L-ADRESSE2.), -p r \u00e9 v\u2026<\/p>\n","protected":false},"featured_media":0,"template":"","meta":{"_crdt_document":""},"kji_country":[8418],"kji_court":[23583],"kji_chamber":[25729],"kji_year":[8463],"kji_subject":[7632],"kji_keyword":[23584,8460,23061,7903,7636],"kji_language":[7733],"class_list":["post-619560","kji_decision","type-kji_decision","status-publish","hentry","kji_country-luxembourg","kji_court-tribunal-darrondissement","kji_chamber-penal","kji_year-8463","kji_subject-penal","kji_keyword-arrondissement","kji_keyword-janvier","kji_keyword-jugement","kji_keyword-notice","kji_keyword-tribunal","kji_language-francais"],"yoast_head":"<!-- This site is optimized with the Yoast SEO Premium plugin v27.5 (Yoast SEO v27.5) - https:\/\/yoast.com\/product\/yoast-seo-premium-wordpress\/ -->\n<title>Tribunal d&#039;arrondissement, 22 janvier 2025 - Ma\u00eetre Hassan Kohen, avocat en droit p\u00e9nal \u00e0 Paris<\/title>\n<meta name=\"robots\" content=\"index, follow, max-snippet:-1, max-image-preview:large, max-video-preview:-1\" \/>\n<link rel=\"canonical\" href=\"https:\/\/kohenavocats.com\/ru\/jurisprudences\/tribunal-darrondissement-22-janvier-2025-8\/\" \/>\n<meta property=\"og:locale\" content=\"ru_RU\" \/>\n<meta property=\"og:type\" content=\"article\" \/>\n<meta property=\"og:title\" content=\"Tribunal d&#039;arrondissement, 22 janvier 2025\" \/>\n<meta property=\"og:description\" content=\"Jugement no223\/2025 Notice no34750\/24\/CC 2xi.c.(i.c.prov) 1 x confisc. AUDIENCE PUBLIQUE DU 22 JANVIER 2025 LeTribunald&#039;arrondissement de et \u00e0 Luxembourg,vingt-troisi\u00e8mechambre correctionnelle, statuant en composition dejuge unique, a rendu le jugement qui suit: dans la cause duMinist\u00e8re Publiccontre PERSONNE1.), N\u00e9e leDATE1.)\u00e0ADRESSE1.)(Portugal), demeurant\u00e0 L-ADRESSE2.), -p r \u00e9 v\u2026\" \/>\n<meta property=\"og:url\" content=\"https:\/\/kohenavocats.com\/ru\/jurisprudences\/tribunal-darrondissement-22-janvier-2025-8\/\" \/>\n<meta property=\"og:site_name\" content=\"Ma\u00eetre Hassan Kohen, avocat en droit p\u00e9nal \u00e0 Paris\" \/>\n<meta property=\"article:modified_time\" content=\"2026-04-20T07:06:53+00:00\" \/>\n<meta name=\"twitter:card\" content=\"summary_large_image\" \/>\n<meta name=\"twitter:label1\" content=\"\u041f\u0440\u0438\u043c\u0435\u0440\u043d\u043e\u0435 \u0432\u0440\u0435\u043c\u044f \u0434\u043b\u044f \u0447\u0442\u0435\u043d\u0438\u044f\" \/>\n\t<meta name=\"twitter:data1\" content=\"10 \u043c\u0438\u043d\u0443\u0442\" \/>\n<script type=\"application\/ld+json\" class=\"yoast-schema-graph\">{\"@context\":\"https:\\\/\\\/schema.org\",\"@graph\":[{\"@type\":\"WebPage\",\"@id\":\"https:\\\/\\\/kohenavocats.com\\\/ru\\\/jurisprudences\\\/tribunal-darrondissement-22-janvier-2025-8\\\/\",\"url\":\"https:\\\/\\\/kohenavocats.com\\\/ru\\\/jurisprudences\\\/tribunal-darrondissement-22-janvier-2025-8\\\/\",\"name\":\"Tribunal d'arrondissement, 22 janvier 2025 - Ma\u00eetre Hassan Kohen, avocat en droit p\u00e9nal \u00e0 Paris\",\"isPartOf\":{\"@id\":\"https:\\\/\\\/kohenavocats.com\\\/ru\\\/#website\"},\"datePublished\":\"2026-04-20T07:06:50+00:00\",\"dateModified\":\"2026-04-20T07:06:53+00:00\",\"breadcrumb\":{\"@id\":\"https:\\\/\\\/kohenavocats.com\\\/ru\\\/jurisprudences\\\/tribunal-darrondissement-22-janvier-2025-8\\\/#breadcrumb\"},\"inLanguage\":\"ru-RU\",\"potentialAction\":[{\"@type\":\"ReadAction\",\"target\":[\"https:\\\/\\\/kohenavocats.com\\\/ru\\\/jurisprudences\\\/tribunal-darrondissement-22-janvier-2025-8\\\/\"]}]},{\"@type\":\"BreadcrumbList\",\"@id\":\"https:\\\/\\\/kohenavocats.com\\\/ru\\\/jurisprudences\\\/tribunal-darrondissement-22-janvier-2025-8\\\/#breadcrumb\",\"itemListElement\":[{\"@type\":\"ListItem\",\"position\":1,\"name\":\"Home\",\"item\":\"https:\\\/\\\/kohenavocats.com\\\/ru\\\/avocats-en-droit-penal-a-paris-conseil-et-defense-strategique\\\/\"},{\"@type\":\"ListItem\",\"position\":2,\"name\":\"Jurisprudences\",\"item\":\"https:\\\/\\\/kohenavocats.com\\\/ru\\\/jurisprudences\\\/\"},{\"@type\":\"ListItem\",\"position\":3,\"name\":\"Tribunal d&rsquo;arrondissement, 22 janvier 2025\"}]},{\"@type\":\"WebSite\",\"@id\":\"https:\\\/\\\/kohenavocats.com\\\/ru\\\/#website\",\"url\":\"https:\\\/\\\/kohenavocats.com\\\/ru\\\/\",\"name\":\"Kohen Avocats\",\"description\":\"Ma\u00eetre Hassan Kohen, avocat p\u00e9naliste \u00e0 Paris, intervient exclusivement en droit p\u00e9nal pour la d\u00e9fense des particuliers, notamment en mati\u00e8re d\u2019accusations de viol. Il assure un accompagnement rigoureux d\u00e8s la garde \u00e0 vue jusqu\u2019\u00e0 la Cour d\u2019assises, veillant au strict respect des garanties proc\u00e9durales.\",\"publisher\":{\"@id\":\"https:\\\/\\\/kohenavocats.com\\\/ru\\\/#organization\"},\"potentialAction\":[{\"@type\":\"SearchAction\",\"target\":{\"@type\":\"EntryPoint\",\"urlTemplate\":\"https:\\\/\\\/kohenavocats.com\\\/ru\\\/?s={search_term_string}\"},\"query-input\":{\"@type\":\"PropertyValueSpecification\",\"valueRequired\":true,\"valueName\":\"search_term_string\"}}],\"inLanguage\":\"ru-RU\"},{\"@type\":\"Organization\",\"@id\":\"https:\\\/\\\/kohenavocats.com\\\/ru\\\/#organization\",\"name\":\"Kohen Avocats\",\"url\":\"https:\\\/\\\/kohenavocats.com\\\/ru\\\/\",\"logo\":{\"@type\":\"ImageObject\",\"inLanguage\":\"ru-RU\",\"@id\":\"https:\\\/\\\/kohenavocats.com\\\/ru\\\/#\\\/schema\\\/logo\\\/image\\\/\",\"url\":\"https:\\\/\\\/kohenavocats.com\\\/wp-content\\\/uploads\\\/2026\\\/01\\\/Logo-2-1.webp\",\"contentUrl\":\"https:\\\/\\\/kohenavocats.com\\\/wp-content\\\/uploads\\\/2026\\\/01\\\/Logo-2-1.webp\",\"width\":2114,\"height\":1253,\"caption\":\"Kohen Avocats\"},\"image\":{\"@id\":\"https:\\\/\\\/kohenavocats.com\\\/ru\\\/#\\\/schema\\\/logo\\\/image\\\/\"}}]}<\/script>\n<!-- \/ Yoast SEO Premium plugin. -->","yoast_head_json":{"title":"Tribunal d'arrondissement, 22 janvier 2025 - Ma\u00eetre Hassan Kohen, avocat en droit p\u00e9nal \u00e0 Paris","robots":{"index":"index","follow":"follow","max-snippet":"max-snippet:-1","max-image-preview":"max-image-preview:large","max-video-preview":"max-video-preview:-1"},"canonical":"https:\/\/kohenavocats.com\/ru\/jurisprudences\/tribunal-darrondissement-22-janvier-2025-8\/","og_locale":"ru_RU","og_type":"article","og_title":"Tribunal d'arrondissement, 22 janvier 2025","og_description":"Jugement no223\/2025 Notice no34750\/24\/CC 2xi.c.(i.c.prov) 1 x confisc. AUDIENCE PUBLIQUE DU 22 JANVIER 2025 LeTribunald'arrondissement de et \u00e0 Luxembourg,vingt-troisi\u00e8mechambre correctionnelle, statuant en composition dejuge unique, a rendu le jugement qui suit: dans la cause duMinist\u00e8re Publiccontre PERSONNE1.), N\u00e9e leDATE1.)\u00e0ADRESSE1.)(Portugal), demeurant\u00e0 L-ADRESSE2.), -p r \u00e9 v\u2026","og_url":"https:\/\/kohenavocats.com\/ru\/jurisprudences\/tribunal-darrondissement-22-janvier-2025-8\/","og_site_name":"Ma\u00eetre Hassan Kohen, avocat en droit p\u00e9nal \u00e0 Paris","article_modified_time":"2026-04-20T07:06:53+00:00","twitter_card":"summary_large_image","twitter_misc":{"\u041f\u0440\u0438\u043c\u0435\u0440\u043d\u043e\u0435 \u0432\u0440\u0435\u043c\u044f \u0434\u043b\u044f \u0447\u0442\u0435\u043d\u0438\u044f":"10 \u043c\u0438\u043d\u0443\u0442"},"schema":{"@context":"https:\/\/schema.org","@graph":[{"@type":"WebPage","@id":"https:\/\/kohenavocats.com\/ru\/jurisprudences\/tribunal-darrondissement-22-janvier-2025-8\/","url":"https:\/\/kohenavocats.com\/ru\/jurisprudences\/tribunal-darrondissement-22-janvier-2025-8\/","name":"Tribunal d'arrondissement, 22 janvier 2025 - Ma\u00eetre Hassan Kohen, avocat en droit p\u00e9nal \u00e0 Paris","isPartOf":{"@id":"https:\/\/kohenavocats.com\/ru\/#website"},"datePublished":"2026-04-20T07:06:50+00:00","dateModified":"2026-04-20T07:06:53+00:00","breadcrumb":{"@id":"https:\/\/kohenavocats.com\/ru\/jurisprudences\/tribunal-darrondissement-22-janvier-2025-8\/#breadcrumb"},"inLanguage":"ru-RU","potentialAction":[{"@type":"ReadAction","target":["https:\/\/kohenavocats.com\/ru\/jurisprudences\/tribunal-darrondissement-22-janvier-2025-8\/"]}]},{"@type":"BreadcrumbList","@id":"https:\/\/kohenavocats.com\/ru\/jurisprudences\/tribunal-darrondissement-22-janvier-2025-8\/#breadcrumb","itemListElement":[{"@type":"ListItem","position":1,"name":"Home","item":"https:\/\/kohenavocats.com\/ru\/avocats-en-droit-penal-a-paris-conseil-et-defense-strategique\/"},{"@type":"ListItem","position":2,"name":"Jurisprudences","item":"https:\/\/kohenavocats.com\/ru\/jurisprudences\/"},{"@type":"ListItem","position":3,"name":"Tribunal d&rsquo;arrondissement, 22 janvier 2025"}]},{"@type":"WebSite","@id":"https:\/\/kohenavocats.com\/ru\/#website","url":"https:\/\/kohenavocats.com\/ru\/","name":"Kohen Avocats","description":"Ma\u00eetre Hassan Kohen, avocat p\u00e9naliste \u00e0 Paris, intervient exclusivement en droit p\u00e9nal pour la d\u00e9fense des particuliers, notamment en mati\u00e8re d\u2019accusations de viol. Il assure un accompagnement rigoureux d\u00e8s la garde \u00e0 vue jusqu\u2019\u00e0 la Cour d\u2019assises, veillant au strict respect des garanties proc\u00e9durales.","publisher":{"@id":"https:\/\/kohenavocats.com\/ru\/#organization"},"potentialAction":[{"@type":"SearchAction","target":{"@type":"EntryPoint","urlTemplate":"https:\/\/kohenavocats.com\/ru\/?s={search_term_string}"},"query-input":{"@type":"PropertyValueSpecification","valueRequired":true,"valueName":"search_term_string"}}],"inLanguage":"ru-RU"},{"@type":"Organization","@id":"https:\/\/kohenavocats.com\/ru\/#organization","name":"Kohen Avocats","url":"https:\/\/kohenavocats.com\/ru\/","logo":{"@type":"ImageObject","inLanguage":"ru-RU","@id":"https:\/\/kohenavocats.com\/ru\/#\/schema\/logo\/image\/","url":"https:\/\/kohenavocats.com\/wp-content\/uploads\/2026\/01\/Logo-2-1.webp","contentUrl":"https:\/\/kohenavocats.com\/wp-content\/uploads\/2026\/01\/Logo-2-1.webp","width":2114,"height":1253,"caption":"Kohen Avocats"},"image":{"@id":"https:\/\/kohenavocats.com\/ru\/#\/schema\/logo\/image\/"}}]}},"jetpack_likes_enabled":false,"jetpack_sharing_enabled":true,"_links":{"self":[{"href":"https:\/\/kohenavocats.com\/ru\/wp-json\/wp\/v2\/kji_decision\/619560","targetHints":{"allow":["GET"]}}],"collection":[{"href":"https:\/\/kohenavocats.com\/ru\/wp-json\/wp\/v2\/kji_decision"}],"about":[{"href":"https:\/\/kohenavocats.com\/ru\/wp-json\/wp\/v2\/types\/kji_decision"}],"wp:attachment":[{"href":"https:\/\/kohenavocats.com\/ru\/wp-json\/wp\/v2\/media?parent=619560"}],"wp:term":[{"taxonomy":"kji_country","embeddable":true,"href":"https:\/\/kohenavocats.com\/ru\/wp-json\/wp\/v2\/kji_country?post=619560"},{"taxonomy":"kji_court","embeddable":true,"href":"https:\/\/kohenavocats.com\/ru\/wp-json\/wp\/v2\/kji_court?post=619560"},{"taxonomy":"kji_chamber","embeddable":true,"href":"https:\/\/kohenavocats.com\/ru\/wp-json\/wp\/v2\/kji_chamber?post=619560"},{"taxonomy":"kji_year","embeddable":true,"href":"https:\/\/kohenavocats.com\/ru\/wp-json\/wp\/v2\/kji_year?post=619560"},{"taxonomy":"kji_subject","embeddable":true,"href":"https:\/\/kohenavocats.com\/ru\/wp-json\/wp\/v2\/kji_subject?post=619560"},{"taxonomy":"kji_keyword","embeddable":true,"href":"https:\/\/kohenavocats.com\/ru\/wp-json\/wp\/v2\/kji_keyword?post=619560"},{"taxonomy":"kji_language","embeddable":true,"href":"https:\/\/kohenavocats.com\/ru\/wp-json\/wp\/v2\/kji_language?post=619560"}],"curies":[{"name":"wp","href":"https:\/\/api.w.org\/{rel}","templated":true}]}}