{"id":620051,"date":"2026-04-20T09:45:17","date_gmt":"2026-04-20T07:45:17","guid":{"rendered":"https:\/\/kohenavocats.com\/jurisprudences\/tribunal-darrondissement-15-juillet-2025-31\/"},"modified":"2026-04-20T09:45:20","modified_gmt":"2026-04-20T07:45:20","slug":"tribunal-darrondissement-15-juillet-2025-31","status":"publish","type":"kji_decision","link":"https:\/\/kohenavocats.com\/ru\/jurisprudences\/tribunal-darrondissement-15-juillet-2025-31\/","title":{"rendered":"Tribunal d&#8217;arrondissement, 15 juillet 2025"},"content":{"rendered":"<div class=\"kji-decision\">\n<div class=\"kji-full-text\">\n<p>Jugt n\u00b02419\/2025 not.27372\/23\/CC IC2x JUGEMENT R\u00c9PUT\u00c9 CONTRADICTOIRE AUDIENCE PUBLIQUE DU 15JUILLET2025 Le Tribunal d\u2019arrondissement de et \u00e0 Luxembourg,neuvi\u00e8mechambre,si\u00e9geant enmati\u00e8re correctionnelle,statuant en composition dejuge unique,a rendu le jugement qui suit: dans la cause du Minist\u00e8re Public contre PERSONNE1.), n\u00e9eleDATE1.)\u00e0ADRESSE1.)(France), demeurant \u00e0F-ADRESSE2.), -p r \u00e9 v e n ue- F A I T S: Par citation du7mai2025,Monsieur le Procureur d\u2019\u00c9tat pr\u00e8s le Tribunal d\u2019arrondissement de et \u00e0 Luxembourg a requislapr\u00e9venue\u00e0 compara\u00eetre \u00e0 l\u2019audience publique du27juin2025 devant le Tribunal correctionnel de ce si\u00e8gepour y entendre statuer sur lespr\u00e9ventions suivantes: circulation:refus de se pr\u00eater \u00e0 l\u2019examen sommaire de l\u2019haleine,d\u00e9faut depermis de conduirevalable,conduite en pr\u00e9sentant des signes manifestes d\u2019ivresse,contravention. La pr\u00e9venuePERSONNE1.)ne comparut pas \u00e0 l\u2019audience du 27 juin 2025. Larepr\u00e9sentantedu Minist\u00e8re Public,Madame Martyna MICHALSKA,substitut du Procureur d\u2019\u00c9tat,r\u00e9suma l\u2019affaire et fut entendueen son r\u00e9quisitoire. Le Tribunal prit l\u2019affaire en d\u00e9lib\u00e9r\u00e9 et rendit \u00e0 l\u2019audience publique de ce jour,date \u00e0 laquelle le prononc\u00e9 avait \u00e9t\u00e9 fix\u00e9,le J U G E M E N T qui suit:<\/p>\n<p>2 Vul\u2019ensemble dudossier r\u00e9pressif constitu\u00e9 par le Minist\u00e8re Publicsousla notice num\u00e9ro 27372\/23\/CCet notammentleproc\u00e8s-verbalnum\u00e9roNUMERO1.)\/2023du 25 juillet 2023, dress\u00e9en causeparla Police Grand-Ducale,R\u00e9gionSud-Ouest,CommissariatEsch(C3R). Vu la citation du7mai2025r\u00e9guli\u00e8rement notifi\u00e9e\u00e0 lapr\u00e9venue. PERSONNE1.),bien que r\u00e9guli\u00e8rement cit\u00e9e,ne s\u2019est pas pr\u00e9sent\u00e9e \u00e0 l\u2019audience du 27 juin 2025. La citation ayant \u00e9t\u00e9 notifi\u00e9e \u00e0 sa personne,il y a lieu de statuer parunjugement r\u00e9put\u00e9 contradictoire \u00e0 son \u00e9gard. Le Minist\u00e8re Public reproche\u00e0PERSONNE1.)d\u2019avoir,le25juillet2023vers9.11heures,\u00e0 L-ADRESSE3.),au niveau du parking public,conduit un v\u00e9hicule automoteur sur la voie publiqueen pr\u00e9sentant des signes manifestes d\u2019ivressse etsans \u00eatre titulaire d\u2019un permis de conduire valable,ainsi que d\u2019avoirrefus\u00e9 de se pr\u00eater \u00e0 l\u2019examen sommaire de l\u2019haleine et d\u2019avoircontrevenu \u00e0 une prescription \u00e9nonc\u00e9e \u00e0 l\u2019article 140 de l\u2019arr\u00eat\u00e9 grand-ducal modifi\u00e9 du 23 novembre 1955 portant r\u00e8glement de la circulation sur toutes les voies publiques. Lorsqu\u2019une contravention se rattache \u00e0 un d\u00e9lit par un lien de connexit\u00e9 ou d\u2019indivisibilit\u00e9,les deux infractions sont jug\u00e9es en premier ressort et \u00e0 charge d\u2019appel par le Tribunal correctionnel. En l\u2019esp\u00e8ce,il y a connexit\u00e9 entre la contravention libell\u00e9e sub 3) et le d\u00e9lit libell\u00e9 sub 4) \u00e0 charge de la pr\u00e9venue. Le Tribunal correctionnel est partant comp\u00e9tent pour conna\u00eetre de la contraventionreproch\u00e9e sub3) \u00e0 la pr\u00e9venuePERSONNE1.). Il r\u00e9sulte \u00e0 suffisance des \u00e9l\u00e9ments du dossier r\u00e9pressif et notamment des constatations des agentsverbalisateurs,consign\u00e9es dans le proc\u00e8s-verbalnum\u00e9roNUMERO1.)\/2023du 25 juillet 2023 susmentionn\u00e9,des d\u00e9positions du t\u00e9moinoculaire faites aupr\u00e8s de la Policeen date du 25 juillet 2025,tout commedes enregistrements des cam\u00e9ras de vid\u00e9osurveillance de la station- serviceSOCIETE1.)situ\u00e9e en face du parking publicque lesinfractionsmises\u00e0chargede la pr\u00e9venuesont\u00e9tabliestant en fait qu\u2019en droit. PERSONNE1.)estpartantconvaincuepar les\u00e9l\u00e9ments du dossier r\u00e9pressif,ensemble les d\u00e9bats men\u00e9s \u00e0 l\u2019audience: \u00ab\u00e9tantconductriced\u2019unv\u00e9hiculeautomoteursur la voie publique, le 25 juillet 2023 vers 9.11 heures,\u00e0 L-ADRESSE4.),au niveau du parking public, 1)pr\u00e9sentant un indice grave faisant pr\u00e9sumer l\u2019existence d\u2019un \u00e9tat alcoolique prohib\u00e9 par la loi,avoir refus\u00e9 de se pr\u00eater \u00e0 l\u2019examen sommaire de l\u2019haleine, 2)avoir conduit un v\u00e9hicule sans \u00eatre titulaire d\u2019un permis de conduire valable, 3)d\u00e9faut de se comporter raisonnablement et prudemment de fa\u00e7on \u00e0 ne pas constituer un danger pour la circulation, 4)avoir circul\u00e9 en pr\u00e9sentant des signes manifestes d\u2019ivresse,m\u00eame s\u2019il n\u2019a pas \u00e9t\u00e9 possible de d\u00e9terminer un taux d\u2019alcool\u00e9mie.\u00bb<\/p>\n<p>3 Les infractions retenuessub 3) et 4)\u00e0 charge de lapr\u00e9venuese trouvent en concoursid\u00e9al entre elles. Ce groupe d\u2019infractions se trouve en concoursr\u00e9elavec les infractions retenues sub 1) et2),qui se trouvent en concours r\u00e9el entre elles. Il convient partant de faire application des dispositions desarticles60et 65du Code p\u00e9nal et de ne prononcer que la peine la plus forte, qui pourra \u00eatre \u00e9lev\u00e9e au double du maximum,sans toutefois pouvoir exc\u00e9der la somme des peines pr\u00e9vues pour les diff\u00e9rents d\u00e9lits. En circulant sur la voie publique en \u00e9tat d\u2019impr\u00e9gnation alcoolique,la pr\u00e9venue a gravement mis en danger tant sa propre s\u00e9curit\u00e9 que celle des autres usagers. L\u2019article 12 de la loi modifi\u00e9e du 14 f\u00e9vrier 1955concernant la r\u00e9glementation de la circulation sur toutes les voies publiquessanctionne le d\u00e9lit de conduite en pr\u00e9sentant des signes manifestes d\u2019ivresse ainsi que le refus de se pr\u00eater \u00e0 l\u2019examen de l\u2019air expir\u00e9e d\u2019une peine d\u2019emprisonnement de huit jours \u00e0 trois ans ainsi que d\u2019une amende de 500 euros \u00e0 10.000 euros, ou d\u2019une de ces peines seulement. L\u2019article 13.12 de la loimodifi\u00e9edu 14 f\u00e9vrier 1955 pr\u00e9cit\u00e9epunit le d\u00e9faut depermis de conduire valabled\u2019une peine d\u2019emprisonnement de huit jours \u00e0 trois ans etd\u2019une amende de 500 \u00e0 10.000 euros,ou \u00e0 une de ces peines seulement. La contravention retenue \u00e0 charge de la pr\u00e9venue est punie d\u2019une amende de police de 25 \u00e0 250 euros en vertude l\u2019article 7de la loi du 14 f\u00e9vrier 1955concernant la r\u00e9glementation de la circulation sur toutes les voies publiques telle qu\u2019en vigueur au moment des faits. L\u2019article 13.1 de la loimodifi\u00e9edu 14 f\u00e9vrier 1955pr\u00e9cit\u00e9epermet au juge saisi d\u2019une ou de plusieurs infractions \u00e0 la r\u00e9glementation de la circulation sur les voies publiques (ou de d\u00e9lits ou de crimes qui se sont joints \u00e0 ces infractions),de prononcer une interdiction de conduire de 3 mois \u00e0 15 ans en mati\u00e8re de d\u00e9lits ou de crimes. Au vu de la gravit\u00e9 desinfractionsretenues\u00e0sa charge,le Tribunal d\u00e9cide de condamner PERSONNE1.)\u00e0 uneamende correctionnellede1.500euros. Le Tribunal condamnePERSONNE1.)en outre \u00e0troisinterdictions de conduire,soit une interdiction de conduirede18 moisdu chef de l\u2019infraction de refus de l\u2019examen sommaire de l\u2019haleine retenue sub 1) \u00e0 sa charge,\u00e0uneinterdiction de conduirede18moisdu chef de l\u2019infraction de conduite sans \u00eatre titulaire d\u2019un permis de conduire valable retenue sub 2)et \u00e0 uneinterdiction de conduirede18moisdu chef de l\u2019infraction de conduite en pr\u00e9sentant des signes manifestes d\u2019ivresse retenue sub 4). En vertu de l\u2019article 628 alin\u00e9a 4 du Code de proc\u00e9dure p\u00e9nale,les Cours et Tribunaux peuvent, \u00abdans le cas o\u00f9 ils prononcent une interdiction de conduire un v\u00e9hicule sur la voie publique, ordonner par la m\u00eame d\u00e9cision motiv\u00e9e qu\u2019il sera sursis \u00e0 l\u2019ex\u00e9cution de tout ou partie de cette peine accessoire,\u00e0 condition que le condamn\u00e9 n\u2019ait pas \u00e9t\u00e9,avant le fait motivant sa poursuite, l\u2019objet d\u2019une condamnation irr\u00e9vocable \u00e0 une peine d\u2019emprisonnement correctionnel du chef d\u2019infraction aux lois etr\u00e8glements r\u00e9gissant la circulation sur la voie publique ou \u00e0 une peine privative de libert\u00e9 pour infraction aux lois et r\u00e8glements concernant la vente de substances m\u00e9dicamenteuses etla lutte contre la toxicomanie\u00bb.<\/p>\n<p>4 PERSONNE1.),bien que r\u00e9guli\u00e8rement cit\u00e9e,n\u2019a pasjug\u00e9 utile de compara\u00eetre \u00e0 l\u2019audience, de sorte qu\u2019iln\u2019ya paslieu de lui accorder la faveurd\u2019un quelconque am\u00e9nagement \u00e0 l\u2019ex\u00e9cutiondesinterdictionsde conduire \u00e0 prononcer \u00e0 son encontre. P A R C E SM O T I F S: leTribunal d\u2019arrondissement de et \u00e0 Luxembourg,neuvi\u00e8me chambre,si\u00e9geant en mati\u00e8re correctionnelle,compos\u00e9ede sonjuge-pr\u00e9sident,statuantpar un jugement r\u00e9put\u00e9 contradictoire,larepr\u00e9sentantedu Minist\u00e8re Public entendueen son r\u00e9quisitoire, c o n d a m n ePERSONNE1.)du chef desinfractionsretenues\u00e0 sa charge \u00e0 une amende de MILLECINQ CENTS(1.500) eurosainsi qu\u2019aux frais de sa poursuite p\u00e9nale,ces frais liquid\u00e9s \u00e022,52euros, f i x ela dur\u00e9e de la contrainte par corps en casde non-paiement de l\u2019amende \u00e0SOCIETE2.) (15) jours, p r o n o n c econtrePERSONNE1.)du chef de l\u2019infraction retenue sub 1) \u00e0 sa charge pour la dur\u00e9e deDIX-HUIT (18)moisl\u2019interdiction de conduire un v\u00e9hicule automoteur des cat\u00e9gories A-F surla voie publique, p r o n o n c econtrePERSONNE1.)du chef de l\u2019infraction retenue sub 2) \u00e0 sa charge pour la dur\u00e9e deDIX-HUIT (18)moisl\u2019interdiction de conduire un v\u00e9hicule automoteur des cat\u00e9gories A-F sur la voie publique, p r o n o n c econtrePERSONNE1.)du chef de l\u2019infraction retenue sub 4) \u00e0 sa charge pour la dur\u00e9e deDIX-HUIT (18)moisl\u2019interdiction de conduire un v\u00e9hicule automoteur des cat\u00e9gories A-F sur la voie publique. Le tout en application des articles14,16,28,29,30,60et 65du Code p\u00e9nal,des articles154, 179,182,184,185,189,190,190-1,194,195et196du Codede proc\u00e9dure p\u00e9nale,desarticles 7,12,13et 14bisde la loimodifi\u00e9edu 14 f\u00e9vrier 1955concernant la r\u00e9glementation de la circulation sur toutes les voies publiquesainsi que de l\u2019article 140 de l\u2019arr\u00eat\u00e9grand-ducal modifi\u00e9 du 23 novembre 1955portant r\u00e8glement de la circulation sur toutes les voies publiques qui furent d\u00e9sign\u00e9s \u00e0 l\u2019audience par Monsieurlejuge-pr\u00e9sident. Ainsi fait,jug\u00e9 et prononc\u00e9 par Antoine d\u2019HUART,juge-pr\u00e9sident,en audience publique au Tribunal d\u2019arrondissement de et \u00e0 Luxembourg,Cit\u00e9 judiciaire,Plateau du Saint-Esprit,en pr\u00e9sence de Lisa WEISHAUPT,attach\u00e9e de justice du Procureur d\u2019\u00c9tat,et d\u2019Elisabeth BACK, greffi\u00e8re,qui,\u00e0 l\u2019exception de la repr\u00e9sentante du Minist\u00e8re Public,ont sign\u00e9 le pr\u00e9sent jugement.<\/p>\n<p>5 Ce jugement est susceptible d\u2019appel. L\u2019appel doit \u00eatre interjet\u00e9 dans les formes et d\u00e9lais pr\u00e9vus aux articles 202 et suivants du Code de proc\u00e9dure p\u00e9nale. A partir de la notification du jugement r\u00e9put\u00e9 contradictoire vous pouvez FAIRE APPEL pendant40 joursen vous pr\u00e9sentant personnellement au greffe du Tribunal d\u2019arrondissement de Luxembourg qui a rendu le jugement,ou en donnant mandat \u00e0 un avocat,sauf si le tribunal statue en tant que juridiction d\u2019appel. L\u2019appel peut \u00e9galement \u00eatre interjet\u00e9,dans les40 joursde la notification du pr\u00e9sent jugement r\u00e9put\u00e9 contradictoire,par voie decourrier \u00e9lectronique\u00e0 adresser au guichet du greffe du Tribunal d\u2019arrondissement de Luxembourg \u00e0 l\u2019adresse talgug@justice.etat.lu.L\u2019appel interjet\u00e9 par voie \u00e9lectronique le jour d\u2019expiration du d\u00e9lai derecours peut parvenir au greffe jusqu\u2019\u00e0 minuit de ce jour. Le courrier \u00e9lectronique par lequel appel est interjet\u00e9 doit \u00e9maner de l\u2019appelant,de son avocat ou de tout autre fond\u00e9 de pouvoir sp\u00e9cial. Dans ce dernier cas,le pouvoir est annex\u00e9 au courrier \u00e9lectronique. Si le pr\u00e9venu estd\u00e9tenu,il peut d\u00e9clarer son appel au greffe du Centre p\u00e9nitentiaire.<\/p>\n<\/div>\n<hr class=\"kji-sep\" \/>\n<p class=\"kji-source-links\"><strong>Sources officielles :<\/strong> <a class=\"kji-source-link\" href=\"https:\/\/data.public.lu\/fr\/datasets\/tribunal-darrondissement-luxembourg-penal\/\" target=\"_blank\" rel=\"noopener noreferrer\">consulter la page source<\/a> &middot; <a class=\"kji-pdf-link\" href=\"https:\/\/download.data.public.lu\/resources\/tribunal-darrondissement-luxembourg-penal\/20251124-001400\/20250715-talch09-2419-pseudonymise-accessible.pdf\" target=\"_blank\" rel=\"noopener noreferrer\">PDF officiel<\/a><\/p>\n<p class=\"kji-license-note\"><em>Licence CC BY-ND 4.0 (Administration judiciaire, data.public.lu). Republication autorisee avec attribution, sans modification editoriale du texte integral.<\/em><\/p>\n<\/div>\n","protected":false},"excerpt":{"rendered":"<p>Jugt n\u00b02419\/2025 not.27372\/23\/CC IC2x JUGEMENT R\u00c9PUT\u00c9 CONTRADICTOIRE AUDIENCE PUBLIQUE DU 15JUILLET2025 Le Tribunal d\u2019arrondissement de et \u00e0 Luxembourg,neuvi\u00e8mechambre,si\u00e9geant enmati\u00e8re correctionnelle,statuant en composition dejuge unique,a rendu le jugement qui suit: dans la cause du Minist\u00e8re Public contre PERSONNE1.), n\u00e9eleDATE1.)\u00e0ADRESSE1.)(France), demeurant \u00e0F-ADRESSE2.), -p r \u00e9 v e\u2026<\/p>\n","protected":false},"featured_media":0,"template":"","meta":{"_crdt_document":""},"kji_country":[8418],"kji_court":[23583],"kji_chamber":[25729],"kji_year":[8463],"kji_subject":[7632],"kji_keyword":[23584,8600,7636],"kji_language":[7733],"class_list":["post-620051","kji_decision","type-kji_decision","status-publish","hentry","kji_country-luxembourg","kji_court-tribunal-darrondissement","kji_chamber-penal","kji_year-8463","kji_subject-penal","kji_keyword-arrondissement","kji_keyword-juillet","kji_keyword-tribunal","kji_language-francais"],"yoast_head":"<!-- This site is optimized with the Yoast SEO Premium plugin v27.5 (Yoast SEO v27.5) - https:\/\/yoast.com\/product\/yoast-seo-premium-wordpress\/ -->\n<title>Tribunal d&#039;arrondissement, 15 juillet 2025 - Ma\u00eetre Hassan Kohen, avocat en droit p\u00e9nal \u00e0 Paris<\/title>\n<meta name=\"robots\" content=\"index, follow, max-snippet:-1, max-image-preview:large, max-video-preview:-1\" \/>\n<link rel=\"canonical\" href=\"https:\/\/kohenavocats.com\/ru\/jurisprudences\/tribunal-darrondissement-15-juillet-2025-31\/\" \/>\n<meta property=\"og:locale\" content=\"ru_RU\" \/>\n<meta property=\"og:type\" content=\"article\" \/>\n<meta property=\"og:title\" content=\"Tribunal d&#039;arrondissement, 15 juillet 2025\" \/>\n<meta property=\"og:description\" content=\"Jugt n\u00b02419\/2025 not.27372\/23\/CC IC2x JUGEMENT R\u00c9PUT\u00c9 CONTRADICTOIRE AUDIENCE PUBLIQUE DU 15JUILLET2025 Le Tribunal d\u2019arrondissement de et \u00e0 Luxembourg,neuvi\u00e8mechambre,si\u00e9geant enmati\u00e8re correctionnelle,statuant en composition dejuge unique,a rendu le jugement qui suit: dans la cause du Minist\u00e8re Public contre PERSONNE1.), n\u00e9eleDATE1.)\u00e0ADRESSE1.)(France), demeurant \u00e0F-ADRESSE2.), -p r \u00e9 v e\u2026\" \/>\n<meta property=\"og:url\" content=\"https:\/\/kohenavocats.com\/ru\/jurisprudences\/tribunal-darrondissement-15-juillet-2025-31\/\" \/>\n<meta property=\"og:site_name\" content=\"Ma\u00eetre Hassan Kohen, avocat en droit p\u00e9nal \u00e0 Paris\" \/>\n<meta property=\"article:modified_time\" content=\"2026-04-20T07:45:20+00:00\" \/>\n<meta name=\"twitter:card\" content=\"summary_large_image\" \/>\n<meta name=\"twitter:label1\" content=\"\u041f\u0440\u0438\u043c\u0435\u0440\u043d\u043e\u0435 \u0432\u0440\u0435\u043c\u044f \u0434\u043b\u044f \u0447\u0442\u0435\u043d\u0438\u044f\" \/>\n\t<meta name=\"twitter:data1\" content=\"9 \u043c\u0438\u043d\u0443\u0442\" \/>\n<script type=\"application\/ld+json\" class=\"yoast-schema-graph\">{\"@context\":\"https:\\\/\\\/schema.org\",\"@graph\":[{\"@type\":\"WebPage\",\"@id\":\"https:\\\/\\\/kohenavocats.com\\\/ru\\\/jurisprudences\\\/tribunal-darrondissement-15-juillet-2025-31\\\/\",\"url\":\"https:\\\/\\\/kohenavocats.com\\\/ru\\\/jurisprudences\\\/tribunal-darrondissement-15-juillet-2025-31\\\/\",\"name\":\"Tribunal d'arrondissement, 15 juillet 2025 - Ma\u00eetre Hassan Kohen, avocat en droit p\u00e9nal \u00e0 Paris\",\"isPartOf\":{\"@id\":\"https:\\\/\\\/kohenavocats.com\\\/ru\\\/#website\"},\"datePublished\":\"2026-04-20T07:45:17+00:00\",\"dateModified\":\"2026-04-20T07:45:20+00:00\",\"breadcrumb\":{\"@id\":\"https:\\\/\\\/kohenavocats.com\\\/ru\\\/jurisprudences\\\/tribunal-darrondissement-15-juillet-2025-31\\\/#breadcrumb\"},\"inLanguage\":\"ru-RU\",\"potentialAction\":[{\"@type\":\"ReadAction\",\"target\":[\"https:\\\/\\\/kohenavocats.com\\\/ru\\\/jurisprudences\\\/tribunal-darrondissement-15-juillet-2025-31\\\/\"]}]},{\"@type\":\"BreadcrumbList\",\"@id\":\"https:\\\/\\\/kohenavocats.com\\\/ru\\\/jurisprudences\\\/tribunal-darrondissement-15-juillet-2025-31\\\/#breadcrumb\",\"itemListElement\":[{\"@type\":\"ListItem\",\"position\":1,\"name\":\"Home\",\"item\":\"https:\\\/\\\/kohenavocats.com\\\/ru\\\/avocats-en-droit-penal-a-paris-conseil-et-defense-strategique\\\/\"},{\"@type\":\"ListItem\",\"position\":2,\"name\":\"Jurisprudences\",\"item\":\"https:\\\/\\\/kohenavocats.com\\\/ru\\\/jurisprudences\\\/\"},{\"@type\":\"ListItem\",\"position\":3,\"name\":\"Tribunal d&rsquo;arrondissement, 15 juillet 2025\"}]},{\"@type\":\"WebSite\",\"@id\":\"https:\\\/\\\/kohenavocats.com\\\/ru\\\/#website\",\"url\":\"https:\\\/\\\/kohenavocats.com\\\/ru\\\/\",\"name\":\"Kohen Avocats\",\"description\":\"Ma\u00eetre Hassan Kohen, avocat p\u00e9naliste \u00e0 Paris, intervient exclusivement en droit p\u00e9nal pour la d\u00e9fense des particuliers, notamment en mati\u00e8re d\u2019accusations de viol. Il assure un accompagnement rigoureux d\u00e8s la garde \u00e0 vue jusqu\u2019\u00e0 la Cour d\u2019assises, veillant au strict respect des garanties proc\u00e9durales.\",\"publisher\":{\"@id\":\"https:\\\/\\\/kohenavocats.com\\\/ru\\\/#organization\"},\"potentialAction\":[{\"@type\":\"SearchAction\",\"target\":{\"@type\":\"EntryPoint\",\"urlTemplate\":\"https:\\\/\\\/kohenavocats.com\\\/ru\\\/?s={search_term_string}\"},\"query-input\":{\"@type\":\"PropertyValueSpecification\",\"valueRequired\":true,\"valueName\":\"search_term_string\"}}],\"inLanguage\":\"ru-RU\"},{\"@type\":\"Organization\",\"@id\":\"https:\\\/\\\/kohenavocats.com\\\/ru\\\/#organization\",\"name\":\"Kohen Avocats\",\"url\":\"https:\\\/\\\/kohenavocats.com\\\/ru\\\/\",\"logo\":{\"@type\":\"ImageObject\",\"inLanguage\":\"ru-RU\",\"@id\":\"https:\\\/\\\/kohenavocats.com\\\/ru\\\/#\\\/schema\\\/logo\\\/image\\\/\",\"url\":\"https:\\\/\\\/kohenavocats.com\\\/wp-content\\\/uploads\\\/2026\\\/01\\\/Logo-2-1.webp\",\"contentUrl\":\"https:\\\/\\\/kohenavocats.com\\\/wp-content\\\/uploads\\\/2026\\\/01\\\/Logo-2-1.webp\",\"width\":2114,\"height\":1253,\"caption\":\"Kohen Avocats\"},\"image\":{\"@id\":\"https:\\\/\\\/kohenavocats.com\\\/ru\\\/#\\\/schema\\\/logo\\\/image\\\/\"}}]}<\/script>\n<!-- \/ Yoast SEO Premium plugin. -->","yoast_head_json":{"title":"Tribunal d'arrondissement, 15 juillet 2025 - Ma\u00eetre Hassan Kohen, avocat en droit p\u00e9nal \u00e0 Paris","robots":{"index":"index","follow":"follow","max-snippet":"max-snippet:-1","max-image-preview":"max-image-preview:large","max-video-preview":"max-video-preview:-1"},"canonical":"https:\/\/kohenavocats.com\/ru\/jurisprudences\/tribunal-darrondissement-15-juillet-2025-31\/","og_locale":"ru_RU","og_type":"article","og_title":"Tribunal d'arrondissement, 15 juillet 2025","og_description":"Jugt n\u00b02419\/2025 not.27372\/23\/CC IC2x JUGEMENT R\u00c9PUT\u00c9 CONTRADICTOIRE AUDIENCE PUBLIQUE DU 15JUILLET2025 Le Tribunal d\u2019arrondissement de et \u00e0 Luxembourg,neuvi\u00e8mechambre,si\u00e9geant enmati\u00e8re correctionnelle,statuant en composition dejuge unique,a rendu le jugement qui suit: dans la cause du Minist\u00e8re Public contre PERSONNE1.), n\u00e9eleDATE1.)\u00e0ADRESSE1.)(France), demeurant \u00e0F-ADRESSE2.), -p r \u00e9 v e\u2026","og_url":"https:\/\/kohenavocats.com\/ru\/jurisprudences\/tribunal-darrondissement-15-juillet-2025-31\/","og_site_name":"Ma\u00eetre Hassan Kohen, avocat en droit p\u00e9nal \u00e0 Paris","article_modified_time":"2026-04-20T07:45:20+00:00","twitter_card":"summary_large_image","twitter_misc":{"\u041f\u0440\u0438\u043c\u0435\u0440\u043d\u043e\u0435 \u0432\u0440\u0435\u043c\u044f \u0434\u043b\u044f \u0447\u0442\u0435\u043d\u0438\u044f":"9 \u043c\u0438\u043d\u0443\u0442"},"schema":{"@context":"https:\/\/schema.org","@graph":[{"@type":"WebPage","@id":"https:\/\/kohenavocats.com\/ru\/jurisprudences\/tribunal-darrondissement-15-juillet-2025-31\/","url":"https:\/\/kohenavocats.com\/ru\/jurisprudences\/tribunal-darrondissement-15-juillet-2025-31\/","name":"Tribunal d'arrondissement, 15 juillet 2025 - Ma\u00eetre Hassan Kohen, avocat en droit p\u00e9nal \u00e0 Paris","isPartOf":{"@id":"https:\/\/kohenavocats.com\/ru\/#website"},"datePublished":"2026-04-20T07:45:17+00:00","dateModified":"2026-04-20T07:45:20+00:00","breadcrumb":{"@id":"https:\/\/kohenavocats.com\/ru\/jurisprudences\/tribunal-darrondissement-15-juillet-2025-31\/#breadcrumb"},"inLanguage":"ru-RU","potentialAction":[{"@type":"ReadAction","target":["https:\/\/kohenavocats.com\/ru\/jurisprudences\/tribunal-darrondissement-15-juillet-2025-31\/"]}]},{"@type":"BreadcrumbList","@id":"https:\/\/kohenavocats.com\/ru\/jurisprudences\/tribunal-darrondissement-15-juillet-2025-31\/#breadcrumb","itemListElement":[{"@type":"ListItem","position":1,"name":"Home","item":"https:\/\/kohenavocats.com\/ru\/avocats-en-droit-penal-a-paris-conseil-et-defense-strategique\/"},{"@type":"ListItem","position":2,"name":"Jurisprudences","item":"https:\/\/kohenavocats.com\/ru\/jurisprudences\/"},{"@type":"ListItem","position":3,"name":"Tribunal d&rsquo;arrondissement, 15 juillet 2025"}]},{"@type":"WebSite","@id":"https:\/\/kohenavocats.com\/ru\/#website","url":"https:\/\/kohenavocats.com\/ru\/","name":"Kohen Avocats","description":"Ma\u00eetre Hassan Kohen, avocat p\u00e9naliste \u00e0 Paris, intervient exclusivement en droit p\u00e9nal pour la d\u00e9fense des particuliers, notamment en mati\u00e8re d\u2019accusations de viol. Il assure un accompagnement rigoureux d\u00e8s la garde \u00e0 vue jusqu\u2019\u00e0 la Cour d\u2019assises, veillant au strict respect des garanties proc\u00e9durales.","publisher":{"@id":"https:\/\/kohenavocats.com\/ru\/#organization"},"potentialAction":[{"@type":"SearchAction","target":{"@type":"EntryPoint","urlTemplate":"https:\/\/kohenavocats.com\/ru\/?s={search_term_string}"},"query-input":{"@type":"PropertyValueSpecification","valueRequired":true,"valueName":"search_term_string"}}],"inLanguage":"ru-RU"},{"@type":"Organization","@id":"https:\/\/kohenavocats.com\/ru\/#organization","name":"Kohen Avocats","url":"https:\/\/kohenavocats.com\/ru\/","logo":{"@type":"ImageObject","inLanguage":"ru-RU","@id":"https:\/\/kohenavocats.com\/ru\/#\/schema\/logo\/image\/","url":"https:\/\/kohenavocats.com\/wp-content\/uploads\/2026\/01\/Logo-2-1.webp","contentUrl":"https:\/\/kohenavocats.com\/wp-content\/uploads\/2026\/01\/Logo-2-1.webp","width":2114,"height":1253,"caption":"Kohen Avocats"},"image":{"@id":"https:\/\/kohenavocats.com\/ru\/#\/schema\/logo\/image\/"}}]}},"jetpack_likes_enabled":false,"jetpack_sharing_enabled":true,"_links":{"self":[{"href":"https:\/\/kohenavocats.com\/ru\/wp-json\/wp\/v2\/kji_decision\/620051","targetHints":{"allow":["GET"]}}],"collection":[{"href":"https:\/\/kohenavocats.com\/ru\/wp-json\/wp\/v2\/kji_decision"}],"about":[{"href":"https:\/\/kohenavocats.com\/ru\/wp-json\/wp\/v2\/types\/kji_decision"}],"wp:attachment":[{"href":"https:\/\/kohenavocats.com\/ru\/wp-json\/wp\/v2\/media?parent=620051"}],"wp:term":[{"taxonomy":"kji_country","embeddable":true,"href":"https:\/\/kohenavocats.com\/ru\/wp-json\/wp\/v2\/kji_country?post=620051"},{"taxonomy":"kji_court","embeddable":true,"href":"https:\/\/kohenavocats.com\/ru\/wp-json\/wp\/v2\/kji_court?post=620051"},{"taxonomy":"kji_chamber","embeddable":true,"href":"https:\/\/kohenavocats.com\/ru\/wp-json\/wp\/v2\/kji_chamber?post=620051"},{"taxonomy":"kji_year","embeddable":true,"href":"https:\/\/kohenavocats.com\/ru\/wp-json\/wp\/v2\/kji_year?post=620051"},{"taxonomy":"kji_subject","embeddable":true,"href":"https:\/\/kohenavocats.com\/ru\/wp-json\/wp\/v2\/kji_subject?post=620051"},{"taxonomy":"kji_keyword","embeddable":true,"href":"https:\/\/kohenavocats.com\/ru\/wp-json\/wp\/v2\/kji_keyword?post=620051"},{"taxonomy":"kji_language","embeddable":true,"href":"https:\/\/kohenavocats.com\/ru\/wp-json\/wp\/v2\/kji_language?post=620051"}],"curies":[{"name":"wp","href":"https:\/\/api.w.org\/{rel}","templated":true}]}}