{"id":620840,"date":"2026-04-20T10:49:41","date_gmt":"2026-04-20T08:49:41","guid":{"rendered":"https:\/\/kohenavocats.com\/jurisprudences\/tribunal-darrondissement-15-mai-2025-7\/"},"modified":"2026-04-20T10:49:44","modified_gmt":"2026-04-20T08:49:44","slug":"tribunal-darrondissement-15-mai-2025-7","status":"publish","type":"kji_decision","link":"https:\/\/kohenavocats.com\/ru\/jurisprudences\/tribunal-darrondissement-15-mai-2025-7\/","title":{"rendered":"Tribunal d&#8217;arrondissement, 15 mai 2025"},"content":{"rendered":"<div class=\"kji-decision\">\n<div class=\"kji-full-text\">\n<p>Jugement no.1545\/2025 Notice no.23166\/24\/CC 2 x i.c.(i.c.prov) AUDIENCE PUBLIQUE DU 15MAI2025 LeTribunald&#039;arrondissement de et \u00e0 Luxembourg,septi\u00e8me chambre correctionnelle, statuant en composition dejuge unique, a rendu le jugement qui suit: dans la cause duMinist\u00e8re Publiccontre PERSONNE1.) n\u00e9 leDATE1.)\u00e0ADRESSE1.) demeurantADRESSE2.),ADRESSE3.) -p r \u00e9 v e n u- ________________________________________________________________ F A I T S : Par citation du31janvier2025,leProcureurd&#039;Etat pr\u00e8s leTribunald&#039;arrondissement de Luxembourg a requis lepr\u00e9venu de compara\u00eetre \u00e0 l&#039;audience publique du4avril2025devant le Tribunalcorrectionnel de ce si\u00e8ge,pour y entendre statuer sur lespr\u00e9ventionssuivantes: circulation:refus de se pr\u00eater \u00e0 l\u2019examen de l\u2019air expir\u00e9; principalement, avoir circul\u00e9 en pr\u00e9sentant des signes manifestes d\u2019ivresse, subsidiairement, avoir circul\u00e9 en pr\u00e9sentant des signes manifestes d\u2019influence d\u2019alcool; d\u00e9lit de fuite; contraventions. Al\u2019audience publique du4avril2025,levice-pr\u00e9sident constata l&#039;identit\u00e9 dupr\u00e9venu PERSONNE1.),luidonna connaissance de l\u2019acte qui a saisi leTribunalet l\u2019informa desondroit dese taire et desondroit de ne pas s\u2019incriminersoi-m\u00eame.<\/p>\n<p>2 Le t\u00e9moinPERSONNE2.)fut entendu en sesd\u00e9clarations orales, apr\u00e8s avoir pr\u00eat\u00e9 le serment pr\u00e9vu \u00e0 l&#039;article 155 du code de proc\u00e9dure p\u00e9nale. Le pr\u00e9venuPERSONNE1.)fut entendu ensesexplications et moyens de d\u00e9fense. Lerepr\u00e9sentant du Minist\u00e8re Public,Christophe NICOLAY,attach\u00e9 dejustice, r\u00e9suma l\u2019affaire etfut entendu en son r\u00e9quisitoire. Ma\u00eetre Max LOEHR, avocat\u00e0 la Cour, demeurant \u00e0 Luxembourg, d\u00e9veloppa plus amplement les moyens de d\u00e9fense du pr\u00e9venuPERSONNE1.). Le pr\u00e9venuPERSONNE1.)eut la parole en dernier. LeTribunalprit l&#039;affaire en d\u00e9lib\u00e9r\u00e9 et rendit \u00e0 l&#039;audience publique de ce jour, date \u00e0 laquelle le prononc\u00e9 avait \u00e9t\u00e9 fix\u00e9, le J U G E M E N T qui suit: Vu la citation \u00e0 pr\u00e9venu du31janvier2025(not.23166\/24\/CC)r\u00e9guli\u00e8rement notifi\u00e9e au pr\u00e9venu. Vu le proc\u00e8s-verbal num\u00e9ro1932\/2024\u00e9tabli en date du12juin2024par la Police Grand-Ducale, R\u00e9gionCentre-Est, CommissariatRemich\/Mondorf. Le Minist\u00e8re Public reproche \u00e0PERSONNE1.)les infractions suivantes: \u00ab\u00e9tant conducteur d\u2019un v\u00e9hicule automoteur sur la voie publique, le 12\/06\/2024 vers 22.20 heures \u00e0ADRESSE4.), sur le cheminADRESSE5.), sans pr\u00e9judice des circonstances de temps et de lieu exactes, 1)pr\u00e9sentant un indice grave faisant pr\u00e9sumer l&#039;existence d&#039;un \u00e9tat alcoolique prohib\u00e9 par la loi, avoir refus\u00e9 de se pr\u00eater \u00e0 l&#039;examen sommaire de l&#039;haleine, 2)principalement, d\u2019avoircircul\u00e9 en pr\u00e9sentant des signes manifestes d&#039;ivresse, m\u00eame s&#039;il n&#039;a pas \u00e9t\u00e9 possible de d\u00e9terminer un taux d&#039;alcool\u00e9mie, subsidiairement, d\u2019avoir circul\u00e9 en pr\u00e9sentant des signes manifestes d&#039;influence d&#039;alcool, m\u00eame s&#039;il n&#039;a pas \u00e9t\u00e9 possible de d\u00e9terminer un taux d&#039;alcool\u00e9mie, 3)sachant qu&#039;il a caus\u00e9 un accident, avoir pris la fuite pour \u00e9chapper aux constatations utiles, m\u00eame si l&#039;accident n&#039;est pas imputable \u00e0 sa faute, 4)d\u00e9faut de se comporter raisonnablement et prudemment de fa\u00e7on \u00e0 ne pas causer un dommage aux propri\u00e9t\u00e9s publiques ou priv\u00e9es, 5)d\u00e9faut de conduire de fa\u00e7on \u00e0 rester constamment ma\u00eetre de son v\u00e9hicule.\u00bb<\/p>\n<p>3 Le Tribunal correctionnel est comp\u00e9tent pour conna\u00eetre descontraventionslibell\u00e9es\u00e0 charge du pr\u00e9venusub 4)et 5)en raison deleurconnexit\u00e9 avec le d\u00e9litlibell\u00e9 sub2)\u00e0 sa charge. A l\u2019audience, le Minist\u00e8re Public demanda la rectification d\u2019une erreur mat\u00e9rielle dans la citation \u00e0 pr\u00e9venu, notamment de remplacer, sous le point 1) le refus de sepr\u00eater \u00e0 l\u2019examen sommaire de l\u2019haleine par le refus de se pr\u00eater \u00e0 l\u2019examen de l\u2019air expir\u00e9. Le Tribunal donna acte au pr\u00e9venuPERSONNE1.)de sa comparution volontaire pourla version rectifi\u00e9e. Il r\u00e9sulte du t\u00e9moignage dePERSONNE2.)sous la foi du serment ainsi que du dossier r\u00e9pressif que le pr\u00e9venu qui avait conduit un v\u00e9hicule sentait l\u2019alcool, avait les yeux rouge\u00e2tres et qu\u2019il pr\u00e9sentait des probl\u00e8mes d\u2019\u00e9quilibre. De plus il y a lieu de noter que le pr\u00e9venu avait perdu le contr\u00f4le de son v\u00e9hicule et heurt\u00e9 un poteau de signalisation. La police a pri\u00e9 le pr\u00e9venu de se soumettre \u00e0 l\u2019examen sommaire de l\u2019haleine, qui a eu pour r\u00e9sultat 1,26 mg\/l d\u2019air expir\u00e9. Ensuite le pr\u00e9venu a refus\u00e9 de se soumettre \u00e0 l\u2019examen de l\u2019air expir\u00e9, malgr\u00e9 avoir \u00e9t\u00e9 inform\u00e9 par les policiers des cons\u00e9quences d\u2019un tel refus. Le Tribunal estime par cons\u00e9quent que le pr\u00e9venu a refus\u00e9 de se pr\u00eater \u00e0 l\u2019examen de l\u2019air expir\u00e9, de sorte qu\u2019il est \u00e0 retenir dans les liens de la pr\u00e9vention libell\u00e9e sub1)telle que rectifi\u00e9e. Il r\u00e9sulte du t\u00e9moignage dePERSONNE2.)sous la foi du serment ainsi que du dossier r\u00e9pressif que le pr\u00e9venu qui avait conduit un v\u00e9hicule sentait l\u2019alcool, avait les yeux rouge\u00e2tres et qu\u2019il pr\u00e9sentait des probl\u00e8mes d\u2019\u00e9quilibre. De plus il y a lieu de noter que le pr\u00e9venu avait perdu le contr\u00f4le de son v\u00e9hicule et heurt\u00e9 un poteau de signalisation. L\u2019examen sommaire de l\u2019haleine, auquel le pr\u00e9venu a particip\u00e9, a eu pour r\u00e9sultat1,26mg\/l d\u2019air expir\u00e9. Le Tribunal estime par cons\u00e9quent que le pr\u00e9venu a conduit son v\u00e9hicule en pr\u00e9sentant des signes manifestes d\u2019ivresse m\u00eame s\u2019il n\u2019a pas \u00e9t\u00e9 possible de d\u00e9terminer un taux d\u2019alcool\u00e9mie, de sorte qu\u2019il est \u00e0 retenir dans les liens de la pr\u00e9vention libell\u00e9e sub 2)principalement. Les contraventions reproch\u00e9es sub 4) et 5) de la citation \u00e0 pr\u00e9venu se trouvent \u00e9galement \u00e9tablies en l\u2019esp\u00e8ce. Le pr\u00e9venu, en circulant en \u00e9tat d\u2019ivresse, n\u2019avait plus constamment la ma\u00eetrise de son v\u00e9hicule et a eu un comportement d\u00e9raisonnable et imprudent de fa\u00e7on \u00e0 causer un dommage aux propri\u00e9t\u00e9s publiques par le fait d\u2019endommager avec sa voiture un poteaur\u00e9flecteur. Le Minist\u00e8re Public reproche \u00e0PERSONNE1.)sub3) l\u2019infraction du d\u00e9lit de fuite. Le d\u00e9lit de fuite suppose la r\u00e9union des\u00e9l\u00e9ments constitutifs suivants : \u2022le fait mat\u00e9riel d\u2019un accident de la circulation ; \u2022le fait du conducteur impliqu\u00e9 dans cet accident de ne pas s\u2019arr\u00eater pour proc\u00e9der ou faire proc\u00e9der aux constatations utiles ; \u2022l\u2019intention dans le chef de ce conducteur de se soustraire \u00e0 sa responsabilit\u00e9.<\/p>\n<p>4 Il r\u00e9sulte du dossier r\u00e9pressif quePERSONNE1.)a heurt\u00e9 un poteau r\u00e9flecteurle12\/06\/2024 vers 22.20 heures \u00e0ADRESSE4.), sur le cheminADRESSE5.)et qu\u2019il a quitt\u00e9 les lieux de l\u2019accident. L\u2019\u00e9l\u00e9ment mat\u00e9riel du d\u00e9lit de fuite est partant \u00e9tabli. Quant \u00e0 l\u2019\u00e9l\u00e9ment moral du d\u00e9lit de fuite \u00e0 savoir l\u2019intention dans le chef du conducteur impliqu\u00e9 dans l\u2019accident \u00e0 se soustraire \u00e0 sa responsabilit\u00e9, le Tribunal rel\u00e8ve d\u2019abord que le Code de proc\u00e9dure p\u00e9nale adopte le syst\u00e8me de la libre appr\u00e9ciation dela preuve par le juge qui forme son intime conviction librement sans \u00eatre tenu par telle preuve plut\u00f4t que par telle autre. Il interroge sa conscience et d\u00e9cide en fonction de son intime conviction (FRANCHIMONT, Manuel de proc\u00e9dure p\u00e9nale, page 764). Le d\u00e9lit de fuite est une infraction instantan\u00e9e. Il est consomm\u00e9 d\u00e8s que le conducteur, qui a conscience d\u2019avoir caus\u00e9 un accident ou d\u2019\u00eatre impliqu\u00e9 dans un accident, quitte les lieux de celui- ci pour \u00e9chapper aux constatations utiles. Les constatations utiles auxquelles il y a lieu de proc\u00e9der contradictoirement et imm\u00e9diatement apr\u00e8s la survenance d&#039;un accident de la circulation, sont celles qui concernent les dommages et la d\u00e9termination des causes de l&#039;accident, la v\u00e9rification des documents de bord ainsi que l\u2019identification des conducteurs impliqu\u00e9s et l&#039;appr\u00e9ciation de leur capacit\u00e9 de conduire un v\u00e9hicule automoteur sur la voie publique. L&#039;intention de se soustraire aux constatations utiles est pratiquement induite du fait que le conducteur ayant pris conscience de l&#039;accident, a continu\u00e9 sa route (arr\u00eat n\u00b062\/15, VI chambre, du 23 f\u00e9vrier 2015). Au vu du dossier r\u00e9pressif le Tribunal a acquis l\u2019intime conviction que le pr\u00e9venu s\u2019est rendu compte qu\u2019il avait caus\u00e9 un accident et qu\u2019il a pris la fuite en pleine connaissance de cause. Le Tribunal rappelle que chaque d\u00e9tenteur du permis de conduire est cens\u00e9 savoir ce qu\u2019il doit faire lorsqu\u2019il est impliqu\u00e9 dans un accident. Il r\u00e9sulte encore clairement del\u2019instruction \u00e0 l\u2019audience que le pr\u00e9venu n\u2019est pas rest\u00e9 sur place et qu\u2019il ne s\u2019est pas manifest\u00e9 de lui-m\u00eame aupr\u00e8s des autorit\u00e9s publiques. L\u2019\u00e9l\u00e9ment intentionnel se trouve partant \u00e9galement \u00e9tabli. Le Tribunal retient en cons\u00e9quence qu\u2019en l\u2019esp\u00e8ce les \u00e9l\u00e9ments constitutifs du d\u00e9lit de fuite sont \u00e9tablis \u00e0 suffisance de droit. L\u2019infraction libell\u00e9e sub3) \u00e0 charge du pr\u00e9venu se trouve partant \u00e9tablie en l\u2019esp\u00e8ce. PERSONNE1.)est donc \u00e0 retenir dans les liens de toutes les pr\u00e9ventions lui reproch\u00e9es. PERSONNE1.)estpartantconvaincupar les d\u00e9bats men\u00e9s \u00e0 l&#039;audience, ensemble les \u00e9l\u00e9ments du dossierr\u00e9pressifdes infractions suivantes: \u00ab\u00e9tantconducteur d\u2019un v\u00e9hicule automoteur sur la voie publique, le 12\/06\/2024 vers 22.20 heures \u00e0ADRESSE4.), sur le cheminADRESSE5.),<\/p>\n<p>5 1)pr\u00e9sentant unindice grave faisant pr\u00e9sumer l&#039;existence d&#039;un \u00e9tat alcoolique prohib\u00e9 par la loi,pr\u00e9somption confirm\u00e9e par l\u2019examensommairede l\u2019haleine,d\u2019avoir refus\u00e9 de se pr\u00eater \u00e0 l&#039;examende l\u2019air expir\u00e9, 2)d\u2019avoir circul\u00e9 en pr\u00e9sentant des signes manifestes d&#039;ivresse, m\u00eame s&#039;il n&#039;a pas \u00e9t\u00e9 possible de d\u00e9terminer un taux d&#039;alcool\u00e9mie, 3)sachant qu&#039;il a caus\u00e9 un accident, avoir pris la fuite pour \u00e9chapper aux constatations utiles, m\u00eame si l&#039;accident n&#039;est pas imputable \u00e0 sa faute, 4)d\u00e9faut de se comporter raisonnablement et prudemment de fa\u00e7on \u00e0 ne pas causer un dommage aux propri\u00e9t\u00e9s publiques, 5)d\u00e9faut de conduire de fa\u00e7on \u00e0 rester constamment ma\u00eetre de son v\u00e9hicule.\u00bb Les infractions retenues sub2), 4)et5) se trouvent en concours id\u00e9alentre elles. Ce groupe d\u2019infractions se trouve en concours r\u00e9el avec les infraction retenus sub1) et3) qui se trouvent en concours r\u00e9el entre elles. Il convient partant d\u2019appliquer les articles 60 et 65 duCode p\u00e9nalet de ne prononcer que la peine la plus forte qui pourra \u00eatre \u00e9lev\u00e9e au double du maximum, sans pouvoir exc\u00e9der la somme des peines pr\u00e9vues pour les diff\u00e9rents d\u00e9lits. L\u2019infraction de conduite en \u00e9tat d\u2019ivresse retenue \u00e0 chargedePERSONNE1.), qui constitue la peine la plus forte au vu de l\u2019interdiction de conduire obligatoire \u00e0 prononcer,est punie d\u2019une peine d\u2019emprisonnement de huit jours \u00e0 trois ans et d\u2019une amende de 500 \u00e0 10.000 euros ou d\u2019une de ces peines seulement, conform\u00e9ment \u00e0 l\u2019article12de la loi modifi\u00e9e du 14 f\u00e9vrier 1955. L\u2019article 13 point 1. de la loi modifi\u00e9e du 14 f\u00e9vrier 1955 pr\u00e9cit\u00e9e permet au juge saisi d\u2019une ou de plusieurs infractions \u00e0 la r\u00e9glementation de la circulation sur toutes les voies publiques ou de d\u00e9lits ou de crimes qui se sont joints \u00e0 ces infractions,de prononcer une interdiction de conduire de trois mois \u00e0 quinze ans en mati\u00e8re de d\u00e9lits. Aux termes de l\u2019article 13 point 1. al.2 de la loi pr\u00e9cit\u00e9e\u00abl\u2019interdiction de conduire sera toujours prononc\u00e9e en cas de condamnation du chef des d\u00e9lits vis\u00e9s au point 1 du paragraphe 2 de l\u2019article 12 et au point 1 du paragraphe 4bis de l\u2019article 12 ou en cas de la r\u00e9cidive pr\u00e9vue au point 5 du paragraphe 2 du m\u00eame article \u00bb. L\u2019interdiction de conduire \u00e0 prononcer soit obligatoirement, soitfacultativement par la juridiction r\u00e9pressive, selon les infractions retenues \u00e0 charge du pr\u00e9venu, ne constitue pas seulement une peine accessoire qui sanctionne des infractions \u00e0 la loi p\u00e9nale en mati\u00e8re de circulation routi\u00e8re d\u00e9j\u00e0 commises, et qui peutle cas \u00e9ch\u00e9ant avoir en outre un effet p\u00e9dagogique influant sur le comportement futur du condamn\u00e9. Elle constitue encore un outil puissant pour \u0153uvrer dans le sens d\u2019une pr\u00e9vention d\u2019accidents de la circulation et pour pr\u00e9server, pendant un d\u00e9lai plus ou moins long, \u00e0 d\u00e9terminer par le Tribunal, les autres usagers de la voie publique du danger que constitue pour eux un conducteur dont le comportement dangereux et irresponsable a \u00e9t\u00e9 reconnu. En circulant sur la voie publique en \u00e9tat d&#039;impr\u00e9gnation alcoolique, le pr\u00e9venu a gravement mis en danger tant sa propre s\u00e9curit\u00e9 que celle des autres usagers.<\/p>\n<p>6 Au vu de la gravit\u00e9 des infractions commises, le Tribunal condamnele pr\u00e9venuPERSONNE1.) \u00e0 une amende correctionnelle de1.500 euros, ainsi qu\u2019aux peinesd\u2019interdictionsde conduire suivantes: -une peine d\u2019interdiction de conduire de18 moispour sanctionner l\u2019infraction retenue sub1) -une peine d\u2019interdiction de conduire de28 moispour sanctionner l\u2019infraction retenue sub2) -une peine d\u2019interdiction de conduire de18moispour sanctionner l\u2019infraction retenue sub3) Lepr\u00e9venuPERSONNE1.)sollicite de voir assortir une \u00e9ventuelle interdiction de conduire \u00e0 prononcer du sursis total, sinon partiel, respectivement d\u2019en excepter les trajets professionnels. Le Tribunal retient qu\u2019au vu de l\u2019alcool\u00e9mie \u00e9lev\u00e9e du pr\u00e9venu et de sesant\u00e9c\u00e9dentsjudiciaires en mati\u00e8re de conduite,il ne saurait \u00eatre question d\u2019assortir d\u2019un sursis int\u00e9gral ou partiel les interdictions de conduire \u00e0 prononcer \u00e0 son encontre. La loi permet cependant encore au juge qui prononce une interdiction de conduire, d\u2019en excepter de ladite interdiction un ou plusieurs des trajets limitativement \u00e9num\u00e9r\u00e9s. Afin de ne pas compromettre l\u2019avenir professionnel dePERSONNE1.), le Tribunal d\u00e9cide d\u2019excepter de l\u2019int\u00e9gralit\u00e9des interdictions de conduire \u00e0 prononcer \u00e0 son encontre,les trajets effectu\u00e9s dans l\u2019int\u00e9r\u00eat prouv\u00e9 de sa profession et le trajet d\u2019aller et deretour effectu\u00e9 entre la r\u00e9sidence principale, une r\u00e9sidence secondaire pr\u00e9sentant un caract\u00e8re de stabilit\u00e9 et tout autre lieu o\u00f9 il se rend de fa\u00e7on habituelle pour des motifs d\u2019ordre familial, et le lieu du travail suivant les modalit\u00e9s pr\u00e9vues \u00e0 l\u2019article 13, point 1ter de la loi modifi\u00e9e du 14f\u00e9vrier 1955 concernant la r\u00e9glementation de la circulation sur toutes les voies publiques. P A R C E S M O T I F S : leTribunald&#039;arrondissement de et \u00e0 Luxembourg,septi\u00e8me chambre, compos\u00e9e de sonvice- pr\u00e9sident, si\u00e9geant enmati\u00e8re correctionnelle,statuantcontradictoirement,lepr\u00e9venuet son mandataireentendusenleursexplications et moyens de d\u00e9fense,et lerepr\u00e9sentant du Minist\u00e8re Public entendu en ses r\u00e9quisitions, s e d \u00e9 c l a r e comp\u00e9tentpour conna\u00eetre descontraventionsreproch\u00e9esaupr\u00e9venu PERSONNE1.); c o n d a m n elepr\u00e9venuPERSONNE1.)du chef desinfractionsretenues\u00e0 sa charge\u00e0 une amende demillecinqcents(1.500) euros, ainsi qu&#039;aux frais de sa mise en jugement, ces frais liquid\u00e9s \u00e026,92euros; fixela dur\u00e9e de la contrainte par corps en cas de non-paiement de l&#039;amende \u00e0quinze(15) jours; co n d a m n elepr\u00e9venuPERSONNE1.)du chefde l\u2019infraction retenuesub1)\u00e0 sa charge \u00e0 une interdiction de conduire d&#039;une dur\u00e9e dedix-huit(18) moisapplicable \u00e0 tous les v\u00e9hicules automoteurs des cat\u00e9gories de permis de conduire A, B, C, D, E et F sur toutes les voies publiques;<\/p>\n<p>7 e x c e p t ede cette interdiction de conduire pour l\u2019int\u00e9gralit\u00e9les trajets entre son domicile et son lieu de travail, ainsi que les trajets effectu\u00e9s dans l\u2019int\u00e9r\u00eat prouv\u00e9 de sa profession; d i tque le trajet d\u2019aller et de retour effectu\u00e9 entre le domicile et le lieu de travail de PERSONNE1.)peut ne pas \u00eatre le plus direct lorsque le d\u00e9tour effectu\u00e9 est rendu n\u00e9cessaire dans le cadre d\u2019un covoiturage r\u00e9gulier ou pour d\u00e9poser oureprendre son enfant ou l\u2019enfant qui vit en communaut\u00e9 domestique avec lui, aupr\u00e8s d\u2019une tierce personne \u00e0 laquelle il est oblig\u00e9 de le confier afin de pouvoir s\u2019adonner \u00e0 son occupation professionnelle; c o n d a m n elepr\u00e9venuPERSONNE1.)du chefde l\u2019infraction retenuesub2)\u00e0 sa charge \u00e0 une interdiction de conduire d&#039;une dur\u00e9e devingt-huit(28) moisapplicable \u00e0 tous les v\u00e9hicules automoteurs des cat\u00e9gories de permis de conduire A, B, C, D, E et F sur toutes lesvoies publiques; e x c e p t ede cette interdiction de conduire pour l\u2019int\u00e9gralit\u00e9les trajets entre son domicile et son lieu de travail, ainsi que les trajets effectu\u00e9s dans l\u2019int\u00e9r\u00eat prouv\u00e9 de sa profession; d i tque le trajet d\u2019aller et de retour effectu\u00e9 entre le domicile et le lieu de travail de PERSONNE1.)peut ne pas \u00eatre le plus direct lorsque le d\u00e9tour effectu\u00e9 est rendu n\u00e9cessaire dans le cadre d\u2019un covoiturage r\u00e9gulier ou pour d\u00e9poser ou reprendre son enfant ou l\u2019enfant qui vit en communaut\u00e9 domestique avec lui, aupr\u00e8s d\u2019une tierce personne \u00e0 laquelle il est oblig\u00e9 de le confier afin de pouvoir s\u2019adonner \u00e0 son occupation professionnelle; c o n d a m n elepr\u00e9venuPERSONNE1.)du chefde l\u2019infraction retenuesub 3)\u00e0 sa charge \u00e0 une interdiction de conduire d&#039;une dur\u00e9e dedix-huit(18) moisapplicable \u00e0 tous les v\u00e9hicules automoteurs des cat\u00e9gories de permis de conduire A, B, C, D, E et F sur toutes les voies publiques; e x c e p t ede cette interdiction de conduire pour l\u2019int\u00e9gralit\u00e9les trajets entre son domicile et son lieu de travail, ainsi que les trajets effectu\u00e9s dans l\u2019int\u00e9r\u00eat prouv\u00e9 de sa profession; d i tque le trajet d\u2019aller et de retour effectu\u00e9 entre le domicile et le lieu de travail de PERSONNE1.)peut ne pas \u00eatre le plus direct lorsque le d\u00e9tour effectu\u00e9 est rendu n\u00e9cessaire dans le cadre d\u2019un covoiturage r\u00e9gulier ou pour d\u00e9poser ou reprendre son enfant ou l\u2019enfant qui vit en communaut\u00e9 domestique avec lui, aupr\u00e8s d\u2019une tierce personne \u00e0 laquelle il est oblig\u00e9 de le confier afin de pouvoir s\u2019adonner \u00e0 son occupation professionnelle. Le tout en application des articles 14, 16, 28, 29,30,60 et 65du Code p\u00e9nal, des articles 1, 179, 182, 184, 185, 189, 190, 190-1, 194, 195et196 du Code de proc\u00e9dure p\u00e9nale, des articles 1,7, 9,12,13, 14 et 14 bis de la loi du 14 f\u00e9vrier 1955 concernant la r\u00e9glementation de la circulation sur toutes les voies publiqueset des articles 1, 2et140 de l\u2019arr\u00eat\u00e9 grand-ducal du 23 novembre 1955 portant r\u00e8glement de la circulation sur toutes les voies publiquesdont mention a \u00e9t\u00e9 faite.<\/p>\n<p>8 Ainsi fait, jug\u00e9 et prononc\u00e9 en l&#039;audience publique dudit Tribunal d&#039;arrondissement de et \u00e0 Luxembourg, date qu&#039;en t\u00eate, par St\u00e9phane MAAS, vice-pr\u00e9sident, assist\u00e9 du greffier assum\u00e9 Tahnee WAGNER, en pr\u00e9sence d\u2019Alessandra VIENI, premier substitut du Procureur d\u2019Etat, qui, \u00e0 l&#039;exception du repr\u00e9sentant du Minist\u00e8re Public, ont sign\u00e9 le pr\u00e9sent jugement. Ce jugement est susceptible d&#039;appel. L\u2019appel doit \u00eatre interjet\u00e9 dans les formes et d\u00e9lais pr\u00e9vus aux articles 202 et suivants du Code de proc\u00e9dure p\u00e9nale et il doit \u00eatre form\u00e9 par le pr\u00e9venu ou son avocat, la partie civile ainsi que la partie civilement responsable ou leurs avocats respectifs dans les40 joursde la date du prononc\u00e9 du pr\u00e9sent jugement, aupr\u00e8s du greffe du Tribunal d\u2019arrondissement de Luxembourg, en se pr\u00e9sentantpersonnellementpour signer l\u2019acte d\u2019appel. L\u2019appel peut \u00e9galement \u00eatre interjet\u00e9, dans les40 joursde la date du prononc\u00e9 du pr\u00e9sent jugement par voie decourrier \u00e9lectronique\u00e0 adresser au guichet du greffe du Tribunal d\u2019arrondissement de Luxembourg \u00e0 l\u2019adressetalgug@justice.etat.lu.L\u2019appelinterjet\u00e9 par voie \u00e9lectronique le jour d\u2019expiration du d\u00e9lai de recours peut parvenir au greffe jusqu\u2019\u00e0 minuit de ce jour. Le courrier \u00e9lectronique par lequel appel est interjet\u00e9 doit \u00e9maner de l\u2019appelant, de son avocat ou de tout autre fond\u00e9 de pouvoir sp\u00e9cial. Dans ce dernier cas, le pouvoir est annex\u00e9 au courrier \u00e9lectronique. Si le pr\u00e9venu estd\u00e9tenu,il peut d\u00e9clarer son appel au greffe du Centre p\u00e9nitentiaire.<\/p>\n<\/div>\n<hr class=\"kji-sep\" \/>\n<p class=\"kji-source-links\"><strong>Sources officielles :<\/strong> <a class=\"kji-source-link\" href=\"https:\/\/data.public.lu\/fr\/datasets\/tribunal-darrondissement-luxembourg-penal\/\" target=\"_blank\" rel=\"noopener noreferrer\">consulter la page source<\/a> &middot; <a class=\"kji-pdf-link\" href=\"https:\/\/download.data.public.lu\/resources\/tribunal-darrondissement-luxembourg-penal\/20251012-230641\/20250515-talch07-1545-pseudonymise-accessible.pdf\" target=\"_blank\" rel=\"noopener noreferrer\">PDF officiel<\/a><\/p>\n<p class=\"kji-license-note\"><em>Licence CC BY-ND 4.0 (Administration judiciaire, data.public.lu). Republication autorisee avec attribution, sans modification editoriale du texte integral.<\/em><\/p>\n<\/div>\n","protected":false},"excerpt":{"rendered":"<p>Jugement no.1545\/2025 Notice no.23166\/24\/CC 2 x i.c.(i.c.prov) AUDIENCE PUBLIQUE DU 15MAI2025 LeTribunald&#8217;arrondissement de et \u00e0 Luxembourg,septi\u00e8me chambre correctionnelle, statuant en composition dejuge unique, a rendu le jugement qui suit: dans la cause duMinist\u00e8re Publiccontre PERSONNE1.) n\u00e9 leDATE1.)\u00e0ADRESSE1.) demeurantADRESSE2.),ADRESSE3.) -p r \u00e9 v e n u-\u2026<\/p>\n","protected":false},"featured_media":0,"template":"","meta":{"_crdt_document":""},"kji_country":[8418],"kji_court":[23583],"kji_chamber":[25729],"kji_year":[8463],"kji_subject":[7632],"kji_keyword":[23584,23061,7636],"kji_language":[7733],"class_list":["post-620840","kji_decision","type-kji_decision","status-publish","hentry","kji_country-luxembourg","kji_court-tribunal-darrondissement","kji_chamber-penal","kji_year-8463","kji_subject-penal","kji_keyword-arrondissement","kji_keyword-jugement","kji_keyword-tribunal","kji_language-francais"],"yoast_head":"<!-- This site is optimized with the Yoast SEO Premium plugin v27.4 (Yoast SEO v27.4) - https:\/\/yoast.com\/product\/yoast-seo-premium-wordpress\/ -->\n<title>Tribunal d&#039;arrondissement, 15 mai 2025 - Ma\u00eetre Hassan Kohen, avocat en droit p\u00e9nal \u00e0 Paris<\/title>\n<meta name=\"robots\" content=\"index, follow, max-snippet:-1, max-image-preview:large, max-video-preview:-1\" \/>\n<link rel=\"canonical\" href=\"https:\/\/kohenavocats.com\/ru\/jurisprudences\/tribunal-darrondissement-15-mai-2025-7\/\" \/>\n<meta property=\"og:locale\" content=\"ru_RU\" \/>\n<meta property=\"og:type\" content=\"article\" \/>\n<meta property=\"og:title\" content=\"Tribunal d&#039;arrondissement, 15 mai 2025\" \/>\n<meta property=\"og:description\" content=\"Jugement no.1545\/2025 Notice no.23166\/24\/CC 2 x i.c.(i.c.prov) AUDIENCE PUBLIQUE DU 15MAI2025 LeTribunald&#039;arrondissement de et \u00e0 Luxembourg,septi\u00e8me chambre correctionnelle, statuant en composition dejuge unique, a rendu le jugement qui suit: dans la cause duMinist\u00e8re Publiccontre PERSONNE1.) n\u00e9 leDATE1.)\u00e0ADRESSE1.) demeurantADRESSE2.),ADRESSE3.) -p r \u00e9 v e n u-\u2026\" \/>\n<meta property=\"og:url\" content=\"https:\/\/kohenavocats.com\/ru\/jurisprudences\/tribunal-darrondissement-15-mai-2025-7\/\" \/>\n<meta property=\"og:site_name\" content=\"Ma\u00eetre Hassan Kohen, avocat en droit p\u00e9nal \u00e0 Paris\" \/>\n<meta property=\"article:modified_time\" content=\"2026-04-20T08:49:44+00:00\" \/>\n<meta name=\"twitter:card\" content=\"summary_large_image\" \/>\n<meta name=\"twitter:label1\" content=\"\u041f\u0440\u0438\u043c\u0435\u0440\u043d\u043e\u0435 \u0432\u0440\u0435\u043c\u044f \u0434\u043b\u044f \u0447\u0442\u0435\u043d\u0438\u044f\" \/>\n\t<meta name=\"twitter:data1\" content=\"17 \u043c\u0438\u043d\u0443\u0442\" \/>\n<script type=\"application\/ld+json\" class=\"yoast-schema-graph\">{\"@context\":\"https:\\\/\\\/schema.org\",\"@graph\":[{\"@type\":\"WebPage\",\"@id\":\"https:\\\/\\\/kohenavocats.com\\\/ru\\\/jurisprudences\\\/tribunal-darrondissement-15-mai-2025-7\\\/\",\"url\":\"https:\\\/\\\/kohenavocats.com\\\/ru\\\/jurisprudences\\\/tribunal-darrondissement-15-mai-2025-7\\\/\",\"name\":\"Tribunal d'arrondissement, 15 mai 2025 - Ma\u00eetre Hassan Kohen, avocat en droit p\u00e9nal \u00e0 Paris\",\"isPartOf\":{\"@id\":\"https:\\\/\\\/kohenavocats.com\\\/ru\\\/#website\"},\"datePublished\":\"2026-04-20T08:49:41+00:00\",\"dateModified\":\"2026-04-20T08:49:44+00:00\",\"breadcrumb\":{\"@id\":\"https:\\\/\\\/kohenavocats.com\\\/ru\\\/jurisprudences\\\/tribunal-darrondissement-15-mai-2025-7\\\/#breadcrumb\"},\"inLanguage\":\"ru-RU\",\"potentialAction\":[{\"@type\":\"ReadAction\",\"target\":[\"https:\\\/\\\/kohenavocats.com\\\/ru\\\/jurisprudences\\\/tribunal-darrondissement-15-mai-2025-7\\\/\"]}]},{\"@type\":\"BreadcrumbList\",\"@id\":\"https:\\\/\\\/kohenavocats.com\\\/ru\\\/jurisprudences\\\/tribunal-darrondissement-15-mai-2025-7\\\/#breadcrumb\",\"itemListElement\":[{\"@type\":\"ListItem\",\"position\":1,\"name\":\"Home\",\"item\":\"https:\\\/\\\/kohenavocats.com\\\/ru\\\/avocats-en-droit-penal-a-paris-conseil-et-defense-strategique\\\/\"},{\"@type\":\"ListItem\",\"position\":2,\"name\":\"Jurisprudences\",\"item\":\"https:\\\/\\\/kohenavocats.com\\\/ru\\\/jurisprudences\\\/\"},{\"@type\":\"ListItem\",\"position\":3,\"name\":\"Tribunal d&rsquo;arrondissement, 15 mai 2025\"}]},{\"@type\":\"WebSite\",\"@id\":\"https:\\\/\\\/kohenavocats.com\\\/ru\\\/#website\",\"url\":\"https:\\\/\\\/kohenavocats.com\\\/ru\\\/\",\"name\":\"Kohen Avocats\",\"description\":\"Ma\u00eetre Hassan Kohen, avocat p\u00e9naliste \u00e0 Paris, intervient exclusivement en droit p\u00e9nal pour la d\u00e9fense des particuliers, notamment en mati\u00e8re d\u2019accusations de viol. Il assure un accompagnement rigoureux d\u00e8s la garde \u00e0 vue jusqu\u2019\u00e0 la Cour d\u2019assises, veillant au strict respect des garanties proc\u00e9durales.\",\"publisher\":{\"@id\":\"https:\\\/\\\/kohenavocats.com\\\/ru\\\/#organization\"},\"potentialAction\":[{\"@type\":\"SearchAction\",\"target\":{\"@type\":\"EntryPoint\",\"urlTemplate\":\"https:\\\/\\\/kohenavocats.com\\\/ru\\\/?s={search_term_string}\"},\"query-input\":{\"@type\":\"PropertyValueSpecification\",\"valueRequired\":true,\"valueName\":\"search_term_string\"}}],\"inLanguage\":\"ru-RU\"},{\"@type\":\"Organization\",\"@id\":\"https:\\\/\\\/kohenavocats.com\\\/ru\\\/#organization\",\"name\":\"Kohen Avocats\",\"url\":\"https:\\\/\\\/kohenavocats.com\\\/ru\\\/\",\"logo\":{\"@type\":\"ImageObject\",\"inLanguage\":\"ru-RU\",\"@id\":\"https:\\\/\\\/kohenavocats.com\\\/ru\\\/#\\\/schema\\\/logo\\\/image\\\/\",\"url\":\"https:\\\/\\\/kohenavocats.com\\\/wp-content\\\/uploads\\\/2026\\\/01\\\/Logo-2-1.webp\",\"contentUrl\":\"https:\\\/\\\/kohenavocats.com\\\/wp-content\\\/uploads\\\/2026\\\/01\\\/Logo-2-1.webp\",\"width\":2114,\"height\":1253,\"caption\":\"Kohen Avocats\"},\"image\":{\"@id\":\"https:\\\/\\\/kohenavocats.com\\\/ru\\\/#\\\/schema\\\/logo\\\/image\\\/\"}}]}<\/script>\n<!-- \/ Yoast SEO Premium plugin. -->","yoast_head_json":{"title":"Tribunal d'arrondissement, 15 mai 2025 - Ma\u00eetre Hassan Kohen, avocat en droit p\u00e9nal \u00e0 Paris","robots":{"index":"index","follow":"follow","max-snippet":"max-snippet:-1","max-image-preview":"max-image-preview:large","max-video-preview":"max-video-preview:-1"},"canonical":"https:\/\/kohenavocats.com\/ru\/jurisprudences\/tribunal-darrondissement-15-mai-2025-7\/","og_locale":"ru_RU","og_type":"article","og_title":"Tribunal d'arrondissement, 15 mai 2025","og_description":"Jugement no.1545\/2025 Notice no.23166\/24\/CC 2 x i.c.(i.c.prov) AUDIENCE PUBLIQUE DU 15MAI2025 LeTribunald'arrondissement de et \u00e0 Luxembourg,septi\u00e8me chambre correctionnelle, statuant en composition dejuge unique, a rendu le jugement qui suit: dans la cause duMinist\u00e8re Publiccontre PERSONNE1.) n\u00e9 leDATE1.)\u00e0ADRESSE1.) demeurantADRESSE2.),ADRESSE3.) -p r \u00e9 v e n u-\u2026","og_url":"https:\/\/kohenavocats.com\/ru\/jurisprudences\/tribunal-darrondissement-15-mai-2025-7\/","og_site_name":"Ma\u00eetre Hassan Kohen, avocat en droit p\u00e9nal \u00e0 Paris","article_modified_time":"2026-04-20T08:49:44+00:00","twitter_card":"summary_large_image","twitter_misc":{"\u041f\u0440\u0438\u043c\u0435\u0440\u043d\u043e\u0435 \u0432\u0440\u0435\u043c\u044f \u0434\u043b\u044f \u0447\u0442\u0435\u043d\u0438\u044f":"17 \u043c\u0438\u043d\u0443\u0442"},"schema":{"@context":"https:\/\/schema.org","@graph":[{"@type":"WebPage","@id":"https:\/\/kohenavocats.com\/ru\/jurisprudences\/tribunal-darrondissement-15-mai-2025-7\/","url":"https:\/\/kohenavocats.com\/ru\/jurisprudences\/tribunal-darrondissement-15-mai-2025-7\/","name":"Tribunal d'arrondissement, 15 mai 2025 - Ma\u00eetre Hassan Kohen, avocat en droit p\u00e9nal \u00e0 Paris","isPartOf":{"@id":"https:\/\/kohenavocats.com\/ru\/#website"},"datePublished":"2026-04-20T08:49:41+00:00","dateModified":"2026-04-20T08:49:44+00:00","breadcrumb":{"@id":"https:\/\/kohenavocats.com\/ru\/jurisprudences\/tribunal-darrondissement-15-mai-2025-7\/#breadcrumb"},"inLanguage":"ru-RU","potentialAction":[{"@type":"ReadAction","target":["https:\/\/kohenavocats.com\/ru\/jurisprudences\/tribunal-darrondissement-15-mai-2025-7\/"]}]},{"@type":"BreadcrumbList","@id":"https:\/\/kohenavocats.com\/ru\/jurisprudences\/tribunal-darrondissement-15-mai-2025-7\/#breadcrumb","itemListElement":[{"@type":"ListItem","position":1,"name":"Home","item":"https:\/\/kohenavocats.com\/ru\/avocats-en-droit-penal-a-paris-conseil-et-defense-strategique\/"},{"@type":"ListItem","position":2,"name":"Jurisprudences","item":"https:\/\/kohenavocats.com\/ru\/jurisprudences\/"},{"@type":"ListItem","position":3,"name":"Tribunal d&rsquo;arrondissement, 15 mai 2025"}]},{"@type":"WebSite","@id":"https:\/\/kohenavocats.com\/ru\/#website","url":"https:\/\/kohenavocats.com\/ru\/","name":"Kohen Avocats","description":"Ma\u00eetre Hassan Kohen, avocat p\u00e9naliste \u00e0 Paris, intervient exclusivement en droit p\u00e9nal pour la d\u00e9fense des particuliers, notamment en mati\u00e8re d\u2019accusations de viol. Il assure un accompagnement rigoureux d\u00e8s la garde \u00e0 vue jusqu\u2019\u00e0 la Cour d\u2019assises, veillant au strict respect des garanties proc\u00e9durales.","publisher":{"@id":"https:\/\/kohenavocats.com\/ru\/#organization"},"potentialAction":[{"@type":"SearchAction","target":{"@type":"EntryPoint","urlTemplate":"https:\/\/kohenavocats.com\/ru\/?s={search_term_string}"},"query-input":{"@type":"PropertyValueSpecification","valueRequired":true,"valueName":"search_term_string"}}],"inLanguage":"ru-RU"},{"@type":"Organization","@id":"https:\/\/kohenavocats.com\/ru\/#organization","name":"Kohen Avocats","url":"https:\/\/kohenavocats.com\/ru\/","logo":{"@type":"ImageObject","inLanguage":"ru-RU","@id":"https:\/\/kohenavocats.com\/ru\/#\/schema\/logo\/image\/","url":"https:\/\/kohenavocats.com\/wp-content\/uploads\/2026\/01\/Logo-2-1.webp","contentUrl":"https:\/\/kohenavocats.com\/wp-content\/uploads\/2026\/01\/Logo-2-1.webp","width":2114,"height":1253,"caption":"Kohen Avocats"},"image":{"@id":"https:\/\/kohenavocats.com\/ru\/#\/schema\/logo\/image\/"}}]}},"jetpack_likes_enabled":false,"jetpack_sharing_enabled":true,"_links":{"self":[{"href":"https:\/\/kohenavocats.com\/ru\/wp-json\/wp\/v2\/kji_decision\/620840","targetHints":{"allow":["GET"]}}],"collection":[{"href":"https:\/\/kohenavocats.com\/ru\/wp-json\/wp\/v2\/kji_decision"}],"about":[{"href":"https:\/\/kohenavocats.com\/ru\/wp-json\/wp\/v2\/types\/kji_decision"}],"wp:attachment":[{"href":"https:\/\/kohenavocats.com\/ru\/wp-json\/wp\/v2\/media?parent=620840"}],"wp:term":[{"taxonomy":"kji_country","embeddable":true,"href":"https:\/\/kohenavocats.com\/ru\/wp-json\/wp\/v2\/kji_country?post=620840"},{"taxonomy":"kji_court","embeddable":true,"href":"https:\/\/kohenavocats.com\/ru\/wp-json\/wp\/v2\/kji_court?post=620840"},{"taxonomy":"kji_chamber","embeddable":true,"href":"https:\/\/kohenavocats.com\/ru\/wp-json\/wp\/v2\/kji_chamber?post=620840"},{"taxonomy":"kji_year","embeddable":true,"href":"https:\/\/kohenavocats.com\/ru\/wp-json\/wp\/v2\/kji_year?post=620840"},{"taxonomy":"kji_subject","embeddable":true,"href":"https:\/\/kohenavocats.com\/ru\/wp-json\/wp\/v2\/kji_subject?post=620840"},{"taxonomy":"kji_keyword","embeddable":true,"href":"https:\/\/kohenavocats.com\/ru\/wp-json\/wp\/v2\/kji_keyword?post=620840"},{"taxonomy":"kji_language","embeddable":true,"href":"https:\/\/kohenavocats.com\/ru\/wp-json\/wp\/v2\/kji_language?post=620840"}],"curies":[{"name":"wp","href":"https:\/\/api.w.org\/{rel}","templated":true}]}}