{"id":620973,"date":"2026-04-20T11:06:21","date_gmt":"2026-04-20T09:06:21","guid":{"rendered":"https:\/\/kohenavocats.com\/jurisprudences\/tribunal-darrondissement-9-juillet-2025-6\/"},"modified":"2026-04-20T11:06:24","modified_gmt":"2026-04-20T09:06:24","slug":"tribunal-darrondissement-9-juillet-2025-6","status":"publish","type":"kji_decision","link":"https:\/\/kohenavocats.com\/ru\/jurisprudences\/tribunal-darrondissement-9-juillet-2025-6\/","title":{"rendered":"Tribunal d&#8217;arrondissement, 9 juillet 2025"},"content":{"rendered":"<div class=\"kji-decision\">\n<div class=\"kji-full-text\">\n<p>Jugementno2217\/2025 not.43758\/24\/CC 2x ic(s) AUDIENCE PUBLIQUE DU 9 JUILLET 2025 Le Tribunal d\u2019arrondissement de et \u00e0 Luxembourg,vingt-troisi\u00e8me chambre, si\u00e9geant comme juge unique enmati\u00e8re correctionnelle, a rendu le jugement qui suit: Dans la cause du Minist\u00e8re Public contre PERSONNE1.), n\u00e9 leDATE1.)\u00e0 Luxembourg, demeurant \u00e0L-ADRESSE2.), comparant en personne, -p r \u00e9 v e n u- F A I TS : Par citation du20mars2025,le Procureur d\u2019\u00c9tat pr\u00e8s le Tribunal d\u2019arrondissement de et \u00e0 ADRESSE1.)a requisle pr\u00e9venu\u00e0 compara\u00eetre \u00e0 l\u2019audience publique du13juin2025devant le Tribunal correctionnel de ce si\u00e8ge, pour y entendrestatuer sur lapr\u00e9ventionsuivante : Circulation :d\u00e9faut de contrat d\u2019assurance valable A cette audience,Madame le vice-pr\u00e9sident constata l\u2019identit\u00e9du pr\u00e9venuPERSONNE1.), lui donna connaissance del\u2019acte quiasaisi le Tribunal et l\u2019informa de ses droits de garder le silence et de ne pas s\u2019incriminer soi-m\u00eame, conform\u00e9ment \u00e0 l\u2019article 190-1 (2) du Code de proc\u00e9dure p\u00e9nale.<\/p>\n<p>2 Le pr\u00e9venuPERSONNE1.)fut par ailleurs inform\u00e9de la teneur de son droit \u00e0 l\u2019assistance par un avocat, sur les cons\u00e9quences \u00e9ventuelles d\u2019une renonciation ainsi que sur la possibilit\u00e9 de r\u00e9voquer la renonciation \u00e0 tout moment. Le pr\u00e9venuPERSONNE1.)renon\u00e7a \u00e0 l\u2019assistance d\u2019un avocat \u00e0 l\u2019audience par d\u00e9claration \u00e9crite, dat\u00e9e et sign\u00e9e conform\u00e9ment \u00e0 l\u2019article 3-6 point10du Code de proc\u00e9dure p\u00e9nale. Le pr\u00e9venuPERSONNE1.)fut entendu en ses explications. Larepr\u00e9sentantedu Minist\u00e8re Public,Cyntia WOLTER,substitut, r\u00e9suma l\u2019affaire et fut entendueen son r\u00e9quisitoire. Le pr\u00e9venu eut la parole en dernier. Le Tribunal prit l\u2019affaire en d\u00e9lib\u00e9r\u00e9 et rendit \u00e0 l\u2019audience publique de ce jour, date \u00e0 laquelle le prononc\u00e9 avait \u00e9t\u00e9 fix\u00e9,le J U G E M EN Tqui suit: Vul\u2019ensemble du dossierr\u00e9pressif constitu\u00e9 par le Minist\u00e8re Public sous la notice 43758\/24\/CC. Vu le proc\u00e8s-verbalnum\u00e9ro43613\/2024du21 novembre 2024dress\u00e9 par la Police Grand- Ducale,R\u00e9gionSud-Ouest,Commissariat Capellen\/Steinfort. Vu la citation \u00e0 pr\u00e9venu du20 mars 2025r\u00e9guli\u00e8rement notifi\u00e9e au pr\u00e9venuPERSONNE1.). Le Minist\u00e8re Public reproche\u00e0PERSONNE1.): \u00abEtant conducteur d\u2019un v\u00e9hicule automoteur sur la voie publique, Le 21 novembre 2024 vers 19.15 heures,ADRESSE3.)\u00e0ADRESSE4.), sans pr\u00e9judice des circonstances de temps et de lieu exactes, L\u2019avoir mis en circulation sur la voie publique sans \u00eatre couvert par un contrat d\u2019assurance valable\u00bb. Lors d\u2019une patrouille,les agents de police ont constat\u00e9 qu\u2019une voiture \u00e9quip\u00e9e d\u2019uneplaque d&#039;immatriculation temporairefran\u00e7aised&#039;un garage professionnel\u00e9tait stationn\u00e9e le long de la route. La validit\u00e9 de ce type de plaques d\u2019immatriculation et par cons\u00e9quent de la couverture par un contrat d\u2019assurance \u00e9tant limit\u00e9e en France, la voiture du pr\u00e9venu fut saisie avant d\u2019\u00eatre restitu\u00e9e ult\u00e9rieurement. Le pr\u00e9venu explique \u00eatre de bonne foi et d\u2019avoir ignor\u00e9 que la voiture n\u2019\u00e9tait pas couverte par un contrat d\u2019assurance valable au Luxembourg.<\/p>\n<p>3 A l\u2019audience du13 juin2025, le pr\u00e9venu n\u2019a pas autrement contest\u00e9 l\u2019infraction lui reproch\u00e9e. Il a en outre pr\u00e9sent\u00e9 ses excuseset insist\u00e9 sur sa bonne foi. Il a finalement sollicit\u00e9 la cl\u00e9mence du Tribunal. PERSONNE1.)est partantconvaincupar les \u00e9l\u00e9ments du dossier r\u00e9pressif, ensembleavec lesd\u00e9bats men\u00e9s \u00e0l\u2019audienceet de ses aveuxpar l\u2019infraction telle que libell\u00e9e par le Minist\u00e8rePublic: \u00abEtant conducteur d\u2019un v\u00e9hicule automoteur sur la voiepublique, Le 21 novembre 2024 vers 19.15 heures,ADRESSE3.)\u00e0ADRESSE4.), L\u2019avoir mis en circulation sur la voie publique sans \u00eatre couvert par un contrat d\u2019assurance valable\u00bb L\u2019infraction retenue \u00e0 chargedu pr\u00e9venuest punie d\u2019une peine d\u2019emprisonnement de huit jours \u00e0 trois ans et d\u2019une amende de 500 euros \u00e0 10.000 euros ou d\u2019une de ces peines seulement, conform\u00e9ment \u00e0 l\u2019article 28 de la loi modifi\u00e9e du 16 avril 2003 relative \u00e0 l\u2019assurance obligatoire de la responsabilit\u00e9 civile en mati\u00e8re de v\u00e9hicules automoteurs. L\u2019article 29 de la loi modifi\u00e9e du 16 avril 2003 rend applicable, en cas d\u2019infraction pr\u00e9vue \u00e0 l\u2019article 28, certains articles de la loi modifi\u00e9e du 14 f\u00e9vrier 1955 concernant la r\u00e9glementation de la circulation sur toutes les voiespubliques, dont l\u2019article 13.1., qui permet au Tribunal de prononcer une interdiction de conduire de trois mois \u00e0 quinze ans en mati\u00e8re de d\u00e9lits. Au vu de la gravit\u00e9de l\u2019infraction, le Tribunal condamnePERSONNE1.)\u00e0 uneamendede cinq cents(500)euros,et\u00e0unepeine d\u2019interdiction de conduire dedouze(12)mois. L\u2019article 628 alin\u00e9a 4 du Code de proc\u00e9dure p\u00e9nale permet au Tribunal qui prononce une interdiction de conduire, d\u2019ordonner qu\u2019il sera sursis \u00e0 l\u2019ex\u00e9cution de tout ou partie de cette peine accessoire, \u00e0 condition que le condamn\u00e9 n\u2019ait pas \u00e9t\u00e9, avant le fait motivant sa poursuite, l\u2019objet d\u2019une condamnation irr\u00e9vocable \u00e0 une peine d\u2019emprisonnement correctionnel du chef d\u2019infraction aux lois et r\u00e8glements r\u00e9gissant la circulation sur la voie publique ou \u00e0 une peine privative de libert\u00e9 pour infraction aux lois et r\u00e8glements concernant la vente de substances m\u00e9dicamenteuses et la lutte contre la toxicomanie. Le pr\u00e9venuPERSONNE1.)n&#039;a pas encore subi jusqu&#039;\u00e0 ce jour de condamnation excluant le sursis \u00e0 l&#039;ex\u00e9cution des peines et il n&#039;est pas indigne de la cl\u00e9mence du Tribunal. Il y a partant lieu de lui accorder la faveur dusursis int\u00e9gralquant \u00e0 l\u2019interdiction de conduire \u00e0 prononcer \u00e0 son encontre. P A R C E S M O T I F S : le Tribunal d&#039;arrondissement de et \u00e0 Luxembourg,vingt-troisi\u00e8mechambre, compos\u00e9e de son vice-pr\u00e9sident, si\u00e9geant en mati\u00e8re correctionnelle, statuantcontradictoirement,le pr\u00e9venuentendu ensesexplications et moyens de d\u00e9fense, la repr\u00e9sentante du Minist\u00e8re Public entendue en ses r\u00e9quisitions et le pr\u00e9venu ayant eu la parole en dernier,<\/p>\n<p>4 c o n d a m n ePERSONNE1.)du chef del\u2019infraction retenue \u00e0 sa charge \u00e0 une amende decinq cents(500) eurosainsi qu\u2019aux frais de sa poursuite p\u00e9nale, ces frais liquid\u00e9s \u00e0 474,86euros; f i x ela dur\u00e9e de la contrainte par corps en cas de non-paiement de l\u2019amende \u00e0cinq(5) jours, p r o n o n c econtrePERSONNE1.)pour l\u2019infraction retenue \u00e0 sacharge une interdiction de conduire d\u2019une dur\u00e9e dedouze(12)mois,applicable \u00e0 tous les v\u00e9hicules automoteurs des cat\u00e9goriesde permis de conduire A, B, C, D, E et F sur la voie publique, d i tqu\u2019il serasursis\u00e0 l\u2019ex\u00e9cution de l\u2019int\u00e9gralit\u00e9de cette interdiction de conduire; a v e r t it le pr\u00e9venuPERSONNE1.)qu\u2019au cas, o\u00f9 dans un d\u00e9lai de cinq ans \u00e0 dater du pr\u00e9sent jugement, il aura commis une nouvelle infraction ayant entra\u00een\u00e9 une condamnation \u00e0 une interdiction de conduire d\u2019un v\u00e9hicule sur la voie publique ou \u00e0 une peine privative de libert\u00e9 pour crimes oud\u00e9lits pr\u00e9vus par la l\u00e9gislation sur la circulation sur les voies publiques ou sur la vente de substances m\u00e9dicamenteuses et la lutte contre la toxicomanie, l\u2019interdiction de conduire prononc\u00e9e ci-devant sera ex\u00e9cut\u00e9e sans confusion possible avec la nouvelle peine et que les peines de la r\u00e9cidive seront encourues dans les termes de l\u2019article 56 al. 2 duCode p\u00e9nal; Par applicationdes articles 14, 16,27, 28, 29,30et 66du Codep\u00e9nal,des articles3-6,179, 182,184, 189, 190, 190-1, 194,195,196, 628, 628-1du Code de proc\u00e9dure p\u00e9nal,des articles 1, 2, 28 et 29 de la loi modifi\u00e9e du 16 avril 2003 relative \u00e0 l&#039;assurance obligatoire de la responsabilit\u00e9 civile en mati\u00e8re de v\u00e9hicules automoteurs et des articles 1, 2, 13, 14 de la loi modifi\u00e9e du 14f\u00e9vrier 1955 concernant la r\u00e9glementation de la circulation sur toutes les voies publiques,qui furent d\u00e9sign\u00e9s \u00e0 l&#039;audience par le vice-pr\u00e9sident. Ainsi fait, jug\u00e9 et prononc\u00e9 par Tania NEY, vice-pr\u00e9sident, en audience publique au Tribunal d\u2019arrondissement de et \u00e0 Luxembourg, Cit\u00e9 judiciaire, Plateau du Saint-Esprit, en pr\u00e9sencedeCharlotte MARC,substitut,etd\u2019Alexia BIAGI, greffi\u00e8reassum\u00e9e, qui, \u00e0 l\u2019exceptionde larepr\u00e9sentantedu Minist\u00e8re Public, ont sign\u00e9 le pr\u00e9sent jugement. Ce jugement est susceptible d&#039;appel. L&#039;appel doit \u00eatre interjet\u00e9 dans les formes et d\u00e9lais pr\u00e9vus aux articles 202 et suivants du Code de proc\u00e9dure p\u00e9nale et il doit \u00eatre form\u00e9 par le pr\u00e9venu ou son avocat, la partie civile ainsi que la partie civilement responsable ou leurs avocats respectifs dans les40 joursde la notification du pr\u00e9sent jugement rendu par d\u00e9faut, aupr\u00e8s du greffe du Tribunal d&#039;arrondissement de Luxembourg, en se pr\u00e9sentantpersonnellementpour signer l&#039;acte d&#039;appel. L\u2019appel peut \u00e9galement \u00eatre interjet\u00e9, dans les40 joursde la notification du pr\u00e9sent jugement rendu par d\u00e9faut, par voie decourrier \u00e9lectronique\u00e0 adresser au guichet du greffe du Tribunal d\u2019arrondissement de Luxembourg \u00e0 l\u2019adressetalgug@justice.etat.lu.L\u2019appel interjet\u00e9 par voie \u00e9lectronique le jour d\u2019expiration du<\/p>\n<p>5 d\u00e9lai de recours peut parvenir au greffe jusqu\u2019\u00e0 minuit de ce jour. Le courrier \u00e9lectronique par lequel appel est interjet\u00e9 doit \u00e9maner de l\u2019appelant, de son avocat ou de tout autre fond\u00e9 de pouvoir sp\u00e9cial. Dans ce dernier cas, le pouvoir est annex\u00e9 au courrier \u00e9lectronique. Si le pr\u00e9venu estd\u00e9tenu,il peut d\u00e9clarer son appel au greffe du Centre p\u00e9nitentiaire.<\/p>\n<\/div>\n<hr class=\"kji-sep\" \/>\n<p class=\"kji-source-links\"><strong>Sources officielles :<\/strong> <a class=\"kji-source-link\" href=\"https:\/\/data.public.lu\/fr\/datasets\/tribunal-darrondissement-luxembourg-penal\/\" target=\"_blank\" rel=\"noopener noreferrer\">consulter la page source<\/a> &middot; <a class=\"kji-pdf-link\" href=\"https:\/\/download.data.public.lu\/resources\/tribunal-darrondissement-luxembourg-penal\/20250928-230941\/20250709-talch23-2217-pseudonymise-accessible.pdf\" target=\"_blank\" rel=\"noopener noreferrer\">PDF officiel<\/a><\/p>\n<p class=\"kji-license-note\"><em>Licence CC BY-ND 4.0 (Administration judiciaire, data.public.lu). Republication autorisee avec attribution, sans modification editoriale du texte integral.<\/em><\/p>\n<\/div>\n","protected":false},"excerpt":{"rendered":"<p>Jugementno2217\/2025 not.43758\/24\/CC 2x ic(s) AUDIENCE PUBLIQUE DU 9 JUILLET 2025 Le Tribunal d\u2019arrondissement de et \u00e0 Luxembourg,vingt-troisi\u00e8me chambre, si\u00e9geant comme juge unique enmati\u00e8re correctionnelle, a rendu le jugement qui suit: Dans la cause du Minist\u00e8re Public contre PERSONNE1.), n\u00e9 leDATE1.)\u00e0 Luxembourg, demeurant \u00e0L-ADRESSE2.), comparant en\u2026<\/p>\n","protected":false},"featured_media":0,"template":"","meta":{"_crdt_document":""},"kji_country":[8418],"kji_court":[23583],"kji_chamber":[25729],"kji_year":[8463],"kji_subject":[7632],"kji_keyword":[23584,26208,8600,7636],"kji_language":[7733],"class_list":["post-620973","kji_decision","type-kji_decision","status-publish","hentry","kji_country-luxembourg","kji_court-tribunal-darrondissement","kji_chamber-penal","kji_year-8463","kji_subject-penal","kji_keyword-arrondissement","kji_keyword-jugementno","kji_keyword-juillet","kji_keyword-tribunal","kji_language-francais"],"yoast_head":"<!-- This site is optimized with the Yoast SEO Premium plugin v27.4 (Yoast SEO v27.4) - https:\/\/yoast.com\/product\/yoast-seo-premium-wordpress\/ -->\n<title>Tribunal d&#039;arrondissement, 9 juillet 2025 - Ma\u00eetre Hassan Kohen, avocat en droit p\u00e9nal \u00e0 Paris<\/title>\n<meta name=\"robots\" content=\"index, follow, max-snippet:-1, max-image-preview:large, max-video-preview:-1\" \/>\n<link rel=\"canonical\" href=\"https:\/\/kohenavocats.com\/ru\/jurisprudences\/tribunal-darrondissement-9-juillet-2025-6\/\" \/>\n<meta property=\"og:locale\" content=\"ru_RU\" \/>\n<meta property=\"og:type\" content=\"article\" \/>\n<meta property=\"og:title\" content=\"Tribunal d&#039;arrondissement, 9 juillet 2025\" \/>\n<meta property=\"og:description\" content=\"Jugementno2217\/2025 not.43758\/24\/CC 2x ic(s) AUDIENCE PUBLIQUE DU 9 JUILLET 2025 Le Tribunal d\u2019arrondissement de et \u00e0 Luxembourg,vingt-troisi\u00e8me chambre, si\u00e9geant comme juge unique enmati\u00e8re correctionnelle, a rendu le jugement qui suit: Dans la cause du Minist\u00e8re Public contre PERSONNE1.), n\u00e9 leDATE1.)\u00e0 Luxembourg, demeurant \u00e0L-ADRESSE2.), comparant en\u2026\" \/>\n<meta property=\"og:url\" content=\"https:\/\/kohenavocats.com\/ru\/jurisprudences\/tribunal-darrondissement-9-juillet-2025-6\/\" \/>\n<meta property=\"og:site_name\" content=\"Ma\u00eetre Hassan Kohen, avocat en droit p\u00e9nal \u00e0 Paris\" \/>\n<meta property=\"article:modified_time\" content=\"2026-04-20T09:06:24+00:00\" \/>\n<meta name=\"twitter:card\" content=\"summary_large_image\" \/>\n<meta name=\"twitter:label1\" content=\"\u041f\u0440\u0438\u043c\u0435\u0440\u043d\u043e\u0435 \u0432\u0440\u0435\u043c\u044f \u0434\u043b\u044f \u0447\u0442\u0435\u043d\u0438\u044f\" \/>\n\t<meta name=\"twitter:data1\" content=\"8 \u043c\u0438\u043d\u0443\u0442\" \/>\n<script type=\"application\/ld+json\" class=\"yoast-schema-graph\">{\"@context\":\"https:\\\/\\\/schema.org\",\"@graph\":[{\"@type\":\"WebPage\",\"@id\":\"https:\\\/\\\/kohenavocats.com\\\/ru\\\/jurisprudences\\\/tribunal-darrondissement-9-juillet-2025-6\\\/\",\"url\":\"https:\\\/\\\/kohenavocats.com\\\/ru\\\/jurisprudences\\\/tribunal-darrondissement-9-juillet-2025-6\\\/\",\"name\":\"Tribunal d'arrondissement, 9 juillet 2025 - Ma\u00eetre Hassan Kohen, avocat en droit p\u00e9nal \u00e0 Paris\",\"isPartOf\":{\"@id\":\"https:\\\/\\\/kohenavocats.com\\\/ru\\\/#website\"},\"datePublished\":\"2026-04-20T09:06:21+00:00\",\"dateModified\":\"2026-04-20T09:06:24+00:00\",\"breadcrumb\":{\"@id\":\"https:\\\/\\\/kohenavocats.com\\\/ru\\\/jurisprudences\\\/tribunal-darrondissement-9-juillet-2025-6\\\/#breadcrumb\"},\"inLanguage\":\"ru-RU\",\"potentialAction\":[{\"@type\":\"ReadAction\",\"target\":[\"https:\\\/\\\/kohenavocats.com\\\/ru\\\/jurisprudences\\\/tribunal-darrondissement-9-juillet-2025-6\\\/\"]}]},{\"@type\":\"BreadcrumbList\",\"@id\":\"https:\\\/\\\/kohenavocats.com\\\/ru\\\/jurisprudences\\\/tribunal-darrondissement-9-juillet-2025-6\\\/#breadcrumb\",\"itemListElement\":[{\"@type\":\"ListItem\",\"position\":1,\"name\":\"Home\",\"item\":\"https:\\\/\\\/kohenavocats.com\\\/ru\\\/avocats-en-droit-penal-a-paris-conseil-et-defense-strategique\\\/\"},{\"@type\":\"ListItem\",\"position\":2,\"name\":\"Jurisprudences\",\"item\":\"https:\\\/\\\/kohenavocats.com\\\/ru\\\/jurisprudences\\\/\"},{\"@type\":\"ListItem\",\"position\":3,\"name\":\"Tribunal d&rsquo;arrondissement, 9 juillet 2025\"}]},{\"@type\":\"WebSite\",\"@id\":\"https:\\\/\\\/kohenavocats.com\\\/ru\\\/#website\",\"url\":\"https:\\\/\\\/kohenavocats.com\\\/ru\\\/\",\"name\":\"Kohen Avocats\",\"description\":\"Ma\u00eetre Hassan Kohen, avocat p\u00e9naliste \u00e0 Paris, intervient exclusivement en droit p\u00e9nal pour la d\u00e9fense des particuliers, notamment en mati\u00e8re d\u2019accusations de viol. Il assure un accompagnement rigoureux d\u00e8s la garde \u00e0 vue jusqu\u2019\u00e0 la Cour d\u2019assises, veillant au strict respect des garanties proc\u00e9durales.\",\"publisher\":{\"@id\":\"https:\\\/\\\/kohenavocats.com\\\/ru\\\/#organization\"},\"potentialAction\":[{\"@type\":\"SearchAction\",\"target\":{\"@type\":\"EntryPoint\",\"urlTemplate\":\"https:\\\/\\\/kohenavocats.com\\\/ru\\\/?s={search_term_string}\"},\"query-input\":{\"@type\":\"PropertyValueSpecification\",\"valueRequired\":true,\"valueName\":\"search_term_string\"}}],\"inLanguage\":\"ru-RU\"},{\"@type\":\"Organization\",\"@id\":\"https:\\\/\\\/kohenavocats.com\\\/ru\\\/#organization\",\"name\":\"Kohen Avocats\",\"url\":\"https:\\\/\\\/kohenavocats.com\\\/ru\\\/\",\"logo\":{\"@type\":\"ImageObject\",\"inLanguage\":\"ru-RU\",\"@id\":\"https:\\\/\\\/kohenavocats.com\\\/ru\\\/#\\\/schema\\\/logo\\\/image\\\/\",\"url\":\"https:\\\/\\\/kohenavocats.com\\\/wp-content\\\/uploads\\\/2026\\\/01\\\/Logo-2-1.webp\",\"contentUrl\":\"https:\\\/\\\/kohenavocats.com\\\/wp-content\\\/uploads\\\/2026\\\/01\\\/Logo-2-1.webp\",\"width\":2114,\"height\":1253,\"caption\":\"Kohen Avocats\"},\"image\":{\"@id\":\"https:\\\/\\\/kohenavocats.com\\\/ru\\\/#\\\/schema\\\/logo\\\/image\\\/\"}}]}<\/script>\n<!-- \/ Yoast SEO Premium plugin. -->","yoast_head_json":{"title":"Tribunal d'arrondissement, 9 juillet 2025 - Ma\u00eetre Hassan Kohen, avocat en droit p\u00e9nal \u00e0 Paris","robots":{"index":"index","follow":"follow","max-snippet":"max-snippet:-1","max-image-preview":"max-image-preview:large","max-video-preview":"max-video-preview:-1"},"canonical":"https:\/\/kohenavocats.com\/ru\/jurisprudences\/tribunal-darrondissement-9-juillet-2025-6\/","og_locale":"ru_RU","og_type":"article","og_title":"Tribunal d'arrondissement, 9 juillet 2025","og_description":"Jugementno2217\/2025 not.43758\/24\/CC 2x ic(s) AUDIENCE PUBLIQUE DU 9 JUILLET 2025 Le Tribunal d\u2019arrondissement de et \u00e0 Luxembourg,vingt-troisi\u00e8me chambre, si\u00e9geant comme juge unique enmati\u00e8re correctionnelle, a rendu le jugement qui suit: Dans la cause du Minist\u00e8re Public contre PERSONNE1.), n\u00e9 leDATE1.)\u00e0 Luxembourg, demeurant \u00e0L-ADRESSE2.), comparant en\u2026","og_url":"https:\/\/kohenavocats.com\/ru\/jurisprudences\/tribunal-darrondissement-9-juillet-2025-6\/","og_site_name":"Ma\u00eetre Hassan Kohen, avocat en droit p\u00e9nal \u00e0 Paris","article_modified_time":"2026-04-20T09:06:24+00:00","twitter_card":"summary_large_image","twitter_misc":{"\u041f\u0440\u0438\u043c\u0435\u0440\u043d\u043e\u0435 \u0432\u0440\u0435\u043c\u044f \u0434\u043b\u044f \u0447\u0442\u0435\u043d\u0438\u044f":"8 \u043c\u0438\u043d\u0443\u0442"},"schema":{"@context":"https:\/\/schema.org","@graph":[{"@type":"WebPage","@id":"https:\/\/kohenavocats.com\/ru\/jurisprudences\/tribunal-darrondissement-9-juillet-2025-6\/","url":"https:\/\/kohenavocats.com\/ru\/jurisprudences\/tribunal-darrondissement-9-juillet-2025-6\/","name":"Tribunal d'arrondissement, 9 juillet 2025 - Ma\u00eetre Hassan Kohen, avocat en droit p\u00e9nal \u00e0 Paris","isPartOf":{"@id":"https:\/\/kohenavocats.com\/ru\/#website"},"datePublished":"2026-04-20T09:06:21+00:00","dateModified":"2026-04-20T09:06:24+00:00","breadcrumb":{"@id":"https:\/\/kohenavocats.com\/ru\/jurisprudences\/tribunal-darrondissement-9-juillet-2025-6\/#breadcrumb"},"inLanguage":"ru-RU","potentialAction":[{"@type":"ReadAction","target":["https:\/\/kohenavocats.com\/ru\/jurisprudences\/tribunal-darrondissement-9-juillet-2025-6\/"]}]},{"@type":"BreadcrumbList","@id":"https:\/\/kohenavocats.com\/ru\/jurisprudences\/tribunal-darrondissement-9-juillet-2025-6\/#breadcrumb","itemListElement":[{"@type":"ListItem","position":1,"name":"Home","item":"https:\/\/kohenavocats.com\/ru\/avocats-en-droit-penal-a-paris-conseil-et-defense-strategique\/"},{"@type":"ListItem","position":2,"name":"Jurisprudences","item":"https:\/\/kohenavocats.com\/ru\/jurisprudences\/"},{"@type":"ListItem","position":3,"name":"Tribunal d&rsquo;arrondissement, 9 juillet 2025"}]},{"@type":"WebSite","@id":"https:\/\/kohenavocats.com\/ru\/#website","url":"https:\/\/kohenavocats.com\/ru\/","name":"Kohen Avocats","description":"Ma\u00eetre Hassan Kohen, avocat p\u00e9naliste \u00e0 Paris, intervient exclusivement en droit p\u00e9nal pour la d\u00e9fense des particuliers, notamment en mati\u00e8re d\u2019accusations de viol. Il assure un accompagnement rigoureux d\u00e8s la garde \u00e0 vue jusqu\u2019\u00e0 la Cour d\u2019assises, veillant au strict respect des garanties proc\u00e9durales.","publisher":{"@id":"https:\/\/kohenavocats.com\/ru\/#organization"},"potentialAction":[{"@type":"SearchAction","target":{"@type":"EntryPoint","urlTemplate":"https:\/\/kohenavocats.com\/ru\/?s={search_term_string}"},"query-input":{"@type":"PropertyValueSpecification","valueRequired":true,"valueName":"search_term_string"}}],"inLanguage":"ru-RU"},{"@type":"Organization","@id":"https:\/\/kohenavocats.com\/ru\/#organization","name":"Kohen Avocats","url":"https:\/\/kohenavocats.com\/ru\/","logo":{"@type":"ImageObject","inLanguage":"ru-RU","@id":"https:\/\/kohenavocats.com\/ru\/#\/schema\/logo\/image\/","url":"https:\/\/kohenavocats.com\/wp-content\/uploads\/2026\/01\/Logo-2-1.webp","contentUrl":"https:\/\/kohenavocats.com\/wp-content\/uploads\/2026\/01\/Logo-2-1.webp","width":2114,"height":1253,"caption":"Kohen Avocats"},"image":{"@id":"https:\/\/kohenavocats.com\/ru\/#\/schema\/logo\/image\/"}}]}},"jetpack_likes_enabled":false,"jetpack_sharing_enabled":true,"_links":{"self":[{"href":"https:\/\/kohenavocats.com\/ru\/wp-json\/wp\/v2\/kji_decision\/620973","targetHints":{"allow":["GET"]}}],"collection":[{"href":"https:\/\/kohenavocats.com\/ru\/wp-json\/wp\/v2\/kji_decision"}],"about":[{"href":"https:\/\/kohenavocats.com\/ru\/wp-json\/wp\/v2\/types\/kji_decision"}],"wp:attachment":[{"href":"https:\/\/kohenavocats.com\/ru\/wp-json\/wp\/v2\/media?parent=620973"}],"wp:term":[{"taxonomy":"kji_country","embeddable":true,"href":"https:\/\/kohenavocats.com\/ru\/wp-json\/wp\/v2\/kji_country?post=620973"},{"taxonomy":"kji_court","embeddable":true,"href":"https:\/\/kohenavocats.com\/ru\/wp-json\/wp\/v2\/kji_court?post=620973"},{"taxonomy":"kji_chamber","embeddable":true,"href":"https:\/\/kohenavocats.com\/ru\/wp-json\/wp\/v2\/kji_chamber?post=620973"},{"taxonomy":"kji_year","embeddable":true,"href":"https:\/\/kohenavocats.com\/ru\/wp-json\/wp\/v2\/kji_year?post=620973"},{"taxonomy":"kji_subject","embeddable":true,"href":"https:\/\/kohenavocats.com\/ru\/wp-json\/wp\/v2\/kji_subject?post=620973"},{"taxonomy":"kji_keyword","embeddable":true,"href":"https:\/\/kohenavocats.com\/ru\/wp-json\/wp\/v2\/kji_keyword?post=620973"},{"taxonomy":"kji_language","embeddable":true,"href":"https:\/\/kohenavocats.com\/ru\/wp-json\/wp\/v2\/kji_language?post=620973"}],"curies":[{"name":"wp","href":"https:\/\/api.w.org\/{rel}","templated":true}]}}