{"id":621112,"date":"2026-04-20T11:24:14","date_gmt":"2026-04-20T09:24:14","guid":{"rendered":"https:\/\/kohenavocats.com\/jurisprudences\/tribunal-darrondissement-28-mai-2025-23\/"},"modified":"2026-04-20T11:24:17","modified_gmt":"2026-04-20T09:24:17","slug":"tribunal-darrondissement-28-mai-2025-23","status":"publish","type":"kji_decision","link":"https:\/\/kohenavocats.com\/ru\/jurisprudences\/tribunal-darrondissement-28-mai-2025-23\/","title":{"rendered":"Tribunal d&#8217;arrondissement, 28 mai 2025"},"content":{"rendered":"<div class=\"kji-decision\">\n<div class=\"kji-full-text\">\n<p>Jugement no1732\/2025 Notice no383\/25\/CC 2xi.c. AUDIENCE PUBLIQUE DU 28MAI2025 LeTribunald&#039;arrondissement de et\u00e0Luxembourg,septi\u00e8me chambre correctionnelle, statuant en composition dejuge unique, a rendu le jugement quisuit: dans la cause duMinist\u00e8re Publiccontre PERSONNE1.) n\u00e9leDATE1.)\u00e0ADRESSE1.) demeurantADRESSE2.) -p r \u00e9 v e n u- _________________________________________________________________________ F A I T S : Par citation du7mars2025,leProcureurd&#039;Etat pr\u00e8s leTribunald&#039;arrondissement de Luxembourg a requis lepr\u00e9venu de compara\u00eetre \u00e0 l&#039;audience publique du6mai2025devant leTribunalcorrectionnel de ce si\u00e8ge,pour y entendre statuer sur lespr\u00e9ventionssuivantes: circulation:principalement: avoir circul\u00e9 en pr\u00e9sentant des signes manifestes d\u2019ivresse, subsidiairement: avoir circul\u00e9 en pr\u00e9sentant des signes manifestes d\u2019influence d\u2019alcool; refus de se pr\u00eater \u00e0 un examen de l\u2019air expir\u00e9e;contraventions A l\u2019audience publique du6mai2025, levice-pr\u00e9sident constata l&#039;identit\u00e9 du pr\u00e9venu PERSONNE1.), lui donna connaissance de l\u2019acte qui a saisi le Tribunal et l\u2019informa de son droit de se taire et de son droit de ne pas s\u2019incriminer soi-m\u00eame.<\/p>\n<p>2 Lepr\u00e9venuPERSONNE1.), assist\u00e9 de l\u2019interpr\u00e8te Marina MARQUES PINA,renon\u00e7a \u00e0 l\u2019assistance d\u2019un avocat par d\u00e9claration \u00e9crite, dat\u00e9e et sign\u00e9e conform\u00e9ment \u00e0 l\u2019article 3-6 point 8 du Code de proc\u00e9dure p\u00e9nale. Lepr\u00e9venuPERSONNE1.), assist\u00e9 de l\u2019interpr\u00e8te,fut entendu en ses explications et moyens de d\u00e9fense. Lerepr\u00e9sentant du Minist\u00e8re Public,Guy BREISTROFF, Procureur d\u2019Etatadjoint, r\u00e9suma l\u2019affaire et fut entendu en son r\u00e9quisitoire. Lepr\u00e9venuPERSONNE1.)eut la parole en dernier. LeTribunalprit l&#039;affaire en d\u00e9lib\u00e9r\u00e9 et rendit \u00e0 l&#039;audience publique de ce jour, date \u00e0 laquelle le prononc\u00e9 avait \u00e9t\u00e9 fix\u00e9, le J U G E M E N T qui suit: Vu la citation du7mars2025(not.383\/25\/CC), r\u00e9guli\u00e8rement notifi\u00e9e au pr\u00e9venu PERSONNE1.). Vu le proc\u00e8s-verbal num\u00e9ro1942\/2024\u00e9tabli en date du31d\u00e9cembre2024par la Police Grand-Ducale,Unit\u00e9 de la police de la route, Service intervention autoroutier. Le Minist\u00e8re Public reproche \u00e0PERSONNE1.),le31d\u00e9cembre2024 vers 16.33 heures \u00e0 ADRESSE3.), d\u2019avoir circul\u00e9 sur la voie publique en pr\u00e9sentant principalement des signes manifestes d\u2019ivresse et subsidiairement, des signes manifestes d\u2019influence d\u2019alcool, pr\u00e9sentant un indice grave faisant pr\u00e9sumer l\u2019existence d\u2019un \u00e9tat alcoolique prohib\u00e9 par la loi, pr\u00e9somption confirm\u00e9e par l\u2019examen sommaire de l\u2019haleine, d\u2019avoir refus\u00e9 de se pr\u00eater \u00e0 un examen de l\u2019air expir\u00e9et d\u2019avoircommisdeuxcontraventions au code de la route. Le Tribunal correctionnel est comp\u00e9tent pour conna\u00eetre des contraventions libell\u00e9es sub3) et4) \u00e0 charge dePERSONNE1.). En l\u2019esp\u00e8ce, il y a d\u2019une part connexit\u00e9 entre les d\u00e9lits libell\u00e9s sub 1) et 2) et des contraventions libell\u00e9es sub 3)et4). D\u2019autre part, lorsqu\u2019une contravention se rattache \u00e0 un d\u00e9lit par un lien de connexit\u00e9 ou d\u2019indivisibilit\u00e9, les deux infractions sont jug\u00e9es en premier ressort et \u00e0 charge d\u2019appel par le Tribunal correctionnel (Cour MP c\/ Schmitt et Buchler 20.02.1984, no51\/84 VIe Chbre). Il r\u00e9sulte du dossier r\u00e9pressif que le pr\u00e9venu avait conduit un v\u00e9hiculeen serpentines et qu\u2019il avait heurt\u00e9 une glissi\u00e8re de s\u00e9curit\u00e9. De plus ilsentait l\u2019alcool et pr\u00e9sentait des probl\u00e8mes d\u2019\u00e9locution. La police a pri\u00e9 le pr\u00e9venu de se soumettre \u00e0 l\u2019examen sommaire de l\u2019haleine, qui a eu pour r\u00e9sultat 0,89mg\/l d\u2019air expir\u00e9.<\/p>\n<p>3 Le Tribunal estime par cons\u00e9quent que le pr\u00e9venu a conduit son v\u00e9hicule en pr\u00e9sentant des signes manifestes d\u2019ivresse m\u00eame s\u2019il n\u2019a pas \u00e9t\u00e9 possible de d\u00e9terminer un taux d\u2019alcool\u00e9mie, de sorte qu\u2019il est \u00e0 retenir dans les liens de la pr\u00e9vention libell\u00e9e sub 1) principalement. Ensuite le pr\u00e9venu a refus\u00e9 de se soumettre \u00e0 l\u2019examen de l\u2019air expir\u00e9, malgr\u00e9 avoir \u00e9t\u00e9 inform\u00e9 par les policiers des cons\u00e9quences d\u2019un tel refus. Le Tribunal estime par cons\u00e9quent que le pr\u00e9venu a refus\u00e9 de se pr\u00eater \u00e0 l\u2019examen de l\u2019air expir\u00e9, de sorte qu\u2019il est \u00e0 retenir dans les liens de la pr\u00e9vention libell\u00e9e sub2). En conduisant en pr\u00e9sentant des signes manifestes d\u2019ivresse, le pr\u00e9venu ne s\u2019est pas non plus comport\u00e9 raisonnablement et prudemment de fa\u00e7on \u00e0 ne pas constituer un danger pour la circulationet \u00e0 ne pas causer un dommage \u00e0 des propri\u00e9t\u00e9s publiques. PERSONNE1.)est donc \u00e0 retenir dans les liens detoutes lespr\u00e9ventionslibell\u00e9es dans la citation\u00e0 pr\u00e9venu. PERSONNE1.)est partantconvaincupar les d\u00e9bats men\u00e9s \u00e0 l&#039;audience, ensemble les \u00e9l\u00e9ments du dossierr\u00e9pressif: \u00ab\u00e9tant conducteurd\u2019unv\u00e9hicule automoteursur la voie publique, le 31 d\u00e9cembre 2024 vers 16.33 heures \u00e0ADRESSE3.), 1) d\u2019avoir circul\u00e9 en pr\u00e9sentant des signesmanifestes d\u2019ivresse, m\u00eame s\u2019il n\u2019a pas \u00e9t\u00e9 possible de d\u00e9terminer un taux d\u2019alcool\u00e9mie, 2) pr\u00e9sentant un indice grave faisant pr\u00e9sumer l\u2019existence d\u2019un \u00e9tat alcoolique prohib\u00e9 par la loi, pr\u00e9somption confirm\u00e9e par l\u2019examen sommaire de l\u2019haleine, d\u2019avoir refus\u00e9 de se pr\u00eater \u00e0 un examen de l\u2019air expir\u00e9, 3) d\u00e9faut de se comporter raisonnablement et prudemment de fa\u00e7on \u00e0 ne pas constituer un danger pour la circulation, 4) d\u00e9faut de se comporter raisonnablement et prudemment de fa\u00e7on \u00e0 ne pas causer un dommage aux propri\u00e9t\u00e9s publiques.\u00bb Les infractions retenues sub1), 3),et4) se trouvent en concours id\u00e9al entre elles. Ce groupe d\u2019infractions se trouve en concours r\u00e9el avec l\u2019infraction retenue sub2). Il convient partant d\u2019appliquer les articles 60 et 65 duCode p\u00e9nalet de ne prononcer que la peine la plus forte qui pourra \u00eatre \u00e9lev\u00e9e au double du maximum, sans pouvoir exc\u00e9der la somme des peines pr\u00e9vues pour les diff\u00e9rents d\u00e9lits. L\u2019infraction de conduite en \u00e9tat d\u2019ivresse retenue \u00e0 chargedePERSONNE1.),qui constitue la peine la plus forte au vu de l\u2019interdiction de conduire obligatoire \u00e0 prononcer,est punie d\u2019une peine d\u2019emprisonnement de huit jours \u00e0 trois ans et d\u2019une amende de 500 \u00e0 10.000<\/p>\n<p>4 euros ou d\u2019une de ces peines seulement, conform\u00e9ment \u00e0 l\u2019article12de la loi modifi\u00e9e du 14 f\u00e9vrier 1955. L\u2019article 13 point 1. de la loi modifi\u00e9e du 14 f\u00e9vrier 1955 pr\u00e9cit\u00e9e permet au juge saisi d\u2019une ou de plusieurs infractions \u00e0 la r\u00e9glementation de la circulation sur toutes les voies publiques ou de d\u00e9lits ou de crimes qui se sont joints \u00e0 ces infractions,de prononcer une interdiction de conduire de trois mois \u00e0 quinze ans en mati\u00e8re de d\u00e9lits. Aux termes de l\u2019article 13 point 1. al.2 de la loi pr\u00e9cit\u00e9e\u00abl\u2019interdiction de conduire sera toujours prononc\u00e9e en cas de condamnation du chef des d\u00e9lits vis\u00e9s au point 1 du paragraphe 2 de l\u2019article 12 et au point 1 du paragraphe 4bis de l\u2019article 12 ou en cas de la r\u00e9cidive pr\u00e9vue au point 5 du paragraphe 2 du m\u00eame article \u00bb. En ce qui concerne l\u2019interdiction de conduire \u00e0 prononcer soit obligatoirement, soit facultativement par les juridictions r\u00e9pressives, selon les infractions retenues, celle-ci ne constitue pas seulement une peine accessoire qui sanctionne des manquements \u00e0la loi p\u00e9nale en mati\u00e8re de circulation routi\u00e8re d\u00e9j\u00e0 commis, mais peut le cas \u00e9ch\u00e9ant avoir en outre un effet p\u00e9dagogique influant sur le comportement futur du condamn\u00e9. Elle constitue encore un outil puissant pour \u0153uvrer dans le sens d\u2019une pr\u00e9vention d\u2019accidents de la circulation et pour pr\u00e9server, pendant un d\u00e9lai plus au moins long, \u00e0 d\u00e9terminer par le tribunal, les autres usagers de la voie publique du danger que constitue pour eux un conducteur dont le comportement dangereux et irresponsable a \u00e9t\u00e9 reconnu. En circulant sur la voie publique en \u00e9tat d&#039;impr\u00e9gnation alcoolique, lepr\u00e9venu a gravement mis en danger tant sa propre s\u00e9curit\u00e9 que celle des autres usagers. Au vu de la gravit\u00e9 des infractions commises, le Tribunal condamnele pr\u00e9venu PERSONNE1.)\u00e0uneamendede1.300 eurosainsi qu\u2019auxinterdictions de conduire suivantes : -une interdiction de conduire de20moispour sanctionner l\u2019infraction retenue sub 1)et -une interdiction de conduire de18moispour sanctionner l\u2019infraction retenue sub 2)de la citation \u00e0 pr\u00e9venu PERSONNE1.)sollicite de voir assortir une \u00e9ventuelle interdiction de conduire \u00e0 prononcer du sursis total, sinon partiel, respectivement d\u2019en excepter les trajets professionnels. CommePERSONNE1.)n\u2019a pas encore subi, jusqu\u2019\u00e0 ce jour de condamnation excluant le sursis \u00e0 l\u2019ex\u00e9cution des peines et qu\u2019il ne semble pas indigne d\u2019une certaine indulgence du Tribunal, il y a lieu de lui accorder la faveur dusursisquant \u00e0 l\u2019ex\u00e9cution de l\u2019int\u00e9gralit\u00e9 desinterdictionsde conduire \u00e0 prononcer \u00e0 son encontre. P A R C E S M O T I F S : leTribunald&#039;arrondissement de et \u00e0 Luxembourg,septi\u00e8me chambre, compos\u00e9e de son vice-pr\u00e9sident, si\u00e9geant enmati\u00e8re correctionnelle,statuantcontradictoirement,le<\/p>\n<p>5 pr\u00e9venu entendu en ses explications et moyens de d\u00e9fense etlerepr\u00e9sentant du Minist\u00e8re Public entendu en ses r\u00e9quisitions, c o n d a m n elepr\u00e9venuPERSONNE1.)du chef desinfractionsretenues\u00e0 sa charge\u00e0 une amende demilletrois cents(1.300)euros, ainsi qu&#039;aux frais de sa mise en jugement, ces frais liquid\u00e9s \u00e017,52euros; f i x ela dur\u00e9e de la contrainte par corps en cas de non-paiement de l&#039;amende \u00e0treize(13) jours; c o n d a m n elepr\u00e9venuPERSONNE1.)duchefde l\u2019infractionde conduiteen \u00e9tat d\u2019ivresseretenue\u00e0 sa charge\u00e0une interdiction de conduire d&#039;une dur\u00e9e devingt(20)mois applicable \u00e0 tous les v\u00e9hicules automoteurs des cat\u00e9gories de permis de conduire A, B, C, D, E et Fsur toutes les voies publiques; d i tqu&#039;il serasursis\u00e0 l&#039;ex\u00e9cution de l\u2019int\u00e9gralit\u00e9 de cette interdiction de conduire; a v e r t i tlepr\u00e9venuPERSONNE1.)qu\u2019au cas o\u00f9, dans un d\u00e9lai de cinq ans \u00e0 dater du pr\u00e9sent jugement, il aura commis unenouvelle infraction ayant entra\u00een\u00e9 une condamnation \u00e0 une interdiction de conduire un v\u00e9hicule sur la voie publique ou \u00e0 une peine privative de libert\u00e9 pour crimes ou d\u00e9lits pr\u00e9vus par la l\u00e9gislation sur la circulation sur les voies publiques ou sur la vente de substances m\u00e9dicamenteuses et la lutte contre la toxicomanie, l\u2019interdiction de conduire prononc\u00e9e ci-devant sera ex\u00e9cut\u00e9e sans confusion possible avec la nouvelle peine; c o n d a m n ele pr\u00e9venuPERSONNE1.)du chefdel\u2019infraction de refus de se pr\u00eater \u00e0 un examen de l\u2019air expir\u00e9retenue\u00e0 sa charge \u00e0 une interdiction de conduire d&#039;une dur\u00e9e de dix-huit(18) moisapplicable \u00e0 tous les v\u00e9hicules automoteurs des cat\u00e9gories de permis de conduire A, B, C, D, E et Fsur toutes les voies publiques; d i tqu&#039;il serasursis\u00e0 l&#039;ex\u00e9cution de l\u2019int\u00e9gralit\u00e9 de cette interdiction de conduire; a v e r t i tlepr\u00e9venuPERSONNE1.)qu\u2019au cas o\u00f9, dans un d\u00e9lai de cinq ans \u00e0 dater du pr\u00e9sent jugement, il aura commis une nouvelle infraction ayant entra\u00een\u00e9 une condamnation \u00e0 une interdiction de conduire un v\u00e9hicule sur la voie publique ou \u00e0 une peine privative de libert\u00e9 pour crimes ou d\u00e9lits pr\u00e9vus par la l\u00e9gislation sur la circulation sur les voies publiques ou sur la vente de substances m\u00e9dicamenteuses et la lutte contre la toxicomanie, l\u2019interdiction de conduire prononc\u00e9e ci-devant sera ex\u00e9cut\u00e9e sans confusion possible avec la nouvelle peine. Le tout en application des articles 14, 16, 28, 29, 30, 60 et 65 du Code p\u00e9nal, des articles 1, 179, 182, 184, 185, 189, 190, 190-1, 194, 195, 196 et 628 du Code de proc\u00e9dure p\u00e9nale, des articles 1, 7, 12, 13, 14 et 14 bis de la loi du 14 f\u00e9vrier 1955 concernant la r\u00e9glementation de la circulation sur toutes les voies publiquesetdes articles 1, 2 et 140 de l\u2019arr\u00eat\u00e9 grand-ducal du 23 novembre 1955 portant r\u00e8glement de la circulation sur toutes les voies publiques dont mention a \u00e9t\u00e9 faite.<\/p>\n<p>6 Ainsi fait, jug\u00e9 et prononc\u00e9 en l&#039;audience publique dudit Tribunal d&#039;arrondissement de et \u00e0 Luxembourg, date qu&#039;en t\u00eate, par St\u00e9phane MAAS, vice-pr\u00e9sident,assist\u00e9 du greffier Marion FUSENIG, en pr\u00e9sence deJennifer NOWAK,substitut principal,qui, \u00e0 l&#039;exception du repr\u00e9sentant du Minist\u00e8re Public, ont sign\u00e9 le pr\u00e9sent jugement. Ce jugement est susceptible d&#039;appel. L&#039;appel doit \u00eatre interjet\u00e9 dans les formes et d\u00e9lais pr\u00e9vus aux articles 202 et suivants du Code de proc\u00e9dure p\u00e9nale et il doit \u00eatre form\u00e9 par le pr\u00e9venu ou son avocat, la partie civile ainsi que la partie civilement responsable ou leurs avocats respectifs dans les40 joursde la notification du pr\u00e9sent jugement rendu par d\u00e9faut, aupr\u00e8s du greffe du Tribunal d&#039;arrondissement de Luxembourg, en se pr\u00e9sentantpersonnellementpour signer l&#039;acte d&#039;appel. L\u2019appel peut \u00e9galement \u00eatre interjet\u00e9, dans les40 joursde la notification du pr\u00e9sent jugement rendu par d\u00e9faut, par voie decourrier \u00e9lectronique\u00e0 adresser au guichet du greffe du Tribunal d\u2019arrondissement de Luxembourg \u00e0 l\u2019adressetalgug@justice.etat.lu.L\u2019appel interjet\u00e9 par voie \u00e9lectronique le jour d\u2019expiration du d\u00e9lai de recours peut parvenir au greffe jusqu\u2019\u00e0 minuit de ce jour. Le courrier \u00e9lectronique par lequel appel est interjet\u00e9 doit \u00e9maner de l\u2019appelant, de son avocat ou de tout autre fond\u00e9 de pouvoir sp\u00e9cial. Dans ce dernier cas, le pouvoir est annex\u00e9 au courrier \u00e9lectronique. Si le pr\u00e9venu estd\u00e9tenu,il peut d\u00e9clarer son appel au greffe du Centre p\u00e9nitentiaire.<\/p>\n<\/div>\n<hr class=\"kji-sep\" \/>\n<p class=\"kji-source-links\"><strong>Sources officielles :<\/strong> <a class=\"kji-source-link\" href=\"https:\/\/data.public.lu\/fr\/datasets\/tribunal-darrondissement-luxembourg-penal\/\" target=\"_blank\" rel=\"noopener noreferrer\">consulter la page source<\/a> &middot; <a class=\"kji-pdf-link\" href=\"https:\/\/download.data.public.lu\/resources\/tribunal-darrondissement-luxembourg-penal\/20250921-230935\/20250528-talch07-1732-pseudonymise-accessible.pdf\" target=\"_blank\" rel=\"noopener noreferrer\">PDF officiel<\/a><\/p>\n<p class=\"kji-license-note\"><em>Licence CC BY-ND 4.0 (Administration judiciaire, data.public.lu). Republication autorisee avec attribution, sans modification editoriale du texte integral.<\/em><\/p>\n<\/div>\n","protected":false},"excerpt":{"rendered":"<p>Jugement no1732\/2025 Notice no383\/25\/CC 2xi.c. AUDIENCE PUBLIQUE DU 28MAI2025 LeTribunald&#8217;arrondissement de et\u00e0Luxembourg,septi\u00e8me chambre correctionnelle, statuant en composition dejuge unique, a rendu le jugement quisuit: dans la cause duMinist\u00e8re Publiccontre PERSONNE1.) n\u00e9leDATE1.)\u00e0ADRESSE1.) demeurantADRESSE2.) -p r \u00e9 v e n u- _________________________________________________________________________ F A I T S\u2026<\/p>\n","protected":false},"featured_media":0,"template":"","meta":{"_crdt_document":""},"kji_country":[8418],"kji_court":[23583],"kji_chamber":[25729],"kji_year":[8463],"kji_subject":[7632],"kji_keyword":[23584,23061,7636],"kji_language":[7733],"class_list":["post-621112","kji_decision","type-kji_decision","status-publish","hentry","kji_country-luxembourg","kji_court-tribunal-darrondissement","kji_chamber-penal","kji_year-8463","kji_subject-penal","kji_keyword-arrondissement","kji_keyword-jugement","kji_keyword-tribunal","kji_language-francais"],"yoast_head":"<!-- This site is optimized with the Yoast SEO Premium plugin v27.5 (Yoast SEO v27.5) - https:\/\/yoast.com\/product\/yoast-seo-premium-wordpress\/ -->\n<title>Tribunal d&#039;arrondissement, 28 mai 2025 - Ma\u00eetre Hassan Kohen, avocat en droit p\u00e9nal \u00e0 Paris<\/title>\n<meta name=\"robots\" content=\"index, follow, max-snippet:-1, max-image-preview:large, max-video-preview:-1\" \/>\n<link rel=\"canonical\" href=\"https:\/\/kohenavocats.com\/ru\/jurisprudences\/tribunal-darrondissement-28-mai-2025-23\/\" \/>\n<meta property=\"og:locale\" content=\"ru_RU\" \/>\n<meta property=\"og:type\" content=\"article\" \/>\n<meta property=\"og:title\" content=\"Tribunal d&#039;arrondissement, 28 mai 2025\" \/>\n<meta property=\"og:description\" content=\"Jugement no1732\/2025 Notice no383\/25\/CC 2xi.c. AUDIENCE PUBLIQUE DU 28MAI2025 LeTribunald&#039;arrondissement de et\u00e0Luxembourg,septi\u00e8me chambre correctionnelle, statuant en composition dejuge unique, a rendu le jugement quisuit: dans la cause duMinist\u00e8re Publiccontre PERSONNE1.) n\u00e9leDATE1.)\u00e0ADRESSE1.) demeurantADRESSE2.) -p r \u00e9 v e n u- _________________________________________________________________________ F A I T S\u2026\" \/>\n<meta property=\"og:url\" content=\"https:\/\/kohenavocats.com\/ru\/jurisprudences\/tribunal-darrondissement-28-mai-2025-23\/\" \/>\n<meta property=\"og:site_name\" content=\"Ma\u00eetre Hassan Kohen, avocat en droit p\u00e9nal \u00e0 Paris\" \/>\n<meta property=\"article:modified_time\" content=\"2026-04-20T09:24:17+00:00\" \/>\n<meta name=\"twitter:card\" content=\"summary_large_image\" \/>\n<meta name=\"twitter:label1\" content=\"\u041f\u0440\u0438\u043c\u0435\u0440\u043d\u043e\u0435 \u0432\u0440\u0435\u043c\u044f \u0434\u043b\u044f \u0447\u0442\u0435\u043d\u0438\u044f\" \/>\n\t<meta name=\"twitter:data1\" content=\"11 \u043c\u0438\u043d\u0443\u0442\" \/>\n<script type=\"application\/ld+json\" class=\"yoast-schema-graph\">{\"@context\":\"https:\\\/\\\/schema.org\",\"@graph\":[{\"@type\":\"WebPage\",\"@id\":\"https:\\\/\\\/kohenavocats.com\\\/ru\\\/jurisprudences\\\/tribunal-darrondissement-28-mai-2025-23\\\/\",\"url\":\"https:\\\/\\\/kohenavocats.com\\\/ru\\\/jurisprudences\\\/tribunal-darrondissement-28-mai-2025-23\\\/\",\"name\":\"Tribunal d'arrondissement, 28 mai 2025 - Ma\u00eetre Hassan Kohen, avocat en droit p\u00e9nal \u00e0 Paris\",\"isPartOf\":{\"@id\":\"https:\\\/\\\/kohenavocats.com\\\/ru\\\/#website\"},\"datePublished\":\"2026-04-20T09:24:14+00:00\",\"dateModified\":\"2026-04-20T09:24:17+00:00\",\"breadcrumb\":{\"@id\":\"https:\\\/\\\/kohenavocats.com\\\/ru\\\/jurisprudences\\\/tribunal-darrondissement-28-mai-2025-23\\\/#breadcrumb\"},\"inLanguage\":\"ru-RU\",\"potentialAction\":[{\"@type\":\"ReadAction\",\"target\":[\"https:\\\/\\\/kohenavocats.com\\\/ru\\\/jurisprudences\\\/tribunal-darrondissement-28-mai-2025-23\\\/\"]}]},{\"@type\":\"BreadcrumbList\",\"@id\":\"https:\\\/\\\/kohenavocats.com\\\/ru\\\/jurisprudences\\\/tribunal-darrondissement-28-mai-2025-23\\\/#breadcrumb\",\"itemListElement\":[{\"@type\":\"ListItem\",\"position\":1,\"name\":\"Home\",\"item\":\"https:\\\/\\\/kohenavocats.com\\\/ru\\\/avocats-en-droit-penal-a-paris-conseil-et-defense-strategique\\\/\"},{\"@type\":\"ListItem\",\"position\":2,\"name\":\"Jurisprudences\",\"item\":\"https:\\\/\\\/kohenavocats.com\\\/ru\\\/jurisprudences\\\/\"},{\"@type\":\"ListItem\",\"position\":3,\"name\":\"Tribunal d&rsquo;arrondissement, 28 mai 2025\"}]},{\"@type\":\"WebSite\",\"@id\":\"https:\\\/\\\/kohenavocats.com\\\/ru\\\/#website\",\"url\":\"https:\\\/\\\/kohenavocats.com\\\/ru\\\/\",\"name\":\"Kohen Avocats\",\"description\":\"Ma\u00eetre Hassan Kohen, avocat p\u00e9naliste \u00e0 Paris, intervient exclusivement en droit p\u00e9nal pour la d\u00e9fense des particuliers, notamment en mati\u00e8re d\u2019accusations de viol. Il assure un accompagnement rigoureux d\u00e8s la garde \u00e0 vue jusqu\u2019\u00e0 la Cour d\u2019assises, veillant au strict respect des garanties proc\u00e9durales.\",\"publisher\":{\"@id\":\"https:\\\/\\\/kohenavocats.com\\\/ru\\\/#organization\"},\"potentialAction\":[{\"@type\":\"SearchAction\",\"target\":{\"@type\":\"EntryPoint\",\"urlTemplate\":\"https:\\\/\\\/kohenavocats.com\\\/ru\\\/?s={search_term_string}\"},\"query-input\":{\"@type\":\"PropertyValueSpecification\",\"valueRequired\":true,\"valueName\":\"search_term_string\"}}],\"inLanguage\":\"ru-RU\"},{\"@type\":\"Organization\",\"@id\":\"https:\\\/\\\/kohenavocats.com\\\/ru\\\/#organization\",\"name\":\"Kohen Avocats\",\"url\":\"https:\\\/\\\/kohenavocats.com\\\/ru\\\/\",\"logo\":{\"@type\":\"ImageObject\",\"inLanguage\":\"ru-RU\",\"@id\":\"https:\\\/\\\/kohenavocats.com\\\/ru\\\/#\\\/schema\\\/logo\\\/image\\\/\",\"url\":\"https:\\\/\\\/kohenavocats.com\\\/wp-content\\\/uploads\\\/2026\\\/01\\\/Logo-2-1.webp\",\"contentUrl\":\"https:\\\/\\\/kohenavocats.com\\\/wp-content\\\/uploads\\\/2026\\\/01\\\/Logo-2-1.webp\",\"width\":2114,\"height\":1253,\"caption\":\"Kohen Avocats\"},\"image\":{\"@id\":\"https:\\\/\\\/kohenavocats.com\\\/ru\\\/#\\\/schema\\\/logo\\\/image\\\/\"}}]}<\/script>\n<!-- \/ Yoast SEO Premium plugin. -->","yoast_head_json":{"title":"Tribunal d'arrondissement, 28 mai 2025 - Ma\u00eetre Hassan Kohen, avocat en droit p\u00e9nal \u00e0 Paris","robots":{"index":"index","follow":"follow","max-snippet":"max-snippet:-1","max-image-preview":"max-image-preview:large","max-video-preview":"max-video-preview:-1"},"canonical":"https:\/\/kohenavocats.com\/ru\/jurisprudences\/tribunal-darrondissement-28-mai-2025-23\/","og_locale":"ru_RU","og_type":"article","og_title":"Tribunal d'arrondissement, 28 mai 2025","og_description":"Jugement no1732\/2025 Notice no383\/25\/CC 2xi.c. AUDIENCE PUBLIQUE DU 28MAI2025 LeTribunald'arrondissement de et\u00e0Luxembourg,septi\u00e8me chambre correctionnelle, statuant en composition dejuge unique, a rendu le jugement quisuit: dans la cause duMinist\u00e8re Publiccontre PERSONNE1.) n\u00e9leDATE1.)\u00e0ADRESSE1.) demeurantADRESSE2.) -p r \u00e9 v e n u- _________________________________________________________________________ F A I T S\u2026","og_url":"https:\/\/kohenavocats.com\/ru\/jurisprudences\/tribunal-darrondissement-28-mai-2025-23\/","og_site_name":"Ma\u00eetre Hassan Kohen, avocat en droit p\u00e9nal \u00e0 Paris","article_modified_time":"2026-04-20T09:24:17+00:00","twitter_card":"summary_large_image","twitter_misc":{"\u041f\u0440\u0438\u043c\u0435\u0440\u043d\u043e\u0435 \u0432\u0440\u0435\u043c\u044f \u0434\u043b\u044f \u0447\u0442\u0435\u043d\u0438\u044f":"11 \u043c\u0438\u043d\u0443\u0442"},"schema":{"@context":"https:\/\/schema.org","@graph":[{"@type":"WebPage","@id":"https:\/\/kohenavocats.com\/ru\/jurisprudences\/tribunal-darrondissement-28-mai-2025-23\/","url":"https:\/\/kohenavocats.com\/ru\/jurisprudences\/tribunal-darrondissement-28-mai-2025-23\/","name":"Tribunal d'arrondissement, 28 mai 2025 - Ma\u00eetre Hassan Kohen, avocat en droit p\u00e9nal \u00e0 Paris","isPartOf":{"@id":"https:\/\/kohenavocats.com\/ru\/#website"},"datePublished":"2026-04-20T09:24:14+00:00","dateModified":"2026-04-20T09:24:17+00:00","breadcrumb":{"@id":"https:\/\/kohenavocats.com\/ru\/jurisprudences\/tribunal-darrondissement-28-mai-2025-23\/#breadcrumb"},"inLanguage":"ru-RU","potentialAction":[{"@type":"ReadAction","target":["https:\/\/kohenavocats.com\/ru\/jurisprudences\/tribunal-darrondissement-28-mai-2025-23\/"]}]},{"@type":"BreadcrumbList","@id":"https:\/\/kohenavocats.com\/ru\/jurisprudences\/tribunal-darrondissement-28-mai-2025-23\/#breadcrumb","itemListElement":[{"@type":"ListItem","position":1,"name":"Home","item":"https:\/\/kohenavocats.com\/ru\/avocats-en-droit-penal-a-paris-conseil-et-defense-strategique\/"},{"@type":"ListItem","position":2,"name":"Jurisprudences","item":"https:\/\/kohenavocats.com\/ru\/jurisprudences\/"},{"@type":"ListItem","position":3,"name":"Tribunal d&rsquo;arrondissement, 28 mai 2025"}]},{"@type":"WebSite","@id":"https:\/\/kohenavocats.com\/ru\/#website","url":"https:\/\/kohenavocats.com\/ru\/","name":"Kohen Avocats","description":"Ma\u00eetre Hassan Kohen, avocat p\u00e9naliste \u00e0 Paris, intervient exclusivement en droit p\u00e9nal pour la d\u00e9fense des particuliers, notamment en mati\u00e8re d\u2019accusations de viol. Il assure un accompagnement rigoureux d\u00e8s la garde \u00e0 vue jusqu\u2019\u00e0 la Cour d\u2019assises, veillant au strict respect des garanties proc\u00e9durales.","publisher":{"@id":"https:\/\/kohenavocats.com\/ru\/#organization"},"potentialAction":[{"@type":"SearchAction","target":{"@type":"EntryPoint","urlTemplate":"https:\/\/kohenavocats.com\/ru\/?s={search_term_string}"},"query-input":{"@type":"PropertyValueSpecification","valueRequired":true,"valueName":"search_term_string"}}],"inLanguage":"ru-RU"},{"@type":"Organization","@id":"https:\/\/kohenavocats.com\/ru\/#organization","name":"Kohen Avocats","url":"https:\/\/kohenavocats.com\/ru\/","logo":{"@type":"ImageObject","inLanguage":"ru-RU","@id":"https:\/\/kohenavocats.com\/ru\/#\/schema\/logo\/image\/","url":"https:\/\/kohenavocats.com\/wp-content\/uploads\/2026\/01\/Logo-2-1.webp","contentUrl":"https:\/\/kohenavocats.com\/wp-content\/uploads\/2026\/01\/Logo-2-1.webp","width":2114,"height":1253,"caption":"Kohen Avocats"},"image":{"@id":"https:\/\/kohenavocats.com\/ru\/#\/schema\/logo\/image\/"}}]}},"jetpack_likes_enabled":false,"jetpack_sharing_enabled":true,"_links":{"self":[{"href":"https:\/\/kohenavocats.com\/ru\/wp-json\/wp\/v2\/kji_decision\/621112","targetHints":{"allow":["GET"]}}],"collection":[{"href":"https:\/\/kohenavocats.com\/ru\/wp-json\/wp\/v2\/kji_decision"}],"about":[{"href":"https:\/\/kohenavocats.com\/ru\/wp-json\/wp\/v2\/types\/kji_decision"}],"wp:attachment":[{"href":"https:\/\/kohenavocats.com\/ru\/wp-json\/wp\/v2\/media?parent=621112"}],"wp:term":[{"taxonomy":"kji_country","embeddable":true,"href":"https:\/\/kohenavocats.com\/ru\/wp-json\/wp\/v2\/kji_country?post=621112"},{"taxonomy":"kji_court","embeddable":true,"href":"https:\/\/kohenavocats.com\/ru\/wp-json\/wp\/v2\/kji_court?post=621112"},{"taxonomy":"kji_chamber","embeddable":true,"href":"https:\/\/kohenavocats.com\/ru\/wp-json\/wp\/v2\/kji_chamber?post=621112"},{"taxonomy":"kji_year","embeddable":true,"href":"https:\/\/kohenavocats.com\/ru\/wp-json\/wp\/v2\/kji_year?post=621112"},{"taxonomy":"kji_subject","embeddable":true,"href":"https:\/\/kohenavocats.com\/ru\/wp-json\/wp\/v2\/kji_subject?post=621112"},{"taxonomy":"kji_keyword","embeddable":true,"href":"https:\/\/kohenavocats.com\/ru\/wp-json\/wp\/v2\/kji_keyword?post=621112"},{"taxonomy":"kji_language","embeddable":true,"href":"https:\/\/kohenavocats.com\/ru\/wp-json\/wp\/v2\/kji_language?post=621112"}],"curies":[{"name":"wp","href":"https:\/\/api.w.org\/{rel}","templated":true}]}}