{"id":621681,"date":"2026-04-20T12:34:16","date_gmt":"2026-04-20T10:34:16","guid":{"rendered":"https:\/\/kohenavocats.com\/jurisprudences\/eclinlhr20251245-hoge-raad-09-09-2025-23-01483-2\/"},"modified":"2026-04-20T12:34:16","modified_gmt":"2026-04-20T10:34:16","slug":"eclinlhr20251245-hoge-raad-09-09-2025-23-01483-2","status":"publish","type":"kji_decision","link":"https:\/\/kohenavocats.com\/ru\/jurisprudences\/eclinlhr20251245-hoge-raad-09-09-2025-23-01483-2\/","title":{"rendered":"ECLI:NL:HR:2025:1245 Hoge Raad , 09-09-2025 \/ 23\/01483"},"content":{"rendered":"<div class=\"kji-decision\">\n<div class=\"kji-full-text\">\n<p><strong>Inhoudsindicatie.<\/strong> Mishandeling van beveiliger (art. 300.1 Sr). Noodweer, proportionaliteitseis (art. 41.1 Sr). Staat geven van 1 vuistslag tegen hoofd van aangever in redelijke verhouding tot meermalen duwen en vervolgens slaan van verdachte?<\/p>\n<p><strong>Inhoudsindicatie.<\/strong> HR herhaalt relevante overwegingen uit HR:2016:456 m.b.t. proportionaliteitseis bij noodweer. Hof heeft geoordeeld dat weliswaar sprake was van ogenblikkelijke en wederrechtelijke aanranding van verdachte door aangever, maar heeft beroep op noodweer verworpen omdat door verdachte gegeven \u201ckeiharde vuistslag\u201d tegen hoofd van aangever in onredelijke verhouding staat tot ernst van aanranding. Dat oordeel is, gelet op wat door raadsman ttz. in hoger beroep naar voren is gebracht en in licht van wat hiervoor is vooropgesteld, niet zonder meer begrijpelijk. Daarbij neemt HR in aanmerking dat hof heeft vastgesteld dat aangever de verdachte meermalen heeft geduwd en vervolgens heeft geslagen (zonder dat hof nadere vaststellingen heeft gedaan over aard en ernst van deze geweldsuitoefening door aangever op verdachte) waarna verdachte 1 vuistslag tegen hoofd van aangever heeft gegeven.<\/p>\n<p><strong>Inhoudsindicatie.<\/strong> Volgt vernietiging en terugwijzing.<\/p>\n<p>HOGE RAAD DER NEDERLANDEN<\/p>\n<p>STRAFKAMER<\/p>\n<p>Nummer 23\/01483<\/p>\n<p>Datum 9 september 2025<\/p>\n<p>ARREST<\/p>\n<p>op het beroep in cassatie tegen een arrest van het gerechtshof Den Haag van 13 april 2023, nummer 22-001549-22, in de strafzaak<\/p>\n<p>tegen<\/p>\n<p>[verdachte] ,<\/p>\n<p>geboren in [geboorteplaats] op [geboortedatum] 1989,<\/p>\n<p>hierna: de verdachte.<\/p>\n<h3>1Procesverloop in cassatie<\/h3>\n<p>Het beroep is ingesteld door de verdachte. Namens deze heeft de advocaat R.C. Fransen bij schriftuur een cassatiemiddel voorgesteld.<\/p>\n<p>De advocaat-generaal P.H.P.H.M.C. van Kempen heeft geconcludeerd tot vernietiging van de bestreden uitspraak en tot terugwijzing van de zaak naar het gerechtshof Den Haag teneinde op het bestaande hoger beroep opnieuw te worden berecht en afgedaan.<\/p>\n<h3>2Beoordeling van het cassatiemiddel<\/h3>\n<p>Het cassatiemiddel klaagt over de verwerping door het hof van het beroep op noodweer. Het klaagt onder meer over het oordeel dat niet is voldaan aan de proportionaliteitseis.<\/p>\n<p>Ten laste van de verdachte is bewezenverklaard dat:<\/p>\n<p>\u201chij op 21 mei 2022 te [plaats] [slachtoffer] heeft mishandeld door die [slachtoffer] in het gezicht te stompen.\u201d<\/p>\n<p>Deze bewezenverklaring steunt op de volgende bewijsmiddelen:<\/p>\n<p>\u201c1. Een proces-verbaal van aangifte d.d. 22 mei 2022 van de politie Eenheid Den Haag met nr. PL1500-2022146801-13. Dit proces-verbaal houdt onder meer in \u2013 zakelijk weergegeven \u2013 (blz. 4 tot en met 12):<\/p>\n<p>als de op 22 mei 2022 afgelegde verklaring van [slachtoffer] :<\/p>\n<p>Plaats delict: [plaats] .<\/p>\n<p>Pleegdatum: 21 mei 2022.<\/p>\n<p>Om 21.00 uur zag ik dat een man richting de 1e etage liep. Ik hoorde de man zeggen dat hij naar het toilet moest. Ik heb hem toen doorverwezen naar het centraal station. De man stond op een armlengte van mij vandaan. Vanaf dat moment ben ik alles kwijt. Ik heb een black-out. Pas na 45 minuten ben ik wakker geworden in de ambulance. Ik voelde een hevige pijn aan mijn linker kaak en linker schouder. Ik voelde ook een hevige pijn op mijn achterhoofd.<\/p>\n<p>Mijn letsel is als volgt:<\/p>\n<p>&#8212; Blauwe \/ rode beurze plekken op mijn schouder;<\/p>\n<p>&#8212; Linker kaak is beurs;<\/p>\n<p>&#8212; Binnenkant van mijn mond is kapot;<\/p>\n<p>&#8212; Mijn tanden zitten los;<\/p>\n<p>&#8212; Snee \/ kras op mijn rechter wang;<\/p>\n<p>&#8212; Bult en bloeduitstorting op mijn achterhoofd.<\/p>\n<p>2. Een proces-verbaal van verhoor verdachte d.d. 22 mei 2022 van de politie Eenheid Den Haag met nr. PL1500-2022146801-14. Dit proces-verbaal houdt onder meer in \u2013 zakelijk weergegeven \u2013 (blz. 48 tot en met 52):<\/p>\n<p>als de op 22 mei 2022 afgelegde verklaring van [verdachte] :<\/p>\n<p>Ik wilde weer verder lopen en hij gaf mij een klap. Ik gaf hem daarna een klap.<\/p>\n<p>3. Een proces-verbaal van bevindingen d.d. 21 mei 2022 van de politie Eenheid Den Haag met nr. PL1500-2022146801-3. Dit proces-verbaal houdt onder meer in \u2013 zakelijk weergegeven \u2013 (blz. 19):<\/p>\n<p>Op 21 mei 2022 zijn er foto\u2019s gemaakt van de handen van [verdachte] . Op de foto\u2019s is te zien dat er op de rechterhand van verdachte een verwonding zit op zijn middelvinger.<\/p>\n<p>4. Een proces-verbaal van bevindingen d.d. 22 mei 2022 van de politie Eenheid Den Haag met nr. PL1500-2022146801-12. Dit proces-verbaal houdt onder meer in \u2013 zakelijk weergegeven \u2013 (blz. 38):<\/p>\n<p>als relaas van de betreffende opsporingsambtenaar ter zake het uitkijken van de camerabeelden van 21 mei 2022 omstreeks 21.10 uur:<\/p>\n<p>Ik zag op de camerabeelden om 21.13.42 dat de verdachte met zijn rechterarm een beweging maakte naar [slachtoffer] en dat [slachtoffer] direct naar achter viel, plat op zijn rug.\u201d<\/p>\n<p>Volgens het proces-verbaal van de terechtzitting in hoger beroep van 30 maart 2023 heeft de raadsman van de verdachte daar het woord gevoerd overeenkomstig de bij de stukken gevoegde pleitnota. Deze pleitnota houdt onder meer in:<\/p>\n<p>\u201cVoor zowel de kwalificatie als het beroep op noodweer is van belang HR 19 november 2019, ECLI:NL:HR:2019:1804. Verdachte kreeg in deze zaak een klap op zijn lip van aangever. Verdachte gaf met kracht een klap terug. Verdachte had pijn aan zijn pols en er werd gezien dat zijn pols gezwollen was. Aangever had o.a. een breuk in zijn aangezichtsbot.<\/p>\n<p>Het hof achtte een poging zware mishandeling bewezen en vond de reactie van verdachte disproportioneel, dus het beroep op noodweer werd afgewezen. De HR casseerde op beide onderdelen.<\/p>\n<p>(&#8230;)<\/p>\n<p>Proportionaliteit<\/p>\n<p>Het slaan van cli\u00ebnt was een gepaste reactie op de klap die hij zelf kreeg. Vergeleken met de zojuist aangehaalde uitspraak van de HR is het handelen van cli\u00ebnt meer in proportie dan de zaak waarnaar wordt verwezen. Cli\u00ebnt heeft eenmaal geslagen en niet tweemaal en in plaats van een breuk in het gezicht lijkt het letsel bij aangever relatief beperkt gebleven. Oftewel, in een zaak waarin de HR het handelen van de verdachte proportioneel lijkt te vinden is forser geweld gebruikt, meermalen, dan cli\u00ebnt heeft gedaan.<\/p>\n<p>Ik verwijs naar de conclusie van Keulen bij HR 19-11-2019, ECLI:NL:HR:2019:1804:<\/p>\n<p>Men is dus niet alleen gerechtigd een aanval te weerstaan, men mag hem ook afslaan. Een zekere overmaat aan geweld is daarbij toegestaan. Daaraan is echter wel een grens: de overmaat mag niet onaanvaardbaar groot zijn.<\/p>\n<p>En tot slot De Hullu:<\/p>\n<p>Het is niet de bedoeling geweest om de gekozen verdediging op een weegschaal te leggen en de vraag te stellen of de verdediging optimaal is geweest. [&#8230;] Het doet bovendien recht aan de psychologische werkelijkheid van de burger ten tijde van de aanranding; ongevraagd, onverwacht en doorgaans ongeoefend heeft deze zich immers moeten verdedigen en dat kan tot een wat mildere beoordeling van de proportionaliteit leiden.<\/p>\n<p>Gelet op het voorgaande is de klap die cli\u00ebnt heeft uitgedeeld niet disproportioneel.\u201d<\/p>\n<p>Volgens dit proces-verbaal heeft de raadsman van de verdachte in aanvulling op die pleitnota onder meer aangevoerd:<\/p>\n<p>\u201cVolgens een getuige zou cli\u00ebnt hebben gezegd: \u201craak me niet aan\u201d. Hij bleef ook erg rustig. De beveiliger heeft cli\u00ebnt desondanks drie keer geduwd en een klap gegeven. De beveiliger is een grens overgegaan door aan cli\u00ebnt te zitten. Cli\u00ebnt heeft \u00e9\u00e9n klap teruggegeven, dat is aan te merken als een proportionele handeling.<\/p>\n<p>(&#8230;)<\/p>\n<p>Het kan niet als disproportioneel worden aangemerkt om \u00e9\u00e9n klap te geven als je \u00e9\u00e9n klap krijgt.\u201d<\/p>\n<p>Het hof heeft het aangevoerde als volgt verworpen:<\/p>\n<p>\u201cTer terechtzitting heeft de raadsman overeenkomstig zijn pleitnota aangevoerd dat de verdachte heeft gehandeld uit noodweer, als bedoeld in artikel 41, eerste lid, van het Wetboek van Strafrecht. De raadsman heeft gesteld dat de verdachte zich geconfronteerd zag met een ogenblikkelijke, wederrechtelijke aanranding, doordat de aangever hem meermalen geduwd en geslagen heeft.<\/p>\n<p>Met de verdediging is het hof van oordeel dat de verdachte geconfronteerd werd met een ogenblikkelijke en wederrechtelijke aanranding door aangever. Immers, om te voorkomen dat de verdachte gebruik zou maken van het openbare toilet, heeft de aangever hem aangesproken, meermalen geduwd en ten slotte geslagen. Daarop heeft de verdachte echter gereageerd met een \u2013 naar het oordeel van het hof \u2013 disproportionele handeling door aangever een keiharde vuistslag tegen het hoofd te geven. Het hof merkt in dat kader op dat de aangever na de klap door de verdachte bewusteloos is geraakt en, zo is gebleken uit het dossier, pas 45 minuten later in de ambulance is ontwaakt. Voorts is uit het dossier gebleken dat de knokkels van de hand waarmee de verdachte heeft geslagen, bebloed waren. Deze omstandigheden maken dat het hof van oordeel is dat de klap door de verdachte buitenproportioneel krachtig is geweest.<\/p>\n<p>Op grond van de hiervoor vermelde feiten en omstandigheden is het hof van oordeel dat de gekozen gedragingen van de verdachte \u2013 als verdedigingsmiddel \u2013 in onredelijke verhouding staan tot de ernst van de aanranding. Aan de verdachte komt daarom geen beroep op noodweer toe. Het verweer wordt verworpen.\u201d<\/p>\n<p>De proportionaliteitseis bij noodweer strekt ertoe om niet ook dan een gedraging straffeloos te doen zijn als zij \u2013 als verdedigingsmiddel \u2013 niet in redelijke verhouding staat tot de ernst van de aanranding. De in dat verband geldende \u2013 tot terughoudendheid nopende \u2013 maatstaf luidt of de gedraging als verdedigingsmiddel niet in onredelijke verhouding staat tot de ernst van de aanranding. De keuze van het verdedigingsmiddel en de wijze waarop het is gebruikt, staan bij de beoordeling van de proportionaliteit centraal. Zo staat in beginsel het met kracht toebrengen van een diepe, potentieel dodelijke steekwond niet in verhouding met een aanval die bestaat uit het slaan met de blote handen dan wel een vuist. (Vgl. HR 22 maart 2016, ECLI:NL:HR:2016:456, rechtsoverweging 3.5.3.)<\/p>\n<p>Het hof heeft geoordeeld dat weliswaar sprake was van een ogenblikkelijke en wederrechtelijke aanranding van de verdachte door de aangever, maar heeft het beroep op noodweer verworpen omdat de door de verdachte gegeven \u201ckeiharde vuistslag\u201d tegen het hoofd van de aangever in onredelijke verhouding staat tot de ernst van die aanranding. Dat oordeel is, gelet op wat door de raadsman op de terechtzitting in hoger beroep van 30 maart 2023 naar voren is gebracht en in het licht van wat onder 2.3 is vooropgesteld, niet zonder meer begrijpelijk. Daarbij neemt de Hoge Raad in aanmerking dat het hof heeft vastgesteld dat de aangever de verdachte meermalen heeft geduwd en vervolgens heeft geslagen \u2013 zonder dat het hof nadere vaststellingen heeft gedaan over de aard en ernst van deze geweldsuitoefening door de aangever op de verdachte \u2013 waarna de verdachte \u00e9\u00e9n vuistslag tegen het hoofd van de aangever heeft gegeven.<\/p>\n<p>De klacht is gegrond. Dat brengt mee dat bespreking van het restant van het cassatiemiddel niet nodig is.<\/p>\n<h3>3Beslissing<\/h3>\n<p>De Hoge Raad:<\/p>\n<p>&#8212; vernietigt de uitspraak van het hof;<\/p>\n<p>&#8212; wijst de zaak terug naar het gerechtshof Den Haag, opdat de zaak opnieuw wordt berecht en afgedaan.<\/p>\n<p>Dit arrest is gewezen door de vice-president V. van den Brink als voorzitter, en de raadsheren T. Kooijmans en F. Posthumus, in bijzijn van de waarnemend griffier H.J.S. Kea, en uitgesproken ter openbare terechtzitting van 9 september 2025.<\/p>\n<\/div>\n<hr class=\"kji-sep\" \/>\n<p class=\"kji-source-links\"><strong>Sources officielles :<\/strong> <a class=\"kji-source-link\" href=\"http:\/\/deeplink.rechtspraak.nl\/uitspraak?id=ECLI:NL:HR:2025:1245\" target=\"_blank\" rel=\"noopener noreferrer\">consulter la page source<\/a><\/p>\n<p class=\"kji-license-note\"><em>Rechtspraak.nl open data, Creative Commons Zero. Volume cible 1.8M decisions.<\/em><\/p>\n<\/div>\n","protected":false},"excerpt":{"rendered":"<p>Mishandeling van beveiliger (art. 300.1 Sr). Noodweer, proportionaliteitseis (art. 41.1 Sr). Staat geven van 1 vuistslag tegen hoofd van aangever in redelijke verhouding tot meermalen duwen en vervolgens slaan van verdachte? HR herhaalt relevante overwegingen uit HR:2016:456 m.b.t. proportionaliteitseis bij noodweer. Hof heeft geoordeeld dat weliswaar sprake was van ogenblikkelijke en wederrech&#8230;<\/p>\n","protected":false},"featured_media":0,"template":"","meta":{"_crdt_document":""},"kji_country":[7669],"kji_court":[7834],"kji_chamber":[],"kji_year":[8463],"kji_subject":[7625],"kji_keyword":[26533,8303,8305,26534,10099],"kji_language":[7671],"class_list":["post-621681","kji_decision","type-kji_decision","status-publish","hentry","kji_country-pays-bas","kji_court-hoge-raad","kji_year-8463","kji_subject-commercial","kji_keyword-beveiliger","kji_keyword-mishandeling","kji_keyword-noodweer","kji_keyword-proportionaliteitseis","kji_keyword-staat","kji_language-nl"],"yoast_head":"<!-- This site is optimized with the Yoast SEO Premium plugin v27.4 (Yoast SEO v27.4) - https:\/\/yoast.com\/product\/yoast-seo-premium-wordpress\/ -->\n<title>ECLI:NL:HR:2025:1245 Hoge Raad , 09-09-2025 \/ 23\/01483 - Ma\u00eetre Hassan Kohen, avocat en droit p\u00e9nal \u00e0 Paris<\/title>\n<meta name=\"robots\" content=\"index, follow, max-snippet:-1, max-image-preview:large, max-video-preview:-1\" \/>\n<link rel=\"canonical\" href=\"https:\/\/kohenavocats.com\/ru\/jurisprudences\/eclinlhr20251245-hoge-raad-09-09-2025-23-01483-2\/\" \/>\n<meta property=\"og:locale\" content=\"ru_RU\" \/>\n<meta property=\"og:type\" content=\"article\" \/>\n<meta property=\"og:title\" content=\"ECLI:NL:HR:2025:1245 Hoge Raad , 09-09-2025 \/ 23\/01483\" \/>\n<meta property=\"og:description\" content=\"Mishandeling van beveiliger (art. 300.1 Sr). Noodweer, proportionaliteitseis (art. 41.1 Sr). Staat geven van 1 vuistslag tegen hoofd van aangever in redelijke verhouding tot meermalen duwen en vervolgens slaan van verdachte? HR herhaalt relevante overwegingen uit HR:2016:456 m.b.t. proportionaliteitseis bij noodweer. Hof heeft geoordeeld dat weliswaar sprake was van ogenblikkelijke en wederrech...\" \/>\n<meta property=\"og:url\" content=\"https:\/\/kohenavocats.com\/ru\/jurisprudences\/eclinlhr20251245-hoge-raad-09-09-2025-23-01483-2\/\" \/>\n<meta property=\"og:site_name\" content=\"Ma\u00eetre Hassan Kohen, avocat en droit p\u00e9nal \u00e0 Paris\" \/>\n<meta name=\"twitter:card\" content=\"summary_large_image\" \/>\n<meta name=\"twitter:label1\" content=\"\u041f\u0440\u0438\u043c\u0435\u0440\u043d\u043e\u0435 \u0432\u0440\u0435\u043c\u044f \u0434\u043b\u044f \u0447\u0442\u0435\u043d\u0438\u044f\" \/>\n\t<meta name=\"twitter:data1\" content=\"9 \u043c\u0438\u043d\u0443\u0442\" \/>\n<script type=\"application\/ld+json\" class=\"yoast-schema-graph\">{\"@context\":\"https:\\\/\\\/schema.org\",\"@graph\":[{\"@type\":\"WebPage\",\"@id\":\"https:\\\/\\\/kohenavocats.com\\\/ru\\\/jurisprudences\\\/eclinlhr20251245-hoge-raad-09-09-2025-23-01483-2\\\/\",\"url\":\"https:\\\/\\\/kohenavocats.com\\\/ru\\\/jurisprudences\\\/eclinlhr20251245-hoge-raad-09-09-2025-23-01483-2\\\/\",\"name\":\"ECLI:NL:HR:2025:1245 Hoge Raad , 09-09-2025 \\\/ 23\\\/01483 - Ma\u00eetre Hassan Kohen, avocat en droit p\u00e9nal \u00e0 Paris\",\"isPartOf\":{\"@id\":\"https:\\\/\\\/kohenavocats.com\\\/ru\\\/#website\"},\"datePublished\":\"2026-04-20T10:34:16+00:00\",\"breadcrumb\":{\"@id\":\"https:\\\/\\\/kohenavocats.com\\\/ru\\\/jurisprudences\\\/eclinlhr20251245-hoge-raad-09-09-2025-23-01483-2\\\/#breadcrumb\"},\"inLanguage\":\"ru-RU\",\"potentialAction\":[{\"@type\":\"ReadAction\",\"target\":[\"https:\\\/\\\/kohenavocats.com\\\/ru\\\/jurisprudences\\\/eclinlhr20251245-hoge-raad-09-09-2025-23-01483-2\\\/\"]}]},{\"@type\":\"BreadcrumbList\",\"@id\":\"https:\\\/\\\/kohenavocats.com\\\/ru\\\/jurisprudences\\\/eclinlhr20251245-hoge-raad-09-09-2025-23-01483-2\\\/#breadcrumb\",\"itemListElement\":[{\"@type\":\"ListItem\",\"position\":1,\"name\":\"Home\",\"item\":\"https:\\\/\\\/kohenavocats.com\\\/ru\\\/avocats-en-droit-penal-a-paris-conseil-et-defense-strategique\\\/\"},{\"@type\":\"ListItem\",\"position\":2,\"name\":\"Jurisprudences\",\"item\":\"https:\\\/\\\/kohenavocats.com\\\/ru\\\/jurisprudences\\\/\"},{\"@type\":\"ListItem\",\"position\":3,\"name\":\"ECLI:NL:HR:2025:1245 Hoge Raad , 09-09-2025 \\\/ 23\\\/01483\"}]},{\"@type\":\"WebSite\",\"@id\":\"https:\\\/\\\/kohenavocats.com\\\/ru\\\/#website\",\"url\":\"https:\\\/\\\/kohenavocats.com\\\/ru\\\/\",\"name\":\"Kohen Avocats\",\"description\":\"Ma\u00eetre Hassan Kohen, avocat p\u00e9naliste \u00e0 Paris, intervient exclusivement en droit p\u00e9nal pour la d\u00e9fense des particuliers, notamment en mati\u00e8re d\u2019accusations de viol. Il assure un accompagnement rigoureux d\u00e8s la garde \u00e0 vue jusqu\u2019\u00e0 la Cour d\u2019assises, veillant au strict respect des garanties proc\u00e9durales.\",\"publisher\":{\"@id\":\"https:\\\/\\\/kohenavocats.com\\\/ru\\\/#organization\"},\"potentialAction\":[{\"@type\":\"SearchAction\",\"target\":{\"@type\":\"EntryPoint\",\"urlTemplate\":\"https:\\\/\\\/kohenavocats.com\\\/ru\\\/?s={search_term_string}\"},\"query-input\":{\"@type\":\"PropertyValueSpecification\",\"valueRequired\":true,\"valueName\":\"search_term_string\"}}],\"inLanguage\":\"ru-RU\"},{\"@type\":\"Organization\",\"@id\":\"https:\\\/\\\/kohenavocats.com\\\/ru\\\/#organization\",\"name\":\"Kohen Avocats\",\"url\":\"https:\\\/\\\/kohenavocats.com\\\/ru\\\/\",\"logo\":{\"@type\":\"ImageObject\",\"inLanguage\":\"ru-RU\",\"@id\":\"https:\\\/\\\/kohenavocats.com\\\/ru\\\/#\\\/schema\\\/logo\\\/image\\\/\",\"url\":\"https:\\\/\\\/kohenavocats.com\\\/wp-content\\\/uploads\\\/2026\\\/01\\\/Logo-2-1.webp\",\"contentUrl\":\"https:\\\/\\\/kohenavocats.com\\\/wp-content\\\/uploads\\\/2026\\\/01\\\/Logo-2-1.webp\",\"width\":2114,\"height\":1253,\"caption\":\"Kohen Avocats\"},\"image\":{\"@id\":\"https:\\\/\\\/kohenavocats.com\\\/ru\\\/#\\\/schema\\\/logo\\\/image\\\/\"}}]}<\/script>\n<!-- \/ Yoast SEO Premium plugin. -->","yoast_head_json":{"title":"ECLI:NL:HR:2025:1245 Hoge Raad , 09-09-2025 \/ 23\/01483 - Ma\u00eetre Hassan Kohen, avocat en droit p\u00e9nal \u00e0 Paris","robots":{"index":"index","follow":"follow","max-snippet":"max-snippet:-1","max-image-preview":"max-image-preview:large","max-video-preview":"max-video-preview:-1"},"canonical":"https:\/\/kohenavocats.com\/ru\/jurisprudences\/eclinlhr20251245-hoge-raad-09-09-2025-23-01483-2\/","og_locale":"ru_RU","og_type":"article","og_title":"ECLI:NL:HR:2025:1245 Hoge Raad , 09-09-2025 \/ 23\/01483","og_description":"Mishandeling van beveiliger (art. 300.1 Sr). Noodweer, proportionaliteitseis (art. 41.1 Sr). Staat geven van 1 vuistslag tegen hoofd van aangever in redelijke verhouding tot meermalen duwen en vervolgens slaan van verdachte? HR herhaalt relevante overwegingen uit HR:2016:456 m.b.t. proportionaliteitseis bij noodweer. Hof heeft geoordeeld dat weliswaar sprake was van ogenblikkelijke en wederrech...","og_url":"https:\/\/kohenavocats.com\/ru\/jurisprudences\/eclinlhr20251245-hoge-raad-09-09-2025-23-01483-2\/","og_site_name":"Ma\u00eetre Hassan Kohen, avocat en droit p\u00e9nal \u00e0 Paris","twitter_card":"summary_large_image","twitter_misc":{"\u041f\u0440\u0438\u043c\u0435\u0440\u043d\u043e\u0435 \u0432\u0440\u0435\u043c\u044f \u0434\u043b\u044f \u0447\u0442\u0435\u043d\u0438\u044f":"9 \u043c\u0438\u043d\u0443\u0442"},"schema":{"@context":"https:\/\/schema.org","@graph":[{"@type":"WebPage","@id":"https:\/\/kohenavocats.com\/ru\/jurisprudences\/eclinlhr20251245-hoge-raad-09-09-2025-23-01483-2\/","url":"https:\/\/kohenavocats.com\/ru\/jurisprudences\/eclinlhr20251245-hoge-raad-09-09-2025-23-01483-2\/","name":"ECLI:NL:HR:2025:1245 Hoge Raad , 09-09-2025 \/ 23\/01483 - Ma\u00eetre Hassan Kohen, avocat en droit p\u00e9nal \u00e0 Paris","isPartOf":{"@id":"https:\/\/kohenavocats.com\/ru\/#website"},"datePublished":"2026-04-20T10:34:16+00:00","breadcrumb":{"@id":"https:\/\/kohenavocats.com\/ru\/jurisprudences\/eclinlhr20251245-hoge-raad-09-09-2025-23-01483-2\/#breadcrumb"},"inLanguage":"ru-RU","potentialAction":[{"@type":"ReadAction","target":["https:\/\/kohenavocats.com\/ru\/jurisprudences\/eclinlhr20251245-hoge-raad-09-09-2025-23-01483-2\/"]}]},{"@type":"BreadcrumbList","@id":"https:\/\/kohenavocats.com\/ru\/jurisprudences\/eclinlhr20251245-hoge-raad-09-09-2025-23-01483-2\/#breadcrumb","itemListElement":[{"@type":"ListItem","position":1,"name":"Home","item":"https:\/\/kohenavocats.com\/ru\/avocats-en-droit-penal-a-paris-conseil-et-defense-strategique\/"},{"@type":"ListItem","position":2,"name":"Jurisprudences","item":"https:\/\/kohenavocats.com\/ru\/jurisprudences\/"},{"@type":"ListItem","position":3,"name":"ECLI:NL:HR:2025:1245 Hoge Raad , 09-09-2025 \/ 23\/01483"}]},{"@type":"WebSite","@id":"https:\/\/kohenavocats.com\/ru\/#website","url":"https:\/\/kohenavocats.com\/ru\/","name":"Kohen Avocats","description":"Ma\u00eetre Hassan Kohen, avocat p\u00e9naliste \u00e0 Paris, intervient exclusivement en droit p\u00e9nal pour la d\u00e9fense des particuliers, notamment en mati\u00e8re d\u2019accusations de viol. Il assure un accompagnement rigoureux d\u00e8s la garde \u00e0 vue jusqu\u2019\u00e0 la Cour d\u2019assises, veillant au strict respect des garanties proc\u00e9durales.","publisher":{"@id":"https:\/\/kohenavocats.com\/ru\/#organization"},"potentialAction":[{"@type":"SearchAction","target":{"@type":"EntryPoint","urlTemplate":"https:\/\/kohenavocats.com\/ru\/?s={search_term_string}"},"query-input":{"@type":"PropertyValueSpecification","valueRequired":true,"valueName":"search_term_string"}}],"inLanguage":"ru-RU"},{"@type":"Organization","@id":"https:\/\/kohenavocats.com\/ru\/#organization","name":"Kohen Avocats","url":"https:\/\/kohenavocats.com\/ru\/","logo":{"@type":"ImageObject","inLanguage":"ru-RU","@id":"https:\/\/kohenavocats.com\/ru\/#\/schema\/logo\/image\/","url":"https:\/\/kohenavocats.com\/wp-content\/uploads\/2026\/01\/Logo-2-1.webp","contentUrl":"https:\/\/kohenavocats.com\/wp-content\/uploads\/2026\/01\/Logo-2-1.webp","width":2114,"height":1253,"caption":"Kohen Avocats"},"image":{"@id":"https:\/\/kohenavocats.com\/ru\/#\/schema\/logo\/image\/"}}]}},"jetpack_likes_enabled":false,"jetpack_sharing_enabled":true,"_links":{"self":[{"href":"https:\/\/kohenavocats.com\/ru\/wp-json\/wp\/v2\/kji_decision\/621681","targetHints":{"allow":["GET"]}}],"collection":[{"href":"https:\/\/kohenavocats.com\/ru\/wp-json\/wp\/v2\/kji_decision"}],"about":[{"href":"https:\/\/kohenavocats.com\/ru\/wp-json\/wp\/v2\/types\/kji_decision"}],"wp:attachment":[{"href":"https:\/\/kohenavocats.com\/ru\/wp-json\/wp\/v2\/media?parent=621681"}],"wp:term":[{"taxonomy":"kji_country","embeddable":true,"href":"https:\/\/kohenavocats.com\/ru\/wp-json\/wp\/v2\/kji_country?post=621681"},{"taxonomy":"kji_court","embeddable":true,"href":"https:\/\/kohenavocats.com\/ru\/wp-json\/wp\/v2\/kji_court?post=621681"},{"taxonomy":"kji_chamber","embeddable":true,"href":"https:\/\/kohenavocats.com\/ru\/wp-json\/wp\/v2\/kji_chamber?post=621681"},{"taxonomy":"kji_year","embeddable":true,"href":"https:\/\/kohenavocats.com\/ru\/wp-json\/wp\/v2\/kji_year?post=621681"},{"taxonomy":"kji_subject","embeddable":true,"href":"https:\/\/kohenavocats.com\/ru\/wp-json\/wp\/v2\/kji_subject?post=621681"},{"taxonomy":"kji_keyword","embeddable":true,"href":"https:\/\/kohenavocats.com\/ru\/wp-json\/wp\/v2\/kji_keyword?post=621681"},{"taxonomy":"kji_language","embeddable":true,"href":"https:\/\/kohenavocats.com\/ru\/wp-json\/wp\/v2\/kji_language?post=621681"}],"curies":[{"name":"wp","href":"https:\/\/api.w.org\/{rel}","templated":true}]}}