{"id":621744,"date":"2026-04-20T12:35:50","date_gmt":"2026-04-20T10:35:50","guid":{"rendered":"https:\/\/kohenavocats.com\/jurisprudences\/tribunal-darrondissement-19-juin-2025-15\/"},"modified":"2026-04-20T12:35:53","modified_gmt":"2026-04-20T10:35:53","slug":"tribunal-darrondissement-19-juin-2025-15","status":"publish","type":"kji_decision","link":"https:\/\/kohenavocats.com\/ru\/jurisprudences\/tribunal-darrondissement-19-juin-2025-15\/","title":{"rendered":"Tribunal d&#8217;arrondissement, 19 juin 2025"},"content":{"rendered":"<div class=\"kji-decision\">\n<div class=\"kji-full-text\">\n<p>Jugt n\u00b01984\/2025 not.22730\/23\/CD (Amende) confisc.\/restit. 1x AUDIENCE PUBLIQUE DU 19JUIN2025 Le Tribunal d\u2019arrondissement de et \u00e0 Luxembourg,neuvi\u00e8me chambre, si\u00e9geant enmati\u00e8re correctionnelle,a rendu le jugement qui suit: dans la cause du Minist\u00e8re Public contre PERSONNE1.), n\u00e9 leDATE1.)\u00e0Luxembourg, demeurant\u00e0 L-ADRESSE1.), -p r \u00e9 v e n u- FA I T S : Par citation du14mai2025, Monsieur le Procureur d\u2019\u00c9tat pr\u00e8s le Tribunal d\u2019arrondissement de Luxembourg a requis lepr\u00e9venu de compara\u00eetre \u00e0 l\u2019audience publique du4juin2025devant le Tribunal correctionnel de ce si\u00e8ge pour y entendre statuer sur lapr\u00e9vention suivante: infraction aux articles1, 2, 6et59(2)de la loi modifi\u00e9e du2 f\u00e9vrierNUMERO1.)sur les armes et munitions. \u00c0 cette audience,Madame le vice-pr\u00e9sidentconstata l\u2019identit\u00e9 du pr\u00e9venu etlui donna connaissance de l\u2019acte qui a saisi le Tribunal. Madamelevice-pr\u00e9sidentinforma lepr\u00e9venu de son droit de garder le silence et de ne pas s\u2019incriminer soi-m\u00eame, conform\u00e9ment \u00e0 l\u2019article 190-1(2) du Code de proc\u00e9dure p\u00e9nale. Le pr\u00e9venufut entendu en ses explications et moyens de d\u00e9fense. Lerepr\u00e9sentant du Minist\u00e8re Public,Monsieur F\u00e9lix WANTZ,premiersubstitut du Procureur d\u2019\u00c9tat, r\u00e9suma l\u2019affaire et fut entendu en sonr\u00e9quisitoire.<\/p>\n<p>2 Ma\u00eetre Anouk STREICHER, avocat,en remplacement de Ma\u00eetre Maximilien LEHNEN, avocat \u00e0 la Cour, tous deuxdemeurant \u00e0 Luxembourg, d\u00e9veloppa plus amplement les moyens de d\u00e9fense du pr\u00e9venu. Le pr\u00e9venuPERSONNE1.)se vitaccorderla parole en dernier. Le Tribunal prit l\u2019affaire en d\u00e9lib\u00e9r\u00e9 et rendit \u00e0 l\u2019audience publique de ce jour, date \u00e0 laquelle le prononc\u00e9 avait \u00e9t\u00e9 fix\u00e9, le J U G E M E N T qui suit: Vu l\u2019ensemble du dossier r\u00e9pressif constitu\u00e9 par le Minist\u00e8rePublic sous la notice22730\/23CD et notamment les proc\u00e8s-verbauxnum\u00e9rosNUMERO1.)\/132198-01 et 2023\/132198-02 dress\u00e9spar la Police Grand-Ducale, Service de police judiciaire, SDPJ-CO-ST-CE. Vu la citation \u00e0 pr\u00e9venu du14mai2025,r\u00e9guli\u00e8rement notifi\u00e9e\u00e0PERSONNE1.). Le Minist\u00e8re Public reprocheau pr\u00e9venuPERSONNE1.)d\u2019avoir,le 14avril2023vers9.34 heures,dans l\u2019arrondissement judiciaire de Luxembourg, \u00e0ADRESSE2.),transport\u00e9et d\u00e9tenu une arme prohib\u00e9e, en l\u2019esp\u00e8ce un coup de poing am\u00e9ricain de couleur noire (cat\u00e9gorie A21). \u00c0 l\u2019audience du4juin2025,PERSONNE1.)n\u2019a pasautrementcontest\u00e9 l\u2019infraction lui reproch\u00e9e par le Minist\u00e8rePublic.Il a expliqu\u00e9 avoir acquisle coup de poing am\u00e9ricain pour servir d\u2019objet de d\u00e9coration, ce type d\u2019arme ayant \u00e9t\u00e9 \u00e0 la mode parmi les jeunes \u00e0 l\u2019\u00e9poque de l\u2019achat.Ilafinalementpr\u00e9sent\u00e9 ses excuses et a sollicit\u00e9 la cl\u00e9mence du Tribunal. L\u2019infraction libell\u00e9e \u00e0 charge dePERSONNE1.)r\u00e9sulte \u00e0 suffisance des \u00e9l\u00e9ments du dossier r\u00e9pressif et notammentdes constatations polici\u00e8res consign\u00e9esdans leproc\u00e8s-verbaln\u00b0 2023\/132198-02du 14avril2023,dress\u00e9par la Police Grand-Ducale,Service de Police judiciaire,SDPJ-CO-ST-CEainsi que du r\u00e9sultat de la saisie op\u00e9r\u00e9e au domicile du pr\u00e9venu, de sortequePERSONNE1.)est \u00e0 retenir dans les liens del\u2019infractionmise \u00e0 sa charge, avec la pr\u00e9cisionqu\u2019aucun \u00e9l\u00e9ment du dossier r\u00e9pressif ne permet de conclure quePERSONNE1.)ait transport\u00e9 l\u2019arme litigieuse le 14 avril 2023, de sorte que le reproche du transport d\u2019armes ne saurait \u00eatre retenu \u00e0 sa charge. Au vu des \u00e9l\u00e9ments dudossier r\u00e9pressif, ensemble les d\u00e9bats men\u00e9s \u00e0 l\u2019audience, PERSONNE1.)estpartantconvaincu: \u00abcomme auteur ayant lui-m\u00eame commis l\u2019infraction, le14 avril 2023 vers 9.34 heures, dans l\u2019arrondissement judiciaire de Luxembourg, \u00e0 ADRESSE2.), en infractionaux articles 1, 2, 6 et 59 (2) de la loi du 2 f\u00e9vrierNUMERO1.)sur les armes et munitions, d\u2019avoird\u00e9tenuune armede la cat\u00e9gorie A, enl\u2019esp\u00e8ce,d\u2019avoird\u00e9tenul\u2019arme prohib\u00e9e suivante:<\/p>\n<p>3 -uncoup de poing am\u00e9ricain de couleur noire (cat\u00e9gorie A21).\u00bb Quant \u00e0 lapeine L\u2019article 59 alin\u00e9a 2 de la loi du 2 f\u00e9vrierNUMERO1.)sur les armes et munitions punit les infractionsaux articles1, 2,6de la m\u00eame loi d\u2019une peine d\u2019emprisonnement de trois \u00e0 huit ans et d\u2019une amende de 25.001 \u00e0 500.000 euros,ou d\u2019une de ces peines seulement. L\u2019article 78 alin\u00e9a 1 du Code p\u00e9nal dispose que \u00abs\u2019il existe des circonstances att\u00e9nuantes, la peine d\u2019emprisonnement peut ne pas \u00eatre prononc\u00e9e, et l\u2019amende peut \u00eatre r\u00e9duite au-dessous de 251 euros, sans qu\u2019elle puisse \u00eatre inf\u00e9rieure \u00e0 25 euros.\u00bb Dans l\u2019appr\u00e9ciation du quantum de la peine, le Tribunal prend en compte la gravit\u00e9 de l\u2019infraction commise, mais entend \u00e9galement prendre en consid\u00e9ration, \u00e0 titre de circonstances att\u00e9nuantes dans le chef dupr\u00e9venu,le faible trouble \u00e0 l\u2019ordre public, le repentirparaissant sinc\u00e8redu pr\u00e9venu \u00e0 l\u2019audience,ses aveuxet son casier judiciaire vierge. Au vu de ce qui pr\u00e9c\u00e8de, le Tribunal condamnePERSONNE1.), par application de circonstances att\u00e9nuantes,\u00e0 unepeine d\u2019amendeen-dessous du minimum l\u00e9gal, \u00e0 savoirde 400euros. Le Tribunal ordonne laconfiscation, comme choseformant l\u2019objetdel\u2019infraction retenue\u00e0 charge dePERSONNE1.),ducoup de poing am\u00e9ricain de couleur noire (cat\u00e9gorie A21),saisi suivant proc\u00e8s-verbalnum\u00e9roNUMERO1.)\/132198-01,dress\u00e9par la Police Grand-Ducale, Service de police judiciaire, SDPJ-CO-ST-CE. PARCESMOTIFS : le Tribunal d\u2019arrondissement de et \u00e0 Luxembourg,neuvi\u00e8mechambre, si\u00e9geant enmati\u00e8re correctionnelle, statuantcontradictoirement,le pr\u00e9venu entendu en ses explications et moyens de d\u00e9fense,lerepr\u00e9sentantdu Minist\u00e8re Publicentenduen ses r\u00e9quisitions, le mandataire du pr\u00e9venu entendu en ses moyens de d\u00e9fenseetle pr\u00e9venu s\u2019\u00e9tant vu attribuerla parole en dernier, c o n d a m n ePERSONNE1.)du chef del\u2019infraction retenue \u00e0 sa charge \u00e0 uneamendede QUATRE CENTS (400)eurosainsi qu\u2019aux frais de sa poursuite p\u00e9nale, ces frais liquid\u00e9s\u00e0 8,52euros, f i x ela dur\u00e9e de la contrainte par corps en cas de non-paiement de l\u2019amende \u00e0QUATRE(4) jours, o r d o n n elaconfiscationducoup de poing am\u00e9ricain de couleur noire(cat\u00e9gorie A21), saisisuivant proc\u00e8s-verbalnum\u00e9roNUMERO1.)\/132198-01,dress\u00e9par la Police Grand- Ducale, Service de police judiciaire, SDPJ-CO-ST-CE. Le tout enapplication des articles 14, 16, 27,28, 29, 30,31et 78du Code p\u00e9nal, des articles 179, 182, 184, 189, 190,190-1, 194, 195et196du Code de proc\u00e9dure p\u00e9naleetdes articles 1, 2,6et 59 (2) de la loi du 2 f\u00e9vrierNUMERO1.)sur les armes et munitions,qui furent d\u00e9sign\u00e9s \u00e0 l\u2019audience par Madame le vice-pr\u00e9sident.<\/p>\n<p>4 Ainsi fait et jug\u00e9par Elisabeth EWERT, vice-pr\u00e9sident, Sonia MARQUES, premier juge, et Antoine d\u2019HUART, juge, et prononc\u00e9 en audience publique au Tribunal d\u2019arrondissement de et \u00e0 Luxembourg, Cit\u00e9 judiciaire, Plateau du Saint-Esprit, par Madame le vice-pr\u00e9sident, en pr\u00e9sence deNicole MARQUES,premiersubstitutdu Procureur d\u2019\u00c9tat, et de Elisabeth BACK, greffi\u00e8re, qui, \u00e0 l\u2019exception de larepr\u00e9sentantedu Minist\u00e8re Public, ont sign\u00e9 le pr\u00e9sent jugement. Ce jugement est susceptible d\u2019appel. L\u2019appel doit \u00eatre interjet\u00e9 dans les formes et d\u00e9lais pr\u00e9vus aux articles 202 et suivants du Code de proc\u00e9dure p\u00e9nale et il doit \u00eatre form\u00e9 par le pr\u00e9venu ou son avocat, la partie civile ainsi que la partie civilement responsable ou leurs avocats respectifs dans les40 joursde la date du prononc\u00e9 du pr\u00e9sent jugement, aupr\u00e8s du greffe du Tribunal d\u2019arrondissement de Luxembourg, en se pr\u00e9sentantpersonnellementpour signer l\u2019acte d\u2019appel. L\u2019appel peut \u00e9galement \u00eatre interjet\u00e9, dans les40 joursde la date du prononc\u00e9 du pr\u00e9sent jugement,par voie decourrier \u00e9lectronique\u00e0 adresser au guichet du greffe du Tribunal d\u2019arrondissement de Luxembourg \u00e0 l\u2019adressetalgug@justice.etat.lu. L\u2019appel interjet\u00e9 par voie \u00e9lectronique le jour d\u2019expiration du d\u00e9lai derecours peut parvenir au greffe jusqu\u2019\u00e0 minuit de ce jour. Le courrier \u00e9lectronique par lequel appel est interjet\u00e9 doit \u00e9maner de l\u2019appelant, de son avocat ou de tout autre fond\u00e9 de pouvoir sp\u00e9cial. Dans ce dernier cas, le pouvoir est annex\u00e9 au courrier \u00e9lectronique. Si le pr\u00e9venu estd\u00e9tenu,il peut d\u00e9clarer son appel au greffe du Centre p\u00e9nitentiaire.<\/p>\n<\/div>\n<hr class=\"kji-sep\" \/>\n<p class=\"kji-source-links\"><strong>Sources officielles :<\/strong> <a class=\"kji-source-link\" href=\"https:\/\/data.public.lu\/fr\/datasets\/tribunal-darrondissement-luxembourg-penal\/\" target=\"_blank\" rel=\"noopener noreferrer\">consulter la page source<\/a> &middot; <a class=\"kji-pdf-link\" href=\"https:\/\/download.data.public.lu\/resources\/tribunal-darrondissement-luxembourg-penal\/20250817-232203\/20250619-talch09-1984-pseudonymise-accessible.pdf\" target=\"_blank\" rel=\"noopener noreferrer\">PDF officiel<\/a><\/p>\n<p class=\"kji-license-note\"><em>Licence CC BY-ND 4.0 (Administration judiciaire, data.public.lu). Republication autorisee avec attribution, sans modification editoriale du texte integral.<\/em><\/p>\n<\/div>\n","protected":false},"excerpt":{"rendered":"<p>Jugt n\u00b01984\/2025 not.22730\/23\/CD (Amende) confisc.\/restit. 1x AUDIENCE PUBLIQUE DU 19JUIN2025 Le Tribunal d\u2019arrondissement de et \u00e0 Luxembourg,neuvi\u00e8me chambre, si\u00e9geant enmati\u00e8re correctionnelle,a rendu le jugement qui suit: dans la cause du Minist\u00e8re Public contre PERSONNE1.), n\u00e9 leDATE1.)\u00e0Luxembourg, demeurant\u00e0 L-ADRESSE1.), -p r \u00e9 v e n u-\u2026<\/p>\n","protected":false},"featured_media":0,"template":"","meta":{"_crdt_document":""},"kji_country":[8418],"kji_court":[23583],"kji_chamber":[25729],"kji_year":[8463],"kji_subject":[7632],"kji_keyword":[23584,7636],"kji_language":[7733],"class_list":["post-621744","kji_decision","type-kji_decision","status-publish","hentry","kji_country-luxembourg","kji_court-tribunal-darrondissement","kji_chamber-penal","kji_year-8463","kji_subject-penal","kji_keyword-arrondissement","kji_keyword-tribunal","kji_language-francais"],"yoast_head":"<!-- This site is optimized with the Yoast SEO Premium plugin v27.5 (Yoast SEO v27.5) - https:\/\/yoast.com\/product\/yoast-seo-premium-wordpress\/ -->\n<title>Tribunal d&#039;arrondissement, 19 juin 2025 - Ma\u00eetre Hassan Kohen, avocat en droit p\u00e9nal \u00e0 Paris<\/title>\n<meta name=\"robots\" content=\"index, follow, max-snippet:-1, max-image-preview:large, max-video-preview:-1\" \/>\n<link rel=\"canonical\" href=\"https:\/\/kohenavocats.com\/ru\/jurisprudences\/tribunal-darrondissement-19-juin-2025-15\/\" \/>\n<meta property=\"og:locale\" content=\"ru_RU\" \/>\n<meta property=\"og:type\" content=\"article\" \/>\n<meta property=\"og:title\" content=\"Tribunal d&#039;arrondissement, 19 juin 2025\" \/>\n<meta property=\"og:description\" content=\"Jugt n\u00b01984\/2025 not.22730\/23\/CD (Amende) confisc.\/restit. 1x AUDIENCE PUBLIQUE DU 19JUIN2025 Le Tribunal d\u2019arrondissement de et \u00e0 Luxembourg,neuvi\u00e8me chambre, si\u00e9geant enmati\u00e8re correctionnelle,a rendu le jugement qui suit: dans la cause du Minist\u00e8re Public contre PERSONNE1.), n\u00e9 leDATE1.)\u00e0Luxembourg, demeurant\u00e0 L-ADRESSE1.), -p r \u00e9 v e n u-\u2026\" \/>\n<meta property=\"og:url\" content=\"https:\/\/kohenavocats.com\/ru\/jurisprudences\/tribunal-darrondissement-19-juin-2025-15\/\" \/>\n<meta property=\"og:site_name\" content=\"Ma\u00eetre Hassan Kohen, avocat en droit p\u00e9nal \u00e0 Paris\" \/>\n<meta property=\"article:modified_time\" content=\"2026-04-20T10:35:53+00:00\" \/>\n<meta name=\"twitter:card\" content=\"summary_large_image\" \/>\n<meta name=\"twitter:label1\" content=\"\u041f\u0440\u0438\u043c\u0435\u0440\u043d\u043e\u0435 \u0432\u0440\u0435\u043c\u044f \u0434\u043b\u044f \u0447\u0442\u0435\u043d\u0438\u044f\" \/>\n\t<meta name=\"twitter:data1\" content=\"7 \u043c\u0438\u043d\u0443\u0442\" \/>\n<script type=\"application\/ld+json\" class=\"yoast-schema-graph\">{\"@context\":\"https:\\\/\\\/schema.org\",\"@graph\":[{\"@type\":\"WebPage\",\"@id\":\"https:\\\/\\\/kohenavocats.com\\\/ru\\\/jurisprudences\\\/tribunal-darrondissement-19-juin-2025-15\\\/\",\"url\":\"https:\\\/\\\/kohenavocats.com\\\/ru\\\/jurisprudences\\\/tribunal-darrondissement-19-juin-2025-15\\\/\",\"name\":\"Tribunal d'arrondissement, 19 juin 2025 - Ma\u00eetre Hassan Kohen, avocat en droit p\u00e9nal \u00e0 Paris\",\"isPartOf\":{\"@id\":\"https:\\\/\\\/kohenavocats.com\\\/ru\\\/#website\"},\"datePublished\":\"2026-04-20T10:35:50+00:00\",\"dateModified\":\"2026-04-20T10:35:53+00:00\",\"breadcrumb\":{\"@id\":\"https:\\\/\\\/kohenavocats.com\\\/ru\\\/jurisprudences\\\/tribunal-darrondissement-19-juin-2025-15\\\/#breadcrumb\"},\"inLanguage\":\"ru-RU\",\"potentialAction\":[{\"@type\":\"ReadAction\",\"target\":[\"https:\\\/\\\/kohenavocats.com\\\/ru\\\/jurisprudences\\\/tribunal-darrondissement-19-juin-2025-15\\\/\"]}]},{\"@type\":\"BreadcrumbList\",\"@id\":\"https:\\\/\\\/kohenavocats.com\\\/ru\\\/jurisprudences\\\/tribunal-darrondissement-19-juin-2025-15\\\/#breadcrumb\",\"itemListElement\":[{\"@type\":\"ListItem\",\"position\":1,\"name\":\"Home\",\"item\":\"https:\\\/\\\/kohenavocats.com\\\/ru\\\/avocats-en-droit-penal-a-paris-conseil-et-defense-strategique\\\/\"},{\"@type\":\"ListItem\",\"position\":2,\"name\":\"Jurisprudences\",\"item\":\"https:\\\/\\\/kohenavocats.com\\\/ru\\\/jurisprudences\\\/\"},{\"@type\":\"ListItem\",\"position\":3,\"name\":\"Tribunal d&rsquo;arrondissement, 19 juin 2025\"}]},{\"@type\":\"WebSite\",\"@id\":\"https:\\\/\\\/kohenavocats.com\\\/ru\\\/#website\",\"url\":\"https:\\\/\\\/kohenavocats.com\\\/ru\\\/\",\"name\":\"Kohen Avocats\",\"description\":\"Ma\u00eetre Hassan Kohen, avocat p\u00e9naliste \u00e0 Paris, intervient exclusivement en droit p\u00e9nal pour la d\u00e9fense des particuliers, notamment en mati\u00e8re d\u2019accusations de viol. Il assure un accompagnement rigoureux d\u00e8s la garde \u00e0 vue jusqu\u2019\u00e0 la Cour d\u2019assises, veillant au strict respect des garanties proc\u00e9durales.\",\"publisher\":{\"@id\":\"https:\\\/\\\/kohenavocats.com\\\/ru\\\/#organization\"},\"potentialAction\":[{\"@type\":\"SearchAction\",\"target\":{\"@type\":\"EntryPoint\",\"urlTemplate\":\"https:\\\/\\\/kohenavocats.com\\\/ru\\\/?s={search_term_string}\"},\"query-input\":{\"@type\":\"PropertyValueSpecification\",\"valueRequired\":true,\"valueName\":\"search_term_string\"}}],\"inLanguage\":\"ru-RU\"},{\"@type\":\"Organization\",\"@id\":\"https:\\\/\\\/kohenavocats.com\\\/ru\\\/#organization\",\"name\":\"Kohen Avocats\",\"url\":\"https:\\\/\\\/kohenavocats.com\\\/ru\\\/\",\"logo\":{\"@type\":\"ImageObject\",\"inLanguage\":\"ru-RU\",\"@id\":\"https:\\\/\\\/kohenavocats.com\\\/ru\\\/#\\\/schema\\\/logo\\\/image\\\/\",\"url\":\"https:\\\/\\\/kohenavocats.com\\\/wp-content\\\/uploads\\\/2026\\\/01\\\/Logo-2-1.webp\",\"contentUrl\":\"https:\\\/\\\/kohenavocats.com\\\/wp-content\\\/uploads\\\/2026\\\/01\\\/Logo-2-1.webp\",\"width\":2114,\"height\":1253,\"caption\":\"Kohen Avocats\"},\"image\":{\"@id\":\"https:\\\/\\\/kohenavocats.com\\\/ru\\\/#\\\/schema\\\/logo\\\/image\\\/\"}}]}<\/script>\n<!-- \/ Yoast SEO Premium plugin. -->","yoast_head_json":{"title":"Tribunal d'arrondissement, 19 juin 2025 - Ma\u00eetre Hassan Kohen, avocat en droit p\u00e9nal \u00e0 Paris","robots":{"index":"index","follow":"follow","max-snippet":"max-snippet:-1","max-image-preview":"max-image-preview:large","max-video-preview":"max-video-preview:-1"},"canonical":"https:\/\/kohenavocats.com\/ru\/jurisprudences\/tribunal-darrondissement-19-juin-2025-15\/","og_locale":"ru_RU","og_type":"article","og_title":"Tribunal d'arrondissement, 19 juin 2025","og_description":"Jugt n\u00b01984\/2025 not.22730\/23\/CD (Amende) confisc.\/restit. 1x AUDIENCE PUBLIQUE DU 19JUIN2025 Le Tribunal d\u2019arrondissement de et \u00e0 Luxembourg,neuvi\u00e8me chambre, si\u00e9geant enmati\u00e8re correctionnelle,a rendu le jugement qui suit: dans la cause du Minist\u00e8re Public contre PERSONNE1.), n\u00e9 leDATE1.)\u00e0Luxembourg, demeurant\u00e0 L-ADRESSE1.), -p r \u00e9 v e n u-\u2026","og_url":"https:\/\/kohenavocats.com\/ru\/jurisprudences\/tribunal-darrondissement-19-juin-2025-15\/","og_site_name":"Ma\u00eetre Hassan Kohen, avocat en droit p\u00e9nal \u00e0 Paris","article_modified_time":"2026-04-20T10:35:53+00:00","twitter_card":"summary_large_image","twitter_misc":{"\u041f\u0440\u0438\u043c\u0435\u0440\u043d\u043e\u0435 \u0432\u0440\u0435\u043c\u044f \u0434\u043b\u044f \u0447\u0442\u0435\u043d\u0438\u044f":"7 \u043c\u0438\u043d\u0443\u0442"},"schema":{"@context":"https:\/\/schema.org","@graph":[{"@type":"WebPage","@id":"https:\/\/kohenavocats.com\/ru\/jurisprudences\/tribunal-darrondissement-19-juin-2025-15\/","url":"https:\/\/kohenavocats.com\/ru\/jurisprudences\/tribunal-darrondissement-19-juin-2025-15\/","name":"Tribunal d'arrondissement, 19 juin 2025 - Ma\u00eetre Hassan Kohen, avocat en droit p\u00e9nal \u00e0 Paris","isPartOf":{"@id":"https:\/\/kohenavocats.com\/ru\/#website"},"datePublished":"2026-04-20T10:35:50+00:00","dateModified":"2026-04-20T10:35:53+00:00","breadcrumb":{"@id":"https:\/\/kohenavocats.com\/ru\/jurisprudences\/tribunal-darrondissement-19-juin-2025-15\/#breadcrumb"},"inLanguage":"ru-RU","potentialAction":[{"@type":"ReadAction","target":["https:\/\/kohenavocats.com\/ru\/jurisprudences\/tribunal-darrondissement-19-juin-2025-15\/"]}]},{"@type":"BreadcrumbList","@id":"https:\/\/kohenavocats.com\/ru\/jurisprudences\/tribunal-darrondissement-19-juin-2025-15\/#breadcrumb","itemListElement":[{"@type":"ListItem","position":1,"name":"Home","item":"https:\/\/kohenavocats.com\/ru\/avocats-en-droit-penal-a-paris-conseil-et-defense-strategique\/"},{"@type":"ListItem","position":2,"name":"Jurisprudences","item":"https:\/\/kohenavocats.com\/ru\/jurisprudences\/"},{"@type":"ListItem","position":3,"name":"Tribunal d&rsquo;arrondissement, 19 juin 2025"}]},{"@type":"WebSite","@id":"https:\/\/kohenavocats.com\/ru\/#website","url":"https:\/\/kohenavocats.com\/ru\/","name":"Kohen Avocats","description":"Ma\u00eetre Hassan Kohen, avocat p\u00e9naliste \u00e0 Paris, intervient exclusivement en droit p\u00e9nal pour la d\u00e9fense des particuliers, notamment en mati\u00e8re d\u2019accusations de viol. Il assure un accompagnement rigoureux d\u00e8s la garde \u00e0 vue jusqu\u2019\u00e0 la Cour d\u2019assises, veillant au strict respect des garanties proc\u00e9durales.","publisher":{"@id":"https:\/\/kohenavocats.com\/ru\/#organization"},"potentialAction":[{"@type":"SearchAction","target":{"@type":"EntryPoint","urlTemplate":"https:\/\/kohenavocats.com\/ru\/?s={search_term_string}"},"query-input":{"@type":"PropertyValueSpecification","valueRequired":true,"valueName":"search_term_string"}}],"inLanguage":"ru-RU"},{"@type":"Organization","@id":"https:\/\/kohenavocats.com\/ru\/#organization","name":"Kohen Avocats","url":"https:\/\/kohenavocats.com\/ru\/","logo":{"@type":"ImageObject","inLanguage":"ru-RU","@id":"https:\/\/kohenavocats.com\/ru\/#\/schema\/logo\/image\/","url":"https:\/\/kohenavocats.com\/wp-content\/uploads\/2026\/01\/Logo-2-1.webp","contentUrl":"https:\/\/kohenavocats.com\/wp-content\/uploads\/2026\/01\/Logo-2-1.webp","width":2114,"height":1253,"caption":"Kohen Avocats"},"image":{"@id":"https:\/\/kohenavocats.com\/ru\/#\/schema\/logo\/image\/"}}]}},"jetpack_likes_enabled":false,"jetpack_sharing_enabled":true,"_links":{"self":[{"href":"https:\/\/kohenavocats.com\/ru\/wp-json\/wp\/v2\/kji_decision\/621744","targetHints":{"allow":["GET"]}}],"collection":[{"href":"https:\/\/kohenavocats.com\/ru\/wp-json\/wp\/v2\/kji_decision"}],"about":[{"href":"https:\/\/kohenavocats.com\/ru\/wp-json\/wp\/v2\/types\/kji_decision"}],"wp:attachment":[{"href":"https:\/\/kohenavocats.com\/ru\/wp-json\/wp\/v2\/media?parent=621744"}],"wp:term":[{"taxonomy":"kji_country","embeddable":true,"href":"https:\/\/kohenavocats.com\/ru\/wp-json\/wp\/v2\/kji_country?post=621744"},{"taxonomy":"kji_court","embeddable":true,"href":"https:\/\/kohenavocats.com\/ru\/wp-json\/wp\/v2\/kji_court?post=621744"},{"taxonomy":"kji_chamber","embeddable":true,"href":"https:\/\/kohenavocats.com\/ru\/wp-json\/wp\/v2\/kji_chamber?post=621744"},{"taxonomy":"kji_year","embeddable":true,"href":"https:\/\/kohenavocats.com\/ru\/wp-json\/wp\/v2\/kji_year?post=621744"},{"taxonomy":"kji_subject","embeddable":true,"href":"https:\/\/kohenavocats.com\/ru\/wp-json\/wp\/v2\/kji_subject?post=621744"},{"taxonomy":"kji_keyword","embeddable":true,"href":"https:\/\/kohenavocats.com\/ru\/wp-json\/wp\/v2\/kji_keyword?post=621744"},{"taxonomy":"kji_language","embeddable":true,"href":"https:\/\/kohenavocats.com\/ru\/wp-json\/wp\/v2\/kji_language?post=621744"}],"curies":[{"name":"wp","href":"https:\/\/api.w.org\/{rel}","templated":true}]}}