{"id":622368,"date":"2026-04-20T13:41:01","date_gmt":"2026-04-20T11:41:01","guid":{"rendered":"https:\/\/kohenavocats.com\/jurisprudences\/tribunal-darrondissement-14-juillet-2025-11\/"},"modified":"2026-04-20T13:41:05","modified_gmt":"2026-04-20T11:41:05","slug":"tribunal-darrondissement-14-juillet-2025-11-2","status":"publish","type":"kji_decision","link":"https:\/\/kohenavocats.com\/ru\/jurisprudences\/tribunal-darrondissement-14-juillet-2025-11-2\/","title":{"rendered":"Tribunal d&#8217;arrondissement, 14 juillet 2025"},"content":{"rendered":"<div class=\"kji-decision\">\n<div class=\"kji-full-text\">\n<p>Jugementn\u00b02300\/2025 not.24682\/24\/CD not. 33320\/24\/CD (s. prob)(3x) AUDIENCE PUBLIQUE DU 14JUILLET2025 Le Tribunal d\u2019arrondissement de et \u00e0 Luxembourg, dix-huiti\u00e8me chambre, si\u00e9geant en mati\u00e8re correctionnelle, a rendu lejugement qui suit : Dans lescausesdu Minist\u00e8re Public contre PERSONNE1.) n\u00e9leDATE1.)\u00e0ADRESSE1.), demeurant \u00e0ADRESSE2.), repr\u00e9sent\u00e9parMa\u00eetre Luca GOMES,Avocat \u00e0 la Cour, demeurant \u00e0 Luxembourg, pr\u00e9venu Par citationsdu28octobre2024, le Procureur d\u2019\u00c9tat pr\u00e8s le Tribunal d\u2019arrondissement de et \u00e0 Luxembourg a requis le pr\u00e9venu de compara\u00eetre \u00e0 l\u2019audience publique du8 novembre 2024 devant le Tribunal correctionnel de ce si\u00e8ge pour y entendre statuer sur lespr\u00e9ventions suivantes: not. 24682\/24\/CD: infractions aux401biset409 alin\u00e9as 1 er et 3 du Code p\u00e9nal. not. 33320\/24\/CD:infractions aux articles 327 alin\u00e9a 1et330-1,439 alin\u00e9as 2 et 3du Code p\u00e9nal. Apr\u00e8s plusieurs remises contradictoires, les affairesparurent utilement \u00e0 l\u2019audience publique du 7 juillet 2025. Le pr\u00e9venuPERSONNE1.)ne comparut pas \u00e0 cette audience.<\/p>\n<p>2 \u00c0 cette audience, Ma\u00eetreLuca GOMES, Avocat \u00e0 la Cour, demeurant \u00e0 Luxembourg, se pr\u00e9senta et d\u00e9clara repr\u00e9senter le pr\u00e9venuPERSONNE1.), conform\u00e9ment \u00e0 l\u2019article 185 du Code de proc\u00e9dure p\u00e9nale. Le t\u00e9moinPERSONNE2.)fut entendu en ses d\u00e9clarations orales apr\u00e8s avoir pr\u00eat\u00e9 le serment pr\u00e9vu \u00e0 l\u2019article 155 du Code de proc\u00e9dure p\u00e9nale. La repr\u00e9sentante du Minist\u00e8re Public,Alexia DIAZ,PremierSubstitut du Procureur d\u2019\u00c9tat, demanda au Tribunal de prononcer la jonction des affaires introduites par le Parquet sous les notices 24682\/24\/CDet33320\/24\/CD, lesr\u00e9suma et fut entendue en ses r\u00e9quisitions. Ma\u00eetreLuca GOMES, Avocat \u00e0 la Cour, demeurant \u00e0 Luxembourg, d\u00e9veloppa les moyens de d\u00e9fense du pr\u00e9venuPERSONNE1.). Le Tribunal pritlesaffairesen d\u00e9lib\u00e9r\u00e9 et rendit \u00e0 l\u2019audience publique de ce jour, date \u00e0 laquelle le prononc\u00e9 avait \u00e9t\u00e9 fix\u00e9, le JUGEMENT QUI SUIT : Dans l\u2019int\u00e9r\u00eat d\u2019une bonne administration de la justice, il y a lieu de joindre les affaires introduites par le Minist\u00e8re Public sous les notices24682\/24\/CD et 33320\/24\/CDet de statuer par un seul et m\u00eame jugement. Quant \u00e0 la notice 24682\/24\/CD Vu l&#039;ensemble du dossier r\u00e9pressif constitu\u00e9 par le Minist\u00e8re public sous la notice 24682\/24\/CDet notamment les proc\u00e8s-verbaux dress\u00e9s en cause par la Police Grand-Ducale, R\u00e9gion Sud-Ouest, CommissariatADRESSE3.). Vu la citation \u00e0 pr\u00e9venu du 28 octobre 2024, r\u00e9guli\u00e8rement notifi\u00e9e au pr\u00e9venu PERSONNE1.). Vu l\u2019information donn\u00e9e en date du24juin2025 \u00e0 la Caisse Nationale de Sant\u00e9 en application de l\u2019article 453 du Code de la s\u00e9curit\u00e9 sociale. Le Minist\u00e8re Public reprochesub 1)au pr\u00e9venuPERSONNE1.)d\u2019avoir,en date duDATE2.) vers 22.41 heures \u00e0ADRESSE2.), volontairement donn\u00e9 des coups ou fait des blessures \u00e0 son \u00e9pousePERSONNE2.), n\u00e9e leDATE3.), en la frappant avec la main auvisage. Le Minist\u00e8re Public reproche sub 2) au pr\u00e9venu d\u2019avoir, dans les m\u00eames circonstances de lieux et de temps, volontairement donn\u00e9 des coups ou fait des blessures \u00e0 sa fille PERSONNE4.)., n\u00e9e leDATE4.), notamment en la poussant au sol pour ensuite la rouer de coups. Le Minist\u00e8re Public reproche sub 3) \u00e0PERSONNE1.)d\u2019avoir, toujours dans les m\u00eames circonstances de lieux et de temps, volontairement donn\u00e9 des coups et fait des blessures \u00e0 son filsPERSONNE3.), \u00e2g\u00e9 de moins de 14 ans au moment des faits, notamment en lui donnant un coup de poing au visage, lui causant un saignement \u00e0 la l\u00e8vre.<\/p>\n<p>3 \u00c0 l\u2019audience du Tribunal, le t\u00e9moinPERSONNE2.)a, sous la foi du serment, r\u00e9it\u00e9r\u00e9 ses d\u00e9clarations polici\u00e8res.Elle a par ailleurs d\u00e9clar\u00e9 qu\u2019au moment des faits,PERSONNE1.)et elle \u00e9taient mari\u00e9s, mais qu\u2019\u00e0 ce jour le couple \u00e9tait divorc\u00e9. Lors de la m\u00eame audience, le mandataire dePERSONNE1.), en repr\u00e9sentation de son mandant, a d\u00e9clar\u00e9 quePERSONNE1.)reconnaissait les faits lui reproch\u00e9s et qu\u2019il s\u2019en excusait. Il a par ailleurs expliqu\u00e9 que son mandant suivait, depuis trois mois, une cure de d\u00e9sintoxication, raison pour laquelle il n\u2019\u00e9tait pas \u00e0 m\u00eame de se pr\u00e9senter en personne \u00e0 l\u2019audience. En consid\u00e9ration des \u00e9l\u00e9ments du dossier r\u00e9pressif et notamment des constatations et v\u00e9rifications des agents verbalisant, des d\u00e9clarations du t\u00e9moinPERSONNE2.)sous la foi du serment \u00e0 la barre,des blessures relev\u00e9es par les agents de police sur le mineur PERSONNE3.), des rapports de passage aux urgences relatifs aux mineursPERSONNE3.), etPERSONNE4.).,\u00e9tablis par le m\u00e9decin urgentistePERSONNE3.), ensemble des aveux du pr\u00e9venu par le biais de son mandant,les infractions libell\u00e9es \u00e0 charge dePERSONNE1.)sont \u00e9tabliestant en fait qu\u2019en droit. Quant \u00e0 l\u2019infraction libell\u00e9e sub 3), il y a encore lieu de pr\u00e9ciser quePERSONNE1.)a port\u00e9 des coups \u00e0 sonfilsde moins de 14 ans, de sorte qu\u2019il y a, en l\u2019esp\u00e8ce, encore lieu de retenir la circonstance aggravante, pr\u00e9vue \u00e0 l\u2019alin\u00e9a 3 de l\u2019article 401bis(le coupable est le parent l\u00e9gitime de l&#039;enfant),dans le chef du pr\u00e9venu. Compte tenu des d\u00e9veloppements qui pr\u00e9c\u00e8dent, le pr\u00e9venuPERSONNE1.)estconvaincu: \u00abcomme auteur,ayant lui-m\u00eame commis les infractions, leDATE2.),vers 22.41 heures,\u00e0ADRESSE2.), 1) en infraction \u00e0 l&#039;article 409,alin\u00e9a1 er du Code p\u00e9nal, d&#039;avoir volontairementfait des blessuresetport\u00e9 des coupsau conjoint, en l&#039;esp\u00e8ce, d&#039;avoir volontairement donn\u00e9 des coupsetfait des blessures \u00e0 son \u00e9pouse PERSONNE2.), n\u00e9e leDATE3.), en la frappant avec la main au visage, 2) en infraction \u00e0 l&#039;article 409, alin\u00e9a1 er du Code p\u00e9nal, d\u2019avoir volontairementfait des blessures etport\u00e9 des coups\u00e0 un descendant l\u00e9gitime deplus dequatorze ans, enl\u2019esp\u00e8ce, d\u2019avoirvolontairement donn\u00e9 des coupsetfait des blessures \u00e0 sa fille PERSONNE4.)., n\u00e9e leDATE4.), en la poussant au sol pour ensuite la rouer de coups, 3)en infraction \u00e0 l&#039;article 401bis, alin\u00e9as1 er et 3,du Code p\u00e9nal,<\/p>\n<p>4 d\u2019avoirvolontairementfait des blessures etport\u00e9 des coups\u00e0 un enfant au-dessous de l\u2019\u00e2ge de quatorze ans accomplis,avec la circonstance que le coupable est le parent l\u00e9gitime de l&#039;enfant, en l\u2019esp\u00e8ce,d\u2019avoirvolontairement donn\u00e9 des coups et fait des blessures \u00e0 son fils PERSONNE3.),n\u00e9 leDATE5.), soit\u00e2g\u00e9 de moins de 14 ans au moment des faits, en lui donnant un coup de poing au visage, lui causant un saignement \u00e0 la l\u00e8vre.\u00bb Quant \u00e0 la notice33320\/24\/CD Vu l&#039;ensemble du dossier r\u00e9pressif constitu\u00e9 par le Minist\u00e8re public sous la notice 33320\/24\/CDet notamment le proc\u00e8s-verbalNUMERO1.)duDATE6.)dress\u00e9 en cause par la Police Grand-Ducale, R\u00e9gion Sud-Ouest, CommissariatADRESSE4.). Vu la citation \u00e0 pr\u00e9venu du28 octobre2024, r\u00e9guli\u00e8rement notifi\u00e9e au pr\u00e9venu PERSONNE1.). Le Minist\u00e8re Public reproche sub 1) au pr\u00e9venuPERSONNE1.),en date duDATE6.)entre 9.52 et 10.10heures,dans l\u2019arrondissement judiciaire de Luxembourg, \u00e0ADRESSE2.), de s\u2019\u00eatre intentionnellement introduit dans le logement habit\u00e9 par son \u00e9pousePERSONNE2.), n\u00e9e leDATE3.)en violation de l\u2019ordonnanceNUMERO2.)duDATE7.)(n\u00b0r\u00f4leNUMERO3.)) lui interdisant le retour au domicile pour une p\u00e9riode de trois mois, cons\u00e9cutive \u00e0 l\u2019expiration de la mesure d\u2019expulsion duDATE2.). Le Minist\u00e8re Public reproche sub 2) au pr\u00e9venu d\u2019avoir, dans les m\u00eames circonstances de lieux et de temps,menac\u00e9 son \u00e9pousePERSONNE2.),n\u00e9e leDATE3.), de mort avec ordre ou sous condition en lui disant notamment qu\u2019il allait la tuer et\u00abniquer sa m\u00e8re\u00bb si elle ne lui ouvrait pas la porte et \u00absi tu appelles la Police tu vas voir\u00bb avec lacirconstance que les menaces ont \u00e9t\u00e9 prof\u00e9r\u00e9es \u00e0 l\u2019encontre du conjoint. Le Minist\u00e8re Public reproche sub 3) \u00e0PERSONNE1.)d\u2019avoir, toujours dans les m\u00eames circonstances de lieux et de temps,menac\u00e9 son \u00e9pousePERSONNE2.),n\u00e9e leDATE3.), de mort,non accompagn\u00e9 d\u2019ordre ou condition,en lui disant notamment qu\u2019il allait la tuer et \u00abaujourd\u2019hui tu es morte\u00bb,avec la circonstance que les menaces ont \u00e9t\u00e9 prof\u00e9r\u00e9es \u00e0 l\u2019encontre du conjoint. \u00c0 l\u2019audience du Tribunal, le t\u00e9moinPERSONNE2.)a, sous la foi du serment, r\u00e9it\u00e9r\u00e9 ses d\u00e9clarations polici\u00e8res. Lors de la m\u00eame audience, le mandataire dePERSONNE1.), en repr\u00e9sentation de son mandant, a d\u00e9clar\u00e9 quePERSONNE1.)reconnaissait les faits lui reproch\u00e9s et qu\u2019il s\u2019en excusait. En consid\u00e9ration des \u00e9l\u00e9ments du dossier r\u00e9pressif et notamment des constatations et v\u00e9rifications des agents verbalisant, des d\u00e9clarations du t\u00e9moinPERSONNE2.)sous la foi du serment \u00e0 la barre,des d\u00e9clarations polici\u00e8res dePERSONNE4.)., et dePERSONNE4.), ensemble des aveux du pr\u00e9venu par le biais de son mandant,les infractions libell\u00e9es \u00e0 charge dePERSONNE1.)sont \u00e9tablies tant en fait qu\u2019en droit.<\/p>\n<p>5 Compte tenu des d\u00e9veloppements qui pr\u00e9c\u00e8dent, le pr\u00e9venuPERSONNE1.)estconvaincu: \u00abcomme auteur,ayant lui-m\u00eame commis les infractions leDATE6.),entre9.52 et 10.10 heures, \u00e0ADRESSE2.), 1)en infraction \u00e0 l&#039;article 439, alin\u00e9a2du Code p\u00e9nal, de s&#039;\u00eatre introduit dans une maison, habit\u00e9epar une personne avec laquelle il a cohabit\u00e9, en violation d&#039;une ordonnance lui interdisant le retour au domicile , conform\u00e9ment \u00e0 l&#039;article 1017-7 du Nouveau Code de proc\u00e9dure civile, en l&#039;esp\u00e8ce,de s\u2019\u00eatre intentionnellement introduit dans le logement habit\u00e9 par son \u00e9pousePERSONNE2.), n\u00e9e le DATE3.),en violation de l\u2019ordonnance NUMERO2.)duDATE7.)(n\u00b0r\u00f4leNUMERO3.)),lui interdisant le retour au domicile pour une p\u00e9riodede trois mois, cons\u00e9cutive\u00e0 l\u2019expiration de lamesure d\u2019expulsion du DATE2.), 2) en infraction aux articles 327, alin\u00e9a 1 er et 330-1 du Code p\u00e9nal, d&#039;avoir, verbalement,sous condition, menac\u00e9 d&#039;un attentat contre des personnes, punissable d&#039;une peine criminelle,avec la circonstance que ces menaces ont \u00e9t\u00e9 faites \u00e0 l&#039;\u00e9gard du conjoint, en l&#039;esp\u00e8ce,menac\u00e9 son \u00e9pouse PERSONNE2.), n\u00e9e leDATE3.), de mort,sous condition,en lui disant qu\u2019il allait la tuer et\u00abniquer sa m\u00e8re \u00bb si elle ne lui ouvrait pas la porte et \u00ab si tu appelles la Police tuvas voir \u00bb,avec la circonstance que les menaces ont \u00e9t\u00e9 prof\u00e9r\u00e9es \u00e0 l\u2019encontre du conjoint, 3) en infractions aux articles 327, alin\u00e9a 2 et 330-1 du Code p\u00e9nal, d&#039;avoir, verbalement,non accompagn\u00e9 d\u2019ordre oudecondition, menac\u00e9 d&#039;un attentat contre des personnes, punissable d&#039;une peine criminelle,avec la circonstance que ces menaces ont \u00e9t\u00e9 faites \u00e0 l&#039;\u00e9gard du conjoint, en l&#039;esp\u00e8ce,menac\u00e9 son \u00e9pouse PERSONNE2.), n\u00e9e leDATE3.), de mort,non accompagn\u00e9 d\u2019ordre ou decondition,en lui disant qu\u2019il allait la tuer et \u00ab aujourd\u2019hui tu es morte \u00bb avec la circonstance que les menaces ont \u00e9t\u00e9 prof\u00e9r\u00e9es \u00e0 l\u2019encontre du conjoint.\u00bb La peine Les pr\u00e9ventions retenues \u00e0 charge du pr\u00e9venu se trouvent en concours r\u00e9el entre elles, de sorte qu\u2019il y alieu d\u2019appliquer les dispositions de l\u2019article 60 du Code p\u00e9nal et de ne prononcer que la peine la plus forte qui pourra \u00eatre \u00e9lev\u00e9e au double du maximum, sans toutefois pouvoir exc\u00e9der la somme des peines pr\u00e9vues pour les diff\u00e9rents d\u00e9lits.<\/p>\n<p>6 L\u2019article 327 alin\u00e9a 1 er du Code p\u00e9nal pr\u00e9voit une peine d\u2019emprisonnement de six mois \u00e0 deux ans et une amende de 500 \u00e0 5.000 euros. L\u2019alin\u00e9a 2du m\u00eame articlepr\u00e9voit une peine d\u2019emprisonnement de trois mois \u00e0 deux ans et une amende de 500 \u00e0 3.000 euros.Selon l\u2019article 330-1 du Code p\u00e9nal, le minimum des peines port\u00e9es par les articles 327, 329 et 330 sera \u00e9lev\u00e9 conform\u00e9ment \u00e0 l\u2019article 266, si le coupable a dirig\u00e9 les menaces d\u2019attentat contre le conjoint. L\u2019article 409 alin\u00e9a 1 er du Code p\u00e9nal sanctionne le fait devolontairement faire des blessures ouporter des coups au conjoint(point 1\u00b0) et\/ou\u00e0 un descendant l\u00e9gitime (point 3\u00b0)d\u2019un emprisonnement de six mois \u00e0 cinq anset d\u2019une amende de 251 euros \u00e0 5.000 euros. L\u2019article 401bis, alin\u00e9as 1 et3 du Code p\u00e9nal,sanctionne les coups et blessures port\u00e9s \u00e0 son enfant de moins de 14 ans d\u2019une peine d\u2019emprisonnement de trois \u00e0 cinq ans et d\u2019une amende de 251 \u00e0 5.000 euros. L\u2019infraction \u00e0 l\u2019article 439 alin\u00e9a 2 du Code p\u00e9nal est sanctionn\u00e9e d\u2019une peine d\u2019emprisonnement de six mois \u00e0 deux ans et d\u2019une amende de 251 euros \u00e0 3.000 euros, ou de l\u2019une de ces peines seulement. La peine la plus forte est partant celle pr\u00e9vue par l\u2019article401bisalin\u00e9as 1 et3 du Code p\u00e9nal. Eu\u00e9gard \u00e0 la gravit\u00e9 des infractions retenueset \u00e0 l\u2019ant\u00e9c\u00e9dent judiciaire sp\u00e9cifique renseign\u00e9 au casier judiciaire du pr\u00e9venu en France tout en consid\u00e9rant l\u2019anciennet\u00e9 de cet ant\u00e9c\u00e9dent (d\u00e9cision du Tribunal correctionnel deADRESSE1.)duDATE8.)),mais \u00e9galement aux aveux circonstanci\u00e9s du pr\u00e9venu et \u00e0 l\u2019absence d\u2019ant\u00e9c\u00e9dents judiciairessp\u00e9cifiquesau Luxembourg,le Tribunal d\u00e9cide de condamner PERSONNE1.) \u00e0 unepeine d\u2019emprisonnementde15mois. Compte tenules probl\u00e8mes d\u2019addiction du pr\u00e9venu et desa tendance \u00e0 l\u2019agressivit\u00e9, le Tribunal ne saurait le faire b\u00e9n\u00e9ficier d\u2019un sursis int\u00e9gral, maisretientqu\u2019il y a lieu d\u2019assortir la peine d\u2019emprisonnement \u00e0 prononcer \u00e0 son encontre dusursis probatoireen lui imposant les obligations plus amplement sp\u00e9cifi\u00e9es au dispositif du pr\u00e9sent jugement. En consid\u00e9ration de sa situation financi\u00e8re et en application de l\u2019article 20 du Code p\u00e9nal, le Tribunal d\u00e9cide de ne pas prononcer une peine d\u2019amende. PAR CES MOTIFS : leTribunal d\u2019arrondissement de et \u00e0 Luxembourg,dix-huiti\u00e8meChambre, si\u00e9geant en mati\u00e8re correctionnelle, statuantcontradictoirement,larepr\u00e9sentantedu Minist\u00e8re Public entendue en ses r\u00e9quisitions,le mandataire du pr\u00e9venu, en repr\u00e9sentantlepr\u00e9venu,entendu en ses explications etmoyens de d\u00e9fense, ordonnela jonction des affaires introduites par le Minist\u00e8re Public sous les notices 24682\/24\/CD et 33320\/24\/CD,<\/p>\n<p>7 condamne PERSONNE1.)du chef des infractions retenues \u00e0 sa charge \u00e0 une peine d&#039;emprisonnementdequinze(15) mois,ainsiqu&#039;aux frais de sa poursuite p\u00e9nale, ces frais liquid\u00e9s \u00e0324,32euros, d i tqu\u2019il sera sursis \u00e0 l\u2019ex\u00e9cution de l\u2019int\u00e9gralit\u00e9 de cette peine d\u2019emprisonnement prononc\u00e9e et le place sous le r\u00e9gime dusursis probatoirependant une dur\u00e9e decinq (5) ansen lui imposant les obligations suivantes : -dese soumettre \u00e0 une cure de d\u00e9sintoxication dans un \u00e9tablissement sp\u00e9cialis\u00e9 agr\u00e9\u00e9, en vue de soigner sa d\u00e9pendance \u00e0 l\u2019alcool et\/ou aux stup\u00e9fiants, -justifier de ce traitement par des rapports adress\u00e9s tous les 6 mois au Parquet G\u00e9n\u00e9ral, Service de l\u2019Ex\u00e9cution des Peines, -r\u00e9pondre aux convocations du Procureur G\u00e9n\u00e9ral d\u2019\u00c9tat ou des agents de probation du SCAS, -recevoir les visites des agents du SCAS et leur communiquer les renseignements et documents n\u00e9cessaires pour suivre et contr\u00f4ler le respect des conditions, -pr\u00e9venir le SCAS des changements de r\u00e9sidence, a v e r t i tPERSONNE1.)que si, au cours du d\u00e9lai de cinq (5) ans \u00e0 dater du pr\u00e9sent jugement, il ne satisfait pas aux obligations impos\u00e9es, le Minist\u00e8re Public peut saisir la pr\u00e9sente juridiction afin de faire ordonner l\u2019ex\u00e9cution de la peine, ou dans le cas o\u00f9 le sursis probatoire ne serait pas r\u00e9voqu\u00e9, afin de l\u2019assortir de nouvelles conditions, a v e r t i tPERSONNE1.)que si dans un d\u00e9lai de cinq (5) ans \u00e0 dater du pr\u00e9sent jugement, il commet une nouvelle infraction qui entra\u00eene une condamnation \u00e0 l\u2019emprisonnement ou \u00e0 une peine plus grave pour crime ou d\u00e9lit de droit commun, la pr\u00e9sente peine sera ex\u00e9cut\u00e9e sans confusion possible avec la seconde et les peines de la r\u00e9cidive seront encourues dans les termes de l\u2019article 56 alin\u00e9a 2 du Code p\u00e9nal, a v e r t i tPERSONNE1.)que si, \u00e0 l\u2019expiration du d\u00e9lai de cinq (5) ans \u00e0 dater du pr\u00e9sent jugement, l\u2019ex\u00e9cution de la peine n\u2019a pas \u00e9t\u00e9 ordonn\u00e9e dans les conditions pr\u00e9vues \u00e0 l\u2019article 631-3, et si elle n\u2019a pas commis de nouvelle infraction ayant entra\u00een\u00e9 une condamnation \u00e0 l\u2019emprisonnement ou \u00e0 une peine plus grave pour crime ou d\u00e9lit de droit commun, la condamnation est consid\u00e9r\u00e9e comme non avenue, Le tout en application des articles 14, 15,20,60, 66,266,327, 330-1,401bis,409et439du Code p\u00e9nal et des articles 155, 179, 182, 184, 185, 190, 190-1, 195,196, 629,629-1, 630, 632, 633, 633-5 et 633-7du Code de proc\u00e9dure p\u00e9nale,dont mention a \u00e9t\u00e9 faite. Ainsi fait et jug\u00e9 par Jessica JUNG, Vice-Pr\u00e9sident, Paul ELZ, Premier juge et St\u00e9phanie MARQUES SANTOS, Premier Juge, et prononc\u00e9 en audience publique au Tribunal d\u2019arrondissement de Luxembourg, assist\u00e9 deMelany MARTINS, Greffi\u00e8reAssum\u00e9e, en pr\u00e9senced\u2019Anne THEISEN, Substitut du Procureur d\u2019\u00c9tat, qui, \u00e0 l\u2019exception de la repr\u00e9sentante du Minist\u00e8re Public, ont sign\u00e9 le pr\u00e9sent jugement.<\/p>\n<p>8 Ce jugement est susceptible d&#039;appel. L\u2019appel doit \u00eatre interjet\u00e9 dans les formes et d\u00e9lais pr\u00e9vus aux articles 202 et suivants du Code de proc\u00e9dure p\u00e9nale et il doit \u00eatre form\u00e9 par le pr\u00e9venu ou son avocat, la partie civile ainsi que la partie civilement responsable ou leurs avocats respectifs dansles40 joursde la date du prononc\u00e9 du pr\u00e9sent jugement, aupr\u00e8s du greffe du Tribunal d\u2019arrondissement de Luxembourg, en se pr\u00e9sentantpersonnellementpour signer l\u2019acte d\u2019appel. L\u2019appel peut \u00e9galement \u00eatre interjet\u00e9, dans les40 joursde la date du prononc\u00e9 du pr\u00e9sent jugement par voie decourrier \u00e9lectronique\u00e0 adresser au guichet du greffe du Tribunal d\u2019arrondissement de Luxembourg \u00e0 l\u2019adressetalgug@justice.etat.lu. L\u2019appel interjet\u00e9 par voie \u00e9lectronique le jour d\u2019expiration du d\u00e9lai de recours peut parvenir au greffe jusqu\u2019\u00e0 minuit de cejour. Le courrier \u00e9lectronique par lequel appel est interjet\u00e9 doit \u00e9maner de l\u2019appelant, de son avocat ou de tout autre fond\u00e9 depouvoir sp\u00e9cial. Dans ce dernier cas, le pouvoir est annex\u00e9 au courrier \u00e9lectronique. Si le pr\u00e9venu estd\u00e9tenu,il peut d\u00e9clarer son appel au greffe du Centre p\u00e9nitentiaire.<\/p>\n<\/div>\n<hr class=\"kji-sep\" \/>\n<p class=\"kji-source-links\"><strong>Sources officielles :<\/strong> <a class=\"kji-source-link\" href=\"https:\/\/data.public.lu\/fr\/datasets\/tribunal-darrondissement-luxembourg-penal\/\" target=\"_blank\" rel=\"noopener noreferrer\">consulter la page source<\/a> &middot; <a class=\"kji-pdf-link\" href=\"https:\/\/download.data.public.lu\/resources\/tribunal-darrondissement-luxembourg-penal\/20250803-231845\/20250714-talch18-2300-pseudonymise-accessible.pdf\" target=\"_blank\" rel=\"noopener noreferrer\">PDF officiel<\/a><\/p>\n<p class=\"kji-license-note\"><em>Licence CC BY-ND 4.0 (Administration judiciaire, data.public.lu). Republication autorisee avec attribution, sans modification editoriale du texte integral.<\/em><\/p>\n<\/div>\n","protected":false},"excerpt":{"rendered":"<p>Jugementn\u00b02300\/2025 not.24682\/24\/CD not. 33320\/24\/CD (s. prob)(3x) AUDIENCE PUBLIQUE DU 14JUILLET2025 Le Tribunal d\u2019arrondissement de et \u00e0 Luxembourg, dix-huiti\u00e8me chambre, si\u00e9geant en mati\u00e8re correctionnelle, a rendu lejugement qui suit : Dans lescausesdu Minist\u00e8re Public contre PERSONNE1.) n\u00e9leDATE1.)\u00e0ADRESSE1.), demeurant \u00e0ADRESSE2.), repr\u00e9sent\u00e9parMa\u00eetre Luca GOMES,Avocat \u00e0 la Cour, demeurant\u2026<\/p>\n","protected":false},"featured_media":0,"template":"","meta":{"_crdt_document":""},"kji_country":[8418],"kji_court":[23583],"kji_chamber":[25729],"kji_year":[8463],"kji_subject":[7632],"kji_keyword":[23584,25730,8600,7636],"kji_language":[7733],"class_list":["post-622368","kji_decision","type-kji_decision","status-publish","hentry","kji_country-luxembourg","kji_court-tribunal-darrondissement","kji_chamber-penal","kji_year-8463","kji_subject-penal","kji_keyword-arrondissement","kji_keyword-jugementn","kji_keyword-juillet","kji_keyword-tribunal","kji_language-francais"],"yoast_head":"<!-- This site is optimized with the Yoast SEO Premium plugin v27.5 (Yoast SEO v27.5) - https:\/\/yoast.com\/product\/yoast-seo-premium-wordpress\/ -->\n<title>Tribunal d&#039;arrondissement, 14 juillet 2025 - Ma\u00eetre Hassan Kohen, avocat en droit p\u00e9nal \u00e0 Paris<\/title>\n<meta name=\"robots\" content=\"index, follow, max-snippet:-1, max-image-preview:large, max-video-preview:-1\" \/>\n<link rel=\"canonical\" href=\"https:\/\/kohenavocats.com\/ru\/jurisprudences\/tribunal-darrondissement-14-juillet-2025-11-2\/\" \/>\n<meta property=\"og:locale\" content=\"ru_RU\" \/>\n<meta property=\"og:type\" content=\"article\" \/>\n<meta property=\"og:title\" content=\"Tribunal d&#039;arrondissement, 14 juillet 2025\" \/>\n<meta property=\"og:description\" content=\"Jugementn\u00b02300\/2025 not.24682\/24\/CD not. 33320\/24\/CD (s. prob)(3x) AUDIENCE PUBLIQUE DU 14JUILLET2025 Le Tribunal d\u2019arrondissement de et \u00e0 Luxembourg, dix-huiti\u00e8me chambre, si\u00e9geant en mati\u00e8re correctionnelle, a rendu lejugement qui suit : Dans lescausesdu Minist\u00e8re Public contre PERSONNE1.) n\u00e9leDATE1.)\u00e0ADRESSE1.), demeurant \u00e0ADRESSE2.), repr\u00e9sent\u00e9parMa\u00eetre Luca GOMES,Avocat \u00e0 la Cour, demeurant\u2026\" \/>\n<meta property=\"og:url\" content=\"https:\/\/kohenavocats.com\/ru\/jurisprudences\/tribunal-darrondissement-14-juillet-2025-11-2\/\" \/>\n<meta property=\"og:site_name\" content=\"Ma\u00eetre Hassan Kohen, avocat en droit p\u00e9nal \u00e0 Paris\" \/>\n<meta property=\"article:modified_time\" content=\"2026-04-20T11:41:05+00:00\" \/>\n<meta name=\"twitter:card\" content=\"summary_large_image\" \/>\n<meta name=\"twitter:label1\" content=\"\u041f\u0440\u0438\u043c\u0435\u0440\u043d\u043e\u0435 \u0432\u0440\u0435\u043c\u044f \u0434\u043b\u044f \u0447\u0442\u0435\u043d\u0438\u044f\" \/>\n\t<meta name=\"twitter:data1\" content=\"15 \u043c\u0438\u043d\u0443\u0442\" \/>\n<script type=\"application\/ld+json\" class=\"yoast-schema-graph\">{\"@context\":\"https:\\\/\\\/schema.org\",\"@graph\":[{\"@type\":\"WebPage\",\"@id\":\"https:\\\/\\\/kohenavocats.com\\\/ru\\\/jurisprudences\\\/tribunal-darrondissement-14-juillet-2025-11-2\\\/\",\"url\":\"https:\\\/\\\/kohenavocats.com\\\/ru\\\/jurisprudences\\\/tribunal-darrondissement-14-juillet-2025-11-2\\\/\",\"name\":\"Tribunal d'arrondissement, 14 juillet 2025 - Ma\u00eetre Hassan Kohen, avocat en droit p\u00e9nal \u00e0 Paris\",\"isPartOf\":{\"@id\":\"https:\\\/\\\/kohenavocats.com\\\/ru\\\/#website\"},\"datePublished\":\"2026-04-20T11:41:01+00:00\",\"dateModified\":\"2026-04-20T11:41:05+00:00\",\"breadcrumb\":{\"@id\":\"https:\\\/\\\/kohenavocats.com\\\/ru\\\/jurisprudences\\\/tribunal-darrondissement-14-juillet-2025-11-2\\\/#breadcrumb\"},\"inLanguage\":\"ru-RU\",\"potentialAction\":[{\"@type\":\"ReadAction\",\"target\":[\"https:\\\/\\\/kohenavocats.com\\\/ru\\\/jurisprudences\\\/tribunal-darrondissement-14-juillet-2025-11-2\\\/\"]}]},{\"@type\":\"BreadcrumbList\",\"@id\":\"https:\\\/\\\/kohenavocats.com\\\/ru\\\/jurisprudences\\\/tribunal-darrondissement-14-juillet-2025-11-2\\\/#breadcrumb\",\"itemListElement\":[{\"@type\":\"ListItem\",\"position\":1,\"name\":\"Home\",\"item\":\"https:\\\/\\\/kohenavocats.com\\\/ru\\\/avocats-en-droit-penal-a-paris-conseil-et-defense-strategique\\\/\"},{\"@type\":\"ListItem\",\"position\":2,\"name\":\"Jurisprudences\",\"item\":\"https:\\\/\\\/kohenavocats.com\\\/ru\\\/jurisprudences\\\/\"},{\"@type\":\"ListItem\",\"position\":3,\"name\":\"Tribunal d&rsquo;arrondissement, 14 juillet 2025\"}]},{\"@type\":\"WebSite\",\"@id\":\"https:\\\/\\\/kohenavocats.com\\\/ru\\\/#website\",\"url\":\"https:\\\/\\\/kohenavocats.com\\\/ru\\\/\",\"name\":\"Kohen Avocats\",\"description\":\"Ma\u00eetre Hassan Kohen, avocat p\u00e9naliste \u00e0 Paris, intervient exclusivement en droit p\u00e9nal pour la d\u00e9fense des particuliers, notamment en mati\u00e8re d\u2019accusations de viol. Il assure un accompagnement rigoureux d\u00e8s la garde \u00e0 vue jusqu\u2019\u00e0 la Cour d\u2019assises, veillant au strict respect des garanties proc\u00e9durales.\",\"publisher\":{\"@id\":\"https:\\\/\\\/kohenavocats.com\\\/ru\\\/#organization\"},\"potentialAction\":[{\"@type\":\"SearchAction\",\"target\":{\"@type\":\"EntryPoint\",\"urlTemplate\":\"https:\\\/\\\/kohenavocats.com\\\/ru\\\/?s={search_term_string}\"},\"query-input\":{\"@type\":\"PropertyValueSpecification\",\"valueRequired\":true,\"valueName\":\"search_term_string\"}}],\"inLanguage\":\"ru-RU\"},{\"@type\":\"Organization\",\"@id\":\"https:\\\/\\\/kohenavocats.com\\\/ru\\\/#organization\",\"name\":\"Kohen Avocats\",\"url\":\"https:\\\/\\\/kohenavocats.com\\\/ru\\\/\",\"logo\":{\"@type\":\"ImageObject\",\"inLanguage\":\"ru-RU\",\"@id\":\"https:\\\/\\\/kohenavocats.com\\\/ru\\\/#\\\/schema\\\/logo\\\/image\\\/\",\"url\":\"https:\\\/\\\/kohenavocats.com\\\/wp-content\\\/uploads\\\/2026\\\/01\\\/Logo-2-1.webp\",\"contentUrl\":\"https:\\\/\\\/kohenavocats.com\\\/wp-content\\\/uploads\\\/2026\\\/01\\\/Logo-2-1.webp\",\"width\":2114,\"height\":1253,\"caption\":\"Kohen Avocats\"},\"image\":{\"@id\":\"https:\\\/\\\/kohenavocats.com\\\/ru\\\/#\\\/schema\\\/logo\\\/image\\\/\"}}]}<\/script>\n<!-- \/ Yoast SEO Premium plugin. -->","yoast_head_json":{"title":"Tribunal d'arrondissement, 14 juillet 2025 - Ma\u00eetre Hassan Kohen, avocat en droit p\u00e9nal \u00e0 Paris","robots":{"index":"index","follow":"follow","max-snippet":"max-snippet:-1","max-image-preview":"max-image-preview:large","max-video-preview":"max-video-preview:-1"},"canonical":"https:\/\/kohenavocats.com\/ru\/jurisprudences\/tribunal-darrondissement-14-juillet-2025-11-2\/","og_locale":"ru_RU","og_type":"article","og_title":"Tribunal d'arrondissement, 14 juillet 2025","og_description":"Jugementn\u00b02300\/2025 not.24682\/24\/CD not. 33320\/24\/CD (s. prob)(3x) AUDIENCE PUBLIQUE DU 14JUILLET2025 Le Tribunal d\u2019arrondissement de et \u00e0 Luxembourg, dix-huiti\u00e8me chambre, si\u00e9geant en mati\u00e8re correctionnelle, a rendu lejugement qui suit : Dans lescausesdu Minist\u00e8re Public contre PERSONNE1.) n\u00e9leDATE1.)\u00e0ADRESSE1.), demeurant \u00e0ADRESSE2.), repr\u00e9sent\u00e9parMa\u00eetre Luca GOMES,Avocat \u00e0 la Cour, demeurant\u2026","og_url":"https:\/\/kohenavocats.com\/ru\/jurisprudences\/tribunal-darrondissement-14-juillet-2025-11-2\/","og_site_name":"Ma\u00eetre Hassan Kohen, avocat en droit p\u00e9nal \u00e0 Paris","article_modified_time":"2026-04-20T11:41:05+00:00","twitter_card":"summary_large_image","twitter_misc":{"\u041f\u0440\u0438\u043c\u0435\u0440\u043d\u043e\u0435 \u0432\u0440\u0435\u043c\u044f \u0434\u043b\u044f \u0447\u0442\u0435\u043d\u0438\u044f":"15 \u043c\u0438\u043d\u0443\u0442"},"schema":{"@context":"https:\/\/schema.org","@graph":[{"@type":"WebPage","@id":"https:\/\/kohenavocats.com\/ru\/jurisprudences\/tribunal-darrondissement-14-juillet-2025-11-2\/","url":"https:\/\/kohenavocats.com\/ru\/jurisprudences\/tribunal-darrondissement-14-juillet-2025-11-2\/","name":"Tribunal d'arrondissement, 14 juillet 2025 - Ma\u00eetre Hassan Kohen, avocat en droit p\u00e9nal \u00e0 Paris","isPartOf":{"@id":"https:\/\/kohenavocats.com\/ru\/#website"},"datePublished":"2026-04-20T11:41:01+00:00","dateModified":"2026-04-20T11:41:05+00:00","breadcrumb":{"@id":"https:\/\/kohenavocats.com\/ru\/jurisprudences\/tribunal-darrondissement-14-juillet-2025-11-2\/#breadcrumb"},"inLanguage":"ru-RU","potentialAction":[{"@type":"ReadAction","target":["https:\/\/kohenavocats.com\/ru\/jurisprudences\/tribunal-darrondissement-14-juillet-2025-11-2\/"]}]},{"@type":"BreadcrumbList","@id":"https:\/\/kohenavocats.com\/ru\/jurisprudences\/tribunal-darrondissement-14-juillet-2025-11-2\/#breadcrumb","itemListElement":[{"@type":"ListItem","position":1,"name":"Home","item":"https:\/\/kohenavocats.com\/ru\/avocats-en-droit-penal-a-paris-conseil-et-defense-strategique\/"},{"@type":"ListItem","position":2,"name":"Jurisprudences","item":"https:\/\/kohenavocats.com\/ru\/jurisprudences\/"},{"@type":"ListItem","position":3,"name":"Tribunal d&rsquo;arrondissement, 14 juillet 2025"}]},{"@type":"WebSite","@id":"https:\/\/kohenavocats.com\/ru\/#website","url":"https:\/\/kohenavocats.com\/ru\/","name":"Kohen Avocats","description":"Ma\u00eetre Hassan Kohen, avocat p\u00e9naliste \u00e0 Paris, intervient exclusivement en droit p\u00e9nal pour la d\u00e9fense des particuliers, notamment en mati\u00e8re d\u2019accusations de viol. Il assure un accompagnement rigoureux d\u00e8s la garde \u00e0 vue jusqu\u2019\u00e0 la Cour d\u2019assises, veillant au strict respect des garanties proc\u00e9durales.","publisher":{"@id":"https:\/\/kohenavocats.com\/ru\/#organization"},"potentialAction":[{"@type":"SearchAction","target":{"@type":"EntryPoint","urlTemplate":"https:\/\/kohenavocats.com\/ru\/?s={search_term_string}"},"query-input":{"@type":"PropertyValueSpecification","valueRequired":true,"valueName":"search_term_string"}}],"inLanguage":"ru-RU"},{"@type":"Organization","@id":"https:\/\/kohenavocats.com\/ru\/#organization","name":"Kohen Avocats","url":"https:\/\/kohenavocats.com\/ru\/","logo":{"@type":"ImageObject","inLanguage":"ru-RU","@id":"https:\/\/kohenavocats.com\/ru\/#\/schema\/logo\/image\/","url":"https:\/\/kohenavocats.com\/wp-content\/uploads\/2026\/01\/Logo-2-1.webp","contentUrl":"https:\/\/kohenavocats.com\/wp-content\/uploads\/2026\/01\/Logo-2-1.webp","width":2114,"height":1253,"caption":"Kohen Avocats"},"image":{"@id":"https:\/\/kohenavocats.com\/ru\/#\/schema\/logo\/image\/"}}]}},"jetpack_likes_enabled":false,"jetpack_sharing_enabled":true,"_links":{"self":[{"href":"https:\/\/kohenavocats.com\/ru\/wp-json\/wp\/v2\/kji_decision\/622368","targetHints":{"allow":["GET"]}}],"collection":[{"href":"https:\/\/kohenavocats.com\/ru\/wp-json\/wp\/v2\/kji_decision"}],"about":[{"href":"https:\/\/kohenavocats.com\/ru\/wp-json\/wp\/v2\/types\/kji_decision"}],"wp:attachment":[{"href":"https:\/\/kohenavocats.com\/ru\/wp-json\/wp\/v2\/media?parent=622368"}],"wp:term":[{"taxonomy":"kji_country","embeddable":true,"href":"https:\/\/kohenavocats.com\/ru\/wp-json\/wp\/v2\/kji_country?post=622368"},{"taxonomy":"kji_court","embeddable":true,"href":"https:\/\/kohenavocats.com\/ru\/wp-json\/wp\/v2\/kji_court?post=622368"},{"taxonomy":"kji_chamber","embeddable":true,"href":"https:\/\/kohenavocats.com\/ru\/wp-json\/wp\/v2\/kji_chamber?post=622368"},{"taxonomy":"kji_year","embeddable":true,"href":"https:\/\/kohenavocats.com\/ru\/wp-json\/wp\/v2\/kji_year?post=622368"},{"taxonomy":"kji_subject","embeddable":true,"href":"https:\/\/kohenavocats.com\/ru\/wp-json\/wp\/v2\/kji_subject?post=622368"},{"taxonomy":"kji_keyword","embeddable":true,"href":"https:\/\/kohenavocats.com\/ru\/wp-json\/wp\/v2\/kji_keyword?post=622368"},{"taxonomy":"kji_language","embeddable":true,"href":"https:\/\/kohenavocats.com\/ru\/wp-json\/wp\/v2\/kji_language?post=622368"}],"curies":[{"name":"wp","href":"https:\/\/api.w.org\/{rel}","templated":true}]}}