{"id":622415,"date":"2026-04-20T13:42:53","date_gmt":"2026-04-20T11:42:53","guid":{"rendered":"https:\/\/kohenavocats.com\/jurisprudences\/tribunal-darrondissement-25-juin-2025-14\/"},"modified":"2026-04-20T13:42:57","modified_gmt":"2026-04-20T11:42:57","slug":"tribunal-darrondissement-25-juin-2025-14","status":"publish","type":"kji_decision","link":"https:\/\/kohenavocats.com\/ru\/jurisprudences\/tribunal-darrondissement-25-juin-2025-14\/","title":{"rendered":"Tribunal d&#8217;arrondissement, 25 juin 2025"},"content":{"rendered":"<div class=\"kji-decision\">\n<div class=\"kji-full-text\">\n<p>1 Jugementn\u00b02013\/2025 not.2308\/25\/CD JUGEMENT SUR ACCORD AUDIENCE PUBLIQUE DU 25 JUIN 2025 Le Tribunal d\u2019arrondissement de et \u00e0 Luxembourg,vingt-troisi\u00e8mechambre, si\u00e9geant en mati\u00e8recorrectionnelle, a rendu le jugement qui suit: Dans la cause du Minist\u00e8re Public contre PERSONNE1.), n\u00e9e leDATE1.)\u00e0Luxembourg, demeurant \u00e0L-ADRESSE2.), ayant \u00e9lu son domicile aupr\u00e8s de l\u2019\u00e9tude de Ma\u00eetreFran\u00e7ois MOYSE, repr\u00e9sent\u00e9eparMa\u00eetreFran\u00e7ois MOYSE,avocat \u00e0 la Cour,demeurant \u00e0 Luxembourg, -pr\u00e9venue- \u00c0 l\u2019audience publique du28mai2025, lapr\u00e9venuePERSONNE1.), pr\u00e9qualifi\u00e9e, repr\u00e9sent\u00e9e par Ma\u00eetreFran\u00e7ois MOYSE,avocat \u00e0 la Cour, demeurant \u00e0 Luxembourg, a comparu volontairement devant le Tribunal correctionnel de ce si\u00e8ge pour y entendre statuersur : l\u2019accord par application de la loi du 24 f\u00e9vrier 2015 relative au jugement sur accord. \u00c0 cetteaudience,Ma\u00eetreFran\u00e7ois MOYSE,avocat \u00e0 la Cour, demeurant \u00e0 Luxembourg, se pr\u00e9senta et d\u00e9clara repr\u00e9senter lapr\u00e9venuePERSONNE1.)conform\u00e9ment \u00e0 l\u2019article 185 du Code de proc\u00e9dure p\u00e9nale.<\/p>\n<p>2 Ma\u00eetreFran\u00e7ois MOYSE,avocat \u00e0 la Cour, demeurant \u00e0Luxembourg,ainsi que larepr\u00e9sentante du Minist\u00e8re Public,Carmen FERIGO,premier substitut,furent entendusen leurs conclusions. Le Tribunal prit l\u2019affaire en d\u00e9lib\u00e9r\u00e9 et rendit \u00e0 l\u2019audience publique de ce jour, date \u00e0 laquelle le prononc\u00e9 avait\u00e9t\u00e9 fix\u00e9, le JUGEMENT QUI SUIT : L\u2019accord dont le Tribunal se trouve saisi est con\u00e7u comme suit:<\/p>\n<p>3 Grand-Duch\u00e9 de Luxembourg PARQUET DU TRIBUNAL D\u2019ARRONDISSEMENT DE LUXEMBOURG &#8212;&#8212;&#8212;&#8212;&#8212;&#8212;&#8212; 2308\/25\/CD Accord par applicationdes articles 563 \u00e0 578 du code de proc\u00e9dure p\u00e9nale Entre: 1.Monsieur le Procureur d\u2019Etat pr\u00e8s le Tribunal d\u2019Arrondissement de et \u00e0 Luxembourg et 2.PERSONNE2.), n\u00e9e leDATE2.)\u00e0 Luxembourg, demeurant \u00e0 L-ADRESSE2.) assist\u00e9e de Ma\u00eetre Fran\u00e7ois MOYSE, avocat \u00e0 la Cour au barreau de ADRESSE1.) \u00e9lisant domicile pour les besoins de la pr\u00e9sente proc\u00e9dure en l\u2019\u00e9tude de Ma\u00eetre Fran\u00e7ois MOYSE,<\/p>\n<p>4 I.R\u00e9sum\u00e9 de la proc\u00e9dure Vu les actes accomplis au cours del\u2019enqu\u00eatepr\u00e9liminaire: Cote Acte B01 RapportSPJ\/EJIN\/2024\/165549.3\/VOALdu 09.12.2024 de la police grand-ducale,SPJ-EJIN, ensemble ses annexes B02 Imprim\u00e9 des publications au RCS relatives \u00e0SOCIETE1.)S.\u00e0r.l. B03 Imprim\u00e9 des publications au RCS relatives \u00e0SOCIETE2.)S.A. CasiersCasier judiciaire luxembourgeois II.Les faits faisant l\u2019objet de l\u2019accord A)La soci\u00e9t\u00e9SOCIETE3.)S.\u00e0r.l. 1. La soci\u00e9t\u00e9SOCIETE3.)S.\u00e0r.l.a \u00e9t\u00e9 constitu\u00e9e le16.12.2016par-devant Ma\u00eetre JacquesCASTEL, notaire de r\u00e9sidence \u00e0Grevenmacher. Elle futinscrite au RCS sous le num\u00e9roNUMERO1.). Elle avait comme si\u00e8ge social LL-ADRESSE3.). Le capital social d\u2019un montant de 12.500\u20ac fut souscrit et lib\u00e9r\u00e9 comme suit: Nom Parts sociales PERSONNE2.) 50 PERSONNE3.) 50 Total 100 La soci\u00e9t\u00e9 a pour objet social \u00able commerce de v\u00eatements et d\u2019articles de sport ainsi que toutes les activit\u00e9s etprestationsconnexes. [\u2026]\u00bb Les personnes suivantes furent nomm\u00e9es g\u00e9rants de la soci\u00e9t\u00e9 Nom Fonction PERSONNE2.) G\u00e9rant technique PERSONNE3.) G\u00e9rant administratif 2. Les comptes de profits et pertes de la soci\u00e9t\u00e9SOCIETE3.)S.\u00e0r.l.furent d\u00e9pos\u00e9s comme suit au RCS de Luxembourg:<\/p>\n<p>5 Exercice Date limite de publicationDate effective de publication 01.12.2016\u201331.12.2017 01.08.2018 04.12.2018 2018 01.08.2019 07.08.2020 2019 01.11.2020 1 N\u00e9ant 2020 01.08.2021 N\u00e9ant 2021 01.08.2022 N\u00e9ant 2022 01.08.2023 N\u00e9ant 2023 01.08.2024 N\u00e9ant B)En droit 1.L\u2019obligation de soumettre les comptes aux associ\u00e9s\/associ\u00e9s et de les d\u00e9poser au registre de commerce et des soci\u00e9t\u00e9s Aux termes de l\u2019article 461-1 2 de la loi du 10 ao\u00fbt 1915 sur les soci\u00e9t\u00e9s commerciales, telle que modifi\u00e9e, \u00abChaque ann\u00e9e, le conseil d&#039;administration ou le directoire, selon le cas, doit dresser un inventaire contenant l&#039;indication des valeurs mobili\u00e8res et immobili\u00e8res et de toutes les dettes actives et passives de la soci\u00e9t\u00e9, avec une annexe contenant, en r\u00e9sum\u00e9, tous ses engagements, ainsi que les dettes des directeurs, administrateurs, membres du directoire, selon le cas, membres du conseil de surveillance et commissaires de la soci\u00e9t\u00e9. Le conseil d&#039;administration ou le directoire, selon le cas, \u00e9tablit les comptes annuels, dans lesquels les amortissements n\u00e9cessaires doivent \u00eatre faits.\u00bb 3 Aux termes de l\u2019article 461- 8 45 de la m\u00eame loi, \u00abLes comptes annuels [\u2026]doivent, dans le mois de leur approbation, \u00eatre publi\u00e9s aux frais de la soci\u00e9t\u00e9 et par les soins des administrateurs ou membres du directoire [\u2026]\u00bb. Aux termes de l\u2019article 710-23 67 de la m\u00eame loi, \u00abChaque ann\u00e9e, la g\u00e9rance doit dresser un inventaire [\u2026]. La g\u00e9rance \u00e9tablit le bilan et le compte de profits et pertes [\u2026] Le bilan et le compte des profits et pertes sont soumis \u00e0 l\u2019approbation des associ\u00e9s [\u2026]\u00bb 1 D\u00e9lai prorog\u00e9 de 3 mois par application de la loi du 22 mai 2020 portant prorogation des d\u00e9lais de d\u00e9p\u00f4t et de publication des comptes annuels, des comptes consolid\u00e9s et des rapports y aff\u00e9rents durant l\u2019\u00e9tat de crise (M\u00e9m. A, n\u00b0 467, 29 mai 2020), applicableaux comptes annuels, aux comptes consolid\u00e9s ainsi qu\u2019aux rapports y aff\u00e9rents et aux assembl\u00e9es g\u00e9n\u00e9rales se rapportant \u00e0 un exercice cl\u00f4tur\u00e9 \u00e0 la date de fin de l\u2019\u00e9tat de crise, le 24.06.2020. 2 Anciennement: article 72. 3 pour les soci\u00e9t\u00e9s anonymes 4 idem 5 Anciennement: article 75 6 pour les soci\u00e9t\u00e9s \u00e0 responsabilit\u00e9 limit\u00e9e 7 Anciennement: article 197<\/p>\n<p>6 Finalement aux termes de l\u2019article 77 de la loi du 19 d\u00e9cembre 2002 concernant le registre de commerce et des soci\u00e9t\u00e9s ainsi que la comptabilit\u00e9 et les comptes annuels des entreprises, \u00abL\u2019acc\u00e8s au public est limit\u00e9 aux comptes des soci\u00e9t\u00e9s suivantes: 1\u00b0 les soci\u00e9t\u00e9s anonymes, les soci\u00e9t\u00e9s europ\u00e9ennes (SE), les soci\u00e9t\u00e9s en commandite par actions, les soci\u00e9t\u00e9s \u00e0 responsabilit\u00e9 limit\u00e9e et les soci\u00e9t\u00e9s coop\u00e9ratives; [\u2026] Une copie des annuels des soci\u00e9t\u00e9s vis\u00e9es \u00e0 l\u2019alin\u00e9a pr\u00e9c\u00e9dent est vers\u00e9e au dossier de la soci\u00e9t\u00e9 tenu aupr\u00e8s du registre de commerce et des soci\u00e9t\u00e9s.\u00bb Aux termes de l\u2019article 79 de la m\u00eame loi, \u00abPour les entreprises vis\u00e9es [\u2026],les comptes annuels r\u00e9guli\u00e8rement approuv\u00e9s et le rapport de gestion ainsi que le rapport \u00e9tabli par la ou les personnes charg\u00e9es du contr\u00f4le des comptes font l\u2019objet d\u2019une publication au Recueil \u00e9lectronique des soci\u00e9t\u00e9s et associations, par le biais d\u2019une mention du d\u00e9p\u00f4t aupr\u00e8s du registre de commerce et des soci\u00e9t\u00e9s dans le mois de l\u2019approbation, et au plus tard sept mois apr\u00e8s la cl\u00f4ture de l\u2019exercice social, [\u2026]\u00bb 2.sanctions p\u00e9nales Aux termes de l\u2019article 1500-2 8 de la loi du 10 ao\u00fbt 1915 sur les soci\u00e9t\u00e9s commerciales, \u00abSont punis de la m\u00eame peine[amende de 500 euros \u00e0 25.000 euros]: [\u2026] 2\u00b0 les g\u00e9rants ou les administrateurs qui n&#039;ont pas soumis \u00e0 l&#039;assembl\u00e9e g\u00e9n\u00e9rale dans les six mois de la cl\u00f4ture de l&#039;exercice les comptes annuels, les comptes consolid\u00e9s, le rapport de gestion et l&#039;attestation de la personne charg\u00e9e du contr\u00f4le ainsi que les g\u00e9rants ou les administrateurs qui n&#039;ont pas fait publier ces documents et ce en infraction aux prescriptions respectives des articles 461-8, 710-23, 813-4, et 1770-1 de la pr\u00e9sente loi et l&#039;article 79 de la loi pr\u00e9cit\u00e9e du 19 d\u00e9cembre 2002; [\u2026]\u00bb Aux termes de l\u2019article 1500-5 9 de la m\u00eame loi, \u00abSont punis d\u2019un emprisonnement d\u2019un mois \u00e0 deux ans et d\u2019une amende de 5.000 \u00e0 125.000 euros ou d\u2019une de ces peines seulement: [\u2026] 2\u00b0 les g\u00e9rants ou les administrateurs qui, dans un but frauduleux, n\u2019ont pas fait publier les comptes annuels [\u2026]\u00bb C)Qualification juridique des faits faisant l\u2019objet de l\u2019accord PERSONNE2.), pr\u00e9qualifi\u00e9e, Comme auteur, coauteur ou complice, 8 Anciennement: article 163 9 Anciennement: article 166<\/p>\n<p>7 en sa qualit\u00e9 de dirigeant de droit de la soci\u00e9t\u00e9SOCIETE3.)S.\u00e0r.l., \u00e9tablie et ayant son si\u00e8ge social \u00e0 L- ADRESSE4.), inscrite au RCS de Luxembourg sous le num\u00e9roNUMERO1.),depuis le 01.11.2020, respectivement le 01.08.2021, respectivement le 01.08.2022, respectivement le 01.08.2023, respectivement le 01.08.2024, au Registre de Commerce et des Soci\u00e9t\u00e9s \u00e0 Luxembourg, sans pr\u00e9judice quant aux circonstances de temps et de lieu plus exactes, en infraction \u00e0 l\u2019article 1500-2 de la loimodifi\u00e9e du 10 ao\u00fbt 1915 sur les soci\u00e9t\u00e9s commerciales de ne pas avoir publi\u00e9 dans le d\u00e9lai l\u00e9gal l\u2019inventaire, le bilans et les comptes de profits et pertes se cl\u00f4turant respectivement au 31.12.2019,31.12.2020,31.12.2021, 31.12.2022et31.12.2023relatifs \u00e0 la soci\u00e9t\u00e9 SOCIETE3.)S.\u00e0r.l. III.Les faits reconnus PERSONNE2.), pr\u00e9qualifi\u00e9e, Comme auteur, en sa qualit\u00e9 de dirigeant de droit de la soci\u00e9t\u00e9SOCIETE3.)S.\u00e0r.l., \u00e9tablie et ayant son si\u00e8ge social \u00e0 L- ADRESSE4.), inscrite au RCS de Luxembourg sous le num\u00e9roNUMERO1.),depuis le 01.11.2020, respectivement le 01.08.2021, respectivement le 01.08.2022, respectivement le 01.08.2023, respectivement le 01.08.2024, au Registre de Commerce et des Soci\u00e9t\u00e9s \u00e0 Luxembourg, en infraction \u00e0 l\u2019article 1500-2 de la loimodifi\u00e9e du 10 ao\u00fbt 1915 sur les soci\u00e9t\u00e9s commerciales de ne pas avoir publi\u00e9 dans le d\u00e9lai l\u00e9gal l\u2019inventaire, le bilans et les comptes de profits et pertes se cl\u00f4turant respectivement au 31.12.2019,31.12.2020,31.12.2021, 31.12.2022et31.12.2023relatifs \u00e0 la soci\u00e9t\u00e9 SOCIETE3.)S.\u00e0r.l. IV.La peine A)La peine l\u00e9gale L\u2019omission de soumettre et de publier le bilan est punie, en application desarticles 1500-1 et 1500-2 de la loi du 10 ao\u00fbt 1915 sur les soci\u00e9t\u00e9s commerciales, d\u2019une amende de 500 euros \u00e0 25.000 euros. Les infractions retenues \u00e0 chargedu pr\u00e9venusont en concours r\u00e9el entre elles. En application de l\u2019article 60 du Codep\u00e9nal, la peine la plus forte sera d\u00e8s lors seule prononc\u00e9e; cette peine pourra m\u00eame \u00eatre \u00e9lev\u00e9e au double du maximum, sans toutefois pouvoir exc\u00e9der la somme des peines pr\u00e9vues pour les diff\u00e9rents d\u00e9lits. Le maximum de la peine l\u00e9gale est d\u00e8s lors une peine d\u2019amende de 50.000\u20ac.<\/p>\n<p>8 B)Personnalisation de la peine Eu \u00e9gard \u00e0 la gravit\u00e9 des infractions, mais en tenant \u00e9galementcompte de l\u2019absence d\u2019ant\u00e9c\u00e9dents, il y a lieu de condamnerPERSONNE2.)\u00e0 une amende de1.000\u20ac. La contrainte par corps en cas d\u2019absence de paiement de l\u2019amende est \u00e0 fixer \u00e010jours. V. Les frais Il y a lieu de condamnerPERSONNE2.), aux frais de sa poursuite p\u00e9nale, ces frais \u00e9tant \u00e0 liquider par le tribunal d\u2019arrondissement de et \u00e0 Luxembourg, section correctionnelle. Par application des articles 14, 16, 27, 28, 29, 30, 60 et 66, du Code p\u00e9nal, de l\u2019article 1500-2 de la loi modifi\u00e9e du 10.08.1915 sur les soci\u00e9t\u00e9s commerciales et des articles 563 \u00e0 578 du Code de proc\u00e9dure p\u00e9nale. ADRESSE1.), le01.04.2025 Le Procureur d\u2019Etat Georges OSWALD Ma\u00eetreFran\u00e7ois MOYSE PERSONNE2.) La peine retenue dans l\u2019accord est l\u00e9gale et ad\u00e9quate, il y a d\u00e8s lors lieu de condamner PERSONNE1.)conform\u00e9ment \u00e0 l\u2019accord. PAR CES MOTIFS : le Tribunal d\u2019arrondissement de et \u00e0 Luxembourg,vingt-troisi\u00e8mechambre, si\u00e9geant en mati\u00e8re correctionnelle, statuantcontradictoirement, larepr\u00e9sentantedu Minist\u00e8re Public, ainsi que le mandataire repr\u00e9sentant lapr\u00e9venuePERSONNE1.)entendus en leurs conclusions, condamne PERSONNE1.)du chef des infractions retenues \u00e0 sa charge\u00e0 uneamende demille(1.000) euros, ainsi qu&#039;aux frais de sa mise en jugement,ces frais liquid\u00e9s \u00e08,52euros, f i x ela dur\u00e9e de la contrainte par corps en cas de non-paiement de l\u2019amende\u00e0dix(10) jours; Par application des articles 14,16,27, 28, 29, 30,60 et 66du Codep\u00e9nal, et de l\u2019article 1500-2 de la loi modifi\u00e9e du 10 ao\u00fbt 1915 sur les soci\u00e9t\u00e9s commercialesetdes articles179, 182, 184, 185, 189, 190, 190-1, 194, 195, 196 et 563 \u00e0 578 du Code de proc\u00e9dure p\u00e9nale.<\/p>\n<p>9 Ainsi fait, jug\u00e9 et prononc\u00e9 en l&#039;audience publique dudit Tribunal d&#039;arrondissement de et \u00e0 Luxembourg, date qu&#039;en t\u00eate, par Tania NEY, vice-pr\u00e9sident, Kim MEIS,juge-d\u00e9l\u00e9gu\u00e9eet Laure HOFFELD,juge-d\u00e9l\u00e9gu\u00e9e, assist\u00e9e d\u2019Alexia BIAGI, greffi\u00e8re assum\u00e9e, en pr\u00e9sence deLisa WEISHAUPT, attach\u00e9e de justice, qui, \u00e0 l&#039;exception durepr\u00e9sentant du Minist\u00e8re Public, ont sign\u00e9 le pr\u00e9sent jugement. Ce jugement est susceptible d&#039;appel. L&#039;appel doit \u00eatre interjet\u00e9 dans les formes et d\u00e9lais pr\u00e9vus auxarticles 202 et suivants du Code de proc\u00e9dure p\u00e9nale et il doit \u00eatre form\u00e9 par le pr\u00e9venu ou son avocat, la partie civile ainsi que la partie civilement responsable ou leurs avocats respectifs dans les 40 jours de la notification du pr\u00e9sent jugement rendupar d\u00e9faut, aupr\u00e8s du greffe du Tribunal d&#039;arrondissement de Luxembourg, en se pr\u00e9sentant personnellement pour signer l&#039;acte d&#039;appel. L\u2019appel peut \u00e9galement \u00eatre interjet\u00e9, dans les 40 jours de la notification du pr\u00e9sent jugement rendu par d\u00e9faut, par voie de courrier \u00e9lectronique \u00e0 adresser au guichet du greffe du Tribunal d\u2019arrondissement de Luxembourg \u00e0 l\u2019adressetalgug@justice.etat.lu. L\u2019appel interjet\u00e9 par voie \u00e9lectronique le jour d\u2019expiration du d\u00e9lai de recours peut parvenir au greffe jusqu\u2019\u00e0 minuit de ce jour. Le courrier \u00e9lectronique par lequel appel est interjet\u00e9 doit \u00e9maner de l\u2019appelant, de son avocat oude tout autre fond\u00e9 de pouvoir sp\u00e9cial. Dans ce dernier cas, le pouvoir est annex\u00e9 au courrier \u00e9lectronique. Si le pr\u00e9venu estd\u00e9tenu,il peut d\u00e9clarer son appel au greffe du Centre p\u00e9nitentiaire<\/p>\n<\/div>\n<hr class=\"kji-sep\" \/>\n<p class=\"kji-source-links\"><strong>Sources officielles :<\/strong> <a class=\"kji-source-link\" href=\"https:\/\/data.public.lu\/fr\/datasets\/tribunal-darrondissement-luxembourg-penal\/\" target=\"_blank\" rel=\"noopener noreferrer\">consulter la page source<\/a> &middot; <a class=\"kji-pdf-link\" href=\"https:\/\/download.data.public.lu\/resources\/tribunal-darrondissement-luxembourg-penal\/20250803-232051\/20250625-talch23-2013-pseudonymise-accessible.pdf\" target=\"_blank\" rel=\"noopener noreferrer\">PDF officiel<\/a><\/p>\n<p class=\"kji-license-note\"><em>Licence CC BY-ND 4.0 (Administration judiciaire, data.public.lu). Republication autorisee avec attribution, sans modification editoriale du texte integral.<\/em><\/p>\n<\/div>\n","protected":false},"excerpt":{"rendered":"<p>1 Jugementn\u00b02013\/2025 not.2308\/25\/CD JUGEMENT SUR ACCORD AUDIENCE PUBLIQUE DU 25 JUIN 2025 Le Tribunal d\u2019arrondissement de et \u00e0 Luxembourg,vingt-troisi\u00e8mechambre, si\u00e9geant en mati\u00e8recorrectionnelle, a rendu le jugement qui suit: Dans la cause du Minist\u00e8re Public contre PERSONNE1.), n\u00e9e leDATE1.)\u00e0Luxembourg, demeurant \u00e0L-ADRESSE2.), ayant \u00e9lu son domicile aupr\u00e8s\u2026<\/p>\n","protected":false},"featured_media":0,"template":"","meta":{"_crdt_document":""},"kji_country":[8418],"kji_court":[23583],"kji_chamber":[25729],"kji_year":[8463],"kji_subject":[7632],"kji_keyword":[23584,7636],"kji_language":[7733],"class_list":["post-622415","kji_decision","type-kji_decision","status-publish","hentry","kji_country-luxembourg","kji_court-tribunal-darrondissement","kji_chamber-penal","kji_year-8463","kji_subject-penal","kji_keyword-arrondissement","kji_keyword-tribunal","kji_language-francais"],"yoast_head":"<!-- This site is optimized with the Yoast SEO Premium plugin v27.5 (Yoast SEO v27.5) - https:\/\/yoast.com\/product\/yoast-seo-premium-wordpress\/ -->\n<title>Tribunal d&#039;arrondissement, 25 juin 2025 - Ma\u00eetre Hassan Kohen, avocat en droit p\u00e9nal \u00e0 Paris<\/title>\n<meta name=\"robots\" content=\"index, follow, max-snippet:-1, max-image-preview:large, max-video-preview:-1\" \/>\n<link rel=\"canonical\" href=\"https:\/\/kohenavocats.com\/ru\/jurisprudences\/tribunal-darrondissement-25-juin-2025-14\/\" \/>\n<meta property=\"og:locale\" content=\"ru_RU\" \/>\n<meta property=\"og:type\" content=\"article\" \/>\n<meta property=\"og:title\" content=\"Tribunal d&#039;arrondissement, 25 juin 2025\" \/>\n<meta property=\"og:description\" content=\"1 Jugementn\u00b02013\/2025 not.2308\/25\/CD JUGEMENT SUR ACCORD AUDIENCE PUBLIQUE DU 25 JUIN 2025 Le Tribunal d\u2019arrondissement de et \u00e0 Luxembourg,vingt-troisi\u00e8mechambre, si\u00e9geant en mati\u00e8recorrectionnelle, a rendu le jugement qui suit: Dans la cause du Minist\u00e8re Public contre PERSONNE1.), n\u00e9e leDATE1.)\u00e0Luxembourg, demeurant \u00e0L-ADRESSE2.), ayant \u00e9lu son domicile aupr\u00e8s\u2026\" \/>\n<meta property=\"og:url\" content=\"https:\/\/kohenavocats.com\/ru\/jurisprudences\/tribunal-darrondissement-25-juin-2025-14\/\" \/>\n<meta property=\"og:site_name\" content=\"Ma\u00eetre Hassan Kohen, avocat en droit p\u00e9nal \u00e0 Paris\" \/>\n<meta property=\"article:modified_time\" content=\"2026-04-20T11:42:57+00:00\" \/>\n<meta name=\"twitter:card\" content=\"summary_large_image\" \/>\n<meta name=\"twitter:label1\" content=\"\u041f\u0440\u0438\u043c\u0435\u0440\u043d\u043e\u0435 \u0432\u0440\u0435\u043c\u044f \u0434\u043b\u044f \u0447\u0442\u0435\u043d\u0438\u044f\" \/>\n\t<meta name=\"twitter:data1\" content=\"11 \u043c\u0438\u043d\u0443\u0442\" \/>\n<script type=\"application\/ld+json\" class=\"yoast-schema-graph\">{\"@context\":\"https:\\\/\\\/schema.org\",\"@graph\":[{\"@type\":\"WebPage\",\"@id\":\"https:\\\/\\\/kohenavocats.com\\\/ru\\\/jurisprudences\\\/tribunal-darrondissement-25-juin-2025-14\\\/\",\"url\":\"https:\\\/\\\/kohenavocats.com\\\/ru\\\/jurisprudences\\\/tribunal-darrondissement-25-juin-2025-14\\\/\",\"name\":\"Tribunal d'arrondissement, 25 juin 2025 - Ma\u00eetre Hassan Kohen, avocat en droit p\u00e9nal \u00e0 Paris\",\"isPartOf\":{\"@id\":\"https:\\\/\\\/kohenavocats.com\\\/ru\\\/#website\"},\"datePublished\":\"2026-04-20T11:42:53+00:00\",\"dateModified\":\"2026-04-20T11:42:57+00:00\",\"breadcrumb\":{\"@id\":\"https:\\\/\\\/kohenavocats.com\\\/ru\\\/jurisprudences\\\/tribunal-darrondissement-25-juin-2025-14\\\/#breadcrumb\"},\"inLanguage\":\"ru-RU\",\"potentialAction\":[{\"@type\":\"ReadAction\",\"target\":[\"https:\\\/\\\/kohenavocats.com\\\/ru\\\/jurisprudences\\\/tribunal-darrondissement-25-juin-2025-14\\\/\"]}]},{\"@type\":\"BreadcrumbList\",\"@id\":\"https:\\\/\\\/kohenavocats.com\\\/ru\\\/jurisprudences\\\/tribunal-darrondissement-25-juin-2025-14\\\/#breadcrumb\",\"itemListElement\":[{\"@type\":\"ListItem\",\"position\":1,\"name\":\"Home\",\"item\":\"https:\\\/\\\/kohenavocats.com\\\/ru\\\/avocats-en-droit-penal-a-paris-conseil-et-defense-strategique\\\/\"},{\"@type\":\"ListItem\",\"position\":2,\"name\":\"Jurisprudences\",\"item\":\"https:\\\/\\\/kohenavocats.com\\\/ru\\\/jurisprudences\\\/\"},{\"@type\":\"ListItem\",\"position\":3,\"name\":\"Tribunal d&rsquo;arrondissement, 25 juin 2025\"}]},{\"@type\":\"WebSite\",\"@id\":\"https:\\\/\\\/kohenavocats.com\\\/ru\\\/#website\",\"url\":\"https:\\\/\\\/kohenavocats.com\\\/ru\\\/\",\"name\":\"Kohen Avocats\",\"description\":\"Ma\u00eetre Hassan Kohen, avocat p\u00e9naliste \u00e0 Paris, intervient exclusivement en droit p\u00e9nal pour la d\u00e9fense des particuliers, notamment en mati\u00e8re d\u2019accusations de viol. Il assure un accompagnement rigoureux d\u00e8s la garde \u00e0 vue jusqu\u2019\u00e0 la Cour d\u2019assises, veillant au strict respect des garanties proc\u00e9durales.\",\"publisher\":{\"@id\":\"https:\\\/\\\/kohenavocats.com\\\/ru\\\/#organization\"},\"potentialAction\":[{\"@type\":\"SearchAction\",\"target\":{\"@type\":\"EntryPoint\",\"urlTemplate\":\"https:\\\/\\\/kohenavocats.com\\\/ru\\\/?s={search_term_string}\"},\"query-input\":{\"@type\":\"PropertyValueSpecification\",\"valueRequired\":true,\"valueName\":\"search_term_string\"}}],\"inLanguage\":\"ru-RU\"},{\"@type\":\"Organization\",\"@id\":\"https:\\\/\\\/kohenavocats.com\\\/ru\\\/#organization\",\"name\":\"Kohen Avocats\",\"url\":\"https:\\\/\\\/kohenavocats.com\\\/ru\\\/\",\"logo\":{\"@type\":\"ImageObject\",\"inLanguage\":\"ru-RU\",\"@id\":\"https:\\\/\\\/kohenavocats.com\\\/ru\\\/#\\\/schema\\\/logo\\\/image\\\/\",\"url\":\"https:\\\/\\\/kohenavocats.com\\\/wp-content\\\/uploads\\\/2026\\\/01\\\/Logo-2-1.webp\",\"contentUrl\":\"https:\\\/\\\/kohenavocats.com\\\/wp-content\\\/uploads\\\/2026\\\/01\\\/Logo-2-1.webp\",\"width\":2114,\"height\":1253,\"caption\":\"Kohen Avocats\"},\"image\":{\"@id\":\"https:\\\/\\\/kohenavocats.com\\\/ru\\\/#\\\/schema\\\/logo\\\/image\\\/\"}}]}<\/script>\n<!-- \/ Yoast SEO Premium plugin. -->","yoast_head_json":{"title":"Tribunal d'arrondissement, 25 juin 2025 - Ma\u00eetre Hassan Kohen, avocat en droit p\u00e9nal \u00e0 Paris","robots":{"index":"index","follow":"follow","max-snippet":"max-snippet:-1","max-image-preview":"max-image-preview:large","max-video-preview":"max-video-preview:-1"},"canonical":"https:\/\/kohenavocats.com\/ru\/jurisprudences\/tribunal-darrondissement-25-juin-2025-14\/","og_locale":"ru_RU","og_type":"article","og_title":"Tribunal d'arrondissement, 25 juin 2025","og_description":"1 Jugementn\u00b02013\/2025 not.2308\/25\/CD JUGEMENT SUR ACCORD AUDIENCE PUBLIQUE DU 25 JUIN 2025 Le Tribunal d\u2019arrondissement de et \u00e0 Luxembourg,vingt-troisi\u00e8mechambre, si\u00e9geant en mati\u00e8recorrectionnelle, a rendu le jugement qui suit: Dans la cause du Minist\u00e8re Public contre PERSONNE1.), n\u00e9e leDATE1.)\u00e0Luxembourg, demeurant \u00e0L-ADRESSE2.), ayant \u00e9lu son domicile aupr\u00e8s\u2026","og_url":"https:\/\/kohenavocats.com\/ru\/jurisprudences\/tribunal-darrondissement-25-juin-2025-14\/","og_site_name":"Ma\u00eetre Hassan Kohen, avocat en droit p\u00e9nal \u00e0 Paris","article_modified_time":"2026-04-20T11:42:57+00:00","twitter_card":"summary_large_image","twitter_misc":{"\u041f\u0440\u0438\u043c\u0435\u0440\u043d\u043e\u0435 \u0432\u0440\u0435\u043c\u044f \u0434\u043b\u044f \u0447\u0442\u0435\u043d\u0438\u044f":"11 \u043c\u0438\u043d\u0443\u0442"},"schema":{"@context":"https:\/\/schema.org","@graph":[{"@type":"WebPage","@id":"https:\/\/kohenavocats.com\/ru\/jurisprudences\/tribunal-darrondissement-25-juin-2025-14\/","url":"https:\/\/kohenavocats.com\/ru\/jurisprudences\/tribunal-darrondissement-25-juin-2025-14\/","name":"Tribunal d'arrondissement, 25 juin 2025 - Ma\u00eetre Hassan Kohen, avocat en droit p\u00e9nal \u00e0 Paris","isPartOf":{"@id":"https:\/\/kohenavocats.com\/ru\/#website"},"datePublished":"2026-04-20T11:42:53+00:00","dateModified":"2026-04-20T11:42:57+00:00","breadcrumb":{"@id":"https:\/\/kohenavocats.com\/ru\/jurisprudences\/tribunal-darrondissement-25-juin-2025-14\/#breadcrumb"},"inLanguage":"ru-RU","potentialAction":[{"@type":"ReadAction","target":["https:\/\/kohenavocats.com\/ru\/jurisprudences\/tribunal-darrondissement-25-juin-2025-14\/"]}]},{"@type":"BreadcrumbList","@id":"https:\/\/kohenavocats.com\/ru\/jurisprudences\/tribunal-darrondissement-25-juin-2025-14\/#breadcrumb","itemListElement":[{"@type":"ListItem","position":1,"name":"Home","item":"https:\/\/kohenavocats.com\/ru\/avocats-en-droit-penal-a-paris-conseil-et-defense-strategique\/"},{"@type":"ListItem","position":2,"name":"Jurisprudences","item":"https:\/\/kohenavocats.com\/ru\/jurisprudences\/"},{"@type":"ListItem","position":3,"name":"Tribunal d&rsquo;arrondissement, 25 juin 2025"}]},{"@type":"WebSite","@id":"https:\/\/kohenavocats.com\/ru\/#website","url":"https:\/\/kohenavocats.com\/ru\/","name":"Kohen Avocats","description":"Ma\u00eetre Hassan Kohen, avocat p\u00e9naliste \u00e0 Paris, intervient exclusivement en droit p\u00e9nal pour la d\u00e9fense des particuliers, notamment en mati\u00e8re d\u2019accusations de viol. Il assure un accompagnement rigoureux d\u00e8s la garde \u00e0 vue jusqu\u2019\u00e0 la Cour d\u2019assises, veillant au strict respect des garanties proc\u00e9durales.","publisher":{"@id":"https:\/\/kohenavocats.com\/ru\/#organization"},"potentialAction":[{"@type":"SearchAction","target":{"@type":"EntryPoint","urlTemplate":"https:\/\/kohenavocats.com\/ru\/?s={search_term_string}"},"query-input":{"@type":"PropertyValueSpecification","valueRequired":true,"valueName":"search_term_string"}}],"inLanguage":"ru-RU"},{"@type":"Organization","@id":"https:\/\/kohenavocats.com\/ru\/#organization","name":"Kohen Avocats","url":"https:\/\/kohenavocats.com\/ru\/","logo":{"@type":"ImageObject","inLanguage":"ru-RU","@id":"https:\/\/kohenavocats.com\/ru\/#\/schema\/logo\/image\/","url":"https:\/\/kohenavocats.com\/wp-content\/uploads\/2026\/01\/Logo-2-1.webp","contentUrl":"https:\/\/kohenavocats.com\/wp-content\/uploads\/2026\/01\/Logo-2-1.webp","width":2114,"height":1253,"caption":"Kohen Avocats"},"image":{"@id":"https:\/\/kohenavocats.com\/ru\/#\/schema\/logo\/image\/"}}]}},"jetpack_likes_enabled":false,"jetpack_sharing_enabled":true,"_links":{"self":[{"href":"https:\/\/kohenavocats.com\/ru\/wp-json\/wp\/v2\/kji_decision\/622415","targetHints":{"allow":["GET"]}}],"collection":[{"href":"https:\/\/kohenavocats.com\/ru\/wp-json\/wp\/v2\/kji_decision"}],"about":[{"href":"https:\/\/kohenavocats.com\/ru\/wp-json\/wp\/v2\/types\/kji_decision"}],"wp:attachment":[{"href":"https:\/\/kohenavocats.com\/ru\/wp-json\/wp\/v2\/media?parent=622415"}],"wp:term":[{"taxonomy":"kji_country","embeddable":true,"href":"https:\/\/kohenavocats.com\/ru\/wp-json\/wp\/v2\/kji_country?post=622415"},{"taxonomy":"kji_court","embeddable":true,"href":"https:\/\/kohenavocats.com\/ru\/wp-json\/wp\/v2\/kji_court?post=622415"},{"taxonomy":"kji_chamber","embeddable":true,"href":"https:\/\/kohenavocats.com\/ru\/wp-json\/wp\/v2\/kji_chamber?post=622415"},{"taxonomy":"kji_year","embeddable":true,"href":"https:\/\/kohenavocats.com\/ru\/wp-json\/wp\/v2\/kji_year?post=622415"},{"taxonomy":"kji_subject","embeddable":true,"href":"https:\/\/kohenavocats.com\/ru\/wp-json\/wp\/v2\/kji_subject?post=622415"},{"taxonomy":"kji_keyword","embeddable":true,"href":"https:\/\/kohenavocats.com\/ru\/wp-json\/wp\/v2\/kji_keyword?post=622415"},{"taxonomy":"kji_language","embeddable":true,"href":"https:\/\/kohenavocats.com\/ru\/wp-json\/wp\/v2\/kji_language?post=622415"}],"curies":[{"name":"wp","href":"https:\/\/api.w.org\/{rel}","templated":true}]}}