{"id":622558,"date":"2026-04-20T13:55:34","date_gmt":"2026-04-20T11:55:34","guid":{"rendered":"https:\/\/kohenavocats.com\/jurisprudences\/eclinlrbdha20262954-rechtbank-den-haag-15-01-2026-nl25-62160\/"},"modified":"2026-04-20T13:55:34","modified_gmt":"2026-04-20T11:55:34","slug":"eclinlrbdha20262954-rechtbank-den-haag-15-01-2026-nl25-62160","status":"publish","type":"kji_decision","link":"https:\/\/kohenavocats.com\/ru\/jurisprudences\/eclinlrbdha20262954-rechtbank-den-haag-15-01-2026-nl25-62160\/","title":{"rendered":"ECLI:NL:RBDHA:2026:2954 Rechtbank Den Haag , 15-01-2026 \/ NL25.62160"},"content":{"rendered":"<div class=\"kji-decision\">\n<div class=\"kji-full-text\">\n<p><strong>Inhoudsindicatie.<\/strong> Eerste beroep niet tijdig aanvraag asiel gegrond besluitmoratorium Syri\u00eb nadere beslistermijn zestien weken<\/p>\n<p>uitspraak<\/p>\n<h3>RECHTBANK DEN HAAG<\/h3>\n<p>Zittingsplaats Utrecht Bestuursrecht zaaknummer: NL25.62160<\/p>\n<p>uitspraak van de enkelvoudige kamer in de zaak tussen<\/p>\n<h3>[eiser] , eiser<\/h3>\n<p>V-nummer: [V-nummer] (gemachtigde: mr. A. Khalaf),<\/p>\n<p>en<\/p>\n<h3>de minister van Asiel en Migratie, de minister.<\/h3>\n<h3>Procesverloop<\/h3>\n<p>Deze uitspraak gaat over het beroep dat eiser heeft ingediend, omdat de minister volgens hem niet op tijd heeft beslist op zijn aanvraag tot het verlenen van een verblijfsvergunning asiel voor bepaalde tijd (hierna: aanvraag).<\/p>\n<h3>Overwegingen<\/h3>\n<p>1. De rechtbank vindt het in deze zaak niet nodig om partijen uit te nodigen voor een zitting.1<\/p>\n<p>2. Als een bestuursorgaan niet op tijd op een aanvraag beslist, dan kan de betrokkene daartegen in beroep gaan. Voordat hij beroep kan instellen, moet de betrokkene schriftelijk aan het bestuursorgaan laten weten dat binnen twee weken alsnog moet worden beslist op zijn aanvraag (de zogenoemde ingebrekestelling). Als er na twee weken nog steeds geen besluit is genomen, dan kan de betrokkene beroep instellen.2<\/p>\n<p>Is het beroep van eiser ontvankelijk?<\/p>\n<p>3. De minister heeft de aanvraag op 22 mei 2024 ontvangen. De minister moet uiterlijk binnen zes maanden na ontvangst van de aanvraag beslissen.3<\/p>\n<p>4. Eiser komt uit Syri\u00eb. Met ingang van 14 december 2024 tot en met 13 juni 2025 gold<\/p>\n<p>1. Artikel 8:54, eerste lid, van de Algemene wet bestuursrecht (Awb).<\/p>\n<p>2 Artikel 6:2, onder b, en 6:12, tweede lid, van de Awb.<\/p>\n<p>3 Artikel 42, eerste lid, van de Vreemdelingenwet 2000 (Vw). Aanvankelijk heeft de minister de beslistermijn onder toepassing van WBV 2023\/26 met negen maanden verlengd. De minister heeft deze WBV echter weer ingetrokken (IB 2025\/28). Als gevolg hiervan geldt voor alle asielaanvragen die zijn ingediend vanaf 1 januari 2024 weer een beslistermijn van zes maanden.<\/p>\n<p>voor Syri\u00eb een besluitmoratorium.4 Gedurende de tijd dat het besluitmoratorium van kracht was, besliste de minister niet op asielaanvragen van vreemdelingen uit dat land. De beslistermijn voor asielaanvragen die v\u00f3\u00f3r of tijdens de werking van het besluitmoratorium werden ontvangen, is verlengd met \u00e9\u00e9n jaar tot ten hoogste 21 maanden.5<\/p>\n<p>5. Het moratorium is mede van toepassing op asielaanvragen waarvan de beslistermijn van zes maanden is verstreken op het moment van de inwerkingtreding van het moratorium.6 De aanvraag van eiser valt onder deze situatie en daarmee dus onder het toepassingsbereik van het moratorium.<\/p>\n<p>6. De minister diende uiterlijk op 24 november 2025 te beslissen op de aanvraag<\/p>\n<p>(22 mei 2024 + zes maanden + \u00e9\u00e9n jaar, tot in totaal ten hoogste 21 maanden). Eiser heeft de minister op 24 november 2025 in gebreke gesteld. De beslistermijn was op dat moment verstreken. Het beroep is daarmee ontvankelijk en kennelijk gegrond.<\/p>\n<p>Welke nadere beslistermijn legt de rechtbank aan de minister op?<\/p>\n<p>7. De rechtbank geeft de minister in beginsel een termijn van twee weken na de dag van verzending van de uitspraak om alsnog een besluit te nemen. Er kunnen omstandigheden zijn die ervoor zorgen dat de rechtbank een andere termijn geeft.7 In deze zaak is dit aan de orde.<\/p>\n<p>8. Uit de beschikbare stukken blijkt dat eiser in deze zaak nog niet is gehoord omtrent zijn asielmotieven. De rechtbank bepaalt dat de minister binnen acht weken na de dag van verzending van deze uitspraak een gehoor omtrent de asielmotieven van eiser moet afnemen en binnen acht weken daarna het besluit op de aanvraag bekend moet maken.<\/p>\n<h3>Legt de rechtbank de minister een rechterlijke dwangsom op?<\/h3>\n<p>9. De rechtbank verbindt aan haar uitspraak een dwangsom overeenkomstig het beleid dat de rechtbanken in dit verband hanteren.8 De rechtbank bepaalt in deze zaak dat de minister een dwangsom van \u20ac 100,- moet betalen voor elke dag waarmee de minister de in de uitspraak bepaalde beslistermijn nu nog overschrijdt. Daarbij geldt een maximum van \u20ac 15.000,-.<\/p>\n<p>Conclusie en gevolgen<\/p>\n<p>10. Het beroep is gegrond. Dat betekent dat eiser gelijk krijgt en dat de minister binnen zestien weken alsnog een besluit op de aanvraag bekend moet maken. Als de minister dat niet doet, verbeurt hij een dwangsom.<\/p>\n<p>11. Omdat het beroep gegrond is, krijgt eiser ook een vergoeding voor de proceskosten die hij heeft gemaakt. De minister moet dit betalen. Volgens het Besluit proceskosten<\/p>\n<p>4 Stct. 2024, 41538.<\/p>\n<p>5 Artikel 43, eerste lid, van de Vw en artikel 2 van het Besluit instelling besluitmoratorium en vertrekmoratorium vreemdelingen afkomstig uit Syri\u00eb.<\/p>\n<p>6 Vgl. ECLI:NL:RVS:2025:3082 en ECLI:NL:RVS:2019:3600, onder 5.3.<\/p>\n<p>7 Artikel 8:55d, eerste en derde lid, van de Awb.<\/p>\n<p>8 Artikel 8:55d, tweede lid, van de Awb.<\/p>\n<p>Zie <a href=\"https:\/\/www.rechtspraak.nl\/Onderwerpen\/Overheidsorganisatie-beslist-niet-op-tijd\/Paginas\/extra-dwangsom.aspx\" rel=\"nofollow\">https:\/\/www.rechtspraak.nl\/Onderwerpen\/Overheidsorganisatie-beslist-niet-op-tijd\/Paginas\/extra-dwangsom.aspx<\/a>.<\/p>\n<p>bestuursrecht is dit een vast bedrag, omdat eiser een professionele (juridische) hulpverlener heeft ingeschakeld om voor hem een beroepschrift in te dienen. Omdat de zaak alleen gaat over de vraag of de beslistermijn is overschreden, wordt een lager bedrag toegekend (wegingsfactor 0,5). Verder zijn er geen kosten gemaakt die vergoed kunnen worden.<\/p>\n<p>Toegekend wordt \u20ac 467,- (1 punt voor het indienen van het beroepschrift, met een waarde per punt van \u20ac 934,- en een wegingsfactor 0,5).<\/p>\n<h3>Beslissing<\/h3>\n<p>De rechtbank:<\/p>\n<p>verklaart het beroep gegrond;<\/p>\n<p>vernietigt het met een besluit gelijk te stellen niet tijdig nemen van een besluit;<\/p>\n<p>draagt de minister op om binnen acht weken na de dag van verzending van de uitspraak een nader gehoor af te nemen en binnen acht weken na het nader gehoor een besluit op de aanvraag bekend te maken, in ieder geval binnen zestien weken na de dag van verzending van deze uitspraak;<\/p>\n<p>bepaalt dat de minister aan eiser een dwangsom van \u20ac 100,- moet betalen voor elke dag waarmee hij de hiervoor genoemde termijn overschrijdt, met een maximum van \u20ac 15.000,-;<\/p>\n<p>veroordeelt de minister in de proceskosten van eiser tot een bedrag van \u20ac 467,-.<\/p>\n<p>Deze uitspraak is gedaan door mr. G.P. Loman, rechter, in aanwezigheid van<\/p>\n<p>C.A.A.W. van der Heijden, griffier.<\/p>\n<p>De uitspraak is uitgesproken in het openbaar en bekendgemaakt op:<\/p>\n<p>15 januari 2026<\/p>\n<h3>Documentcode: [Documentcode]<\/h3>\n<h3>Bent u het niet eens met deze uitspraak?<\/h3>\n<p>Als u het niet eens bent met deze uitspraak kunt een brief sturen naar de rechtbank waarin u uitlegt waarom u het er niet mee eens bent. Dit heet een verzetschrift. U moet dit verzetschrift indienen binnen zes weken na de dag waarop deze uitspraak is verzonden. Als u graag een zitting wilt waarbij u persoonlijk uw mening aan de rechter kunt geven, kunt u dit in uw verzetschrift aangeven.<\/p>\n<\/div>\n<hr class=\"kji-sep\" \/>\n<p class=\"kji-source-links\"><strong>Sources officielles :<\/strong> <a class=\"kji-source-link\" href=\"http:\/\/deeplink.rechtspraak.nl\/uitspraak?id=ECLI:NL:RBDHA:2026:2954\" target=\"_blank\" rel=\"noopener noreferrer\">consulter la page source<\/a><\/p>\n<p class=\"kji-license-note\"><em>Rechtspraak.nl open data, Creative Commons Zero. Volume cible 1.8M decisions.<\/em><\/p>\n<\/div>\n","protected":false},"excerpt":{"rendered":"<p>Eerste beroep niet tijdig aanvraag asiel gegrond besluitmoratorium Syri\u00eb nadere beslistermijn zestien weken<\/p>\n","protected":false},"featured_media":0,"template":"","meta":{"_crdt_document":""},"kji_country":[7669],"kji_court":[7670],"kji_chamber":[],"kji_year":[7610],"kji_subject":[7646],"kji_keyword":[7992,7812,7674,7675,8123],"kji_language":[7671],"class_list":["post-622558","kji_decision","type-kji_decision","status-publish","hentry","kji_country-pays-bas","kji_court-rechtbank-den-haag","kji_year-7610","kji_subject-divers","kji_keyword-beroep","kji_keyword-eerste","kji_keyword-rbdha","kji_keyword-rechtbank","kji_keyword-tijdig","kji_language-nl"],"yoast_head":"<!-- This site is optimized with the Yoast SEO Premium plugin v27.5 (Yoast SEO v27.5) - https:\/\/yoast.com\/product\/yoast-seo-premium-wordpress\/ -->\n<title>ECLI:NL:RBDHA:2026:2954 Rechtbank Den Haag , 15-01-2026 \/ NL25.62160 - Ma\u00eetre Hassan Kohen, avocat en droit p\u00e9nal \u00e0 Paris<\/title>\n<meta name=\"robots\" content=\"index, follow, max-snippet:-1, max-image-preview:large, max-video-preview:-1\" \/>\n<link rel=\"canonical\" href=\"https:\/\/kohenavocats.com\/ru\/jurisprudences\/eclinlrbdha20262954-rechtbank-den-haag-15-01-2026-nl25-62160\/\" \/>\n<meta property=\"og:locale\" content=\"ru_RU\" \/>\n<meta property=\"og:type\" content=\"article\" \/>\n<meta property=\"og:title\" content=\"ECLI:NL:RBDHA:2026:2954 Rechtbank Den Haag , 15-01-2026 \/ NL25.62160\" \/>\n<meta property=\"og:description\" content=\"Eerste beroep niet tijdig aanvraag asiel gegrond besluitmoratorium Syri\u00eb nadere beslistermijn zestien weken\" \/>\n<meta property=\"og:url\" content=\"https:\/\/kohenavocats.com\/ru\/jurisprudences\/eclinlrbdha20262954-rechtbank-den-haag-15-01-2026-nl25-62160\/\" \/>\n<meta property=\"og:site_name\" content=\"Ma\u00eetre Hassan Kohen, avocat en droit p\u00e9nal \u00e0 Paris\" \/>\n<meta name=\"twitter:card\" content=\"summary_large_image\" \/>\n<meta name=\"twitter:label1\" content=\"\u041f\u0440\u0438\u043c\u0435\u0440\u043d\u043e\u0435 \u0432\u0440\u0435\u043c\u044f \u0434\u043b\u044f \u0447\u0442\u0435\u043d\u0438\u044f\" \/>\n\t<meta name=\"twitter:data1\" content=\"5 \u043c\u0438\u043d\u0443\u0442\" \/>\n<script type=\"application\/ld+json\" class=\"yoast-schema-graph\">{\"@context\":\"https:\\\/\\\/schema.org\",\"@graph\":[{\"@type\":\"WebPage\",\"@id\":\"https:\\\/\\\/kohenavocats.com\\\/ru\\\/jurisprudences\\\/eclinlrbdha20262954-rechtbank-den-haag-15-01-2026-nl25-62160\\\/\",\"url\":\"https:\\\/\\\/kohenavocats.com\\\/ru\\\/jurisprudences\\\/eclinlrbdha20262954-rechtbank-den-haag-15-01-2026-nl25-62160\\\/\",\"name\":\"ECLI:NL:RBDHA:2026:2954 Rechtbank Den Haag , 15-01-2026 \\\/ NL25.62160 - Ma\u00eetre Hassan Kohen, avocat en droit p\u00e9nal \u00e0 Paris\",\"isPartOf\":{\"@id\":\"https:\\\/\\\/kohenavocats.com\\\/ru\\\/#website\"},\"datePublished\":\"2026-04-20T11:55:34+00:00\",\"breadcrumb\":{\"@id\":\"https:\\\/\\\/kohenavocats.com\\\/ru\\\/jurisprudences\\\/eclinlrbdha20262954-rechtbank-den-haag-15-01-2026-nl25-62160\\\/#breadcrumb\"},\"inLanguage\":\"ru-RU\",\"potentialAction\":[{\"@type\":\"ReadAction\",\"target\":[\"https:\\\/\\\/kohenavocats.com\\\/ru\\\/jurisprudences\\\/eclinlrbdha20262954-rechtbank-den-haag-15-01-2026-nl25-62160\\\/\"]}]},{\"@type\":\"BreadcrumbList\",\"@id\":\"https:\\\/\\\/kohenavocats.com\\\/ru\\\/jurisprudences\\\/eclinlrbdha20262954-rechtbank-den-haag-15-01-2026-nl25-62160\\\/#breadcrumb\",\"itemListElement\":[{\"@type\":\"ListItem\",\"position\":1,\"name\":\"Home\",\"item\":\"https:\\\/\\\/kohenavocats.com\\\/ru\\\/avocats-en-droit-penal-a-paris-conseil-et-defense-strategique\\\/\"},{\"@type\":\"ListItem\",\"position\":2,\"name\":\"Jurisprudences\",\"item\":\"https:\\\/\\\/kohenavocats.com\\\/ru\\\/jurisprudences\\\/\"},{\"@type\":\"ListItem\",\"position\":3,\"name\":\"ECLI:NL:RBDHA:2026:2954 Rechtbank Den Haag , 15-01-2026 \\\/ NL25.62160\"}]},{\"@type\":\"WebSite\",\"@id\":\"https:\\\/\\\/kohenavocats.com\\\/ru\\\/#website\",\"url\":\"https:\\\/\\\/kohenavocats.com\\\/ru\\\/\",\"name\":\"Kohen Avocats\",\"description\":\"Ma\u00eetre Hassan Kohen, avocat p\u00e9naliste \u00e0 Paris, intervient exclusivement en droit p\u00e9nal pour la d\u00e9fense des particuliers, notamment en mati\u00e8re d\u2019accusations de viol. Il assure un accompagnement rigoureux d\u00e8s la garde \u00e0 vue jusqu\u2019\u00e0 la Cour d\u2019assises, veillant au strict respect des garanties proc\u00e9durales.\",\"publisher\":{\"@id\":\"https:\\\/\\\/kohenavocats.com\\\/ru\\\/#organization\"},\"potentialAction\":[{\"@type\":\"SearchAction\",\"target\":{\"@type\":\"EntryPoint\",\"urlTemplate\":\"https:\\\/\\\/kohenavocats.com\\\/ru\\\/?s={search_term_string}\"},\"query-input\":{\"@type\":\"PropertyValueSpecification\",\"valueRequired\":true,\"valueName\":\"search_term_string\"}}],\"inLanguage\":\"ru-RU\"},{\"@type\":\"Organization\",\"@id\":\"https:\\\/\\\/kohenavocats.com\\\/ru\\\/#organization\",\"name\":\"Kohen Avocats\",\"url\":\"https:\\\/\\\/kohenavocats.com\\\/ru\\\/\",\"logo\":{\"@type\":\"ImageObject\",\"inLanguage\":\"ru-RU\",\"@id\":\"https:\\\/\\\/kohenavocats.com\\\/ru\\\/#\\\/schema\\\/logo\\\/image\\\/\",\"url\":\"https:\\\/\\\/kohenavocats.com\\\/wp-content\\\/uploads\\\/2026\\\/01\\\/Logo-2-1.webp\",\"contentUrl\":\"https:\\\/\\\/kohenavocats.com\\\/wp-content\\\/uploads\\\/2026\\\/01\\\/Logo-2-1.webp\",\"width\":2114,\"height\":1253,\"caption\":\"Kohen Avocats\"},\"image\":{\"@id\":\"https:\\\/\\\/kohenavocats.com\\\/ru\\\/#\\\/schema\\\/logo\\\/image\\\/\"}}]}<\/script>\n<!-- \/ Yoast SEO Premium plugin. -->","yoast_head_json":{"title":"ECLI:NL:RBDHA:2026:2954 Rechtbank Den Haag , 15-01-2026 \/ NL25.62160 - Ma\u00eetre Hassan Kohen, avocat en droit p\u00e9nal \u00e0 Paris","robots":{"index":"index","follow":"follow","max-snippet":"max-snippet:-1","max-image-preview":"max-image-preview:large","max-video-preview":"max-video-preview:-1"},"canonical":"https:\/\/kohenavocats.com\/ru\/jurisprudences\/eclinlrbdha20262954-rechtbank-den-haag-15-01-2026-nl25-62160\/","og_locale":"ru_RU","og_type":"article","og_title":"ECLI:NL:RBDHA:2026:2954 Rechtbank Den Haag , 15-01-2026 \/ NL25.62160","og_description":"Eerste beroep niet tijdig aanvraag asiel gegrond besluitmoratorium Syri\u00eb nadere beslistermijn zestien weken","og_url":"https:\/\/kohenavocats.com\/ru\/jurisprudences\/eclinlrbdha20262954-rechtbank-den-haag-15-01-2026-nl25-62160\/","og_site_name":"Ma\u00eetre Hassan Kohen, avocat en droit p\u00e9nal \u00e0 Paris","twitter_card":"summary_large_image","twitter_misc":{"\u041f\u0440\u0438\u043c\u0435\u0440\u043d\u043e\u0435 \u0432\u0440\u0435\u043c\u044f \u0434\u043b\u044f \u0447\u0442\u0435\u043d\u0438\u044f":"5 \u043c\u0438\u043d\u0443\u0442"},"schema":{"@context":"https:\/\/schema.org","@graph":[{"@type":"WebPage","@id":"https:\/\/kohenavocats.com\/ru\/jurisprudences\/eclinlrbdha20262954-rechtbank-den-haag-15-01-2026-nl25-62160\/","url":"https:\/\/kohenavocats.com\/ru\/jurisprudences\/eclinlrbdha20262954-rechtbank-den-haag-15-01-2026-nl25-62160\/","name":"ECLI:NL:RBDHA:2026:2954 Rechtbank Den Haag , 15-01-2026 \/ NL25.62160 - Ma\u00eetre Hassan Kohen, avocat en droit p\u00e9nal \u00e0 Paris","isPartOf":{"@id":"https:\/\/kohenavocats.com\/ru\/#website"},"datePublished":"2026-04-20T11:55:34+00:00","breadcrumb":{"@id":"https:\/\/kohenavocats.com\/ru\/jurisprudences\/eclinlrbdha20262954-rechtbank-den-haag-15-01-2026-nl25-62160\/#breadcrumb"},"inLanguage":"ru-RU","potentialAction":[{"@type":"ReadAction","target":["https:\/\/kohenavocats.com\/ru\/jurisprudences\/eclinlrbdha20262954-rechtbank-den-haag-15-01-2026-nl25-62160\/"]}]},{"@type":"BreadcrumbList","@id":"https:\/\/kohenavocats.com\/ru\/jurisprudences\/eclinlrbdha20262954-rechtbank-den-haag-15-01-2026-nl25-62160\/#breadcrumb","itemListElement":[{"@type":"ListItem","position":1,"name":"Home","item":"https:\/\/kohenavocats.com\/ru\/avocats-en-droit-penal-a-paris-conseil-et-defense-strategique\/"},{"@type":"ListItem","position":2,"name":"Jurisprudences","item":"https:\/\/kohenavocats.com\/ru\/jurisprudences\/"},{"@type":"ListItem","position":3,"name":"ECLI:NL:RBDHA:2026:2954 Rechtbank Den Haag , 15-01-2026 \/ NL25.62160"}]},{"@type":"WebSite","@id":"https:\/\/kohenavocats.com\/ru\/#website","url":"https:\/\/kohenavocats.com\/ru\/","name":"Kohen Avocats","description":"Ma\u00eetre Hassan Kohen, avocat p\u00e9naliste \u00e0 Paris, intervient exclusivement en droit p\u00e9nal pour la d\u00e9fense des particuliers, notamment en mati\u00e8re d\u2019accusations de viol. Il assure un accompagnement rigoureux d\u00e8s la garde \u00e0 vue jusqu\u2019\u00e0 la Cour d\u2019assises, veillant au strict respect des garanties proc\u00e9durales.","publisher":{"@id":"https:\/\/kohenavocats.com\/ru\/#organization"},"potentialAction":[{"@type":"SearchAction","target":{"@type":"EntryPoint","urlTemplate":"https:\/\/kohenavocats.com\/ru\/?s={search_term_string}"},"query-input":{"@type":"PropertyValueSpecification","valueRequired":true,"valueName":"search_term_string"}}],"inLanguage":"ru-RU"},{"@type":"Organization","@id":"https:\/\/kohenavocats.com\/ru\/#organization","name":"Kohen Avocats","url":"https:\/\/kohenavocats.com\/ru\/","logo":{"@type":"ImageObject","inLanguage":"ru-RU","@id":"https:\/\/kohenavocats.com\/ru\/#\/schema\/logo\/image\/","url":"https:\/\/kohenavocats.com\/wp-content\/uploads\/2026\/01\/Logo-2-1.webp","contentUrl":"https:\/\/kohenavocats.com\/wp-content\/uploads\/2026\/01\/Logo-2-1.webp","width":2114,"height":1253,"caption":"Kohen Avocats"},"image":{"@id":"https:\/\/kohenavocats.com\/ru\/#\/schema\/logo\/image\/"}}]}},"jetpack_likes_enabled":false,"jetpack_sharing_enabled":true,"_links":{"self":[{"href":"https:\/\/kohenavocats.com\/ru\/wp-json\/wp\/v2\/kji_decision\/622558","targetHints":{"allow":["GET"]}}],"collection":[{"href":"https:\/\/kohenavocats.com\/ru\/wp-json\/wp\/v2\/kji_decision"}],"about":[{"href":"https:\/\/kohenavocats.com\/ru\/wp-json\/wp\/v2\/types\/kji_decision"}],"wp:attachment":[{"href":"https:\/\/kohenavocats.com\/ru\/wp-json\/wp\/v2\/media?parent=622558"}],"wp:term":[{"taxonomy":"kji_country","embeddable":true,"href":"https:\/\/kohenavocats.com\/ru\/wp-json\/wp\/v2\/kji_country?post=622558"},{"taxonomy":"kji_court","embeddable":true,"href":"https:\/\/kohenavocats.com\/ru\/wp-json\/wp\/v2\/kji_court?post=622558"},{"taxonomy":"kji_chamber","embeddable":true,"href":"https:\/\/kohenavocats.com\/ru\/wp-json\/wp\/v2\/kji_chamber?post=622558"},{"taxonomy":"kji_year","embeddable":true,"href":"https:\/\/kohenavocats.com\/ru\/wp-json\/wp\/v2\/kji_year?post=622558"},{"taxonomy":"kji_subject","embeddable":true,"href":"https:\/\/kohenavocats.com\/ru\/wp-json\/wp\/v2\/kji_subject?post=622558"},{"taxonomy":"kji_keyword","embeddable":true,"href":"https:\/\/kohenavocats.com\/ru\/wp-json\/wp\/v2\/kji_keyword?post=622558"},{"taxonomy":"kji_language","embeddable":true,"href":"https:\/\/kohenavocats.com\/ru\/wp-json\/wp\/v2\/kji_language?post=622558"}],"curies":[{"name":"wp","href":"https:\/\/api.w.org\/{rel}","templated":true}]}}