{"id":622628,"date":"2026-04-20T14:00:42","date_gmt":"2026-04-20T12:00:42","guid":{"rendered":"https:\/\/kohenavocats.com\/jurisprudences\/eclinlrbobr20258904-rechtbank-oost-brabant-14-11-2025-c-01-414841-fa-rk-25-163\/"},"modified":"2026-04-20T14:00:42","modified_gmt":"2026-04-20T12:00:42","slug":"eclinlrbobr20258904-rechtbank-oost-brabant-14-11-2025-c-01-414841-fa-rk-25-163","status":"publish","type":"kji_decision","link":"https:\/\/kohenavocats.com\/ru\/jurisprudences\/eclinlrbobr20258904-rechtbank-oost-brabant-14-11-2025-c-01-414841-fa-rk-25-163\/","title":{"rendered":"ECLI:NL:RBOBR:2025:8904 Rechtbank Oost-Brabant , 14-11-2025 \/ C\/01\/414841 \/ FA RK 25\/163"},"content":{"rendered":"<div class=\"kji-decision\">\n<div class=\"kji-full-text\">\n<p><strong>Inhoudsindicatie.<\/strong> Verzoek voornaamswijziging afgewezen wegens onvoldoende zwaarwichtig belang.<\/p>\n<p>beschikking<\/p>\n<h3>RECHTBANK OOST-BRABANT<\/h3>\n<p>Familie- en Jeugdrecht<\/p>\n<p>Zaaknummer : C\/01\/414841 \/ FA RK 25\/1639<\/p>\n<p>Uitspraak : 14 november 2025<\/p>\n<p>Beschikking betreffende voornaamswijziging in de zaak van:<\/p>\n<h3>[verzoeker] ,<\/h3>\n<p>geboren in [geboorteplaats] op [geboortedatum] ,<br \/>\nhierna te noemen: verzoeker,<br \/>\nwonende in [woonplaats] ,<br \/>\nadvocaat: mr. C.D.R. Schoonderbeek.<\/p>\n<h3>De procedure<\/h3>\n<p>De rechtbank heeft kennisgenomen van:<\/p>\n<p>het verzoekschrift met bijlagen, ontvangen op 16 april 2025;<\/p>\n<p>een F9-formulier met bijlage van 1 mei 2025.<\/p>\n<p>De zaak is mondeling behandeld op 17 oktober 2025.<\/p>\n<p>Verschenen zijn verzoeker en zijn advocaat.<\/p>\n<h3>Het verzoek<\/h3>\n<p>Het verzoek strekt tot wijziging van de voornamen van verzoeker van: [voornaam betrokkene] in: [X] .<\/p>\n<h3>De beoordeling<\/h3>\n<p>De rechtbank kan wijziging van de voornamen gelasten op verzoek van de betrokken persoon als daarvoor een voldoende zwaarwichtig belang bestaat (artikel 1:4 Burgerlijk Wetboek).<\/p>\n<p>Voor de beantwoording van de vraag wanneer sprake is van een voldoende zwaarwichtig belang dient aansluiting te worden gezocht bij de jurisprudentie van het Europees Hof voor de Rechten van de Mens. Omdat voornamen een middel zijn om personen binnen hun familie en in het maatschappelijk verkeer te identificeren, vallen zij onder het begrip priv\u00e9leven zoals bedoel in artikel 8 EVRM. Het door dit artikel beschermde belang brengt met zich mee dat inmenging van enig openbaar gezag niet is toegestaan. Niet iedere regulering houdt evenwel ook een inmenging in. Een weigering om een voornaam te wijzigen kan niet zonder meer als ongeoorloofde inmenging worden aangemerkt. Daarvoor zal steeds moeten worden onderzocht of sprake is van een evenwichtige belangenafweging (\u201cfair balance\u201d) tussen enerzijds de belangen van het individu en anderzijds de belangen van de Staat, waarbij niet uit het oog mag worden verloren dat de Staat\/de rechter een zekere mate van beoordelingsvrijheid toekomt.<\/p>\n<p>Of de weigering om een voornaam te wijzigen een ongerechtvaardigde inmenging oplevert, hangt af van de mate van ongemak en overlast die de betrokkene hiervan ondervindt. Daarbij dienen alle feiten en omstandigheden te worden meegewogen.<\/p>\n<p>Verzoeker heeft aan zijn verzoek ten grondslag gelegd dat hij al sinds zijn geboorte de roepnaam [X] draagt. Zijn offici\u00eble voornamen komen hiermee niet overeen. Hij is vernoemd naar overleden familieleden met wie hij niets heeft. Verzoeker vindt het hinderlijk dat hij anderen regelmatig moet corrigeren, omdat zijn roepnaam afwijkt van zijn offici\u00eble voornamen. Dit gaat ook vaak fout in offici\u00eble documenten, wat gedoe, onnodige vertraging en soms ook kosten oplevert. Tot slot heeft verzoeker katholieke voornamen, terwijl hij zich heeft uitgeschreven bij de kerk. Verzoeker vindt het ook vreemd dat de voornaam \u2018 [derde voornaam betrokkene] \u2019 een verwijzing is naar een vrouwelijke naam.<\/p>\n<p>De rechtbank is van oordeel dat geen sprake is van een voldoende zwaarwichtig belang bij wijziging van de voornamen van verzoeker. Het is heel gebruikelijk dat iemands offici\u00eble voornamen niet overeenkomen met de in het dagelijks leven gehanteerde roepnaam. Dat verzoeker daarvan enige hinder ondervindt, levert op zichzelf geen zwaarwichtig belang op bij wijziging van de voornamen. Het belang bij naamsconsistentie dient in dit geval naar het oordeel van de rechtbank zwaarder te wegen. De rechtbank zal het verzoek daarom afwijzen.<\/p>\n<h3>De beslissing<\/h3>\n<p>De rechtbank:<\/p>\n<p>wijst het verzoek af.<\/p>\n<p>Deze beschikking is gegeven door mr. V.R. de Meyere, rechter, en in het openbaar uitgesproken in tegenwoordigheid van de griffier op 14 november 2025.<\/p>\n<p>Tegen deze beschikking kan, voor zover het een eindbeslissing betreft, -uitsluitend door tussenkomst van een advocaat- hoger beroep worden ingesteld bij het gerechtshof &#039;s-Hertogenbosch<br \/>\na. door de verzoeker en degenen aan wie een afschrift van de beschikking is verstrekt of verzonden, binnen drie maanden na de dag van de uitspraak<br \/>\nb. door andere belanghebbenden binnen drie maanden na de betekening daarvan of nadat de beschikking hun op andere wijze bekend is geworden.<\/p>\n<\/div>\n<hr class=\"kji-sep\" \/>\n<p class=\"kji-source-links\"><strong>Sources officielles :<\/strong> <a class=\"kji-source-link\" href=\"http:\/\/deeplink.rechtspraak.nl\/uitspraak?id=ECLI:NL:RBOBR:2025:8904\" target=\"_blank\" rel=\"noopener noreferrer\">consulter la page source<\/a><\/p>\n<p class=\"kji-license-note\"><em>Rechtspraak.nl open data, Creative Commons Zero. Volume cible 1.8M decisions.<\/em><\/p>\n<\/div>\n","protected":false},"excerpt":{"rendered":"<p>Verzoek voornaamswijziging afgewezen wegens onvoldoende zwaarwichtig belang.<\/p>\n","protected":false},"featured_media":0,"template":"","meta":{"_crdt_document":""},"kji_country":[7669],"kji_court":[8173],"kji_chamber":[],"kji_year":[8463],"kji_subject":[7646],"kji_keyword":[8314,8313,7675,7814,9888],"kji_language":[7671],"class_list":["post-622628","kji_decision","type-kji_decision","status-publish","hentry","kji_country-pays-bas","kji_court-rechtbank-oost-brabant","kji_year-8463","kji_subject-divers","kji_keyword-oost-brabant","kji_keyword-rbobr","kji_keyword-rechtbank","kji_keyword-verzoek","kji_keyword-voornaamswijziging","kji_language-nl"],"yoast_head":"<!-- This site is optimized with the Yoast SEO Premium plugin v27.5 (Yoast SEO v27.5) - https:\/\/yoast.com\/product\/yoast-seo-premium-wordpress\/ -->\n<title>ECLI:NL:RBOBR:2025:8904 Rechtbank Oost-Brabant , 14-11-2025 \/ C\/01\/414841 \/ FA RK 25\/163 - Ma\u00eetre Hassan Kohen, avocat en droit p\u00e9nal \u00e0 Paris<\/title>\n<meta name=\"robots\" content=\"index, follow, max-snippet:-1, max-image-preview:large, max-video-preview:-1\" \/>\n<link rel=\"canonical\" href=\"https:\/\/kohenavocats.com\/ru\/jurisprudences\/eclinlrbobr20258904-rechtbank-oost-brabant-14-11-2025-c-01-414841-fa-rk-25-163\/\" \/>\n<meta property=\"og:locale\" content=\"ru_RU\" \/>\n<meta property=\"og:type\" content=\"article\" \/>\n<meta property=\"og:title\" content=\"ECLI:NL:RBOBR:2025:8904 Rechtbank Oost-Brabant , 14-11-2025 \/ C\/01\/414841 \/ FA RK 25\/163\" \/>\n<meta property=\"og:description\" content=\"Verzoek voornaamswijziging afgewezen wegens onvoldoende zwaarwichtig belang.\" \/>\n<meta property=\"og:url\" content=\"https:\/\/kohenavocats.com\/ru\/jurisprudences\/eclinlrbobr20258904-rechtbank-oost-brabant-14-11-2025-c-01-414841-fa-rk-25-163\/\" \/>\n<meta property=\"og:site_name\" content=\"Ma\u00eetre Hassan Kohen, avocat en droit p\u00e9nal \u00e0 Paris\" \/>\n<meta name=\"twitter:card\" content=\"summary_large_image\" \/>\n<meta name=\"twitter:label1\" content=\"\u041f\u0440\u0438\u043c\u0435\u0440\u043d\u043e\u0435 \u0432\u0440\u0435\u043c\u044f \u0434\u043b\u044f \u0447\u0442\u0435\u043d\u0438\u044f\" \/>\n\t<meta name=\"twitter:data1\" content=\"3 \u043c\u0438\u043d\u0443\u0442\u044b\" \/>\n<script type=\"application\/ld+json\" class=\"yoast-schema-graph\">{\"@context\":\"https:\\\/\\\/schema.org\",\"@graph\":[{\"@type\":\"WebPage\",\"@id\":\"https:\\\/\\\/kohenavocats.com\\\/ru\\\/jurisprudences\\\/eclinlrbobr20258904-rechtbank-oost-brabant-14-11-2025-c-01-414841-fa-rk-25-163\\\/\",\"url\":\"https:\\\/\\\/kohenavocats.com\\\/ru\\\/jurisprudences\\\/eclinlrbobr20258904-rechtbank-oost-brabant-14-11-2025-c-01-414841-fa-rk-25-163\\\/\",\"name\":\"ECLI:NL:RBOBR:2025:8904 Rechtbank Oost-Brabant , 14-11-2025 \\\/ C\\\/01\\\/414841 \\\/ FA RK 25\\\/163 - Ma\u00eetre Hassan Kohen, avocat en droit p\u00e9nal \u00e0 Paris\",\"isPartOf\":{\"@id\":\"https:\\\/\\\/kohenavocats.com\\\/ru\\\/#website\"},\"datePublished\":\"2026-04-20T12:00:42+00:00\",\"breadcrumb\":{\"@id\":\"https:\\\/\\\/kohenavocats.com\\\/ru\\\/jurisprudences\\\/eclinlrbobr20258904-rechtbank-oost-brabant-14-11-2025-c-01-414841-fa-rk-25-163\\\/#breadcrumb\"},\"inLanguage\":\"ru-RU\",\"potentialAction\":[{\"@type\":\"ReadAction\",\"target\":[\"https:\\\/\\\/kohenavocats.com\\\/ru\\\/jurisprudences\\\/eclinlrbobr20258904-rechtbank-oost-brabant-14-11-2025-c-01-414841-fa-rk-25-163\\\/\"]}]},{\"@type\":\"BreadcrumbList\",\"@id\":\"https:\\\/\\\/kohenavocats.com\\\/ru\\\/jurisprudences\\\/eclinlrbobr20258904-rechtbank-oost-brabant-14-11-2025-c-01-414841-fa-rk-25-163\\\/#breadcrumb\",\"itemListElement\":[{\"@type\":\"ListItem\",\"position\":1,\"name\":\"Home\",\"item\":\"https:\\\/\\\/kohenavocats.com\\\/ru\\\/avocats-en-droit-penal-a-paris-conseil-et-defense-strategique\\\/\"},{\"@type\":\"ListItem\",\"position\":2,\"name\":\"Jurisprudences\",\"item\":\"https:\\\/\\\/kohenavocats.com\\\/ru\\\/jurisprudences\\\/\"},{\"@type\":\"ListItem\",\"position\":3,\"name\":\"ECLI:NL:RBOBR:2025:8904 Rechtbank Oost-Brabant , 14-11-2025 \\\/ C\\\/01\\\/414841 \\\/ FA RK 25\\\/163\"}]},{\"@type\":\"WebSite\",\"@id\":\"https:\\\/\\\/kohenavocats.com\\\/ru\\\/#website\",\"url\":\"https:\\\/\\\/kohenavocats.com\\\/ru\\\/\",\"name\":\"Kohen Avocats\",\"description\":\"Ma\u00eetre Hassan Kohen, avocat p\u00e9naliste \u00e0 Paris, intervient exclusivement en droit p\u00e9nal pour la d\u00e9fense des particuliers, notamment en mati\u00e8re d\u2019accusations de viol. Il assure un accompagnement rigoureux d\u00e8s la garde \u00e0 vue jusqu\u2019\u00e0 la Cour d\u2019assises, veillant au strict respect des garanties proc\u00e9durales.\",\"publisher\":{\"@id\":\"https:\\\/\\\/kohenavocats.com\\\/ru\\\/#organization\"},\"potentialAction\":[{\"@type\":\"SearchAction\",\"target\":{\"@type\":\"EntryPoint\",\"urlTemplate\":\"https:\\\/\\\/kohenavocats.com\\\/ru\\\/?s={search_term_string}\"},\"query-input\":{\"@type\":\"PropertyValueSpecification\",\"valueRequired\":true,\"valueName\":\"search_term_string\"}}],\"inLanguage\":\"ru-RU\"},{\"@type\":\"Organization\",\"@id\":\"https:\\\/\\\/kohenavocats.com\\\/ru\\\/#organization\",\"name\":\"Kohen Avocats\",\"url\":\"https:\\\/\\\/kohenavocats.com\\\/ru\\\/\",\"logo\":{\"@type\":\"ImageObject\",\"inLanguage\":\"ru-RU\",\"@id\":\"https:\\\/\\\/kohenavocats.com\\\/ru\\\/#\\\/schema\\\/logo\\\/image\\\/\",\"url\":\"https:\\\/\\\/kohenavocats.com\\\/wp-content\\\/uploads\\\/2026\\\/01\\\/Logo-2-1.webp\",\"contentUrl\":\"https:\\\/\\\/kohenavocats.com\\\/wp-content\\\/uploads\\\/2026\\\/01\\\/Logo-2-1.webp\",\"width\":2114,\"height\":1253,\"caption\":\"Kohen Avocats\"},\"image\":{\"@id\":\"https:\\\/\\\/kohenavocats.com\\\/ru\\\/#\\\/schema\\\/logo\\\/image\\\/\"}}]}<\/script>\n<!-- \/ Yoast SEO Premium plugin. -->","yoast_head_json":{"title":"ECLI:NL:RBOBR:2025:8904 Rechtbank Oost-Brabant , 14-11-2025 \/ C\/01\/414841 \/ FA RK 25\/163 - Ma\u00eetre Hassan Kohen, avocat en droit p\u00e9nal \u00e0 Paris","robots":{"index":"index","follow":"follow","max-snippet":"max-snippet:-1","max-image-preview":"max-image-preview:large","max-video-preview":"max-video-preview:-1"},"canonical":"https:\/\/kohenavocats.com\/ru\/jurisprudences\/eclinlrbobr20258904-rechtbank-oost-brabant-14-11-2025-c-01-414841-fa-rk-25-163\/","og_locale":"ru_RU","og_type":"article","og_title":"ECLI:NL:RBOBR:2025:8904 Rechtbank Oost-Brabant , 14-11-2025 \/ C\/01\/414841 \/ FA RK 25\/163","og_description":"Verzoek voornaamswijziging afgewezen wegens onvoldoende zwaarwichtig belang.","og_url":"https:\/\/kohenavocats.com\/ru\/jurisprudences\/eclinlrbobr20258904-rechtbank-oost-brabant-14-11-2025-c-01-414841-fa-rk-25-163\/","og_site_name":"Ma\u00eetre Hassan Kohen, avocat en droit p\u00e9nal \u00e0 Paris","twitter_card":"summary_large_image","twitter_misc":{"\u041f\u0440\u0438\u043c\u0435\u0440\u043d\u043e\u0435 \u0432\u0440\u0435\u043c\u044f \u0434\u043b\u044f \u0447\u0442\u0435\u043d\u0438\u044f":"3 \u043c\u0438\u043d\u0443\u0442\u044b"},"schema":{"@context":"https:\/\/schema.org","@graph":[{"@type":"WebPage","@id":"https:\/\/kohenavocats.com\/ru\/jurisprudences\/eclinlrbobr20258904-rechtbank-oost-brabant-14-11-2025-c-01-414841-fa-rk-25-163\/","url":"https:\/\/kohenavocats.com\/ru\/jurisprudences\/eclinlrbobr20258904-rechtbank-oost-brabant-14-11-2025-c-01-414841-fa-rk-25-163\/","name":"ECLI:NL:RBOBR:2025:8904 Rechtbank Oost-Brabant , 14-11-2025 \/ C\/01\/414841 \/ FA RK 25\/163 - Ma\u00eetre Hassan Kohen, avocat en droit p\u00e9nal \u00e0 Paris","isPartOf":{"@id":"https:\/\/kohenavocats.com\/ru\/#website"},"datePublished":"2026-04-20T12:00:42+00:00","breadcrumb":{"@id":"https:\/\/kohenavocats.com\/ru\/jurisprudences\/eclinlrbobr20258904-rechtbank-oost-brabant-14-11-2025-c-01-414841-fa-rk-25-163\/#breadcrumb"},"inLanguage":"ru-RU","potentialAction":[{"@type":"ReadAction","target":["https:\/\/kohenavocats.com\/ru\/jurisprudences\/eclinlrbobr20258904-rechtbank-oost-brabant-14-11-2025-c-01-414841-fa-rk-25-163\/"]}]},{"@type":"BreadcrumbList","@id":"https:\/\/kohenavocats.com\/ru\/jurisprudences\/eclinlrbobr20258904-rechtbank-oost-brabant-14-11-2025-c-01-414841-fa-rk-25-163\/#breadcrumb","itemListElement":[{"@type":"ListItem","position":1,"name":"Home","item":"https:\/\/kohenavocats.com\/ru\/avocats-en-droit-penal-a-paris-conseil-et-defense-strategique\/"},{"@type":"ListItem","position":2,"name":"Jurisprudences","item":"https:\/\/kohenavocats.com\/ru\/jurisprudences\/"},{"@type":"ListItem","position":3,"name":"ECLI:NL:RBOBR:2025:8904 Rechtbank Oost-Brabant , 14-11-2025 \/ C\/01\/414841 \/ FA RK 25\/163"}]},{"@type":"WebSite","@id":"https:\/\/kohenavocats.com\/ru\/#website","url":"https:\/\/kohenavocats.com\/ru\/","name":"Kohen Avocats","description":"Ma\u00eetre Hassan Kohen, avocat p\u00e9naliste \u00e0 Paris, intervient exclusivement en droit p\u00e9nal pour la d\u00e9fense des particuliers, notamment en mati\u00e8re d\u2019accusations de viol. Il assure un accompagnement rigoureux d\u00e8s la garde \u00e0 vue jusqu\u2019\u00e0 la Cour d\u2019assises, veillant au strict respect des garanties proc\u00e9durales.","publisher":{"@id":"https:\/\/kohenavocats.com\/ru\/#organization"},"potentialAction":[{"@type":"SearchAction","target":{"@type":"EntryPoint","urlTemplate":"https:\/\/kohenavocats.com\/ru\/?s={search_term_string}"},"query-input":{"@type":"PropertyValueSpecification","valueRequired":true,"valueName":"search_term_string"}}],"inLanguage":"ru-RU"},{"@type":"Organization","@id":"https:\/\/kohenavocats.com\/ru\/#organization","name":"Kohen Avocats","url":"https:\/\/kohenavocats.com\/ru\/","logo":{"@type":"ImageObject","inLanguage":"ru-RU","@id":"https:\/\/kohenavocats.com\/ru\/#\/schema\/logo\/image\/","url":"https:\/\/kohenavocats.com\/wp-content\/uploads\/2026\/01\/Logo-2-1.webp","contentUrl":"https:\/\/kohenavocats.com\/wp-content\/uploads\/2026\/01\/Logo-2-1.webp","width":2114,"height":1253,"caption":"Kohen Avocats"},"image":{"@id":"https:\/\/kohenavocats.com\/ru\/#\/schema\/logo\/image\/"}}]}},"jetpack_likes_enabled":false,"jetpack_sharing_enabled":true,"_links":{"self":[{"href":"https:\/\/kohenavocats.com\/ru\/wp-json\/wp\/v2\/kji_decision\/622628","targetHints":{"allow":["GET"]}}],"collection":[{"href":"https:\/\/kohenavocats.com\/ru\/wp-json\/wp\/v2\/kji_decision"}],"about":[{"href":"https:\/\/kohenavocats.com\/ru\/wp-json\/wp\/v2\/types\/kji_decision"}],"wp:attachment":[{"href":"https:\/\/kohenavocats.com\/ru\/wp-json\/wp\/v2\/media?parent=622628"}],"wp:term":[{"taxonomy":"kji_country","embeddable":true,"href":"https:\/\/kohenavocats.com\/ru\/wp-json\/wp\/v2\/kji_country?post=622628"},{"taxonomy":"kji_court","embeddable":true,"href":"https:\/\/kohenavocats.com\/ru\/wp-json\/wp\/v2\/kji_court?post=622628"},{"taxonomy":"kji_chamber","embeddable":true,"href":"https:\/\/kohenavocats.com\/ru\/wp-json\/wp\/v2\/kji_chamber?post=622628"},{"taxonomy":"kji_year","embeddable":true,"href":"https:\/\/kohenavocats.com\/ru\/wp-json\/wp\/v2\/kji_year?post=622628"},{"taxonomy":"kji_subject","embeddable":true,"href":"https:\/\/kohenavocats.com\/ru\/wp-json\/wp\/v2\/kji_subject?post=622628"},{"taxonomy":"kji_keyword","embeddable":true,"href":"https:\/\/kohenavocats.com\/ru\/wp-json\/wp\/v2\/kji_keyword?post=622628"},{"taxonomy":"kji_language","embeddable":true,"href":"https:\/\/kohenavocats.com\/ru\/wp-json\/wp\/v2\/kji_language?post=622628"}],"curies":[{"name":"wp","href":"https:\/\/api.w.org\/{rel}","templated":true}]}}