{"id":622868,"date":"2026-04-20T14:19:34","date_gmt":"2026-04-20T12:19:34","guid":{"rendered":"https:\/\/kohenavocats.com\/jurisprudences\/eclinlrbdha20261508-rechtbank-den-haag-15-01-2026-c-09-697607-fa-rk-26-315\/"},"modified":"2026-04-20T14:19:34","modified_gmt":"2026-04-20T12:19:34","slug":"eclinlrbdha20261508-rechtbank-den-haag-15-01-2026-c-09-697607-fa-rk-26-315","status":"publish","type":"kji_decision","link":"https:\/\/kohenavocats.com\/ru\/jurisprudences\/eclinlrbdha20261508-rechtbank-den-haag-15-01-2026-c-09-697607-fa-rk-26-315\/","title":{"rendered":"ECLI:NL:RBDHA:2026:1508 Rechtbank Den Haag , 15-01-2026 \/ C\/09\/697607 \/ FA RK 26-315"},"content":{"rendered":"<div class=\"kji-decision\">\n<div class=\"kji-full-text\">\n<p><strong>Inhoudsindicatie.<\/strong> Betrokkene verzet zich tegen de zorg. Desondanks wordt het noodzakelijk geacht dat zij in de accommodatie verblijft om de acute su\u00efcidewens af te wenden. Ook is noodzakelijk dat met betrokkene het gesprek gevoerd wordt over de tegenslag betreffende de woonvorm en mogelijke alternatieven.<\/p>\n<h3>RECHTBANK DEN HAAG<\/h3>\n<p>Team Jeugd- en Zorgrecht<\/p>\n<p>Zaak-\/rekestnr.: C\/09\/697607 \/ FA RK 26-315<\/p>\n<p>Datum beschikking: 15 januari 2026<\/p>\n<h3>Machtiging tot voortzetting van de crisismaatregel<\/h3>\n<p>Beschikking naar aanleiding van het op 13 januari 2026 door de officier van justitie ingediende verzoek tot voortzetting van een crisismaatregel, als bedoeld in artikel 7:7 van de Wet verplichte geestelijke gezondheidszorg (Wvggz), ten aanzien van:<\/p>\n<h3>[betrokkene],<\/h3>\n<p>hierna te noemen: betrokkene,<\/p>\n<p>geboren op [geboortedatum] 1981 te [geboorteplaats],<\/p>\n<p>wonende te [woonplaats],<\/p>\n<p>thans verblijvende in de accommodatie [zorginstelling] te [plaats 1],<\/p>\n<p>advocaat: mr. M.S.C. Leistra te Zoetermeer.<\/p>\n<h3>Procesverloop<\/h3>\n<p>Bij verzoekschrift heeft de officier van justitie verzocht om voortzetting van de op 12 januari 2026 genomen crisismaatregel.<\/p>\n<p>Bij het verzoekschrift zijn de volgende bijlagen gevoegd:<\/p>\n<p>een afschrift van de beschikking van de burgemeester van de [gemeente] tot het nemen van de crisismaatregel;<\/p>\n<p>een op 12 januari 2026 ondertekende medische verklaring van [naam 1], psychiater, die betrokkene heeft onderzocht maar niet bij de behandeling betrokken was;<\/p>\n<p>&#8212; een afschrift van de politiemutaties;<\/p>\n<p>&#8212; een brief van de officier van justitie van 12 januari 2026, waaruit blijkt dat betrokkene geen justiti\u00eble documentatie heeft.<\/p>\n<p>De mondelinge behandeling van het verzoek heeft plaatsgevonden op 15 januari 2026. Daarbij zijn de volgende personen gehoord:<\/p>\n<p>&#8212; betrokkene, bijgestaan door haar advocaat;<\/p>\n<p>&#8212; de arts, mevrouw [naam 2];<\/p>\n<p>&#8212; de verpleegkundige, mevrouw [naam 3].<\/p>\n<p>Omdat door de officier van justitie een nadere toelichting op of motivering van het verzoek niet nodig werd geacht en het de rechtbank ter zitting is gebleken dat diens aanwezigheid ook niet noodzakelijk was om tot een inhoudelijke beslissing te kunnen komen, is de officier van justitie niet gehoord.<\/p>\n<h3>Standpunten ter zitting<\/h3>\n<p>Betrokkene heeft verklaard dat haar su\u00efcidewens momenteel nog sterk aanwezig is, maar dat dit niet betekent dat zij zich kan vinden in een verlenging van de maatregel. Zij heeft aangegeven van plan te zijn haar wens uit te voeren zodra zij de accommodatie verlaat. Betrokkene stond gedurende drie jaar op een wachtlijst voor een woonvoorziening in [plaats 2]. Op het moment dat zij aan de beurt was, bleek zij niet langer binnen de doelgroep te passen.<\/p>\n<p>De advocaat heeft verklaard dat betrokkene zich heeft verdiept in de mogelijkheden van euthanasie, waarvoor een wachtlijst bestaat van minimaal drie jaar. Er is sprake van lijdensdruk bij betrokkene. Volgens de advocaat is sprake van uitzichtloosheid, waarbij de depressieve klachten niet verminderen omdat de situatie niet verbetert. Betrokkene verzoekt de rechtbank om de machtiging af te wijzen.<\/p>\n<p>De arts heeft verklaard dat het doel van de opname is het afwenden van acute su\u00efcidaliteit. De angst bestaat dat betrokkene zichzelf van het leven zal beroven op het moment dat zij naar huis gaat. De onderzoeksvormen worden noodzakelijk geacht, aangezien betrokkene beschikt over insulinespuiten waarmee zij in het verleden een su\u00efcidepoging heeft ondernomen. De verplichte vorm van zorg het aanbrengen van beperkingen in de vrijheid het eigen leven in de richten is van belang in het kader van de ambulante nazorg.<\/p>\n<h3>Beoordeling<\/h3>\n<p>Uit de overgelegde stukken en het behandelde ter zitting is gebleken dat er ten aanzien van betrokkene sprake is van onmiddellijk dreigend ernstig nadeel, gelegen in:<\/p>\n<p>&#8212; levensgevaar;<\/p>\n<p>&#8212; ernstig lichamelijk letsel;<\/p>\n<p>&#8212; ernstige psychische schade.<\/p>\n<p>Er is sprake van acute su\u00efcidaliteit in het kader van een depressieve stoornis. Uit de voorgeschiedenis blijkt dat betrokkene ernstige su\u00efcidepogingen onderneemt. Vier dagen voorafgaand aan de huidige opname heeft betrokkene opnieuw een zeer ernstige poging tot zelfdoding ondernomen door het innemen van grote hoeveelheden insuline en verdovende middelen. Daarnaast heeft betrokkene verklaard van plan te zijn zichzelf te su\u00efcideren zodra zij weer thuis zou zijn, door middel van medicatie. Tevens heeft zij aangegeven deze intentie ook te hebben tijdens haar verblijf op de afdeling. De recente tegenslag betreffende de woonvorm waarvoor zij drie jaar op de wachtlijst heeft gestaan is moeilijk te verwerken, hetgeen zeer invoelbaar is.<\/p>\n<p>Vermoed wordt dat dit nadeel wordt veroorzaakt door gedrag dat voortvloeit uit een psychische stoornis, te weten een depressie. De crisissituatie is zo ernstig dat de procedure voor een zorgmachtiging niet kan worden afgewacht.<\/p>\n<p>De rechtbank is van oordeel dat, anders dan de in de crisismaatregel genoemde zorg, de volgende vormen van verplichte zorg noodzakelijk zijn om het nadeel af te wenden, te weten:<\/p>\n<p>&#8212; toedienen van medicatie;<\/p>\n<p>&#8212; verrichten medische controles;<\/p>\n<p>&#8212; andere medische handelingen en therapeutische maatregelen;<\/p>\n<p>&#8212; beperken van de bewegingsvrijheid;<\/p>\n<p>&#8212; onderzoek aan kleding of lichaam;<\/p>\n<p>&#8212; onderzoek van de woon- of verblijfsruimte op gedrag-be\u00efnvloedende middelen en gevaarlijke voorwerpen;<\/p>\n<p>&#8212; aanbrengen van beperkingen in de vrijheid het eigen leven in te richten, die tot gevolg hebben dat betrokkene iets moet doen of nalaten, met uitzondering van het gebruik van communicatiemiddelen;<\/p>\n<p>&#8212; opnemen in een accommodatie.<\/p>\n<p>Van de overige in de crisismaatregel genoemde vormen van zorg is \u2013 door de toelichting van de arts \u2013 ter zitting gebleken dat de toepassing niet voorzienbaar en noodzakelijk is. De rechtbank volgt de toelichting van de arts en zal het verzoek in zoverre dan ook afwijzen<\/p>\n<p>Betrokkene verzet zich tegen deze zorg. Desondanks wordt het noodzakelijk geacht dat zij in de accommodatie verblijft om de acute su\u00efcidewens af te wenden. Ook is noodzakelijk dat met betrokkene het gesprek gevoerd wordt over de tegenslag betreffende de woonvorm en mogelijke alternatieven.<\/p>\n<p>Er zijn geen minder bezwarende alternatieven die hetzelfde beoogde effect hebben. De verplichte zorg is bovendien evenredig en naar verwachting effectief. Uit de stukken blijkt verder dat rekening is gehouden met de voorwaarden die noodzakelijk zijn om deelname van betrokkene aan het maatschappelijk leven te bevorderen, alsmede met de veiligheid van betrokkene.<\/p>\n<p>Gelet op het voorgaande zal een machtiging tot voortzetting van de crisismaatregel worden verleend, welke machtiging een geldigheidsduur heeft van drie weken na heden.<\/p>\n<h3>Beslissing<\/h3>\n<p>De rechtbank:<\/p>\n<p>verleent een machtiging tot voortzetting van de crisismaatregel ten aanzien van:<\/p>\n<h3>[betrokkene],<\/h3>\n<p>geboren op [geboortedatum] 1981 te [geboorteplaats],<\/p>\n<p>inhoudende dat bij wijze van verplichte zorg de volgende maatregelen kunnen worden getroffen:<\/p>\n<p>&#8212; toedienen van medicatie;<\/p>\n<p>&#8212; verrichten medische controles;<\/p>\n<p>&#8212; andere medische handelingen en therapeutische maatregelen;<\/p>\n<p>&#8212; beperken van de bewegingsvrijheid;<\/p>\n<p>&#8212; onderzoek aan kleding of lichaam;<\/p>\n<p>&#8212; onderzoek van de woon- of verblijfsruimte op gedrag-be\u00efnvloedende middelen en gevaarlijke voorwerpen;<\/p>\n<p>&#8212; aanbrengen van beperkingen in de vrijheid het eigen leven in te richten, die tot gevolg hebben dat betrokkene iets moet doen of nalaten, met uitzondering van het gebruik van communicatiemiddelen;<\/p>\n<p>&#8212; opnemen in een accommodatie;<\/p>\n<p>bepaalt dat deze machtiging geldt tot en met 5 februari 2026;<\/p>\n<p>wijst af het meer of anders verzochte.<\/p>\n<p>Deze beschikking is gegeven door mr. J.C. van den Dries, rechter, bijgestaan door M. Gosses als griffier, en uitgesproken ter openbare zitting van 15 januari 2026.<\/p>\n<p>De schriftelijke uitwerking van deze beschikking is vastgesteld op 29 januari 2026.<\/p>\n<p>Tegen deze beschikking staat het rechtsmiddel van cassatie open.<\/p>\n<\/div>\n<hr class=\"kji-sep\" \/>\n<p class=\"kji-source-links\"><strong>Sources officielles :<\/strong> <a class=\"kji-source-link\" href=\"http:\/\/deeplink.rechtspraak.nl\/uitspraak?id=ECLI:NL:RBDHA:2026:1508\" target=\"_blank\" rel=\"noopener noreferrer\">consulter la page source<\/a><\/p>\n<p class=\"kji-license-note\"><em>Rechtspraak.nl open data, Creative Commons Zero. Volume cible 1.8M decisions.<\/em><\/p>\n<\/div>\n","protected":false},"excerpt":{"rendered":"<p>Betrokkene verzet zich tegen de zorg. Desondanks wordt het noodzakelijk geacht dat zij in de accommodatie verblijft om de acute su\u00efcidewens af te wenden. Ook is noodzakelijk dat met betrokkene het gesprek gevoerd wordt over de tegenslag betreffende de woonvorm en mogelijke alternatieven.<\/p>\n","protected":false},"featured_media":0,"template":"","meta":{"_crdt_document":""},"kji_country":[7669],"kji_court":[7670],"kji_chamber":[],"kji_year":[7610],"kji_subject":[7646],"kji_keyword":[9983,12442,8008],"kji_language":[7671],"class_list":["post-622868","kji_decision","type-kji_decision","status-publish","hentry","kji_country-pays-bas","kji_court-rechtbank-den-haag","kji_year-7610","kji_subject-divers","kji_keyword-betrokkene","kji_keyword-noodzakelijk","kji_keyword-wordt","kji_language-nl"],"yoast_head":"<!-- This site is optimized with the Yoast SEO Premium plugin v27.4 (Yoast SEO v27.4) - https:\/\/yoast.com\/product\/yoast-seo-premium-wordpress\/ -->\n<title>ECLI:NL:RBDHA:2026:1508 Rechtbank Den Haag , 15-01-2026 \/ C\/09\/697607 \/ FA RK 26-315 - Ma\u00eetre Hassan Kohen, avocat en droit p\u00e9nal \u00e0 Paris<\/title>\n<meta name=\"robots\" content=\"index, follow, max-snippet:-1, max-image-preview:large, max-video-preview:-1\" \/>\n<link rel=\"canonical\" href=\"https:\/\/kohenavocats.com\/ru\/jurisprudences\/eclinlrbdha20261508-rechtbank-den-haag-15-01-2026-c-09-697607-fa-rk-26-315\/\" \/>\n<meta property=\"og:locale\" content=\"ru_RU\" \/>\n<meta property=\"og:type\" content=\"article\" \/>\n<meta property=\"og:title\" content=\"ECLI:NL:RBDHA:2026:1508 Rechtbank Den Haag , 15-01-2026 \/ C\/09\/697607 \/ FA RK 26-315\" \/>\n<meta property=\"og:description\" content=\"Betrokkene verzet zich tegen de zorg. Desondanks wordt het noodzakelijk geacht dat zij in de accommodatie verblijft om de acute su\u00efcidewens af te wenden. Ook is noodzakelijk dat met betrokkene het gesprek gevoerd wordt over de tegenslag betreffende de woonvorm en mogelijke alternatieven.\" \/>\n<meta property=\"og:url\" content=\"https:\/\/kohenavocats.com\/ru\/jurisprudences\/eclinlrbdha20261508-rechtbank-den-haag-15-01-2026-c-09-697607-fa-rk-26-315\/\" \/>\n<meta property=\"og:site_name\" content=\"Ma\u00eetre Hassan Kohen, avocat en droit p\u00e9nal \u00e0 Paris\" \/>\n<meta name=\"twitter:card\" content=\"summary_large_image\" \/>\n<meta name=\"twitter:label1\" content=\"\u041f\u0440\u0438\u043c\u0435\u0440\u043d\u043e\u0435 \u0432\u0440\u0435\u043c\u044f \u0434\u043b\u044f \u0447\u0442\u0435\u043d\u0438\u044f\" \/>\n\t<meta name=\"twitter:data1\" content=\"6 \u043c\u0438\u043d\u0443\u0442\" \/>\n<script type=\"application\/ld+json\" class=\"yoast-schema-graph\">{\"@context\":\"https:\\\/\\\/schema.org\",\"@graph\":[{\"@type\":\"WebPage\",\"@id\":\"https:\\\/\\\/kohenavocats.com\\\/ru\\\/jurisprudences\\\/eclinlrbdha20261508-rechtbank-den-haag-15-01-2026-c-09-697607-fa-rk-26-315\\\/\",\"url\":\"https:\\\/\\\/kohenavocats.com\\\/ru\\\/jurisprudences\\\/eclinlrbdha20261508-rechtbank-den-haag-15-01-2026-c-09-697607-fa-rk-26-315\\\/\",\"name\":\"ECLI:NL:RBDHA:2026:1508 Rechtbank Den Haag , 15-01-2026 \\\/ C\\\/09\\\/697607 \\\/ FA RK 26-315 - Ma\u00eetre Hassan Kohen, avocat en droit p\u00e9nal \u00e0 Paris\",\"isPartOf\":{\"@id\":\"https:\\\/\\\/kohenavocats.com\\\/ru\\\/#website\"},\"datePublished\":\"2026-04-20T12:19:34+00:00\",\"breadcrumb\":{\"@id\":\"https:\\\/\\\/kohenavocats.com\\\/ru\\\/jurisprudences\\\/eclinlrbdha20261508-rechtbank-den-haag-15-01-2026-c-09-697607-fa-rk-26-315\\\/#breadcrumb\"},\"inLanguage\":\"ru-RU\",\"potentialAction\":[{\"@type\":\"ReadAction\",\"target\":[\"https:\\\/\\\/kohenavocats.com\\\/ru\\\/jurisprudences\\\/eclinlrbdha20261508-rechtbank-den-haag-15-01-2026-c-09-697607-fa-rk-26-315\\\/\"]}]},{\"@type\":\"BreadcrumbList\",\"@id\":\"https:\\\/\\\/kohenavocats.com\\\/ru\\\/jurisprudences\\\/eclinlrbdha20261508-rechtbank-den-haag-15-01-2026-c-09-697607-fa-rk-26-315\\\/#breadcrumb\",\"itemListElement\":[{\"@type\":\"ListItem\",\"position\":1,\"name\":\"Home\",\"item\":\"https:\\\/\\\/kohenavocats.com\\\/ru\\\/avocats-en-droit-penal-a-paris-conseil-et-defense-strategique\\\/\"},{\"@type\":\"ListItem\",\"position\":2,\"name\":\"Jurisprudences\",\"item\":\"https:\\\/\\\/kohenavocats.com\\\/ru\\\/jurisprudences\\\/\"},{\"@type\":\"ListItem\",\"position\":3,\"name\":\"ECLI:NL:RBDHA:2026:1508 Rechtbank Den Haag , 15-01-2026 \\\/ C\\\/09\\\/697607 \\\/ FA RK 26-315\"}]},{\"@type\":\"WebSite\",\"@id\":\"https:\\\/\\\/kohenavocats.com\\\/ru\\\/#website\",\"url\":\"https:\\\/\\\/kohenavocats.com\\\/ru\\\/\",\"name\":\"Kohen Avocats\",\"description\":\"Ma\u00eetre Hassan Kohen, avocat p\u00e9naliste \u00e0 Paris, intervient exclusivement en droit p\u00e9nal pour la d\u00e9fense des particuliers, notamment en mati\u00e8re d\u2019accusations de viol. Il assure un accompagnement rigoureux d\u00e8s la garde \u00e0 vue jusqu\u2019\u00e0 la Cour d\u2019assises, veillant au strict respect des garanties proc\u00e9durales.\",\"publisher\":{\"@id\":\"https:\\\/\\\/kohenavocats.com\\\/ru\\\/#organization\"},\"potentialAction\":[{\"@type\":\"SearchAction\",\"target\":{\"@type\":\"EntryPoint\",\"urlTemplate\":\"https:\\\/\\\/kohenavocats.com\\\/ru\\\/?s={search_term_string}\"},\"query-input\":{\"@type\":\"PropertyValueSpecification\",\"valueRequired\":true,\"valueName\":\"search_term_string\"}}],\"inLanguage\":\"ru-RU\"},{\"@type\":\"Organization\",\"@id\":\"https:\\\/\\\/kohenavocats.com\\\/ru\\\/#organization\",\"name\":\"Kohen Avocats\",\"url\":\"https:\\\/\\\/kohenavocats.com\\\/ru\\\/\",\"logo\":{\"@type\":\"ImageObject\",\"inLanguage\":\"ru-RU\",\"@id\":\"https:\\\/\\\/kohenavocats.com\\\/ru\\\/#\\\/schema\\\/logo\\\/image\\\/\",\"url\":\"https:\\\/\\\/kohenavocats.com\\\/wp-content\\\/uploads\\\/2026\\\/01\\\/Logo-2-1.webp\",\"contentUrl\":\"https:\\\/\\\/kohenavocats.com\\\/wp-content\\\/uploads\\\/2026\\\/01\\\/Logo-2-1.webp\",\"width\":2114,\"height\":1253,\"caption\":\"Kohen Avocats\"},\"image\":{\"@id\":\"https:\\\/\\\/kohenavocats.com\\\/ru\\\/#\\\/schema\\\/logo\\\/image\\\/\"}}]}<\/script>\n<!-- \/ Yoast SEO Premium plugin. -->","yoast_head_json":{"title":"ECLI:NL:RBDHA:2026:1508 Rechtbank Den Haag , 15-01-2026 \/ C\/09\/697607 \/ FA RK 26-315 - Ma\u00eetre Hassan Kohen, avocat en droit p\u00e9nal \u00e0 Paris","robots":{"index":"index","follow":"follow","max-snippet":"max-snippet:-1","max-image-preview":"max-image-preview:large","max-video-preview":"max-video-preview:-1"},"canonical":"https:\/\/kohenavocats.com\/ru\/jurisprudences\/eclinlrbdha20261508-rechtbank-den-haag-15-01-2026-c-09-697607-fa-rk-26-315\/","og_locale":"ru_RU","og_type":"article","og_title":"ECLI:NL:RBDHA:2026:1508 Rechtbank Den Haag , 15-01-2026 \/ C\/09\/697607 \/ FA RK 26-315","og_description":"Betrokkene verzet zich tegen de zorg. Desondanks wordt het noodzakelijk geacht dat zij in de accommodatie verblijft om de acute su\u00efcidewens af te wenden. Ook is noodzakelijk dat met betrokkene het gesprek gevoerd wordt over de tegenslag betreffende de woonvorm en mogelijke alternatieven.","og_url":"https:\/\/kohenavocats.com\/ru\/jurisprudences\/eclinlrbdha20261508-rechtbank-den-haag-15-01-2026-c-09-697607-fa-rk-26-315\/","og_site_name":"Ma\u00eetre Hassan Kohen, avocat en droit p\u00e9nal \u00e0 Paris","twitter_card":"summary_large_image","twitter_misc":{"\u041f\u0440\u0438\u043c\u0435\u0440\u043d\u043e\u0435 \u0432\u0440\u0435\u043c\u044f \u0434\u043b\u044f \u0447\u0442\u0435\u043d\u0438\u044f":"6 \u043c\u0438\u043d\u0443\u0442"},"schema":{"@context":"https:\/\/schema.org","@graph":[{"@type":"WebPage","@id":"https:\/\/kohenavocats.com\/ru\/jurisprudences\/eclinlrbdha20261508-rechtbank-den-haag-15-01-2026-c-09-697607-fa-rk-26-315\/","url":"https:\/\/kohenavocats.com\/ru\/jurisprudences\/eclinlrbdha20261508-rechtbank-den-haag-15-01-2026-c-09-697607-fa-rk-26-315\/","name":"ECLI:NL:RBDHA:2026:1508 Rechtbank Den Haag , 15-01-2026 \/ C\/09\/697607 \/ FA RK 26-315 - Ma\u00eetre Hassan Kohen, avocat en droit p\u00e9nal \u00e0 Paris","isPartOf":{"@id":"https:\/\/kohenavocats.com\/ru\/#website"},"datePublished":"2026-04-20T12:19:34+00:00","breadcrumb":{"@id":"https:\/\/kohenavocats.com\/ru\/jurisprudences\/eclinlrbdha20261508-rechtbank-den-haag-15-01-2026-c-09-697607-fa-rk-26-315\/#breadcrumb"},"inLanguage":"ru-RU","potentialAction":[{"@type":"ReadAction","target":["https:\/\/kohenavocats.com\/ru\/jurisprudences\/eclinlrbdha20261508-rechtbank-den-haag-15-01-2026-c-09-697607-fa-rk-26-315\/"]}]},{"@type":"BreadcrumbList","@id":"https:\/\/kohenavocats.com\/ru\/jurisprudences\/eclinlrbdha20261508-rechtbank-den-haag-15-01-2026-c-09-697607-fa-rk-26-315\/#breadcrumb","itemListElement":[{"@type":"ListItem","position":1,"name":"Home","item":"https:\/\/kohenavocats.com\/ru\/avocats-en-droit-penal-a-paris-conseil-et-defense-strategique\/"},{"@type":"ListItem","position":2,"name":"Jurisprudences","item":"https:\/\/kohenavocats.com\/ru\/jurisprudences\/"},{"@type":"ListItem","position":3,"name":"ECLI:NL:RBDHA:2026:1508 Rechtbank Den Haag , 15-01-2026 \/ C\/09\/697607 \/ FA RK 26-315"}]},{"@type":"WebSite","@id":"https:\/\/kohenavocats.com\/ru\/#website","url":"https:\/\/kohenavocats.com\/ru\/","name":"Kohen Avocats","description":"Ma\u00eetre Hassan Kohen, avocat p\u00e9naliste \u00e0 Paris, intervient exclusivement en droit p\u00e9nal pour la d\u00e9fense des particuliers, notamment en mati\u00e8re d\u2019accusations de viol. Il assure un accompagnement rigoureux d\u00e8s la garde \u00e0 vue jusqu\u2019\u00e0 la Cour d\u2019assises, veillant au strict respect des garanties proc\u00e9durales.","publisher":{"@id":"https:\/\/kohenavocats.com\/ru\/#organization"},"potentialAction":[{"@type":"SearchAction","target":{"@type":"EntryPoint","urlTemplate":"https:\/\/kohenavocats.com\/ru\/?s={search_term_string}"},"query-input":{"@type":"PropertyValueSpecification","valueRequired":true,"valueName":"search_term_string"}}],"inLanguage":"ru-RU"},{"@type":"Organization","@id":"https:\/\/kohenavocats.com\/ru\/#organization","name":"Kohen Avocats","url":"https:\/\/kohenavocats.com\/ru\/","logo":{"@type":"ImageObject","inLanguage":"ru-RU","@id":"https:\/\/kohenavocats.com\/ru\/#\/schema\/logo\/image\/","url":"https:\/\/kohenavocats.com\/wp-content\/uploads\/2026\/01\/Logo-2-1.webp","contentUrl":"https:\/\/kohenavocats.com\/wp-content\/uploads\/2026\/01\/Logo-2-1.webp","width":2114,"height":1253,"caption":"Kohen Avocats"},"image":{"@id":"https:\/\/kohenavocats.com\/ru\/#\/schema\/logo\/image\/"}}]}},"jetpack_likes_enabled":false,"jetpack_sharing_enabled":true,"_links":{"self":[{"href":"https:\/\/kohenavocats.com\/ru\/wp-json\/wp\/v2\/kji_decision\/622868","targetHints":{"allow":["GET"]}}],"collection":[{"href":"https:\/\/kohenavocats.com\/ru\/wp-json\/wp\/v2\/kji_decision"}],"about":[{"href":"https:\/\/kohenavocats.com\/ru\/wp-json\/wp\/v2\/types\/kji_decision"}],"wp:attachment":[{"href":"https:\/\/kohenavocats.com\/ru\/wp-json\/wp\/v2\/media?parent=622868"}],"wp:term":[{"taxonomy":"kji_country","embeddable":true,"href":"https:\/\/kohenavocats.com\/ru\/wp-json\/wp\/v2\/kji_country?post=622868"},{"taxonomy":"kji_court","embeddable":true,"href":"https:\/\/kohenavocats.com\/ru\/wp-json\/wp\/v2\/kji_court?post=622868"},{"taxonomy":"kji_chamber","embeddable":true,"href":"https:\/\/kohenavocats.com\/ru\/wp-json\/wp\/v2\/kji_chamber?post=622868"},{"taxonomy":"kji_year","embeddable":true,"href":"https:\/\/kohenavocats.com\/ru\/wp-json\/wp\/v2\/kji_year?post=622868"},{"taxonomy":"kji_subject","embeddable":true,"href":"https:\/\/kohenavocats.com\/ru\/wp-json\/wp\/v2\/kji_subject?post=622868"},{"taxonomy":"kji_keyword","embeddable":true,"href":"https:\/\/kohenavocats.com\/ru\/wp-json\/wp\/v2\/kji_keyword?post=622868"},{"taxonomy":"kji_language","embeddable":true,"href":"https:\/\/kohenavocats.com\/ru\/wp-json\/wp\/v2\/kji_language?post=622868"}],"curies":[{"name":"wp","href":"https:\/\/api.w.org\/{rel}","templated":true}]}}