{"id":622869,"date":"2026-04-20T14:19:38","date_gmt":"2026-04-20T12:19:38","guid":{"rendered":"https:\/\/kohenavocats.com\/jurisprudences\/eclinlrbdha20261509-rechtbank-den-haag-15-01-2026-c-09-697198-fa-rk-26-107\/"},"modified":"2026-04-20T14:19:38","modified_gmt":"2026-04-20T12:19:38","slug":"eclinlrbdha20261509-rechtbank-den-haag-15-01-2026-c-09-697198-fa-rk-26-107","status":"publish","type":"kji_decision","link":"https:\/\/kohenavocats.com\/ru\/jurisprudences\/eclinlrbdha20261509-rechtbank-den-haag-15-01-2026-c-09-697198-fa-rk-26-107\/","title":{"rendered":"ECLI:NL:RBDHA:2026:1509 Rechtbank Den Haag , 15-01-2026 \/ C\/09\/697198 \/ FA RK 26-107"},"content":{"rendered":"<div class=\"kji-decision\">\n<div class=\"kji-full-text\">\n<p><strong>Inhoudsindicatie.<\/strong> De rechtbank sluit zich aan bij het standpunt van de advocaat. De medische verklaring is onvoldoende duidelijk welk causaal verband bestaat tussen de gestelde psychische stoornis en het ernstig nadeel. Anti-psychotica is niet voorgeschreven en uit de medische verklaring blijkt niet dat er sprake is van een verslavingsstoornis in de zin van de jurisprudentie hieromtrent. Daarnaast acht de rechtbank de invulling van de nazorg onvoldoende inzichtelijk, waarbij met name de woonsituatie van betrokkene onvoldoende is uitgewerkt. Dit had ter zitting duidelijk kunnen zijn, onder meer door contact op te nemen met De Binnenvest. Dan was duidelijk geweest of betrokkene terugkeerde naar De Binnenvest, dan wel (tijdelijk) onderdak bij haar partner als verblijfplaats voor de nazorg zou hebben. De rechtbank weegt daarbij mee dat betrokkene kan terugvallen op haar partner, ter zitting aanwezig, als achterwacht, die dit heeft bevestigd. Hoewel dit leidt tot afwijzing van het verzoek, acht de rechtbank het wel van belang dat betrokkene heeft toegezegd bereid is zijn ambulante nazorg te aanvaarden.<\/p>\n<h3>RECHTBANK DEN HAAG<\/h3>\n<p>Team Jeugd- en Zorgrecht<\/p>\n<p>Zaak-\/rekestnr.: C\/09\/697198 \/ FA RK 26-107<\/p>\n<p>Datum beschikking: 15 januari 2026<\/p>\n<h3>Afwijzing machtiging tot het verlenen van verplichte zorg<\/h3>\n<p>Beschikking naar aanleiding van het door de officier van justitie ingediende verzoek tot het verlenen van een zorgmachtiging als bedoeld in artikel 7:11 van de Wet verplichte geestelijke gezondheidszorg (Wvggz), ten aanzien van:<\/p>\n<h3>[betrokkene] ,<\/h3>\n<p>hierna te noemen: betrokkene,<\/p>\n<p>geboren op [geboortedatum] 1985 te [geboorteplaats] , [geboorteland] ,<\/p>\n<p>wonende te [woonplaats] ,<\/p>\n<p>thans verblijvende in de accommodatie [accomodatie] te [plaats] ,<\/p>\n<p>advocaat: mr. M.P. Friperson te Den Haag.<\/p>\n<h3>Procesverloop<br \/>\nBij verzoekschrift, ingekomen ter griffie op 5 januari 2026, heeft de officier van justitie verzocht om een zorgmachtiging.<\/h3>\n<p>Bij het verzoekschrift zijn de volgende bijlagen gevoegd:<\/p>\n<p>&#8212; een op 2 januari 2026 ondertekende medische verklaring van [naam 1] , psychiater, die betrokkene heeft onderzocht maar niet bij de behandeling betrokken was;<\/p>\n<p>&#8212; een blanco zorgkaart;<\/p>\n<p>&#8212; een zorgplan van 23 december 2025;<\/p>\n<p>&#8212; de bevindingen van de geneesheer-directeur van 5 januari 2026;<\/p>\n<p>&#8212; een uittreksel uit de justiti\u00eble documentatie;<\/p>\n<p>&#8212; een afschrift van de politiemutaties.<\/p>\n<p>De mondelinge behandeling van het verzoek heeft plaatsgevonden op 15 januari 2026. Daarbij zijn gehoord:<\/p>\n<p>&#8212; betrokkene, bijgestaan door haar advocaat;<\/p>\n<p>&#8212; de tolk Tsjechisch;<\/p>\n<p>&#8212; de arts-assistent, mevrouw [naam 2] ;<\/p>\n<p>&#8212; de vriend van betrokkene, [naam 3] .<\/p>\n<p>Omdat door de officier van justitie een nadere toelichting op of motivering van het verzoek niet nodig werd geacht en het de rechtbank ter zitting is gebleken dat diens aanwezigheid ook niet noodzakelijk was om tot een inhoudelijke beslissing te kunnen komen, is de officier van justitie niet gehoord.<\/p>\n<h3>Standpunten ter zitting<\/h3>\n<p>Betrokkene heeft verklaard dat het goed met haar gaat. Zij gebruikt medicatie in verband met epilepsie en neemt deze ook in. Betrokkene wenst terug te keren naar huis.<\/p>\n<p>De advocaat heeft aangevoerd dat betrokkene tijdelijk bij haar partner kan verblijven. De advocaat verzoekt primair om afwijzing van het verzoek. Betrokkene is het oneens met de medische verklaring. De gestelde diagnose is onjuist, er is in opgenomen dat betrokkene een verstandelijke beperking heeft. De onafhankelijke psychiater heeft de problematiek hieraan gerelateerd en heeft vermeld dat sprake is geweest van een kortdurende episode die inmiddels is verbeterd. Een eerdere machtiging zou samenhangen met het gebruik van verdovende middelen. Volgens de advocaat ontbreekt voldoende causaal verband tussen de stoornis en het gestelde ernstig nadeel. Betrokkene verzet zich tegen opname, maar heeft verklaard mee te zullen werken indien dit noodzakelijk wordt geacht. De advocaat stelt dat de zorgmachtiging feitelijk wordt ingezet vanwege het ontbreken van een vaste woonplek, terwijl betrokkene wel over woonmogelijkheden beschikt en het uitsluitend gaat om het ontbreken van een vast adres. Subsidiair verzoekt de advocaat, indien de zorgmachtiging toch wordt toegewezen, de verplichte vorm van zorg opname in een accommodatie af te wijzen. Meer subsidiair verzoekt de advocaat, indien opname noodzakelijk wordt geacht, deze te beperken tot een zeer korte duur van \u00e9\u00e9n week, uitsluitend ter overbrugging in verband met de gerezen onduidelijkheid over het woonadres.<\/p>\n<p>De arts-assistent heeft verklaard begrip te hebben voor de wens van betrokkene om naar huis terug te keren en ondersteunt deze wens. Tijdens de opname is geobserveerd dat de toestand van betrokkene verbetert wanneer zij haar medicatie inneemt, hetgeen voorafgaand aan de opname niet altijd het geval was. Momenteel is betrokkene goed ingesteld op de medicatie en houdt zij zich aan de vrijheden. Er bestaat echter nog onduidelijkheid over de invulling van de nazorg, mede vanwege een woonprobleem. Betrokkene had een vaste woonplek bij De Binnenvest, maar het is mogelijk dat zij deze inmiddels is kwijtgeraakt. Betrokkene kan met ontslag, zodra de nazorg is geregeld. De zorgmachtiging is bedoeld om te waarborgen dat betrokkene in beeld blijft bij de zorgverlening. De kliniek waar betrokkene momenteel verblijft, richt zich op cli\u00ebnten met een licht verstandelijke beperking en daarmee samenhangende maatschappelijke problematiek. Het ernstig nadeel vloeit mede voort uit verslavingsproblematiek.<\/p>\n<h3>Beoordeling<\/h3>\n<p>De rechtbank sluit zich aan bij het standpunt van de advocaat. De medische verklaring is onvoldoende duidelijk welk causaal verband bestaat tussen de gestelde psychische stoornis en het ernstig nadeel. Anti-psychotica is niet voorgeschreven en uit de medische verklaring blijkt niet dat er sprake is van een verslavingsstoornis in de zin van de jurisprudentie hieromtrent. Daarnaast acht de rechtbank de invulling van de nazorg onvoldoende inzichtelijk, waarbij met name de woonsituatie van betrokkene onvoldoende is uitgewerkt. Dit had ter zitting duidelijk kunnen zijn, onder meer door contact op te nemen met De Binnenvest. Dan was duidelijk geweest of betrokkene terugkeerde naar De Binnenvest, dan wel (tijdelijk) onderdak bij haar partner als verblijfplaats voor de nazorg zou hebben. De rechtbank weegt daarbij mee dat betrokkene kan terugvallen op haar partner, ter zitting aanwezig, als achterwacht, die dit heeft bevestigd. Hoewel dit leidt tot afwijzing van het verzoek, acht de rechtbank het wel van belang dat betrokkene heeft toegezegd bereid is zijn ambulante nazorg te aanvaarden.<\/p>\n<h3>Beslissing<\/h3>\n<p>De rechtbank:<\/p>\n<p>wijst het verzoek af.<\/p>\n<p>Deze beschikking is gegeven door mr. J.C. van den Dries, rechter, bijgestaan door M. Gosses als griffier, en uitgesproken ter openbare zitting van 15 januari 2026.<\/p>\n<p>De schriftelijke uitwerking van deze beschikking is vastgesteld op 29 januari 2026.<\/p>\n<p>Tegen deze beschikking staat het rechtsmiddel van cassatie open.<\/p>\n<\/div>\n<hr class=\"kji-sep\" \/>\n<p class=\"kji-source-links\"><strong>Sources officielles :<\/strong> <a class=\"kji-source-link\" href=\"http:\/\/deeplink.rechtspraak.nl\/uitspraak?id=ECLI:NL:RBDHA:2026:1509\" target=\"_blank\" rel=\"noopener noreferrer\">consulter la page source<\/a><\/p>\n<p class=\"kji-license-note\"><em>Rechtspraak.nl open data, Creative Commons Zero. Volume cible 1.8M decisions.<\/em><\/p>\n<\/div>\n","protected":false},"excerpt":{"rendered":"<p>De rechtbank sluit zich aan bij het standpunt van de advocaat. De medische verklaring is onvoldoende duidelijk welk causaal verband bestaat tussen de gestelde psychische stoornis en het ernstig nadeel. Anti-psychotica is niet voorgeschreven en uit de medische verklaring blijkt niet dat er sprake is van een verslavingsstoornis in de zin van de jurisprudentie hieromtrent. Daarnaast acht de rechtb&#8230;<\/p>\n","protected":false},"featured_media":0,"template":"","meta":{"_crdt_document":""},"kji_country":[7669],"kji_court":[7670],"kji_chamber":[],"kji_year":[7610],"kji_subject":[7646],"kji_keyword":[9983,13347,26589,7676,7675],"kji_language":[7671],"class_list":["post-622869","kji_decision","type-kji_decision","status-publish","hentry","kji_country-pays-bas","kji_court-rechtbank-den-haag","kji_year-7610","kji_subject-divers","kji_keyword-betrokkene","kji_keyword-duidelijk","kji_keyword-nazorg","kji_keyword-onvoldoende","kji_keyword-rechtbank","kji_language-nl"],"yoast_head":"<!-- This site is optimized with the Yoast SEO Premium plugin v27.5 (Yoast SEO v27.5) - https:\/\/yoast.com\/product\/yoast-seo-premium-wordpress\/ -->\n<title>ECLI:NL:RBDHA:2026:1509 Rechtbank Den Haag , 15-01-2026 \/ C\/09\/697198 \/ FA RK 26-107 - Ma\u00eetre Hassan Kohen, avocat en droit p\u00e9nal \u00e0 Paris<\/title>\n<meta name=\"robots\" content=\"index, follow, max-snippet:-1, max-image-preview:large, max-video-preview:-1\" \/>\n<link rel=\"canonical\" href=\"https:\/\/kohenavocats.com\/ru\/jurisprudences\/eclinlrbdha20261509-rechtbank-den-haag-15-01-2026-c-09-697198-fa-rk-26-107\/\" \/>\n<meta property=\"og:locale\" content=\"ru_RU\" \/>\n<meta property=\"og:type\" content=\"article\" \/>\n<meta property=\"og:title\" content=\"ECLI:NL:RBDHA:2026:1509 Rechtbank Den Haag , 15-01-2026 \/ C\/09\/697198 \/ FA RK 26-107\" \/>\n<meta property=\"og:description\" content=\"De rechtbank sluit zich aan bij het standpunt van de advocaat. De medische verklaring is onvoldoende duidelijk welk causaal verband bestaat tussen de gestelde psychische stoornis en het ernstig nadeel. Anti-psychotica is niet voorgeschreven en uit de medische verklaring blijkt niet dat er sprake is van een verslavingsstoornis in de zin van de jurisprudentie hieromtrent. Daarnaast acht de rechtb...\" \/>\n<meta property=\"og:url\" content=\"https:\/\/kohenavocats.com\/ru\/jurisprudences\/eclinlrbdha20261509-rechtbank-den-haag-15-01-2026-c-09-697198-fa-rk-26-107\/\" \/>\n<meta property=\"og:site_name\" content=\"Ma\u00eetre Hassan Kohen, avocat en droit p\u00e9nal \u00e0 Paris\" \/>\n<meta name=\"twitter:card\" content=\"summary_large_image\" \/>\n<meta name=\"twitter:label1\" content=\"\u041f\u0440\u0438\u043c\u0435\u0440\u043d\u043e\u0435 \u0432\u0440\u0435\u043c\u044f \u0434\u043b\u044f \u0447\u0442\u0435\u043d\u0438\u044f\" \/>\n\t<meta name=\"twitter:data1\" content=\"5 \u043c\u0438\u043d\u0443\u0442\" \/>\n<script type=\"application\/ld+json\" class=\"yoast-schema-graph\">{\"@context\":\"https:\\\/\\\/schema.org\",\"@graph\":[{\"@type\":\"WebPage\",\"@id\":\"https:\\\/\\\/kohenavocats.com\\\/ru\\\/jurisprudences\\\/eclinlrbdha20261509-rechtbank-den-haag-15-01-2026-c-09-697198-fa-rk-26-107\\\/\",\"url\":\"https:\\\/\\\/kohenavocats.com\\\/ru\\\/jurisprudences\\\/eclinlrbdha20261509-rechtbank-den-haag-15-01-2026-c-09-697198-fa-rk-26-107\\\/\",\"name\":\"ECLI:NL:RBDHA:2026:1509 Rechtbank Den Haag , 15-01-2026 \\\/ C\\\/09\\\/697198 \\\/ FA RK 26-107 - Ma\u00eetre Hassan Kohen, avocat en droit p\u00e9nal \u00e0 Paris\",\"isPartOf\":{\"@id\":\"https:\\\/\\\/kohenavocats.com\\\/ru\\\/#website\"},\"datePublished\":\"2026-04-20T12:19:38+00:00\",\"breadcrumb\":{\"@id\":\"https:\\\/\\\/kohenavocats.com\\\/ru\\\/jurisprudences\\\/eclinlrbdha20261509-rechtbank-den-haag-15-01-2026-c-09-697198-fa-rk-26-107\\\/#breadcrumb\"},\"inLanguage\":\"ru-RU\",\"potentialAction\":[{\"@type\":\"ReadAction\",\"target\":[\"https:\\\/\\\/kohenavocats.com\\\/ru\\\/jurisprudences\\\/eclinlrbdha20261509-rechtbank-den-haag-15-01-2026-c-09-697198-fa-rk-26-107\\\/\"]}]},{\"@type\":\"BreadcrumbList\",\"@id\":\"https:\\\/\\\/kohenavocats.com\\\/ru\\\/jurisprudences\\\/eclinlrbdha20261509-rechtbank-den-haag-15-01-2026-c-09-697198-fa-rk-26-107\\\/#breadcrumb\",\"itemListElement\":[{\"@type\":\"ListItem\",\"position\":1,\"name\":\"Home\",\"item\":\"https:\\\/\\\/kohenavocats.com\\\/ru\\\/avocats-en-droit-penal-a-paris-conseil-et-defense-strategique\\\/\"},{\"@type\":\"ListItem\",\"position\":2,\"name\":\"Jurisprudences\",\"item\":\"https:\\\/\\\/kohenavocats.com\\\/ru\\\/jurisprudences\\\/\"},{\"@type\":\"ListItem\",\"position\":3,\"name\":\"ECLI:NL:RBDHA:2026:1509 Rechtbank Den Haag , 15-01-2026 \\\/ C\\\/09\\\/697198 \\\/ FA RK 26-107\"}]},{\"@type\":\"WebSite\",\"@id\":\"https:\\\/\\\/kohenavocats.com\\\/ru\\\/#website\",\"url\":\"https:\\\/\\\/kohenavocats.com\\\/ru\\\/\",\"name\":\"Kohen Avocats\",\"description\":\"Ma\u00eetre Hassan Kohen, avocat p\u00e9naliste \u00e0 Paris, intervient exclusivement en droit p\u00e9nal pour la d\u00e9fense des particuliers, notamment en mati\u00e8re d\u2019accusations de viol. Il assure un accompagnement rigoureux d\u00e8s la garde \u00e0 vue jusqu\u2019\u00e0 la Cour d\u2019assises, veillant au strict respect des garanties proc\u00e9durales.\",\"publisher\":{\"@id\":\"https:\\\/\\\/kohenavocats.com\\\/ru\\\/#organization\"},\"potentialAction\":[{\"@type\":\"SearchAction\",\"target\":{\"@type\":\"EntryPoint\",\"urlTemplate\":\"https:\\\/\\\/kohenavocats.com\\\/ru\\\/?s={search_term_string}\"},\"query-input\":{\"@type\":\"PropertyValueSpecification\",\"valueRequired\":true,\"valueName\":\"search_term_string\"}}],\"inLanguage\":\"ru-RU\"},{\"@type\":\"Organization\",\"@id\":\"https:\\\/\\\/kohenavocats.com\\\/ru\\\/#organization\",\"name\":\"Kohen Avocats\",\"url\":\"https:\\\/\\\/kohenavocats.com\\\/ru\\\/\",\"logo\":{\"@type\":\"ImageObject\",\"inLanguage\":\"ru-RU\",\"@id\":\"https:\\\/\\\/kohenavocats.com\\\/ru\\\/#\\\/schema\\\/logo\\\/image\\\/\",\"url\":\"https:\\\/\\\/kohenavocats.com\\\/wp-content\\\/uploads\\\/2026\\\/01\\\/Logo-2-1.webp\",\"contentUrl\":\"https:\\\/\\\/kohenavocats.com\\\/wp-content\\\/uploads\\\/2026\\\/01\\\/Logo-2-1.webp\",\"width\":2114,\"height\":1253,\"caption\":\"Kohen Avocats\"},\"image\":{\"@id\":\"https:\\\/\\\/kohenavocats.com\\\/ru\\\/#\\\/schema\\\/logo\\\/image\\\/\"}}]}<\/script>\n<!-- \/ Yoast SEO Premium plugin. -->","yoast_head_json":{"title":"ECLI:NL:RBDHA:2026:1509 Rechtbank Den Haag , 15-01-2026 \/ C\/09\/697198 \/ FA RK 26-107 - Ma\u00eetre Hassan Kohen, avocat en droit p\u00e9nal \u00e0 Paris","robots":{"index":"index","follow":"follow","max-snippet":"max-snippet:-1","max-image-preview":"max-image-preview:large","max-video-preview":"max-video-preview:-1"},"canonical":"https:\/\/kohenavocats.com\/ru\/jurisprudences\/eclinlrbdha20261509-rechtbank-den-haag-15-01-2026-c-09-697198-fa-rk-26-107\/","og_locale":"ru_RU","og_type":"article","og_title":"ECLI:NL:RBDHA:2026:1509 Rechtbank Den Haag , 15-01-2026 \/ C\/09\/697198 \/ FA RK 26-107","og_description":"De rechtbank sluit zich aan bij het standpunt van de advocaat. De medische verklaring is onvoldoende duidelijk welk causaal verband bestaat tussen de gestelde psychische stoornis en het ernstig nadeel. Anti-psychotica is niet voorgeschreven en uit de medische verklaring blijkt niet dat er sprake is van een verslavingsstoornis in de zin van de jurisprudentie hieromtrent. Daarnaast acht de rechtb...","og_url":"https:\/\/kohenavocats.com\/ru\/jurisprudences\/eclinlrbdha20261509-rechtbank-den-haag-15-01-2026-c-09-697198-fa-rk-26-107\/","og_site_name":"Ma\u00eetre Hassan Kohen, avocat en droit p\u00e9nal \u00e0 Paris","twitter_card":"summary_large_image","twitter_misc":{"\u041f\u0440\u0438\u043c\u0435\u0440\u043d\u043e\u0435 \u0432\u0440\u0435\u043c\u044f \u0434\u043b\u044f \u0447\u0442\u0435\u043d\u0438\u044f":"5 \u043c\u0438\u043d\u0443\u0442"},"schema":{"@context":"https:\/\/schema.org","@graph":[{"@type":"WebPage","@id":"https:\/\/kohenavocats.com\/ru\/jurisprudences\/eclinlrbdha20261509-rechtbank-den-haag-15-01-2026-c-09-697198-fa-rk-26-107\/","url":"https:\/\/kohenavocats.com\/ru\/jurisprudences\/eclinlrbdha20261509-rechtbank-den-haag-15-01-2026-c-09-697198-fa-rk-26-107\/","name":"ECLI:NL:RBDHA:2026:1509 Rechtbank Den Haag , 15-01-2026 \/ C\/09\/697198 \/ FA RK 26-107 - Ma\u00eetre Hassan Kohen, avocat en droit p\u00e9nal \u00e0 Paris","isPartOf":{"@id":"https:\/\/kohenavocats.com\/ru\/#website"},"datePublished":"2026-04-20T12:19:38+00:00","breadcrumb":{"@id":"https:\/\/kohenavocats.com\/ru\/jurisprudences\/eclinlrbdha20261509-rechtbank-den-haag-15-01-2026-c-09-697198-fa-rk-26-107\/#breadcrumb"},"inLanguage":"ru-RU","potentialAction":[{"@type":"ReadAction","target":["https:\/\/kohenavocats.com\/ru\/jurisprudences\/eclinlrbdha20261509-rechtbank-den-haag-15-01-2026-c-09-697198-fa-rk-26-107\/"]}]},{"@type":"BreadcrumbList","@id":"https:\/\/kohenavocats.com\/ru\/jurisprudences\/eclinlrbdha20261509-rechtbank-den-haag-15-01-2026-c-09-697198-fa-rk-26-107\/#breadcrumb","itemListElement":[{"@type":"ListItem","position":1,"name":"Home","item":"https:\/\/kohenavocats.com\/ru\/avocats-en-droit-penal-a-paris-conseil-et-defense-strategique\/"},{"@type":"ListItem","position":2,"name":"Jurisprudences","item":"https:\/\/kohenavocats.com\/ru\/jurisprudences\/"},{"@type":"ListItem","position":3,"name":"ECLI:NL:RBDHA:2026:1509 Rechtbank Den Haag , 15-01-2026 \/ C\/09\/697198 \/ FA RK 26-107"}]},{"@type":"WebSite","@id":"https:\/\/kohenavocats.com\/ru\/#website","url":"https:\/\/kohenavocats.com\/ru\/","name":"Kohen Avocats","description":"Ma\u00eetre Hassan Kohen, avocat p\u00e9naliste \u00e0 Paris, intervient exclusivement en droit p\u00e9nal pour la d\u00e9fense des particuliers, notamment en mati\u00e8re d\u2019accusations de viol. Il assure un accompagnement rigoureux d\u00e8s la garde \u00e0 vue jusqu\u2019\u00e0 la Cour d\u2019assises, veillant au strict respect des garanties proc\u00e9durales.","publisher":{"@id":"https:\/\/kohenavocats.com\/ru\/#organization"},"potentialAction":[{"@type":"SearchAction","target":{"@type":"EntryPoint","urlTemplate":"https:\/\/kohenavocats.com\/ru\/?s={search_term_string}"},"query-input":{"@type":"PropertyValueSpecification","valueRequired":true,"valueName":"search_term_string"}}],"inLanguage":"ru-RU"},{"@type":"Organization","@id":"https:\/\/kohenavocats.com\/ru\/#organization","name":"Kohen Avocats","url":"https:\/\/kohenavocats.com\/ru\/","logo":{"@type":"ImageObject","inLanguage":"ru-RU","@id":"https:\/\/kohenavocats.com\/ru\/#\/schema\/logo\/image\/","url":"https:\/\/kohenavocats.com\/wp-content\/uploads\/2026\/01\/Logo-2-1.webp","contentUrl":"https:\/\/kohenavocats.com\/wp-content\/uploads\/2026\/01\/Logo-2-1.webp","width":2114,"height":1253,"caption":"Kohen Avocats"},"image":{"@id":"https:\/\/kohenavocats.com\/ru\/#\/schema\/logo\/image\/"}}]}},"jetpack_likes_enabled":false,"jetpack_sharing_enabled":true,"_links":{"self":[{"href":"https:\/\/kohenavocats.com\/ru\/wp-json\/wp\/v2\/kji_decision\/622869","targetHints":{"allow":["GET"]}}],"collection":[{"href":"https:\/\/kohenavocats.com\/ru\/wp-json\/wp\/v2\/kji_decision"}],"about":[{"href":"https:\/\/kohenavocats.com\/ru\/wp-json\/wp\/v2\/types\/kji_decision"}],"wp:attachment":[{"href":"https:\/\/kohenavocats.com\/ru\/wp-json\/wp\/v2\/media?parent=622869"}],"wp:term":[{"taxonomy":"kji_country","embeddable":true,"href":"https:\/\/kohenavocats.com\/ru\/wp-json\/wp\/v2\/kji_country?post=622869"},{"taxonomy":"kji_court","embeddable":true,"href":"https:\/\/kohenavocats.com\/ru\/wp-json\/wp\/v2\/kji_court?post=622869"},{"taxonomy":"kji_chamber","embeddable":true,"href":"https:\/\/kohenavocats.com\/ru\/wp-json\/wp\/v2\/kji_chamber?post=622869"},{"taxonomy":"kji_year","embeddable":true,"href":"https:\/\/kohenavocats.com\/ru\/wp-json\/wp\/v2\/kji_year?post=622869"},{"taxonomy":"kji_subject","embeddable":true,"href":"https:\/\/kohenavocats.com\/ru\/wp-json\/wp\/v2\/kji_subject?post=622869"},{"taxonomy":"kji_keyword","embeddable":true,"href":"https:\/\/kohenavocats.com\/ru\/wp-json\/wp\/v2\/kji_keyword?post=622869"},{"taxonomy":"kji_language","embeddable":true,"href":"https:\/\/kohenavocats.com\/ru\/wp-json\/wp\/v2\/kji_language?post=622869"}],"curies":[{"name":"wp","href":"https:\/\/api.w.org\/{rel}","templated":true}]}}