{"id":623004,"date":"2026-04-20T14:34:14","date_gmt":"2026-04-20T12:34:14","guid":{"rendered":"https:\/\/kohenavocats.com\/jurisprudences\/eclinlrbams20257246-rechtbank-amsterdam-24-09-2025-11837852-kk-expl25-538\/"},"modified":"2026-04-20T14:34:14","modified_gmt":"2026-04-20T12:34:14","slug":"eclinlrbams20257246-rechtbank-amsterdam-24-09-2025-11837852-kk-expl25-538","status":"publish","type":"kji_decision","link":"https:\/\/kohenavocats.com\/ru\/jurisprudences\/eclinlrbams20257246-rechtbank-amsterdam-24-09-2025-11837852-kk-expl25-538\/","title":{"rendered":"ECLI:NL:RBAMS:2025:7246 Rechtbank Amsterdam , 24-09-2025 \/ 11837852 KK EXPL25-538"},"content":{"rendered":"<div class=\"kji-decision\">\n<div class=\"kji-full-text\">\n<p><strong>Inhoudsindicatie.<\/strong> Het opnemen van de energieprestatie van een woning in verband met het verkrijgen van een energielabel valt in dit geval niet onder het begrip dringende werkzaamheden zoals bedoeld in de wet, of de bepaling in de algemene voorwaarden van de huurovereenkomst. Wel zijn huurders zijn op grond van het goed huurderschap verplicht om hieraan mee te werken. Het belang van verhuurder om op de peildatum een actueel energielabel te krijgen in verband met een door huurders aangespannen procedure bij de Huurcommissie weegt zwaarder dan het belang van huurders om geen inbreuk op hun woonrecht te hebben.<\/p>\n<p>RECHTBANK<br \/>\n AMSTERDAM<\/p>\n<p>Civiel recht<\/p>\n<p>Kantonrechter<\/p>\n<p>Zaaknummer: 11837852 \\ KK EXPL 25-538<\/p>\n<h3>Proces-verbaal van de mondelinge uitspraak in kort geding van 24 september 2025<\/h3>\n<p>in de zaak van<\/p>\n<h3>[eiser] ,<\/h3>\n<p>wonende te [woonplaats] ,<\/p>\n<p>eisende partij,<\/p>\n<p>hierna te noemen: verhuurder,<\/p>\n<p>gemachtigde: mr. D.H. Nauta<\/p>\n<p>tegen<\/p>\n<h3>1 [gedaagde 1] ,<\/h3>\n<p>2) [gedaagde 2]<\/p>\n<p>beiden wonende te [woonplaats] ,<\/p>\n<p>gedaagde partij,<\/p>\n<p>hierna gezamenlijk te noemen: huurders,<\/p>\n<p>gemachtigde: drs. [gemachtigde] .<\/p>\n<p>Op 24 september 2025 zijn voor mr. J.H.J. Evers, kantonrechter, bijgestaan door mr. E.J.E. van IJken, griffier, ter zitting verschenen:<\/p>\n<p>verhuurder in persoon, bijgestaan door de gemachtigde;<\/p>\n<p>voor de huurders [naam] , bijgestaan door de gemachtigde.<\/p>\n<p>Het procesdossier bestaat uit de navolgende stukken:<\/p>\n<p>&#8212; de dagvaarding van 19 augustus 2025, met producties;<\/p>\n<p>het verweerschrift van huurders, met producties;<\/p>\n<p>een nadere productie aan de zijde van verhuurder, verzonden per e-mail van 22 september 2025.<\/p>\n<p>Partijen hebben hun standpunten toegelicht, de gemachtigde van huurders mede aan de hand van een pleitnota, op elkaars standpunten gereageerd en vragen van de kantonrechter beantwoord. Verhuurder heeft op de mondelinge behandeling nog een nadere productie overgelegd. De kantonrechter heeft daarna de zitting voor korte tijd geschorst. Na hervatting van de zitting heeft de kantonrechter medegedeeld dat hij mondeling uitspraak zal doen. De mondelinge behandeling is gesloten, waarna de kantonrechter in aanwezigheid van partijen mondeling de navolgende uitspraak heeft gedaan.<\/p>\n<h3>GRONDEN VAN DE BESLISSING<\/h3>\n<p>Uit de stukken en hetgeen ter zitting aan de orde is gekomen volgt dat huurders met ingang van 1 juni 2022 van verhuurder een woning huren aan de [adres] (hierna de woning). Verhuurder heeft niet ingestemd met de door huurders voorgestelde huurprijsverlaging per 1 oktober 2025 en huurders hebben vervolgens de Huurcommissie verzocht uitspraak te doen over de redelijkheid van de huurprijs. Verhuurder wenst in het kader van de procedure bij de Huurcommissie te beschikken over een nieuw energielabel (NTA8800). Verhuurder beschikt enkel over een verouderd energielabel dat niet bruikbaar is om de energieprestatie van de woning te waarderen. Huurders willen niet meewerken aan een opname van een nieuw energielabel<br \/>\nIn dit kort geding vordert verhuurder &#8212; kort gezegd &#8212; huurders te veroordelen de opname van de energieprestatie van de woning voor 1 oktober 2025 te gedogen op straffe van een dwangsom.<\/p>\n<p>De vordering is spoedeisend nu huurders hebben voorgesteld de huur te verlagen met ingang van 1 oktober 2025 en beide partijen ervan uitgaan dat dit het moment is waarop het energielabel met zijn geregistreerd.<\/p>\n<p>Verhuurder heeft daarvoor drie rechtsgronden aangevoerd.<\/p>\n<p>Dringende werkzaamheden<\/p>\n<p>De kantonrechter is van oordeel dat het opnemen van de energieprestatie van de woning geen dringende werkzaamheden zijn als bedoeld in de wet. Weliswaar werd in de door de verhuurder in dit kader aangehaalde jurisprudentie geoordeeld dat het bepalen van het energielabel als dringende werkzaamheden heeft te gelden, maar dat in dat geval had dit ten doen vast te stellen welke verduurzamingsmaatregelen in het gehuurde moesten worden uitgevoerd. Van dit laatste is in het onderhavige geval echter geen sprake.<\/p>\n<p>Contractueel<\/p>\n<p>Ook valt naar het oordeel van de kantonrechter een dergelijke opname \u2013 op vergelijkebare gronden &#8212; niet onder het begrip \u2018te gedogen werkzaamheden\u2019 zoals genoemd in de algemene voorwaarden behorend bij de huurovereenkomst.<\/p>\n<p>Goed huurderschap<\/p>\n<p>Door geen medewerking te verlenen aan de verlangde opname handelen huurders wel in strijd met hun wettelijke verplichting zich als goed huurder te gedragen. Daarbij is van belang dat een redelijk verzoek van verhuurder is, dat niet ingrijpend is en dat is gedaan in het kader van een door huurders zelf bij de Huurcommissie aangespannen procedure.<br \/>\nOm een goed oordeel te kunnen geven over het door huurders gedane verzoek, moet de Huurcommissie een volledig beeld kunnen krijgen van de feitelijke situatie om tot het juiste puntenaantal te kunnen komen. Dit is in het belang van zowel de verhuurder als de huurders.<\/p>\n<p>Het verzoek van verhuurder betreft ook een andere situatie dan het geval dat een verhuurder kort v\u00f3\u00f3r de peildatum wijzigingen in de woning gaat aanbrengen die mogelijk leiden tot een hoger puntenaantal. Het onderhavige verzoek ziet niet op het doen van aanpassingen aan de woning, maar enkel op het verkrijgen van een formele beschrijving\/waardering van de feitelijke, reeds bestaande situatie. Voorts is van belang dat de opname een kortdurende activiteit is die weinig overlast voor de huurders meebrengt en daarmee een slechts een zeer beperkte inbreuk op het huisrecht van huurders maakt.<\/p>\n<p>Gelet op al deze omstandigheden is de kantonrechter van oordeel dat de belangenafweging ten gunste van verhuurder moet uit vallen. Omdat huurders met deze mondelinge uitspraak direct kennis hebben van hun veroordeling tot het verlenen van medewerking aan de geplande opname van 29 september 2025 om 9:00 uur, zal gelet op de korte termijn, dit deel van de veroordeling niet afhankelijk worden gesteld van betekening van dit vonnis. Dit betekent dat de vordering wordt toegewezen zoals hieronder bepaald.<\/p>\n<p>Omdat huurders niet bereid zijn mee te werken aan de opname van het energielabel is een dwangsom op z\u2019n plaats om de uitvoering van onderhavige beslissing af te dwingen.<\/p>\n<p>Huurders worden in het ongelijk gesteld en zullen worden veroordeeld in de proceskosten van verhuurder zoals hieronder vermeld.<\/p>\n<p>Dit vonnis wordt uitvoerbaar bij vonnis verklaard, omdat voor 1 oktober 2025 het energielabel geregistreerd dient te zijn.<\/p>\n<h3>BESLISSING<\/h3>\n<p>De kantonrechter:<\/p>\n<p>veroordeelt huurders om op maandag 29 september 2025 om 9:00 uur (en indien huurders op dit tijdstip niet meewerken, ook op een later tijdstip) de opname van de energieprestatie van de woning aan [adres] te gedogen en daaraan alle noodzakelijke medewerking te verlenen, waaronder de door verhuurder met de uitvoering van de werkzaamheden belaste perso(o)n(en) toe te laten tot de woning voor de uitvoering van de werkzaamheden en onbelemmerde toegang te verschaffen tot de plaatsen waar de werkzaamheden moeten worden uitgevoerd;<\/p>\n<p>veroordeelt huurders tot betaling van een dwangsom van \u20ac 15.000,00 indien zij niet meewerken aan de opname op 29 september 2025 om 9:00 uur, en voorts \u20ac 5.000,00 per dag dat huurders ook nadien niet meewerken aan de opname, met een maximaal aan te verbeuren dwangsommen van totaal \u20ac 25.000,00;<\/p>\n<p>bepaalt dat indien huurders ook na betekening van dit vonnis niet vrijwillig aan de veroordeling onder I. voldoen, huurders de woning tijdelijk, dat wil zeggen voor de duur van de opname van het energielabel, moeten verlaten met alle personen die daar van hun kant aanwezig zijn en met hun spullen voor zover dat noodzakelijk is voor de bereikbaarheid van de plaatsen waar de werkzaamheden moeten worden verricht en ter beschikking van verhuurder te stellen, welke verlating zo nodig door de deurwaarder bewerkstelligd kan worden met behulp van de sterke arm conform het in artikel 555 e.v. jo. 444 Rv bepaalde;<\/p>\n<p>veroordeelt huurders in de kosten van het geding, tot op heden aan de zijde van verhuurder begroot op:<br \/>\nexploot \u20ac 144,47<br \/>\nsalaris \u20ac 543,00<br \/>\ngriffierecht \u20ac 90,00<br \/>\n &#8212;&#8212;&#8212;&#8212;&#8212;&#8212;<br \/>\ntotaal \u20ac 777,47<br \/>\nvoor zover van toepassing, inclusief btw;<\/p>\n<p>veroordeelt huurders in de na dit vonnis ontstane kosten, begroot op \u20ac 67,50 aan salaris gemachtigde, voor zover van toepassing inclusief btw;<\/p>\n<p>verklaart de veroordelingen uitvoerbaar bij voorraad;<\/p>\n<p>wijst het meer of anders gevorderde af.<\/p>\n<p>Dit proces-verbaal is opgemaakt en ondertekend door de kantonrechter.<\/p>\n<\/div>\n<hr class=\"kji-sep\" \/>\n<p class=\"kji-source-links\"><strong>Sources officielles :<\/strong> <a class=\"kji-source-link\" href=\"http:\/\/deeplink.rechtspraak.nl\/uitspraak?id=ECLI:NL:RBAMS:2025:7246\" target=\"_blank\" rel=\"noopener noreferrer\">consulter la page source<\/a><\/p>\n<p class=\"kji-license-note\"><em>Rechtspraak.nl open data, Creative Commons Zero. Volume cible 1.8M decisions.<\/em><\/p>\n<\/div>\n","protected":false},"excerpt":{"rendered":"<p>Het opnemen van de energieprestatie van een woning in verband met het verkrijgen van een energielabel valt in dit geval niet onder het begrip dringende werkzaamheden zoals bedoeld in de wet, of de bepaling in de algemene voorwaarden van de huurovereenkomst. Wel zijn huurders zijn op grond van het goed huurderschap verplicht om hieraan mee te werken. Het belang van verhuurder om op de peildatum &#8230;<\/p>\n","protected":false},"featured_media":0,"template":"","meta":{"_crdt_document":""},"kji_country":[7669],"kji_court":[7998],"kji_chamber":[],"kji_year":[8463],"kji_subject":[7646],"kji_keyword":[9994,26596,10128,12601],"kji_language":[7671],"class_list":["post-623004","kji_decision","type-kji_decision","status-publish","hentry","kji_country-pays-bas","kji_court-rechtbank-amsterdam","kji_year-8463","kji_subject-divers","kji_keyword-belang","kji_keyword-energielabel","kji_keyword-huurders","kji_keyword-verband","kji_language-nl"],"yoast_head":"<!-- This site is optimized with the Yoast SEO Premium plugin v27.5 (Yoast SEO v27.5) - https:\/\/yoast.com\/product\/yoast-seo-premium-wordpress\/ -->\n<title>ECLI:NL:RBAMS:2025:7246 Rechtbank Amsterdam , 24-09-2025 \/ 11837852 KK EXPL25-538 - Ma\u00eetre Hassan Kohen, avocat en droit p\u00e9nal \u00e0 Paris<\/title>\n<meta name=\"robots\" content=\"index, follow, max-snippet:-1, max-image-preview:large, max-video-preview:-1\" \/>\n<link rel=\"canonical\" href=\"https:\/\/kohenavocats.com\/ru\/jurisprudences\/eclinlrbams20257246-rechtbank-amsterdam-24-09-2025-11837852-kk-expl25-538\/\" \/>\n<meta property=\"og:locale\" content=\"ru_RU\" \/>\n<meta property=\"og:type\" content=\"article\" \/>\n<meta property=\"og:title\" content=\"ECLI:NL:RBAMS:2025:7246 Rechtbank Amsterdam , 24-09-2025 \/ 11837852 KK EXPL25-538\" \/>\n<meta property=\"og:description\" content=\"Het opnemen van de energieprestatie van een woning in verband met het verkrijgen van een energielabel valt in dit geval niet onder het begrip dringende werkzaamheden zoals bedoeld in de wet, of de bepaling in de algemene voorwaarden van de huurovereenkomst. Wel zijn huurders zijn op grond van het goed huurderschap verplicht om hieraan mee te werken. Het belang van verhuurder om op de peildatum ...\" \/>\n<meta property=\"og:url\" content=\"https:\/\/kohenavocats.com\/ru\/jurisprudences\/eclinlrbams20257246-rechtbank-amsterdam-24-09-2025-11837852-kk-expl25-538\/\" \/>\n<meta property=\"og:site_name\" content=\"Ma\u00eetre Hassan Kohen, avocat en droit p\u00e9nal \u00e0 Paris\" \/>\n<meta name=\"twitter:card\" content=\"summary_large_image\" \/>\n<meta name=\"twitter:label1\" content=\"\u041f\u0440\u0438\u043c\u0435\u0440\u043d\u043e\u0435 \u0432\u0440\u0435\u043c\u044f \u0434\u043b\u044f \u0447\u0442\u0435\u043d\u0438\u044f\" \/>\n\t<meta name=\"twitter:data1\" content=\"6 \u043c\u0438\u043d\u0443\u0442\" \/>\n<script type=\"application\/ld+json\" class=\"yoast-schema-graph\">{\"@context\":\"https:\\\/\\\/schema.org\",\"@graph\":[{\"@type\":\"WebPage\",\"@id\":\"https:\\\/\\\/kohenavocats.com\\\/ru\\\/jurisprudences\\\/eclinlrbams20257246-rechtbank-amsterdam-24-09-2025-11837852-kk-expl25-538\\\/\",\"url\":\"https:\\\/\\\/kohenavocats.com\\\/ru\\\/jurisprudences\\\/eclinlrbams20257246-rechtbank-amsterdam-24-09-2025-11837852-kk-expl25-538\\\/\",\"name\":\"ECLI:NL:RBAMS:2025:7246 Rechtbank Amsterdam , 24-09-2025 \\\/ 11837852 KK EXPL25-538 - Ma\u00eetre Hassan Kohen, avocat en droit p\u00e9nal \u00e0 Paris\",\"isPartOf\":{\"@id\":\"https:\\\/\\\/kohenavocats.com\\\/ru\\\/#website\"},\"datePublished\":\"2026-04-20T12:34:14+00:00\",\"breadcrumb\":{\"@id\":\"https:\\\/\\\/kohenavocats.com\\\/ru\\\/jurisprudences\\\/eclinlrbams20257246-rechtbank-amsterdam-24-09-2025-11837852-kk-expl25-538\\\/#breadcrumb\"},\"inLanguage\":\"ru-RU\",\"potentialAction\":[{\"@type\":\"ReadAction\",\"target\":[\"https:\\\/\\\/kohenavocats.com\\\/ru\\\/jurisprudences\\\/eclinlrbams20257246-rechtbank-amsterdam-24-09-2025-11837852-kk-expl25-538\\\/\"]}]},{\"@type\":\"BreadcrumbList\",\"@id\":\"https:\\\/\\\/kohenavocats.com\\\/ru\\\/jurisprudences\\\/eclinlrbams20257246-rechtbank-amsterdam-24-09-2025-11837852-kk-expl25-538\\\/#breadcrumb\",\"itemListElement\":[{\"@type\":\"ListItem\",\"position\":1,\"name\":\"Home\",\"item\":\"https:\\\/\\\/kohenavocats.com\\\/ru\\\/avocats-en-droit-penal-a-paris-conseil-et-defense-strategique\\\/\"},{\"@type\":\"ListItem\",\"position\":2,\"name\":\"Jurisprudences\",\"item\":\"https:\\\/\\\/kohenavocats.com\\\/ru\\\/jurisprudences\\\/\"},{\"@type\":\"ListItem\",\"position\":3,\"name\":\"ECLI:NL:RBAMS:2025:7246 Rechtbank Amsterdam , 24-09-2025 \\\/ 11837852 KK EXPL25-538\"}]},{\"@type\":\"WebSite\",\"@id\":\"https:\\\/\\\/kohenavocats.com\\\/ru\\\/#website\",\"url\":\"https:\\\/\\\/kohenavocats.com\\\/ru\\\/\",\"name\":\"Kohen Avocats\",\"description\":\"Ma\u00eetre Hassan Kohen, avocat p\u00e9naliste \u00e0 Paris, intervient exclusivement en droit p\u00e9nal pour la d\u00e9fense des particuliers, notamment en mati\u00e8re d\u2019accusations de viol. Il assure un accompagnement rigoureux d\u00e8s la garde \u00e0 vue jusqu\u2019\u00e0 la Cour d\u2019assises, veillant au strict respect des garanties proc\u00e9durales.\",\"publisher\":{\"@id\":\"https:\\\/\\\/kohenavocats.com\\\/ru\\\/#organization\"},\"potentialAction\":[{\"@type\":\"SearchAction\",\"target\":{\"@type\":\"EntryPoint\",\"urlTemplate\":\"https:\\\/\\\/kohenavocats.com\\\/ru\\\/?s={search_term_string}\"},\"query-input\":{\"@type\":\"PropertyValueSpecification\",\"valueRequired\":true,\"valueName\":\"search_term_string\"}}],\"inLanguage\":\"ru-RU\"},{\"@type\":\"Organization\",\"@id\":\"https:\\\/\\\/kohenavocats.com\\\/ru\\\/#organization\",\"name\":\"Kohen Avocats\",\"url\":\"https:\\\/\\\/kohenavocats.com\\\/ru\\\/\",\"logo\":{\"@type\":\"ImageObject\",\"inLanguage\":\"ru-RU\",\"@id\":\"https:\\\/\\\/kohenavocats.com\\\/ru\\\/#\\\/schema\\\/logo\\\/image\\\/\",\"url\":\"https:\\\/\\\/kohenavocats.com\\\/wp-content\\\/uploads\\\/2026\\\/01\\\/Logo-2-1.webp\",\"contentUrl\":\"https:\\\/\\\/kohenavocats.com\\\/wp-content\\\/uploads\\\/2026\\\/01\\\/Logo-2-1.webp\",\"width\":2114,\"height\":1253,\"caption\":\"Kohen Avocats\"},\"image\":{\"@id\":\"https:\\\/\\\/kohenavocats.com\\\/ru\\\/#\\\/schema\\\/logo\\\/image\\\/\"}}]}<\/script>\n<!-- \/ Yoast SEO Premium plugin. -->","yoast_head_json":{"title":"ECLI:NL:RBAMS:2025:7246 Rechtbank Amsterdam , 24-09-2025 \/ 11837852 KK EXPL25-538 - Ma\u00eetre Hassan Kohen, avocat en droit p\u00e9nal \u00e0 Paris","robots":{"index":"index","follow":"follow","max-snippet":"max-snippet:-1","max-image-preview":"max-image-preview:large","max-video-preview":"max-video-preview:-1"},"canonical":"https:\/\/kohenavocats.com\/ru\/jurisprudences\/eclinlrbams20257246-rechtbank-amsterdam-24-09-2025-11837852-kk-expl25-538\/","og_locale":"ru_RU","og_type":"article","og_title":"ECLI:NL:RBAMS:2025:7246 Rechtbank Amsterdam , 24-09-2025 \/ 11837852 KK EXPL25-538","og_description":"Het opnemen van de energieprestatie van een woning in verband met het verkrijgen van een energielabel valt in dit geval niet onder het begrip dringende werkzaamheden zoals bedoeld in de wet, of de bepaling in de algemene voorwaarden van de huurovereenkomst. Wel zijn huurders zijn op grond van het goed huurderschap verplicht om hieraan mee te werken. Het belang van verhuurder om op de peildatum ...","og_url":"https:\/\/kohenavocats.com\/ru\/jurisprudences\/eclinlrbams20257246-rechtbank-amsterdam-24-09-2025-11837852-kk-expl25-538\/","og_site_name":"Ma\u00eetre Hassan Kohen, avocat en droit p\u00e9nal \u00e0 Paris","twitter_card":"summary_large_image","twitter_misc":{"\u041f\u0440\u0438\u043c\u0435\u0440\u043d\u043e\u0435 \u0432\u0440\u0435\u043c\u044f \u0434\u043b\u044f \u0447\u0442\u0435\u043d\u0438\u044f":"6 \u043c\u0438\u043d\u0443\u0442"},"schema":{"@context":"https:\/\/schema.org","@graph":[{"@type":"WebPage","@id":"https:\/\/kohenavocats.com\/ru\/jurisprudences\/eclinlrbams20257246-rechtbank-amsterdam-24-09-2025-11837852-kk-expl25-538\/","url":"https:\/\/kohenavocats.com\/ru\/jurisprudences\/eclinlrbams20257246-rechtbank-amsterdam-24-09-2025-11837852-kk-expl25-538\/","name":"ECLI:NL:RBAMS:2025:7246 Rechtbank Amsterdam , 24-09-2025 \/ 11837852 KK EXPL25-538 - Ma\u00eetre Hassan Kohen, avocat en droit p\u00e9nal \u00e0 Paris","isPartOf":{"@id":"https:\/\/kohenavocats.com\/ru\/#website"},"datePublished":"2026-04-20T12:34:14+00:00","breadcrumb":{"@id":"https:\/\/kohenavocats.com\/ru\/jurisprudences\/eclinlrbams20257246-rechtbank-amsterdam-24-09-2025-11837852-kk-expl25-538\/#breadcrumb"},"inLanguage":"ru-RU","potentialAction":[{"@type":"ReadAction","target":["https:\/\/kohenavocats.com\/ru\/jurisprudences\/eclinlrbams20257246-rechtbank-amsterdam-24-09-2025-11837852-kk-expl25-538\/"]}]},{"@type":"BreadcrumbList","@id":"https:\/\/kohenavocats.com\/ru\/jurisprudences\/eclinlrbams20257246-rechtbank-amsterdam-24-09-2025-11837852-kk-expl25-538\/#breadcrumb","itemListElement":[{"@type":"ListItem","position":1,"name":"Home","item":"https:\/\/kohenavocats.com\/ru\/avocats-en-droit-penal-a-paris-conseil-et-defense-strategique\/"},{"@type":"ListItem","position":2,"name":"Jurisprudences","item":"https:\/\/kohenavocats.com\/ru\/jurisprudences\/"},{"@type":"ListItem","position":3,"name":"ECLI:NL:RBAMS:2025:7246 Rechtbank Amsterdam , 24-09-2025 \/ 11837852 KK EXPL25-538"}]},{"@type":"WebSite","@id":"https:\/\/kohenavocats.com\/ru\/#website","url":"https:\/\/kohenavocats.com\/ru\/","name":"Kohen Avocats","description":"Ma\u00eetre Hassan Kohen, avocat p\u00e9naliste \u00e0 Paris, intervient exclusivement en droit p\u00e9nal pour la d\u00e9fense des particuliers, notamment en mati\u00e8re d\u2019accusations de viol. Il assure un accompagnement rigoureux d\u00e8s la garde \u00e0 vue jusqu\u2019\u00e0 la Cour d\u2019assises, veillant au strict respect des garanties proc\u00e9durales.","publisher":{"@id":"https:\/\/kohenavocats.com\/ru\/#organization"},"potentialAction":[{"@type":"SearchAction","target":{"@type":"EntryPoint","urlTemplate":"https:\/\/kohenavocats.com\/ru\/?s={search_term_string}"},"query-input":{"@type":"PropertyValueSpecification","valueRequired":true,"valueName":"search_term_string"}}],"inLanguage":"ru-RU"},{"@type":"Organization","@id":"https:\/\/kohenavocats.com\/ru\/#organization","name":"Kohen Avocats","url":"https:\/\/kohenavocats.com\/ru\/","logo":{"@type":"ImageObject","inLanguage":"ru-RU","@id":"https:\/\/kohenavocats.com\/ru\/#\/schema\/logo\/image\/","url":"https:\/\/kohenavocats.com\/wp-content\/uploads\/2026\/01\/Logo-2-1.webp","contentUrl":"https:\/\/kohenavocats.com\/wp-content\/uploads\/2026\/01\/Logo-2-1.webp","width":2114,"height":1253,"caption":"Kohen Avocats"},"image":{"@id":"https:\/\/kohenavocats.com\/ru\/#\/schema\/logo\/image\/"}}]}},"jetpack_likes_enabled":false,"jetpack_sharing_enabled":true,"_links":{"self":[{"href":"https:\/\/kohenavocats.com\/ru\/wp-json\/wp\/v2\/kji_decision\/623004","targetHints":{"allow":["GET"]}}],"collection":[{"href":"https:\/\/kohenavocats.com\/ru\/wp-json\/wp\/v2\/kji_decision"}],"about":[{"href":"https:\/\/kohenavocats.com\/ru\/wp-json\/wp\/v2\/types\/kji_decision"}],"wp:attachment":[{"href":"https:\/\/kohenavocats.com\/ru\/wp-json\/wp\/v2\/media?parent=623004"}],"wp:term":[{"taxonomy":"kji_country","embeddable":true,"href":"https:\/\/kohenavocats.com\/ru\/wp-json\/wp\/v2\/kji_country?post=623004"},{"taxonomy":"kji_court","embeddable":true,"href":"https:\/\/kohenavocats.com\/ru\/wp-json\/wp\/v2\/kji_court?post=623004"},{"taxonomy":"kji_chamber","embeddable":true,"href":"https:\/\/kohenavocats.com\/ru\/wp-json\/wp\/v2\/kji_chamber?post=623004"},{"taxonomy":"kji_year","embeddable":true,"href":"https:\/\/kohenavocats.com\/ru\/wp-json\/wp\/v2\/kji_year?post=623004"},{"taxonomy":"kji_subject","embeddable":true,"href":"https:\/\/kohenavocats.com\/ru\/wp-json\/wp\/v2\/kji_subject?post=623004"},{"taxonomy":"kji_keyword","embeddable":true,"href":"https:\/\/kohenavocats.com\/ru\/wp-json\/wp\/v2\/kji_keyword?post=623004"},{"taxonomy":"kji_language","embeddable":true,"href":"https:\/\/kohenavocats.com\/ru\/wp-json\/wp\/v2\/kji_language?post=623004"}],"curies":[{"name":"wp","href":"https:\/\/api.w.org\/{rel}","templated":true}]}}