{"id":623034,"date":"2026-04-20T14:34:55","date_gmt":"2026-04-20T12:34:55","guid":{"rendered":"https:\/\/kohenavocats.com\/jurisprudences\/tribunal-darrondissement-5-juin-2025-18\/"},"modified":"2026-04-20T14:34:57","modified_gmt":"2026-04-20T12:34:57","slug":"tribunal-darrondissement-5-juin-2025-18","status":"publish","type":"kji_decision","link":"https:\/\/kohenavocats.com\/ru\/jurisprudences\/tribunal-darrondissement-5-juin-2025-18\/","title":{"rendered":"Tribunal d&#8217;arrondissement, 5 juin 2025"},"content":{"rendered":"<div class=\"kji-decision\">\n<div class=\"kji-full-text\">\n<p>Jugement no.1769\/2025 notice no27445\/24\/CC 2xi.c.\/s AUDIENCE PUBLIQUE DU 5JUIN2025 LeTribunald&#039;arrondissement de et \u00e0 Luxembourg,septi\u00e8me chambre correctionnelle, statuant en composition dejuge unique, a rendu le jugement qui suit: dans la cause duMinist\u00e8re Publiccontre PERSONNE1.) n\u00e9eleDATE1.)\u00e0Luxembourg demeurant\u00e0ADRESSE2.) -p r \u00e9 v e n ue- __________________________________________________________________________ F A I T S : Par citation du31mars2025,leProcureurd&#039;Etat pr\u00e8s leTribunald&#039;arrondissement de Luxembourg a requislapr\u00e9venuede compara\u00eetre \u00e0 l&#039;audience publique du16mai2025devant leTribunalcorrectionnel de ce si\u00e8ge,pour y entendre statuer sur lapr\u00e9vention suivante: circulation:ivresse (1,05mg par litre d\u2019air expir\u00e9). A cette audience, levice-pr\u00e9sidentconstata l&#039;identit\u00e9de lapr\u00e9venue, lui donna connaissance de l\u2019acte qui a saisi le Tribunal et l\u2019informa de son droit de se taire et de son droit de ne pas s\u2019incriminer soi-m\u00eame. Lapr\u00e9venuePERSONNE1.)fut entendueen ses explications et moyens de d\u00e9fense. La repr\u00e9sentante du Minist\u00e8re Public, Nicole MARQUES, premier substitut, r\u00e9suma l\u2019affaire et fut entendue en son r\u00e9quisitoire.<\/p>\n<p>2 Ma\u00eetre Enzo MARTINELLI,en remplacement de Ma\u00eetre Robert LOOS, tous les deuxavocats \u00e0 la Couretdemeurant \u00e0 Luxembourg, exposa plus amplement les moyens de d\u00e9fensede la pr\u00e9venuePERSONNE1.). Lapr\u00e9venuePERSONNE1.)eut la parole en dernier. LeTribunalprit l&#039;affaire en d\u00e9lib\u00e9r\u00e9 et rendit \u00e0 l&#039;audience publique de ce jour, date \u00e0 laquelle le prononc\u00e9 avait \u00e9t\u00e9 fix\u00e9, le J U G E M E N T qui suit: Vu la citation\u00e0pr\u00e9venuedu31mars2025r\u00e9guli\u00e8rement notifi\u00e9e\u00e0PERSONNE1.). Vu le proc\u00e8s-verbal num\u00e9ro23144\/2024\u00e9tabli en date du16 juillet2024par la Police Grand- Ducale,R\u00e9gion Sud-Ouest,Commissariat Differdange. Le Minist\u00e8re Public reproche \u00e0PERSONNE1.), le16 juillet2024vers01.50heures\u00e0 ADRESSE3.),d\u2019avoirconduit sa voiture dans un \u00e9tat alcoolique prohib\u00e9 par la loi. Le Tribunal constate que la Police a l\u00e9galement retenu un taux d\u2019alcool de1,05mg par litre d\u2019air expir\u00e9 dans le chefd\u2019PERSONNE1.)lors du contr\u00f4le effectu\u00e9 par \u00e9thylom\u00e8tre en date du 16 juillet 2024. PERSONNE1.)est donc \u00e0 retenir dans les liens de lapr\u00e9vention lui reproch\u00e9e. PERSONNE1.)est partantconvaincuepar les d\u00e9bats men\u00e9s \u00e0 l&#039;audience, ensemble les \u00e9l\u00e9ments du dossierr\u00e9pressifet ses aveux: \u00ab\u00e9tant conductriced&#039;un v\u00e9hicule automoteur sur la voie publique, le 16 juillet2024 vers 01.50 heures \u00e0ADRESSE3.), d\u2019avoir circul\u00e9, m\u00eame en l&#039;absence de signes manifestes d&#039;ivresse, avec un taux d&#039;alcool d&#039;au moins 0,55 mg par litre d&#039;air expir\u00e9 en l&#039;esp\u00e8ce de1,05mg\/l.\u00bb L&#039;infractiondeconduiteen \u00e9tat d\u2019ivresseretenue \u00e0 charged\u2019PERSONNE1.)est punie d\u2019une peine d\u2019emprisonnement de huit jours \u00e0 trois ans et d\u2019une amende de 500 euros \u00e0 10.000 euros ou d\u2019une de ces peines seulement, conform\u00e9ment \u00e0 l\u2019article 12 de la loi modifi\u00e9e du 14 f\u00e9vrier 1955 concernant la r\u00e9glementation de la circulationsur toutes les voies publiques. L\u2019article 13 point 1. de la loi modifi\u00e9e du 14 f\u00e9vrier 1955 pr\u00e9cit\u00e9e permet au juge saisi d\u2019une ou de plusieurs infractions \u00e0 la r\u00e9glementation de la circulation sur toutes les voies publiques ou de d\u00e9lits ou de crimes qui se sont joints \u00e0 ces infractions,de prononcer une interdiction de conduire de trois mois \u00e0 quinze ans en mati\u00e8re de d\u00e9lits. Aux termes de l\u2019article 13 point 1. al.2 de la loi pr\u00e9cit\u00e9e\u00abl\u2019interdiction de conduire sera toujours prononc\u00e9e en cas de condamnation du chef des d\u00e9lits vis\u00e9s au point 1 du paragraphe<\/p>\n<p>3 2 de l\u2019article 12 et au point 1 du paragraphe 4bis de l\u2019article 12 ou en cas de la r\u00e9cidive pr\u00e9vue au point 5 du paragraphe 2 du m\u00eame article \u00bb. En ce qui concerne l\u2019interdiction de conduire \u00e0 prononcer soit obligatoirement, soit facultativement par les juridictions r\u00e9pressives, selon les infractions retenues, celle-ci ne constitue pas seulement une peine accessoire qui sanctionne des manquements \u00e0la loi p\u00e9nale en mati\u00e8re de circulation routi\u00e8re d\u00e9j\u00e0 commis, mais peut le cas \u00e9ch\u00e9ant avoir en outre un effet p\u00e9dagogique influant sur le comportement futur du condamn\u00e9. Elle constitue encore un outil puissant pour \u0153uvrer dans le sens d\u2019une pr\u00e9vention d\u2019accidents de la circulation et pour pr\u00e9server, pendant un d\u00e9lai plus au moins long, \u00e0 d\u00e9terminer par le tribunal, les autres usagers de la voie publique du danger que constitue pour eux un conducteur dont le comportement dangereux et irresponsable a \u00e9t\u00e9 connu. En circulant sur la voie publique en \u00e9tat d&#039;impr\u00e9gnation alcoolique,lapr\u00e9venuea gravement mis en danger tant sa propre s\u00e9curit\u00e9 que celle des autres usagers. Au vu de la gravit\u00e9 de l\u2019infraction commise, le Tribunal condamnela pr\u00e9venuePERSONNE1.) \u00e0 uneamende de 1.200 euroset \u00e0 uneinterdiction de conduirede24 moisdu chef de l\u2019infraction retenue \u00e0 sa charge. La pr\u00e9venuePERSONNE1.)sollicite de voir assortir une \u00e9ventuelle interdiction de conduire \u00e0 prononcer du sursis total, sinon partiel, respectivement d\u2019en excepter les trajets professionnels. Le Tribunal constate quela pr\u00e9venuePERSONNE1.)n&#039;a pas subi jusqu&#039;\u00e0 ce jour de condamnation excluant un \u00e9ventuel sursis \u00e0 l&#039;ex\u00e9cution des peines etellene semble pas indigne d\u2019une certaine indulgence du Tribunal. Il y a lieu en cons\u00e9quence de lui accorder la faveur du sursis int\u00e9gralquant \u00e0 l\u2019interdiction de conduire \u00e0 prononcer \u00e0 son encontre conform\u00e9ment \u00e0 l\u2019article 628 alin\u00e9a 4 du code de proc\u00e9dure p\u00e9nale. Il n&#039;y a pas lieu de prononcer une contrainte par corps \u00e0 l&#039;encontre dePERSONNE1.), alors qu&#039;aux termes de l&#039;article 30 du Code p\u00e9nal la contrainte par corps n&#039;est ni prononc\u00e9e, ni mise \u00e0 ex\u00e9cution, ni maintenue contre les condamn\u00e9s qui ont atteint leur soixante-dixi\u00e8me ann\u00e9e. P A R C E S M O T I F S : leTribunald&#039;arrondissement de et \u00e0ADRESSE1.),septi\u00e8me chambre, compos\u00e9e de sonvice- pr\u00e9sident, si\u00e9geant enmati\u00e8re correctionnelle,statuantcontradictoirement,lapr\u00e9venueet son mandataire entendusenleursexplications et moyens de d\u00e9fenseetlarepr\u00e9sentantedu Minist\u00e8re Publicentendueen ses r\u00e9quisitions, c o n d a m n elapr\u00e9venuePERSONNE1.)du chef del\u2019infraction retenue\u00e0 sa charge\u00e0 une amende demilledeuxcents(1.200) euros, ainsi qu&#039;aux frais de sa mise en jugement, ces frais liquid\u00e9s \u00e025,77euros; d i tqu&#039;il n&#039;y a pas lieu de prononcer une contrainte par corps \u00e0 l&#039;encontre dePERSONNE2.) ;<\/p>\n<p>4 c o n d a m n ela pr\u00e9venuePERSONNE1.)du chefdel\u2019infraction retenue \u00e0 sa charge \u00e0 une interdiction de conduire d&#039;une dur\u00e9e devingt-quatre(24) moisapplicable \u00e0 tous les v\u00e9hicules automoteurs des cat\u00e9gories de permis de conduire A, B, C, D, E et F sur toutes les voies publiques; d i tqu&#039;il serasursis\u00e0 l&#039;ex\u00e9cution de l\u2019int\u00e9gralit\u00e9 de cette interdiction de conduire; a v e r t i tla pr\u00e9venuequ\u2019au cas o\u00f9, dans un d\u00e9lai de cinq ans \u00e0 dater du pr\u00e9sent jugement, elleaura commis une nouvelle infraction ayant entra\u00een\u00e9 une condamnation \u00e0 une interdiction de conduire un v\u00e9hicule sur la voie publique ou \u00e0 une peine privative de libert\u00e9 pour crimes ou d\u00e9lits pr\u00e9vus par la l\u00e9gislation sur la circulation sur les voies publiques ou sur la vente de substances m\u00e9dicamenteuses et la lutte contre la toxicomanie, l\u2019interdiction de conduire prononc\u00e9e ci-devant sera ex\u00e9cut\u00e9e sans confusion possible avec la nouvelle peine. Par application des articles 14, 16, 28, 29et30 du Code p\u00e9nal,des articles 1, 154, 179, 182, 184, 189, 190, 190-1, 194, 195,196et 628du Code de proc\u00e9dure p\u00e9naleetdes articles 1, 12, 13, 14 et 14 bis de la loi du 14 f\u00e9vrier 1955 concernant la r\u00e9glementation de la circulation sur toutes les voies publiques qui furent d\u00e9sign\u00e9s \u00e0 l&#039;audience par levice-pr\u00e9sident. Ainsi fait, jug\u00e9 et prononc\u00e9 en l&#039;audience publique dudit Tribunal d&#039;arrondissement de et \u00e0 Luxembourg, date qu&#039;en t\u00eate, par St\u00e9phane MAAS, vice-pr\u00e9sident, assist\u00e9 du greffierNora BRAUN, en pr\u00e9sence de Felix WANTZ, premier substitut du Procureur d\u2019Etat, qui, \u00e0 l&#039;exception du repr\u00e9sentant du Minist\u00e8re Public, ont sign\u00e9 le pr\u00e9sent jugement. Ce jugement est susceptible d&#039;appel. L&#039;appel doit \u00eatre interjet\u00e9 dans les formes et d\u00e9lais pr\u00e9vus aux articles 202 et suivants du Code de proc\u00e9dure p\u00e9nale et il doit \u00eatre form\u00e9 par le pr\u00e9venu ou son avocat, la partie civile ainsi que la partie civilement responsable ou leurs avocats respectifs dans les40 joursde la notification du pr\u00e9sent jugement rendu par d\u00e9faut, aupr\u00e8s du greffe du Tribunal d&#039;arrondissement de Luxembourg, en se pr\u00e9sentantpersonnellementpour signer l&#039;acte d&#039;appel. L\u2019appel peut \u00e9galement \u00eatre interjet\u00e9, dans les40 joursde la notification du pr\u00e9sent jugement rendu par d\u00e9faut, par voie decourrier \u00e9lectronique\u00e0 adresser au guichet du greffe du Tribunal d\u2019arrondissement de Luxembourg \u00e0 l\u2019adressetalgug@justice.etat.lu.L\u2019appel interjet\u00e9 par voie \u00e9lectronique le jour d\u2019expiration du d\u00e9lai de recours peut parvenir au greffe jusqu\u2019\u00e0 minuit de ce jour. Le courrier \u00e9lectronique par lequel appel est interjet\u00e9 doit \u00e9maner de l\u2019appelant, de son avocat ou de tout autre fond\u00e9 de pouvoir sp\u00e9cial. Dans ce dernier cas, le pouvoir est annex\u00e9 au courrier \u00e9lectronique. Si le pr\u00e9venu estd\u00e9tenu,il peut d\u00e9clarer son appel au greffe du Centre p\u00e9nitentiaire.<\/p>\n<\/div>\n<hr class=\"kji-sep\" \/>\n<p class=\"kji-source-links\"><strong>Sources officielles :<\/strong> <a class=\"kji-source-link\" href=\"https:\/\/data.public.lu\/fr\/datasets\/tribunal-darrondissement-luxembourg-penal\/\" target=\"_blank\" rel=\"noopener noreferrer\">consulter la page source<\/a> &middot; <a class=\"kji-pdf-link\" href=\"https:\/\/download.data.public.lu\/resources\/tribunal-darrondissement-luxembourg-penal\/20250803-230845\/20250605-talch07-1769-pseudonymise-accessible.pdf\" target=\"_blank\" rel=\"noopener noreferrer\">PDF officiel<\/a><\/p>\n<p class=\"kji-license-note\"><em>Licence CC BY-ND 4.0 (Administration judiciaire, data.public.lu). Republication autorisee avec attribution, sans modification editoriale du texte integral.<\/em><\/p>\n<\/div>\n","protected":false},"excerpt":{"rendered":"<p>Jugement no.1769\/2025 notice no27445\/24\/CC 2xi.c.\/s AUDIENCE PUBLIQUE DU 5JUIN2025 LeTribunald&#8217;arrondissement de et \u00e0 Luxembourg,septi\u00e8me chambre correctionnelle, statuant en composition dejuge unique, a rendu le jugement qui suit: dans la cause duMinist\u00e8re Publiccontre PERSONNE1.) n\u00e9eleDATE1.)\u00e0Luxembourg demeurant\u00e0ADRESSE2.) -p r \u00e9 v e n ue- __________________________________________________________________________ F A\u2026<\/p>\n","protected":false},"featured_media":0,"template":"","meta":{"_crdt_document":""},"kji_country":[8418],"kji_court":[23583],"kji_chamber":[25729],"kji_year":[8463],"kji_subject":[7632],"kji_keyword":[23584,23061,7636],"kji_language":[7733],"class_list":["post-623034","kji_decision","type-kji_decision","status-publish","hentry","kji_country-luxembourg","kji_court-tribunal-darrondissement","kji_chamber-penal","kji_year-8463","kji_subject-penal","kji_keyword-arrondissement","kji_keyword-jugement","kji_keyword-tribunal","kji_language-francais"],"yoast_head":"<!-- This site is optimized with the Yoast SEO Premium plugin v27.5 (Yoast SEO v27.5) - https:\/\/yoast.com\/product\/yoast-seo-premium-wordpress\/ -->\n<title>Tribunal d&#039;arrondissement, 5 juin 2025 - Ma\u00eetre Hassan Kohen, avocat en droit p\u00e9nal \u00e0 Paris<\/title>\n<meta name=\"robots\" content=\"index, follow, max-snippet:-1, max-image-preview:large, max-video-preview:-1\" \/>\n<link rel=\"canonical\" href=\"https:\/\/kohenavocats.com\/ru\/jurisprudences\/tribunal-darrondissement-5-juin-2025-18\/\" \/>\n<meta property=\"og:locale\" content=\"ru_RU\" \/>\n<meta property=\"og:type\" content=\"article\" \/>\n<meta property=\"og:title\" content=\"Tribunal d&#039;arrondissement, 5 juin 2025\" \/>\n<meta property=\"og:description\" content=\"Jugement no.1769\/2025 notice no27445\/24\/CC 2xi.c.\/s AUDIENCE PUBLIQUE DU 5JUIN2025 LeTribunald&#039;arrondissement de et \u00e0 Luxembourg,septi\u00e8me chambre correctionnelle, statuant en composition dejuge unique, a rendu le jugement qui suit: dans la cause duMinist\u00e8re Publiccontre PERSONNE1.) n\u00e9eleDATE1.)\u00e0Luxembourg demeurant\u00e0ADRESSE2.) -p r \u00e9 v e n ue- __________________________________________________________________________ F A\u2026\" \/>\n<meta property=\"og:url\" content=\"https:\/\/kohenavocats.com\/ru\/jurisprudences\/tribunal-darrondissement-5-juin-2025-18\/\" \/>\n<meta property=\"og:site_name\" content=\"Ma\u00eetre Hassan Kohen, avocat en droit p\u00e9nal \u00e0 Paris\" \/>\n<meta property=\"article:modified_time\" content=\"2026-04-20T12:34:57+00:00\" \/>\n<meta name=\"twitter:card\" content=\"summary_large_image\" \/>\n<meta name=\"twitter:label1\" content=\"\u041f\u0440\u0438\u043c\u0435\u0440\u043d\u043e\u0435 \u0432\u0440\u0435\u043c\u044f \u0434\u043b\u044f \u0447\u0442\u0435\u043d\u0438\u044f\" \/>\n\t<meta name=\"twitter:data1\" content=\"8 \u043c\u0438\u043d\u0443\u0442\" \/>\n<script type=\"application\/ld+json\" class=\"yoast-schema-graph\">{\"@context\":\"https:\\\/\\\/schema.org\",\"@graph\":[{\"@type\":\"WebPage\",\"@id\":\"https:\\\/\\\/kohenavocats.com\\\/ru\\\/jurisprudences\\\/tribunal-darrondissement-5-juin-2025-18\\\/\",\"url\":\"https:\\\/\\\/kohenavocats.com\\\/ru\\\/jurisprudences\\\/tribunal-darrondissement-5-juin-2025-18\\\/\",\"name\":\"Tribunal d'arrondissement, 5 juin 2025 - Ma\u00eetre Hassan Kohen, avocat en droit p\u00e9nal \u00e0 Paris\",\"isPartOf\":{\"@id\":\"https:\\\/\\\/kohenavocats.com\\\/ru\\\/#website\"},\"datePublished\":\"2026-04-20T12:34:55+00:00\",\"dateModified\":\"2026-04-20T12:34:57+00:00\",\"breadcrumb\":{\"@id\":\"https:\\\/\\\/kohenavocats.com\\\/ru\\\/jurisprudences\\\/tribunal-darrondissement-5-juin-2025-18\\\/#breadcrumb\"},\"inLanguage\":\"ru-RU\",\"potentialAction\":[{\"@type\":\"ReadAction\",\"target\":[\"https:\\\/\\\/kohenavocats.com\\\/ru\\\/jurisprudences\\\/tribunal-darrondissement-5-juin-2025-18\\\/\"]}]},{\"@type\":\"BreadcrumbList\",\"@id\":\"https:\\\/\\\/kohenavocats.com\\\/ru\\\/jurisprudences\\\/tribunal-darrondissement-5-juin-2025-18\\\/#breadcrumb\",\"itemListElement\":[{\"@type\":\"ListItem\",\"position\":1,\"name\":\"Home\",\"item\":\"https:\\\/\\\/kohenavocats.com\\\/ru\\\/avocats-en-droit-penal-a-paris-conseil-et-defense-strategique\\\/\"},{\"@type\":\"ListItem\",\"position\":2,\"name\":\"Jurisprudences\",\"item\":\"https:\\\/\\\/kohenavocats.com\\\/ru\\\/jurisprudences\\\/\"},{\"@type\":\"ListItem\",\"position\":3,\"name\":\"Tribunal d&rsquo;arrondissement, 5 juin 2025\"}]},{\"@type\":\"WebSite\",\"@id\":\"https:\\\/\\\/kohenavocats.com\\\/ru\\\/#website\",\"url\":\"https:\\\/\\\/kohenavocats.com\\\/ru\\\/\",\"name\":\"Kohen Avocats\",\"description\":\"Ma\u00eetre Hassan Kohen, avocat p\u00e9naliste \u00e0 Paris, intervient exclusivement en droit p\u00e9nal pour la d\u00e9fense des particuliers, notamment en mati\u00e8re d\u2019accusations de viol. Il assure un accompagnement rigoureux d\u00e8s la garde \u00e0 vue jusqu\u2019\u00e0 la Cour d\u2019assises, veillant au strict respect des garanties proc\u00e9durales.\",\"publisher\":{\"@id\":\"https:\\\/\\\/kohenavocats.com\\\/ru\\\/#organization\"},\"potentialAction\":[{\"@type\":\"SearchAction\",\"target\":{\"@type\":\"EntryPoint\",\"urlTemplate\":\"https:\\\/\\\/kohenavocats.com\\\/ru\\\/?s={search_term_string}\"},\"query-input\":{\"@type\":\"PropertyValueSpecification\",\"valueRequired\":true,\"valueName\":\"search_term_string\"}}],\"inLanguage\":\"ru-RU\"},{\"@type\":\"Organization\",\"@id\":\"https:\\\/\\\/kohenavocats.com\\\/ru\\\/#organization\",\"name\":\"Kohen Avocats\",\"url\":\"https:\\\/\\\/kohenavocats.com\\\/ru\\\/\",\"logo\":{\"@type\":\"ImageObject\",\"inLanguage\":\"ru-RU\",\"@id\":\"https:\\\/\\\/kohenavocats.com\\\/ru\\\/#\\\/schema\\\/logo\\\/image\\\/\",\"url\":\"https:\\\/\\\/kohenavocats.com\\\/wp-content\\\/uploads\\\/2026\\\/01\\\/Logo-2-1.webp\",\"contentUrl\":\"https:\\\/\\\/kohenavocats.com\\\/wp-content\\\/uploads\\\/2026\\\/01\\\/Logo-2-1.webp\",\"width\":2114,\"height\":1253,\"caption\":\"Kohen Avocats\"},\"image\":{\"@id\":\"https:\\\/\\\/kohenavocats.com\\\/ru\\\/#\\\/schema\\\/logo\\\/image\\\/\"}}]}<\/script>\n<!-- \/ Yoast SEO Premium plugin. -->","yoast_head_json":{"title":"Tribunal d'arrondissement, 5 juin 2025 - Ma\u00eetre Hassan Kohen, avocat en droit p\u00e9nal \u00e0 Paris","robots":{"index":"index","follow":"follow","max-snippet":"max-snippet:-1","max-image-preview":"max-image-preview:large","max-video-preview":"max-video-preview:-1"},"canonical":"https:\/\/kohenavocats.com\/ru\/jurisprudences\/tribunal-darrondissement-5-juin-2025-18\/","og_locale":"ru_RU","og_type":"article","og_title":"Tribunal d'arrondissement, 5 juin 2025","og_description":"Jugement no.1769\/2025 notice no27445\/24\/CC 2xi.c.\/s AUDIENCE PUBLIQUE DU 5JUIN2025 LeTribunald'arrondissement de et \u00e0 Luxembourg,septi\u00e8me chambre correctionnelle, statuant en composition dejuge unique, a rendu le jugement qui suit: dans la cause duMinist\u00e8re Publiccontre PERSONNE1.) n\u00e9eleDATE1.)\u00e0Luxembourg demeurant\u00e0ADRESSE2.) -p r \u00e9 v e n ue- __________________________________________________________________________ F A\u2026","og_url":"https:\/\/kohenavocats.com\/ru\/jurisprudences\/tribunal-darrondissement-5-juin-2025-18\/","og_site_name":"Ma\u00eetre Hassan Kohen, avocat en droit p\u00e9nal \u00e0 Paris","article_modified_time":"2026-04-20T12:34:57+00:00","twitter_card":"summary_large_image","twitter_misc":{"\u041f\u0440\u0438\u043c\u0435\u0440\u043d\u043e\u0435 \u0432\u0440\u0435\u043c\u044f \u0434\u043b\u044f \u0447\u0442\u0435\u043d\u0438\u044f":"8 \u043c\u0438\u043d\u0443\u0442"},"schema":{"@context":"https:\/\/schema.org","@graph":[{"@type":"WebPage","@id":"https:\/\/kohenavocats.com\/ru\/jurisprudences\/tribunal-darrondissement-5-juin-2025-18\/","url":"https:\/\/kohenavocats.com\/ru\/jurisprudences\/tribunal-darrondissement-5-juin-2025-18\/","name":"Tribunal d'arrondissement, 5 juin 2025 - Ma\u00eetre Hassan Kohen, avocat en droit p\u00e9nal \u00e0 Paris","isPartOf":{"@id":"https:\/\/kohenavocats.com\/ru\/#website"},"datePublished":"2026-04-20T12:34:55+00:00","dateModified":"2026-04-20T12:34:57+00:00","breadcrumb":{"@id":"https:\/\/kohenavocats.com\/ru\/jurisprudences\/tribunal-darrondissement-5-juin-2025-18\/#breadcrumb"},"inLanguage":"ru-RU","potentialAction":[{"@type":"ReadAction","target":["https:\/\/kohenavocats.com\/ru\/jurisprudences\/tribunal-darrondissement-5-juin-2025-18\/"]}]},{"@type":"BreadcrumbList","@id":"https:\/\/kohenavocats.com\/ru\/jurisprudences\/tribunal-darrondissement-5-juin-2025-18\/#breadcrumb","itemListElement":[{"@type":"ListItem","position":1,"name":"Home","item":"https:\/\/kohenavocats.com\/ru\/avocats-en-droit-penal-a-paris-conseil-et-defense-strategique\/"},{"@type":"ListItem","position":2,"name":"Jurisprudences","item":"https:\/\/kohenavocats.com\/ru\/jurisprudences\/"},{"@type":"ListItem","position":3,"name":"Tribunal d&rsquo;arrondissement, 5 juin 2025"}]},{"@type":"WebSite","@id":"https:\/\/kohenavocats.com\/ru\/#website","url":"https:\/\/kohenavocats.com\/ru\/","name":"Kohen Avocats","description":"Ma\u00eetre Hassan Kohen, avocat p\u00e9naliste \u00e0 Paris, intervient exclusivement en droit p\u00e9nal pour la d\u00e9fense des particuliers, notamment en mati\u00e8re d\u2019accusations de viol. Il assure un accompagnement rigoureux d\u00e8s la garde \u00e0 vue jusqu\u2019\u00e0 la Cour d\u2019assises, veillant au strict respect des garanties proc\u00e9durales.","publisher":{"@id":"https:\/\/kohenavocats.com\/ru\/#organization"},"potentialAction":[{"@type":"SearchAction","target":{"@type":"EntryPoint","urlTemplate":"https:\/\/kohenavocats.com\/ru\/?s={search_term_string}"},"query-input":{"@type":"PropertyValueSpecification","valueRequired":true,"valueName":"search_term_string"}}],"inLanguage":"ru-RU"},{"@type":"Organization","@id":"https:\/\/kohenavocats.com\/ru\/#organization","name":"Kohen Avocats","url":"https:\/\/kohenavocats.com\/ru\/","logo":{"@type":"ImageObject","inLanguage":"ru-RU","@id":"https:\/\/kohenavocats.com\/ru\/#\/schema\/logo\/image\/","url":"https:\/\/kohenavocats.com\/wp-content\/uploads\/2026\/01\/Logo-2-1.webp","contentUrl":"https:\/\/kohenavocats.com\/wp-content\/uploads\/2026\/01\/Logo-2-1.webp","width":2114,"height":1253,"caption":"Kohen Avocats"},"image":{"@id":"https:\/\/kohenavocats.com\/ru\/#\/schema\/logo\/image\/"}}]}},"jetpack_likes_enabled":false,"jetpack_sharing_enabled":true,"_links":{"self":[{"href":"https:\/\/kohenavocats.com\/ru\/wp-json\/wp\/v2\/kji_decision\/623034","targetHints":{"allow":["GET"]}}],"collection":[{"href":"https:\/\/kohenavocats.com\/ru\/wp-json\/wp\/v2\/kji_decision"}],"about":[{"href":"https:\/\/kohenavocats.com\/ru\/wp-json\/wp\/v2\/types\/kji_decision"}],"wp:attachment":[{"href":"https:\/\/kohenavocats.com\/ru\/wp-json\/wp\/v2\/media?parent=623034"}],"wp:term":[{"taxonomy":"kji_country","embeddable":true,"href":"https:\/\/kohenavocats.com\/ru\/wp-json\/wp\/v2\/kji_country?post=623034"},{"taxonomy":"kji_court","embeddable":true,"href":"https:\/\/kohenavocats.com\/ru\/wp-json\/wp\/v2\/kji_court?post=623034"},{"taxonomy":"kji_chamber","embeddable":true,"href":"https:\/\/kohenavocats.com\/ru\/wp-json\/wp\/v2\/kji_chamber?post=623034"},{"taxonomy":"kji_year","embeddable":true,"href":"https:\/\/kohenavocats.com\/ru\/wp-json\/wp\/v2\/kji_year?post=623034"},{"taxonomy":"kji_subject","embeddable":true,"href":"https:\/\/kohenavocats.com\/ru\/wp-json\/wp\/v2\/kji_subject?post=623034"},{"taxonomy":"kji_keyword","embeddable":true,"href":"https:\/\/kohenavocats.com\/ru\/wp-json\/wp\/v2\/kji_keyword?post=623034"},{"taxonomy":"kji_language","embeddable":true,"href":"https:\/\/kohenavocats.com\/ru\/wp-json\/wp\/v2\/kji_language?post=623034"}],"curies":[{"name":"wp","href":"https:\/\/api.w.org\/{rel}","templated":true}]}}