{"id":623632,"date":"2026-04-20T15:20:02","date_gmt":"2026-04-20T13:20:02","guid":{"rendered":"https:\/\/kohenavocats.com\/jurisprudences\/tribunal-darrondissement-10-octobre-2024-5\/"},"modified":"2026-04-20T15:20:09","modified_gmt":"2026-04-20T13:20:09","slug":"tribunal-darrondissement-10-octobre-2024-5","status":"publish","type":"kji_decision","link":"https:\/\/kohenavocats.com\/ru\/jurisprudences\/tribunal-darrondissement-10-octobre-2024-5\/","title":{"rendered":"Tribunal d&#8217;arrondissement, 10 octobre 2024"},"content":{"rendered":"<div class=\"kji-decision\">\n<div class=\"kji-full-text\">\n<p>1 Jugement no.2042\/2024 notice no.16237\/24\/CC 1xappol 2 xi.c.\/s A P P E L D E P O L I C E AUDIENCE PUBLIQUE DU 10 OCTOBRE2024 Le Tribunal d&#039;arrondissement de et \u00e0 Luxembourg,septi\u00e8mechambre correctionnelle, statuant en composition dejuge unique, a rendu le jugement qui suit: dans la cause du Minist\u00e8re Public contre PERSONNE1.) n\u00e9leDATE1.)\u00e0ADRESSE1.) demeurantADRESSE2.) -p r \u00e9 v e n u- ______________________________________________________________________________ F A I T S : Les faits et r\u00e9troactes de l&#039;affaire r\u00e9sultent \u00e0 suffisance de droit des qualit\u00e9s et consid\u00e9rants d&#039;un jugement rendu par le Tribunal de Policede et \u00e0 Luxembourgen date du29 f\u00e9vrier2024sous le num\u00e9ro128\/2024et dont le dispositif est con\u00e7u comme suit: \u00abP a rc e sm o t i f s le tribunal de police de et \u00e0 Luxembourg, statuant par d\u00e9faut \u00e0 l\u2019\u00e9gard dePERSONNE1.), le repr\u00e9sentant du Minist\u00e8re Public entendu en son r\u00e9quisitoire,<\/p>\n<p>2 constate quePERSONNE1.), bien que r\u00e9guli\u00e8rement cit\u00e9, ne s\u2019est pas pr\u00e9sent\u00e9 \u00e0 l\u2019audience publique du 1er f\u00e9vrier 2024, dit que l\u2019opposition form\u00e9e parPERSONNE1.)est r\u00e9put\u00e9e non avenue, dit que l\u2019ordonnance p\u00e9nale num\u00e9ro 2098\/2023 rendue en date du 30 juin 2023 par le Tribunal de c\u00e9ans sortira ses pleins et entiers effets, condamnePERSONNE1.)aux frais de l\u2019instance d\u2019opposition, liquid\u00e9s \u00e0 14,10 (quatorze virgule dix) euros.\u00bb ________________________________________________________________________ Par acte pass\u00e9 le6avril 2024au greffe de la justice de paix de et \u00e0Luxembourg,le pr\u00e9venu PERSONNE1.)relevaappel contre le jugement no128\/2024du29 f\u00e9vrier2024. Par acteentr\u00e9 au greffe de la justice de paixde et \u00e0Luxembourgle18avril 2024, le Procureur d\u2019Etat a relev\u00e9 appel contre cejugement no128\/2024 du 29 f\u00e9vrier 2024. Par citation du2 ao\u00fbt2024,PERSONNE1.)fut cit\u00e9 \u00e0 compara\u00eetre \u00e0 l&#039;audience publique du20 septembre2024pour y entendre statuer sur le m\u00e9rite de l\u2019appel interjet\u00e9. A cette audience, le vice-pr\u00e9sident constata l&#039;identit\u00e9 du pr\u00e9venuPERSONNE1.),lui donna connaissance de l\u2019acte qui a saisi le Tribunal et l\u2019informa de son droit de se taire et de son droit de ne pas s\u2019incriminer soi-m\u00eame. Le pr\u00e9venuPERSONNE1.)renon\u00e7a\u00e0 l\u2019assistance d\u2019un avocat par d\u00e9claration \u00e9crite, dat\u00e9e et sign\u00e9e conform\u00e9ment \u00e0 l\u2019article 3-6 point 8 du code de proc\u00e9dure p\u00e9nale. Le pr\u00e9venuPERSONNE1.)fut entendu en sesexplications et moyens de d\u00e9fense. La repr\u00e9sentante du Minist\u00e8re Public, Charlotte MARC,substitut du Procureur d\u2019Etat,r\u00e9suma l\u2019affaire et fut entendue en son r\u00e9quisitoire. Le pr\u00e9venuPERSONNE1.)eut la parole en dernier. Le Tribunal prit l&#039;affaire en d\u00e9lib\u00e9r\u00e9 et rendit \u00e0 l&#039;audience publique de ce jour, date \u00e0 laquelle le prononc\u00e9 avait \u00e9t\u00e9 fix\u00e9, le JU G E M E N T qui suit: Vu la citation \u00e0 pr\u00e9venu du2 ao\u00fbt 2024(not.16237\/24\/CC) r\u00e9guli\u00e8rement notifi\u00e9e \u00e0 PERSONNE1.).<\/p>\n<p>3 Vu le jugement num\u00e9ro128\/2024rendu par le Tribunal dePolicede et \u00e0 Luxembourgen date du 29 f\u00e9vrier2024. Vu l\u2019appel interjet\u00e9 contre ledit jugement parPERSONNE1.)endatedu6avril 2024. Vu l\u2019appel interjet\u00e9 en date du18avril 2024par le Minist\u00e8re Public. Les appels sont recevables pour avoir \u00e9t\u00e9 faits dans les forme et d\u00e9lai pr\u00e9vus par la loi. Vu l\u2019ensemble du dossier r\u00e9pressif constitu\u00e9 par le Parquet sous la notice16237\/24\/CC. Le Minist\u00e8re Public reproche \u00e0PERSONNE1.),la contravention suivante: \u00ab\u00e9tantconducteur d\u2019un autobus immatricul\u00e9 \u00abNUMERO1.)\u00bbsur la voie publique, le 14 novembre 2022, \u00e0 10.00 heures, \u00e0ADRESSE3.), -D\u00e9faut de port de la ceinture de s\u00e9curit\u00e9.\u00bb Le pr\u00e9venu ne conteste pas qu\u2019iln\u2019avait pas port\u00e9 sa ceinture de s\u00e9curit\u00e9, mais explique que les policiers l\u2019ayant contr\u00f4l\u00e9 ont laiss\u00e9 sortir de son autobus une passag\u00e8re au milieu de la route, ce qui serait plus dangereux que le d\u00e9faut de port de ceinture de s\u00e9curit\u00e9. Il r\u00e9sulte du dossier r\u00e9pressif ainsi que des d\u00e9clarations du pr\u00e9venuPERSONNE1.)que celui-cine portait effectivement pas sa ceinture de s\u00e9curit\u00e9 lors du contr\u00f4le par les forces de l\u2019ordre. La mat\u00e9rialit\u00e9 des faits reproch\u00e9saupr\u00e9venu est d\u00e8s lors \u00e9tablie \u00e0 suffisance de droit. La juridiction de premi\u00e8re instance a partant correctement appr\u00e9ci\u00e9 les circonstances de la cause et c\u2019est \u00e0juste titre qu\u2019elle adit que l\u2019opposition form\u00e9e parPERSONNE1.)\u00e9tait r\u00e9put\u00e9e non avenue et que l\u2019ordonnance p\u00e9nale num\u00e9ro 2098\/2023 rendue en date du 30 juin 2023 par le Tribunal de policesortira ses pleins et entiers effets. L\u2019infractionestrest\u00e9e \u00e9tablie en instance d\u2019appel sur base des d\u00e9bats men\u00e9s \u00e0 l\u2019audience et des \u00e9l\u00e9ments du dossier r\u00e9pressif soumis \u00e0 la juridiction d\u2019appel. Sur base des \u00e9l\u00e9ments du dossier r\u00e9pressif ensemble l&#039;instruction men\u00e9e tant en premi\u00e8re instance qu&#039;en instance d&#039;appel, et par adoption de la motivation du premier jugeainsi que de l\u2019ordonnance p\u00e9nale du 30 juin 2023,le Tribunal retient que c&#039;est \u00e0 bon droit quePERSONNE1.)a\u00e9t\u00e9 retenu dans les liens delapr\u00e9vention lui reproch\u00e9e par le Minist\u00e8re Public, \u00e0 savoir le d\u00e9faut de port de la ceinture de s\u00e9curit\u00e9. Lapeine d\u2019amende de300 euros etla peine d\u2019interdiction de conduire d\u2019un mois assortie du sursis totalauxquellesPERSONNE1.)a\u00e9t\u00e9 condamn\u00e9 en premi\u00e8re instancesontl\u00e9galeset adapt\u00e9es\u00e0 la gravit\u00e9 des faits et sanctionnentdemani\u00e8re ad\u00e9quate la gravit\u00e9 del\u2019infraction perp\u00e9tr\u00e9e.<\/p>\n<p>4 P A RC E SM O T I F S : le tribunal d&#039;arrondissement de et \u00e0 Luxembourg,septi\u00e8me chambre, compos\u00e9e de sonvice- pr\u00e9sident, si\u00e9geant en mati\u00e8re correctionnelle eten instanced&#039;appel en mati\u00e8re de police, statuant contradictoirement,lepr\u00e9venuentendu enses explications et moyens de d\u00e9fense etla repr\u00e9sentanteduMinist\u00e8rePublic entendueen son r\u00e9quisitoire, r e \u00e7 o i tlesappelsen la forme; lesd i trecevables; d \u00e9 c l a r elesappelsrelev\u00e9sparPERSONNE1.)etpar leMinist\u00e8re Publicnonfond\u00e9s; c o n f i r m ele jugement entrepris no128\/2024 du29 f\u00e9vrier2024 en toute sa forme et teneur, c o n d a m n ePERSONNE1.)aux frais de l\u2019instance d&#039;appel, ces frais liquid\u00e9s \u00e07,57euros. Le tout par application des articles cit\u00e9s par le premier juge en y ajoutant les articles 172, 173, 174, 175, 179, 182, 184, 185, 189, 190, 190-1, 194, 195, 196, 209, 210et211du code de proc\u00e9dure p\u00e9naledont mention a \u00e9t\u00e9 faite. Ainsi fait, jug\u00e9 et prononc\u00e9 en l&#039;audience publique dudit Tribunal d&#039;arrondissement de et \u00e0 Luxembourg, date qu&#039;en t\u00eate, par St\u00e9phane MAAS, vice-pr\u00e9sident, assist\u00e9 du greffier assum\u00e9 Tahnee WAGNER, enpr\u00e9sence de Nicole MARQUES, premier substitut du Procureur d\u2019Etat, qui, \u00e0 l&#039;exception du repr\u00e9sentant du Minist\u00e8re Public, ont sign\u00e9 le pr\u00e9sent jugement.<\/p>\n<p>5 En vertu des dispositions de l\u2019article 177 du Code de proc\u00e9dure p\u00e9nale lesparties pourront, s\u2019il y a lieu, se pourvoir en cassation contre le pr\u00e9sent jugement.<\/p>\n<\/div>\n<hr class=\"kji-sep\" \/>\n<p class=\"kji-source-links\"><strong>Sources officielles :<\/strong> <a class=\"kji-source-link\" href=\"https:\/\/data.public.lu\/fr\/datasets\/tribunal-darrondissement-luxembourg-penal\/\" target=\"_blank\" rel=\"noopener noreferrer\">consulter la page source<\/a> &middot; <a class=\"kji-pdf-link\" href=\"https:\/\/download.data.public.lu\/resources\/tribunal-darrondissement-luxembourg-penal\/20250914-230636\/20241010-talch07-2042-pseudonymise-accessible.pdf\" target=\"_blank\" rel=\"noopener noreferrer\">PDF officiel<\/a><\/p>\n<p class=\"kji-license-note\"><em>Licence CC BY-ND 4.0 (Administration judiciaire, data.public.lu). Republication autorisee avec attribution, sans modification editoriale du texte integral.<\/em><\/p>\n<\/div>\n","protected":false},"excerpt":{"rendered":"<p>1 Jugement no.2042\/2024 notice no.16237\/24\/CC 1xappol 2 xi.c.\/s A P P E L D E P O L I C E AUDIENCE PUBLIQUE DU 10 OCTOBRE2024 Le Tribunal d&#8217;arrondissement de et \u00e0 Luxembourg,septi\u00e8mechambre correctionnelle, statuant en composition dejuge unique, a rendu le jugement qui suit:\u2026<\/p>\n","protected":false},"featured_media":0,"template":"","meta":{"_crdt_document":""},"kji_country":[8418],"kji_court":[23583],"kji_chamber":[25729],"kji_year":[8677],"kji_subject":[7632],"kji_keyword":[23584,8598,7636],"kji_language":[7733],"class_list":["post-623632","kji_decision","type-kji_decision","status-publish","hentry","kji_country-luxembourg","kji_court-tribunal-darrondissement","kji_chamber-penal","kji_year-8677","kji_subject-penal","kji_keyword-arrondissement","kji_keyword-octobre","kji_keyword-tribunal","kji_language-francais"],"yoast_head":"<!-- This site is optimized with the Yoast SEO Premium plugin v27.5 (Yoast SEO v27.5) - https:\/\/yoast.com\/product\/yoast-seo-premium-wordpress\/ -->\n<title>Tribunal d&#039;arrondissement, 10 octobre 2024 - Ma\u00eetre Hassan Kohen, avocat en droit p\u00e9nal \u00e0 Paris<\/title>\n<meta name=\"robots\" content=\"index, follow, max-snippet:-1, max-image-preview:large, max-video-preview:-1\" \/>\n<link rel=\"canonical\" href=\"https:\/\/kohenavocats.com\/ru\/jurisprudences\/tribunal-darrondissement-10-octobre-2024-5\/\" \/>\n<meta property=\"og:locale\" content=\"ru_RU\" \/>\n<meta property=\"og:type\" content=\"article\" \/>\n<meta property=\"og:title\" content=\"Tribunal d&#039;arrondissement, 10 octobre 2024\" \/>\n<meta property=\"og:description\" content=\"1 Jugement no.2042\/2024 notice no.16237\/24\/CC 1xappol 2 xi.c.\/s A P P E L D E P O L I C E AUDIENCE PUBLIQUE DU 10 OCTOBRE2024 Le Tribunal d&#039;arrondissement de et \u00e0 Luxembourg,septi\u00e8mechambre correctionnelle, statuant en composition dejuge unique, a rendu le jugement qui suit:\u2026\" \/>\n<meta property=\"og:url\" content=\"https:\/\/kohenavocats.com\/ru\/jurisprudences\/tribunal-darrondissement-10-octobre-2024-5\/\" \/>\n<meta property=\"og:site_name\" content=\"Ma\u00eetre Hassan Kohen, avocat en droit p\u00e9nal \u00e0 Paris\" \/>\n<meta property=\"article:modified_time\" content=\"2026-04-20T13:20:09+00:00\" \/>\n<meta name=\"twitter:card\" content=\"summary_large_image\" \/>\n<meta name=\"twitter:label1\" content=\"\u041f\u0440\u0438\u043c\u0435\u0440\u043d\u043e\u0435 \u0432\u0440\u0435\u043c\u044f \u0434\u043b\u044f \u0447\u0442\u0435\u043d\u0438\u044f\" \/>\n\t<meta name=\"twitter:data1\" content=\"6 \u043c\u0438\u043d\u0443\u0442\" \/>\n<script type=\"application\/ld+json\" class=\"yoast-schema-graph\">{\"@context\":\"https:\\\/\\\/schema.org\",\"@graph\":[{\"@type\":\"WebPage\",\"@id\":\"https:\\\/\\\/kohenavocats.com\\\/ru\\\/jurisprudences\\\/tribunal-darrondissement-10-octobre-2024-5\\\/\",\"url\":\"https:\\\/\\\/kohenavocats.com\\\/ru\\\/jurisprudences\\\/tribunal-darrondissement-10-octobre-2024-5\\\/\",\"name\":\"Tribunal d'arrondissement, 10 octobre 2024 - Ma\u00eetre Hassan Kohen, avocat en droit p\u00e9nal \u00e0 Paris\",\"isPartOf\":{\"@id\":\"https:\\\/\\\/kohenavocats.com\\\/ru\\\/#website\"},\"datePublished\":\"2026-04-20T13:20:02+00:00\",\"dateModified\":\"2026-04-20T13:20:09+00:00\",\"breadcrumb\":{\"@id\":\"https:\\\/\\\/kohenavocats.com\\\/ru\\\/jurisprudences\\\/tribunal-darrondissement-10-octobre-2024-5\\\/#breadcrumb\"},\"inLanguage\":\"ru-RU\",\"potentialAction\":[{\"@type\":\"ReadAction\",\"target\":[\"https:\\\/\\\/kohenavocats.com\\\/ru\\\/jurisprudences\\\/tribunal-darrondissement-10-octobre-2024-5\\\/\"]}]},{\"@type\":\"BreadcrumbList\",\"@id\":\"https:\\\/\\\/kohenavocats.com\\\/ru\\\/jurisprudences\\\/tribunal-darrondissement-10-octobre-2024-5\\\/#breadcrumb\",\"itemListElement\":[{\"@type\":\"ListItem\",\"position\":1,\"name\":\"Home\",\"item\":\"https:\\\/\\\/kohenavocats.com\\\/ru\\\/avocats-en-droit-penal-a-paris-conseil-et-defense-strategique\\\/\"},{\"@type\":\"ListItem\",\"position\":2,\"name\":\"Jurisprudences\",\"item\":\"https:\\\/\\\/kohenavocats.com\\\/ru\\\/jurisprudences\\\/\"},{\"@type\":\"ListItem\",\"position\":3,\"name\":\"Tribunal d&rsquo;arrondissement, 10 octobre 2024\"}]},{\"@type\":\"WebSite\",\"@id\":\"https:\\\/\\\/kohenavocats.com\\\/ru\\\/#website\",\"url\":\"https:\\\/\\\/kohenavocats.com\\\/ru\\\/\",\"name\":\"Kohen Avocats\",\"description\":\"Ma\u00eetre Hassan Kohen, avocat p\u00e9naliste \u00e0 Paris, intervient exclusivement en droit p\u00e9nal pour la d\u00e9fense des particuliers, notamment en mati\u00e8re d\u2019accusations de viol. Il assure un accompagnement rigoureux d\u00e8s la garde \u00e0 vue jusqu\u2019\u00e0 la Cour d\u2019assises, veillant au strict respect des garanties proc\u00e9durales.\",\"publisher\":{\"@id\":\"https:\\\/\\\/kohenavocats.com\\\/ru\\\/#organization\"},\"potentialAction\":[{\"@type\":\"SearchAction\",\"target\":{\"@type\":\"EntryPoint\",\"urlTemplate\":\"https:\\\/\\\/kohenavocats.com\\\/ru\\\/?s={search_term_string}\"},\"query-input\":{\"@type\":\"PropertyValueSpecification\",\"valueRequired\":true,\"valueName\":\"search_term_string\"}}],\"inLanguage\":\"ru-RU\"},{\"@type\":\"Organization\",\"@id\":\"https:\\\/\\\/kohenavocats.com\\\/ru\\\/#organization\",\"name\":\"Kohen Avocats\",\"url\":\"https:\\\/\\\/kohenavocats.com\\\/ru\\\/\",\"logo\":{\"@type\":\"ImageObject\",\"inLanguage\":\"ru-RU\",\"@id\":\"https:\\\/\\\/kohenavocats.com\\\/ru\\\/#\\\/schema\\\/logo\\\/image\\\/\",\"url\":\"https:\\\/\\\/kohenavocats.com\\\/wp-content\\\/uploads\\\/2026\\\/01\\\/Logo-2-1.webp\",\"contentUrl\":\"https:\\\/\\\/kohenavocats.com\\\/wp-content\\\/uploads\\\/2026\\\/01\\\/Logo-2-1.webp\",\"width\":2114,\"height\":1253,\"caption\":\"Kohen Avocats\"},\"image\":{\"@id\":\"https:\\\/\\\/kohenavocats.com\\\/ru\\\/#\\\/schema\\\/logo\\\/image\\\/\"}}]}<\/script>\n<!-- \/ Yoast SEO Premium plugin. -->","yoast_head_json":{"title":"Tribunal d'arrondissement, 10 octobre 2024 - Ma\u00eetre Hassan Kohen, avocat en droit p\u00e9nal \u00e0 Paris","robots":{"index":"index","follow":"follow","max-snippet":"max-snippet:-1","max-image-preview":"max-image-preview:large","max-video-preview":"max-video-preview:-1"},"canonical":"https:\/\/kohenavocats.com\/ru\/jurisprudences\/tribunal-darrondissement-10-octobre-2024-5\/","og_locale":"ru_RU","og_type":"article","og_title":"Tribunal d'arrondissement, 10 octobre 2024","og_description":"1 Jugement no.2042\/2024 notice no.16237\/24\/CC 1xappol 2 xi.c.\/s A P P E L D E P O L I C E AUDIENCE PUBLIQUE DU 10 OCTOBRE2024 Le Tribunal d'arrondissement de et \u00e0 Luxembourg,septi\u00e8mechambre correctionnelle, statuant en composition dejuge unique, a rendu le jugement qui suit:\u2026","og_url":"https:\/\/kohenavocats.com\/ru\/jurisprudences\/tribunal-darrondissement-10-octobre-2024-5\/","og_site_name":"Ma\u00eetre Hassan Kohen, avocat en droit p\u00e9nal \u00e0 Paris","article_modified_time":"2026-04-20T13:20:09+00:00","twitter_card":"summary_large_image","twitter_misc":{"\u041f\u0440\u0438\u043c\u0435\u0440\u043d\u043e\u0435 \u0432\u0440\u0435\u043c\u044f \u0434\u043b\u044f \u0447\u0442\u0435\u043d\u0438\u044f":"6 \u043c\u0438\u043d\u0443\u0442"},"schema":{"@context":"https:\/\/schema.org","@graph":[{"@type":"WebPage","@id":"https:\/\/kohenavocats.com\/ru\/jurisprudences\/tribunal-darrondissement-10-octobre-2024-5\/","url":"https:\/\/kohenavocats.com\/ru\/jurisprudences\/tribunal-darrondissement-10-octobre-2024-5\/","name":"Tribunal d'arrondissement, 10 octobre 2024 - Ma\u00eetre Hassan Kohen, avocat en droit p\u00e9nal \u00e0 Paris","isPartOf":{"@id":"https:\/\/kohenavocats.com\/ru\/#website"},"datePublished":"2026-04-20T13:20:02+00:00","dateModified":"2026-04-20T13:20:09+00:00","breadcrumb":{"@id":"https:\/\/kohenavocats.com\/ru\/jurisprudences\/tribunal-darrondissement-10-octobre-2024-5\/#breadcrumb"},"inLanguage":"ru-RU","potentialAction":[{"@type":"ReadAction","target":["https:\/\/kohenavocats.com\/ru\/jurisprudences\/tribunal-darrondissement-10-octobre-2024-5\/"]}]},{"@type":"BreadcrumbList","@id":"https:\/\/kohenavocats.com\/ru\/jurisprudences\/tribunal-darrondissement-10-octobre-2024-5\/#breadcrumb","itemListElement":[{"@type":"ListItem","position":1,"name":"Home","item":"https:\/\/kohenavocats.com\/ru\/avocats-en-droit-penal-a-paris-conseil-et-defense-strategique\/"},{"@type":"ListItem","position":2,"name":"Jurisprudences","item":"https:\/\/kohenavocats.com\/ru\/jurisprudences\/"},{"@type":"ListItem","position":3,"name":"Tribunal d&rsquo;arrondissement, 10 octobre 2024"}]},{"@type":"WebSite","@id":"https:\/\/kohenavocats.com\/ru\/#website","url":"https:\/\/kohenavocats.com\/ru\/","name":"Kohen Avocats","description":"Ma\u00eetre Hassan Kohen, avocat p\u00e9naliste \u00e0 Paris, intervient exclusivement en droit p\u00e9nal pour la d\u00e9fense des particuliers, notamment en mati\u00e8re d\u2019accusations de viol. Il assure un accompagnement rigoureux d\u00e8s la garde \u00e0 vue jusqu\u2019\u00e0 la Cour d\u2019assises, veillant au strict respect des garanties proc\u00e9durales.","publisher":{"@id":"https:\/\/kohenavocats.com\/ru\/#organization"},"potentialAction":[{"@type":"SearchAction","target":{"@type":"EntryPoint","urlTemplate":"https:\/\/kohenavocats.com\/ru\/?s={search_term_string}"},"query-input":{"@type":"PropertyValueSpecification","valueRequired":true,"valueName":"search_term_string"}}],"inLanguage":"ru-RU"},{"@type":"Organization","@id":"https:\/\/kohenavocats.com\/ru\/#organization","name":"Kohen Avocats","url":"https:\/\/kohenavocats.com\/ru\/","logo":{"@type":"ImageObject","inLanguage":"ru-RU","@id":"https:\/\/kohenavocats.com\/ru\/#\/schema\/logo\/image\/","url":"https:\/\/kohenavocats.com\/wp-content\/uploads\/2026\/01\/Logo-2-1.webp","contentUrl":"https:\/\/kohenavocats.com\/wp-content\/uploads\/2026\/01\/Logo-2-1.webp","width":2114,"height":1253,"caption":"Kohen Avocats"},"image":{"@id":"https:\/\/kohenavocats.com\/ru\/#\/schema\/logo\/image\/"}}]}},"jetpack_likes_enabled":false,"jetpack_sharing_enabled":true,"_links":{"self":[{"href":"https:\/\/kohenavocats.com\/ru\/wp-json\/wp\/v2\/kji_decision\/623632","targetHints":{"allow":["GET"]}}],"collection":[{"href":"https:\/\/kohenavocats.com\/ru\/wp-json\/wp\/v2\/kji_decision"}],"about":[{"href":"https:\/\/kohenavocats.com\/ru\/wp-json\/wp\/v2\/types\/kji_decision"}],"wp:attachment":[{"href":"https:\/\/kohenavocats.com\/ru\/wp-json\/wp\/v2\/media?parent=623632"}],"wp:term":[{"taxonomy":"kji_country","embeddable":true,"href":"https:\/\/kohenavocats.com\/ru\/wp-json\/wp\/v2\/kji_country?post=623632"},{"taxonomy":"kji_court","embeddable":true,"href":"https:\/\/kohenavocats.com\/ru\/wp-json\/wp\/v2\/kji_court?post=623632"},{"taxonomy":"kji_chamber","embeddable":true,"href":"https:\/\/kohenavocats.com\/ru\/wp-json\/wp\/v2\/kji_chamber?post=623632"},{"taxonomy":"kji_year","embeddable":true,"href":"https:\/\/kohenavocats.com\/ru\/wp-json\/wp\/v2\/kji_year?post=623632"},{"taxonomy":"kji_subject","embeddable":true,"href":"https:\/\/kohenavocats.com\/ru\/wp-json\/wp\/v2\/kji_subject?post=623632"},{"taxonomy":"kji_keyword","embeddable":true,"href":"https:\/\/kohenavocats.com\/ru\/wp-json\/wp\/v2\/kji_keyword?post=623632"},{"taxonomy":"kji_language","embeddable":true,"href":"https:\/\/kohenavocats.com\/ru\/wp-json\/wp\/v2\/kji_language?post=623632"}],"curies":[{"name":"wp","href":"https:\/\/api.w.org\/{rel}","templated":true}]}}