{"id":624395,"date":"2026-04-20T17:02:25","date_gmt":"2026-04-20T15:02:25","guid":{"rendered":"https:\/\/kohenavocats.com\/jurisprudences\/tribunal-darrondissement-11-juin-2025-12\/"},"modified":"2026-04-20T17:02:28","modified_gmt":"2026-04-20T15:02:28","slug":"tribunal-darrondissement-11-juin-2025-12","status":"publish","type":"kji_decision","link":"https:\/\/kohenavocats.com\/ru\/jurisprudences\/tribunal-darrondissement-11-juin-2025-12\/","title":{"rendered":"Tribunal d&#8217;arrondissement, 11 juin 2025"},"content":{"rendered":"<div class=\"kji-decision\">\n<div class=\"kji-full-text\">\n<p>Jugementn\u00b01836\/2025 not.28184\/22\/CC i.c. (2x) D\u00c9FAUT AUDIENCE PUBLIQUE DU 11JUIN 2025 Le Tribunal d\u2019arrondissement de et \u00e0 Luxembourg,seizi\u00e8mechambre, si\u00e9geant en mati\u00e8re correctionnelle, statuant en composition de juge unique, a rendu le jugement qui suit: Dans la cause du Minist\u00e8re Public contre PERSONNE1.) n\u00e9 leDATE1.)\u00e0ADRESSE1.)(Portugal), demeurant \u00e0D-ADRESSE2.), pr\u00e9venu Par citation du4 avril 2025, le Procureur d\u2019Etat pr\u00e8s le Tribunal d\u2019arrondissement de et \u00e0 Luxembourg a requis lepr\u00e9venu de compara\u00eetre \u00e0 l\u2019audience publique du2 juin 2025devant le Tribunal correctionnel de ce si\u00e8ge pour y entendrestatuer sur lespr\u00e9ventionssuivantes: principalement: d\u00e9lit de fuite, subsidiairement:\u00e9tant impliqu\u00e9 dans un accident, ne pas s\u2019\u00eatre arr\u00eat\u00e9 imm\u00e9diatement et en avoir constat\u00e9 les cons\u00e9quences, plus subsidiairement: \u00e9tant impliqu\u00e9 dans un accident qui n\u2019a provoqu\u00e9 que des dommages mat\u00e9riels, ne pas \u00eatre rest\u00e9 sur place pour proc\u00e9der en commun aux constatations n\u00e9cessaires,contraventions. \u00c0cette audience,lepr\u00e9venuPERSONNE1.)ne comparut pas. Let\u00e9moinPERSONNE2.)fut entendu ensesd\u00e9clarations orales apr\u00e8s avoir pr\u00eat\u00e9 le serment pr\u00e9vu \u00e0 l\u2019article 155 du Code de proc\u00e9dure p\u00e9nale. Le repr\u00e9sentant du Minist\u00e8re Public, Steve BOEVER, Premier Substitut du Procureur d\u2019\u00c9tat, r\u00e9suma l\u2019affaire et fut entendu en ses r\u00e9quisitions.<\/p>\n<p>2 LeTribunal prit l\u2019affaire en d\u00e9lib\u00e9r\u00e9 et rendit \u00e0 l\u2019audience de ce jour, date \u00e0 laquelle le prononc\u00e9 avait \u00e9t\u00e9 fix\u00e9, le JUGEMENT QUI SUIT: Vu l\u2019ensemble du dossier r\u00e9pressif constitu\u00e9 par le Minist\u00e8re Public sous la notice 28184\/22\/CCet notamment leproc\u00e8s-verbaln\u00b0550\/2022dress\u00e9en date du13 mai 2022par la Police grand-ducale,CommissariatGare\/Hollerich. Vu la citation \u00e0 pr\u00e9venu du4 avril 2025,r\u00e9guli\u00e8rement notifi\u00e9e \u00e0PERSONNE1.). Le pr\u00e9venuPERSONNE1.), quoique r\u00e9guli\u00e8rement cit\u00e9, ne comparut pas \u00e0 l\u2019audience publique du 2 juin 2025. Il ressort d\u2019un relev\u00e9 track and trace,vers\u00e9 en cause que le pli contenant la citation \u00e0 pr\u00e9venu fut remis \u00e0 l\u2019adresse du pr\u00e9venu en date du29 avril 2025. Comme il n\u2019est toutefois pas \u00e9tabli par ledocumentpr\u00e9cit\u00e9 que le pli fut remis \u00e0 la personne du pr\u00e9venu, il convient de statuer par d\u00e9faut \u00e0 son encontre. Le Minist\u00e8re Public reproche \u00e0PERSONNE1.)d\u2019avoir,en date13 mai 2022 vers 15.30 heures, \u00e0ADRESSE3.),en ordre principalcommis un d\u00e9lit de fuite, en ordre subsidiaire,\u00e9tant impliqu\u00e9 dans un accident, ne pas s\u2019\u00eatre arr\u00eat\u00e9imm\u00e9diatement et en avoir constat\u00e9 les cons\u00e9quences, en ordre plus subsidiaire,\u00e9tant impliqu\u00e9 dans un accident qui n\u2019a provoqu\u00e9 que des dommages mat\u00e9riels, ne pas \u00eatre rest\u00e9 sur place pour proc\u00e9der en commun aux constatations n\u00e9cessairesetd\u2019avoir enfreint l\u2019article 163 de l\u2019arr\u00eat\u00e9 grand-ducal du 23 novembre 1955 portant r\u00e8glement de la circulation sur toutes les voies publiquesainsi qued\u2019avoir enfreintsix autres dispositions de l\u2019arr\u00eat\u00e9 grand -ducal du 23 novembre 1955 portant r\u00e8glement de la circulation sur toutes les voies publiques. Le Tribunal correctionnel est comp\u00e9tent pour conna\u00eetre descontraventionslibell\u00e9essub2)\u00e0 7)\u00e0 charge dupr\u00e9venudans la mesure o\u00f9 celles-cisontconnexesau d\u00e9lit libell\u00e9\u00e0 titre principalsub1). Il r\u00e9sulte \u00e0suffisance des \u00e9l\u00e9ments du dossier r\u00e9pressif et notamment des constatations des agents verbalisant ainsi que des d\u00e9clarations dut\u00e9moinPERSONNE2.)sous la foi du serment que les infractions mises \u00e0 charge dePERSONNE1.)sont \u00e9tablies tant en fait qu\u2019en droit. Le pr\u00e9venuPERSONNE1.)estpartantconvaincu: \u00ab\u00e9tant conducteurd&#039;un v\u00e9hicule automoteur sur la voie publique, le 13 mai 2022 vers 15.30 heures, \u00e0 Luxembourg,ADRESSE4.), 1)sachant qu&#039;ila caus\u00e9 un accident, avoir pris la fuite pour \u00e9chapper aux constatations utiles,<\/p>\n<p>3 2) refus d\u2019obtemp\u00e9rer aux injonctions des agents charg\u00e9s du contr\u00f4le de la circulation, portant les insignes de leur fonction, 3) vitesse dangereuse selon les circonstances, 4) d\u00e9faut de se comporter raisonnablement et prudemment de fa\u00e7on \u00e0 ne pas constituer un danger pour la circulation, 5) d\u00e9faut de se comporter raisonnablement et prudemment de fa\u00e7on \u00e0 ne pas causer un dommage aux propri\u00e9t\u00e9s priv\u00e9es, 6) d\u00e9faut de conduire de fa\u00e7on \u00e0 rester constamment ma\u00eetre de son v\u00e9hicule 7) d\u00e9faut de s\u2019arr\u00eater \u00e0 un passage pour pi\u00e9tons, un pi\u00e9ton ayant marqu\u00e9 son intention de s\u2019y engager\u00bb. Quant \u00e0 la peine Lesinfractionsretenues\u00e0 chargedupr\u00e9venusetrouventen concoursid\u00e9al entre elles,de sorte qu&#039;il y a lieu d&#039;appliquer lesdispositionsde l\u2019article65du Code p\u00e9nal. Le d\u00e9lit de fuite est sanctionn\u00e9 d\u2019apr\u00e8s l\u2019article 9 de la loi modifi\u00e9e du 14 f\u00e9vrier 1955 portant r\u00e9glementation de lacirculation routi\u00e8re d\u2019une peine d\u2019emprisonnement de huit jours \u00e0 trois ans et d\u2019une amende de 500 \u00e0 10.000 euros,ou d\u2019une de ces peines seulement. L\u2019article 13.1 dede la loi modifi\u00e9e du 14 f\u00e9vrier 1955permet au juge saisi d\u2019une ou de plusieurs infractions \u00e0 la r\u00e9glementation de la circulation sur toutes les voies publiques ou de d\u00e9lits ou de crimes qui se sont joints \u00e0 ces infractions, de prononcer une interdiction de conduire de huit jours \u00e0 un an en mati\u00e8re de contraventions et de trois mois \u00e0 quinze ans en mati\u00e8re de d\u00e9lits ou de crimes. Au vu de la gravit\u00e9 des infractions retenues \u00e0 l\u2019\u00e9gard du pr\u00e9venu, leTribunal d\u00e9cide de condamnerPERSONNE1.)\u00e0 uneamende correctionnellede1.000 eurosainsi qu\u2019\u00e0 une interdiction de conduirede18mois. PAR CES MOTIFS : leTribunal d\u2019arrondissement de et \u00e0 Luxembourg, seizi\u00e8me chambre, si\u00e9geant en mati\u00e8re correctionnelle, compos\u00e9e de son Vice-Pr\u00e9sident, statuantpar d\u00e9faut\u00e0 l\u2019\u00e9gard de PERSONNE1.), le repr\u00e9sentant du Minist\u00e8re Public entendu en sesr\u00e9quisitions, condamne PERSONNE1.)du chef desinfractionsretenues\u00e0 sa charge \u00e0une amende correctionnelledemille(1.000)euros,ainsi qu\u2019aux frais de sa poursuite p\u00e9nale, ces frais liquid\u00e9s \u00e0 32,72euros, fixela dur\u00e9e delacontrainte par corps en cas de non-paiement del\u2019amende \u00e0dix (10)jours,<\/p>\n<p>4 prononce contrePERSONNE1.)du chef del\u2019infraction retenuesub1)\u00e0 sa charge pourla dur\u00e9e dedix-huit (18)moisl\u2019interdiction de conduire sur la voie publique, Parapplication des articles 14, 16,27,28, 29, 30et 65duCode p\u00e9nal,des articles154, 155, 179, 182, 184,185,189, 190, 190-1, 194, 195et196du Code de proc\u00e9dure p\u00e9nale,des articles9et13de la loi modifi\u00e9e du 14 f\u00e9vrier 1955concernantlar\u00e9glementation de la circulation sur toutes les voies publiques,dont mention a \u00e9t\u00e9 faite. Ainsi fait, jug\u00e9 et prononc\u00e9 par Julien GROSS, Vice-Pr\u00e9sident, en audience publique au Tribunal d\u2019arrondissement de Luxembourg, assist\u00e9 dePhilippe FR\u00d6HLICH, Greffier, en pr\u00e9sence d\u2019Anne THEISEN, Substitut du Procureur d\u2019\u00c9tat, qui \u00e0 l\u2019exception de larepr\u00e9sentante du Minist\u00e8re Public, ont sign\u00e9 le pr\u00e9sent jugement. Ce jugement est susceptible d&#039;opposition. L&#039;opposition doit \u00eatre form\u00e9e dans les formes et d\u00e9lais pr\u00e9vus aux articles 187 et suivants du Code de proc\u00e9dure p\u00e9nale, \u00e0 savoir dans les15 joursqui suivent la remise du pr\u00e9sent jugement par lettre recommand\u00e9e avec avis de r\u00e9ception, par courrier adress\u00e9 au Parquet du Tribunal d&#039;arrondissement de Luxembourg, Cit\u00e9 judiciaire, Plateau St Esprit, L-2080 Luxembourg. Si vous n&#039;avez pas re\u00e7u la lettre personnellement, vous pouvez former opposition d\u00e8s que vous avez connaissance du jugement. Votre lettre doit indiquer vos nom, pr\u00e9nom et adresse, la date et le num\u00e9ro du jugement et la d\u00e9claration que vous formez opposition. Si une personne s&#039;est constitu\u00e9e partie civile contre vous, c&#039;est-\u00e0-dire si quelqu&#039;un a demand\u00e9 au tribunal de vous condamner \u00e0 lui payer une certaine somme pour r\u00e9parer le dommage que vous avez caus\u00e9, vous devez obligatoirement lui adresser une lettre dela m\u00eame teneur. Ce jugement est susceptible d&#039;appel. L&#039;appel doit \u00eatre interjet\u00e9 dans les formes et d\u00e9lais pr\u00e9vus aux articles 202 et suivants du Code de proc\u00e9dure p\u00e9nale et il doit \u00eatre form\u00e9 par le pr\u00e9venu ou son avocat, la partie civile ainsi que la partie civilement responsable ou leurs avocats respectifs dans les 40 joursde la notification du pr\u00e9sent jugement rendu par d\u00e9faut, aupr\u00e8s du greffe du Tribunal d&#039;arrondissement de Luxembourg, en se pr\u00e9sentantpersonnellementpour signer l&#039;acte d&#039;appel. L\u2019appel peut \u00e9galement \u00eatre interjet\u00e9, dans les40 joursde la notification du pr\u00e9sent jugement rendu par d\u00e9faut, par voie de courrier\u00e9lectronique\u00e0 adresser au guichet du greffe du Tribunal d\u2019arrondissement de Luxembourg \u00e0 l\u2019adresse talgug@justice.etat.lu.L\u2019appel interjet\u00e9 par voie \u00e9lectronique le jour d\u2019expiration du d\u00e9lai de recours peut parvenir au greffe jusqu\u2019\u00e0 minuit de ce jour. Le courrier \u00e9lectronique par lequel appel est interjet\u00e9 doit \u00e9maner de l\u2019appelant, de son avocat ou de tout autre fond\u00e9 de pouvoir sp\u00e9cial. Dans ce dernier cas, le pouvoir est annex\u00e9 au courrier \u00e9lectronique. Si le pr\u00e9venu estd\u00e9tenu,il peut d\u00e9clarer son appel au greffe du Centre p\u00e9nitentiaire.<\/p>\n<\/div>\n<hr class=\"kji-sep\" \/>\n<p class=\"kji-source-links\"><strong>Sources officielles :<\/strong> <a class=\"kji-source-link\" href=\"https:\/\/data.public.lu\/fr\/datasets\/tribunal-darrondissement-luxembourg-penal\/\" target=\"_blank\" rel=\"noopener noreferrer\">consulter la page source<\/a> &middot; <a class=\"kji-pdf-link\" href=\"https:\/\/download.data.public.lu\/resources\/tribunal-darrondissement-luxembourg-penal\/20250721-012044\/20250611-talch16-1836-pseudonymise-accessible.pdf\" target=\"_blank\" rel=\"noopener noreferrer\">PDF officiel<\/a><\/p>\n<p class=\"kji-license-note\"><em>Licence CC BY-ND 4.0 (Administration judiciaire, data.public.lu). Republication autorisee avec attribution, sans modification editoriale du texte integral.<\/em><\/p>\n<\/div>\n","protected":false},"excerpt":{"rendered":"<p>Jugementn\u00b01836\/2025 not.28184\/22\/CC i.c. (2x) D\u00c9FAUT AUDIENCE PUBLIQUE DU 11JUIN 2025 Le Tribunal d\u2019arrondissement de et \u00e0 Luxembourg,seizi\u00e8mechambre, si\u00e9geant en mati\u00e8re correctionnelle, statuant en composition de juge unique, a rendu le jugement qui suit: Dans la cause du Minist\u00e8re Public contre PERSONNE1.) n\u00e9 leDATE1.)\u00e0ADRESSE1.)(Portugal), demeurant \u00e0D-ADRESSE2.),\u2026<\/p>\n","protected":false},"featured_media":0,"template":"","meta":{"_crdt_document":""},"kji_country":[8418],"kji_court":[23583],"kji_chamber":[25729],"kji_year":[8463],"kji_subject":[7632],"kji_keyword":[23584,25730,7636],"kji_language":[7733],"class_list":["post-624395","kji_decision","type-kji_decision","status-publish","hentry","kji_country-luxembourg","kji_court-tribunal-darrondissement","kji_chamber-penal","kji_year-8463","kji_subject-penal","kji_keyword-arrondissement","kji_keyword-jugementn","kji_keyword-tribunal","kji_language-francais"],"yoast_head":"<!-- This site is optimized with the Yoast SEO Premium plugin v27.4 (Yoast SEO v27.4) - https:\/\/yoast.com\/product\/yoast-seo-premium-wordpress\/ -->\n<title>Tribunal d&#039;arrondissement, 11 juin 2025 - Ma\u00eetre Hassan Kohen, avocat en droit p\u00e9nal \u00e0 Paris<\/title>\n<meta name=\"robots\" content=\"index, follow, max-snippet:-1, max-image-preview:large, max-video-preview:-1\" \/>\n<link rel=\"canonical\" href=\"https:\/\/kohenavocats.com\/ru\/jurisprudences\/tribunal-darrondissement-11-juin-2025-12\/\" \/>\n<meta property=\"og:locale\" content=\"ru_RU\" \/>\n<meta property=\"og:type\" content=\"article\" \/>\n<meta property=\"og:title\" content=\"Tribunal d&#039;arrondissement, 11 juin 2025\" \/>\n<meta property=\"og:description\" content=\"Jugementn\u00b01836\/2025 not.28184\/22\/CC i.c. (2x) D\u00c9FAUT AUDIENCE PUBLIQUE DU 11JUIN 2025 Le Tribunal d\u2019arrondissement de et \u00e0 Luxembourg,seizi\u00e8mechambre, si\u00e9geant en mati\u00e8re correctionnelle, statuant en composition de juge unique, a rendu le jugement qui suit: Dans la cause du Minist\u00e8re Public contre PERSONNE1.) n\u00e9 leDATE1.)\u00e0ADRESSE1.)(Portugal), demeurant \u00e0D-ADRESSE2.),\u2026\" \/>\n<meta property=\"og:url\" content=\"https:\/\/kohenavocats.com\/ru\/jurisprudences\/tribunal-darrondissement-11-juin-2025-12\/\" \/>\n<meta property=\"og:site_name\" content=\"Ma\u00eetre Hassan Kohen, avocat en droit p\u00e9nal \u00e0 Paris\" \/>\n<meta property=\"article:modified_time\" content=\"2026-04-20T15:02:28+00:00\" \/>\n<meta name=\"twitter:card\" content=\"summary_large_image\" \/>\n<meta name=\"twitter:label1\" content=\"\u041f\u0440\u0438\u043c\u0435\u0440\u043d\u043e\u0435 \u0432\u0440\u0435\u043c\u044f \u0434\u043b\u044f \u0447\u0442\u0435\u043d\u0438\u044f\" \/>\n\t<meta name=\"twitter:data1\" content=\"7 \u043c\u0438\u043d\u0443\u0442\" \/>\n<script type=\"application\/ld+json\" class=\"yoast-schema-graph\">{\"@context\":\"https:\\\/\\\/schema.org\",\"@graph\":[{\"@type\":\"WebPage\",\"@id\":\"https:\\\/\\\/kohenavocats.com\\\/ru\\\/jurisprudences\\\/tribunal-darrondissement-11-juin-2025-12\\\/\",\"url\":\"https:\\\/\\\/kohenavocats.com\\\/ru\\\/jurisprudences\\\/tribunal-darrondissement-11-juin-2025-12\\\/\",\"name\":\"Tribunal d'arrondissement, 11 juin 2025 - Ma\u00eetre Hassan Kohen, avocat en droit p\u00e9nal \u00e0 Paris\",\"isPartOf\":{\"@id\":\"https:\\\/\\\/kohenavocats.com\\\/ru\\\/#website\"},\"datePublished\":\"2026-04-20T15:02:25+00:00\",\"dateModified\":\"2026-04-20T15:02:28+00:00\",\"breadcrumb\":{\"@id\":\"https:\\\/\\\/kohenavocats.com\\\/ru\\\/jurisprudences\\\/tribunal-darrondissement-11-juin-2025-12\\\/#breadcrumb\"},\"inLanguage\":\"ru-RU\",\"potentialAction\":[{\"@type\":\"ReadAction\",\"target\":[\"https:\\\/\\\/kohenavocats.com\\\/ru\\\/jurisprudences\\\/tribunal-darrondissement-11-juin-2025-12\\\/\"]}]},{\"@type\":\"BreadcrumbList\",\"@id\":\"https:\\\/\\\/kohenavocats.com\\\/ru\\\/jurisprudences\\\/tribunal-darrondissement-11-juin-2025-12\\\/#breadcrumb\",\"itemListElement\":[{\"@type\":\"ListItem\",\"position\":1,\"name\":\"Home\",\"item\":\"https:\\\/\\\/kohenavocats.com\\\/ru\\\/avocats-en-droit-penal-a-paris-conseil-et-defense-strategique\\\/\"},{\"@type\":\"ListItem\",\"position\":2,\"name\":\"Jurisprudences\",\"item\":\"https:\\\/\\\/kohenavocats.com\\\/ru\\\/jurisprudences\\\/\"},{\"@type\":\"ListItem\",\"position\":3,\"name\":\"Tribunal d&rsquo;arrondissement, 11 juin 2025\"}]},{\"@type\":\"WebSite\",\"@id\":\"https:\\\/\\\/kohenavocats.com\\\/ru\\\/#website\",\"url\":\"https:\\\/\\\/kohenavocats.com\\\/ru\\\/\",\"name\":\"Kohen Avocats\",\"description\":\"Ma\u00eetre Hassan Kohen, avocat p\u00e9naliste \u00e0 Paris, intervient exclusivement en droit p\u00e9nal pour la d\u00e9fense des particuliers, notamment en mati\u00e8re d\u2019accusations de viol. Il assure un accompagnement rigoureux d\u00e8s la garde \u00e0 vue jusqu\u2019\u00e0 la Cour d\u2019assises, veillant au strict respect des garanties proc\u00e9durales.\",\"publisher\":{\"@id\":\"https:\\\/\\\/kohenavocats.com\\\/ru\\\/#organization\"},\"potentialAction\":[{\"@type\":\"SearchAction\",\"target\":{\"@type\":\"EntryPoint\",\"urlTemplate\":\"https:\\\/\\\/kohenavocats.com\\\/ru\\\/?s={search_term_string}\"},\"query-input\":{\"@type\":\"PropertyValueSpecification\",\"valueRequired\":true,\"valueName\":\"search_term_string\"}}],\"inLanguage\":\"ru-RU\"},{\"@type\":\"Organization\",\"@id\":\"https:\\\/\\\/kohenavocats.com\\\/ru\\\/#organization\",\"name\":\"Kohen Avocats\",\"url\":\"https:\\\/\\\/kohenavocats.com\\\/ru\\\/\",\"logo\":{\"@type\":\"ImageObject\",\"inLanguage\":\"ru-RU\",\"@id\":\"https:\\\/\\\/kohenavocats.com\\\/ru\\\/#\\\/schema\\\/logo\\\/image\\\/\",\"url\":\"https:\\\/\\\/kohenavocats.com\\\/wp-content\\\/uploads\\\/2026\\\/01\\\/Logo-2-1.webp\",\"contentUrl\":\"https:\\\/\\\/kohenavocats.com\\\/wp-content\\\/uploads\\\/2026\\\/01\\\/Logo-2-1.webp\",\"width\":2114,\"height\":1253,\"caption\":\"Kohen Avocats\"},\"image\":{\"@id\":\"https:\\\/\\\/kohenavocats.com\\\/ru\\\/#\\\/schema\\\/logo\\\/image\\\/\"}}]}<\/script>\n<!-- \/ Yoast SEO Premium plugin. -->","yoast_head_json":{"title":"Tribunal d'arrondissement, 11 juin 2025 - Ma\u00eetre Hassan Kohen, avocat en droit p\u00e9nal \u00e0 Paris","robots":{"index":"index","follow":"follow","max-snippet":"max-snippet:-1","max-image-preview":"max-image-preview:large","max-video-preview":"max-video-preview:-1"},"canonical":"https:\/\/kohenavocats.com\/ru\/jurisprudences\/tribunal-darrondissement-11-juin-2025-12\/","og_locale":"ru_RU","og_type":"article","og_title":"Tribunal d'arrondissement, 11 juin 2025","og_description":"Jugementn\u00b01836\/2025 not.28184\/22\/CC i.c. (2x) D\u00c9FAUT AUDIENCE PUBLIQUE DU 11JUIN 2025 Le Tribunal d\u2019arrondissement de et \u00e0 Luxembourg,seizi\u00e8mechambre, si\u00e9geant en mati\u00e8re correctionnelle, statuant en composition de juge unique, a rendu le jugement qui suit: Dans la cause du Minist\u00e8re Public contre PERSONNE1.) n\u00e9 leDATE1.)\u00e0ADRESSE1.)(Portugal), demeurant \u00e0D-ADRESSE2.),\u2026","og_url":"https:\/\/kohenavocats.com\/ru\/jurisprudences\/tribunal-darrondissement-11-juin-2025-12\/","og_site_name":"Ma\u00eetre Hassan Kohen, avocat en droit p\u00e9nal \u00e0 Paris","article_modified_time":"2026-04-20T15:02:28+00:00","twitter_card":"summary_large_image","twitter_misc":{"\u041f\u0440\u0438\u043c\u0435\u0440\u043d\u043e\u0435 \u0432\u0440\u0435\u043c\u044f \u0434\u043b\u044f \u0447\u0442\u0435\u043d\u0438\u044f":"7 \u043c\u0438\u043d\u0443\u0442"},"schema":{"@context":"https:\/\/schema.org","@graph":[{"@type":"WebPage","@id":"https:\/\/kohenavocats.com\/ru\/jurisprudences\/tribunal-darrondissement-11-juin-2025-12\/","url":"https:\/\/kohenavocats.com\/ru\/jurisprudences\/tribunal-darrondissement-11-juin-2025-12\/","name":"Tribunal d'arrondissement, 11 juin 2025 - Ma\u00eetre Hassan Kohen, avocat en droit p\u00e9nal \u00e0 Paris","isPartOf":{"@id":"https:\/\/kohenavocats.com\/ru\/#website"},"datePublished":"2026-04-20T15:02:25+00:00","dateModified":"2026-04-20T15:02:28+00:00","breadcrumb":{"@id":"https:\/\/kohenavocats.com\/ru\/jurisprudences\/tribunal-darrondissement-11-juin-2025-12\/#breadcrumb"},"inLanguage":"ru-RU","potentialAction":[{"@type":"ReadAction","target":["https:\/\/kohenavocats.com\/ru\/jurisprudences\/tribunal-darrondissement-11-juin-2025-12\/"]}]},{"@type":"BreadcrumbList","@id":"https:\/\/kohenavocats.com\/ru\/jurisprudences\/tribunal-darrondissement-11-juin-2025-12\/#breadcrumb","itemListElement":[{"@type":"ListItem","position":1,"name":"Home","item":"https:\/\/kohenavocats.com\/ru\/avocats-en-droit-penal-a-paris-conseil-et-defense-strategique\/"},{"@type":"ListItem","position":2,"name":"Jurisprudences","item":"https:\/\/kohenavocats.com\/ru\/jurisprudences\/"},{"@type":"ListItem","position":3,"name":"Tribunal d&rsquo;arrondissement, 11 juin 2025"}]},{"@type":"WebSite","@id":"https:\/\/kohenavocats.com\/ru\/#website","url":"https:\/\/kohenavocats.com\/ru\/","name":"Kohen Avocats","description":"Ma\u00eetre Hassan Kohen, avocat p\u00e9naliste \u00e0 Paris, intervient exclusivement en droit p\u00e9nal pour la d\u00e9fense des particuliers, notamment en mati\u00e8re d\u2019accusations de viol. Il assure un accompagnement rigoureux d\u00e8s la garde \u00e0 vue jusqu\u2019\u00e0 la Cour d\u2019assises, veillant au strict respect des garanties proc\u00e9durales.","publisher":{"@id":"https:\/\/kohenavocats.com\/ru\/#organization"},"potentialAction":[{"@type":"SearchAction","target":{"@type":"EntryPoint","urlTemplate":"https:\/\/kohenavocats.com\/ru\/?s={search_term_string}"},"query-input":{"@type":"PropertyValueSpecification","valueRequired":true,"valueName":"search_term_string"}}],"inLanguage":"ru-RU"},{"@type":"Organization","@id":"https:\/\/kohenavocats.com\/ru\/#organization","name":"Kohen Avocats","url":"https:\/\/kohenavocats.com\/ru\/","logo":{"@type":"ImageObject","inLanguage":"ru-RU","@id":"https:\/\/kohenavocats.com\/ru\/#\/schema\/logo\/image\/","url":"https:\/\/kohenavocats.com\/wp-content\/uploads\/2026\/01\/Logo-2-1.webp","contentUrl":"https:\/\/kohenavocats.com\/wp-content\/uploads\/2026\/01\/Logo-2-1.webp","width":2114,"height":1253,"caption":"Kohen Avocats"},"image":{"@id":"https:\/\/kohenavocats.com\/ru\/#\/schema\/logo\/image\/"}}]}},"jetpack_likes_enabled":false,"jetpack_sharing_enabled":true,"_links":{"self":[{"href":"https:\/\/kohenavocats.com\/ru\/wp-json\/wp\/v2\/kji_decision\/624395","targetHints":{"allow":["GET"]}}],"collection":[{"href":"https:\/\/kohenavocats.com\/ru\/wp-json\/wp\/v2\/kji_decision"}],"about":[{"href":"https:\/\/kohenavocats.com\/ru\/wp-json\/wp\/v2\/types\/kji_decision"}],"wp:attachment":[{"href":"https:\/\/kohenavocats.com\/ru\/wp-json\/wp\/v2\/media?parent=624395"}],"wp:term":[{"taxonomy":"kji_country","embeddable":true,"href":"https:\/\/kohenavocats.com\/ru\/wp-json\/wp\/v2\/kji_country?post=624395"},{"taxonomy":"kji_court","embeddable":true,"href":"https:\/\/kohenavocats.com\/ru\/wp-json\/wp\/v2\/kji_court?post=624395"},{"taxonomy":"kji_chamber","embeddable":true,"href":"https:\/\/kohenavocats.com\/ru\/wp-json\/wp\/v2\/kji_chamber?post=624395"},{"taxonomy":"kji_year","embeddable":true,"href":"https:\/\/kohenavocats.com\/ru\/wp-json\/wp\/v2\/kji_year?post=624395"},{"taxonomy":"kji_subject","embeddable":true,"href":"https:\/\/kohenavocats.com\/ru\/wp-json\/wp\/v2\/kji_subject?post=624395"},{"taxonomy":"kji_keyword","embeddable":true,"href":"https:\/\/kohenavocats.com\/ru\/wp-json\/wp\/v2\/kji_keyword?post=624395"},{"taxonomy":"kji_language","embeddable":true,"href":"https:\/\/kohenavocats.com\/ru\/wp-json\/wp\/v2\/kji_language?post=624395"}],"curies":[{"name":"wp","href":"https:\/\/api.w.org\/{rel}","templated":true}]}}