{"id":625217,"date":"2026-04-20T18:15:36","date_gmt":"2026-04-20T16:15:36","guid":{"rendered":"https:\/\/kohenavocats.com\/jurisprudences\/eclinlrbgel202511654-rechtbank-gelderland-09-09-2025-114144-23\/"},"modified":"2026-04-20T18:15:36","modified_gmt":"2026-04-20T16:15:36","slug":"eclinlrbgel202511654-rechtbank-gelderland-09-09-2025-114144-23","status":"publish","type":"kji_decision","link":"https:\/\/kohenavocats.com\/ru\/jurisprudences\/eclinlrbgel202511654-rechtbank-gelderland-09-09-2025-114144-23\/","title":{"rendered":"ECLI:NL:RBGEL:2025:11654 Rechtbank Gelderland , 09-09-2025 \/ 114144-23"},"content":{"rendered":"<div class=\"kji-decision\">\n<div class=\"kji-full-text\">\n<p><strong>Inhoudsindicatie.<\/strong> Voorwaardelijke gevangenisstraf van 2 maanden, met een proeftijd van 1 jaar, en een taakstraf van 100 uren voor verduistering in dienstbetrekking van een groot aantal koelkasten.<\/p>\n<p>RECHTBANK GELDERLAND<\/p>\n<p>Team strafrecht<\/p>\n<p>Zittingsplaats Arnhem<\/p>\n<p>Parketnummer: 05.114144.23<\/p>\n<p>Datum uitspraak : 9 september 2025<\/p>\n<p>Tegenspraak<\/p>\n<p>vonnis van de meervoudige kamer<\/p>\n<p>in de zaak van<\/p>\n<p>de officier van justitie<\/p>\n<p>tegen<\/p>\n<p>[verdachte]<br \/>\n ,<\/p>\n<p>geboren op [geboortedatum] 1983 in [geboorteplaats] ,<\/p>\n<p>ingeschreven aan [adres] .<\/p>\n<p>Raadsman: mr. M.D.A. Stam, advocaat in Gouda .<\/p>\n<p>Dit vonnis is gewezen naar aanleiding van het onderzoek op een openbare terechtzitting.<\/p>\n<h3>1De inhoud van de tenlastelegging<\/h3>\n<p>Aan verdachte is ten laste gelegd dat:<\/p>\n<p>hij op \u00e9\u00e9n of meer tijdstippen in of omstreeks de periode van 1 juni 2021 tot en met 3 november 2022 te Nijkerk, althans in Nederland, opzettelijk koelkasten (te weten 207, althans 30 stuks), in elk geval enig goed, die geheel of ten dele toebehoorden aan [bedrijf] , in elk geval aan een ander of anderen dan aan verdachte, en welk goed verdachte uit hoofde van zijn persoonlijke dienstbetrekking als medewerker\/orderpicker, in elk geval anders dan door misdrijf onder zich had, wederrechtelijk zich heeft toege\u00ebigend.<\/p>\n<p>2. Overwegingen ten aanzien van het bewijs<\/p>\n<p>Er is sprake van een bekennende verdachte als bedoeld in artikel 359, derde lid, laatste zin, van het Wetboek van Strafvordering en daarom wordt volstaan met een opgave van de bewijsmiddelen.<\/p>\n<p>Bewijsmiddelen:<\/p>\n<p>&#8212; het proces-verbaal van aangifte van [aangever 1] namens [bedrijf] van 9 september 2022, p. 31-32;<\/p>\n<p>&#8212; het proces-verbaal van aangifte van [aangever 2] namens [bedrijf] van 3 november 2022, p. 55-56, 59-60;<\/p>\n<p>&#8212; de verklaring van verdachte afgelegd ter terechtzitting van 26 augustus 2025.<\/p>\n<p>De rechtbank overweegt dat verdachte de verduistering van in totaal 207 koelkasten ten laste is gelegd. De bekennende verklaring van verdachte ziet \u2013 kort gezegd \u2013 op de verduistering van in totaal 32 koelkasten. Met de officier van justitie en de verdediging is de rechtbank van oordeel dat op basis van het dossier niet wettig en overtuigend kan worden bewezen dat verdachte zich schuldig heeft gemaakt aan het verduisteren van meer dan 32 koelkasten. Van dit onderdeel van de tenlastelegging zal verdachte dan ook worden vrijgesproken.<\/p>\n<h3>3De bewezenverklaring<\/h3>\n<p>Naar het oordeel van de rechtbank is wettig en overtuigend bewezen dat verdachte het tenlastegelegde heeft begaan, te weten dat:<\/p>\n<p>hij op \u00e9\u00e9n of meer tijdstippen in of omstreeks de periode van 1 juni 2021 tot en met 3 november 2022 te Nijkerk, althans in Nederland, opzettelijk koelkasten (te weten 207, althans 30 32 stuks), in elk geval enig goed, die geheel of ten dele toebehoorden aan [bedrijf] , in elk geval aan een ander of anderen dan aan verdachte, en welk goed verdachte uit hoofde van zijn persoonlijke dienstbetrekking als medewerker\/orderpicker, in elk geval anders dan door misdrijf onder zich had, wederrechtelijk zich heeft toege\u00ebigend.<\/p>\n<p>Voor zover er in de tenlastelegging kennelijke taal- en\/of schrijffouten voorkomen, zijn die fouten verbeterd. Verdachte is daardoor niet in de verdediging geschaad.<\/p>\n<p>Wat meer of anders is ten laste gelegd dan hiervoor bewezen is verklaard, is niet bewezen.<\/p>\n<p>Verdachte zal daarvan worden vrijgesproken.<\/p>\n<h3>4De kwalificatie van het bewezenverklaarde<\/h3>\n<p>Het bewezenverklaarde levert op:<\/p>\n<p>verduistering gepleegd door hem die het goed uit hoofde van zijn persoonlijke dienstbetrekking onder zich heeft.<\/p>\n<h3>5De strafbaarheid van het feit<\/h3>\n<p>Het feit is strafbaar.<\/p>\n<h3>6De strafbaarheid van de verdachte<\/h3>\n<p>Verdachte is strafbaar, nu geen omstandigheid is gebleken of aannemelijk is geworden die de strafbaarheid van verdachte uitsluit.<\/p>\n<h3>7De overwegingen ten aanzien van straf en\/of maatregel<\/h3>\n<p>Het standpunt van de officier van justitie<\/p>\n<p>De officier van justitie heeft gevorderd dat verdachte zal worden veroordeeld tot een gevangenisstraf voor de duur van 3 maanden voorwaardelijk met een proeftijd van 2 jaren. Daarnaast heeft de officier van justitie gevorderd dat aan verdachte een taakstraf van 100 uren wordt opgelegd, bij niet verrichten te vervangen door 50 dagen hechtenis. Bij het formuleren van de eis heeft de officier van justitie rekening gehouden met de overschrijding van de redelijke termijn.<\/p>\n<p>Het standpunt van de verdediging<\/p>\n<p>De raadsman heeft bepleit dat de straf zoals door de officier van justitie ge\u00ebist wordt gematigd tot een lagere taakstraf. Een voorwaardelijke gevangenisstraf is niet langer passend of noodzakelijk, gezien de tijd die er al overheen is gegaan en het feit dat verdachte in de tussenliggende periode niet meer in aanraking is gekomen met politie en justitie. Verdachte acht zichzelf in staat om een taakstraf uit te voeren.<\/p>\n<p>De beoordeling door de rechtbank<\/p>\n<p>De rechtbank heeft bij de bepaling van de op te leggen straf rekening gehouden met de aard en de ernst van hetgeen bewezen is verklaard en de omstandigheden waaronder dit is begaan. De rechtbank heeft verder rekening gehouden met de persoon en de omstandigheden van verdachte.<\/p>\n<p>Verdachte heeft zich gedurende een langere periode schuldig gemaakt aan verduistering in dienstbetrekking. Hij heeft een groot aantal koelkasten weggenomen bij het bedrijf waar hij in dienst was en deze vervolgens doorverkocht, enkel en alleen om zichzelf te verrijken. Daarbij heeft hij op geen enkele wijze oog gehad voor de (financi\u00eble) gevolgen daarvan voor zijn werkgever. Door op deze manier te handelen heeft hij zijn werkgever ernstig benadeeld en het door zijn werkgever in hem gestelde vertrouwen op grove wijze geschonden. Dit rekent de rechtbank hem aan.<\/p>\n<p>De rechtbank heeft acht geslagen op het strafblad van verdachte. Daaruit volgt dat verdachte in 2021 ook al is veroordeeld voor verduistering en dat hij in het verleden vaker is veroordeeld voor vermogensdelicten.<\/p>\n<p>Verder heeft de rechtbank kennisgenomen van het rapport van de reclassering van 21 augustus 2025. Daaruit volgt dat verdachte de koelkasten heeft verduisterd om in zijn levensstijl te kunnen blijven voorzien, nadat hij in de schuldsanering terecht was gekomen. Verdachte zit nu drie jaar in de schuldsanering en inmiddels is er zicht op afronding van het traject. Ook daarna zal verdachte nog onder beschermingsbewind blijven. De reclassering acht het positief dat er zicht blijft op de financi\u00ebn van verdachte, aangezien zijn financi\u00eble situatie een mogelijke risicofactor is. De reclassering ziet ook risico&#039;s in het gebrek aan dagbesteding, maar acht het gezien de gezondheid van betrokkene op dit moment niet mogelijk om daar interventies op in te zetten. Het risico op recidive wordt ingeschat als gemiddeld. Mede omdat verdachte sinds onderhavig delict in 2022 niet meer in beeld is gekomen bij justitie, adviseert de reclassering een straf zonder bijzondere voorwaarden.<\/p>\n<p>Bij het bepalen van de op te leggen straf heeft de rechtbank verder gekeken naar de straffen die in soortgelijke zaken worden opgelegd. Alles afwegend, en rekening houdend met de overschrijding van de redelijke termijn, zal de rechtbank aan verdachte een voorwaardelijke gevangenisstraf opleggen voor de duur van 2 maanden, met een proeftijd van 1 jaar. Daarnaast zal de rechtbank aan verdachte een taakstraf opleggen van 100 uren, bij niet verrichten te vervangen door 50 dagen hechtenis.<\/p>\n<p>Deze straf is iets lager dan de eis van de officier van justitie, om de reden dat het feit inmiddels bijna drie jaar geleden is gepleegd en verdachte sindsdien niet meer in aanraking is geweest met politie en justitie. Ook heeft verdachte positieve stappen gezet in het schuldsaneringstraject en blijft hij onder bewind, zodat er zicht blijft op zijn financi\u00eble situatie. Wel acht de rechtbank een voorwaardelijke gevangenisstraf passend en geboden, om de ernst van het feit te benadrukken en verdachte ervan te weerhouden in de toekomst opnieuw in de fout te gaan.<\/p>\n<h3>8De beoordeling van de civiele vordering<\/h3>\n<p>[aangever 2] heeft namens de benadeelde partij [bedrijf] een vordering tot schadevergoeding ingediend. De benadeelde partij vordert een bedrag van \u20ac 82.777,- aan materi\u00eble schade, te vermeerderen met de wettelijke rente en met oplegging van de schadevergoedingsmaatregel. Deze vordering ziet op 165 koelkasten die de benadeelde partij in opslag had voor haar opdrachtgever [bedrijf] en die zijn verdwenen in de periode dat verdachte werkzaam was bij de onderneming. Bij de vordering zijn facturen van [bedrijf] gevoegd.<\/p>\n<p>Standpunten<\/p>\n<p>De officier van justitie heeft zich op het standpunt gesteld dat de vordering toewijsbaar is tot een bedrag van \u20ac 8.380,-, met toekenning van de wettelijke rente en oplegging van de schadevergoedingsmaatregel. Dit bedrag is gelijk aan de som van de 20 verdwenen koelkasten (12 van de 32 koelkasten die verdachte bekent te hebben verduisterd zijn aangetroffen en terug bij de benadeelde) x \u20ac 419,- (zijnde de laagste prijs per koelkast zoals genoemd in de vordering). De verzekering heeft slechts een deel van de totale schade vergoed, zodat dit niet in de weg staat aan toewijzing van het genoemde bedrag.<\/p>\n<p>De verdediging heeft zich op het standpunt gesteld dat de vordering niet-ontvankelijk dient te worden verklaard. Primair is daartoe aangevoerd dat bij de vordering geen uittreksel is gevoegd uit het handelsregister van de Kamer van Koophandel waaruit blijkt dat [aangever 2] gemachtigd is om namens de benadeelde partij [bedrijf] op te treden en schade te vorderen. Subsidiair heeft de verdediging aangevoerd dat de vordering onvoldoende is onderbouwd, nu het onduidelijk is waar de benadeelde partij het aantal koelkasten en de genoemde prijzen in de vordering op heeft gebaseerd. Verder is het de vraag of de benadeelde partij zelf schade heeft geleden, aangezien het bedrijf de koelkasten enkel in beheer had. Bovendien is op zitting gebleken dat de verzekering al een bedrag heeft uitgekeerd.<\/p>\n<p>Overweging van de rechtbank<\/p>\n<p>Ten aanzien van het primaire standpunt van de verdediging dat de vordering niet-ontvankelijk dient te worden verklaard omdat er geen uittreksel uit het handelsregister is bijgevoegd, overweegt de rechtbank als volgt. [aangever 2] heeft op 3 november 2022 namens de rechtspersoon [bedrijf] aangifte gedaan van verduistering. Uit deze aangifte volgt dat Bouw de mede-eigenaar is van [bedrijf] Gelet op het voorgaande heeft de rechtbank geen reden om te twijfelen aan de bevoegdheid van Bouw om namens de benadeelde partij [bedrijf] een schadevordering in te dienen.<\/p>\n<p>Bij de inhoudelijke beoordeling van de vordering stelt de rechtbank voorop dat uit het onderzoek ter terechtzitting is gebleken dat de benadeelde partij als gevolg van het bewezen verklaarde handelen van verdachte rechtstreeks schade heeft geleden. Van de 32 koelkasten waarvan bewezen kan worden dat deze door verdachte zijn verduisterd, zijn er 20 niet teruggevonden. De benadeelde heeft aangegeven dat zij als verantwoordelijk beheerder de inkoopprijs voor deze koelkasten aan haar opdrachtgever heeft vergoed.<\/p>\n<p>Ten aanzien van het gedeelte van de vordering dat ziet op de overige verdwenen koelkasten (het meerdere boven de 32\/20), geldt het volgende. Op basis van de stukken waarover de rechtbank beschikt kan niet worden vastgesteld dat verdachte verantwoordelijk is voor het verdwijnen van\/de verduistering van deze koelkasten. Weliswaar heeft de benadeelde partij ter zitting genoemd dat verdachte vaker op afwijkende tijdstippen het alarm zou hebben uitgeschakeld, maar concrete data en tijdstippen waarop dit is gebeurd ontbreken, evenals voorraadlijsten waaruit volgt hoeveel koelkasten zouden zijn verdwenen en op\/rond welke momenten. De benadeelde partij houdt bovendien ook een andere ex-medewerker van het bedrijf verantwoordelijk voor verdwijning van koelkasten. Dit gedeelte van de vordering komt daarom niet voor toewijzing in aanmerking.<\/p>\n<p>Zoals hiervoor is overwogen, heeft de benadeelde partij schade geleden door het bewezenverklaarde handelen van verdachte. Als gevolg hiervan zijn 20 koelkasten verdwenen als gevolg waarvan de benadeelde partij een bedrag heeft moeten vergoeden aan [bedrijf] Ter terechtzitting is echter gebleken dat de verzekeraar reeds een bedrag van ca. \u20ac 50.000,- heeft uitgekeerd. Niet duidelijk is voor welke exacte schade\/koelkasten de verzekeraar dit bedrag heeft uitgekeerd. Op basis van de beschikbare gegevens kan de rechtbank daarom niet vaststellen of en in hoeverre de schade die is geleden als gevolg van het bewezenverklaarde reeds (volledig) door de verzekeraar is vergoed.<\/p>\n<p>Gelet op het voorgaande is het voor de rechtbank onvoldoende helder of er nog sprake is van (rest)schade ten aanzien van de koelkasten waar de bewezenverklaring op ziet. De rechtbank zal de benadeelde partij daarom niet-ontvankelijk verklaren in de vordering.<\/p>\n<p>De benadeelde partij kan de vordering nog wel aan de burgerlijke rechter voorleggen.<\/p>\n<h3>9De toegepaste wettelijke bepalingen<\/h3>\n<p>De oplegging van de straf is gegrond op de artikelen 9, 14a, 14b, 14c, 22c, 22d en 322 van het Wetboek van Strafrecht.<\/p>\n<h3>10De beslissing<\/h3>\n<p>De rechtbank:<\/p>\n<p>\uf0b7 verklaart bewezen dat verdachte het tenlastegelegde, zoals vermeld onder \u2018De bewezenverklaring\u2019, heeft begaan;<\/p>\n<p>\uf0b7 verklaart niet bewezen hetgeen verdachte meer of anders is ten laste gelegd dan hierboven bewezen is verklaard en spreekt verdachte daarvan vrij;<\/p>\n<p>\uf0b7 verstaat dat het aldus bewezenverklaarde oplevert het strafbare feit zoals vermeld onder \u2018De kwalificatie van het bewezenverklaarde\u2019;<\/p>\n<p>\uf0b7 verklaart verdachte hiervoor strafbaar;<\/p>\n<p>\uf0b7 veroordeelt verdachte tot een gevangenisstraf voor de duur van 2 maanden;<\/p>\n<p>\uf0b7 bepaalt dat deze gevangenisstraf niet ten uitvoer zal worden gelegd, tenzij de rechter later anders mocht gelasten omdat verdachte zich voor het einde van de proeftijd van 1 jaar schuldig heeft gemaakt aan een strafbaar feit;<\/p>\n<p>\uf0b7 legt op een taakstraf van 100 uren, met bevel dat indien deze straf niet naar behoren wordt verricht vervangende hechtenis zal worden toegepast voor de duur van 50 dagen;<\/p>\n<p>Beslissing op de vordering van de benadeelde partij [bedrijf]<\/p>\n<p>\uf0b7 verklaart de benadeelde partij [bedrijf] niet-ontvankelijk in de vordering tot materi\u00eble schade.<\/p>\n<p>Dit vonnis is gewezen door mr. M.C. Gerritsen (voorzitter), mr. J.M. Graat en mr. S.W. van Kasbergen, rechters, in tegenwoordigheid van mr. A.K. Verberkt, griffier, en uitgesproken ter openbare terechtzitting van deze rechtbank op 9 september 2025.<\/p>\n<p>mr. Van Kasbergen is buiten staat dit vonnis mede te ondertekenen.<\/p>\n<h3>Voetnoten<\/h3>\n<ol>\n<li>Het bewijs is terug te vinden in het in de wettelijke vorm door verbalisant [verbalisant] van de politie Oost-Nederland opgemaakte proces-verbaal, dossiernummer PL0600-2022590080, gesloten op 27 april 2023 en in de bijbehorende in wettelijke vorm opgemaakte processen-verbaal en overige schriftelijke bescheiden, tenzij anders vermeld. De vindplaatsvermeldingen verwijzen naar de pagina\u2019s van het doorgenummerde dossier, tenzij anders vermeld.<\/li>\n<\/ol>\n<\/div>\n<hr class=\"kji-sep\" \/>\n<p class=\"kji-source-links\"><strong>Sources officielles :<\/strong> <a class=\"kji-source-link\" href=\"http:\/\/deeplink.rechtspraak.nl\/uitspraak?id=ECLI:NL:RBGEL:2025:11654\" target=\"_blank\" rel=\"noopener noreferrer\">consulter la page source<\/a><\/p>\n<p class=\"kji-license-note\"><em>Rechtspraak.nl open data, Creative Commons Zero. Volume cible 1.8M decisions.<\/em><\/p>\n<\/div>\n","protected":false},"excerpt":{"rendered":"<p>Voorwaardelijke gevangenisstraf van 2 maanden, met een proeftijd van 1 jaar, en een taakstraf van 100 uren voor verduistering in dienstbetrekking van een groot aantal koelkasten.<\/p>\n","protected":false},"featured_media":0,"template":"","meta":{"_crdt_document":""},"kji_country":[7669],"kji_court":[7864],"kji_chamber":[],"kji_year":[8463],"kji_subject":[7632],"kji_keyword":[7867,8287,7866,7675,8073],"kji_language":[7671],"class_list":["post-625217","kji_decision","type-kji_decision","status-publish","hentry","kji_country-pays-bas","kji_court-rechtbank-gelderland","kji_year-8463","kji_subject-penal","kji_keyword-gelderland","kji_keyword-gevangenisstraf","kji_keyword-rbgel","kji_keyword-rechtbank","kji_keyword-voorwaardelijke","kji_language-nl"],"yoast_head":"<!-- This site is optimized with the Yoast SEO Premium plugin v27.5 (Yoast SEO v27.5) - https:\/\/yoast.com\/product\/yoast-seo-premium-wordpress\/ -->\n<title>ECLI:NL:RBGEL:2025:11654 Rechtbank Gelderland , 09-09-2025 \/ 114144-23 - Ma\u00eetre Hassan Kohen, avocat en droit p\u00e9nal \u00e0 Paris<\/title>\n<meta name=\"robots\" content=\"index, follow, max-snippet:-1, max-image-preview:large, max-video-preview:-1\" \/>\n<link rel=\"canonical\" href=\"https:\/\/kohenavocats.com\/ru\/jurisprudences\/eclinlrbgel202511654-rechtbank-gelderland-09-09-2025-114144-23\/\" \/>\n<meta property=\"og:locale\" content=\"ru_RU\" \/>\n<meta property=\"og:type\" content=\"article\" \/>\n<meta property=\"og:title\" content=\"ECLI:NL:RBGEL:2025:11654 Rechtbank Gelderland , 09-09-2025 \/ 114144-23\" \/>\n<meta property=\"og:description\" content=\"Voorwaardelijke gevangenisstraf van 2 maanden, met een proeftijd van 1 jaar, en een taakstraf van 100 uren voor verduistering in dienstbetrekking van een groot aantal koelkasten.\" \/>\n<meta property=\"og:url\" content=\"https:\/\/kohenavocats.com\/ru\/jurisprudences\/eclinlrbgel202511654-rechtbank-gelderland-09-09-2025-114144-23\/\" \/>\n<meta property=\"og:site_name\" content=\"Ma\u00eetre Hassan Kohen, avocat en droit p\u00e9nal \u00e0 Paris\" \/>\n<meta name=\"twitter:card\" content=\"summary_large_image\" \/>\n<meta name=\"twitter:label1\" content=\"\u041f\u0440\u0438\u043c\u0435\u0440\u043d\u043e\u0435 \u0432\u0440\u0435\u043c\u044f \u0434\u043b\u044f \u0447\u0442\u0435\u043d\u0438\u044f\" \/>\n\t<meta name=\"twitter:data1\" content=\"11 \u043c\u0438\u043d\u0443\u0442\" \/>\n<script type=\"application\/ld+json\" class=\"yoast-schema-graph\">{\"@context\":\"https:\\\/\\\/schema.org\",\"@graph\":[{\"@type\":\"WebPage\",\"@id\":\"https:\\\/\\\/kohenavocats.com\\\/ru\\\/jurisprudences\\\/eclinlrbgel202511654-rechtbank-gelderland-09-09-2025-114144-23\\\/\",\"url\":\"https:\\\/\\\/kohenavocats.com\\\/ru\\\/jurisprudences\\\/eclinlrbgel202511654-rechtbank-gelderland-09-09-2025-114144-23\\\/\",\"name\":\"ECLI:NL:RBGEL:2025:11654 Rechtbank Gelderland , 09-09-2025 \\\/ 114144-23 - Ma\u00eetre Hassan Kohen, avocat en droit p\u00e9nal \u00e0 Paris\",\"isPartOf\":{\"@id\":\"https:\\\/\\\/kohenavocats.com\\\/ru\\\/#website\"},\"datePublished\":\"2026-04-20T16:15:36+00:00\",\"breadcrumb\":{\"@id\":\"https:\\\/\\\/kohenavocats.com\\\/ru\\\/jurisprudences\\\/eclinlrbgel202511654-rechtbank-gelderland-09-09-2025-114144-23\\\/#breadcrumb\"},\"inLanguage\":\"ru-RU\",\"potentialAction\":[{\"@type\":\"ReadAction\",\"target\":[\"https:\\\/\\\/kohenavocats.com\\\/ru\\\/jurisprudences\\\/eclinlrbgel202511654-rechtbank-gelderland-09-09-2025-114144-23\\\/\"]}]},{\"@type\":\"BreadcrumbList\",\"@id\":\"https:\\\/\\\/kohenavocats.com\\\/ru\\\/jurisprudences\\\/eclinlrbgel202511654-rechtbank-gelderland-09-09-2025-114144-23\\\/#breadcrumb\",\"itemListElement\":[{\"@type\":\"ListItem\",\"position\":1,\"name\":\"Home\",\"item\":\"https:\\\/\\\/kohenavocats.com\\\/ru\\\/avocats-en-droit-penal-a-paris-conseil-et-defense-strategique\\\/\"},{\"@type\":\"ListItem\",\"position\":2,\"name\":\"Jurisprudences\",\"item\":\"https:\\\/\\\/kohenavocats.com\\\/ru\\\/jurisprudences\\\/\"},{\"@type\":\"ListItem\",\"position\":3,\"name\":\"ECLI:NL:RBGEL:2025:11654 Rechtbank Gelderland , 09-09-2025 \\\/ 114144-23\"}]},{\"@type\":\"WebSite\",\"@id\":\"https:\\\/\\\/kohenavocats.com\\\/ru\\\/#website\",\"url\":\"https:\\\/\\\/kohenavocats.com\\\/ru\\\/\",\"name\":\"Kohen Avocats\",\"description\":\"Ma\u00eetre Hassan Kohen, avocat p\u00e9naliste \u00e0 Paris, intervient exclusivement en droit p\u00e9nal pour la d\u00e9fense des particuliers, notamment en mati\u00e8re d\u2019accusations de viol. Il assure un accompagnement rigoureux d\u00e8s la garde \u00e0 vue jusqu\u2019\u00e0 la Cour d\u2019assises, veillant au strict respect des garanties proc\u00e9durales.\",\"publisher\":{\"@id\":\"https:\\\/\\\/kohenavocats.com\\\/ru\\\/#organization\"},\"potentialAction\":[{\"@type\":\"SearchAction\",\"target\":{\"@type\":\"EntryPoint\",\"urlTemplate\":\"https:\\\/\\\/kohenavocats.com\\\/ru\\\/?s={search_term_string}\"},\"query-input\":{\"@type\":\"PropertyValueSpecification\",\"valueRequired\":true,\"valueName\":\"search_term_string\"}}],\"inLanguage\":\"ru-RU\"},{\"@type\":\"Organization\",\"@id\":\"https:\\\/\\\/kohenavocats.com\\\/ru\\\/#organization\",\"name\":\"Kohen Avocats\",\"url\":\"https:\\\/\\\/kohenavocats.com\\\/ru\\\/\",\"logo\":{\"@type\":\"ImageObject\",\"inLanguage\":\"ru-RU\",\"@id\":\"https:\\\/\\\/kohenavocats.com\\\/ru\\\/#\\\/schema\\\/logo\\\/image\\\/\",\"url\":\"https:\\\/\\\/kohenavocats.com\\\/wp-content\\\/uploads\\\/2026\\\/01\\\/Logo-2-1.webp\",\"contentUrl\":\"https:\\\/\\\/kohenavocats.com\\\/wp-content\\\/uploads\\\/2026\\\/01\\\/Logo-2-1.webp\",\"width\":2114,\"height\":1253,\"caption\":\"Kohen Avocats\"},\"image\":{\"@id\":\"https:\\\/\\\/kohenavocats.com\\\/ru\\\/#\\\/schema\\\/logo\\\/image\\\/\"}}]}<\/script>\n<!-- \/ Yoast SEO Premium plugin. -->","yoast_head_json":{"title":"ECLI:NL:RBGEL:2025:11654 Rechtbank Gelderland , 09-09-2025 \/ 114144-23 - Ma\u00eetre Hassan Kohen, avocat en droit p\u00e9nal \u00e0 Paris","robots":{"index":"index","follow":"follow","max-snippet":"max-snippet:-1","max-image-preview":"max-image-preview:large","max-video-preview":"max-video-preview:-1"},"canonical":"https:\/\/kohenavocats.com\/ru\/jurisprudences\/eclinlrbgel202511654-rechtbank-gelderland-09-09-2025-114144-23\/","og_locale":"ru_RU","og_type":"article","og_title":"ECLI:NL:RBGEL:2025:11654 Rechtbank Gelderland , 09-09-2025 \/ 114144-23","og_description":"Voorwaardelijke gevangenisstraf van 2 maanden, met een proeftijd van 1 jaar, en een taakstraf van 100 uren voor verduistering in dienstbetrekking van een groot aantal koelkasten.","og_url":"https:\/\/kohenavocats.com\/ru\/jurisprudences\/eclinlrbgel202511654-rechtbank-gelderland-09-09-2025-114144-23\/","og_site_name":"Ma\u00eetre Hassan Kohen, avocat en droit p\u00e9nal \u00e0 Paris","twitter_card":"summary_large_image","twitter_misc":{"\u041f\u0440\u0438\u043c\u0435\u0440\u043d\u043e\u0435 \u0432\u0440\u0435\u043c\u044f \u0434\u043b\u044f \u0447\u0442\u0435\u043d\u0438\u044f":"11 \u043c\u0438\u043d\u0443\u0442"},"schema":{"@context":"https:\/\/schema.org","@graph":[{"@type":"WebPage","@id":"https:\/\/kohenavocats.com\/ru\/jurisprudences\/eclinlrbgel202511654-rechtbank-gelderland-09-09-2025-114144-23\/","url":"https:\/\/kohenavocats.com\/ru\/jurisprudences\/eclinlrbgel202511654-rechtbank-gelderland-09-09-2025-114144-23\/","name":"ECLI:NL:RBGEL:2025:11654 Rechtbank Gelderland , 09-09-2025 \/ 114144-23 - Ma\u00eetre Hassan Kohen, avocat en droit p\u00e9nal \u00e0 Paris","isPartOf":{"@id":"https:\/\/kohenavocats.com\/ru\/#website"},"datePublished":"2026-04-20T16:15:36+00:00","breadcrumb":{"@id":"https:\/\/kohenavocats.com\/ru\/jurisprudences\/eclinlrbgel202511654-rechtbank-gelderland-09-09-2025-114144-23\/#breadcrumb"},"inLanguage":"ru-RU","potentialAction":[{"@type":"ReadAction","target":["https:\/\/kohenavocats.com\/ru\/jurisprudences\/eclinlrbgel202511654-rechtbank-gelderland-09-09-2025-114144-23\/"]}]},{"@type":"BreadcrumbList","@id":"https:\/\/kohenavocats.com\/ru\/jurisprudences\/eclinlrbgel202511654-rechtbank-gelderland-09-09-2025-114144-23\/#breadcrumb","itemListElement":[{"@type":"ListItem","position":1,"name":"Home","item":"https:\/\/kohenavocats.com\/ru\/avocats-en-droit-penal-a-paris-conseil-et-defense-strategique\/"},{"@type":"ListItem","position":2,"name":"Jurisprudences","item":"https:\/\/kohenavocats.com\/ru\/jurisprudences\/"},{"@type":"ListItem","position":3,"name":"ECLI:NL:RBGEL:2025:11654 Rechtbank Gelderland , 09-09-2025 \/ 114144-23"}]},{"@type":"WebSite","@id":"https:\/\/kohenavocats.com\/ru\/#website","url":"https:\/\/kohenavocats.com\/ru\/","name":"Kohen Avocats","description":"Ma\u00eetre Hassan Kohen, avocat p\u00e9naliste \u00e0 Paris, intervient exclusivement en droit p\u00e9nal pour la d\u00e9fense des particuliers, notamment en mati\u00e8re d\u2019accusations de viol. Il assure un accompagnement rigoureux d\u00e8s la garde \u00e0 vue jusqu\u2019\u00e0 la Cour d\u2019assises, veillant au strict respect des garanties proc\u00e9durales.","publisher":{"@id":"https:\/\/kohenavocats.com\/ru\/#organization"},"potentialAction":[{"@type":"SearchAction","target":{"@type":"EntryPoint","urlTemplate":"https:\/\/kohenavocats.com\/ru\/?s={search_term_string}"},"query-input":{"@type":"PropertyValueSpecification","valueRequired":true,"valueName":"search_term_string"}}],"inLanguage":"ru-RU"},{"@type":"Organization","@id":"https:\/\/kohenavocats.com\/ru\/#organization","name":"Kohen Avocats","url":"https:\/\/kohenavocats.com\/ru\/","logo":{"@type":"ImageObject","inLanguage":"ru-RU","@id":"https:\/\/kohenavocats.com\/ru\/#\/schema\/logo\/image\/","url":"https:\/\/kohenavocats.com\/wp-content\/uploads\/2026\/01\/Logo-2-1.webp","contentUrl":"https:\/\/kohenavocats.com\/wp-content\/uploads\/2026\/01\/Logo-2-1.webp","width":2114,"height":1253,"caption":"Kohen Avocats"},"image":{"@id":"https:\/\/kohenavocats.com\/ru\/#\/schema\/logo\/image\/"}}]}},"jetpack_likes_enabled":false,"jetpack_sharing_enabled":true,"_links":{"self":[{"href":"https:\/\/kohenavocats.com\/ru\/wp-json\/wp\/v2\/kji_decision\/625217","targetHints":{"allow":["GET"]}}],"collection":[{"href":"https:\/\/kohenavocats.com\/ru\/wp-json\/wp\/v2\/kji_decision"}],"about":[{"href":"https:\/\/kohenavocats.com\/ru\/wp-json\/wp\/v2\/types\/kji_decision"}],"wp:attachment":[{"href":"https:\/\/kohenavocats.com\/ru\/wp-json\/wp\/v2\/media?parent=625217"}],"wp:term":[{"taxonomy":"kji_country","embeddable":true,"href":"https:\/\/kohenavocats.com\/ru\/wp-json\/wp\/v2\/kji_country?post=625217"},{"taxonomy":"kji_court","embeddable":true,"href":"https:\/\/kohenavocats.com\/ru\/wp-json\/wp\/v2\/kji_court?post=625217"},{"taxonomy":"kji_chamber","embeddable":true,"href":"https:\/\/kohenavocats.com\/ru\/wp-json\/wp\/v2\/kji_chamber?post=625217"},{"taxonomy":"kji_year","embeddable":true,"href":"https:\/\/kohenavocats.com\/ru\/wp-json\/wp\/v2\/kji_year?post=625217"},{"taxonomy":"kji_subject","embeddable":true,"href":"https:\/\/kohenavocats.com\/ru\/wp-json\/wp\/v2\/kji_subject?post=625217"},{"taxonomy":"kji_keyword","embeddable":true,"href":"https:\/\/kohenavocats.com\/ru\/wp-json\/wp\/v2\/kji_keyword?post=625217"},{"taxonomy":"kji_language","embeddable":true,"href":"https:\/\/kohenavocats.com\/ru\/wp-json\/wp\/v2\/kji_language?post=625217"}],"curies":[{"name":"wp","href":"https:\/\/api.w.org\/{rel}","templated":true}]}}