{"id":625861,"date":"2026-04-20T19:26:21","date_gmt":"2026-04-20T17:26:21","guid":{"rendered":"https:\/\/kohenavocats.com\/jurisprudences\/tribunal-darrondissement-28-janvier-2025-6\/"},"modified":"2026-04-20T19:26:23","modified_gmt":"2026-04-20T17:26:23","slug":"tribunal-darrondissement-28-janvier-2025-6","status":"publish","type":"kji_decision","link":"https:\/\/kohenavocats.com\/ru\/jurisprudences\/tribunal-darrondissement-28-janvier-2025-6\/","title":{"rendered":"Tribunal d&#8217;arrondissement, 28 janvier 2025"},"content":{"rendered":"<div class=\"kji-decision\">\n<div class=\"kji-full-text\">\n<p>1 Jugementno301\/2025 not.71\/24\/CD (amende) DEFAUT AUDIENCE PUBLIQUE DU 28JANVIER2025 Le Tribunal d&#039;arrondissement de et \u00e0 Luxembourg,vingt-troisi\u00e8mechambre correctionnelle, statuant en composition dejuge unique, a rendu le jugement qui suit: Dans la cause duMinist\u00e8rePublic contre PERSONNE1.), n\u00e9 leDATE1.)\u00e0ADRESSE1.)(Portugal), demeurant\u00e0 F-ADRESSE2.), -p r \u00e9 v e nu- _________________________________________________________________________ F A I TS: Par citation du6d\u00e9cembre2024, le procureur d&#039;Etat pr\u00e8s le Tribunal d&#039;arrondissement de et \u00e0 Luxembourg a cit\u00e9 le pr\u00e9venuPERSONNE1.)\u00e0 compara\u00eetre \u00e0 l&#039;audience publique du13 janvier2025devant le Tribunal correctionnel de ce si\u00e8ge pour y entendre statuer surles pr\u00e9ventionssuivantes: 1)infraction \u00e0 l\u2019article327du Code p\u00e9nal. 2)infraction \u00e0 l\u2019article 276 du Code p\u00e9nal. Le pr\u00e9venuPERSONNE1.)necomparut pas \u00e0 l\u2019audience. Let\u00e9moinPERSONNE2.)fut entendu en ses d\u00e9clarations orales apr\u00e8s avoir pr\u00eat\u00e9 le serment pr\u00e9vu \u00e0l\u2019article 155 du Code de proc\u00e9dure p\u00e9nale. Larepr\u00e9sentanteduMinist\u00e8rePublic,Charlotte MARC, substitutduProcureur d\u2019Etat,r\u00e9suma l&#039;affaire et fut entendueen son r\u00e9quisitoire.<\/p>\n<p>2 Le Tribunal prit l\u2019affaire en d\u00e9lib\u00e9r\u00e9 et rendit \u00e0 l&#039;audience publique de ce jour, date \u00e0 laquelle le prononc\u00e9 avait \u00e9t\u00e9 fix\u00e9,le J U G E M E N T Q U I S U I T: Vu la citation du6d\u00e9cembre2024r\u00e9guli\u00e8rement notifi\u00e9e au pr\u00e9venu; PERSONNE1.)bien que d\u00fbment cit\u00e9, n\u2019a pas comparu \u00e0 l\u2019audience du13 janvier2025. Il y a partant lieu de statuer par d\u00e9faut \u00e0 son \u00e9gard, la citation ne lui ayant pas \u00e9t\u00e9 notifi\u00e9e \u00e0 personne. Vu l\u2019ensemble du dossier r\u00e9pressif constitu\u00e9 par le Parquet sous la notice71\/24\/CD\u00e0 charge dupr\u00e9venuetnotamment le proc\u00e8s-verbal n\u00b0 1598\/2023dress\u00e9 le8d\u00e9cembre 2023par la Police Grand-Ducale,R\u00e9gion Capitale, CommissariatVille-haute(C2R). Entendu les d\u00e9clarations du t\u00e9moinPERSONNE2.)\u00e0 l\u2019audience publique du13 janvier2025; Le Minist\u00e8re Public reprochesub1) \u00e0PERSONNE1.)d\u2019avoir, comme auteur, le 8 d\u00e9cembre 2023 vers 14.00 heures, dans l\u2019arrondissement judiciaire du Luxembourg et plus pr\u00e9cis\u00e9ment \u00e0 L-ADRESSE3.), menac\u00e9 verbalement d\u2019un attentatPERSONNE3.), agent municipal, n\u00e9 le DATE2.)\u00e0 Luxembourg, notamment en lui disant \u00abvou te matar\u00bb. Le Minist\u00e8re Public reproche sub2) \u00e0PERSONNE1.)d\u2019avoir,dans les m\u00eames circonstances de temps et de lieu,outrag\u00e9 par les paroles \u00abFilho da puta\u00bb un agent d\u00e9positaire de l\u2019autorit\u00e9 publique agissant dans l\u2019exercice de ses fonctions, soit l\u2019agent municipalPERSONNE3.), pr\u00e9qualifi\u00e9. Il r\u00e9sulte du pr\u00e9dit proc\u00e8s-verbal que le8 d\u00e9cembre 2023, l\u2019agent municipalPERSONNE3.)se pr\u00e9senta au commissariat de police Ville-Haute pour d\u00e9poser plainte contre le conducteur du v\u00e9hicule Smart Fortwo Coupe immatricul\u00e9NUMERO1.). PERSONNE3.)d\u00e9clara aux agents avoir \u00e9mis un avertissement tax\u00e9 comme lev\u00e9hicule en question\u00e9taitirr\u00e9guli\u00e8rement stationn\u00e9 sur un emplacement r\u00e9serv\u00e9 \u00e0 la livraison, Il aurait toujours \u00e9t\u00e9 sur place quand leconducteur serait venur\u00e9cup\u00e9rer son v\u00e9hicule. Celui-ciaurait \u00e9t\u00e9 agressifenvers luiet lui aurait dit \u00abFilho da puta! Vou te matar\u00bb avant de quitter les lieux. Son coll\u00e8gue lui aurait traduit ces mots. Le conducteur du v\u00e9hicule fut identifi\u00e9 en la personne du pr\u00e9venu.<\/p>\n<p>3 Celui-ci reconnut aupr\u00e8s des agents avoir dit \u00abFilho de puta\u00bb \u00e0 l\u2019agent municipal, mais contesta l\u2019avoir menac\u00e9 de mort. Le t\u00e9moinPERSONNE2.)d\u00e9posa \u00e0 l\u2019audience avoir entendu le pr\u00e9venu d\u00e9clarer \u00abFilho da puta! Vou te matar\u00bb \u00e0 son coll\u00e8gue. Sur question sp\u00e9ciale, le t\u00e9moin d\u00e9clara que soncoll\u00e8guePERSONNE3.)n\u2019aurait pasressenti de la peur suite aux paroles propag\u00e9es par le pr\u00e9venu. La menace d\u2019attentat Au vu de la d\u00e9position du t\u00e9moinPERSONNE2.)il est \u00e9tabli que le pr\u00e9venu a mat\u00e9riellement menac\u00e9 l\u2019agent municipalPERSONNE3.)d\u2019un attentat contre sa personne en lui disant en langue portugaise \u00abVou te matar\u00bb, \u00e0 savoir \u00abJe vais te tuer\u00bb. Toutefois,pour \u00eatre punissable,la menacedoit \u00eatre l\u2019annonce d\u2019un mal susceptible d\u2019inspirer une crainte s\u00e9rieuse. Elle doit pouvoir \u00eatre prise comme cr\u00e9ant un danger direct et imm\u00e9diat : il faut que les circonstances dans lesquelles elle se produit puissent faire craindre sa r\u00e9alisation. Cette condition doit s\u2019appr\u00e9cier objectivement, en fonction de l\u2019impression que la menace peut provoquer chez un homme raisonnable. En l\u2019esp\u00e8ce, l\u2019agent municipalPERSONNE3.)n\u2019a, tel que l\u2019a d\u00e9pos\u00e9 le t\u00e9moin, nullement craint pour sa personne. Par ailleurs, les circonstances dans lesquelles les menaces furent propag\u00e9es, \u00e0 savoir au moment o\u00f9 le pr\u00e9venu quittait les lieux, ne laissentaucunementpr\u00e9sager que celui-ci avait une quelconque intention de porter sa menace \u00e0 ex\u00e9cution. La menace propag\u00e9e ne futainsini subjectivement, ni objectivement cr\u00e9atrice de danger direct et imm\u00e9diat. Aussi, le pr\u00e9venu est \u00e0acquitterde l\u2019infraction libell\u00e9e \u00e0 sa charge. Outrage \u00e0 agent Il est constant en cause quePERSONNE3.)est un agent municipal et que celui-ci se trouvait au moment des faits reproch\u00e9s dans l\u2019exercice de ses fonctions. Il est \u00e9tabli par l\u2019aveu du pr\u00e9venu aupr\u00e8s des agents verbalisant et par la d\u00e9position du t\u00e9moin que celui-ci a trait\u00e9 l\u2019agent municipalPERSONNE3.)de \u00abFilho de puta\u00bb. Pour ce qui est des paroles \u00abvou te matar\u00bb, qu\u2019il est \u00e9galement \u00e9tablipar l\u2019audition du t\u00e9moin que le pr\u00e9venu a propag\u00e9 \u00e0 l\u2019\u00e9gard de l\u2019agent municipal, il appartient au tribunal de donner aux faits leur qualification exacte. En effet, si ces paroles n\u2019ont pas provoqu\u00e9 une crainte dans le chef de l\u2019agent municipal, elles ont cependant eu un caract\u00e8re offensant pour lui. L\u2019infraction d\u2019outrage \u00e0 agent est ainsi \u00e9tablie \u00e0 l\u2019\u00e9gard du pr\u00e9venu tant pour ce qui est des paroles \u00abFilho de puta\u00bb que des paroles \u00abvou te matar\u00bb.<\/p>\n<p>4 Au vu des d\u00e9veloppements qui pr\u00e9c\u00e8dent, le pr\u00e9venuPERSONNE1.)est\u00e0acquitterde l\u2019infraction: \u00abcomme auteur, ayant lui-m\u00eame commis l\u2019infraction, le 8 d\u00e9cembre 2023 vers 14.00 heures, dansl\u2019arrondissement judiciaire de Luxembourg et plus pr\u00e9cis\u00e9ment \u00e0 L-ADRESSE3.),sans pr\u00e9judice des indications de temps et de lieux exactes, 1.en infraction \u00e0 l\u2019article 327 alin\u00e9a 2 du Code p\u00e9nal, d\u2019avoir, soit verbalement, soit par \u00e9crit anonyme ou sign\u00e9, soit par tout autre proc\u00e9d\u00e9 analogue, menac\u00e9 d\u2019un attentat contre des personnes ou des propri\u00e9t\u00e9s, punissable d\u2019une peine criminelle, sans ordre ou condition, en l\u2019esp\u00e8ce, d\u2019avoir menac\u00e9 verbalement d\u2019un attentatPERSONNE3.), agent municipal, n\u00e9 le DATE2.)\u00e0 Luxembourg, notamment en lui disant \u00abvou te matar\u00bb, Le pr\u00e9venuPERSONNE1.)estn\u00e9anmoinsconvaincupar les \u00e9l\u00e9ments du dossier r\u00e9pressifet notamment par la d\u00e9position du t\u00e9moinPERSONNE2.)et par ses aveux partiels devant les agents verbalisant: \u00abcomme auteur, ayant lui-m\u00eame commis l\u2019infraction, le 8 d\u00e9cembre 2023 vers 14.00 heures, dans l\u2019arrondissement judiciaire de Luxembourg et plus pr\u00e9cis\u00e9ment \u00e0 L-ADRESSE3.), 2.en infraction \u00e0 l\u2019article 276 du Code p\u00e9nal, d\u2019avoir outrag\u00e9 par paroles, dans l\u2019exercice desesfonctions, un agent d\u00e9positaire de l\u2019autorit\u00e9 publique, en l\u2019esp\u00e8ce, d\u2019avoir outrag\u00e9 par les paroles \u00abFilho da puta\u00bbet \u00abvou te matar\u00bbun agent d\u00e9positaire de l\u2019autorit\u00e9 publique agissant dans l\u2019exercice de ses fonctions, soit l\u2019agent municipalPERSONNE3.),pr\u00e9qualifi\u00e9.\u00bb L\u2019article 276 du code p\u00e9nal punit l\u2019outrage \u00e0 agent d\u00e9positaire de la force publique d\u2019un emprisonnement de huit jours \u00e0 un mois et d\u2019une amende de 251 euros \u00e0 2.000 euros. L\u2019article 20 du code p\u00e9nal permet, pour le cas o\u00f9 une infraction est punie tant d\u2019un emprisonnement que d\u2019une amende, de ne prononcer qu\u2019une de ces peines. Si l\u2019amende est punie seule, elle peut \u00eatre \u00e9lev\u00e9e au double du maximum pr\u00e9vu. En l\u2019esp\u00e8ce, le Tribunal estime \u00e0 l\u2019instar du r\u00e9quisitoire du Minist\u00e8re public, que l\u2019infraction est ad\u00e9quatement sanctionn\u00e9e par une amende seule. Au vu de la gravit\u00e9relativedesfaits, ensemble avec la situation financi\u00e8re pr\u00e9caire du pr\u00e9venu, il y a lieu decondamnerPERSONNE1.)\u00e0 uneamende de500euros.<\/p>\n<p>5 P A R C E S M O T I F S: le Tribunal d&#039;arrondissement de et \u00e0 Luxembourg,vingt-troisi\u00e8me chambre, compos\u00e9e de son pr\u00e9sident, si\u00e9geant enmati\u00e8re correctionnelle, statuantpar d\u00e9faut \u00e0 l\u2019\u00e9garddupr\u00e9venu PERSONNE1.),larepr\u00e9sentantedu Minist\u00e8re Public entendueen ses r\u00e9quisitions, acquittePERSONNE1.)de l\u2019infraction de menace d\u2019attentat non retenue \u00e0 sa charge; c o n d a m n ePERSONNE1.)du chef del\u2019infraction retenue \u00e0 sa charge,\u00e0 une amende correctionnelle decinq cents(500) euros,ainsi qu&#039;aux frais de sa poursuite p\u00e9nale, ces frais liquid\u00e9s \u00e0,32,02euros; f i x ela dur\u00e9e de la contrainte par corps en cas de non-paiement de l\u2019amende \u00e0cinq(5)jours. Par application des articles 14, 15, 16,20, 28, 29, 30, 66et276du Code p\u00e9nal et des articles 1, 155, 179, 182, 184, 189, 190, 190-1,191,194, 195et196 du Code de proc\u00e9dure p\u00e9nale dont mention a \u00e9t\u00e9 faite. Ainsi fait, jug\u00e9 et prononc\u00e9 en l&#039;audience publique dudit Tribunal d&#039;arrondissement de et \u00e0 Luxembourg, date qu&#039;en t\u00eate, parAlexandra HUBERTY,pr\u00e9sident, assist\u00e9ed\u2019Alexia BIAGI, greffi\u00e8reassum\u00e9e, en pr\u00e9sence deMathilde ROUSSEAU, attach\u00e9e de justice,qui, \u00e0 l&#039;exception durepr\u00e9sentant du minist\u00e8re public, ont sign\u00e9 le pr\u00e9sent jugement. Ce jugement est susceptible d&#039;opposition. L&#039;opposition doit \u00eatre form\u00e9e dans les formes et d\u00e9lais pr\u00e9vus aux articles 187 et suivants du Code deproc\u00e9dure p\u00e9nale, \u00e0 savoir dans les 15 jours qui suivent la remise du pr\u00e9sent jugement par lettre recommand\u00e9e avec avis de r\u00e9ception, par courrier adress\u00e9 au Parquet du Tribunal d&#039;arrondissement de Luxembourg, Cit\u00e9 judiciaire, Plateau St Esprit, L-2080 Luxembourg. Si vous n&#039;avez pas re\u00e7u la lettre personnellement, vous pouvez former opposition d\u00e8s que vous avez connaissance du jugement. Votre lettre doit indiquer vos nom, pr\u00e9nom et adresse, la date et le num\u00e9ro du jugement et la d\u00e9claration que vous formez opposition.<\/p>\n<p>6 Si une personne s&#039;est constitu\u00e9e PARTIE CIVILE contre vous, c&#039;est-\u00e0-dire si quelqu&#039;un a demand\u00e9 au tribunal de vous condamner \u00e0 lui payer une certaine somme pour r\u00e9parer le dommage que vous avez caus\u00e9, vous devez obligatoirement lui adresser une lettre dela m\u00eame teneur. Ce jugement est susceptible d&#039;appel. L&#039;appel doit \u00eatre interjet\u00e9 dans les formes et d\u00e9lais pr\u00e9vus aux articles 202 et suivants du Code de proc\u00e9dure p\u00e9nale et il doit \u00eatre form\u00e9 par le pr\u00e9venu ou son avocat, la partie civile ainsi que la partie civilement responsable ou leurs avocats respectifs dans les 40 jours de la notification du pr\u00e9sent jugement rendu par d\u00e9faut, aupr\u00e8s du greffe du Tribunal d&#039;arrondissement de Luxembourg, en se pr\u00e9sentant personnellement pour signer l&#039;acte d&#039;appel. L\u2019appel peut \u00e9galement \u00eatre interjet\u00e9, dans les 40 jours de la notification du pr\u00e9sent jugement rendu par d\u00e9faut, par voie de courrier \u00e9lectronique \u00e0 adresser au guichet du greffe du Tribunal d\u2019arrondissement de Luxembourg \u00e0 l\u2019adresse talgug@justice.etat.lu. L\u2019appel interjet\u00e9 par voie \u00e9lectronique le jour d\u2019expiration du d\u00e9lai de recours peut parvenir au greffe jusqu\u2019\u00e0 minuit de ce jour. Le courrier \u00e9lectronique par lequel appel est interjet\u00e9 doit \u00e9maner de l\u2019appelant, de son avocat ou de tout autre fond\u00e9 de pouvoir sp\u00e9cial. Dans ce dernier cas, le pouvoir est annex\u00e9 au courrier \u00e9lectronique. Si le pr\u00e9venu estd\u00e9tenu,il peut d\u00e9clarer son appel au greffe du Centre p\u00e9nitentiaire<\/p>\n<\/div>\n<hr class=\"kji-sep\" \/>\n<p class=\"kji-source-links\"><strong>Sources officielles :<\/strong> <a class=\"kji-source-link\" href=\"https:\/\/data.public.lu\/fr\/datasets\/tribunal-darrondissement-luxembourg-penal\/\" target=\"_blank\" rel=\"noopener noreferrer\">consulter la page source<\/a> &middot; <a class=\"kji-pdf-link\" href=\"https:\/\/download.data.public.lu\/resources\/tribunal-darrondissement-luxembourg-penal\/20250428-010856\/20250128-tal23-301-pseudonymise-accessible.pdf\" target=\"_blank\" rel=\"noopener noreferrer\">PDF officiel<\/a><\/p>\n<p class=\"kji-license-note\"><em>Licence CC BY-ND 4.0 (Administration judiciaire, data.public.lu). Republication autorisee avec attribution, sans modification editoriale du texte integral.<\/em><\/p>\n<\/div>\n","protected":false},"excerpt":{"rendered":"<p>1 Jugementno301\/2025 not.71\/24\/CD (amende) DEFAUT AUDIENCE PUBLIQUE DU 28JANVIER2025 Le Tribunal d&#8217;arrondissement de et \u00e0 Luxembourg,vingt-troisi\u00e8mechambre correctionnelle, statuant en composition dejuge unique, a rendu le jugement qui suit: Dans la cause duMinist\u00e8rePublic contre PERSONNE1.), n\u00e9 leDATE1.)\u00e0ADRESSE1.)(Portugal), demeurant\u00e0 F-ADRESSE2.), -p r \u00e9 v e nu- _________________________________________________________________________\u2026<\/p>\n","protected":false},"featured_media":0,"template":"","meta":{"_crdt_document":""},"kji_country":[8418],"kji_court":[23583],"kji_chamber":[25729],"kji_year":[8463],"kji_subject":[7632],"kji_keyword":[23584,8460,7636],"kji_language":[7733],"class_list":["post-625861","kji_decision","type-kji_decision","status-publish","hentry","kji_country-luxembourg","kji_court-tribunal-darrondissement","kji_chamber-penal","kji_year-8463","kji_subject-penal","kji_keyword-arrondissement","kji_keyword-janvier","kji_keyword-tribunal","kji_language-francais"],"yoast_head":"<!-- This site is optimized with the Yoast SEO Premium plugin v27.5 (Yoast SEO v27.5) - https:\/\/yoast.com\/product\/yoast-seo-premium-wordpress\/ -->\n<title>Tribunal d&#039;arrondissement, 28 janvier 2025 - Ma\u00eetre Hassan Kohen, avocat en droit p\u00e9nal \u00e0 Paris<\/title>\n<meta name=\"robots\" content=\"index, follow, max-snippet:-1, max-image-preview:large, max-video-preview:-1\" \/>\n<link rel=\"canonical\" href=\"https:\/\/kohenavocats.com\/ru\/jurisprudences\/tribunal-darrondissement-28-janvier-2025-6\/\" \/>\n<meta property=\"og:locale\" content=\"ru_RU\" \/>\n<meta property=\"og:type\" content=\"article\" \/>\n<meta property=\"og:title\" content=\"Tribunal d&#039;arrondissement, 28 janvier 2025\" \/>\n<meta property=\"og:description\" content=\"1 Jugementno301\/2025 not.71\/24\/CD (amende) DEFAUT AUDIENCE PUBLIQUE DU 28JANVIER2025 Le Tribunal d&#039;arrondissement de et \u00e0 Luxembourg,vingt-troisi\u00e8mechambre correctionnelle, statuant en composition dejuge unique, a rendu le jugement qui suit: Dans la cause duMinist\u00e8rePublic contre PERSONNE1.), n\u00e9 leDATE1.)\u00e0ADRESSE1.)(Portugal), demeurant\u00e0 F-ADRESSE2.), -p r \u00e9 v e nu- _________________________________________________________________________\u2026\" \/>\n<meta property=\"og:url\" content=\"https:\/\/kohenavocats.com\/ru\/jurisprudences\/tribunal-darrondissement-28-janvier-2025-6\/\" \/>\n<meta property=\"og:site_name\" content=\"Ma\u00eetre Hassan Kohen, avocat en droit p\u00e9nal \u00e0 Paris\" \/>\n<meta property=\"article:modified_time\" content=\"2026-04-20T17:26:23+00:00\" \/>\n<meta name=\"twitter:card\" content=\"summary_large_image\" \/>\n<meta name=\"twitter:label1\" content=\"\u041f\u0440\u0438\u043c\u0435\u0440\u043d\u043e\u0435 \u0432\u0440\u0435\u043c\u044f \u0434\u043b\u044f \u0447\u0442\u0435\u043d\u0438\u044f\" \/>\n\t<meta name=\"twitter:data1\" content=\"10 \u043c\u0438\u043d\u0443\u0442\" \/>\n<script type=\"application\/ld+json\" class=\"yoast-schema-graph\">{\"@context\":\"https:\\\/\\\/schema.org\",\"@graph\":[{\"@type\":\"WebPage\",\"@id\":\"https:\\\/\\\/kohenavocats.com\\\/ru\\\/jurisprudences\\\/tribunal-darrondissement-28-janvier-2025-6\\\/\",\"url\":\"https:\\\/\\\/kohenavocats.com\\\/ru\\\/jurisprudences\\\/tribunal-darrondissement-28-janvier-2025-6\\\/\",\"name\":\"Tribunal d'arrondissement, 28 janvier 2025 - Ma\u00eetre Hassan Kohen, avocat en droit p\u00e9nal \u00e0 Paris\",\"isPartOf\":{\"@id\":\"https:\\\/\\\/kohenavocats.com\\\/ru\\\/#website\"},\"datePublished\":\"2026-04-20T17:26:21+00:00\",\"dateModified\":\"2026-04-20T17:26:23+00:00\",\"breadcrumb\":{\"@id\":\"https:\\\/\\\/kohenavocats.com\\\/ru\\\/jurisprudences\\\/tribunal-darrondissement-28-janvier-2025-6\\\/#breadcrumb\"},\"inLanguage\":\"ru-RU\",\"potentialAction\":[{\"@type\":\"ReadAction\",\"target\":[\"https:\\\/\\\/kohenavocats.com\\\/ru\\\/jurisprudences\\\/tribunal-darrondissement-28-janvier-2025-6\\\/\"]}]},{\"@type\":\"BreadcrumbList\",\"@id\":\"https:\\\/\\\/kohenavocats.com\\\/ru\\\/jurisprudences\\\/tribunal-darrondissement-28-janvier-2025-6\\\/#breadcrumb\",\"itemListElement\":[{\"@type\":\"ListItem\",\"position\":1,\"name\":\"Home\",\"item\":\"https:\\\/\\\/kohenavocats.com\\\/ru\\\/avocats-en-droit-penal-a-paris-conseil-et-defense-strategique\\\/\"},{\"@type\":\"ListItem\",\"position\":2,\"name\":\"Jurisprudences\",\"item\":\"https:\\\/\\\/kohenavocats.com\\\/ru\\\/jurisprudences\\\/\"},{\"@type\":\"ListItem\",\"position\":3,\"name\":\"Tribunal d&rsquo;arrondissement, 28 janvier 2025\"}]},{\"@type\":\"WebSite\",\"@id\":\"https:\\\/\\\/kohenavocats.com\\\/ru\\\/#website\",\"url\":\"https:\\\/\\\/kohenavocats.com\\\/ru\\\/\",\"name\":\"Kohen Avocats\",\"description\":\"Ma\u00eetre Hassan Kohen, avocat p\u00e9naliste \u00e0 Paris, intervient exclusivement en droit p\u00e9nal pour la d\u00e9fense des particuliers, notamment en mati\u00e8re d\u2019accusations de viol. Il assure un accompagnement rigoureux d\u00e8s la garde \u00e0 vue jusqu\u2019\u00e0 la Cour d\u2019assises, veillant au strict respect des garanties proc\u00e9durales.\",\"publisher\":{\"@id\":\"https:\\\/\\\/kohenavocats.com\\\/ru\\\/#organization\"},\"potentialAction\":[{\"@type\":\"SearchAction\",\"target\":{\"@type\":\"EntryPoint\",\"urlTemplate\":\"https:\\\/\\\/kohenavocats.com\\\/ru\\\/?s={search_term_string}\"},\"query-input\":{\"@type\":\"PropertyValueSpecification\",\"valueRequired\":true,\"valueName\":\"search_term_string\"}}],\"inLanguage\":\"ru-RU\"},{\"@type\":\"Organization\",\"@id\":\"https:\\\/\\\/kohenavocats.com\\\/ru\\\/#organization\",\"name\":\"Kohen Avocats\",\"url\":\"https:\\\/\\\/kohenavocats.com\\\/ru\\\/\",\"logo\":{\"@type\":\"ImageObject\",\"inLanguage\":\"ru-RU\",\"@id\":\"https:\\\/\\\/kohenavocats.com\\\/ru\\\/#\\\/schema\\\/logo\\\/image\\\/\",\"url\":\"https:\\\/\\\/kohenavocats.com\\\/wp-content\\\/uploads\\\/2026\\\/01\\\/Logo-2-1.webp\",\"contentUrl\":\"https:\\\/\\\/kohenavocats.com\\\/wp-content\\\/uploads\\\/2026\\\/01\\\/Logo-2-1.webp\",\"width\":2114,\"height\":1253,\"caption\":\"Kohen Avocats\"},\"image\":{\"@id\":\"https:\\\/\\\/kohenavocats.com\\\/ru\\\/#\\\/schema\\\/logo\\\/image\\\/\"}}]}<\/script>\n<!-- \/ Yoast SEO Premium plugin. -->","yoast_head_json":{"title":"Tribunal d'arrondissement, 28 janvier 2025 - Ma\u00eetre Hassan Kohen, avocat en droit p\u00e9nal \u00e0 Paris","robots":{"index":"index","follow":"follow","max-snippet":"max-snippet:-1","max-image-preview":"max-image-preview:large","max-video-preview":"max-video-preview:-1"},"canonical":"https:\/\/kohenavocats.com\/ru\/jurisprudences\/tribunal-darrondissement-28-janvier-2025-6\/","og_locale":"ru_RU","og_type":"article","og_title":"Tribunal d'arrondissement, 28 janvier 2025","og_description":"1 Jugementno301\/2025 not.71\/24\/CD (amende) DEFAUT AUDIENCE PUBLIQUE DU 28JANVIER2025 Le Tribunal d'arrondissement de et \u00e0 Luxembourg,vingt-troisi\u00e8mechambre correctionnelle, statuant en composition dejuge unique, a rendu le jugement qui suit: Dans la cause duMinist\u00e8rePublic contre PERSONNE1.), n\u00e9 leDATE1.)\u00e0ADRESSE1.)(Portugal), demeurant\u00e0 F-ADRESSE2.), -p r \u00e9 v e nu- _________________________________________________________________________\u2026","og_url":"https:\/\/kohenavocats.com\/ru\/jurisprudences\/tribunal-darrondissement-28-janvier-2025-6\/","og_site_name":"Ma\u00eetre Hassan Kohen, avocat en droit p\u00e9nal \u00e0 Paris","article_modified_time":"2026-04-20T17:26:23+00:00","twitter_card":"summary_large_image","twitter_misc":{"\u041f\u0440\u0438\u043c\u0435\u0440\u043d\u043e\u0435 \u0432\u0440\u0435\u043c\u044f \u0434\u043b\u044f \u0447\u0442\u0435\u043d\u0438\u044f":"10 \u043c\u0438\u043d\u0443\u0442"},"schema":{"@context":"https:\/\/schema.org","@graph":[{"@type":"WebPage","@id":"https:\/\/kohenavocats.com\/ru\/jurisprudences\/tribunal-darrondissement-28-janvier-2025-6\/","url":"https:\/\/kohenavocats.com\/ru\/jurisprudences\/tribunal-darrondissement-28-janvier-2025-6\/","name":"Tribunal d'arrondissement, 28 janvier 2025 - Ma\u00eetre Hassan Kohen, avocat en droit p\u00e9nal \u00e0 Paris","isPartOf":{"@id":"https:\/\/kohenavocats.com\/ru\/#website"},"datePublished":"2026-04-20T17:26:21+00:00","dateModified":"2026-04-20T17:26:23+00:00","breadcrumb":{"@id":"https:\/\/kohenavocats.com\/ru\/jurisprudences\/tribunal-darrondissement-28-janvier-2025-6\/#breadcrumb"},"inLanguage":"ru-RU","potentialAction":[{"@type":"ReadAction","target":["https:\/\/kohenavocats.com\/ru\/jurisprudences\/tribunal-darrondissement-28-janvier-2025-6\/"]}]},{"@type":"BreadcrumbList","@id":"https:\/\/kohenavocats.com\/ru\/jurisprudences\/tribunal-darrondissement-28-janvier-2025-6\/#breadcrumb","itemListElement":[{"@type":"ListItem","position":1,"name":"Home","item":"https:\/\/kohenavocats.com\/ru\/avocats-en-droit-penal-a-paris-conseil-et-defense-strategique\/"},{"@type":"ListItem","position":2,"name":"Jurisprudences","item":"https:\/\/kohenavocats.com\/ru\/jurisprudences\/"},{"@type":"ListItem","position":3,"name":"Tribunal d&rsquo;arrondissement, 28 janvier 2025"}]},{"@type":"WebSite","@id":"https:\/\/kohenavocats.com\/ru\/#website","url":"https:\/\/kohenavocats.com\/ru\/","name":"Kohen Avocats","description":"Ma\u00eetre Hassan Kohen, avocat p\u00e9naliste \u00e0 Paris, intervient exclusivement en droit p\u00e9nal pour la d\u00e9fense des particuliers, notamment en mati\u00e8re d\u2019accusations de viol. Il assure un accompagnement rigoureux d\u00e8s la garde \u00e0 vue jusqu\u2019\u00e0 la Cour d\u2019assises, veillant au strict respect des garanties proc\u00e9durales.","publisher":{"@id":"https:\/\/kohenavocats.com\/ru\/#organization"},"potentialAction":[{"@type":"SearchAction","target":{"@type":"EntryPoint","urlTemplate":"https:\/\/kohenavocats.com\/ru\/?s={search_term_string}"},"query-input":{"@type":"PropertyValueSpecification","valueRequired":true,"valueName":"search_term_string"}}],"inLanguage":"ru-RU"},{"@type":"Organization","@id":"https:\/\/kohenavocats.com\/ru\/#organization","name":"Kohen Avocats","url":"https:\/\/kohenavocats.com\/ru\/","logo":{"@type":"ImageObject","inLanguage":"ru-RU","@id":"https:\/\/kohenavocats.com\/ru\/#\/schema\/logo\/image\/","url":"https:\/\/kohenavocats.com\/wp-content\/uploads\/2026\/01\/Logo-2-1.webp","contentUrl":"https:\/\/kohenavocats.com\/wp-content\/uploads\/2026\/01\/Logo-2-1.webp","width":2114,"height":1253,"caption":"Kohen Avocats"},"image":{"@id":"https:\/\/kohenavocats.com\/ru\/#\/schema\/logo\/image\/"}}]}},"jetpack_likes_enabled":false,"jetpack_sharing_enabled":true,"_links":{"self":[{"href":"https:\/\/kohenavocats.com\/ru\/wp-json\/wp\/v2\/kji_decision\/625861","targetHints":{"allow":["GET"]}}],"collection":[{"href":"https:\/\/kohenavocats.com\/ru\/wp-json\/wp\/v2\/kji_decision"}],"about":[{"href":"https:\/\/kohenavocats.com\/ru\/wp-json\/wp\/v2\/types\/kji_decision"}],"wp:attachment":[{"href":"https:\/\/kohenavocats.com\/ru\/wp-json\/wp\/v2\/media?parent=625861"}],"wp:term":[{"taxonomy":"kji_country","embeddable":true,"href":"https:\/\/kohenavocats.com\/ru\/wp-json\/wp\/v2\/kji_country?post=625861"},{"taxonomy":"kji_court","embeddable":true,"href":"https:\/\/kohenavocats.com\/ru\/wp-json\/wp\/v2\/kji_court?post=625861"},{"taxonomy":"kji_chamber","embeddable":true,"href":"https:\/\/kohenavocats.com\/ru\/wp-json\/wp\/v2\/kji_chamber?post=625861"},{"taxonomy":"kji_year","embeddable":true,"href":"https:\/\/kohenavocats.com\/ru\/wp-json\/wp\/v2\/kji_year?post=625861"},{"taxonomy":"kji_subject","embeddable":true,"href":"https:\/\/kohenavocats.com\/ru\/wp-json\/wp\/v2\/kji_subject?post=625861"},{"taxonomy":"kji_keyword","embeddable":true,"href":"https:\/\/kohenavocats.com\/ru\/wp-json\/wp\/v2\/kji_keyword?post=625861"},{"taxonomy":"kji_language","embeddable":true,"href":"https:\/\/kohenavocats.com\/ru\/wp-json\/wp\/v2\/kji_language?post=625861"}],"curies":[{"name":"wp","href":"https:\/\/api.w.org\/{rel}","templated":true}]}}