{"id":626800,"date":"2026-04-20T21:08:09","date_gmt":"2026-04-20T19:08:09","guid":{"rendered":"https:\/\/kohenavocats.com\/jurisprudences\/tribunal-darrondissement-21-novembre-2024-20\/"},"modified":"2026-04-20T21:08:12","modified_gmt":"2026-04-20T19:08:12","slug":"tribunal-darrondissement-21-novembre-2024-20","status":"publish","type":"kji_decision","link":"https:\/\/kohenavocats.com\/ru\/jurisprudences\/tribunal-darrondissement-21-novembre-2024-20\/","title":{"rendered":"Tribunal d&#8217;arrondissement, 21 novembre 2024"},"content":{"rendered":"<div class=\"kji-decision\">\n<div class=\"kji-full-text\">\n<p>Jugt n\u00b02500\/2024 Not.:41080\/23\/CC + 9269\/24\/CC 2x ic(s\/tp) 1xresitit. Audience publique du21 novembre2024 Le Tribunal d\u2019arrondissement de et \u00e0 Luxembourg,douzi\u00e8me chambre, si\u00e9geant en mati\u00e8re correctionnelle, statuant en composition de juge unique, a rendu le jugement qui suit: Dans la cause du Minist\u00e8re Public contre PERSONNE1.), n\u00e9 leDATE1.)\u00e0ADRESSE1.), demeurant \u00e0 L-ADRESSE2.), -pr\u00e9venu- FAITS : Par citationsdu10 octobre 2024le Procureur d\u2019Etat pr\u00e8s le Tribunal d\u2019arrondissement de Luxembourg a requislepr\u00e9venu de compara\u00eetre \u00e0 l\u2019audience publique du30 octobre 2024 devant le Tribunal correctionnel de ce si\u00e8ge pour y entendre statuer sur lespr\u00e9ventions suivantes: Notice 41080\/23\/CC:d\u00e9faut d\u2019un contrat d\u2019assurance valable. Notice 9269\/24\/CC:d\u00e9faut d\u2019un permis deconduire valable;d\u00e9faut d\u2019un contrat d\u2019assurance valable. A l&#039;appel de la cause \u00e0 cette audience publique, le vice-pr\u00e9sident constata l&#039;identit\u00e9 du pr\u00e9venu, lui donna connaissance desactesquiontsaisi le Tribunal et l\u2019informa de ses droits de garderle silence et de ne pas s\u2019incriminer soi-m\u00eame. Le pr\u00e9venu renon\u00e7a \u00e0 l\u2019assistance d\u2019un avocat par d\u00e9claration \u00e9crite, dat\u00e9e et sign\u00e9e conform\u00e9ment \u00e0 l\u2019article 3-6 point 8 du Code de proc\u00e9dure p\u00e9nale et fut ensuite entendu en ses explications et moyens ded\u00e9fense.<\/p>\n<p>2 La repr\u00e9sentante du Minist\u00e8re Public,Cyntia WOLTER, substitut du Procureur d\u2019Etat, fut entendue en son r\u00e9quisitoire. Le pr\u00e9venu eut la parole en dernier. Le Tribunal prit lesaffairesen d\u00e9lib\u00e9r\u00e9 et rendit \u00e0 l\u2019audience publique de cejour, date \u00e0 laquelle le prononc\u00e9 avait \u00e9t\u00e9 fix\u00e9,le JUGEMENTqui suit: Vu lescitations\u00e0 pr\u00e9venu du10octobre 2024r\u00e9guli\u00e8rement notifi\u00e9esau pr\u00e9venu PERSONNE1.). Dans l&#039;int\u00e9r\u00eat d&#039;une bonne administration de la justice, il y a lieu de joindre les affaires introduites par le Minist\u00e8re Public sous les notices41080\/23\/CC et 9269\/24\/CC. Quant \u00e0 la notice 41080\/23\/CC Vu le proc\u00e8s-verbal num\u00e9ro71143\/2023 du 7 novembre 2024,dress\u00e9 par laPoliceGrand- Ducale,R\u00e9gion Sud-Ouest,Service R\u00e9gional de Police de la Route. Le Minist\u00e8re Public reproche \u00e0PERSONNE1.),le27 mai 2023 \u00e0 14.42 heures et le 6 juillet 2023 \u00e0 14.00 heures \u00e0ADRESSE3.),comme conducteur d\u2019un v\u00e9hicule automoteur sur la voie publique, de l\u2019avoirmis en circulation sur la voie publique sans \u00eatre couvert par un contrat d\u2019assurance valable. A l\u2019audience publique du 30 octobre 2024, le pr\u00e9venuPERSONNE1.)n\u2019a pas autrement contest\u00e9 l\u2019infraction lui reproch\u00e9e. Il a pr\u00e9sent\u00e9 ses excuses et a sollicit\u00e9 la cl\u00e9mence du Tribunal. PERSONNE1.)estconvaincupar les d\u00e9bats men\u00e9s \u00e0 l\u2019audience, ensemble les \u00e9l\u00e9ments du dossier r\u00e9pressifet ses aveux circonstanci\u00e9s: \u00ab \u00e9tant conducteur d\u2019un v\u00e9hicule automoteur sur la voie publique, le 27 mai 2023 \u00e0 14.42 heures et le 6 juillet 2023 \u00e0 14.00 heures \u00e0ADRESSE3.), l\u2019avoir mis en circulation sur la voie publique sans \u00eatre couvert par un contrat d\u2019assurance valable.\u00bb Quant \u00e0 la notice 9269\/24\/CC Vu le proc\u00e8s-verbal num\u00e9ro158\/2024 du 27 f\u00e9vier 2024,dress\u00e9 par la Police Grand-Ducale, R\u00e9gionCapitale, Service R\u00e9gional de Police de la Route. Le Minist\u00e8re Public reproche \u00e0PERSONNE1.), le27 f\u00e9vrier 2024 vers 23.14 heures \u00e0 L- ADRESSE4.), comme conducteur d\u2019un v\u00e9hicule automoteur sur la voie publique, de l\u2019avoir conduit sans \u00eatre titulaire d\u2019un permis de conduire valable et de l\u2019avoir mis en circulation sur la voie publique sans \u00eatre couvert par un contrat d\u2019assurance valable.<\/p>\n<p>3 A l\u2019audience publique du 30 octobre 2024, le pr\u00e9venuPERSONNE1.)n\u2019a pas autrement contest\u00e9 les infractions lui reproch\u00e9es. Il a pr\u00e9sent\u00e9 ses excuses et a sollicit\u00e9 la cl\u00e9mence du Tribunal. PERSONNE1.)estconvaincupar les d\u00e9bats men\u00e9s \u00e0 l\u2019audience, ensemble les \u00e9l\u00e9ments du dossier r\u00e9pressifet ses aveux circonstanci\u00e9s: \u00ab \u00e9tant conducteur d\u2019un v\u00e9hicule automoteur sur la voie publique, le 27 f\u00e9vrier 2024 vers 23.14 heures \u00e0 L-ADRESSE4.), 1) d\u2019avoir conduit un v\u00e9hicule sur les voies publiques sans \u00eatre titulaire d\u2019un permis de conduire valable; 2) l\u2019avoir mis en circulation sur la voie publique sans \u00eatre couvert par un contrat d\u2019assurance valable.\u00bb Toutes les infractions retenues\u00e0 charge du pr\u00e9venuse trouvent en concours r\u00e9el entre elles, de sorte qu\u2019il y a lieu \u00e0 application de l\u2019article 60 du Code p\u00e9nal. Les infractions retenues \u00e0 charge dePERSONNE1.)sont punies d\u2019une peine d\u2019emprisonnement de huit jours \u00e0 trois ans ainsi que d\u2019une amende de 500 euros \u00e0 10.000 euros ou d\u2019une de ces peines seulement, conform\u00e9ment \u00e0 l\u2019article 13 de la loi modifi\u00e9e du 14 f\u00e9vrier 1955 concernant la r\u00e9glementation de la circulation sur toutes les voies publiques. L\u2019article 28 de la loi modifi\u00e9e du 16 avril 2003 relative \u00e0 l\u2019assurance obligatoire de la responsabilit\u00e9 civile en mati\u00e8re de v\u00e9hicules automoteurs, sanctionne le d\u00e9faut d\u2019assurance d\u2019une peine d\u2019emprisonnement de huit jours \u00e0 trois ans ainsi que d\u2019une amende de 500 \u00e0 10.000 euros ou d\u2019une de ces peines seulement. L\u2019article 13.1. de la loi pr\u00e9cit\u00e9e du 14 f\u00e9vrier 1955 permet au jugesaisi d\u2019une ou de plusieurs infractions \u00e0 la r\u00e9glementation de la circulation sur toutes les voies publiques ou de d\u00e9lits ou de crimes qui se sont joints \u00e0 ces infractions, de prononcer une interdiction de conduire de huit jours \u00e0 un an en mati\u00e8re de contraventions et de trois mois \u00e0 quinze ans en mati\u00e8re de d\u00e9lits ou de crimes. Au vu de la gravit\u00e9 des infractions commises le Tribunal condamnePERSONNE1.),\u00e0 une interdiction de conduire de12moispour l\u2019infraction retenuesous la notice 41080\/23\/CC\u00e0 sa charge, \u00e0 une interdiction de conduire de12moispour l\u2019infraction retenuesous la notice 9269\/24\/CC sub 1) et \u00e0 une interdiction de conduire de18moispour l\u2019infraction retenue sous la notice 9269\/24\/CCsub 2) \u00e0 sa charge ainsi qu\u2019\u00e0 une amende de800eurosqui tient \u00e9galement compte de ses revenus disponibles. PERSONNE1.)demande \u00e0 voir lesinterdictionsde conduire \u00e0 prononcer \u00e0 son encontre assortie du sursis, sinon \u00e0 en excepter les trajets effectu\u00e9s dans l\u2019int\u00e9r\u00eat de son emploi. En vertu de l\u2019article 628 alin\u00e9a 4 du Code de proc\u00e9dure p\u00e9nale, les Cours et Tribunaux peuvent, \u00abdans le cas o\u00f9 ils prononcent une interdiction de conduire un v\u00e9hicule automoteur sur la voie publique, ordonner par la m\u00eame d\u00e9cision motiv\u00e9e qu\u2019il sera sursis \u00e0 l\u2019ex\u00e9cution de tout ou partie de cette peine accessoire, \u00e0 condition que le condamn\u00e9 n\u2019ait pas \u00e9t\u00e9, avant le fait motivant sa poursuite, l\u2019objet d\u2019une condamnation irr\u00e9vocable \u00e0 une peine d\u2019emprisonnement correctionnel du chef d\u2019infraction aux lois et r\u00e8glements r\u00e9gissant la circulation sur la voie<\/p>\n<p>4 publique ou \u00e0 une peine privative de libert\u00e9 pour infraction aux lois et r\u00e8glements concernant la vente de substances m\u00e9dicamenteuses.\u00bb Lepr\u00e9venuPERSONNE1.)n\u2019a pas encore subi jusqu\u2019\u00e0 ce jour de condamnation excluant le sursis \u00e0 l\u2019ex\u00e9cution des peines etiln\u2019est pas indigne de la cl\u00e9mence du Tribunal. Il y a partant lieu de lui accorder la faveur dusursis int\u00e9gralquantauxinterdictionsde conduire\u00e0 prononcer sous lanotice 41080\/23\/CCetsous lanotice 9269\/24\/CC sub 2)\u00e0 son encontre. L\u2019article 13.1ter de la loi pr\u00e9cit\u00e9e du 14 f\u00e9vrier 1955 permet \u00e0 la juridiction r\u00e9pressive d\u2019excepter de l\u2019interdiction de conduire \u00e0 prononcer un ou plusieurs des trajets limitativement \u00e9num\u00e9r\u00e9s ci-apr\u00e8s: a) les trajets effectu\u00e9s dans l\u2019int\u00e9r\u00eat prouv\u00e9 de la profession de la personne concern\u00e9e, b) le trajet d\u2019aller et de retour effectu\u00e9 entre la r\u00e9sidence principale, une r\u00e9sidence secondaire pr\u00e9sentant un caract\u00e8re destabilit\u00e9 ou tout autre lieu o\u00f9 la personne concern\u00e9e se rend de fa\u00e7on habituelle pour des motifs d\u2019ordre familial et le lieu du travail. Le pr\u00e9venuPERSONNE1.)a d\u00fbment justifi\u00e9 qu\u2019il a imp\u00e9rativement besoin de son permis de conduire pour des raisons professionnelles. Le Tribunal d\u00e9cide d\u2019excepter de l\u2019interdiction de conduire \u00e0 prononcersous lanotice 9269\/24\/CC sub 1)le trajet d\u2019aller et de retour effectu\u00e9 entre la r\u00e9sidence principale, une r\u00e9sidence secondaire pr\u00e9sentant un caract\u00e8re de stabilit\u00e9 ou tout autre lieu o\u00f9 le pr\u00e9venu se rend de fa\u00e7on habituelle pour des motifs d\u2019ordre familial et le lieu du travail ainsi que les trajets effectu\u00e9s dans l\u2019int\u00e9r\u00eat prouv\u00e9 de son employeur. Le trajet d\u2019aller et de retour effectu\u00e9 entre la r\u00e9sidence principale, une r\u00e9sidence secondaire pr\u00e9sentant un caract\u00e8re de stabilit\u00e9 ou tout autre lieu o\u00f9 le pr\u00e9venu se rend de fa\u00e7on habituelle pour des motifs d\u2019ordre familial et le lieu du travail peut ne pas \u00eatre le plus direct lorsque le d\u00e9tour effectu\u00e9 est rendu n\u00e9cessaire dans le cadre d\u2019un covoiturage r\u00e9gulier ou pour d\u00e9poser ou reprendre son enfant ou l\u2019enfant qui vit en communaut\u00e9 domestique avec le pr\u00e9venu, aupr\u00e8s d\u2019une tierce personne \u00e0 laquelle il est oblig\u00e9 de le confier afin de pouvoir s\u2019adonner \u00e0 son occupation professionnelle. Le Tribunal ordonne encorelarestitutiondu v\u00e9hicule de marqueENSEIGNE1.), immatricul\u00e9 NUMERO1.)(L)saisi suivant proc\u00e8s-verbal num\u00e9ro157\/2024 du 28 f\u00e9vrier 2024dress\u00e9 par la Police Grand-Ducale, R\u00e9gionCapitale, Service R\u00e9gional de Police de la Route, \u00e0 son l\u00e9gitime propri\u00e9taire. PARCES MOTIFS la douzi\u00e8me chambre du Tribunal d\u2019arrondissement de et \u00e0 Luxembourg, compos\u00e9e de sonvice- pr\u00e9sident,statuantcontradictoirement,larepr\u00e9sentantedu Minist\u00e8re Public entendueen son r\u00e9quisitoire,lepr\u00e9venuPERSONNE1.)entendu en ses explications et moyens de d\u00e9fense,le pr\u00e9venu ayant eu la parole en dernier, ordonnela jonction desaffaires introduites par le Minist\u00e8re Public sous les notices41080\/23\/CC et 9269\/24\/CC;<\/p>\n<p>5 condamnePERSONNE1.)du chef des infractions retenues \u00e0 sa charge \u00e0 une amende dehuit cents (800) eurosainsi qu\u2019aux frais de sa poursuite p\u00e9nale, ces frais liquid\u00e9s \u00e0842,37euros (dont 278,17 euros et 546,68 euros pour frais de garages); fixela dur\u00e9e de la contrainte par corps en cas de non-paiement de l\u2019amende \u00e0huit(8) jours; prononcecontrePERSONNE1.)du chef de l\u2019infraction retenuesous la notice 41080\/23\/CC\u00e0 sa charge pour la dur\u00e9e dedouze (12)moisl\u2019interdiction de conduire un v\u00e9hicule automoteur des cat\u00e9gories A-F sur la voie publique ; ditqu\u2019il serasursis\u00e0 l\u2019ex\u00e9cution del\u2019int\u00e9gralit\u00e9de cette interdiction de conduire; avertitPERSONNE1.)qu\u2019au cas, o\u00f9 dans un d\u00e9lai de cinq ans \u00e0 dater du pr\u00e9sent jugement,il aura commis une nouvelle infraction ayant entra\u00een\u00e9 une condamnation \u00e0 une interdiction de conduire d\u2019un v\u00e9hicule sur la voie publique ou \u00e0 une peine privative de libert\u00e9 pour crimes ou d\u00e9lits pr\u00e9vus par la l\u00e9gislation sur la circulation sur les voies publiques ou sur la vente de substances m\u00e9dicamenteuses et la lutte contre la toxicomanie, l\u2019interdiction de conduire prononc\u00e9e ci-devant sera ex\u00e9cut\u00e9e sans confusion possible avec la nouvelle peine et que les peines de la r\u00e9cidive seront encourues dans les termes de l\u2019article 56 al. 2 du Code p\u00e9nal; prononcecontrePERSONNE1.)du chef de l\u2019infractionretenuesous la notice 9269\/24\/CCsub 1) \u00e0 sa charge pour la dur\u00e9e dedouze(12)moisl\u2019interdiction de conduire un v\u00e9hicule automoteur des cat\u00e9gories A-F sur la voie publique ; exceptedel\u2019int\u00e9gralit\u00e9de cette interdiction de conduire le trajet d\u2019aller et de retour effectu\u00e9 entre la r\u00e9sidence principale, une r\u00e9sidence secondaire pr\u00e9sentant un caract\u00e8re de stabilit\u00e9 ou tout autre lieu o\u00f9PERSONNE1.)se rend de fa\u00e7on habituelle pour des motifs d\u2019ordre familial et le lieu du travail ainsi que les trajets effectu\u00e9s dans l\u2019int\u00e9r\u00eat prouv\u00e9 de son employeur; ditque le trajet d\u2019aller et de retour effectu\u00e9 entre la r\u00e9sidence principale, une r\u00e9sidence secondaire pr\u00e9sentant un caract\u00e8re de stabilit\u00e9 ou tout autre lieu o\u00f9PERSONNE1.)se rend de fa\u00e7on habituelle pour des motifs d\u2019ordre familial et le lieu du travail peut ne pas \u00eatre le plus direct lorsque le d\u00e9tour effectu\u00e9 est rendu n\u00e9cessaire dans le cadre d\u2019un covoiturage r\u00e9gulier ou pour d\u00e9poser ou reprendre son enfant ou l\u2019enfant qui vit en communaut\u00e9 domestique avec le pr\u00e9venu, aupr\u00e8s d\u2019une tierce personne \u00e0 laquelle il est oblig\u00e9 de le confier afin de pouvoir s\u2019adonner \u00e0 son occupation professionnelle; prononcecontrePERSONNE1.)du chef de l\u2019infraction retenuesous la notice 9269\/24\/CCsub 2) \u00e0 sa charge pour la dur\u00e9e dedix-huit (18)moisl\u2019interdiction de conduire un v\u00e9hicule automoteur des cat\u00e9gories A-F sur la voie publique ; ditqu\u2019il serasursis\u00e0 l\u2019ex\u00e9cution del\u2019int\u00e9gralit\u00e9de cetteinterdiction de conduire; avertitPERSONNE1.)qu\u2019au cas, o\u00f9 dans un d\u00e9lai de cinq ans \u00e0 dater du pr\u00e9sent jugement,il aura commis une nouvelle infraction ayant entra\u00een\u00e9 une condamnation \u00e0 une interdiction de conduire d\u2019un v\u00e9hicule sur la voie publique ou \u00e0 une peine privative de libert\u00e9 pour crimes ou d\u00e9lits pr\u00e9vus par la l\u00e9gislation sur la circulation sur les voies publiques ou sur la vente de substances m\u00e9dicamenteuses et la lutte contre la toxicomanie, l\u2019interdiction de conduire prononc\u00e9e ci-devant sera ex\u00e9cut\u00e9e sans confusion possible avec la nouvelle peine et que les peines de la r\u00e9cidive seront encourues dans les termes de l\u2019article 56 al. 2 du Code p\u00e9nal;<\/p>\n<p>6 ordonnelarestitutiondu v\u00e9hicule de marqueENSEIGNE1.), immatricul\u00e9NUMERO1.)(L) saisi suivant proc\u00e8s-verbal num\u00e9ro157\/2024 du 28 f\u00e9vrier 2024dress\u00e9 par la Police Grand- Ducale, R\u00e9gionCapitale,Service R\u00e9gional de Police de la Route, \u00e0 son l\u00e9gitime propri\u00e9taire. Par application des articles 14,15,16, 27, 28, 29,30,31, 32,60et 66duCode p\u00e9nal,3-6,179, 182, 184, 185, 189, 190, 190-1, 194, 195,196, 628 et 628-1du Code de proc\u00e9dure p\u00e9naledes articles 1, 2, 13, 14 et 14 bis de la loi modifi\u00e9e du 14 f\u00e9vrier 1955 concernant la r\u00e9glementation de la circulation sur toutes les voies publiques et des articles 1, 2, 28 et 29 de la loi modifi\u00e9e du 16 avril 2003 relative\u00e0 l\u2019assurance obligatoire de la responsabilit\u00e9 civile en mati\u00e8re de v\u00e9hicules automoteurs qui furent d\u00e9sign\u00e9s \u00e0 l\u2019audience par levice-pr\u00e9sident. Ainsi fait, jug\u00e9 et prononc\u00e9 par Marc THILL, vice-pr\u00e9sident, en audience publique au Tribunal d\u2019Arrondissement \u00e0 Luxembourg, en pr\u00e9sencede Felix WANTZ, premier substitut du Procureur d\u2019Etat,et de Ma\u00eft\u00e9 LOOS, greffier, qui, \u00e0 l\u2019exception du repr\u00e9sentant du Minist\u00e8re Public, ont sign\u00e9 le pr\u00e9sent jugement. 1 \u00e8re instance\u2014Contradictoire Ce jugement est susceptible d&#039;appel. L\u2019appel doit \u00eatre interjet\u00e9 dans les formes et d\u00e9lais pr\u00e9vus aux articles 202 et suivants du Code de proc\u00e9dure p\u00e9nale et il doit \u00eatre form\u00e9 par le pr\u00e9venu ou son avocat, la partie civile ainsi que la partie civilement responsable ou leurs avocats respectifs dans les40 joursde la date du prononc\u00e9 du pr\u00e9sent jugement, aupr\u00e8s du greffe du Tribunal d\u2019arrondissement de Luxembourg, en se pr\u00e9sentant personnellementpour signer l\u2019acte d\u2019appel. L\u2019appel peut \u00e9galement \u00eatre interjet\u00e9, dans les40 joursde la date du prononc\u00e9 du pr\u00e9sent jugement par voie decourrier \u00e9lectronique\u00e0 adresser au guichet du greffe du Tribunal d\u2019arrondissement de ADRESSE1.)\u00e0 l\u2019adressetalgug@justice.etat.lu. L\u2019appel interjet\u00e9 par voie \u00e9lectronique le jour d\u2019expiration du d\u00e9lai de recours peut parvenir au greffe jusqu\u2019\u00e0 minuit de ce jour. Le courrier \u00e9lectronique par lequel appel est interjet\u00e9 doit \u00e9maner de l\u2019appelant, de son avocat ou de tout autre fond\u00e9 de pouvoir sp\u00e9cial. Dans ce dernier cas, le pouvoir est annex\u00e9 au courrier \u00e9lectronique. Si le pr\u00e9venu estd\u00e9tenu,il peut d\u00e9clarer son appel au greffe du Centre p\u00e9nitentiaire.<\/p>\n<\/div>\n<hr class=\"kji-sep\" \/>\n<p class=\"kji-source-links\"><strong>Sources officielles :<\/strong> <a class=\"kji-source-link\" href=\"https:\/\/data.public.lu\/fr\/datasets\/tribunal-darrondissement-luxembourg-penal\/\" target=\"_blank\" rel=\"noopener noreferrer\">consulter la page source<\/a> &middot; <a class=\"kji-pdf-link\" href=\"https:\/\/download.data.public.lu\/resources\/tribunal-darrondissement-luxembourg-penal\/20241209-021923\/20241121-talch12-2500-pseudonymise-accessible.pdf\" target=\"_blank\" rel=\"noopener noreferrer\">PDF officiel<\/a><\/p>\n<p class=\"kji-license-note\"><em>Licence CC BY-ND 4.0 (Administration judiciaire, data.public.lu). Republication autorisee avec attribution, sans modification editoriale du texte integral.<\/em><\/p>\n<\/div>\n","protected":false},"excerpt":{"rendered":"<p>Jugt n\u00b02500\/2024 Not.:41080\/23\/CC + 9269\/24\/CC 2x ic(s\/tp) 1xresitit. Audience publique du21 novembre2024 Le Tribunal d\u2019arrondissement de et \u00e0 Luxembourg,douzi\u00e8me chambre, si\u00e9geant en mati\u00e8re correctionnelle, statuant en composition de juge unique, a rendu le jugement qui suit: Dans la cause du Minist\u00e8re Public contre PERSONNE1.), n\u00e9\u2026<\/p>\n","protected":false},"featured_media":0,"template":"","meta":{"_crdt_document":""},"kji_country":[8418],"kji_court":[23583],"kji_chamber":[25729],"kji_year":[8677],"kji_subject":[7632],"kji_keyword":[23584,8576,7636],"kji_language":[7733],"class_list":["post-626800","kji_decision","type-kji_decision","status-publish","hentry","kji_country-luxembourg","kji_court-tribunal-darrondissement","kji_chamber-penal","kji_year-8677","kji_subject-penal","kji_keyword-arrondissement","kji_keyword-novembre","kji_keyword-tribunal","kji_language-francais"],"yoast_head":"<!-- This site is optimized with the Yoast SEO Premium plugin v27.4 (Yoast SEO v27.4) - https:\/\/yoast.com\/product\/yoast-seo-premium-wordpress\/ -->\n<title>Tribunal d&#039;arrondissement, 21 novembre 2024 - Ma\u00eetre Hassan Kohen, avocat en droit p\u00e9nal \u00e0 Paris<\/title>\n<meta name=\"robots\" content=\"index, follow, max-snippet:-1, max-image-preview:large, max-video-preview:-1\" \/>\n<link rel=\"canonical\" href=\"https:\/\/kohenavocats.com\/ru\/jurisprudences\/tribunal-darrondissement-21-novembre-2024-20\/\" \/>\n<meta property=\"og:locale\" content=\"ru_RU\" \/>\n<meta property=\"og:type\" content=\"article\" \/>\n<meta property=\"og:title\" content=\"Tribunal d&#039;arrondissement, 21 novembre 2024\" \/>\n<meta property=\"og:description\" content=\"Jugt n\u00b02500\/2024 Not.:41080\/23\/CC + 9269\/24\/CC 2x ic(s\/tp) 1xresitit. Audience publique du21 novembre2024 Le Tribunal d\u2019arrondissement de et \u00e0 Luxembourg,douzi\u00e8me chambre, si\u00e9geant en mati\u00e8re correctionnelle, statuant en composition de juge unique, a rendu le jugement qui suit: Dans la cause du Minist\u00e8re Public contre PERSONNE1.), n\u00e9\u2026\" \/>\n<meta property=\"og:url\" content=\"https:\/\/kohenavocats.com\/ru\/jurisprudences\/tribunal-darrondissement-21-novembre-2024-20\/\" \/>\n<meta property=\"og:site_name\" content=\"Ma\u00eetre Hassan Kohen, avocat en droit p\u00e9nal \u00e0 Paris\" \/>\n<meta property=\"article:modified_time\" content=\"2026-04-20T19:08:12+00:00\" \/>\n<meta name=\"twitter:card\" content=\"summary_large_image\" \/>\n<meta name=\"twitter:label1\" content=\"\u041f\u0440\u0438\u043c\u0435\u0440\u043d\u043e\u0435 \u0432\u0440\u0435\u043c\u044f \u0434\u043b\u044f \u0447\u0442\u0435\u043d\u0438\u044f\" \/>\n\t<meta name=\"twitter:data1\" content=\"13 \u043c\u0438\u043d\u0443\u0442\" \/>\n<script type=\"application\/ld+json\" class=\"yoast-schema-graph\">{\"@context\":\"https:\\\/\\\/schema.org\",\"@graph\":[{\"@type\":\"WebPage\",\"@id\":\"https:\\\/\\\/kohenavocats.com\\\/ru\\\/jurisprudences\\\/tribunal-darrondissement-21-novembre-2024-20\\\/\",\"url\":\"https:\\\/\\\/kohenavocats.com\\\/ru\\\/jurisprudences\\\/tribunal-darrondissement-21-novembre-2024-20\\\/\",\"name\":\"Tribunal d'arrondissement, 21 novembre 2024 - Ma\u00eetre Hassan Kohen, avocat en droit p\u00e9nal \u00e0 Paris\",\"isPartOf\":{\"@id\":\"https:\\\/\\\/kohenavocats.com\\\/ru\\\/#website\"},\"datePublished\":\"2026-04-20T19:08:09+00:00\",\"dateModified\":\"2026-04-20T19:08:12+00:00\",\"breadcrumb\":{\"@id\":\"https:\\\/\\\/kohenavocats.com\\\/ru\\\/jurisprudences\\\/tribunal-darrondissement-21-novembre-2024-20\\\/#breadcrumb\"},\"inLanguage\":\"ru-RU\",\"potentialAction\":[{\"@type\":\"ReadAction\",\"target\":[\"https:\\\/\\\/kohenavocats.com\\\/ru\\\/jurisprudences\\\/tribunal-darrondissement-21-novembre-2024-20\\\/\"]}]},{\"@type\":\"BreadcrumbList\",\"@id\":\"https:\\\/\\\/kohenavocats.com\\\/ru\\\/jurisprudences\\\/tribunal-darrondissement-21-novembre-2024-20\\\/#breadcrumb\",\"itemListElement\":[{\"@type\":\"ListItem\",\"position\":1,\"name\":\"Home\",\"item\":\"https:\\\/\\\/kohenavocats.com\\\/ru\\\/avocats-en-droit-penal-a-paris-conseil-et-defense-strategique\\\/\"},{\"@type\":\"ListItem\",\"position\":2,\"name\":\"Jurisprudences\",\"item\":\"https:\\\/\\\/kohenavocats.com\\\/ru\\\/jurisprudences\\\/\"},{\"@type\":\"ListItem\",\"position\":3,\"name\":\"Tribunal d&rsquo;arrondissement, 21 novembre 2024\"}]},{\"@type\":\"WebSite\",\"@id\":\"https:\\\/\\\/kohenavocats.com\\\/ru\\\/#website\",\"url\":\"https:\\\/\\\/kohenavocats.com\\\/ru\\\/\",\"name\":\"Kohen Avocats\",\"description\":\"Ma\u00eetre Hassan Kohen, avocat p\u00e9naliste \u00e0 Paris, intervient exclusivement en droit p\u00e9nal pour la d\u00e9fense des particuliers, notamment en mati\u00e8re d\u2019accusations de viol. Il assure un accompagnement rigoureux d\u00e8s la garde \u00e0 vue jusqu\u2019\u00e0 la Cour d\u2019assises, veillant au strict respect des garanties proc\u00e9durales.\",\"publisher\":{\"@id\":\"https:\\\/\\\/kohenavocats.com\\\/ru\\\/#organization\"},\"potentialAction\":[{\"@type\":\"SearchAction\",\"target\":{\"@type\":\"EntryPoint\",\"urlTemplate\":\"https:\\\/\\\/kohenavocats.com\\\/ru\\\/?s={search_term_string}\"},\"query-input\":{\"@type\":\"PropertyValueSpecification\",\"valueRequired\":true,\"valueName\":\"search_term_string\"}}],\"inLanguage\":\"ru-RU\"},{\"@type\":\"Organization\",\"@id\":\"https:\\\/\\\/kohenavocats.com\\\/ru\\\/#organization\",\"name\":\"Kohen Avocats\",\"url\":\"https:\\\/\\\/kohenavocats.com\\\/ru\\\/\",\"logo\":{\"@type\":\"ImageObject\",\"inLanguage\":\"ru-RU\",\"@id\":\"https:\\\/\\\/kohenavocats.com\\\/ru\\\/#\\\/schema\\\/logo\\\/image\\\/\",\"url\":\"https:\\\/\\\/kohenavocats.com\\\/wp-content\\\/uploads\\\/2026\\\/01\\\/Logo-2-1.webp\",\"contentUrl\":\"https:\\\/\\\/kohenavocats.com\\\/wp-content\\\/uploads\\\/2026\\\/01\\\/Logo-2-1.webp\",\"width\":2114,\"height\":1253,\"caption\":\"Kohen Avocats\"},\"image\":{\"@id\":\"https:\\\/\\\/kohenavocats.com\\\/ru\\\/#\\\/schema\\\/logo\\\/image\\\/\"}}]}<\/script>\n<!-- \/ Yoast SEO Premium plugin. -->","yoast_head_json":{"title":"Tribunal d'arrondissement, 21 novembre 2024 - Ma\u00eetre Hassan Kohen, avocat en droit p\u00e9nal \u00e0 Paris","robots":{"index":"index","follow":"follow","max-snippet":"max-snippet:-1","max-image-preview":"max-image-preview:large","max-video-preview":"max-video-preview:-1"},"canonical":"https:\/\/kohenavocats.com\/ru\/jurisprudences\/tribunal-darrondissement-21-novembre-2024-20\/","og_locale":"ru_RU","og_type":"article","og_title":"Tribunal d'arrondissement, 21 novembre 2024","og_description":"Jugt n\u00b02500\/2024 Not.:41080\/23\/CC + 9269\/24\/CC 2x ic(s\/tp) 1xresitit. Audience publique du21 novembre2024 Le Tribunal d\u2019arrondissement de et \u00e0 Luxembourg,douzi\u00e8me chambre, si\u00e9geant en mati\u00e8re correctionnelle, statuant en composition de juge unique, a rendu le jugement qui suit: Dans la cause du Minist\u00e8re Public contre PERSONNE1.), n\u00e9\u2026","og_url":"https:\/\/kohenavocats.com\/ru\/jurisprudences\/tribunal-darrondissement-21-novembre-2024-20\/","og_site_name":"Ma\u00eetre Hassan Kohen, avocat en droit p\u00e9nal \u00e0 Paris","article_modified_time":"2026-04-20T19:08:12+00:00","twitter_card":"summary_large_image","twitter_misc":{"\u041f\u0440\u0438\u043c\u0435\u0440\u043d\u043e\u0435 \u0432\u0440\u0435\u043c\u044f \u0434\u043b\u044f \u0447\u0442\u0435\u043d\u0438\u044f":"13 \u043c\u0438\u043d\u0443\u0442"},"schema":{"@context":"https:\/\/schema.org","@graph":[{"@type":"WebPage","@id":"https:\/\/kohenavocats.com\/ru\/jurisprudences\/tribunal-darrondissement-21-novembre-2024-20\/","url":"https:\/\/kohenavocats.com\/ru\/jurisprudences\/tribunal-darrondissement-21-novembre-2024-20\/","name":"Tribunal d'arrondissement, 21 novembre 2024 - Ma\u00eetre Hassan Kohen, avocat en droit p\u00e9nal \u00e0 Paris","isPartOf":{"@id":"https:\/\/kohenavocats.com\/ru\/#website"},"datePublished":"2026-04-20T19:08:09+00:00","dateModified":"2026-04-20T19:08:12+00:00","breadcrumb":{"@id":"https:\/\/kohenavocats.com\/ru\/jurisprudences\/tribunal-darrondissement-21-novembre-2024-20\/#breadcrumb"},"inLanguage":"ru-RU","potentialAction":[{"@type":"ReadAction","target":["https:\/\/kohenavocats.com\/ru\/jurisprudences\/tribunal-darrondissement-21-novembre-2024-20\/"]}]},{"@type":"BreadcrumbList","@id":"https:\/\/kohenavocats.com\/ru\/jurisprudences\/tribunal-darrondissement-21-novembre-2024-20\/#breadcrumb","itemListElement":[{"@type":"ListItem","position":1,"name":"Home","item":"https:\/\/kohenavocats.com\/ru\/avocats-en-droit-penal-a-paris-conseil-et-defense-strategique\/"},{"@type":"ListItem","position":2,"name":"Jurisprudences","item":"https:\/\/kohenavocats.com\/ru\/jurisprudences\/"},{"@type":"ListItem","position":3,"name":"Tribunal d&rsquo;arrondissement, 21 novembre 2024"}]},{"@type":"WebSite","@id":"https:\/\/kohenavocats.com\/ru\/#website","url":"https:\/\/kohenavocats.com\/ru\/","name":"Kohen Avocats","description":"Ma\u00eetre Hassan Kohen, avocat p\u00e9naliste \u00e0 Paris, intervient exclusivement en droit p\u00e9nal pour la d\u00e9fense des particuliers, notamment en mati\u00e8re d\u2019accusations de viol. Il assure un accompagnement rigoureux d\u00e8s la garde \u00e0 vue jusqu\u2019\u00e0 la Cour d\u2019assises, veillant au strict respect des garanties proc\u00e9durales.","publisher":{"@id":"https:\/\/kohenavocats.com\/ru\/#organization"},"potentialAction":[{"@type":"SearchAction","target":{"@type":"EntryPoint","urlTemplate":"https:\/\/kohenavocats.com\/ru\/?s={search_term_string}"},"query-input":{"@type":"PropertyValueSpecification","valueRequired":true,"valueName":"search_term_string"}}],"inLanguage":"ru-RU"},{"@type":"Organization","@id":"https:\/\/kohenavocats.com\/ru\/#organization","name":"Kohen Avocats","url":"https:\/\/kohenavocats.com\/ru\/","logo":{"@type":"ImageObject","inLanguage":"ru-RU","@id":"https:\/\/kohenavocats.com\/ru\/#\/schema\/logo\/image\/","url":"https:\/\/kohenavocats.com\/wp-content\/uploads\/2026\/01\/Logo-2-1.webp","contentUrl":"https:\/\/kohenavocats.com\/wp-content\/uploads\/2026\/01\/Logo-2-1.webp","width":2114,"height":1253,"caption":"Kohen Avocats"},"image":{"@id":"https:\/\/kohenavocats.com\/ru\/#\/schema\/logo\/image\/"}}]}},"jetpack_likes_enabled":false,"jetpack_sharing_enabled":true,"_links":{"self":[{"href":"https:\/\/kohenavocats.com\/ru\/wp-json\/wp\/v2\/kji_decision\/626800","targetHints":{"allow":["GET"]}}],"collection":[{"href":"https:\/\/kohenavocats.com\/ru\/wp-json\/wp\/v2\/kji_decision"}],"about":[{"href":"https:\/\/kohenavocats.com\/ru\/wp-json\/wp\/v2\/types\/kji_decision"}],"wp:attachment":[{"href":"https:\/\/kohenavocats.com\/ru\/wp-json\/wp\/v2\/media?parent=626800"}],"wp:term":[{"taxonomy":"kji_country","embeddable":true,"href":"https:\/\/kohenavocats.com\/ru\/wp-json\/wp\/v2\/kji_country?post=626800"},{"taxonomy":"kji_court","embeddable":true,"href":"https:\/\/kohenavocats.com\/ru\/wp-json\/wp\/v2\/kji_court?post=626800"},{"taxonomy":"kji_chamber","embeddable":true,"href":"https:\/\/kohenavocats.com\/ru\/wp-json\/wp\/v2\/kji_chamber?post=626800"},{"taxonomy":"kji_year","embeddable":true,"href":"https:\/\/kohenavocats.com\/ru\/wp-json\/wp\/v2\/kji_year?post=626800"},{"taxonomy":"kji_subject","embeddable":true,"href":"https:\/\/kohenavocats.com\/ru\/wp-json\/wp\/v2\/kji_subject?post=626800"},{"taxonomy":"kji_keyword","embeddable":true,"href":"https:\/\/kohenavocats.com\/ru\/wp-json\/wp\/v2\/kji_keyword?post=626800"},{"taxonomy":"kji_language","embeddable":true,"href":"https:\/\/kohenavocats.com\/ru\/wp-json\/wp\/v2\/kji_language?post=626800"}],"curies":[{"name":"wp","href":"https:\/\/api.w.org\/{rel}","templated":true}]}}