{"id":627451,"date":"2026-04-20T22:18:24","date_gmt":"2026-04-20T20:18:24","guid":{"rendered":"https:\/\/kohenavocats.com\/jurisprudences\/tribunal-darrondissement-15-juillet-2024-7\/"},"modified":"2026-04-20T22:18:28","modified_gmt":"2026-04-20T20:18:28","slug":"tribunal-darrondissement-15-juillet-2024-7","status":"publish","type":"kji_decision","link":"https:\/\/kohenavocats.com\/ru\/jurisprudences\/tribunal-darrondissement-15-juillet-2024-7\/","title":{"rendered":"Tribunal d&#8217;arrondissement, 15 juillet 2024"},"content":{"rendered":"<div class=\"kji-decision\">\n<div class=\"kji-full-text\">\n<p>Jugement no.1797\/2024 not.42727\/22\/CC 2xi.c.(i.c. prov.) AUDIENCE PUBLIQUE DU 15JUILLET2024 LeTribunald&#039;arrondissement de et \u00e0 Luxembourg, septi\u00e8mechambre correctionnelle, statuant en composition dejuge unique, a rendu le jugement qui suit: dans la cause duMinist\u00e8re Publiccontre PERSONNE1.) n\u00e9leDATE1.)\u00e0ADRESSE1.), demeurant\u00e0ADRESSE2.) -p r \u00e9 v e n u- _________________________________________________________ __________ F A I T S : Par citation du5juin2024,leProcureurd&#039;Etat pr\u00e8s leTribunald&#039;arrondissement de Luxembourg a requislepr\u00e9venude compara\u00eetre \u00e0 l&#039;audience publique du9 juillet2024 devant leTribunalcorrectionnel de ce si\u00e8ge,pour y entendre statuer sur les pr\u00e9ventionssuivantes: circulation:principalement: d\u00e9lit de fuite,subsidiairement: \u00e9tant impliqu\u00e9 dans un accident, ne pas s\u2019\u00eatre arr\u00eat\u00e9 imm\u00e9diatement et en avoir constat\u00e9 les cons\u00e9quences, plus subsidiairement: \u00e9tant impliqu\u00e9 dans un accident qui n\u2019a provoqu\u00e9 que des dommages mat\u00e9riels, ne pas \u00eatre rest\u00e9 sur place pou r proc\u00e9der en commun aux constatations n\u00e9cessaires; ivresse (0,91mg par litre d\u2019air expir\u00e9); contraventions. A cette audience, lejuge-pr\u00e9sident constata l&#039;identit\u00e9 dupr\u00e9venuPERSONNE1.), lui donna connaissance de l\u2019acte qui a saisi le Tribunal et l\u2019informa de son droit de se taire et de son droit de ne pas s\u2019incriminer soi-m\u00eame.<\/p>\n<p>2 Le pr\u00e9venuPERSONNE1.), assist\u00e9 de l\u2019interpr\u00e8teCipriano JorgeGOMES SANTOS , renon\u00e7a \u00e0 l\u2019assistance d\u2019un avocat par d\u00e9claration \u00e9crite,dat\u00e9e et sign\u00e9e conform\u00e9ment \u00e0 l\u2019article 3-6 point 8 du Code de proc\u00e9dure p\u00e9nale. Le t\u00e9moinPERSONNE2.)fut entendu en ses d\u00e9clarations orales, apr\u00e8s avoir pr\u00eat\u00e9 le serment pr\u00e9vu \u00e0l&#039;article 155 du Code de proc\u00e9dure p\u00e9nale. Lepr\u00e9venuPERSONNE1.), assist\u00e9 de l\u2019interpr\u00e8teCipriano Jorge GOMES SANTOS, fut entendu en ses explications et moyens de d\u00e9fense. Larepr\u00e9sentantedu Minist\u00e8re Public,Julie SIMON,substitut duProcureur d\u2019Etat, r\u00e9suma l\u2019affaire etfut entendueen son r\u00e9quisitoire. Lepr\u00e9venuPERSONNE1.)eut la parole en dernier. LeTribunalprit l&#039;affaire en d\u00e9lib\u00e9r\u00e9 et rendit \u00e0 l&#039;audience publique de ce jour, date \u00e0 laquelle le prononc\u00e9 avait \u00e9t\u00e9 fix\u00e9, le J U G E M E N T qui suit: Vu la citation \u00e0 pr\u00e9venu du5juin2023(not.42727\/22\/CC), r\u00e9guli\u00e8rement notifi\u00e9e \u00e0 PERSONNE1.). Vu le proc\u00e8s-verbal n\u00b025177\/2022dress\u00e9 en date du17 d\u00e9cembre2022par la Police grand-ducale,R\u00e9gionSud-Ouest, CommissariatDifferdange. Entendu le t\u00e9moinPERSONNE2.)en ses d\u00e9clarations orales sous la foi du serment \u00e0 l\u2019audience publique du9 juillet 2024. Le Minist\u00e8re Public reproche \u00e0PERSONNE1.), en date du17 d\u00e9cembre2022vers00.08heures \u00e0ADRESSE3.), principalement, d\u2019avoircommis un d\u00e9lit de fuite, subsidiairement, \u00e9tant impliqu\u00e9 dans un accident, de ne pas s\u2019\u00eatre arr\u00eat\u00e9 imm\u00e9diatement et en avoir constat\u00e9 les cons\u00e9quences, plus subsidiairement,\u00e9tant impliqu\u00e9 dans un accident, ne pas avoir communiqu\u00e9 son identit\u00e9 aux autres personnes impliqu\u00e9es dansle m\u00eame accident qui en ont fait la demande, et encoreplus subsidiairement, \u00e9tant impliqu\u00e9 dans un accident qui n\u2019a provoqu\u00e9 que des dommages mat\u00e9riels, de ne pas \u00eatre rest\u00e9 sur place pour proc\u00e9der en commun aux constatations n\u00e9cessaires. Le Minist\u00e8rePublic lui reproche \u00e9galement,dans les m\u00eames circonstances de temps et de lieux,d\u2019avoirconduit dans un \u00e9tat alcoolique prohib\u00e9 par la loi et d\u2019avoir commis plusieurs contraventions auCode de la route.<\/p>\n<p>3 Le Tribunal correctionnel est comp\u00e9tent pour conna\u00eetre des contraventions libell\u00e9es sub3),4) et5) \u00e0 charge dePERSONNE1.), en raison de leur connexit\u00e9 avec les d\u00e9lits mis \u00e0 sa charge. Le Minist\u00e8re Public reproche sub 1)\u00e0PERSONNE1.)d\u2019avoir commis un d\u00e9lit de fuite. Le d\u00e9lit de fuite suppose la r\u00e9union des \u00e9l\u00e9ments constitutifs suivants : \u2022le fait mat\u00e9riel d\u2019un accident de lacirculation ; \u2022le fait du conducteur impliqu\u00e9 dans cet accident de ne pas s\u2019arr\u00eater pour proc\u00e9der ou faire proc\u00e9der aux constatations utiles ; \u2022l\u2019intention dans le chef de ce conducteur de se soustraire \u00e0 sa responsabilit\u00e9. Il r\u00e9sulte du dossier r\u00e9pressif que le pr\u00e9venuPERSONNE1.)a caus\u00e9 un accident en heurtantle v\u00e9hicule de laENSEIGNE1.), portant le num\u00e9ro d\u2019immatriculation NUMERO1.), appartenant \u00e0PERSONNE2.), et qu\u2019il a ensuite quitt\u00e9 les lieux de l\u2019accident. Les d\u00e9g\u00e2ts caus\u00e9s r\u00e9sultent \u00e9galement du proc\u00e8s-verbal pr\u00e9qualifi\u00e9 et des photos annex\u00e9es \u00e0 celui-ci. L\u2019\u00e9l\u00e9ment mat\u00e9riel du d\u00e9lit de fuite est partant \u00e9tabli. Quant \u00e0 l\u2019\u00e9l\u00e9ment moral du d\u00e9lit de fuite \u00e0 savoir l\u2019intention dans le chef du conducteur impliqu\u00e9 dansl\u2019accident \u00e0 se soustraire \u00e0 sa responsabilit\u00e9, le Tribunal rel\u00e8ve d\u2019abord que le Code de proc\u00e9dure p\u00e9nale adopte le syst\u00e8me de la libre appr\u00e9ciation de la preuve par le juge qui forme son intime conviction librement sans \u00eatre tenu par telle preuve plut\u00f4tque par telle autre. Il interroge sa conscience et d\u00e9cide en fonction de son intime conviction (FRANCHIMONT, Manuel de proc\u00e9dure p\u00e9nale, page 764). Le d\u00e9lit de fuite est une infraction instantan\u00e9e. Il est consomm\u00e9 d\u00e8s que le conducteur, qui a conscienced\u2019avoir caus\u00e9 un accident ou d\u2019\u00eatre impliqu\u00e9 dans un accident, quitte les lieux de celui-ci pour \u00e9chapper aux constatations utiles. Les constatations utiles auxquelles il y a lieu de proc\u00e9der contradictoirement et imm\u00e9diatement apr\u00e8s la survenance d&#039;un accident de la circulation, sont celles qui concernent les dommages et la d\u00e9termination des causes de l&#039;accident, la v\u00e9rification des documents de bord ainsi que l\u2019identification des conducteurs impliqu\u00e9s et l&#039;appr\u00e9ciation de leur capacit\u00e9 de conduire un v\u00e9hicule automoteur sur la voie publique. L&#039;intention de se soustraire aux constatations utiles est pratiquement induite du fait que le conducteur ayant pris conscience de l&#039;accident, a continu\u00e9 sa route (arr\u00eat n\u00b062\/15, VI chambre, du 23 f\u00e9vrier 2015). En l\u2019esp\u00e8ce, le t\u00e9moinPERSONNE2.)\u00e9tait formelpour dire que le v\u00e9hicule du pr\u00e9venu a heurt\u00e9son v\u00e9hicule de la marqueENSEIGNE1.). Il a \u00e9galement d\u00e9clar\u00e9qu\u2019il a, \u00e0 plusieurs reprises,approch\u00e9 le pr\u00e9venu afin de demander ce dernier de faire les constatations utiles. Toutefois, le pr\u00e9venu, apr\u00e8s avoir refus\u00e9 de ce faire, et insult\u00e9le t\u00e9moin, aquitt\u00e9 les lieux de l\u2019accident. Au vu de ces d\u00e9clarations, ensemble les \u00e9l\u00e9ments du dossier r\u00e9pressif,le Tribunal a acquis l\u2019intime conviction que le pr\u00e9venu s\u2019est rendu compte qu\u2019il avait caus\u00e9 un accident et qu\u2019il a pris la fuite en pleine connaissance de cause.<\/p>\n<p>4 Le Tribunal rappelle que chaque d\u00e9tenteur du permis de conduire est cens\u00e9 savoir ce qu\u2019il doit faire lorsqu\u2019il est impliqu\u00e9 dans un accident. Il r\u00e9sulte encore clairement de l\u2019instruction \u00e0 l\u2019audience que le pr\u00e9venu n\u2019est pas rest\u00e9 sur place et qu\u2019il ne s\u2019est pas manifest\u00e9 de lui-m\u00eame aupr\u00e8s des autorit\u00e9s publiques.<\/p>\n<p>5 PERSONNE1.)n\u2019a d\u00e8s lors fait aucune d\u00e9marche utile imm\u00e9diate afin de se faire conna\u00eetre sans retard, respectivement pour v\u00e9rifier les d\u00e9g\u00e2ts caus\u00e9s. Il s\u2019est ainsi soustrait aux constatations utiles qu\u2019il aurait d\u00fb faire sur les lieux de l\u2019accident. L\u2019\u00e9l\u00e9ment intentionnel se trouve partant \u00e9galement \u00e9tabli. Le Tribunal retient encons\u00e9quence qu\u2019en l\u2019esp\u00e8ce les \u00e9l\u00e9ments constitutifs du d\u00e9lit de fuite sont \u00e9tablis \u00e0 suffisance de droit. Le Tribunal constate que la Police a l\u00e9galement retenu un taux d\u2019alcool de0,91mg par litre d\u2019air expir\u00e9 dans le chefd\u2019PERSONNE1.)lors du contr\u00f4le effectu\u00e9 par \u00e9thylom\u00e8tre en date du17 d\u00e9cembre 2022. L\u2019infraction reproch\u00e9e sub 2) de la citation \u00e0 pr\u00e9venue se trouve partant \u00e9tablie en l\u2019esp\u00e8ce. Par le fait de conduire en \u00e9tat d\u2019ivresse et de causer un accident,PERSONNE1.)a eu uncomportement d\u00e9raisonnable et imprudent constituant un danger pour les autres usagers de la route et il n\u2019avait plus la ma\u00eetrise de sa voiture. Il ne s\u2019est ainsi pas non plus comport\u00e9 raisonnablement et prudemment defa\u00e7on \u00e0 ne pas causer un dommage \u00e0 unepropri\u00e9t\u00e9 priv\u00e9e. Les contraventions libell\u00e9essub3),4) et5)de la citation \u00e0 pr\u00e9venu sont d\u00e8s lors \u00e9galement rapport\u00e9es \u00e0 suffisance de droit. Au vu des d\u00e9veloppements qui pr\u00e9c\u00e8dent, le pr\u00e9venuPERSONNE1.)est partant convaincupar les d\u00e9bats men\u00e9s \u00e0l&#039;audience publique du9 juillet2024, ensemble les \u00e9l\u00e9ments du dossier r\u00e9pressifetles d\u00e9clarations du t\u00e9moin r\u00e9it\u00e9r\u00e9es sous la foi du serment \u00e0 l\u2019audience du9 juillet 2024: \u00ab\u00e9tant conducteur d\u2019un v\u00e9hicule automoteur sur la voie publique, le17d\u00e9cembre2022 vers00.08heures \u00e0ADRESSE3.),\u00e0 hauteur du no. 113, 1)sachant qu&#039;il a caus\u00e9 un accident, avoir pris la fuite pour \u00e9chapper aux constatations utiles, m\u00eame si l&#039;accident n&#039;est pas imputable \u00e0 sa faute, 2) d\u2019avoir circul\u00e9, m\u00eame en l&#039;absence de signes manifestes d&#039;ivresse, avec un taux d&#039;alcool d&#039;au moins 0,55 mg par litre d&#039;air expir\u00e9 en l&#039;esp\u00e8ce de0,91mg par litre d&#039;air expir\u00e9, 3) d\u00e9faut de se comporter raisonnablement et prudemment de fa\u00e7on \u00e0 ne pas constituer un danger pour la circulation, 4) d\u00e9faut de se comporter raisonnablement et prudemment de fa\u00e7on \u00e0 ne pas causer un dommage aux propri\u00e9t\u00e9s publiques ou priv\u00e9es, 5) d\u00e9faut de conduire de fa\u00e7on \u00e0 rester constamment ma\u00eetre de son v\u00e9hicule.\u00bb<\/p>\n<p>6 Les infractions retenues sub2) \u00e05) se trouvent en concours id\u00e9al entre elles. Ce groupe d\u2019infractions se trouve en concours r\u00e9el avec l\u2019infraction retenue sub1) de la citation \u00e0 pr\u00e9venu. Il convient partant d\u2019appliquer les articles60 et 65 du Code p\u00e9nal et de ne prononcer que la peine la plus forte qui pourra \u00eatre \u00e9lev\u00e9e au double du maximum, sans pouvoir exc\u00e9der la somme des peines pr\u00e9vues pour les diff\u00e9rents d\u00e9lits. L\u2019infraction de conduite en \u00e9tat d\u2019ivresse retenue \u00e0 charge dePERSONNE1.), qui pr\u00e9voit la peine la plus forte au vu de l\u2019interdiction de conduire obligatoire \u00e0 prononcer, est punie d\u2019une peine d\u2019emprisonnement de huit jours \u00e0 trois ans ainsi que d\u2019une amende de 500 euros \u00e0 10.000 euros ou d\u2019une de ces peines seulemen t, conform\u00e9ment \u00e0 l\u2019article 12 de la loi modifi\u00e9e du 14 f\u00e9vrier 1955 concernant la r\u00e9glementation de la circulation sur toutes les voies publiques. L\u2019article 13 point 1. de la loi modifi\u00e9e du 14 f\u00e9vrier 1955 pr\u00e9cit\u00e9e permet au juge saisi d\u2019une ou de plusieurs infractions \u00e0 la r\u00e9glementation de la circulation sur toutes les voies publiques ou de d\u00e9lits ou de crimes qui se sont joints \u00e0 ces infractions, de prononcer une interdiction de conduire de trois mois \u00e0 quinze ans en mati\u00e8re de d\u00e9lits. Aux termes del\u2019article 13 point 1. al.2 de la loi pr\u00e9cit\u00e9e\u00abl\u2019interdiction de conduire sera toujours prononc\u00e9e en cas de condamnation du chef des d\u00e9lits vis\u00e9s au point 1 du paragraphe 2 de l\u2019article 12 et au point 1 du paragraphe 4bis de l\u2019article 12 ou en cas de la r\u00e9cidive pr\u00e9vue au point 5 du paragraphe 2 du m\u00eame article \u00bb. En ce qui concerne l\u2019interdiction de conduire \u00e0 prononcer soit obligatoirement, soit facultativement par les juridictions r\u00e9pressives, selon les infractions retenues, celle-ci ne constitue pas seulement une peine accessoire qui sanctionne des manquements \u00e0 la loi p\u00e9nale en mati\u00e8re de circulation routi\u00e8re d\u00e9j\u00e0 commis, mais peut le cas \u00e9ch\u00e9ant avoir en outre un effet p\u00e9dagogique influant sur le comportement futur du condamn\u00e9. Elleconstitue encore un outil puissant pour \u0153uvrer dans le sens d\u2019une pr\u00e9vention d\u2019accidents de la circulation et pour pr\u00e9server, pendant un d\u00e9lai plus au moins long, \u00e0 d\u00e9terminer par le tribunal, les autres usagers de la voie publique du danger que constituepour eux un conducteur dont le comportement dangereux et irresponsable a \u00e9t\u00e9 reconnu. En circulant sur la voie publique en \u00e9tat d&#039;impr\u00e9gnation alcoolique, le pr\u00e9venu a gravement mis en danger tant sa propre s\u00e9curit\u00e9 que celle des autres usagers. Au vu de la gravit\u00e9 des infractions commises et en tenant compte de ses revenus disponibles, le Tribunal d\u00e9cide de condamnerPERSONNE1.)\u00e0 une amende de1.200 euros, laquelle tient \u00e9galement compte de ses revenus disponibles, ainsi qu\u2019\u00e0 deux interdictions de conduire, soit une interdiction de conduire de18moispour l\u2019infraction du d\u00e9lit de fuite retenue sub 1) et une interdiction de conduire de21moispour l\u2019infraction de conduite en \u00e9tat d\u2019ivresse retenue sub 2) \u00e0 sa charge. Le pr\u00e9venuPERSONNE1.)sollicite de voir assortir une \u00e9ventuelle interdiction de conduire \u00e0 prononcer du sursis total, sinon partiel.<\/p>\n<p>7 Le Tribunal constate que le pr\u00e9venuPERSONNE1.)n&#039;a pas subi jusqu&#039;\u00e0 ce jour de condamnation excluant un \u00e9ventuel sursis \u00e0 l&#039;ex\u00e9cution des peines et il ne semble pas indigne d\u2019une certaine indulgence du Tribunal. Il y a lieu en cons\u00e9quence de lui accorder la faveur dusursisint\u00e9gralquant aux deux interdictions de conduire \u00e0 prononcer \u00e0 son encontre,conform\u00e9ment \u00e0 l\u2019article 628 alin\u00e9a 4 duCode de proc\u00e9dure p\u00e9nale. P A R C E S M O T I F S : leTribunald&#039;arrondissement de et \u00e0 Luxembourg,septi\u00e8me chambre, compos\u00e9e de sonjuge-pr\u00e9sident, si\u00e9geant en mati\u00e8re correctionnelle,statuant contradictoirement,lepr\u00e9venuentendu ensesexplications et moyens de d\u00e9fenseet larepr\u00e9sentanteduMinist\u00e8re Publicentendueen ses r\u00e9quisitions, condamne lepr\u00e9venuPERSONNE1.)du chef desinfractionsretenues\u00e0 sa charge \u00e0 une amende correctionnelle demilledeux cents(1.200)euros,ainsi qu&#039;aux frais de sa mise en jugement, ces frais liquid\u00e9s \u00e044,67euros; fixela dur\u00e9e de la contrainte par corps en cas de non-paiement de l&#039;amende \u00e0 douze(12) jours; p r o n o n c econtrePERSONNE1.)du chef de l\u2019infraction retenue sub1) \u00e0 sa charge pour la dur\u00e9e dedix-huit(18) moisl&#039;interdiction de conduire un v\u00e9hicule automoteur des cat\u00e9gories A-F sur la voie publique ; d i tqu&#039;il serasursis\u00e0 l&#039;ex\u00e9cution del\u2019int\u00e9gralit\u00e9decette interdiction de conduire; p r o n o n c econtrePERSONNE1.)du chef de l\u2019infraction retenue sub2)\u00e0 sa charge pour la dur\u00e9e devingt-et-un(21) moisl&#039;interdiction de conduire un v\u00e9hicule automoteur des cat\u00e9gories A-F sur la voie publique ; d i tqu&#039;il serasursis\u00e0 l&#039;ex\u00e9cution del\u2019int\u00e9gralit\u00e9de cette interdiction de conduire; a v e r t i tPERSONNE1.)qu\u2019au cas o\u00f9, dans un d\u00e9lai de cinq ans \u00e0 dater du pr\u00e9sent jugement, il aura commis une nouvelle infraction ayant entra\u00een\u00e9 une condamnation \u00e0 une interdiction de conduire d\u2019unv\u00e9hicule sur la voie publique ou \u00e0 une peine privative de libert\u00e9 pour crimes ou d\u00e9lits pr\u00e9vus par la l\u00e9gislation sur la circulation sur les voies publiques ou sur la vente de substances m\u00e9dicamenteuses et la lutte contre la toxicomanie, les interdictionsde conduire prononc\u00e9es ci-devant seront ex\u00e9cut\u00e9es sans confusion possible avec la nouvelle peine et que les peines de la r\u00e9cidive seront encourues dans les termes de l\u2019article 56 alin\u00e9a 2 du Code p\u00e9nal.<\/p>\n<p>8 Par application des articles 14, 16, 28, 29, 30,60 et 65 du Code p\u00e9nal, des articles 1, 154,155, 179, 182, 184, 185, 189, 190,190-1, 194, 195, 196,628et 628-1du Code de proc\u00e9dure p\u00e9nale, des articles 1, 9, 12, 13, 14 et 14 bis de la loi du 14 f\u00e9vrier 1955 concernant la r\u00e9glementation de la circulation sur toutes les voies publiques et des articles 1, 2, 140 et 174 de l&#039;arr\u00eat\u00e9 grand-ducal modifi\u00e9 du 23 novembre 1955 portant r\u00e8glement de la circulation sur toutes les voies publiques qui furent d\u00e9sign\u00e9s \u00e0 l&#039;audience par le juge-pr\u00e9sident. Ainsifait, jug\u00e9 et prononc\u00e9 en l&#039;audience publique dudit Tribunal d&#039;arrondissement de et \u00e0 Luxembourg, date qu&#039;en t\u00eate, par Ma\u00eft\u00e9 BASSANI, juge-pr\u00e9sident, assist\u00e9edu greffier Nora BRAUN, en pr\u00e9sence de St\u00e9phane JOLY-MEUNIER, attach\u00e9 de justice, qui, \u00e0 l&#039;exception du repr\u00e9sentant du Minist\u00e8re Public, ont sign\u00e9 le pr\u00e9sent jugement.<\/p>\n<\/div>\n<hr class=\"kji-sep\" \/>\n<p class=\"kji-source-links\"><strong>Sources officielles :<\/strong> <a class=\"kji-source-link\" href=\"https:\/\/data.public.lu\/fr\/datasets\/tribunal-darrondissement-luxembourg-penal\/\" target=\"_blank\" rel=\"noopener noreferrer\">consulter la page source<\/a> &middot; <a class=\"kji-pdf-link\" href=\"https:\/\/download.data.public.lu\/resources\/tribunal-darrondissement-luxembourg-penal\/20240923-021636\/20240715-tal-1797-pseudonymise-accessible.pdf\" target=\"_blank\" rel=\"noopener noreferrer\">PDF officiel<\/a><\/p>\n<p class=\"kji-license-note\"><em>Licence CC BY-ND 4.0 (Administration judiciaire, data.public.lu). Republication autorisee avec attribution, sans modification editoriale du texte integral.<\/em><\/p>\n<\/div>\n","protected":false},"excerpt":{"rendered":"<p>Jugement no.1797\/2024 not.42727\/22\/CC 2xi.c.(i.c. prov.) AUDIENCE PUBLIQUE DU 15JUILLET2024 LeTribunald&#8217;arrondissement de et \u00e0 Luxembourg, septi\u00e8mechambre correctionnelle, statuant en composition dejuge unique, a rendu le jugement qui suit: dans la cause duMinist\u00e8re Publiccontre PERSONNE1.) n\u00e9leDATE1.)\u00e0ADRESSE1.), demeurant\u00e0ADRESSE2.) -p r \u00e9 v e n u- _________________________________________________________ __________ F\u2026<\/p>\n","protected":false},"featured_media":0,"template":"","meta":{"_crdt_document":""},"kji_country":[8418],"kji_court":[23583],"kji_chamber":[25729],"kji_year":[8677],"kji_subject":[7632],"kji_keyword":[23584,23061,8600,7636],"kji_language":[7733],"class_list":["post-627451","kji_decision","type-kji_decision","status-publish","hentry","kji_country-luxembourg","kji_court-tribunal-darrondissement","kji_chamber-penal","kji_year-8677","kji_subject-penal","kji_keyword-arrondissement","kji_keyword-jugement","kji_keyword-juillet","kji_keyword-tribunal","kji_language-francais"],"yoast_head":"<!-- This site is optimized with the Yoast SEO Premium plugin v27.4 (Yoast SEO v27.4) - https:\/\/yoast.com\/product\/yoast-seo-premium-wordpress\/ -->\n<title>Tribunal d&#039;arrondissement, 15 juillet 2024 - Ma\u00eetre Hassan Kohen, avocat en droit p\u00e9nal \u00e0 Paris<\/title>\n<meta name=\"robots\" content=\"index, follow, max-snippet:-1, max-image-preview:large, max-video-preview:-1\" \/>\n<link rel=\"canonical\" href=\"https:\/\/kohenavocats.com\/ru\/jurisprudences\/tribunal-darrondissement-15-juillet-2024-7\/\" \/>\n<meta property=\"og:locale\" content=\"ru_RU\" \/>\n<meta property=\"og:type\" content=\"article\" \/>\n<meta property=\"og:title\" content=\"Tribunal d&#039;arrondissement, 15 juillet 2024\" \/>\n<meta property=\"og:description\" content=\"Jugement no.1797\/2024 not.42727\/22\/CC 2xi.c.(i.c. prov.) AUDIENCE PUBLIQUE DU 15JUILLET2024 LeTribunald&#039;arrondissement de et \u00e0 Luxembourg, septi\u00e8mechambre correctionnelle, statuant en composition dejuge unique, a rendu le jugement qui suit: dans la cause duMinist\u00e8re Publiccontre PERSONNE1.) n\u00e9leDATE1.)\u00e0ADRESSE1.), demeurant\u00e0ADRESSE2.) -p r \u00e9 v e n u- _________________________________________________________ __________ F\u2026\" \/>\n<meta property=\"og:url\" content=\"https:\/\/kohenavocats.com\/ru\/jurisprudences\/tribunal-darrondissement-15-juillet-2024-7\/\" \/>\n<meta property=\"og:site_name\" content=\"Ma\u00eetre Hassan Kohen, avocat en droit p\u00e9nal \u00e0 Paris\" \/>\n<meta property=\"article:modified_time\" content=\"2026-04-20T20:18:28+00:00\" \/>\n<meta name=\"twitter:card\" content=\"summary_large_image\" \/>\n<meta name=\"twitter:label1\" content=\"\u041f\u0440\u0438\u043c\u0435\u0440\u043d\u043e\u0435 \u0432\u0440\u0435\u043c\u044f \u0434\u043b\u044f \u0447\u0442\u0435\u043d\u0438\u044f\" \/>\n\t<meta name=\"twitter:data1\" content=\"13 \u043c\u0438\u043d\u0443\u0442\" \/>\n<script type=\"application\/ld+json\" class=\"yoast-schema-graph\">{\"@context\":\"https:\\\/\\\/schema.org\",\"@graph\":[{\"@type\":\"WebPage\",\"@id\":\"https:\\\/\\\/kohenavocats.com\\\/ru\\\/jurisprudences\\\/tribunal-darrondissement-15-juillet-2024-7\\\/\",\"url\":\"https:\\\/\\\/kohenavocats.com\\\/ru\\\/jurisprudences\\\/tribunal-darrondissement-15-juillet-2024-7\\\/\",\"name\":\"Tribunal d'arrondissement, 15 juillet 2024 - Ma\u00eetre Hassan Kohen, avocat en droit p\u00e9nal \u00e0 Paris\",\"isPartOf\":{\"@id\":\"https:\\\/\\\/kohenavocats.com\\\/ru\\\/#website\"},\"datePublished\":\"2026-04-20T20:18:24+00:00\",\"dateModified\":\"2026-04-20T20:18:28+00:00\",\"breadcrumb\":{\"@id\":\"https:\\\/\\\/kohenavocats.com\\\/ru\\\/jurisprudences\\\/tribunal-darrondissement-15-juillet-2024-7\\\/#breadcrumb\"},\"inLanguage\":\"ru-RU\",\"potentialAction\":[{\"@type\":\"ReadAction\",\"target\":[\"https:\\\/\\\/kohenavocats.com\\\/ru\\\/jurisprudences\\\/tribunal-darrondissement-15-juillet-2024-7\\\/\"]}]},{\"@type\":\"BreadcrumbList\",\"@id\":\"https:\\\/\\\/kohenavocats.com\\\/ru\\\/jurisprudences\\\/tribunal-darrondissement-15-juillet-2024-7\\\/#breadcrumb\",\"itemListElement\":[{\"@type\":\"ListItem\",\"position\":1,\"name\":\"Home\",\"item\":\"https:\\\/\\\/kohenavocats.com\\\/ru\\\/avocats-en-droit-penal-a-paris-conseil-et-defense-strategique\\\/\"},{\"@type\":\"ListItem\",\"position\":2,\"name\":\"Jurisprudences\",\"item\":\"https:\\\/\\\/kohenavocats.com\\\/ru\\\/jurisprudences\\\/\"},{\"@type\":\"ListItem\",\"position\":3,\"name\":\"Tribunal d&rsquo;arrondissement, 15 juillet 2024\"}]},{\"@type\":\"WebSite\",\"@id\":\"https:\\\/\\\/kohenavocats.com\\\/ru\\\/#website\",\"url\":\"https:\\\/\\\/kohenavocats.com\\\/ru\\\/\",\"name\":\"Kohen Avocats\",\"description\":\"Ma\u00eetre Hassan Kohen, avocat p\u00e9naliste \u00e0 Paris, intervient exclusivement en droit p\u00e9nal pour la d\u00e9fense des particuliers, notamment en mati\u00e8re d\u2019accusations de viol. Il assure un accompagnement rigoureux d\u00e8s la garde \u00e0 vue jusqu\u2019\u00e0 la Cour d\u2019assises, veillant au strict respect des garanties proc\u00e9durales.\",\"publisher\":{\"@id\":\"https:\\\/\\\/kohenavocats.com\\\/ru\\\/#organization\"},\"potentialAction\":[{\"@type\":\"SearchAction\",\"target\":{\"@type\":\"EntryPoint\",\"urlTemplate\":\"https:\\\/\\\/kohenavocats.com\\\/ru\\\/?s={search_term_string}\"},\"query-input\":{\"@type\":\"PropertyValueSpecification\",\"valueRequired\":true,\"valueName\":\"search_term_string\"}}],\"inLanguage\":\"ru-RU\"},{\"@type\":\"Organization\",\"@id\":\"https:\\\/\\\/kohenavocats.com\\\/ru\\\/#organization\",\"name\":\"Kohen Avocats\",\"url\":\"https:\\\/\\\/kohenavocats.com\\\/ru\\\/\",\"logo\":{\"@type\":\"ImageObject\",\"inLanguage\":\"ru-RU\",\"@id\":\"https:\\\/\\\/kohenavocats.com\\\/ru\\\/#\\\/schema\\\/logo\\\/image\\\/\",\"url\":\"https:\\\/\\\/kohenavocats.com\\\/wp-content\\\/uploads\\\/2026\\\/01\\\/Logo-2-1.webp\",\"contentUrl\":\"https:\\\/\\\/kohenavocats.com\\\/wp-content\\\/uploads\\\/2026\\\/01\\\/Logo-2-1.webp\",\"width\":2114,\"height\":1253,\"caption\":\"Kohen Avocats\"},\"image\":{\"@id\":\"https:\\\/\\\/kohenavocats.com\\\/ru\\\/#\\\/schema\\\/logo\\\/image\\\/\"}}]}<\/script>\n<!-- \/ Yoast SEO Premium plugin. -->","yoast_head_json":{"title":"Tribunal d'arrondissement, 15 juillet 2024 - Ma\u00eetre Hassan Kohen, avocat en droit p\u00e9nal \u00e0 Paris","robots":{"index":"index","follow":"follow","max-snippet":"max-snippet:-1","max-image-preview":"max-image-preview:large","max-video-preview":"max-video-preview:-1"},"canonical":"https:\/\/kohenavocats.com\/ru\/jurisprudences\/tribunal-darrondissement-15-juillet-2024-7\/","og_locale":"ru_RU","og_type":"article","og_title":"Tribunal d'arrondissement, 15 juillet 2024","og_description":"Jugement no.1797\/2024 not.42727\/22\/CC 2xi.c.(i.c. prov.) AUDIENCE PUBLIQUE DU 15JUILLET2024 LeTribunald'arrondissement de et \u00e0 Luxembourg, septi\u00e8mechambre correctionnelle, statuant en composition dejuge unique, a rendu le jugement qui suit: dans la cause duMinist\u00e8re Publiccontre PERSONNE1.) n\u00e9leDATE1.)\u00e0ADRESSE1.), demeurant\u00e0ADRESSE2.) -p r \u00e9 v e n u- _________________________________________________________ __________ F\u2026","og_url":"https:\/\/kohenavocats.com\/ru\/jurisprudences\/tribunal-darrondissement-15-juillet-2024-7\/","og_site_name":"Ma\u00eetre Hassan Kohen, avocat en droit p\u00e9nal \u00e0 Paris","article_modified_time":"2026-04-20T20:18:28+00:00","twitter_card":"summary_large_image","twitter_misc":{"\u041f\u0440\u0438\u043c\u0435\u0440\u043d\u043e\u0435 \u0432\u0440\u0435\u043c\u044f \u0434\u043b\u044f \u0447\u0442\u0435\u043d\u0438\u044f":"13 \u043c\u0438\u043d\u0443\u0442"},"schema":{"@context":"https:\/\/schema.org","@graph":[{"@type":"WebPage","@id":"https:\/\/kohenavocats.com\/ru\/jurisprudences\/tribunal-darrondissement-15-juillet-2024-7\/","url":"https:\/\/kohenavocats.com\/ru\/jurisprudences\/tribunal-darrondissement-15-juillet-2024-7\/","name":"Tribunal d'arrondissement, 15 juillet 2024 - Ma\u00eetre Hassan Kohen, avocat en droit p\u00e9nal \u00e0 Paris","isPartOf":{"@id":"https:\/\/kohenavocats.com\/ru\/#website"},"datePublished":"2026-04-20T20:18:24+00:00","dateModified":"2026-04-20T20:18:28+00:00","breadcrumb":{"@id":"https:\/\/kohenavocats.com\/ru\/jurisprudences\/tribunal-darrondissement-15-juillet-2024-7\/#breadcrumb"},"inLanguage":"ru-RU","potentialAction":[{"@type":"ReadAction","target":["https:\/\/kohenavocats.com\/ru\/jurisprudences\/tribunal-darrondissement-15-juillet-2024-7\/"]}]},{"@type":"BreadcrumbList","@id":"https:\/\/kohenavocats.com\/ru\/jurisprudences\/tribunal-darrondissement-15-juillet-2024-7\/#breadcrumb","itemListElement":[{"@type":"ListItem","position":1,"name":"Home","item":"https:\/\/kohenavocats.com\/ru\/avocats-en-droit-penal-a-paris-conseil-et-defense-strategique\/"},{"@type":"ListItem","position":2,"name":"Jurisprudences","item":"https:\/\/kohenavocats.com\/ru\/jurisprudences\/"},{"@type":"ListItem","position":3,"name":"Tribunal d&rsquo;arrondissement, 15 juillet 2024"}]},{"@type":"WebSite","@id":"https:\/\/kohenavocats.com\/ru\/#website","url":"https:\/\/kohenavocats.com\/ru\/","name":"Kohen Avocats","description":"Ma\u00eetre Hassan Kohen, avocat p\u00e9naliste \u00e0 Paris, intervient exclusivement en droit p\u00e9nal pour la d\u00e9fense des particuliers, notamment en mati\u00e8re d\u2019accusations de viol. Il assure un accompagnement rigoureux d\u00e8s la garde \u00e0 vue jusqu\u2019\u00e0 la Cour d\u2019assises, veillant au strict respect des garanties proc\u00e9durales.","publisher":{"@id":"https:\/\/kohenavocats.com\/ru\/#organization"},"potentialAction":[{"@type":"SearchAction","target":{"@type":"EntryPoint","urlTemplate":"https:\/\/kohenavocats.com\/ru\/?s={search_term_string}"},"query-input":{"@type":"PropertyValueSpecification","valueRequired":true,"valueName":"search_term_string"}}],"inLanguage":"ru-RU"},{"@type":"Organization","@id":"https:\/\/kohenavocats.com\/ru\/#organization","name":"Kohen Avocats","url":"https:\/\/kohenavocats.com\/ru\/","logo":{"@type":"ImageObject","inLanguage":"ru-RU","@id":"https:\/\/kohenavocats.com\/ru\/#\/schema\/logo\/image\/","url":"https:\/\/kohenavocats.com\/wp-content\/uploads\/2026\/01\/Logo-2-1.webp","contentUrl":"https:\/\/kohenavocats.com\/wp-content\/uploads\/2026\/01\/Logo-2-1.webp","width":2114,"height":1253,"caption":"Kohen Avocats"},"image":{"@id":"https:\/\/kohenavocats.com\/ru\/#\/schema\/logo\/image\/"}}]}},"jetpack_likes_enabled":false,"jetpack_sharing_enabled":true,"_links":{"self":[{"href":"https:\/\/kohenavocats.com\/ru\/wp-json\/wp\/v2\/kji_decision\/627451","targetHints":{"allow":["GET"]}}],"collection":[{"href":"https:\/\/kohenavocats.com\/ru\/wp-json\/wp\/v2\/kji_decision"}],"about":[{"href":"https:\/\/kohenavocats.com\/ru\/wp-json\/wp\/v2\/types\/kji_decision"}],"wp:attachment":[{"href":"https:\/\/kohenavocats.com\/ru\/wp-json\/wp\/v2\/media?parent=627451"}],"wp:term":[{"taxonomy":"kji_country","embeddable":true,"href":"https:\/\/kohenavocats.com\/ru\/wp-json\/wp\/v2\/kji_country?post=627451"},{"taxonomy":"kji_court","embeddable":true,"href":"https:\/\/kohenavocats.com\/ru\/wp-json\/wp\/v2\/kji_court?post=627451"},{"taxonomy":"kji_chamber","embeddable":true,"href":"https:\/\/kohenavocats.com\/ru\/wp-json\/wp\/v2\/kji_chamber?post=627451"},{"taxonomy":"kji_year","embeddable":true,"href":"https:\/\/kohenavocats.com\/ru\/wp-json\/wp\/v2\/kji_year?post=627451"},{"taxonomy":"kji_subject","embeddable":true,"href":"https:\/\/kohenavocats.com\/ru\/wp-json\/wp\/v2\/kji_subject?post=627451"},{"taxonomy":"kji_keyword","embeddable":true,"href":"https:\/\/kohenavocats.com\/ru\/wp-json\/wp\/v2\/kji_keyword?post=627451"},{"taxonomy":"kji_language","embeddable":true,"href":"https:\/\/kohenavocats.com\/ru\/wp-json\/wp\/v2\/kji_language?post=627451"}],"curies":[{"name":"wp","href":"https:\/\/api.w.org\/{rel}","templated":true}]}}